{"version":"1.0","provider_name":"COMT","provider_url":"https:\/\/comt.cat\/es\/","author_name":"comt","author_url":"https:\/\/comt.cat\/es\/author\/comt\/","title":"Atenci\u00f3n social y a la dependencia - COMT","type":"rich","width":600,"height":338,"html":"<blockquote class=\"wp-embedded-content\" data-secret=\"jORWyJCFhe\"><a href=\"https:\/\/comt.cat\/es\/atencion-social-y-a-la-dependencia\/\">Atenci\u00f3n social y a la dependencia<\/a><\/blockquote><iframe sandbox=\"allow-scripts\" security=\"restricted\" src=\"https:\/\/comt.cat\/es\/atencion-social-y-a-la-dependencia\/embed\/#?secret=jORWyJCFhe\" width=\"600\" height=\"338\" title=\"\u00abAtenci\u00f3n social y a la dependencia\u00bb \u2014 COMT\" data-secret=\"jORWyJCFhe\" frameborder=\"0\" marginwidth=\"0\" marginheight=\"0\" scrolling=\"no\" class=\"wp-embedded-content\"><\/iframe><script type=\"text\/javascript\">\n\/* <![CDATA[ *\/\n\/*! This file is auto-generated *\/\n!function(d,l){\"use strict\";l.querySelector&&d.addEventListener&&\"undefined\"!=typeof URL&&(d.wp=d.wp||{},d.wp.receiveEmbedMessage||(d.wp.receiveEmbedMessage=function(e){var t=e.data;if((t||t.secret||t.message||t.value)&&!\/[^a-zA-Z0-9]\/.test(t.secret)){for(var s,r,n,a=l.querySelectorAll('iframe[data-secret=\"'+t.secret+'\"]'),o=l.querySelectorAll('blockquote[data-secret=\"'+t.secret+'\"]'),c=new RegExp(\"^https?:$\",\"i\"),i=0;i<o.length;i++)o[i].style.display=\"none\";for(i=0;i<a.length;i++)s=a[i],e.source===s.contentWindow&&(s.removeAttribute(\"style\"),\"height\"===t.message?(1e3<(r=parseInt(t.value,10))?r=1e3:~~r<200&&(r=200),s.height=r):\"link\"===t.message&&(r=new URL(s.getAttribute(\"src\")),n=new URL(t.value),c.test(n.protocol))&&n.host===r.host&&l.activeElement===s&&(d.top.location.href=t.value))}},d.addEventListener(\"message\",d.wp.receiveEmbedMessage,!1),l.addEventListener(\"DOMContentLoaded\",function(){for(var e,t,s=l.querySelectorAll(\"iframe.wp-embedded-content\"),r=0;r<s.length;r++)(t=(e=s[r]).getAttribute(\"data-secret\"))||(t=Math.random().toString(36).substring(2,12),e.src+=\"#?secret=\"+t,e.setAttribute(\"data-secret\",t)),e.contentWindow.postMessage({message:\"ready\",secret:t},\"*\")},!1)))}(window,document);\n\/\/# sourceURL=https:\/\/comt.cat\/wp-includes\/js\/wp-embed.min.js\n\/* ]]> *\/\n<\/script>\n","description":"\u00a0 Un familiar dependiente, con el alg\u00fan tipo de trastorno, enfermedad degenerativa, etc., pueden poner en cuesti\u00f3n el bienestar y la calidad de vida de los m\u00e9dicos y su entorno familiar. Desde el PPS del COMT ofrecemos orientaci\u00f3n y consejo social personalizado a toda la familia en cuanto a los servicios , recursos y prestaciones adecuadas, la organizaci\u00f3n de la ayuda familiar y profesional , las adaptaciones del hogar y la valoraci\u00f3n del grado de discapacidad,\u00a0etc. Orientaci\u00f3n sobre las posibilidades de solicitar recursos de la red p\u00fablica. Conjunto de ayudas que incorporan prestaciones assistenciales y econ\u00f3micas para contribuir a dar una respuesta concreta a diferentes situaciones de necesidad a las que se puede tener que hacer frente. Ayudas \u00a0Tramitaci\u00f3n del servicio de teleasistencia y localizaci\u00f3n \u00a0 \u00a0Apoyo econ\u00f3mico para la adaptaci\u00f3n del hogar o ayudas t\u00e9cnicas \u00a0 \u00a0Productos para el cuidado personal \u00a0 \u00a0Tramitaci\u00f3n del descanso para el cuidador \u00a0 \u00a0Hu\u00e9rfano con discapacidad \u00a0 \u00a0Hu\u00e9rfano mayor de 60 a\u00f1os \u00a0 \u00a0M\u00e9dico con discapacidad \u00a0 \u00a0M\u00e9dico jubilado \u00a0 \u00a0Viudedad \u00a0 \u00a0Ayuda mensual para plaza en residencia de mayores \u00a0 \u00a0Ayuda por defunci\u00f3n \u00a0"}