{"version":"1.0","provider_name":"COMT","provider_url":"https:\/\/comt.cat\/es\/","author_name":"comt","author_url":"https:\/\/comt.cat\/es\/author\/comt\/","title":"Comunicado referente a las certificaciones por absentismo escolar - COMT","type":"rich","width":600,"height":338,"html":"<blockquote class=\"wp-embedded-content\" data-secret=\"TG09f00c7d\"><a href=\"https:\/\/comt.cat\/es\/comunicado-referente-a-las-certificaciones-por-absentismo-laboral\/\">Comunicado referente a las certificaciones por absentismo escolar<\/a><\/blockquote><iframe sandbox=\"allow-scripts\" security=\"restricted\" src=\"https:\/\/comt.cat\/es\/comunicado-referente-a-las-certificaciones-por-absentismo-laboral\/embed\/#?secret=TG09f00c7d\" width=\"600\" height=\"338\" title=\"\u00abComunicado referente a las certificaciones por absentismo escolar\u00bb \u2014 COMT\" data-secret=\"TG09f00c7d\" frameborder=\"0\" marginwidth=\"0\" marginheight=\"0\" scrolling=\"no\" class=\"wp-embedded-content\"><\/iframe><script type=\"text\/javascript\">\n\/* <![CDATA[ *\/\n\/*! This file is auto-generated *\/\n!function(d,l){\"use strict\";l.querySelector&&d.addEventListener&&\"undefined\"!=typeof URL&&(d.wp=d.wp||{},d.wp.receiveEmbedMessage||(d.wp.receiveEmbedMessage=function(e){var t=e.data;if((t||t.secret||t.message||t.value)&&!\/[^a-zA-Z0-9]\/.test(t.secret)){for(var s,r,n,a=l.querySelectorAll('iframe[data-secret=\"'+t.secret+'\"]'),o=l.querySelectorAll('blockquote[data-secret=\"'+t.secret+'\"]'),c=new RegExp(\"^https?:$\",\"i\"),i=0;i<o.length;i++)o[i].style.display=\"none\";for(i=0;i<a.length;i++)s=a[i],e.source===s.contentWindow&&(s.removeAttribute(\"style\"),\"height\"===t.message?(1e3<(r=parseInt(t.value,10))?r=1e3:~~r<200&&(r=200),s.height=r):\"link\"===t.message&&(r=new URL(s.getAttribute(\"src\")),n=new URL(t.value),c.test(n.protocol))&&n.host===r.host&&l.activeElement===s&&(d.top.location.href=t.value))}},d.addEventListener(\"message\",d.wp.receiveEmbedMessage,!1),l.addEventListener(\"DOMContentLoaded\",function(){for(var e,t,s=l.querySelectorAll(\"iframe.wp-embedded-content\"),r=0;r<s.length;r++)(t=(e=s[r]).getAttribute(\"data-secret\"))||(t=Math.random().toString(36).substring(2,12),e.src+=\"#?secret=\"+t,e.setAttribute(\"data-secret\",t)),e.contentWindow.postMessage({message:\"ready\",secret:t},\"*\")},!1)))}(window,document);\n\/\/# sourceURL=https:\/\/comt.cat\/wp-includes\/js\/wp-embed.min.js\n\/* ]]> *\/\n<\/script>\n","description":"\u00a0  \u00a0 El Colegio Oficial de M\u00e9dicos de Tarragona, en referencia a ciertas consultas recibidas por parte de colegiados alrededor de las dudas que se plantean ante la solicitud de certificados de vulnerabilidad particular de los escolares ante un posible contagio de SARS-CoV2, indica que: 1. Los m\u00e9dicos, en virtud de la Ley est\u00e1n obligados a certificar estados de salud ya sea en un informe cl\u00ednico o bien en un certificado m\u00e9dico oficial. Sin embargo, no existe esta obligaci\u00f3n para proceder a emitir certificados m\u00e9dicos con una finalidad predeterminada, solicitada por el propio paciente, sus padres o su representante legal, y que aparezcan contemplados en el mismo informe o certificado. 2. Ante la demanda o petici\u00f3n por parte de los padres y madres o tutores de los menores de edad, es preciso conocer que la ley no ampara esta petici\u00f3n y que el m\u00e9dico no est\u00e1 capacitado para hacer justificantes escolares, de asistencia o no a los centros escolares. 3. Seg\u00fan la legislaci\u00f3n vigente, las ausencias escolares de los menores de edad s\u00f3lo pueden ser autorizadas o justificadas por sus tutores legales. Los padres, que son quienes ejercen la patria potestad, son los \u00fanicos responsables de las acciones, incluso de car\u00e1cter penal, de sus hijos menores. Por lo tanto, los m\u00e9dicos de la Atenci\u00f3n Primaria no tienen la responsabilidad de justificar faltas escolares. Es competencia de los padres y\/o tutores legales la realizaci\u00f3n de un informe justificativo de la ausencia escolar. 4. La Ley Org\u00e1nica 2\/2006, del 3 de mayo, de Educaci\u00f3n, establece que \"los centros docentes s\u00f3lo pueden pedir datos personales de su alumnado, en la medida que estos sea necesarios para el ejercicio de su funci\u00f3n educativa\" y\u00a0que \"el derecho a la intimidad es especialmente estricto en lo referente a la salud \". 5. Seg\u00fan el C\u00f3digo de Deontolog\u00eda M\u00e9dica en su art\u00edculo 27, \"el secreto profesional m\u00e9dico es inherente al ejercicio de la profesi\u00f3n y un derecho del paciente\". 6. Sea un informe cl\u00ednico o el certificado m\u00e9dico, este s\u00f3lo podr\u00e1 ser emitido como documentos que contienen datos personales de naturaleza sanitaria, y la finalidad es acreditar ante terceros un estado de salud o enfermedad, o un proceso asistencial prestado. 7. En ning\u00fan caso corresponde al m\u00e9dico establecer si el alumno puede o no asistir a su Centro escolar, medida que corresponde a las autoridades educativas y sanitarias. \u00a0  Fernando Vizcarro Presidente del COMT"}