{"version":"1.0","provider_name":"COMT","provider_url":"https:\/\/comt.cat\/es\/","author_name":"comt","author_url":"https:\/\/comt.cat\/es\/author\/comt\/","title":"Conciliaci\u00f3n de la vida familiar y laboral - COMT","type":"rich","width":600,"height":338,"html":"<blockquote class=\"wp-embedded-content\" data-secret=\"oY85RtTajP\"><a href=\"https:\/\/comt.cat\/es\/conciliacion-de-la-vida-familiar-y-laboral\/\">Conciliaci\u00f3n de la vida familiar y laboral<\/a><\/blockquote><iframe sandbox=\"allow-scripts\" security=\"restricted\" src=\"https:\/\/comt.cat\/es\/conciliacion-de-la-vida-familiar-y-laboral\/embed\/#?secret=oY85RtTajP\" width=\"600\" height=\"338\" title=\"\u00abConciliaci\u00f3n de la vida familiar y laboral\u00bb \u2014 COMT\" data-secret=\"oY85RtTajP\" frameborder=\"0\" marginwidth=\"0\" marginheight=\"0\" scrolling=\"no\" class=\"wp-embedded-content\"><\/iframe><script type=\"text\/javascript\">\n\/* <![CDATA[ *\/\n\/*! This file is auto-generated *\/\n!function(d,l){\"use strict\";l.querySelector&&d.addEventListener&&\"undefined\"!=typeof URL&&(d.wp=d.wp||{},d.wp.receiveEmbedMessage||(d.wp.receiveEmbedMessage=function(e){var t=e.data;if((t||t.secret||t.message||t.value)&&!\/[^a-zA-Z0-9]\/.test(t.secret)){for(var s,r,n,a=l.querySelectorAll('iframe[data-secret=\"'+t.secret+'\"]'),o=l.querySelectorAll('blockquote[data-secret=\"'+t.secret+'\"]'),c=new RegExp(\"^https?:$\",\"i\"),i=0;i<o.length;i++)o[i].style.display=\"none\";for(i=0;i<a.length;i++)s=a[i],e.source===s.contentWindow&&(s.removeAttribute(\"style\"),\"height\"===t.message?(1e3<(r=parseInt(t.value,10))?r=1e3:~~r<200&&(r=200),s.height=r):\"link\"===t.message&&(r=new URL(s.getAttribute(\"src\")),n=new URL(t.value),c.test(n.protocol))&&n.host===r.host&&l.activeElement===s&&(d.top.location.href=t.value))}},d.addEventListener(\"message\",d.wp.receiveEmbedMessage,!1),l.addEventListener(\"DOMContentLoaded\",function(){for(var e,t,s=l.querySelectorAll(\"iframe.wp-embedded-content\"),r=0;r<s.length;r++)(t=(e=s[r]).getAttribute(\"data-secret\"))||(t=Math.random().toString(36).substring(2,12),e.src+=\"#?secret=\"+t,e.setAttribute(\"data-secret\",t)),e.contentWindow.postMessage({message:\"ready\",secret:t},\"*\")},!1)))}(window,document);\n\/\/# sourceURL=https:\/\/comt.cat\/wp-includes\/js\/wp-embed.min.js\n\/* ]]> *\/\n<\/script>\n","description":"\u00a0 El tiempo disponible, las responsabilidades familiares y la jornada laboral, as\u00ed como el ritmo de trabajo de los colegiados, condiciona la forma en que se vive la conciliaci\u00f3n del \u00e1mbito laboral con el personal y el familiar. Desde PPS del COMT se quiere hacer m\u00e1s f\u00e1cil la conciliaci\u00f3n principalmente con la llegada de un miembro en la familia, cambio de residencia, etc. Ayudas \u00a0Ayuda para el reci\u00e9n nacido \u00a0 \u00a0Ayudas especiales por Covid-19 \u00a0 \u00a0Apoyo econ\u00f3mico para colonias o casales de verano para hijos discapacitados \u00a0 \u00a0Apoyo al MIR \u00a0 \u00a0Apoyo a los m\u00e9dicos en paro \u00a0 \u00a0Exenci\u00f3n de cuotas colegiales \u00a0 \u00a0Prestaciones educacionales \u00a0"}