{"version":"1.0","provider_name":"COMT","provider_url":"https:\/\/comt.cat\/es\/","author_name":"comt","author_url":"https:\/\/comt.cat\/es\/author\/comt\/","title":"M\u00e9dico del Trabajo (Tarragona) - COMT","type":"rich","width":600,"height":338,"html":"<blockquote class=\"wp-embedded-content\" data-secret=\"VDrdsACKKx\"><a href=\"https:\/\/comt.cat\/es\/medico-del-trabajo-tarragona\/\">M\u00e9dico del Trabajo (Tarragona)<\/a><\/blockquote><iframe sandbox=\"allow-scripts\" security=\"restricted\" src=\"https:\/\/comt.cat\/es\/medico-del-trabajo-tarragona\/embed\/#?secret=VDrdsACKKx\" width=\"600\" height=\"338\" title=\"\u00abM\u00e9dico del Trabajo (Tarragona)\u00bb \u2014 COMT\" data-secret=\"VDrdsACKKx\" frameborder=\"0\" marginwidth=\"0\" marginheight=\"0\" scrolling=\"no\" class=\"wp-embedded-content\"><\/iframe><script type=\"text\/javascript\">\n\/* <![CDATA[ *\/\n\/*! This file is auto-generated *\/\n!function(d,l){\"use strict\";l.querySelector&&d.addEventListener&&\"undefined\"!=typeof URL&&(d.wp=d.wp||{},d.wp.receiveEmbedMessage||(d.wp.receiveEmbedMessage=function(e){var t=e.data;if((t||t.secret||t.message||t.value)&&!\/[^a-zA-Z0-9]\/.test(t.secret)){for(var s,r,n,a=l.querySelectorAll('iframe[data-secret=\"'+t.secret+'\"]'),o=l.querySelectorAll('blockquote[data-secret=\"'+t.secret+'\"]'),c=new RegExp(\"^https?:$\",\"i\"),i=0;i<o.length;i++)o[i].style.display=\"none\";for(i=0;i<a.length;i++)s=a[i],e.source===s.contentWindow&&(s.removeAttribute(\"style\"),\"height\"===t.message?(1e3<(r=parseInt(t.value,10))?r=1e3:~~r<200&&(r=200),s.height=r):\"link\"===t.message&&(r=new URL(s.getAttribute(\"src\")),n=new URL(t.value),c.test(n.protocol))&&n.host===r.host&&l.activeElement===s&&(d.top.location.href=t.value))}},d.addEventListener(\"message\",d.wp.receiveEmbedMessage,!1),l.addEventListener(\"DOMContentLoaded\",function(){for(var e,t,s=l.querySelectorAll(\"iframe.wp-embedded-content\"),r=0;r<s.length;r++)(t=(e=s[r]).getAttribute(\"data-secret\"))||(t=Math.random().toString(36).substring(2,12),e.src+=\"#?secret=\"+t,e.setAttribute(\"data-secret\",t)),e.contentWindow.postMessage({message:\"ready\",secret:t},\"*\")},!1)))}(window,document);\n\/\/# sourceURL=https:\/\/comt.cat\/wp-includes\/js\/wp-embed.min.js\n\/* ]]> *\/\n<\/script>\n","description":"Funciones:   Realizaci\u00f3n de ex\u00e1menes de salud, valorar personal especialmente sensible, realizaci\u00f3n de protocolos y actualizaci\u00f3n de \u00e9stos, \u2026 Impartir cursos sobre recomendaciones de salud a los trabajadores. Atender problemas de salud derivados de enfermedad com\u00fan. Prestar atenci\u00f3n y auxilio en caso de accidente laboral. Gesti\u00f3n COVID-19: casos positivos, rastreo contactos estrechos y valoraci\u00f3n personal vulnerable.  Requisitos:   Titulaci\u00f3n: M\u00e9dico especialista en medicina del trabajo. M\u00e1ster en prevenci\u00f3n de riesgos laborales (m\u00ednimo ergonom\u00eda y psicosociolog\u00eda aplicada). Experiencia: M\u00ednimo 3 a\u00f1os, preferible 5 a\u00f1os en \u00e1rea de vigilancia de la salud de \u00e1rea industrial. Experiencia demostrable en atenci\u00f3n primeros auxilios y\/o emergencias (manejo extra-hospitalario de paciente accidentado) en \u00e1rea industrial o sector petroqu\u00edmico. Manejo de programas inform\u00e1ticos gesti\u00f3n de salud y ofim\u00e1tica.  Se ofrece:  Ofrecemos la posibilidad de desarrollar carrera profesional vinculada al sector energ\u00e9tico en empresa multinacional con presencia en pa\u00edses m\u00e1s concretamente en el \u00e1rea industrial.Persona de contacto: Yuliany Parragoza Tel\u00e9fono:  659219303 Email: yulianycarolina.p@repsol.com \u00a0"}