{"version":"1.0","provider_name":"COMT","provider_url":"https:\/\/comt.cat\/es\/","author_name":"comt","author_url":"https:\/\/comt.cat\/es\/author\/comt\/","title":"Pediatr\u00eda (\u00c1vila) - COMT","type":"rich","width":600,"height":338,"html":"<blockquote class=\"wp-embedded-content\" data-secret=\"y8seZpdIkq\"><a href=\"https:\/\/comt.cat\/es\/pediatria-avila\/\">Pediatr\u00eda (\u00c1vila)<\/a><\/blockquote><iframe sandbox=\"allow-scripts\" security=\"restricted\" src=\"https:\/\/comt.cat\/es\/pediatria-avila\/embed\/#?secret=y8seZpdIkq\" width=\"600\" height=\"338\" title=\"\u00abPediatr\u00eda (\u00c1vila)\u00bb \u2014 COMT\" data-secret=\"y8seZpdIkq\" frameborder=\"0\" marginwidth=\"0\" marginheight=\"0\" scrolling=\"no\" class=\"wp-embedded-content\"><\/iframe><script type=\"text\/javascript\">\n\/* <![CDATA[ *\/\n\/*! This file is auto-generated *\/\n!function(d,l){\"use strict\";l.querySelector&&d.addEventListener&&\"undefined\"!=typeof URL&&(d.wp=d.wp||{},d.wp.receiveEmbedMessage||(d.wp.receiveEmbedMessage=function(e){var t=e.data;if((t||t.secret||t.message||t.value)&&!\/[^a-zA-Z0-9]\/.test(t.secret)){for(var s,r,n,a=l.querySelectorAll('iframe[data-secret=\"'+t.secret+'\"]'),o=l.querySelectorAll('blockquote[data-secret=\"'+t.secret+'\"]'),c=new RegExp(\"^https?:$\",\"i\"),i=0;i<o.length;i++)o[i].style.display=\"none\";for(i=0;i<a.length;i++)s=a[i],e.source===s.contentWindow&&(s.removeAttribute(\"style\"),\"height\"===t.message?(1e3<(r=parseInt(t.value,10))?r=1e3:~~r<200&&(r=200),s.height=r):\"link\"===t.message&&(r=new URL(s.getAttribute(\"src\")),n=new URL(t.value),c.test(n.protocol))&&n.host===r.host&&l.activeElement===s&&(d.top.location.href=t.value))}},d.addEventListener(\"message\",d.wp.receiveEmbedMessage,!1),l.addEventListener(\"DOMContentLoaded\",function(){for(var e,t,s=l.querySelectorAll(\"iframe.wp-embedded-content\"),r=0;r<s.length;r++)(t=(e=s[r]).getAttribute(\"data-secret\"))||(t=Math.random().toString(36).substring(2,12),e.src+=\"#?secret=\"+t,e.setAttribute(\"data-secret\",t)),e.contentWindow.postMessage({message:\"ready\",secret:t},\"*\")},!1)))}(window,document);\n\/\/# sourceURL=https:\/\/comt.cat\/wp-includes\/js\/wp-embed.min.js\n\/* ]]> *\/\n<\/script>\n","description":"La Gerencia de Asistencia Sanitaria de \u00c1vila precisa Licenciado Especialista en Pediatr\u00eda para cubrir puesto de Pediatra de \u00c1rea en Atenci\u00f3n Primaria en la zona sur de la provincia (Valle del Ti\u00e9tar). Requisito imprescindible:\u00a0Especialista en Pediatria via MIR o homologada. Ofrecemos:  Contrato con nombramiento de interinidad. Jornada de lunes a viernes de 8 a 15 horas. Salario conforme normativa vigente.  Interesados contactar con la Direcci\u00f3n M\u00e9dica de Atenci\u00f3n Primaria de la GAS de \u00c1vila:  Email: dirmed.gapav@saludcastillayleon.es Tel\u00e9fono\u00a0920 251 966\u00a0- Extensiones 30504-30509  Contacto: Gemma Prieto de Lamo \u00a0"}