{"version":"1.0","provider_name":"COMT","provider_url":"https:\/\/comt.cat\/es\/","author_name":"comt","author_url":"https:\/\/comt.cat\/es\/author\/comt\/","title":"Pediatr\u00eda (Tarragona) - COMT","type":"rich","width":600,"height":338,"html":"<blockquote class=\"wp-embedded-content\" data-secret=\"eZVCPAdx9o\"><a href=\"https:\/\/comt.cat\/es\/pediatria-tarragona-20200520\/\">Pediatr\u00eda (Tarragona)<\/a><\/blockquote><iframe sandbox=\"allow-scripts\" security=\"restricted\" src=\"https:\/\/comt.cat\/es\/pediatria-tarragona-20200520\/embed\/#?secret=eZVCPAdx9o\" width=\"600\" height=\"338\" title=\"\u00abPediatr\u00eda (Tarragona)\u00bb \u2014 COMT\" data-secret=\"eZVCPAdx9o\" frameborder=\"0\" marginwidth=\"0\" marginheight=\"0\" scrolling=\"no\" class=\"wp-embedded-content\"><\/iframe><script type=\"text\/javascript\">\n\/* <![CDATA[ *\/\n\/*! This file is auto-generated *\/\n!function(d,l){\"use strict\";l.querySelector&&d.addEventListener&&\"undefined\"!=typeof URL&&(d.wp=d.wp||{},d.wp.receiveEmbedMessage||(d.wp.receiveEmbedMessage=function(e){var t=e.data;if((t||t.secret||t.message||t.value)&&!\/[^a-zA-Z0-9]\/.test(t.secret)){for(var s,r,n,a=l.querySelectorAll('iframe[data-secret=\"'+t.secret+'\"]'),o=l.querySelectorAll('blockquote[data-secret=\"'+t.secret+'\"]'),c=new RegExp(\"^https?:$\",\"i\"),i=0;i<o.length;i++)o[i].style.display=\"none\";for(i=0;i<a.length;i++)s=a[i],e.source===s.contentWindow&&(s.removeAttribute(\"style\"),\"height\"===t.message?(1e3<(r=parseInt(t.value,10))?r=1e3:~~r<200&&(r=200),s.height=r):\"link\"===t.message&&(r=new URL(s.getAttribute(\"src\")),n=new URL(t.value),c.test(n.protocol))&&n.host===r.host&&l.activeElement===s&&(d.top.location.href=t.value))}},d.addEventListener(\"message\",d.wp.receiveEmbedMessage,!1),l.addEventListener(\"DOMContentLoaded\",function(){for(var e,t,s=l.querySelectorAll(\"iframe.wp-embedded-content\"),r=0;r<s.length;r++)(t=(e=s[r]).getAttribute(\"data-secret\"))||(t=Math.random().toString(36).substring(2,12),e.src+=\"#?secret=\"+t,e.setAttribute(\"data-secret\",t)),e.contentWindow.postMessage({message:\"ready\",secret:t},\"*\")},!1)))}(window,document);\n\/\/# sourceURL=https:\/\/comt.cat\/wp-includes\/js\/wp-embed.min.js\n\/* ]]> *\/\n<\/script>\n","description":"Funciones: Consulta m\u00e9dica\u00a0en una cl\u00ednica privada Requisitos:  Licenciatura \/ Grado en Medicina y titulaci\u00f3n de especialista en Pediatr\u00eda. Ambos t\u00edtulos expedidos por una universidad espa\u00f1ola y \/ o europea; o en su defecto, debidamente homologados por el Ministerio competente. Colegiaci\u00f3n vigente en el Colegio Oficial de M\u00e9dicos. Estar dado de alta en el r\u00e9gimen de aut\u00f3nomos de la Seguridad Social. Acreditar certificaci\u00f3n consistente en no haber sido condenado por sentencia firme en alguno de los delitos previstos en la LOPJM.  Ofrecemos:  Despacho a compartir equipado con mobiliario, acceso a Internet, climatizaci\u00f3n y sala de espera propia para cada consulta con TV. Servicio de recepci\u00f3n y gesti\u00f3n de agendas. Flexibilidad para el horario de atenci\u00f3n a los pacientes (de lunes a viernes). No es necesaria la dedicaci\u00f3n completa.  Otros datos de inter\u00e9s:  Se buscan profesionales con iniciativa, dinamismo, buenos comunicadores y con capacidad de trabajo en equipo. Imprescindible presentar curriculum vitae (CV).  Contacto: Adri\u00e0 Adam Tel\u00e9fono:\u00a0646 743 410 Email:\u00a0adamdasca@gmail.com Archivo PDF con toda la informaci\u00f3n\u00a0\u00a0 \u00a0"}