{"version":"1.0","provider_name":"COMT","provider_url":"https:\/\/comt.cat\/es\/","author_name":"comt","author_url":"https:\/\/comt.cat\/es\/author\/comt\/","title":"Psiquiatr\u00eda (Tarragona) - COMT","type":"rich","width":600,"height":338,"html":"<blockquote class=\"wp-embedded-content\" data-secret=\"iOqUIkODj6\"><a href=\"https:\/\/comt.cat\/es\/psiquiatria-tarragona-20200616-2\/\">Psiquiatr\u00eda (Tarragona)<\/a><\/blockquote><iframe sandbox=\"allow-scripts\" security=\"restricted\" src=\"https:\/\/comt.cat\/es\/psiquiatria-tarragona-20200616-2\/embed\/#?secret=iOqUIkODj6\" width=\"600\" height=\"338\" title=\"\u00abPsiquiatr\u00eda (Tarragona)\u00bb \u2014 COMT\" data-secret=\"iOqUIkODj6\" frameborder=\"0\" marginwidth=\"0\" marginheight=\"0\" scrolling=\"no\" class=\"wp-embedded-content\"><\/iframe><script type=\"text\/javascript\">\n\/* <![CDATA[ *\/\n\/*! This file is auto-generated *\/\n!function(d,l){\"use strict\";l.querySelector&&d.addEventListener&&\"undefined\"!=typeof URL&&(d.wp=d.wp||{},d.wp.receiveEmbedMessage||(d.wp.receiveEmbedMessage=function(e){var t=e.data;if((t||t.secret||t.message||t.value)&&!\/[^a-zA-Z0-9]\/.test(t.secret)){for(var s,r,n,a=l.querySelectorAll('iframe[data-secret=\"'+t.secret+'\"]'),o=l.querySelectorAll('blockquote[data-secret=\"'+t.secret+'\"]'),c=new RegExp(\"^https?:$\",\"i\"),i=0;i<o.length;i++)o[i].style.display=\"none\";for(i=0;i<a.length;i++)s=a[i],e.source===s.contentWindow&&(s.removeAttribute(\"style\"),\"height\"===t.message?(1e3<(r=parseInt(t.value,10))?r=1e3:~~r<200&&(r=200),s.height=r):\"link\"===t.message&&(r=new URL(s.getAttribute(\"src\")),n=new URL(t.value),c.test(n.protocol))&&n.host===r.host&&l.activeElement===s&&(d.top.location.href=t.value))}},d.addEventListener(\"message\",d.wp.receiveEmbedMessage,!1),l.addEventListener(\"DOMContentLoaded\",function(){for(var e,t,s=l.querySelectorAll(\"iframe.wp-embedded-content\"),r=0;r<s.length;r++)(t=(e=s[r]).getAttribute(\"data-secret\"))||(t=Math.random().toString(36).substring(2,12),e.src+=\"#?secret=\"+t,e.setAttribute(\"data-secret\",t)),e.contentWindow.postMessage({message:\"ready\",secret:t},\"*\")},!1)))}(window,document);\n\/\/# sourceURL=https:\/\/comt.cat\/wp-includes\/js\/wp-embed.min.js\n\/* ]]> *\/\n<\/script>\n","description":"Funciones:  Atenci\u00f3n en salud mental para personas con discapacidad intelectual y otros trastornos de desarrollo. Asumir la responsabilidad asistencial y cl\u00ednica de los pacientes en cuanto a diagn\u00f3stico y tratamiento. Participar en la organizaci\u00f3n, planificaci\u00f3n y objetivos de los programas de la Unidad. Participar en las actividades docentes y de investigaci\u00f3n. Funciones propias de la titulaci\u00f3n acad\u00e9mica.  Titulaci\u00f3n: Licenciatura de Medicina y Cirug\u00eda con Especialidad en Psiquiatr\u00eda. Experiencia:  Experiencia y formaci\u00f3n en psiquiatr\u00eda, se valorar\u00e1 experiencia en el \u00e1mbito de la DI. Experiencia y formaci\u00f3n en Psicoterapias. Otros: Oral y Escrito en catal\u00e1n, castellano e ingl\u00e9s M\u00e9ritos a Considerar. Se valorar\u00e1 experiencia profesional en puestos de trabajo similares Se valorar\u00e1 experiencia previa en Investigaci\u00f3n.  Competencias Profesionales:  Capacidad de Interrelaci\u00f3n. Facilidad para la relaci\u00f3n interpersonal entre profesionales y equipos de trabajo, as\u00ed como la capacidad de generar adhesi\u00f3n, colaboraci\u00f3n, compromiso y fidelizaci\u00f3n en los proyectos y trabajo en com\u00fan. Discreci\u00f3n y Esmerado trato personal. Capacidad de gesti\u00f3n adecuada de la informaci\u00f3n y su finalidad, teniendo presente en todo momento los l\u00edmites de su uso, mostrando una actitud de empat\u00eda y expresi\u00f3n clara y asertiva. Trabajo en Equipo. Capacidad para establecer relaciones de participaci\u00f3n y cooperaci\u00f3n con otros profesionales, compartiendo recursos y conocimiento, armonizando intereses y contribuyendo activamente a la consecuci\u00f3n de objetivos cl\u00ednicos y organizativos. Esp\u00edritu de Superaci\u00f3n. Capacidad de ampliar conocimientos de la propia especializaci\u00f3n, adem\u00e1s de conocer informaci\u00f3n actualizada sobre el \u00e1mbito profesional de actuaci\u00f3n, manifestando conductas orientadas a el desarrollo de carrera y su traslaci\u00f3n a la cl\u00ednica.  Ofrecemos:  Contrato Laboral Indefinido. Jornada Completa. Horario de ma\u00f1ana. 14 pagas. Oportunidades de investigaci\u00f3n y docencia.  Contacto: Rafael Mart\u00ednez Tel\u00e9fono: 977 390 011 Email: martinezr@peremata.com"}