{"version":"1.0","provider_name":"COMT","provider_url":"https:\/\/comt.cat\/es\/","author_name":"comt","author_url":"https:\/\/comt.cat\/es\/author\/comt\/","title":"Responsabilidad Civil Profesional - COMT","type":"rich","width":600,"height":338,"html":"<blockquote class=\"wp-embedded-content\" data-secret=\"ZnVuJOUJHK\"><a href=\"https:\/\/comt.cat\/es\/responsabilidad-civil-profesional-2019\/\">Responsabilidad Civil Profesional<\/a><\/blockquote><iframe sandbox=\"allow-scripts\" security=\"restricted\" src=\"https:\/\/comt.cat\/es\/responsabilidad-civil-profesional-2019\/embed\/#?secret=ZnVuJOUJHK\" width=\"600\" height=\"338\" title=\"\u00abResponsabilidad Civil Profesional\u00bb \u2014 COMT\" data-secret=\"ZnVuJOUJHK\" frameborder=\"0\" marginwidth=\"0\" marginheight=\"0\" scrolling=\"no\" class=\"wp-embedded-content\"><\/iframe><script type=\"text\/javascript\">\n\/* <![CDATA[ *\/\n\/*! This file is auto-generated *\/\n!function(d,l){\"use strict\";l.querySelector&&d.addEventListener&&\"undefined\"!=typeof URL&&(d.wp=d.wp||{},d.wp.receiveEmbedMessage||(d.wp.receiveEmbedMessage=function(e){var t=e.data;if((t||t.secret||t.message||t.value)&&!\/[^a-zA-Z0-9]\/.test(t.secret)){for(var s,r,n,a=l.querySelectorAll('iframe[data-secret=\"'+t.secret+'\"]'),o=l.querySelectorAll('blockquote[data-secret=\"'+t.secret+'\"]'),c=new RegExp(\"^https?:$\",\"i\"),i=0;i<o.length;i++)o[i].style.display=\"none\";for(i=0;i<a.length;i++)s=a[i],e.source===s.contentWindow&&(s.removeAttribute(\"style\"),\"height\"===t.message?(1e3<(r=parseInt(t.value,10))?r=1e3:~~r<200&&(r=200),s.height=r):\"link\"===t.message&&(r=new URL(s.getAttribute(\"src\")),n=new URL(t.value),c.test(n.protocol))&&n.host===r.host&&l.activeElement===s&&(d.top.location.href=t.value))}},d.addEventListener(\"message\",d.wp.receiveEmbedMessage,!1),l.addEventListener(\"DOMContentLoaded\",function(){for(var e,t,s=l.querySelectorAll(\"iframe.wp-embedded-content\"),r=0;r<s.length;r++)(t=(e=s[r]).getAttribute(\"data-secret\"))||(t=Math.random().toString(36).substring(2,12),e.src+=\"#?secret=\"+t,e.setAttribute(\"data-secret\",t)),e.contentWindow.postMessage({message:\"ready\",secret:t},\"*\")},!1)))}(window,document);\n\/\/# sourceURL=https:\/\/comt.cat\/wp-includes\/js\/wp-embed.min.js\n\/* ]]> *\/\n<\/script>\n","description":"La p\u00f3liza de Responsabilidad Civil Profesional es obligatoria para garantizar la tranquilidad de los m\u00e9dicos y m\u00e9dicas durante su ejercicio. Proporciona cobertura a los profesionales velando por su seguridad. Desde el a\u00f1o 2003 todos los profesionales sanitarios, sean personas f\u00edsicas o jur\u00eddicas, est\u00e1n obligados por ley a suscribir un seguro de responsabilidad civil. El Colegio de M\u00e9dicos de Tarragona tiene suscrita su p\u00f3liza conjuntamente con el Consejo de Colegios de M\u00e9dicos de Catalunya, asegurando, en conjunto m\u00e1s de 25.000 m\u00e9dicos a trav\u00e9s de la empresa francesa SHAM. Esta p\u00f3liza es de adhesi\u00f3n voluntaria y est\u00e1 gestionada por un equipo de especialistas en derecho sanitario. En caso de reclamaci\u00f3n ofrece asesoramiento personalizado e informaci\u00f3n continua. Tiene abasto internacional con autorizaci\u00f3n previa (excepto Canad\u00e1 y Estados Unidos). Su precio es el siguiente:     2020 1r trimestre 2\u00ba trimestre 3r trimestre 4\u00ba trimestre   Colegiado 128,00\u20ac 129,00\u20ac 130,00\u20ac 131,00\u20ac   MIR, MFC\u00a0y Pediatr\u00eda (AP P\u00fablica) 101,88\u20ac 102,68\u20ac 103,48\u20ac 104,28\u20ac   M\u00e9dico jubilado 13,00\u20ac 13,10\u20ac 13,20\u20ac 13,30\u20ac   Extensi\u00f3n cobertura Andorra 23,96\u20ac 23,96\u20ac 23,96\u20ac 23,96\u20ac     \u00a0 \u00a0"}