{"id":11078,"date":"2021-08-30T09:20:53","date_gmt":"2021-08-30T09:20:53","guid":{"rendered":"https:\/\/comt.quimeras.cat\/galens-comunicacio\/"},"modified":"2022-07-26T14:03:27","modified_gmt":"2022-07-26T12:03:27","slug":"galens-comunicacio","status":"publish","type":"page","link":"https:\/\/comt.cat\/es\/galens-comunicacio\/","title":{"rendered":"GALENS COMUNICACI\u00d3N"},"content":{"rendered":"\n\n\t<section class=\"section\" id=\"section_667973358\">\n\t\t<div class=\"section-bg fill\" >\n\t\t\t\t\t\t\t\t\t\n\t\t\t\n\n\t\t<\/div>\n\n\t\t\n\n\t\t<div class=\"section-content relative\">\n\t\t\t\n\n\t<div id=\"gap-226983393\" class=\"gap-element clearfix\" style=\"display:block; height:auto;\">\n\t\t\n<style>\n#gap-226983393 {\n  padding-top: 30px;\n}\n<\/style>\n\t<\/div>\n\t\n\n<div class=\"row align-middle\"  id=\"row-1493160108\">\n\n\n\t<div id=\"col-2144298655\" class=\"col medium-8 small-12 large-4\"  >\n\t\t\t\t<div class=\"col-inner\"  >\n\t\t\t\n\t\t\t\n\n\t<div id=\"text-4235258385\" class=\"text\">\n\t\t\n\n<h1>Galens comunicaci\u00f3n<\/h1>\n\t\t\n<style>\n#text-4235258385 {\n  font-size: 1.5rem;\n}\n<\/style>\n\t<\/div>\n\t\n\n\t\t<\/div>\n\t\t\t\t\t<\/div>\n\n\t\n\n\t<div id=\"col-271991727\" class=\"col medium-12 small-12 large-8\"  >\n\t\t\t\t<div class=\"col-inner\"  >\n\t\t\t\n\t<div class=\"is-border\"\n\t\tstyle=\"border-color:rgb(126, 178, 233);border-width:0px 0px 0px 2px;\">\n\t<\/div>\n\t\t\t\n\n<p>En este apartado de actualidad comunicativa podr\u00e1s conocer las \u00faltimas noticias y publicaciones sobre todo lo que sucede en el COMT as\u00ed como en el \u00e1mbito sanitario.<\/p>\n\n\t\t<\/div>\n\t\t\t\t\n<style>\n#col-271991727 > .col-inner {\n  padding: 0px 0px 0px 30px;\n  margin: 0px 0px 0px 0px;\n}\n@media (min-width:850px) {\n  #col-271991727 > .col-inner {\n    margin: 10px 0px 0px 0px;\n  }\n}\n<\/style>\n\t<\/div>\n\n\t\n\n<\/div>\n\n\t\t<\/div>\n\n\t\t\n<style>\n#section_667973358 {\n  padding-top: 60px;\n  padding-bottom: 60px;\n  min-height: 264px;\n  background-color: rgb(251, 248, 243);\n}\n@media (min-width:550px) {\n  #section_667973358 {\n    padding-top: 80px;\n    padding-bottom: 80px;\n  }\n}\n@media (min-width:850px) {\n  #section_667973358 {\n    padding-top: 65px;\n    padding-bottom: 65px;\n  }\n}\n<\/style>\n\t<\/section>\n\t\n\n\t<section class=\"section\" id=\"section_1205212478\">\n\t\t<div class=\"section-bg fill\" >\n\t\t\t\t\t\t\t\t\t\n\t\t\t\n\n\t\t<\/div>\n\n\t\t\n\n\t\t<div class=\"section-content relative\">\n\t\t\t\n\n<div class=\"row\"  id=\"row-942907055\">\n\n\n\t<div id=\"col-551111290\" class=\"col small-12 large-12\"  >\n\t\t\t\t<div class=\"col-inner\"  >\n\t\t\t\n\t\t\t\n\n\n  \n    <div class=\"row large-columns-3 medium-columns- small-columns-1\" >\n  <div class=\"col post-item\" >\n\t\t\t<div class=\"col-inner\">\n\t\t\t\t<div class=\"box box-normal box-text-bottom box-blog-post has-hover\">\n            \t\t\t\t\t<div class=\"box-image\" >\n  \t\t\t\t\t\t<div class=\"image-cover\" style=\"padding-top:56%;\">\n\t\t\t\t\t\t\t<a href=\"https:\/\/comt.cat\/es\/no-te-pierdas-el-directe-de-la-ceremonia-de-graduacion-del-alumnado-del-grado-en-medicina-de-la-urv-2020-2026\/\" class=\"plain\" aria-label=\"No te pierdas el directe de la Ceremonia de graduaci\u00f3n del alumnado del grado en Medicina de la URV 2020-2026\">\n\t\t\t\t\t\t\t\t<img loading=\"lazy\" decoding=\"async\" width=\"300\" height=\"136\" src=\"https:\/\/comt.cat\/wp-content\/uploads\/2026\/04\/DESTACADES-WEB-1-300x136.png\" class=\"attachment-medium size-medium wp-post-image\" alt=\"\" srcset=\"https:\/\/comt.cat\/wp-content\/uploads\/2026\/04\/DESTACADES-WEB-1-300x136.png 300w, https:\/\/comt.cat\/wp-content\/uploads\/2026\/04\/DESTACADES-WEB-1-1024x465.png 1024w, https:\/\/comt.cat\/wp-content\/uploads\/2026\/04\/DESTACADES-WEB-1-768x349.png 768w, https:\/\/comt.cat\/wp-content\/uploads\/2026\/04\/DESTACADES-WEB-1-1536x698.png 1536w, https:\/\/comt.cat\/wp-content\/uploads\/2026\/04\/DESTACADES-WEB-1-600x273.png 600w, https:\/\/comt.cat\/wp-content\/uploads\/2026\/04\/DESTACADES-WEB-1.png 1540w\" sizes=\"(max-width: 300px) 100vw, 300px\" \/>\t\t\t\t\t\t\t<\/a>\n  \t\t\t\t\t\t\t  \t\t\t\t\t\t\t  \t\t\t\t\t\t<\/div>\n  \t\t\t\t\t\t  \t\t\t\t\t<\/div>\n          \t\t\t\t\t<div class=\"box-text text-left\" >\n\t\t\t\t\t<div class=\"box-text-inner blog-post-inner\">\n\n\t\t\t\t\t\n\t\t\t\t\t\t\t\t\t\t<h5 class=\"post-title is-large \">\n\t\t\t\t\t\t<a href=\"https:\/\/comt.cat\/es\/no-te-pierdas-el-directe-de-la-ceremonia-de-graduacion-del-alumnado-del-grado-en-medicina-de-la-urv-2020-2026\/\" class=\"plain\">No te pierdas el directe de la Ceremonia de graduaci\u00f3n del alumnado del grado en Medicina de la URV 2020-2026<\/a>\n\t\t\t\t\t<\/h5>\n\t\t\t\t\t\t\t\t\t\t<div class=\"is-divider\"><\/div>\n\t\t\t\t\t\t\t\t\t\t<p class=\"from_the_blog_excerpt \">\n\t\t\t\t\t\tEl pr\u00f3ximo 2 de mayo de 2026 a las 16:00 horas, el espacio de la Feria de Reus tendr\u00e1 lugar la ceremonia de Graduaci\u00f3n...\t\t\t\t\t<\/p>\n\t\t\t\t\t                    \n\t\t\t\t\t\t\t\t\t\t\t<a href=\"https:\/\/comt.cat\/es\/no-te-pierdas-el-directe-de-la-ceremonia-de-graduacion-del-alumnado-del-grado-en-medicina-de-la-urv-2020-2026\/\" class=\"button  is-outline is-small mb-0\">\n\t\t\t\t\t\t\tLeer m\u00e1s\t\t\t\t\t\t<\/a>\n\t\t\t\t\t\n\t\t\t\t\t\n\t\t\t\t\t<\/div>\n\t\t\t\t\t<\/div>\n\t\t\t\t\t\t\t\t\t\t\t\t\t\t\t\t<div class=\"badge absolute top post-date badge-outline\">\n\t\t\t\t\t\t\t<div class=\"badge-inner\">\n\t\t\t\t\t\t\t\t<span class=\"post-date-day\">30<\/span><br>\n\t\t\t\t\t\t\t\t<span class=\"post-date-month is-xsmall\">Abr<\/span>\n\t\t\t\t\t\t\t<\/div>\n\t\t\t\t\t\t<\/div>\n\t\t\t\t\t\t\t\t\t<\/div>\n\t\t\t<\/div>\n\t\t<\/div><div class=\"col post-item\" >\n\t\t\t<div class=\"col-inner\">\n\t\t\t\t<div class=\"box box-normal box-text-bottom box-blog-post has-hover\">\n            \t\t\t\t\t<div class=\"box-image\" >\n  \t\t\t\t\t\t<div class=\"image-cover\" style=\"padding-top:56%;\">\n\t\t\t\t\t\t\t<a href=\"https:\/\/comt.cat\/es\/la-importancia-de-contar-con-una-buena-cobertura-de-responsabilidad-civil-profesional\/\" class=\"plain\" aria-label=\"La importancia de contar con una buena cobertura de Responsabilidad Civil Profesional\">\n\t\t\t\t\t\t\t\t<img loading=\"lazy\" decoding=\"async\" width=\"300\" height=\"136\" src=\"https:\/\/comt.cat\/wp-content\/uploads\/2026\/04\/DESTACADA-WEB-COMT-36-300x136.png\" class=\"attachment-medium size-medium wp-post-image\" alt=\"\" srcset=\"https:\/\/comt.cat\/wp-content\/uploads\/2026\/04\/DESTACADA-WEB-COMT-36-300x136.png 300w, https:\/\/comt.cat\/wp-content\/uploads\/2026\/04\/DESTACADA-WEB-COMT-36-1024x465.png 1024w, https:\/\/comt.cat\/wp-content\/uploads\/2026\/04\/DESTACADA-WEB-COMT-36-768x349.png 768w, https:\/\/comt.cat\/wp-content\/uploads\/2026\/04\/DESTACADA-WEB-COMT-36-1536x698.png 1536w, https:\/\/comt.cat\/wp-content\/uploads\/2026\/04\/DESTACADA-WEB-COMT-36-600x273.png 600w, https:\/\/comt.cat\/wp-content\/uploads\/2026\/04\/DESTACADA-WEB-COMT-36.png 1540w\" sizes=\"(max-width: 300px) 100vw, 300px\" \/>\t\t\t\t\t\t\t<\/a>\n  \t\t\t\t\t\t\t  \t\t\t\t\t\t\t  \t\t\t\t\t\t<\/div>\n  \t\t\t\t\t\t  \t\t\t\t\t<\/div>\n          \t\t\t\t\t<div class=\"box-text text-left\" >\n\t\t\t\t\t<div class=\"box-text-inner blog-post-inner\">\n\n\t\t\t\t\t\n\t\t\t\t\t\t\t\t\t\t<h5 class=\"post-title is-large \">\n\t\t\t\t\t\t<a href=\"https:\/\/comt.cat\/es\/la-importancia-de-contar-con-una-buena-cobertura-de-responsabilidad-civil-profesional\/\" class=\"plain\">La importancia de contar con una buena cobertura de Responsabilidad Civil Profesional<\/a>\n\t\t\t\t\t<\/h5>\n\t\t\t\t\t\t\t\t\t\t<div class=\"is-divider\"><\/div>\n\t\t\t\t\t\t\t\t\t\t<p class=\"from_the_blog_excerpt \">\n\t\t\t\t\t\tLa p\u00f3liza de RC que ofrece el CCMC es el principal seguro de responsabilidad civil profesional de Catalu\u00f1a y una excelente garant\u00eda de protecci\u00f3n...\t\t\t\t\t<\/p>\n\t\t\t\t\t                    \n\t\t\t\t\t\t\t\t\t\t\t<a href=\"https:\/\/comt.cat\/es\/la-importancia-de-contar-con-una-buena-cobertura-de-responsabilidad-civil-profesional\/\" class=\"button  is-outline is-small mb-0\">\n\t\t\t\t\t\t\tLeer m\u00e1s\t\t\t\t\t\t<\/a>\n\t\t\t\t\t\n\t\t\t\t\t\n\t\t\t\t\t<\/div>\n\t\t\t\t\t<\/div>\n\t\t\t\t\t\t\t\t\t\t\t\t\t\t\t\t<div class=\"badge absolute top post-date badge-outline\">\n\t\t\t\t\t\t\t<div class=\"badge-inner\">\n\t\t\t\t\t\t\t\t<span class=\"post-date-day\">29<\/span><br>\n\t\t\t\t\t\t\t\t<span class=\"post-date-month is-xsmall\">Abr<\/span>\n\t\t\t\t\t\t\t<\/div>\n\t\t\t\t\t\t<\/div>\n\t\t\t\t\t\t\t\t\t<\/div>\n\t\t\t<\/div>\n\t\t<\/div><div class=\"col post-item\" >\n\t\t\t<div class=\"col-inner\">\n\t\t\t\t<div class=\"box box-normal box-text-bottom box-blog-post has-hover\">\n            \t\t\t\t\t<div class=\"box-image\" >\n  \t\t\t\t\t\t<div class=\"image-cover\" style=\"padding-top:56%;\">\n\t\t\t\t\t\t\t<a href=\"https:\/\/comt.cat\/es\/el-comt-celebra-el-despliegue-de-la-prescripcion-deportiva\/\" class=\"plain\" aria-label=\"El COMT celebra el despliegue de la prescripci\u00f3n deportiva\">\n\t\t\t\t\t\t\t\t<img loading=\"lazy\" decoding=\"async\" width=\"300\" height=\"136\" src=\"https:\/\/comt.cat\/wp-content\/uploads\/2026\/04\/DESTACADA-WEB-COMT-31-300x136.png\" class=\"attachment-medium size-medium wp-post-image\" alt=\"\" srcset=\"https:\/\/comt.cat\/wp-content\/uploads\/2026\/04\/DESTACADA-WEB-COMT-31-300x136.png 300w, https:\/\/comt.cat\/wp-content\/uploads\/2026\/04\/DESTACADA-WEB-COMT-31-1024x465.png 1024w, https:\/\/comt.cat\/wp-content\/uploads\/2026\/04\/DESTACADA-WEB-COMT-31-768x349.png 768w, https:\/\/comt.cat\/wp-content\/uploads\/2026\/04\/DESTACADA-WEB-COMT-31-1536x698.png 1536w, https:\/\/comt.cat\/wp-content\/uploads\/2026\/04\/DESTACADA-WEB-COMT-31-600x273.png 600w, https:\/\/comt.cat\/wp-content\/uploads\/2026\/04\/DESTACADA-WEB-COMT-31.png 1540w\" sizes=\"(max-width: 300px) 100vw, 300px\" \/>\t\t\t\t\t\t\t<\/a>\n  \t\t\t\t\t\t\t  \t\t\t\t\t\t\t  \t\t\t\t\t\t<\/div>\n  \t\t\t\t\t\t  \t\t\t\t\t<\/div>\n          \t\t\t\t\t<div class=\"box-text text-left\" >\n\t\t\t\t\t<div class=\"box-text-inner blog-post-inner\">\n\n\t\t\t\t\t\n\t\t\t\t\t\t\t\t\t\t<h5 class=\"post-title is-large \">\n\t\t\t\t\t\t<a href=\"https:\/\/comt.cat\/es\/el-comt-celebra-el-despliegue-de-la-prescripcion-deportiva\/\" class=\"plain\">El COMT celebra el despliegue de la prescripci\u00f3n deportiva<\/a>\n\t\t\t\t\t<\/h5>\n\t\t\t\t\t\t\t\t\t\t<div class=\"is-divider\"><\/div>\n\t\t\t\t\t\t\t\t\t\t<p class=\"from_the_blog_excerpt \">\n\t\t\t\t\t\tEl colegio considera clave el liderazgo m\u00e9dico en su implementaci\u00f3n El Colegio Oficial de M\u00e9dicos de Tarragona celebra el anuncio del Gobierno de Catalu\u00f1a...\t\t\t\t\t<\/p>\n\t\t\t\t\t                    \n\t\t\t\t\t\t\t\t\t\t\t<a href=\"https:\/\/comt.cat\/es\/el-comt-celebra-el-despliegue-de-la-prescripcion-deportiva\/\" class=\"button  is-outline is-small mb-0\">\n\t\t\t\t\t\t\tLeer m\u00e1s\t\t\t\t\t\t<\/a>\n\t\t\t\t\t\n\t\t\t\t\t\n\t\t\t\t\t<\/div>\n\t\t\t\t\t<\/div>\n\t\t\t\t\t\t\t\t\t\t\t\t\t\t\t\t<div class=\"badge absolute top post-date badge-outline\">\n\t\t\t\t\t\t\t<div class=\"badge-inner\">\n\t\t\t\t\t\t\t\t<span class=\"post-date-day\">29<\/span><br>\n\t\t\t\t\t\t\t\t<span class=\"post-date-month is-xsmall\">Abr<\/span>\n\t\t\t\t\t\t\t<\/div>\n\t\t\t\t\t\t<\/div>\n\t\t\t\t\t\t\t\t\t<\/div>\n\t\t\t<\/div>\n\t\t<\/div><div class=\"col post-item\" >\n\t\t\t<div class=\"col-inner\">\n\t\t\t\t<div class=\"box box-normal box-text-bottom box-blog-post has-hover\">\n            \t\t\t\t\t<div class=\"box-image\" >\n  \t\t\t\t\t\t<div class=\"image-cover\" style=\"padding-top:56%;\">\n\t\t\t\t\t\t\t<a href=\"https:\/\/comt.cat\/es\/edicion-de-abril-de-2026-galens\/\" class=\"plain\" aria-label=\"Disponible la edici\u00f3n de abril de 2026 de la revista Galens\">\n\t\t\t\t\t\t\t\t<img loading=\"lazy\" decoding=\"async\" width=\"300\" height=\"136\" src=\"https:\/\/comt.cat\/wp-content\/uploads\/2026\/04\/DESTACADA-WEB-COMT-30-300x136.png\" class=\"attachment-medium size-medium wp-post-image\" alt=\"\" srcset=\"https:\/\/comt.cat\/wp-content\/uploads\/2026\/04\/DESTACADA-WEB-COMT-30-300x136.png 300w, https:\/\/comt.cat\/wp-content\/uploads\/2026\/04\/DESTACADA-WEB-COMT-30-1024x465.png 1024w, https:\/\/comt.cat\/wp-content\/uploads\/2026\/04\/DESTACADA-WEB-COMT-30-768x349.png 768w, https:\/\/comt.cat\/wp-content\/uploads\/2026\/04\/DESTACADA-WEB-COMT-30-1536x698.png 1536w, https:\/\/comt.cat\/wp-content\/uploads\/2026\/04\/DESTACADA-WEB-COMT-30-600x273.png 600w, https:\/\/comt.cat\/wp-content\/uploads\/2026\/04\/DESTACADA-WEB-COMT-30.png 1540w\" sizes=\"(max-width: 300px) 100vw, 300px\" \/>\t\t\t\t\t\t\t<\/a>\n  \t\t\t\t\t\t\t  \t\t\t\t\t\t\t  \t\t\t\t\t\t<\/div>\n  \t\t\t\t\t\t  \t\t\t\t\t<\/div>\n          \t\t\t\t\t<div class=\"box-text text-left\" >\n\t\t\t\t\t<div class=\"box-text-inner blog-post-inner\">\n\n\t\t\t\t\t\n\t\t\t\t\t\t\t\t\t\t<h5 class=\"post-title is-large \">\n\t\t\t\t\t\t<a href=\"https:\/\/comt.cat\/es\/edicion-de-abril-de-2026-galens\/\" class=\"plain\">Disponible la edici\u00f3n de abril de 2026 de la revista Galens<\/a>\n\t\t\t\t\t<\/h5>\n\t\t\t\t\t\t\t\t\t\t<div class=\"is-divider\"><\/div>\n\t\t\t\t\t\t\t\t\t\t<p class=\"from_the_blog_excerpt \">\n\t\t\t\t\t\tEl COMT publica un nuevo n\u00famero de la revista Galens, correspondiente al primer trimestre de 2026, con contenidos centrados en los principales retos del...\t\t\t\t\t<\/p>\n\t\t\t\t\t                    \n\t\t\t\t\t\t\t\t\t\t\t<a href=\"https:\/\/comt.cat\/es\/edicion-de-abril-de-2026-galens\/\" class=\"button  is-outline is-small mb-0\">\n\t\t\t\t\t\t\tLeer m\u00e1s\t\t\t\t\t\t<\/a>\n\t\t\t\t\t\n\t\t\t\t\t\n\t\t\t\t\t<\/div>\n\t\t\t\t\t<\/div>\n\t\t\t\t\t\t\t\t\t\t\t\t\t\t\t\t<div class=\"badge absolute top post-date badge-outline\">\n\t\t\t\t\t\t\t<div class=\"badge-inner\">\n\t\t\t\t\t\t\t\t<span class=\"post-date-day\">27<\/span><br>\n\t\t\t\t\t\t\t\t<span class=\"post-date-month is-xsmall\">Abr<\/span>\n\t\t\t\t\t\t\t<\/div>\n\t\t\t\t\t\t<\/div>\n\t\t\t\t\t\t\t\t\t<\/div>\n\t\t\t<\/div>\n\t\t<\/div><div class=\"col post-item\" >\n\t\t\t<div class=\"col-inner\">\n\t\t\t\t<div class=\"box box-normal box-text-bottom box-blog-post has-hover\">\n            \t\t\t\t\t<div class=\"box-image\" >\n  \t\t\t\t\t\t<div class=\"image-cover\" style=\"padding-top:56%;\">\n\t\t\t\t\t\t\t<a href=\"https:\/\/comt.cat\/es\/el-comt-presenta-sus-enmiendas-a-la-reforma-de-la-lops\/\" class=\"plain\" aria-label=\"El COMT presenta sus enmiendas a la reforma de la LOPS\">\n\t\t\t\t\t\t\t\t<img loading=\"lazy\" decoding=\"async\" width=\"300\" height=\"136\" src=\"https:\/\/comt.cat\/wp-content\/uploads\/2026\/04\/DESTACADA-WEB-COMT-28-300x136.png\" class=\"attachment-medium size-medium wp-post-image\" alt=\"\" srcset=\"https:\/\/comt.cat\/wp-content\/uploads\/2026\/04\/DESTACADA-WEB-COMT-28-300x136.png 300w, https:\/\/comt.cat\/wp-content\/uploads\/2026\/04\/DESTACADA-WEB-COMT-28-1024x465.png 1024w, https:\/\/comt.cat\/wp-content\/uploads\/2026\/04\/DESTACADA-WEB-COMT-28-768x349.png 768w, https:\/\/comt.cat\/wp-content\/uploads\/2026\/04\/DESTACADA-WEB-COMT-28-1536x698.png 1536w, https:\/\/comt.cat\/wp-content\/uploads\/2026\/04\/DESTACADA-WEB-COMT-28-600x273.png 600w, https:\/\/comt.cat\/wp-content\/uploads\/2026\/04\/DESTACADA-WEB-COMT-28.png 1540w\" sizes=\"(max-width: 300px) 100vw, 300px\" \/>\t\t\t\t\t\t\t<\/a>\n  \t\t\t\t\t\t\t  \t\t\t\t\t\t\t  \t\t\t\t\t\t<\/div>\n  \t\t\t\t\t\t  \t\t\t\t\t<\/div>\n          \t\t\t\t\t<div class=\"box-text text-left\" >\n\t\t\t\t\t<div class=\"box-text-inner blog-post-inner\">\n\n\t\t\t\t\t\n\t\t\t\t\t\t\t\t\t\t<h5 class=\"post-title is-large \">\n\t\t\t\t\t\t<a href=\"https:\/\/comt.cat\/es\/el-comt-presenta-sus-enmiendas-a-la-reforma-de-la-lops\/\" class=\"plain\">El COMT presenta sus enmiendas a la reforma de la LOPS<\/a>\n\t\t\t\t\t<\/h5>\n\t\t\t\t\t\t\t\t\t\t<div class=\"is-divider\"><\/div>\n\t\t\t\t\t\t\t\t\t\t<p class=\"from_the_blog_excerpt \">\n\t\t\t\t\t\tEl Colegio Oficial de M\u00e9dicos de Tarragona (COMT) ha presentado sus aportaciones en el marco de la consulta p\u00fablica previa para la reforma de...\t\t\t\t\t<\/p>\n\t\t\t\t\t                    \n\t\t\t\t\t\t\t\t\t\t\t<a href=\"https:\/\/comt.cat\/es\/el-comt-presenta-sus-enmiendas-a-la-reforma-de-la-lops\/\" class=\"button  is-outline is-small mb-0\">\n\t\t\t\t\t\t\tLeer m\u00e1s\t\t\t\t\t\t<\/a>\n\t\t\t\t\t\n\t\t\t\t\t\n\t\t\t\t\t<\/div>\n\t\t\t\t\t<\/div>\n\t\t\t\t\t\t\t\t\t\t\t\t\t\t\t\t<div class=\"badge absolute top post-date badge-outline\">\n\t\t\t\t\t\t\t<div class=\"badge-inner\">\n\t\t\t\t\t\t\t\t<span class=\"post-date-day\">23<\/span><br>\n\t\t\t\t\t\t\t\t<span class=\"post-date-month is-xsmall\">Abr<\/span>\n\t\t\t\t\t\t\t<\/div>\n\t\t\t\t\t\t<\/div>\n\t\t\t\t\t\t\t\t\t<\/div>\n\t\t\t<\/div>\n\t\t<\/div><div class=\"col post-item\" >\n\t\t\t<div class=\"col-inner\">\n\t\t\t\t<div class=\"box box-normal box-text-bottom box-blog-post has-hover\">\n            \t\t\t\t\t<div class=\"box-image\" >\n  \t\t\t\t\t\t<div class=\"image-cover\" style=\"padding-top:56%;\">\n\t\t\t\t\t\t\t<a href=\"https:\/\/comt.cat\/es\/el-comt-trasllada-al-congres-el-debat-sobre-lacces-al-grau-de-medicina\/\" class=\"plain\" aria-label=\"El COMT traslada al Congreso el debate sobre el acceso al grado de Medicina\">\n\t\t\t\t\t\t\t\t<img loading=\"lazy\" decoding=\"async\" width=\"300\" height=\"136\" src=\"https:\/\/comt.cat\/wp-content\/uploads\/2026\/04\/DESTACADA-WEB-COMT-24-300x136.png\" class=\"attachment-medium size-medium wp-post-image\" alt=\"\" srcset=\"https:\/\/comt.cat\/wp-content\/uploads\/2026\/04\/DESTACADA-WEB-COMT-24-300x136.png 300w, https:\/\/comt.cat\/wp-content\/uploads\/2026\/04\/DESTACADA-WEB-COMT-24-1024x465.png 1024w, https:\/\/comt.cat\/wp-content\/uploads\/2026\/04\/DESTACADA-WEB-COMT-24-768x349.png 768w, https:\/\/comt.cat\/wp-content\/uploads\/2026\/04\/DESTACADA-WEB-COMT-24-1536x698.png 1536w, https:\/\/comt.cat\/wp-content\/uploads\/2026\/04\/DESTACADA-WEB-COMT-24-600x273.png 600w, https:\/\/comt.cat\/wp-content\/uploads\/2026\/04\/DESTACADA-WEB-COMT-24.png 1540w\" sizes=\"(max-width: 300px) 100vw, 300px\" \/>\t\t\t\t\t\t\t<\/a>\n  \t\t\t\t\t\t\t  \t\t\t\t\t\t\t  \t\t\t\t\t\t<\/div>\n  \t\t\t\t\t\t  \t\t\t\t\t<\/div>\n          \t\t\t\t\t<div class=\"box-text text-left\" >\n\t\t\t\t\t<div class=\"box-text-inner blog-post-inner\">\n\n\t\t\t\t\t\n\t\t\t\t\t\t\t\t\t\t<h5 class=\"post-title is-large \">\n\t\t\t\t\t\t<a href=\"https:\/\/comt.cat\/es\/el-comt-trasllada-al-congres-el-debat-sobre-lacces-al-grau-de-medicina\/\" class=\"plain\">El COMT traslada al Congreso el debate sobre el acceso al grado de Medicina<\/a>\n\t\t\t\t\t<\/h5>\n\t\t\t\t\t\t\t\t\t\t<div class=\"is-divider\"><\/div>\n\t\t\t\t\t\t\t\t\t\t<p class=\"from_the_blog_excerpt \">\n\t\t\t\t\t\tEl Colegio Oficial de M\u00e9dicos de Tarragona, representado por su presidente, el Dr. Sergi Boada, visit\u00f3 el Congreso de los Diputados para mantener una...\t\t\t\t\t<\/p>\n\t\t\t\t\t                    \n\t\t\t\t\t\t\t\t\t\t\t<a href=\"https:\/\/comt.cat\/es\/el-comt-trasllada-al-congres-el-debat-sobre-lacces-al-grau-de-medicina\/\" class=\"button  is-outline is-small mb-0\">\n\t\t\t\t\t\t\tLeer m\u00e1s\t\t\t\t\t\t<\/a>\n\t\t\t\t\t\n\t\t\t\t\t\n\t\t\t\t\t<\/div>\n\t\t\t\t\t<\/div>\n\t\t\t\t\t\t\t\t\t\t\t\t\t\t\t\t<div class=\"badge absolute top post-date badge-outline\">\n\t\t\t\t\t\t\t<div class=\"badge-inner\">\n\t\t\t\t\t\t\t\t<span class=\"post-date-day\">23<\/span><br>\n\t\t\t\t\t\t\t\t<span class=\"post-date-month is-xsmall\">Abr<\/span>\n\t\t\t\t\t\t\t<\/div>\n\t\t\t\t\t\t<\/div>\n\t\t\t\t\t\t\t\t\t<\/div>\n\t\t\t<\/div>\n\t\t<\/div><\/div>\n\n<a href=\"https:\/\/comt.cat\/es\/category\/actualidad-y-publicaciones\/comt-noticias\/\" class=\"button secondary expand\" >\n\t\t<span>Ver m\u00e1s noticias<\/span>\n\t<\/a>\n\n\n\n\t\t<\/div>\n\t\t\t\t\t<\/div>\n\n\t\n\n<\/div>\n\n\t\t<\/div>\n\n\t\t\n<style>\n#section_1205212478 {\n  padding-top: 94px;\n  padding-bottom: 94px;\n}\n<\/style>\n\t<\/section>\n\t\n\n","protected":false},"excerpt":{"rendered":"","protected":false},"author":1,"featured_media":0,"parent":0,"menu_order":0,"comment_status":"closed","ping_status":"closed","template":"page-blank.php","meta":{"footnotes":""},"class_list":["post-11078","page","type-page","status-publish","hentry"],"yoast_head":"<!-- This site is optimized with the Yoast SEO plugin v27.5 - https:\/\/yoast.com\/product\/yoast-seo-wordpress\/ -->\n<title>GALENS COMUNICACI\u00d3N - COMT<\/title>\n<meta name=\"robots\" content=\"index, follow, max-snippet:-1, max-image-preview:large, max-video-preview:-1\" \/>\n<link rel=\"canonical\" href=\"https:\/\/comt.cat\/galens-comunicacio\/\" \/>\n<meta property=\"og:locale\" content=\"es_ES\" \/>\n<meta property=\"og:type\" content=\"article\" \/>\n<meta property=\"og:title\" content=\"GALENS COMUNICACI\u00d3N - COMT\" \/>\n<meta property=\"og:url\" content=\"https:\/\/comt.cat\/galens-comunicacio\/\" \/>\n<meta property=\"og:site_name\" content=\"COMT\" \/>\n<meta property=\"article:modified_time\" content=\"2022-07-26T12:03:27+00:00\" \/>\n<meta name=\"twitter:card\" content=\"summary_large_image\" \/>\n<meta name=\"twitter:label1\" content=\"Tiempo de lectura\" \/>\n\t<meta name=\"twitter:data1\" content=\"1 minuto\" \/>\n<script type=\"application\/ld+json\" class=\"yoast-schema-graph\">{\"@context\":\"https:\\\/\\\/schema.org\",\"@graph\":[{\"@type\":\"WebPage\",\"@id\":\"https:\\\/\\\/comt.cat\\\/galens-comunicacio\\\/\",\"url\":\"https:\\\/\\\/comt.cat\\\/galens-comunicacio\\\/\",\"name\":\"GALENS COMUNICACI\u00d3N - COMT\",\"isPartOf\":{\"@id\":\"https:\\\/\\\/comt.cat\\\/#website\"},\"datePublished\":\"2021-08-30T09:20:53+00:00\",\"dateModified\":\"2022-07-26T12:03:27+00:00\",\"breadcrumb\":{\"@id\":\"https:\\\/\\\/comt.cat\\\/galens-comunicacio\\\/#breadcrumb\"},\"inLanguage\":\"es\",\"potentialAction\":[{\"@type\":\"ReadAction\",\"target\":[\"https:\\\/\\\/comt.cat\\\/galens-comunicacio\\\/\"]}]},{\"@type\":\"BreadcrumbList\",\"@id\":\"https:\\\/\\\/comt.cat\\\/galens-comunicacio\\\/#breadcrumb\",\"itemListElement\":[{\"@type\":\"ListItem\",\"position\":1,\"name\":\"Home\",\"item\":\"https:\\\/\\\/comt.cat\\\/es\\\/\"},{\"@type\":\"ListItem\",\"position\":2,\"name\":\"GALENS COMUNICACI\u00d3N\"}]},{\"@type\":\"WebSite\",\"@id\":\"https:\\\/\\\/comt.cat\\\/#website\",\"url\":\"https:\\\/\\\/comt.cat\\\/\",\"name\":\"COMT\",\"description\":\"Col\u00b7legi de Metges de Tarragona\",\"potentialAction\":[{\"@type\":\"SearchAction\",\"target\":{\"@type\":\"EntryPoint\",\"urlTemplate\":\"https:\\\/\\\/comt.cat\\\/?s={search_term_string}\"},\"query-input\":{\"@type\":\"PropertyValueSpecification\",\"valueRequired\":true,\"valueName\":\"search_term_string\"}}],\"inLanguage\":\"es\"}]}<\/script>\n<!-- \/ Yoast SEO plugin. -->","yoast_head_json":{"title":"GALENS COMUNICACI\u00d3N - COMT","robots":{"index":"index","follow":"follow","max-snippet":"max-snippet:-1","max-image-preview":"max-image-preview:large","max-video-preview":"max-video-preview:-1"},"canonical":"https:\/\/comt.cat\/galens-comunicacio\/","og_locale":"es_ES","og_type":"article","og_title":"GALENS COMUNICACI\u00d3N - COMT","og_url":"https:\/\/comt.cat\/galens-comunicacio\/","og_site_name":"COMT","article_modified_time":"2022-07-26T12:03:27+00:00","twitter_card":"summary_large_image","twitter_misc":{"Tiempo de lectura":"1 minuto"},"schema":{"@context":"https:\/\/schema.org","@graph":[{"@type":"WebPage","@id":"https:\/\/comt.cat\/galens-comunicacio\/","url":"https:\/\/comt.cat\/galens-comunicacio\/","name":"GALENS COMUNICACI\u00d3N - COMT","isPartOf":{"@id":"https:\/\/comt.cat\/#website"},"datePublished":"2021-08-30T09:20:53+00:00","dateModified":"2022-07-26T12:03:27+00:00","breadcrumb":{"@id":"https:\/\/comt.cat\/galens-comunicacio\/#breadcrumb"},"inLanguage":"es","potentialAction":[{"@type":"ReadAction","target":["https:\/\/comt.cat\/galens-comunicacio\/"]}]},{"@type":"BreadcrumbList","@id":"https:\/\/comt.cat\/galens-comunicacio\/#breadcrumb","itemListElement":[{"@type":"ListItem","position":1,"name":"Home","item":"https:\/\/comt.cat\/es\/"},{"@type":"ListItem","position":2,"name":"GALENS COMUNICACI\u00d3N"}]},{"@type":"WebSite","@id":"https:\/\/comt.cat\/#website","url":"https:\/\/comt.cat\/","name":"COMT","description":"Col\u00b7legi de Metges de Tarragona","potentialAction":[{"@type":"SearchAction","target":{"@type":"EntryPoint","urlTemplate":"https:\/\/comt.cat\/?s={search_term_string}"},"query-input":{"@type":"PropertyValueSpecification","valueRequired":true,"valueName":"search_term_string"}}],"inLanguage":"es"}]}},"_links":{"self":[{"href":"https:\/\/comt.cat\/es\/wp-json\/wp\/v2\/pages\/11078","targetHints":{"allow":["GET"]}}],"collection":[{"href":"https:\/\/comt.cat\/es\/wp-json\/wp\/v2\/pages"}],"about":[{"href":"https:\/\/comt.cat\/es\/wp-json\/wp\/v2\/types\/page"}],"author":[{"embeddable":true,"href":"https:\/\/comt.cat\/es\/wp-json\/wp\/v2\/users\/1"}],"replies":[{"embeddable":true,"href":"https:\/\/comt.cat\/es\/wp-json\/wp\/v2\/comments?post=11078"}],"version-history":[{"count":12,"href":"https:\/\/comt.cat\/es\/wp-json\/wp\/v2\/pages\/11078\/revisions"}],"predecessor-version":[{"id":17211,"href":"https:\/\/comt.cat\/es\/wp-json\/wp\/v2\/pages\/11078\/revisions\/17211"}],"wp:attachment":[{"href":"https:\/\/comt.cat\/es\/wp-json\/wp\/v2\/media?parent=11078"}],"curies":[{"name":"wp","href":"https:\/\/api.w.org\/{rel}","templated":true}]}}