{"id":16706,"date":"2022-06-21T13:11:43","date_gmt":"2022-06-21T11:11:43","guid":{"rendered":"https:\/\/comt.cat\/?page_id=16706"},"modified":"2026-03-17T10:15:52","modified_gmt":"2026-03-17T09:15:52","slug":"plan-de-ocio","status":"publish","type":"page","link":"https:\/\/comt.cat\/es\/plan-de-ocio\/","title":{"rendered":"Plan de ocio"},"content":{"rendered":"\n\n\t<section class=\"section\" id=\"section_1405916897\">\n\t\t<div class=\"section-bg fill\" >\n\t\t\t\t\t\t\t\t\t\n\t\t\t\n\n\t\t<\/div>\n\n\t\t\n\n\t\t<div class=\"section-content relative\">\n\t\t\t\n\n\t<div id=\"gap-53799112\" class=\"gap-element clearfix\" style=\"display:block; height:auto;\">\n\t\t\n<style>\n#gap-53799112 {\n  padding-top: 30px;\n}\n<\/style>\n\t<\/div>\n\t\n\n<div class=\"row align-middle align-center\"  id=\"row-1461034136\">\n\n\n\t<div id=\"col-2132377002\" class=\"col medium-12 small-12 large-4\"  >\n\t\t\t\t<div class=\"col-inner\"  >\n\t\t\t\n\t<div class=\"is-border\"\n\t\tstyle=\"border-width:0px 0px 0px 0;\">\n\t<\/div>\n\t\t\t\n\n\t<div id=\"text-2543876259\" class=\"text\">\n\t\t\n\n<h1 style=\"text-align: center;\">Plan de ocio del COMT<\/h1>\n\t\t\n<style>\n#text-2543876259 {\n  font-size: 1.5rem;\n}\n<\/style>\n\t<\/div>\n\t\n\n\t\t<\/div>\n\t\t\t\t\n<style>\n#col-2132377002 > .col-inner {\n  padding: 0px 0px 0px 30px;\n  margin: 0px 0px 0px 0px;\n}\n@media (min-width:850px) {\n  #col-2132377002 > .col-inner {\n    margin: 10px 0px 0px 0px;\n  }\n}\n<\/style>\n\t<\/div>\n\n\t\n\n\t<div id=\"col-6913375\" class=\"col medium-12 small-12 large-8\"  >\n\t\t\t\t<div class=\"col-inner\"  >\n\t\t\t\n\t<div class=\"is-border\"\n\t\tstyle=\"border-color:rgb(131, 184, 238);border-width:0px 0px 0px 2px;\">\n\t<\/div>\n\t\t\t\n\n<div>El Colegio de M\u00e9dicos de Tarragona ya tiene en marcha su programa de ocio para sus colegiados y familiares. \u00a1Un programa con atractivas visitas guiadas totalmente gratuitas y con importantes descuentos para familiares por el Camp de Tarragona y Terres de l&#8217;Ebre!<\/div>\n<div>\u00a0<\/div>\n<div>Gracias al acuerdo alcanzado con la empresa Itinere podr\u00e1s descubrir los secretos de la bodega de Porrera, una visita guiada por el modernismo de Reus o conocer la Tarragona romana. Estas son algunas de las actividades que podr\u00e1s disfrutar por el hecho de estar colegiado en el COMT, \u00a1pero hay muchas m\u00e1s!<\/div>\n\n\t\t<\/div>\n\t\t\t\t\n<style>\n#col-6913375 > .col-inner {\n  padding: 0px 0px 0px 30px;\n  margin: 0px 0px 0px 0px;\n}\n@media (min-width:850px) {\n  #col-6913375 > .col-inner {\n    margin: 10px 0px 0px 0px;\n  }\n}\n<\/style>\n\t<\/div>\n\n\t\n\n<\/div>\n\n\t\t<\/div>\n\n\t\t\n<style>\n#section_1405916897 {\n  padding-top: 60px;\n  padding-bottom: 60px;\n  min-height: 228px;\n  background-color: rgb(251, 248, 243);\n}\n@media (min-width:550px) {\n  #section_1405916897 {\n    padding-top: 80px;\n    padding-bottom: 80px;\n  }\n}\n@media (min-width:850px) {\n  #section_1405916897 {\n    padding-top: 17px;\n    padding-bottom: 17px;\n  }\n}\n<\/style>\n\t<\/section>\n\t\n\n\t<section class=\"section\" id=\"section_1121819857\">\n\t\t<div class=\"section-bg fill\" >\n\t\t\t\t\t\t\t\t\t\n\t\t\t\n\n\t\t<\/div>\n\n\t\t\n\n\t\t<div class=\"section-content relative\">\n\t\t\t\n\n<div class=\"row row-large align-middle align-center\"  id=\"row-1950296938\">\n\n\n\t<div id=\"col-1813668744\" class=\"col medium-6 small-12 large-6\"  >\n\t\t\t\t<div class=\"col-inner text-center\"  >\n\t\t\t\n\t\t\t\n\n<a href=\"https:\/\/www.turismedetarragona.com\/ca\/visites-guiades-comt-2023\/\" class=\"button primary is-xlarge\" >\n\t\t<span>DESCUBRE EL PLAN DE OCIO DEL COMT<\/span>\n\t<\/a>\n\n\n<div class=\"is-divider divider clearfix\" ><\/div>\n\n\n\t\t<\/div>\n\t\t\t\t\n<style>\n#col-1813668744 > .col-inner {\n  margin: 0px 0px -18px 0px;\n}\n<\/style>\n\t<\/div>\n\n\t\n\n<\/div>\n<div class=\"row\"  id=\"row-180770878\">\n\n\n\t<div id=\"col-1738062631\" class=\"col small-6 large-12\"  >\n\t\t\t\t<div class=\"col-inner\"  >\n\t\t\t\n\t\t\t\n\n\t<div class=\"box has-hover   has-hover box-text-bottom\" >\n\n\t\t<div class=\"box-image\" >\n\t\t\t<a href=\"https:\/\/comt.cat\/es\/plan-de-ocio-visita-poble-nou-del-delta-con-comida\/\" target=\"_blank\" rel=\"noopener\" >\t\t\t<div class=\"\" >\n\t\t\t\t<img loading=\"lazy\" decoding=\"async\" width=\"1540\" height=\"700\" src=\"https:\/\/comt.cat\/wp-content\/uploads\/2026\/03\/destacades-Pla-dOCI-2026-1.png\" class=\"attachment- size-\" alt=\"\" srcset=\"https:\/\/comt.cat\/wp-content\/uploads\/2026\/03\/destacades-Pla-dOCI-2026-1.png 1540w, https:\/\/comt.cat\/wp-content\/uploads\/2026\/03\/destacades-Pla-dOCI-2026-1-300x136.png 300w, https:\/\/comt.cat\/wp-content\/uploads\/2026\/03\/destacades-Pla-dOCI-2026-1-1024x465.png 1024w, https:\/\/comt.cat\/wp-content\/uploads\/2026\/03\/destacades-Pla-dOCI-2026-1-768x349.png 768w, https:\/\/comt.cat\/wp-content\/uploads\/2026\/03\/destacades-Pla-dOCI-2026-1-1536x698.png 1536w, https:\/\/comt.cat\/wp-content\/uploads\/2026\/03\/destacades-Pla-dOCI-2026-1-600x273.png 600w\" sizes=\"(max-width: 1540px) 100vw, 1540px\" \/>\t\t\t\t\t\t\t\t\t\t\t<\/div>\n\t\t\t<\/a>\t\t<\/div>\n\n\t\t<div class=\"box-text text-center is-large\" style=\"background-color:rgb(243, 243, 243);padding:27px 0px 20px 0px;\">\n\t\t\t<div class=\"box-text-inner\">\n\t\t\t\t\n\n<h4>Plan de Ocio del COMT de 2026\u00a0<\/h4>\n<p>\u00a0<\/p>\n<h4>Visita el Poble Nou del Delta amb dinar<\/h4>\n<p>\u00a0<\/p>\n<h4>25 d&#8217;abril de 2026<\/h4>\n<p>\u00a0<\/p>\n\n\t\t\t<\/div>\n\t\t<\/div>\n\t<\/div>\n\t\n<a href=\"https:\/\/www.turismedetarragona.com\/ca\/tour\/visita-poblenou-del-delta-comt-2026\/#pll_switcher\" target=\"_blank\" class=\"button success expand\" rel=\"noopener\" >\n\t\t<span>M\u00e1s informaci\u00f3n<\/span>\n\t<\/a>\n\n\n\n\t\t<\/div>\n\t\t\t\t\t<\/div>\n\n\t\n\n\t<div id=\"col-1794695816\" class=\"col medium-3 small-12 large-3\"  >\n\t\t\t\t<div class=\"col-inner\"  >\n\t\t\t\n\t\t\t\n\n<div class=\"container section-title-container\" ><h2 class=\"section-title section-title-normal\"><b aria-hidden=\"true\"><\/b><span class=\"section-title-main\" style=\"color:#45dace;\">Plan de ocio 2026<\/span><b aria-hidden=\"true\"><\/b><\/h2><\/div>\n\n\t<div class=\"box has-hover   has-hover box-text-bottom\" >\n\n\t\t<div class=\"box-image\" >\n\t\t\t<a href=\"https:\/\/comt.cat\/es\/plan-de-ocio-visita-poble-nou-del-delta-con-comida\/\" target=\"_blank\" rel=\"noopener\" >\t\t\t<div class=\"\" >\n\t\t\t\t<img loading=\"lazy\" decoding=\"async\" width=\"1540\" height=\"700\" src=\"https:\/\/comt.cat\/wp-content\/uploads\/2026\/03\/destacades-Pla-dOCI-2026-1.png\" class=\"attachment- size-\" alt=\"\" srcset=\"https:\/\/comt.cat\/wp-content\/uploads\/2026\/03\/destacades-Pla-dOCI-2026-1.png 1540w, https:\/\/comt.cat\/wp-content\/uploads\/2026\/03\/destacades-Pla-dOCI-2026-1-300x136.png 300w, https:\/\/comt.cat\/wp-content\/uploads\/2026\/03\/destacades-Pla-dOCI-2026-1-1024x465.png 1024w, https:\/\/comt.cat\/wp-content\/uploads\/2026\/03\/destacades-Pla-dOCI-2026-1-768x349.png 768w, https:\/\/comt.cat\/wp-content\/uploads\/2026\/03\/destacades-Pla-dOCI-2026-1-1536x698.png 1536w, https:\/\/comt.cat\/wp-content\/uploads\/2026\/03\/destacades-Pla-dOCI-2026-1-600x273.png 600w\" sizes=\"(max-width: 1540px) 100vw, 1540px\" \/>\t\t\t\t<div class=\"overlay\" style=\"background-color:rgba(254, 254, 254, 0)\"><\/div>\t\t\t\t\t\t\t<\/div>\n\t\t\t<\/a>\t\t<\/div>\n\n\t\t<div class=\"box-text text-center is-large\" style=\"background-color:rgb(243, 243, 243);padding:27px 0px 20px 0px;\">\n\t\t\t<div class=\"box-text-inner\">\n\t\t\t\t\n\n<h3>ACTIVIDAD ABIERTA<\/h3>\n<p>\u00a0<\/p>\n<h4>Visita a Poble Nou del Delta con comida<\/h4>\n<p>\u00a0<\/p>\n<p>25 de abril de 2026<\/p>\n\n\t\t\t<\/div>\n\t\t<\/div>\n\t<\/div>\n\t\n<a href=\"https:\/\/www.turismedetarragona.com\/ca\/tour\/visita-poblenou-del-delta-comt-2026\/#pll_switcher\" class=\"button white expand\" >\n\t\t<span>M\u00e1s informaci\u00f3n<\/span>\n\t<\/a>\n\n\n\n\t\t<\/div>\n\t\t\t\t\t<\/div>\n\n\t\n\n\t<div id=\"col-903337511\" class=\"col medium-3 small-12 large-3\"  >\n\t\t\t\t<div class=\"col-inner\"  >\n\t\t\t\n\t\t\t\n\n<div class=\"container section-title-container\" ><h2 class=\"section-title section-title-normal\"><b aria-hidden=\"true\"><\/b><span class=\"section-title-main\" style=\"color:#ffffff;\">aaa<\/span><b aria-hidden=\"true\"><\/b><\/h2><\/div>\n\n\t<div class=\"box has-hover   has-hover box-text-bottom\" >\n\n\t\t<div class=\"box-image\" >\n\t\t\t<a href=\"https:\/\/comt.cat\/es\/plan-de-ocio-visita-al-edificio-de-alejandro-de-la-sota\/\" target=\"_blank\" rel=\"noopener\" >\t\t\t<div class=\"\" >\n\t\t\t\t<img loading=\"lazy\" decoding=\"async\" width=\"1540\" height=\"700\" src=\"https:\/\/comt.cat\/wp-content\/uploads\/2026\/01\/destacades-Pla-dOCI-2026-1.png\" class=\"attachment- size-\" alt=\"\" srcset=\"https:\/\/comt.cat\/wp-content\/uploads\/2026\/01\/destacades-Pla-dOCI-2026-1.png 1540w, https:\/\/comt.cat\/wp-content\/uploads\/2026\/01\/destacades-Pla-dOCI-2026-1-300x136.png 300w, https:\/\/comt.cat\/wp-content\/uploads\/2026\/01\/destacades-Pla-dOCI-2026-1-1024x465.png 1024w, https:\/\/comt.cat\/wp-content\/uploads\/2026\/01\/destacades-Pla-dOCI-2026-1-768x349.png 768w, https:\/\/comt.cat\/wp-content\/uploads\/2026\/01\/destacades-Pla-dOCI-2026-1-1536x698.png 1536w, https:\/\/comt.cat\/wp-content\/uploads\/2026\/01\/destacades-Pla-dOCI-2026-1-600x273.png 600w\" sizes=\"(max-width: 1540px) 100vw, 1540px\" \/>\t\t\t\t<div class=\"overlay\" style=\"background-color:rgba(238, 232, 232, 0.61)\"><\/div>\t\t\t\t\t\t\t<\/div>\n\t\t\t<\/a>\t\t<\/div>\n\n\t\t<div class=\"box-text text-center is-large\" style=\"background-color:rgb(243, 243, 243);padding:27px 0px 20px 0px;\">\n\t\t\t<div class=\"box-text-inner\">\n\t\t\t\t\n\n<h3>ACTIVIDAD CERRADA<\/h3>\n<p>\u00a0<\/p>\n<h4>Visita al Monasterio de Escornalbou<\/h4>\n<p>\u00a0<\/p>\n<p>14 de marzo de 2026<\/p>\n\n\n\t\t\t<\/div>\n\t\t<\/div>\n\t<\/div>\n\t\n<a href=\"https:\/\/www.turismedetarragona.com\/ca\/tour\/visita-edifici-dalejandro-de-la-sota-comt-2026\/\" class=\"button white expand\" >\n\t\t<span>M\u00e1s informaci\u00f3n<\/span>\n\t<\/a>\n\n\n\n\t\t<\/div>\n\t\t\t\t\t<\/div>\n\n\t\n\n\t<div id=\"col-777671386\" class=\"col medium-3 small-12 large-3\"  >\n\t\t\t\t<div class=\"col-inner\"  >\n\t\t\t\n\t\t\t\n\n<div class=\"container section-title-container\" ><h2 class=\"section-title section-title-normal\"><b aria-hidden=\"true\"><\/b><span class=\"section-title-main\" style=\"color:#ffffff;\">aaa<\/span><b aria-hidden=\"true\"><\/b><\/h2><\/div>\n\n\t<div class=\"box has-hover   has-hover box-text-bottom\" >\n\n\t\t<div class=\"box-image\" >\n\t\t\t<a href=\"https:\/\/comt.cat\/es\/plan-de-ocio-visita-al-edificio-de-alejandro-de-la-sota\/\" target=\"_blank\" rel=\"noopener\" >\t\t\t<div class=\"\" >\n\t\t\t\t<img loading=\"lazy\" decoding=\"async\" width=\"1540\" height=\"700\" src=\"https:\/\/comt.cat\/wp-content\/uploads\/2026\/01\/destacades-Pla-dOCI-2026-1.png\" class=\"attachment- size-\" alt=\"\" srcset=\"https:\/\/comt.cat\/wp-content\/uploads\/2026\/01\/destacades-Pla-dOCI-2026-1.png 1540w, https:\/\/comt.cat\/wp-content\/uploads\/2026\/01\/destacades-Pla-dOCI-2026-1-300x136.png 300w, https:\/\/comt.cat\/wp-content\/uploads\/2026\/01\/destacades-Pla-dOCI-2026-1-1024x465.png 1024w, https:\/\/comt.cat\/wp-content\/uploads\/2026\/01\/destacades-Pla-dOCI-2026-1-768x349.png 768w, https:\/\/comt.cat\/wp-content\/uploads\/2026\/01\/destacades-Pla-dOCI-2026-1-1536x698.png 1536w, https:\/\/comt.cat\/wp-content\/uploads\/2026\/01\/destacades-Pla-dOCI-2026-1-600x273.png 600w\" sizes=\"(max-width: 1540px) 100vw, 1540px\" \/>\t\t\t\t<div class=\"overlay\" style=\"background-color:rgba(238, 232, 232, 0.61)\"><\/div>\t\t\t\t\t\t\t<\/div>\n\t\t\t<\/a>\t\t<\/div>\n\n\t\t<div class=\"box-text text-center is-large\" style=\"background-color:rgb(243, 243, 243);padding:27px 0px 20px 0px;\">\n\t\t\t<div class=\"box-text-inner\">\n\t\t\t\t\n\n<h3>ACTIVIDAD CERRADA<\/h3>\n<p>\u00a0<\/p>\n<h4>Visita al edificio de Alejandro de la Sota<\/h4>\n<p>\u00a0<\/p>\n<p>28 de febrero de 2026<\/p>\n\n\t\t\t<\/div>\n\t\t<\/div>\n\t<\/div>\n\t\n<a href=\"https:\/\/www.turismedetarragona.com\/ca\/tour\/visita-edifici-dalejandro-de-la-sota-comt-2026\/\" class=\"button white expand\" >\n\t\t<span>M\u00e1s informaci\u00f3n<\/span>\n\t<\/a>\n\n\n\n\t\t<\/div>\n\t\t\t\t\t<\/div>\n\n\t\n\n\t<div id=\"col-1214579684\" class=\"col medium-3 small-12 large-3\"  >\n\t\t\t\t<div class=\"col-inner\"  >\n\t\t\t\n\t\t\t\n\n<div class=\"container section-title-container\" ><h2 class=\"section-title section-title-normal\"><b aria-hidden=\"true\"><\/b><span class=\"section-title-main\" style=\"color:#ffffff;\">Plan de ocio 2026<\/span><b aria-hidden=\"true\"><\/b><\/h2><\/div>\n\n\t<div class=\"box has-hover   has-hover box-text-bottom\" >\n\n\t\t<div class=\"box-image\" >\n\t\t\t<a href=\"https:\/\/comt.cat\/es\/pla-doci-experiencia-cal%C2%B7ligrafica-medieval\/\" target=\"_blank\" rel=\"noopener\" >\t\t\t<div class=\"\" >\n\t\t\t\t<img loading=\"lazy\" decoding=\"async\" width=\"1540\" height=\"700\" src=\"https:\/\/comt.cat\/wp-content\/uploads\/2026\/01\/DESTACADA-WEB-COMT-42.png\" class=\"attachment- size-\" alt=\"\" srcset=\"https:\/\/comt.cat\/wp-content\/uploads\/2026\/01\/DESTACADA-WEB-COMT-42.png 1540w, https:\/\/comt.cat\/wp-content\/uploads\/2026\/01\/DESTACADA-WEB-COMT-42-300x136.png 300w, https:\/\/comt.cat\/wp-content\/uploads\/2026\/01\/DESTACADA-WEB-COMT-42-1024x465.png 1024w, https:\/\/comt.cat\/wp-content\/uploads\/2026\/01\/DESTACADA-WEB-COMT-42-768x349.png 768w, https:\/\/comt.cat\/wp-content\/uploads\/2026\/01\/DESTACADA-WEB-COMT-42-1536x698.png 1536w, https:\/\/comt.cat\/wp-content\/uploads\/2026\/01\/DESTACADA-WEB-COMT-42-600x273.png 600w\" sizes=\"(max-width: 1540px) 100vw, 1540px\" \/>\t\t\t\t<div class=\"overlay\" style=\"background-color:rgba(241, 241, 241, 0.512)\"><\/div>\t\t\t\t\t\t\t<\/div>\n\t\t\t<\/a>\t\t<\/div>\n\n\t\t<div class=\"box-text text-center is-large\" style=\"background-color:rgb(243, 243, 243);padding:27px 0px 20px 0px;\">\n\t\t\t<div class=\"box-text-inner\">\n\t\t\t\t\n\n<h3>ACTIVIDAD CERRADA<\/h3>\n<p>\u00a0<\/p>\n<h4>Cuevas de l\u2019Espluga y cal\u00e7otada en Poblet<\/h4>\n<p>\u00a0<\/p>\n<p>31 de enero de 2026<\/p>\n\n\t\t\t<\/div>\n\t\t<\/div>\n\t<\/div>\n\t\n<a href=\"https:\/\/comt.cat\/es\/pla-doci-experiencia-cal%C2%B7ligrafica-medieval\/\" class=\"button white expand\" >\n\t\t<span>M\u00e1s informaci\u00f3n<\/span>\n\t<\/a>\n\n\n\n\t\t<\/div>\n\t\t\t\t\t<\/div>\n\n\t\n\n\t<div id=\"col-1786851674\" class=\"col small-12 large-12\"  >\n\t\t\t\t<div class=\"col-inner\"  >\n\t\t\t\n\t\t\t\n\n\t<div id=\"gap-1254490917\" class=\"gap-element clearfix\" style=\"display:block; height:auto;\">\n\t\t\n<style>\n#gap-1254490917 {\n  padding-top: 30px;\n}\n<\/style>\n\t<\/div>\n\t\n\n<div class=\"container section-title-container\" ><h2 class=\"section-title section-title-normal\"><b aria-hidden=\"true\"><\/b><span class=\"section-title-main\" style=\"color:#45dace;\">Plan de ocio 2025<\/span><b aria-hidden=\"true\"><\/b><\/h2><\/div>\n\n<div class=\"row\"  id=\"row-929549311\">\n\n\n\t<div id=\"col-2103261222\" class=\"col medium-3 small-12 large-3\"  >\n\t\t\t\t<div class=\"col-inner\"  >\n\t\t\t\n\t\t\t\n\n\t<div class=\"box has-hover   has-hover box-text-bottom\" >\n\n\t\t<div class=\"box-image\" >\n\t\t\t<a href=\"https:\/\/www.turismedetarragona.com\/ca\/tour\/visita-guiada-espai-mammuthus-comt-2025\/\" target=\"_blank\" rel=\"noopener\" >\t\t\t<div class=\"\" >\n\t\t\t\t<img loading=\"lazy\" decoding=\"async\" width=\"1540\" height=\"700\" src=\"https:\/\/comt.cat\/wp-content\/uploads\/2025\/11\/destacades-Pla-dOCI-2025-2.png\" class=\"attachment- size-\" alt=\"\" srcset=\"https:\/\/comt.cat\/wp-content\/uploads\/2025\/11\/destacades-Pla-dOCI-2025-2.png 1540w, https:\/\/comt.cat\/wp-content\/uploads\/2025\/11\/destacades-Pla-dOCI-2025-2-300x136.png 300w, https:\/\/comt.cat\/wp-content\/uploads\/2025\/11\/destacades-Pla-dOCI-2025-2-1024x465.png 1024w, https:\/\/comt.cat\/wp-content\/uploads\/2025\/11\/destacades-Pla-dOCI-2025-2-768x349.png 768w, https:\/\/comt.cat\/wp-content\/uploads\/2025\/11\/destacades-Pla-dOCI-2025-2-1536x698.png 1536w, https:\/\/comt.cat\/wp-content\/uploads\/2025\/11\/destacades-Pla-dOCI-2025-2-600x273.png 600w\" sizes=\"(max-width: 1540px) 100vw, 1540px\" \/>\t\t\t\t<div class=\"overlay\" style=\"background-color:rgba(129, 129, 129, 0.581)\"><\/div>\t\t\t\t\t\t\t<\/div>\n\t\t\t<\/a>\t\t<\/div>\n\n\t\t<div class=\"box-text text-center is-large\" style=\"background-color:rgb(243, 243, 243);padding:27px 0px 20px 0px;\">\n\t\t\t<div class=\"box-text-inner\">\n\t\t\t\t\n\n<h3>ACTIVIDAD CERRADA<\/h3>\n<p>\u00a0<\/p>\n<h4>\u00a0Visita guiada al espacio Mammuthus<\/h4>\n<p>\u00a0<\/p>\n<p>29 de noviembre de 2025<\/p>\n\n\t\t\t<\/div>\n\t\t<\/div>\n\t<\/div>\n\t\n<a href=\"https:\/\/www.turismedetarragona.com\/ca\/tour\/visita-guiada-espai-mammuthus-comt-2025\/\" class=\"button white expand\" >\n\t\t<span>M\u00e1s informaci\u00f3n<\/span>\n\t<\/a>\n\n\n\n\t\t<\/div>\n\t\t\t\t\t<\/div>\n\n\t\n\n\t<div id=\"col-378480413\" class=\"col medium-3 small-12 large-3\"  >\n\t\t\t\t<div class=\"col-inner\"  >\n\t\t\t\n\t\t\t\n\n\t<div class=\"box has-hover   has-hover box-text-bottom\" >\n\n\t\t<div class=\"box-image\" >\n\t\t\t<a href=\"https:\/\/comt.cat\/es\/plan-ocio-santescreus-2025\/\" target=\"_blank\" rel=\"noopener\" >\t\t\t<div class=\"\" >\n\t\t\t\t<img loading=\"lazy\" decoding=\"async\" width=\"1540\" height=\"700\" src=\"https:\/\/comt.cat\/wp-content\/uploads\/2025\/09\/destacades-Pla-dOCI-2025.png\" class=\"attachment- size-\" alt=\"\" srcset=\"https:\/\/comt.cat\/wp-content\/uploads\/2025\/09\/destacades-Pla-dOCI-2025.png 1540w, https:\/\/comt.cat\/wp-content\/uploads\/2025\/09\/destacades-Pla-dOCI-2025-300x136.png 300w, https:\/\/comt.cat\/wp-content\/uploads\/2025\/09\/destacades-Pla-dOCI-2025-1024x465.png 1024w, https:\/\/comt.cat\/wp-content\/uploads\/2025\/09\/destacades-Pla-dOCI-2025-768x349.png 768w, https:\/\/comt.cat\/wp-content\/uploads\/2025\/09\/destacades-Pla-dOCI-2025-1536x698.png 1536w, https:\/\/comt.cat\/wp-content\/uploads\/2025\/09\/destacades-Pla-dOCI-2025-600x273.png 600w\" sizes=\"(max-width: 1540px) 100vw, 1540px\" \/>\t\t\t\t<div class=\"overlay\" style=\"background-color:rgba(129, 129, 129, 0.552)\"><\/div>\t\t\t\t\t\t\t<\/div>\n\t\t\t<\/a>\t\t<\/div>\n\n\t\t<div class=\"box-text text-center is-large\" style=\"background-color:rgb(243, 243, 243);padding:27px 0px 20px 0px;\">\n\t\t\t<div class=\"box-text-inner\">\n\t\t\t\t\n\n<h3>ACTIVIDAD CERRADA<\/h3>\n<p>\u00a0<\/p>\n<h4>Excursi\u00f3 al Monestir de Santes Creus<\/h4>\n<p>\u00a0<\/p>\n<p>25 d&#8217;octubre de 2025<\/p>\n\n\t\t\t<\/div>\n\t\t<\/div>\n\t<\/div>\n\t\n<a href=\"https:\/\/comt.cat\/es\/plan-ocio-santescreus-2025\/\" class=\"button white expand\" >\n\t\t<span>M\u00e1s informaci\u00f3n<\/span>\n\t<\/a>\n\n\n\n\t\t<\/div>\n\t\t\t\t\t<\/div>\n\n\t\n\n\t<div id=\"col-1898233119\" class=\"col medium-3 small-12 large-3\"  >\n\t\t\t\t<div class=\"col-inner\"  >\n\t\t\t\n\t\t\t\n\n\t<div class=\"box has-hover   has-hover box-text-bottom\" >\n\n\t\t<div class=\"box-image\" >\n\t\t\t<a href=\"https:\/\/comt.cat\/pla-doci-cami-de-la-llum-a-la-catedral-de-tarragona\/\" target=\"_blank\" rel=\"noopener\" >\t\t\t<div class=\"\" >\n\t\t\t\t<img loading=\"lazy\" decoding=\"async\" width=\"1540\" height=\"700\" src=\"https:\/\/comt.cat\/wp-content\/uploads\/2025\/07\/pla-doci-setembre-25.png\" class=\"attachment- size-\" alt=\"\" srcset=\"https:\/\/comt.cat\/wp-content\/uploads\/2025\/07\/pla-doci-setembre-25.png 1540w, https:\/\/comt.cat\/wp-content\/uploads\/2025\/07\/pla-doci-setembre-25-300x136.png 300w, https:\/\/comt.cat\/wp-content\/uploads\/2025\/07\/pla-doci-setembre-25-1024x465.png 1024w, https:\/\/comt.cat\/wp-content\/uploads\/2025\/07\/pla-doci-setembre-25-768x349.png 768w, https:\/\/comt.cat\/wp-content\/uploads\/2025\/07\/pla-doci-setembre-25-1536x698.png 1536w, https:\/\/comt.cat\/wp-content\/uploads\/2025\/07\/pla-doci-setembre-25-600x273.png 600w\" sizes=\"(max-width: 1540px) 100vw, 1540px\" \/>\t\t\t\t<div class=\"overlay\" style=\"background-color:rgba(129, 129, 129, 0.61)\"><\/div>\t\t\t\t\t\t\t<\/div>\n\t\t\t<\/a>\t\t<\/div>\n\n\t\t<div class=\"box-text text-center is-large\" style=\"background-color:rgb(243, 243, 243);padding:27px 0px 20px 0px;\">\n\t\t\t<div class=\"box-text-inner\">\n\t\t\t\t\n\n<h3>ACTIVIDAD CERRADA<\/h3>\n<p>\u00a0<\/p>\n<h4>Camino de la luz en la Catedral de Tarragona<\/h4>\n<p>\u00a0<\/p>\n<p>5 de septiembre de 2025<\/p>\n\n\t\t\t<\/div>\n\t\t<\/div>\n\t<\/div>\n\t\n<a href=\"https:\/\/www.turismedetarragona.com\/ca\/tour\/cami-llum-catedral-tarragona-comt-2025-5\/\" class=\"button white expand\" >\n\t\t<span>M\u00e1s informaci\u00f3n<\/span>\n\t<\/a>\n\n\n\n\t\t<\/div>\n\t\t\t\t\t<\/div>\n\n\t\n\n\t<div id=\"col-847526555\" class=\"col medium-3 small-12 large-3\"  >\n\t\t\t\t<div class=\"col-inner\"  >\n\t\t\t\n\t\t\t\n\n\t<div class=\"box has-hover   has-hover box-text-bottom\" >\n\n\t\t<div class=\"box-image\" >\n\t\t\t<a href=\"https:\/\/comt.cat\/pla-doci-prades-juliol\/\" target=\"_blank\" rel=\"noopener\" >\t\t\t<div class=\"\" >\n\t\t\t\t<img loading=\"lazy\" decoding=\"async\" width=\"1540\" height=\"700\" src=\"https:\/\/comt.cat\/wp-content\/uploads\/2025\/06\/Pla-doci-juliol.webp\" class=\"attachment- size-\" alt=\"\" srcset=\"https:\/\/comt.cat\/wp-content\/uploads\/2025\/06\/Pla-doci-juliol.webp 1540w, https:\/\/comt.cat\/wp-content\/uploads\/2025\/06\/Pla-doci-juliol-300x136.webp 300w, https:\/\/comt.cat\/wp-content\/uploads\/2025\/06\/Pla-doci-juliol-1024x465.webp 1024w, https:\/\/comt.cat\/wp-content\/uploads\/2025\/06\/Pla-doci-juliol-768x349.webp 768w, https:\/\/comt.cat\/wp-content\/uploads\/2025\/06\/Pla-doci-juliol-1536x698.webp 1536w, https:\/\/comt.cat\/wp-content\/uploads\/2025\/06\/Pla-doci-juliol-600x273.webp 600w\" sizes=\"(max-width: 1540px) 100vw, 1540px\" \/>\t\t\t\t<div class=\"overlay\" style=\"background-color:rgba(129, 129, 129, 0.599)\"><\/div>\t\t\t\t\t\t\t<\/div>\n\t\t\t<\/a>\t\t<\/div>\n\n\t\t<div class=\"box-text text-center is-large\" style=\"background-color:rgb(243, 243, 243);padding:27px 0px 20px 0px;\">\n\t\t\t<div class=\"box-text-inner\">\n\t\t\t\t\n\n<h3>ACTIVIDAD CERRADA<\/h3>\n<p>\u00a0<\/p>\n<h4>Cenita y experiencia astron\u00f3mica en Prades<\/h4>\n<p>\u00a0<\/p>\n<p>25 de julio de 2025<\/p>\n\n\t\t\t<\/div>\n\t\t<\/div>\n\t<\/div>\n\t\n<a href=\"https:\/\/www.turismedetarragona.com\/ca\/tour\/experiencia-astronomica-prades-comt-2025\/\" class=\"button white expand\" >\n\t\t<span>M\u00e1s informaci\u00f3n<\/span>\n\t<\/a>\n\n\n\n\t\t<\/div>\n\t\t\t\t\t<\/div>\n\n\t\n\n\t<div id=\"col-635751666\" class=\"col medium-3 small-12 large-3\"  >\n\t\t\t\t<div class=\"col-inner\"  >\n\t\t\t\n\t\t\t\n\n\t<div class=\"box has-hover   has-hover box-text-bottom\" >\n\n\t\t<div class=\"box-image\" >\n\t\t\t<a href=\"https:\/\/comt.cat\/es\/plan-de-ocio-visita-al-yacimiento-boella\/\" target=\"_blank\" rel=\"noopener\" >\t\t\t<div class=\"\" >\n\t\t\t\t<img loading=\"lazy\" decoding=\"async\" width=\"1540\" height=\"700\" src=\"https:\/\/comt.cat\/wp-content\/uploads\/2025\/06\/DESTACADES-1540-x-700-px-1540-x-700-px-29.png\" class=\"attachment- size-\" alt=\"\" srcset=\"https:\/\/comt.cat\/wp-content\/uploads\/2025\/06\/DESTACADES-1540-x-700-px-1540-x-700-px-29.png 1540w, https:\/\/comt.cat\/wp-content\/uploads\/2025\/06\/DESTACADES-1540-x-700-px-1540-x-700-px-29-300x136.png 300w, https:\/\/comt.cat\/wp-content\/uploads\/2025\/06\/DESTACADES-1540-x-700-px-1540-x-700-px-29-1024x465.png 1024w, https:\/\/comt.cat\/wp-content\/uploads\/2025\/06\/DESTACADES-1540-x-700-px-1540-x-700-px-29-768x349.png 768w, https:\/\/comt.cat\/wp-content\/uploads\/2025\/06\/DESTACADES-1540-x-700-px-1540-x-700-px-29-1536x698.png 1536w, https:\/\/comt.cat\/wp-content\/uploads\/2025\/06\/DESTACADES-1540-x-700-px-1540-x-700-px-29-600x273.png 600w\" sizes=\"(max-width: 1540px) 100vw, 1540px\" \/>\t\t\t\t<div class=\"overlay\" style=\"background-color:rgba(129, 129, 129, 0.663)\"><\/div>\t\t\t\t\t\t\t<\/div>\n\t\t\t<\/a>\t\t<\/div>\n\n\t\t<div class=\"box-text text-center is-large\" style=\"background-color:rgb(243, 243, 243);padding:27px 0px 20px 0px;\">\n\t\t\t<div class=\"box-text-inner\">\n\t\t\t\t\n\n<h3>ACTIVIDAD CERRADA<\/h3>\n<p>\u00a0<\/p>\n<h4>Visita el yacimiento del barranco de la Boella<\/h4>\n<p>\u00a0<\/p>\n<p>28 de junio de 2025<\/p>\n\n\t\t\t<\/div>\n\t\t<\/div>\n\t<\/div>\n\t\n<a href=\"https:\/\/www.turismedetarragona.com\/ca\/tour\/ulldecona-dinar-castell-comt-2025\/\" class=\"button white expand\" >\n\t\t<span>M\u00e1s informaci\u00f3n<\/span>\n\t<\/a>\n\n\n\n\t\t<\/div>\n\t\t\t\t\t<\/div>\n\n\t\n\n\t<div id=\"col-1698234757\" class=\"col medium-3 small-12 large-3\"  >\n\t\t\t\t<div class=\"col-inner\"  >\n\t\t\t\n\t\t\t\n\n\t<div class=\"box has-hover   has-hover box-text-bottom\" >\n\n\t\t<div class=\"box-image\" >\n\t\t\t<a href=\"https:\/\/www.turismedetarragona.com\/ca\/tour\/ulldecona-dinar-castell-comt-2025\/\" target=\"_blank\" rel=\"noopener\" >\t\t\t<div class=\"\" >\n\t\t\t\t<img loading=\"lazy\" decoding=\"async\" width=\"1540\" height=\"700\" src=\"https:\/\/comt.cat\/wp-content\/uploads\/2025\/04\/destacades-Pla-d_OCI-2025-_2_-1.webp\" class=\"attachment- size-\" alt=\"\" srcset=\"https:\/\/comt.cat\/wp-content\/uploads\/2025\/04\/destacades-Pla-d_OCI-2025-_2_-1.webp 1540w, https:\/\/comt.cat\/wp-content\/uploads\/2025\/04\/destacades-Pla-d_OCI-2025-_2_-1-300x136.webp 300w, https:\/\/comt.cat\/wp-content\/uploads\/2025\/04\/destacades-Pla-d_OCI-2025-_2_-1-1024x465.webp 1024w, https:\/\/comt.cat\/wp-content\/uploads\/2025\/04\/destacades-Pla-d_OCI-2025-_2_-1-768x349.webp 768w, https:\/\/comt.cat\/wp-content\/uploads\/2025\/04\/destacades-Pla-d_OCI-2025-_2_-1-1536x698.webp 1536w, https:\/\/comt.cat\/wp-content\/uploads\/2025\/04\/destacades-Pla-d_OCI-2025-_2_-1-600x273.webp 600w\" sizes=\"(max-width: 1540px) 100vw, 1540px\" \/>\t\t\t\t<div class=\"overlay\" style=\"background-color:rgba(129, 129, 129, 0.703)\"><\/div>\t\t\t\t\t\t\t<\/div>\n\t\t\t<\/a>\t\t<\/div>\n\n\t\t<div class=\"box-text text-center is-large\" style=\"background-color:rgb(243, 243, 243);padding:27px 0px 20px 0px;\">\n\t\t\t<div class=\"box-text-inner\">\n\t\t\t\t\n\n<h3>ACTIVIDAD CERRADA<\/h3>\n<p>\u00a0<\/p>\n<h4>Ulldecona, comida y castillo<\/h4>\n<p>\u00a0<\/p>\n<p>24 de mayo de 2025<\/p>\n\n\t\t\t<\/div>\n\t\t<\/div>\n\t<\/div>\n\t\n<a href=\"https:\/\/www.turismedetarragona.com\/ca\/tour\/ulldecona-dinar-castell-comt-2025\/\" class=\"button white expand\" >\n\t\t<span>M\u00e1s informaci\u00f3n<\/span>\n\t<\/a>\n\n\n\n\t\t<\/div>\n\t\t\t\t\t<\/div>\n\n\t\n\n\t<div id=\"col-1226351259\" class=\"col medium-3 small-12 large-3\"  >\n\t\t\t\t<div class=\"col-inner\"  >\n\t\t\t\n\t\t\t\n\n\t<div class=\"box has-hover   has-hover box-text-bottom\" >\n\n\t\t<div class=\"box-image\" >\n\t\t\t<a href=\"https:\/\/comt.cat\/es\/plan-de-ocio-del-comt-arquitectura-del-1950-en-tarragona\/\" target=\"_blank\" rel=\"noopener\" >\t\t\t<div class=\"\" >\n\t\t\t\t<img loading=\"lazy\" decoding=\"async\" width=\"1540\" height=\"700\" src=\"https:\/\/comt.cat\/wp-content\/uploads\/2025\/04\/destacades-Pla-dOCI-2025-1.png\" class=\"attachment- size-\" alt=\"\" srcset=\"https:\/\/comt.cat\/wp-content\/uploads\/2025\/04\/destacades-Pla-dOCI-2025-1.png 1540w, https:\/\/comt.cat\/wp-content\/uploads\/2025\/04\/destacades-Pla-dOCI-2025-1-300x136.png 300w, https:\/\/comt.cat\/wp-content\/uploads\/2025\/04\/destacades-Pla-dOCI-2025-1-1024x465.png 1024w, https:\/\/comt.cat\/wp-content\/uploads\/2025\/04\/destacades-Pla-dOCI-2025-1-768x349.png 768w, https:\/\/comt.cat\/wp-content\/uploads\/2025\/04\/destacades-Pla-dOCI-2025-1-1536x698.png 1536w, https:\/\/comt.cat\/wp-content\/uploads\/2025\/04\/destacades-Pla-dOCI-2025-1-600x273.png 600w\" sizes=\"(max-width: 1540px) 100vw, 1540px\" \/>\t\t\t\t<div class=\"overlay\" style=\"background-color:rgba(99, 99, 99, 0.645)\"><\/div>\t\t\t\t\t\t\t<\/div>\n\t\t\t<\/a>\t\t<\/div>\n\n\t\t<div class=\"box-text text-center is-large\" style=\"background-color:rgb(243, 243, 243);padding:27px 0px 20px 0px;\">\n\t\t\t<div class=\"box-text-inner\">\n\t\t\t\t\n\n<h3>ACTIVIDAD CERRADA<\/h3>\n<p>\u00a0<\/p>\n<h4>Excursi\u00f3n a la Reserva Natural de Sebes<\/h4>\n<p>\u00a0<\/p>\n<p>26 de abril de 2025<\/p>\n\n\t\t\t<\/div>\n\t\t<\/div>\n\t<\/div>\n\t\n<a href=\"https:\/\/comt.cat\/es\/plan-de-ocio-del-comt-excursion-a-la-reserva-natural-de-sebes\/\" class=\"button white expand\" >\n\t\t<span>M\u00e1s informaci\u00f3n<\/span>\n\t<\/a>\n\n\n\n\t\t<\/div>\n\t\t\t\t\t<\/div>\n\n\t\n\n\t<div id=\"col-740939115\" class=\"col medium-3 small-12 large-3\"  >\n\t\t\t\t<div class=\"col-inner\"  >\n\t\t\t\n\t\t\t\n\n\t<div class=\"box has-hover   has-hover box-text-bottom\" >\n\n\t\t<div class=\"box-image\" >\n\t\t\t<a href=\"https:\/\/comt.cat\/es\/plan-de-ocio-del-comt-arquitectura-del-1950-en-tarragona\/\" target=\"_blank\" rel=\"noopener\" >\t\t\t<div class=\"\" >\n\t\t\t\t<img loading=\"lazy\" decoding=\"async\" width=\"1540\" height=\"700\" src=\"https:\/\/comt.cat\/wp-content\/uploads\/2025\/03\/destacades-Pla-d_OCI-2025-_1_.webp\" class=\"attachment- size-\" alt=\"\" srcset=\"https:\/\/comt.cat\/wp-content\/uploads\/2025\/03\/destacades-Pla-d_OCI-2025-_1_.webp 1540w, https:\/\/comt.cat\/wp-content\/uploads\/2025\/03\/destacades-Pla-d_OCI-2025-_1_-300x136.webp 300w, https:\/\/comt.cat\/wp-content\/uploads\/2025\/03\/destacades-Pla-d_OCI-2025-_1_-1024x465.webp 1024w, https:\/\/comt.cat\/wp-content\/uploads\/2025\/03\/destacades-Pla-d_OCI-2025-_1_-768x349.webp 768w, https:\/\/comt.cat\/wp-content\/uploads\/2025\/03\/destacades-Pla-d_OCI-2025-_1_-1536x698.webp 1536w, https:\/\/comt.cat\/wp-content\/uploads\/2025\/03\/destacades-Pla-d_OCI-2025-_1_-600x273.webp 600w\" sizes=\"(max-width: 1540px) 100vw, 1540px\" \/>\t\t\t\t<div class=\"overlay\" style=\"background-color:rgba(114, 102, 102, 0.692)\"><\/div>\t\t\t\t\t\t\t<\/div>\n\t\t\t<\/a>\t\t<\/div>\n\n\t\t<div class=\"box-text text-center is-large\" style=\"background-color:rgb(243, 243, 243);padding:27px 0px 20px 0px;\">\n\t\t\t<div class=\"box-text-inner\">\n\t\t\t\t\n\n<h3>ACTIVIDAD CERRADA<\/h3>\n<p>\u00a0<\/p>\n<h4>La arquitectura del 1950 en Tarragona<\/h4>\n<p>\u00a0<\/p>\n<p>29 de marzo de 2025<\/p>\n\n\t\t\t<\/div>\n\t\t<\/div>\n\t<\/div>\n\t\n<a href=\"https:\/\/comt.cat\/es\/plan-de-ocio-del-comt-arquitectura-del-1950-en-tarragona\/\" class=\"button white expand\" >\n\t\t<span>M\u00e1s informaci\u00f3n<\/span>\n\t<\/a>\n\n\n\n\t\t<\/div>\n\t\t\t\t\t<\/div>\n\n\t\n\n\t<div id=\"col-1371602374\" class=\"col medium-3 small-12 large-3\"  >\n\t\t\t\t<div class=\"col-inner\"  >\n\t\t\t\n\t\t\t\n\n\t<div class=\"box has-hover   has-hover box-text-bottom\" >\n\n\t\t<div class=\"box-image\" >\n\t\t\t<a href=\"https:\/\/www.turismedetarragona.com\/ca\/tour\/secrets-arqueologics-catedral-de-tarragona-comt-2025\/#pll_switcher\" target=\"_blank\" rel=\"noopener\" >\t\t\t<div class=\"\" >\n\t\t\t\t<img loading=\"lazy\" decoding=\"async\" width=\"1540\" height=\"700\" src=\"https:\/\/comt.cat\/wp-content\/uploads\/2025\/01\/DESTACADES-_1540-x-700-px_-_44_.webp\" class=\"attachment- size-\" alt=\"\" srcset=\"https:\/\/comt.cat\/wp-content\/uploads\/2025\/01\/DESTACADES-_1540-x-700-px_-_44_.webp 1540w, https:\/\/comt.cat\/wp-content\/uploads\/2025\/01\/DESTACADES-_1540-x-700-px_-_44_-300x136.webp 300w, https:\/\/comt.cat\/wp-content\/uploads\/2025\/01\/DESTACADES-_1540-x-700-px_-_44_-1024x465.webp 1024w, https:\/\/comt.cat\/wp-content\/uploads\/2025\/01\/DESTACADES-_1540-x-700-px_-_44_-768x349.webp 768w, https:\/\/comt.cat\/wp-content\/uploads\/2025\/01\/DESTACADES-_1540-x-700-px_-_44_-1536x698.webp 1536w, https:\/\/comt.cat\/wp-content\/uploads\/2025\/01\/DESTACADES-_1540-x-700-px_-_44_-600x273.webp 600w\" sizes=\"(max-width: 1540px) 100vw, 1540px\" \/>\t\t\t\t<div class=\"overlay\" style=\"background-color:rgba(48, 47, 47, 0.552)\"><\/div>\t\t\t\t\t\t\t<\/div>\n\t\t\t<\/a>\t\t<\/div>\n\n\t\t<div class=\"box-text text-center is-large\" style=\"background-color:rgb(243, 243, 243);padding:27px 0px 20px 0px;\">\n\t\t\t<div class=\"box-text-inner\">\n\t\t\t\t\n\n<h3>ACTIVIDAD CERRADA<\/h3>\n<p>\u00a0<\/p>\n<h4>Los secretos arqueol\u00f3gicos de la Catedral de Tarragona<\/h4>\n<p>\u00a0<\/p>\n<p>15 I 22 de febrero de 2025<\/p>\n\n\t\t\t<\/div>\n\t\t<\/div>\n\t<\/div>\n\t\n<a href=\"https:\/\/comt.cat\/es\/plan-de-ocio-del-comt-los-secretos-arqueologicos-de-la-catedral-de-tarragona\/\" class=\"button white expand\" >\n\t\t<span>M\u00e1s informaci\u00f3n<\/span>\n\t<\/a>\n\n\n\n\t\t<\/div>\n\t\t\t\t\t<\/div>\n\n\t\n\n\t<div id=\"col-217585527\" class=\"col medium-3 small-12 large-3\"  >\n\t\t\t\t<div class=\"col-inner\"  >\n\t\t\t\n\t\t\t\n\n\t<div class=\"box has-hover   has-hover box-text-bottom\" >\n\n\t\t<div class=\"box-image\" >\n\t\t\t\t\t\t<div class=\"\" >\n\t\t\t\t<img loading=\"lazy\" decoding=\"async\" width=\"1540\" height=\"700\" src=\"https:\/\/comt.cat\/wp-content\/uploads\/2025\/01\/DESTACADES-_1540-x-700-px_-_44_.webp\" class=\"attachment- size-\" alt=\"\" srcset=\"https:\/\/comt.cat\/wp-content\/uploads\/2025\/01\/DESTACADES-_1540-x-700-px_-_44_.webp 1540w, https:\/\/comt.cat\/wp-content\/uploads\/2025\/01\/DESTACADES-_1540-x-700-px_-_44_-300x136.webp 300w, https:\/\/comt.cat\/wp-content\/uploads\/2025\/01\/DESTACADES-_1540-x-700-px_-_44_-1024x465.webp 1024w, https:\/\/comt.cat\/wp-content\/uploads\/2025\/01\/DESTACADES-_1540-x-700-px_-_44_-768x349.webp 768w, https:\/\/comt.cat\/wp-content\/uploads\/2025\/01\/DESTACADES-_1540-x-700-px_-_44_-1536x698.webp 1536w, https:\/\/comt.cat\/wp-content\/uploads\/2025\/01\/DESTACADES-_1540-x-700-px_-_44_-600x273.webp 600w\" sizes=\"(max-width: 1540px) 100vw, 1540px\" \/>\t\t\t\t<div class=\"overlay\" style=\"background-color:rgba(105, 105, 105, 0.802)\"><\/div>\t\t\t\t\t\t\t<\/div>\n\t\t\t\t\t<\/div>\n\n\t\t<div class=\"box-text text-center is-large\" style=\"background-color:rgb(243, 243, 243);padding:27px 0px 20px 0px;\">\n\t\t\t<div class=\"box-text-inner\">\n\t\t\t\t\n\n<h3>ACTIVIDAD CERRADA<\/h3>\n<p>\u00a0<\/p>\n<h4> Visita al Monestir de Vallbona y cal\u00e7otada en Poblet<\/h4>\n<p>\u00a0<\/p>\n<p>25 de enero de 2025<\/p>\n\n\t\t\t<\/div>\n\t\t<\/div>\n\t<\/div>\n\t\n<a href=\"https:\/\/www.turismedetarragona.com\/ca\/tour\/visita-monestir-vallbona-comt-2025\/\" class=\"button white expand\" >\n\t\t<span>M\u00e1s informaci\u00f3n<\/span>\n\t<\/a>\n\n\n\n\t\t<\/div>\n\t\t\t\t\t<\/div>\n\n\t\n\n<\/div>\n<div class=\"container section-title-container\" ><h2 class=\"section-title section-title-normal\"><b aria-hidden=\"true\"><\/b><span class=\"section-title-main\" style=\"color:#45dace;\">Plan de ocio 2024<\/span><b aria-hidden=\"true\"><\/b><\/h2><\/div>\n\n<div class=\"row\"  id=\"row-616862518\">\n\n\n\t<div id=\"col-1624304518\" class=\"col medium-3 small-12 large-3\"  >\n\t\t\t\t<div class=\"col-inner\"  >\n\t\t\t\n\t\t\t\n\n\t<div class=\"box has-hover   has-hover box-text-bottom\" >\n\n\t\t<div class=\"box-image\" >\n\t\t\t\t\t\t<div class=\"\" >\n\t\t\t\t<img loading=\"lazy\" decoding=\"async\" width=\"1540\" height=\"700\" src=\"https:\/\/comt.cat\/wp-content\/uploads\/2025\/01\/DESTACADES-_1540-x-700-px_-_44_.webp\" class=\"attachment- size-\" alt=\"\" srcset=\"https:\/\/comt.cat\/wp-content\/uploads\/2025\/01\/DESTACADES-_1540-x-700-px_-_44_.webp 1540w, https:\/\/comt.cat\/wp-content\/uploads\/2025\/01\/DESTACADES-_1540-x-700-px_-_44_-300x136.webp 300w, https:\/\/comt.cat\/wp-content\/uploads\/2025\/01\/DESTACADES-_1540-x-700-px_-_44_-1024x465.webp 1024w, https:\/\/comt.cat\/wp-content\/uploads\/2025\/01\/DESTACADES-_1540-x-700-px_-_44_-768x349.webp 768w, https:\/\/comt.cat\/wp-content\/uploads\/2025\/01\/DESTACADES-_1540-x-700-px_-_44_-1536x698.webp 1536w, https:\/\/comt.cat\/wp-content\/uploads\/2025\/01\/DESTACADES-_1540-x-700-px_-_44_-600x273.webp 600w\" sizes=\"(max-width: 1540px) 100vw, 1540px\" \/>\t\t\t\t<div class=\"overlay\" style=\"background-color:rgba(105, 105, 105, 0.802)\"><\/div>\t\t\t\t\t\t\t<\/div>\n\t\t\t\t\t<\/div>\n\n\t\t<div class=\"box-text text-center is-large\" style=\"background-color:rgb(243, 243, 243);padding:27px 0px 20px 0px;\">\n\t\t\t<div class=\"box-text-inner\">\n\t\t\t\t\n\n<h3>ACTIVIDAD CERRADA<\/h3>\n<p>\u00a0<\/p>\n<h4> Los colores de la Catedral<\/h4>\n<p>\u00a0<\/p>\n<p>28 de diciembre de 2024<\/p>\n\n\t\t\t<\/div>\n\t\t<\/div>\n\t<\/div>\n\t\n<a href=\"https:\/\/www.turismedetarragona.com\/ca\/tour\/visita-pau-casals-comt-2024\/#pll_switcher\" class=\"button white expand\" >\n\t\t<span>M\u00e1s informaci\u00f3n<\/span>\n\t<\/a>\n\n\n\n\t\t<\/div>\n\t\t\t\t\t<\/div>\n\n\t\n\n\t<div id=\"col-1281654700\" class=\"col medium-3 small-12 large-3\"  >\n\t\t\t\t<div class=\"col-inner\"  >\n\t\t\t\n\t\t\t\n\n\t<div class=\"box has-hover   has-hover box-text-bottom\" >\n\n\t\t<div class=\"box-image\" >\n\t\t\t\t\t\t<div class=\"\" >\n\t\t\t\t<img loading=\"lazy\" decoding=\"async\" width=\"1540\" height=\"700\" src=\"https:\/\/comt.cat\/wp-content\/uploads\/2024\/11\/DESTACADA-Pla-Oci-PauCasals.webp\" class=\"attachment- size-\" alt=\"DESTACADA Pla Oci PauCasals\" srcset=\"https:\/\/comt.cat\/wp-content\/uploads\/2024\/11\/DESTACADA-Pla-Oci-PauCasals.webp 1540w, https:\/\/comt.cat\/wp-content\/uploads\/2024\/11\/DESTACADA-Pla-Oci-PauCasals-300x136.webp 300w, https:\/\/comt.cat\/wp-content\/uploads\/2024\/11\/DESTACADA-Pla-Oci-PauCasals-1024x465.webp 1024w, https:\/\/comt.cat\/wp-content\/uploads\/2024\/11\/DESTACADA-Pla-Oci-PauCasals-768x349.webp 768w, https:\/\/comt.cat\/wp-content\/uploads\/2024\/11\/DESTACADA-Pla-Oci-PauCasals-1536x698.webp 1536w, https:\/\/comt.cat\/wp-content\/uploads\/2024\/11\/DESTACADA-Pla-Oci-PauCasals-600x273.webp 600w\" sizes=\"(max-width: 1540px) 100vw, 1540px\" \/>\t\t\t\t<div class=\"overlay\" style=\"background-color:rgba(105, 105, 105, 0.802)\"><\/div>\t\t\t\t\t\t\t<\/div>\n\t\t\t\t\t<\/div>\n\n\t\t<div class=\"box-text text-center is-large\" style=\"background-color:rgb(243, 243, 243);padding:27px 0px 20px 0px;\">\n\t\t\t<div class=\"box-text-inner\">\n\t\t\t\t\n\n<h3>ACTIVIDAD CERRADA<\/h3>\n<p>\u00a0<\/p>\n<h4>Visita Pau Casals y comida cerca del mar<\/h4>\n<p>\u00a0<\/p>\n<p>30 de noviembre de 2024<\/p>\n\n\t\t\t<\/div>\n\t\t<\/div>\n\t<\/div>\n\t\n<a href=\"https:\/\/www.turismedetarragona.com\/ca\/tour\/visita-pau-casals-comt-2024\/\" class=\"button white expand\" >\n\t\t<span>M\u00e1s informaci\u00f3n<\/span>\n\t<\/a>\n\n\n\n\t\t<\/div>\n\t\t\t\t\t<\/div>\n\n\t\n\n\t<div id=\"col-527197670\" class=\"col medium-3 small-12 large-3\"  >\n\t\t\t\t<div class=\"col-inner\"  >\n\t\t\t\n\t\t\t\n\n\t<div class=\"box has-hover   has-hover box-text-bottom\" >\n\n\t\t<div class=\"box-image\" >\n\t\t\t\t\t\t<div class=\"\" >\n\t\t\t\t<img loading=\"lazy\" decoding=\"async\" width=\"1540\" height=\"700\" src=\"https:\/\/comt.cat\/wp-content\/uploads\/2024\/10\/DESTACADA-Pla-Oci-Escaladei.webp\" class=\"attachment- size-\" alt=\"DESTACADA Pla Oci Escaladei\" srcset=\"https:\/\/comt.cat\/wp-content\/uploads\/2024\/10\/DESTACADA-Pla-Oci-Escaladei.webp 1540w, https:\/\/comt.cat\/wp-content\/uploads\/2024\/10\/DESTACADA-Pla-Oci-Escaladei-300x136.webp 300w, https:\/\/comt.cat\/wp-content\/uploads\/2024\/10\/DESTACADA-Pla-Oci-Escaladei-1024x465.webp 1024w, https:\/\/comt.cat\/wp-content\/uploads\/2024\/10\/DESTACADA-Pla-Oci-Escaladei-768x349.webp 768w, https:\/\/comt.cat\/wp-content\/uploads\/2024\/10\/DESTACADA-Pla-Oci-Escaladei-1536x698.webp 1536w, https:\/\/comt.cat\/wp-content\/uploads\/2024\/10\/DESTACADA-Pla-Oci-Escaladei-600x273.webp 600w\" sizes=\"(max-width: 1540px) 100vw, 1540px\" \/>\t\t\t\t<div class=\"overlay\" style=\"background-color:rgba(105, 105, 105, 0.802)\"><\/div>\t\t\t\t\t\t\t<\/div>\n\t\t\t\t\t<\/div>\n\n\t\t<div class=\"box-text text-center is-large\" style=\"background-color:rgb(243, 243, 243);padding:27px 0px 20px 0px;\">\n\t\t\t<div class=\"box-text-inner\">\n\t\t\t\t\n\n<h3>ACTIVIDAD CERRADA<\/h3>\n<p>\u00a0<\/p>\n<h4>Escaladei y Priorat gastron\u00f3mico<\/h4>\n<p>\u00a0<\/p>\n<p>26 de octubre de 2024<\/p>\n\n\t\t\t<\/div>\n\t\t<\/div>\n\t<\/div>\n\t\n<a href=\"https:\/\/www.turismedetarragona.com\/ca\/tour\/escaladei-i-priorat-gastronomic-comt-2024\/\" class=\"button white expand\" >\n\t\t<span>M\u00e1s informaci\u00f3n<\/span>\n\t<\/a>\n\n\n\n\t\t<\/div>\n\t\t\t\t\t<\/div>\n\n\t\n\n\t<div id=\"col-1545931812\" class=\"col medium-3 small-12 large-3\"  >\n\t\t\t\t<div class=\"col-inner\"  >\n\t\t\t\n\t\t\t\n\n\t<div class=\"box has-hover   has-hover box-text-bottom\" >\n\n\t\t<div class=\"box-image\" >\n\t\t\t\t\t\t<div class=\"\" >\n\t\t\t\t<img loading=\"lazy\" decoding=\"async\" width=\"1540\" height=\"700\" src=\"https:\/\/comt.cat\/wp-content\/uploads\/2024\/07\/DESTACADA_Tarragona-desdel-mar.webp\" class=\"attachment- size-\" alt=\"DESTACADA Pla Oci Tarragona des del Mar 2024\" srcset=\"https:\/\/comt.cat\/wp-content\/uploads\/2024\/07\/DESTACADA_Tarragona-desdel-mar.webp 1540w, https:\/\/comt.cat\/wp-content\/uploads\/2024\/07\/DESTACADA_Tarragona-desdel-mar-300x136.webp 300w, https:\/\/comt.cat\/wp-content\/uploads\/2024\/07\/DESTACADA_Tarragona-desdel-mar-1024x465.webp 1024w, https:\/\/comt.cat\/wp-content\/uploads\/2024\/07\/DESTACADA_Tarragona-desdel-mar-768x349.webp 768w, https:\/\/comt.cat\/wp-content\/uploads\/2024\/07\/DESTACADA_Tarragona-desdel-mar-1536x698.webp 1536w, https:\/\/comt.cat\/wp-content\/uploads\/2024\/07\/DESTACADA_Tarragona-desdel-mar-600x273.webp 600w\" sizes=\"(max-width: 1540px) 100vw, 1540px\" \/>\t\t\t\t<div class=\"overlay\" style=\"background-color:rgba(105, 105, 105, 0.802)\"><\/div>\t\t\t\t\t\t\t<\/div>\n\t\t\t\t\t<\/div>\n\n\t\t<div class=\"box-text text-center is-large\" style=\"background-color:rgb(243, 243, 243);padding:27px 0px 20px 0px;\">\n\t\t\t<div class=\"box-text-inner\">\n\t\t\t\t\n\n<h3>ACTIVIDAD CERRADA<\/h3>\n<p>\u00a0<\/p>\n<h4>Arque\u00f3logos por un d\u00eda<\/h4>\n<h4>\u00a0\u00a0<\/h4>\n<p>\u00a0<\/p>\n<p>28 y 29 de septiembre de 2024<\/p>\n\n\t\t\t<\/div>\n\t\t<\/div>\n\t<\/div>\n\t\n<a href=\"https:\/\/www.turismedetarragona.com\/ca\/tour\/arqueolegs-per-un-dia-comt-2024\/\" class=\"button white expand\" >\n\t\t<span>M\u00e1s informaci\u00f3n<\/span>\n\t<\/a>\n\n\n\n\t\t<\/div>\n\t\t\t\t\t<\/div>\n\n\t\n\n\t<div id=\"col-1738132604\" class=\"col medium-3 small-12 large-3\"  >\n\t\t\t\t<div class=\"col-inner\"  >\n\t\t\t\n\t\t\t\n\n\t<div class=\"box has-hover   has-hover box-text-bottom\" >\n\n\t\t<div class=\"box-image\" >\n\t\t\t\t\t\t<div class=\"\" >\n\t\t\t\t<img loading=\"lazy\" decoding=\"async\" width=\"1540\" height=\"700\" src=\"https:\/\/comt.cat\/wp-content\/uploads\/2024\/07\/DESTACADA_Tarragona-desdel-mar.webp\" class=\"attachment- size-\" alt=\"DESTACADA Pla Oci Tarragona des del Mar 2024\" srcset=\"https:\/\/comt.cat\/wp-content\/uploads\/2024\/07\/DESTACADA_Tarragona-desdel-mar.webp 1540w, https:\/\/comt.cat\/wp-content\/uploads\/2024\/07\/DESTACADA_Tarragona-desdel-mar-300x136.webp 300w, https:\/\/comt.cat\/wp-content\/uploads\/2024\/07\/DESTACADA_Tarragona-desdel-mar-1024x465.webp 1024w, https:\/\/comt.cat\/wp-content\/uploads\/2024\/07\/DESTACADA_Tarragona-desdel-mar-768x349.webp 768w, https:\/\/comt.cat\/wp-content\/uploads\/2024\/07\/DESTACADA_Tarragona-desdel-mar-1536x698.webp 1536w, https:\/\/comt.cat\/wp-content\/uploads\/2024\/07\/DESTACADA_Tarragona-desdel-mar-600x273.webp 600w\" sizes=\"(max-width: 1540px) 100vw, 1540px\" \/>\t\t\t\t<div class=\"overlay\" style=\"background-color:rgba(105, 105, 105, 0.802)\"><\/div>\t\t\t\t\t\t\t<\/div>\n\t\t\t\t\t<\/div>\n\n\t\t<div class=\"box-text text-center is-large\" style=\"background-color:rgb(243, 243, 243);padding:27px 0px 20px 0px;\">\n\t\t\t<div class=\"box-text-inner\">\n\t\t\t\t\n\n<h3>ACTIVIDAD CERRADA<\/h3>\n<p>\u00a0<\/p>\n<h4>Tarragona desde el mar<\/h4>\n<h4>\u00a0\u00a0<\/h4>\n<p>\u00a0<\/p>\n<p>03 de agosto de 2024<\/p>\n\n\t\t\t<\/div>\n\t\t<\/div>\n\t<\/div>\n\t\n<a href=\"https:\/\/www.turismedetarragona.com\/ca\/tour\/tarragona-des-del-mar-comt\/\" class=\"button white expand\" >\n\t\t<span>M\u00e1s informaci\u00f3n<\/span>\n\t<\/a>\n\n\n\n\t\t<\/div>\n\t\t\t\t\t<\/div>\n\n\t\n\n\t<div id=\"col-1321965324\" class=\"col medium-3 small-12 large-3\"  >\n\t\t\t\t<div class=\"col-inner\"  >\n\t\t\t\n\t\t\t\n\n\t<div class=\"box has-hover   has-hover box-text-bottom\" >\n\n\t\t<div class=\"box-image\" >\n\t\t\t\t\t\t<div class=\"\" >\n\t\t\t\t<img loading=\"lazy\" decoding=\"async\" width=\"1540\" height=\"700\" src=\"https:\/\/comt.cat\/wp-content\/uploads\/2024\/07\/DESTACADA-Pla-OCI-Pastor.webp\" class=\"attachment- size-\" alt=\"Destacada Pla OCi Pastor_OK\" srcset=\"https:\/\/comt.cat\/wp-content\/uploads\/2024\/07\/DESTACADA-Pla-OCI-Pastor.webp 1540w, https:\/\/comt.cat\/wp-content\/uploads\/2024\/07\/DESTACADA-Pla-OCI-Pastor-300x136.webp 300w, https:\/\/comt.cat\/wp-content\/uploads\/2024\/07\/DESTACADA-Pla-OCI-Pastor-1024x465.webp 1024w, https:\/\/comt.cat\/wp-content\/uploads\/2024\/07\/DESTACADA-Pla-OCI-Pastor-768x349.webp 768w, https:\/\/comt.cat\/wp-content\/uploads\/2024\/07\/DESTACADA-Pla-OCI-Pastor-1536x698.webp 1536w, https:\/\/comt.cat\/wp-content\/uploads\/2024\/07\/DESTACADA-Pla-OCI-Pastor-600x273.webp 600w\" sizes=\"(max-width: 1540px) 100vw, 1540px\" \/>\t\t\t\t<div class=\"overlay\" style=\"background-color:rgba(105, 105, 105, 0.802)\"><\/div>\t\t\t\t\t\t\t<\/div>\n\t\t\t\t\t<\/div>\n\n\t\t<div class=\"box-text text-center is-large\" style=\"background-color:rgb(243, 243, 243);padding:27px 0px 20px 0px;\">\n\t\t\t<div class=\"box-text-inner\">\n\t\t\t\t\n\n<h3>ACTIVIDAD CERRADA<\/h3>\n<p>\u00a0<\/p>\n<h4>Pastor por un d\u00eda<\/h4>\n<h4>\u00a0\u00a0<\/h4>\n<p>\u00a0<\/p>\n<p>28 y 30 de junio de 2024<\/p>\n\n\t\t\t<\/div>\n\t\t<\/div>\n\t<\/div>\n\t\n<a href=\"https:\/\/www.turismedetarragona.com\/ca\/tour\/pastor-per-un-dia-comt-2024\/\" class=\"button white expand\" >\n\t\t<span>M\u00e1s informaci\u00f3n<\/span>\n\t<\/a>\n\n\n\n\t\t<\/div>\n\t\t\t\t\t<\/div>\n\n\t\n\n\t<div id=\"col-1573378611\" class=\"col medium-3 small-12 large-3\"  >\n\t\t\t\t<div class=\"col-inner\"  >\n\t\t\t\n\t\t\t\n\n\t<div class=\"box has-hover   has-hover box-text-bottom\" >\n\n\t\t<div class=\"box-image\" >\n\t\t\t\t\t\t<div class=\"\" >\n\t\t\t\t<img loading=\"lazy\" decoding=\"async\" width=\"1540\" height=\"700\" src=\"https:\/\/comt.cat\/wp-content\/uploads\/2024\/05\/DESTACADA-PLA-OCI_celler-i-xocolate.webp\" class=\"attachment- size-\" alt=\"DESTACADA PLA OCI_celler i xocolata\" srcset=\"https:\/\/comt.cat\/wp-content\/uploads\/2024\/05\/DESTACADA-PLA-OCI_celler-i-xocolate.webp 1540w, https:\/\/comt.cat\/wp-content\/uploads\/2024\/05\/DESTACADA-PLA-OCI_celler-i-xocolate-300x136.webp 300w, https:\/\/comt.cat\/wp-content\/uploads\/2024\/05\/DESTACADA-PLA-OCI_celler-i-xocolate-1024x465.webp 1024w, https:\/\/comt.cat\/wp-content\/uploads\/2024\/05\/DESTACADA-PLA-OCI_celler-i-xocolate-768x349.webp 768w, https:\/\/comt.cat\/wp-content\/uploads\/2024\/05\/DESTACADA-PLA-OCI_celler-i-xocolate-1536x698.webp 1536w\" sizes=\"(max-width: 1540px) 100vw, 1540px\" \/>\t\t\t\t<div class=\"overlay\" style=\"background-color:rgba(105, 105, 105, 0.802)\"><\/div>\t\t\t\t\t\t\t<\/div>\n\t\t\t\t\t<\/div>\n\n\t\t<div class=\"box-text text-center is-large\" style=\"background-color:rgb(243, 243, 243);padding:27px 0px 20px 0px;\">\n\t\t\t<div class=\"box-text-inner\">\n\t\t\t\t\n\n<h3>ACTIVIDAD CERRADA<\/h3>\n<p>\u00a0<\/p>\n<h4>Visita a la Bodega Mas Vicen\u00e7<\/h4>\n<h4>\u00a0\u00a0<\/h4>\n<p>25 de mayo de 2024<\/p>\n\n\t\t\t<\/div>\n\t\t<\/div>\n\t<\/div>\n\t\n<a href=\"https:\/\/www.turismedetarragona.com\/ca\/tour\/visita-celler-mas-vicenc-comt-2024\/\" class=\"button white expand\" >\n\t\t<span>M\u00e1s informaci\u00f3n<\/span>\n\t<\/a>\n\n\n\n\t\t<\/div>\n\t\t\t\t\t<\/div>\n\n\t\n\n\t<div id=\"col-1052742707\" class=\"col medium-3 small-12 large-3\"  >\n\t\t\t\t<div class=\"col-inner\"  >\n\t\t\t\n\t\t\t\n\n\t<div class=\"box has-hover   has-hover box-text-bottom\" >\n\n\t\t<div class=\"box-image\" >\n\t\t\t\t\t\t<div class=\"\" >\n\t\t\t\t<img loading=\"lazy\" decoding=\"async\" width=\"1540\" height=\"700\" src=\"https:\/\/comt.cat\/wp-content\/uploads\/2024\/03\/Destacada-Pla-Oci-Delta-Ebre_Abril-1.webp\" class=\"attachment- size-\" alt=\"Destacada Pla Oci Delta Ebre_Abril2024\" srcset=\"https:\/\/comt.cat\/wp-content\/uploads\/2024\/03\/Destacada-Pla-Oci-Delta-Ebre_Abril-1.webp 1540w, https:\/\/comt.cat\/wp-content\/uploads\/2024\/03\/Destacada-Pla-Oci-Delta-Ebre_Abril-1-300x136.webp 300w, https:\/\/comt.cat\/wp-content\/uploads\/2024\/03\/Destacada-Pla-Oci-Delta-Ebre_Abril-1-1024x465.webp 1024w, https:\/\/comt.cat\/wp-content\/uploads\/2024\/03\/Destacada-Pla-Oci-Delta-Ebre_Abril-1-768x349.webp 768w, https:\/\/comt.cat\/wp-content\/uploads\/2024\/03\/Destacada-Pla-Oci-Delta-Ebre_Abril-1-1536x698.webp 1536w\" sizes=\"(max-width: 1540px) 100vw, 1540px\" \/>\t\t\t\t<div class=\"overlay\" style=\"background-color:rgba(105, 105, 105, 0.802)\"><\/div>\t\t\t\t\t\t\t<\/div>\n\t\t\t\t\t<\/div>\n\n\t\t<div class=\"box-text text-center is-large\" style=\"background-color:rgb(243, 243, 243);padding:27px 0px 20px 0px;\">\n\t\t\t<div class=\"box-text-inner\">\n\t\t\t\t\n\n<h3>ACTIVIDAD CERRADA<\/h3>\n<p>\u00a0<\/p>\n<h4>Excursi\u00f3n al Delta de l&#8217;Ebre, con barca arroz y flamencos<\/h4>\n<h4>\u00a0\u00a0<\/h4>\n<p>27 de abril 2024<\/p>\n\n\t\t\t<\/div>\n\t\t<\/div>\n\t<\/div>\n\t\n<a href=\"https:\/\/www.turismedetarragona.com\/ca\/tour\/excursio-delta-de-lebre-barca-arros-flamencs-comt-2024\/\" class=\"button white expand\" >\n\t\t<span>M\u00e1s informaci\u00f3n<\/span>\n\t<\/a>\n\n\n\n\t\t<\/div>\n\t\t\t\t\t<\/div>\n\n\t\n\n\t<div id=\"col-152357671\" class=\"col medium-3 small-12 large-3\"  >\n\t\t\t\t<div class=\"col-inner\"  >\n\t\t\t\n\t\t\t\n\n\t<div class=\"box has-hover   has-hover box-text-bottom\" >\n\n\t\t<div class=\"box-image\" >\n\t\t\t\t\t\t<div class=\"\" >\n\t\t\t\t<img loading=\"lazy\" decoding=\"async\" width=\"1540\" height=\"700\" src=\"https:\/\/comt.cat\/wp-content\/uploads\/2024\/03\/Destacada-Necropoli-i-Centcelles.webp\" class=\"attachment- size-\" alt=\"Destacada Necropoli i Centcelles Pla Oci\" srcset=\"https:\/\/comt.cat\/wp-content\/uploads\/2024\/03\/Destacada-Necropoli-i-Centcelles.webp 1540w, https:\/\/comt.cat\/wp-content\/uploads\/2024\/03\/Destacada-Necropoli-i-Centcelles-300x136.webp 300w, https:\/\/comt.cat\/wp-content\/uploads\/2024\/03\/Destacada-Necropoli-i-Centcelles-1024x465.webp 1024w, https:\/\/comt.cat\/wp-content\/uploads\/2024\/03\/Destacada-Necropoli-i-Centcelles-768x349.webp 768w, https:\/\/comt.cat\/wp-content\/uploads\/2024\/03\/Destacada-Necropoli-i-Centcelles-1536x698.webp 1536w\" sizes=\"(max-width: 1540px) 100vw, 1540px\" \/>\t\t\t\t<div class=\"overlay\" style=\"background-color:rgba(105, 105, 105, 0.802)\"><\/div>\t\t\t\t\t\t\t<\/div>\n\t\t\t\t\t<\/div>\n\n\t\t<div class=\"box-text text-center is-large\" style=\"background-color:rgb(243, 243, 243);padding:27px 0px 20px 0px;\">\n\t\t\t<div class=\"box-text-inner\">\n\t\t\t\t\n\n<h3>ACTIVIDAD CERRADA<\/h3>\n<p>\u00a0<\/p>\n<h4>Visita guiada a la Necr\u00f2poli y al conjunto de Centcelles<\/h4>\n<h4>\u00a0\u00a0<\/h4>\n<p>17 y 18 de marzo 2024<\/p>\n\n\t\t\t<\/div>\n\t\t<\/div>\n\t<\/div>\n\t\n<a href=\"https:\/\/www.turismedetarragona.com\/ca\/tour\/visita-guiada-necropoli-centcelles-comt-2024\/\" class=\"button white expand\" >\n\t\t<span>M\u00e1s informaci\u00f3n<\/span>\n\t<\/a>\n\n\n\n\t\t<\/div>\n\t\t\t\t\t<\/div>\n\n\t\n\n\t<div id=\"col-1849035974\" class=\"col medium-3 small-12 large-3\"  >\n\t\t\t\t<div class=\"col-inner\"  >\n\t\t\t\n\t\t\t\n\n\t<div class=\"box has-hover   has-hover box-text-bottom\" >\n\n\t\t<div class=\"box-image\" >\n\t\t\t\t\t\t<div class=\"\" >\n\t\t\t\t<img loading=\"lazy\" decoding=\"async\" width=\"1540\" height=\"700\" src=\"https:\/\/comt.cat\/wp-content\/uploads\/2024\/01\/Destacada_PlaOci_Aldover.webp\" class=\"attachment- size-\" alt=\"Destacada_PlaOci_Aldover24\" srcset=\"https:\/\/comt.cat\/wp-content\/uploads\/2024\/01\/Destacada_PlaOci_Aldover.webp 1540w, https:\/\/comt.cat\/wp-content\/uploads\/2024\/01\/Destacada_PlaOci_Aldover-300x136.webp 300w, https:\/\/comt.cat\/wp-content\/uploads\/2024\/01\/Destacada_PlaOci_Aldover-1024x465.webp 1024w, https:\/\/comt.cat\/wp-content\/uploads\/2024\/01\/Destacada_PlaOci_Aldover-768x349.webp 768w, https:\/\/comt.cat\/wp-content\/uploads\/2024\/01\/Destacada_PlaOci_Aldover-1536x698.webp 1536w\" sizes=\"(max-width: 1540px) 100vw, 1540px\" \/>\t\t\t\t<div class=\"overlay\" style=\"background-color:rgba(105, 105, 105, 0.802)\"><\/div>\t\t\t\t\t\t\t<\/div>\n\t\t\t\t\t<\/div>\n\n\t\t<div class=\"box-text text-center is-large\" style=\"background-color:rgb(243, 243, 243);padding:27px 0px 20px 0px;\">\n\t\t\t<div class=\"box-text-inner\">\n\t\t\t\t\n\n<h3>ACTIVIDAD CERRADA<\/h3>\n<p>\u00a0<\/p>\n<h4>Visita finca de c\u00edtricos en el Ebro y comida de brasa<\/h4>\n<h4>\u00a0\u00a0<\/h4>\n<p>24 de febrero 2024<\/p>\n\n\t\t\t<\/div>\n\t\t<\/div>\n\t<\/div>\n\t\n<a href=\"https:\/\/www.turismedetarragona.com\/ca\/tour\/visita-finca-citrics-ebre-dinar-brasa-comt-2024\/\" class=\"button white expand\" >\n\t\t<span>M\u00e1s informaci\u00f3n<\/span>\n\t<\/a>\n\n\n\n\t\t<\/div>\n\t\t\t\t\t<\/div>\n\n\t\n\n\t<div id=\"col-450189793\" class=\"col medium-3 small-12 large-3\"  >\n\t\t\t\t<div class=\"col-inner\"  >\n\t\t\t\n\t\t\t\n\n\t<div class=\"box has-hover   has-hover box-text-bottom\" >\n\n\t\t<div class=\"box-image\" >\n\t\t\t\t\t\t<div class=\"\" >\n\t\t\t\t<img loading=\"lazy\" decoding=\"async\" width=\"1540\" height=\"700\" src=\"https:\/\/comt.cat\/wp-content\/uploads\/2024\/01\/DestacadaItinereGener24.webp\" class=\"attachment- size-\" alt=\"Destacada Itinere Gener24\" srcset=\"https:\/\/comt.cat\/wp-content\/uploads\/2024\/01\/DestacadaItinereGener24.webp 1540w, https:\/\/comt.cat\/wp-content\/uploads\/2024\/01\/DestacadaItinereGener24-300x136.webp 300w, https:\/\/comt.cat\/wp-content\/uploads\/2024\/01\/DestacadaItinereGener24-1024x465.webp 1024w, https:\/\/comt.cat\/wp-content\/uploads\/2024\/01\/DestacadaItinereGener24-768x349.webp 768w, https:\/\/comt.cat\/wp-content\/uploads\/2024\/01\/DestacadaItinereGener24-1536x698.webp 1536w\" sizes=\"(max-width: 1540px) 100vw, 1540px\" \/>\t\t\t\t<div class=\"overlay\" style=\"background-color:rgba(105, 105, 105, 0.802)\"><\/div>\t\t\t\t\t\t\t<\/div>\n\t\t\t\t\t<\/div>\n\n\t\t<div class=\"box-text text-center is-large\" style=\"background-color:rgb(243, 243, 243);padding:27px 0px 20px 0px;\">\n\t\t\t<div class=\"box-text-inner\">\n\t\t\t\t\n\n<h3>ACTIVIDAD CERRADA<\/h3>\n<p>\u00a0<\/p>\n<h4>Visita &#8211; Vila Montblanc y Hospeder\u00eda Poblet<\/h4>\n<h4>\u00a0\u00a0<\/h4>\n<p>27 de enero 2024<\/p>\n\n\t\t\t<\/div>\n\t\t<\/div>\n\t<\/div>\n\t\n<a href=\"https:\/\/www.turismedetarragona.com\/ca\/tour\/visita-guiada-montblanc-calcotada-lhostatgeria-poblet-comt-2024\/\" class=\"button white expand\" >\n\t\t<span>M\u00e1s informaci\u00f3n<\/span>\n\t<\/a>\n\n\n\n\t\t<\/div>\n\t\t\t\t\t<\/div>\n\n\t\n\n<\/div>\n<div class=\"container section-title-container\" ><h2 class=\"section-title section-title-normal\"><b aria-hidden=\"true\"><\/b><span class=\"section-title-main\" style=\"color:#45dace;\">Plan de ocio 2023<\/span><b aria-hidden=\"true\"><\/b><\/h2><\/div>\n\n<div class=\"row\"  id=\"row-623539827\">\n\n\n\t<div id=\"col-982955701\" class=\"col medium-3 small-12 large-3\"  >\n\t\t\t\t<div class=\"col-inner\"  >\n\t\t\t\n\t\t\t\n\n\t<div class=\"box has-hover   has-hover box-text-bottom\" >\n\n\t\t<div class=\"box-image\" >\n\t\t\t\t\t\t<div class=\"\" >\n\t\t\t\t<img loading=\"lazy\" decoding=\"async\" width=\"1540\" height=\"700\" src=\"https:\/\/comt.cat\/wp-content\/uploads\/2023\/11\/Destacada-PLAOCI-Setge.webp\" class=\"attachment- size-\" alt=\"Destacada PLAOCI Setge\" srcset=\"https:\/\/comt.cat\/wp-content\/uploads\/2023\/11\/Destacada-PLAOCI-Setge.webp 1540w, https:\/\/comt.cat\/wp-content\/uploads\/2023\/11\/Destacada-PLAOCI-Setge-300x136.webp 300w, https:\/\/comt.cat\/wp-content\/uploads\/2023\/11\/Destacada-PLAOCI-Setge-1024x465.webp 1024w, https:\/\/comt.cat\/wp-content\/uploads\/2023\/11\/Destacada-PLAOCI-Setge-768x349.webp 768w, https:\/\/comt.cat\/wp-content\/uploads\/2023\/11\/Destacada-PLAOCI-Setge-1536x698.webp 1536w\" sizes=\"(max-width: 1540px) 100vw, 1540px\" \/>\t\t\t\t<div class=\"overlay\" style=\"background-color:rgba(105, 105, 105, 0.802)\"><\/div>\t\t\t\t\t\t\t<\/div>\n\t\t\t\t\t<\/div>\n\n\t\t<div class=\"box-text text-center is-large\" style=\"background-color:rgb(243, 243, 243);padding:27px 0px 20px 0px;\">\n\t\t\t<div class=\"box-text-inner\">\n\t\t\t\t\n\n<h3>ACTIVIDAD CERRADA<\/h3>\n<p>\u00a0<\/p>\n<h4>Visita &#8211; Tarragona 1811: asedio napole\u00f3nico y presa de la ciudad<\/h4>\n<h4>\u00a0\u00a0<\/h4>\n<p>02 i 03 de diciembre 2023<\/p>\n\n\t\t\t<\/div>\n\t\t<\/div>\n\t<\/div>\n\t\n<a href=\"https:\/\/www.turismedetarragona.com\/ca\/tour\/tarragona-1881-setge-napoleonic-comt\/\" class=\"button white expand\" >\n\t\t<span>M\u00e1s informaci\u00f3n<\/span>\n\t<\/a>\n\n\n\n\t\t<\/div>\n\t\t\t\t\t<\/div>\n\n\t\n\n\t<div id=\"col-1739025795\" class=\"col medium-3 small-12 large-3\"  >\n\t\t\t\t<div class=\"col-inner\"  >\n\t\t\t\n\t\t\t\n\n\t<div class=\"box has-hover   has-hover box-text-bottom\" >\n\n\t\t<div class=\"box-image\" >\n\t\t\t\t\t\t<div class=\"\" >\n\t\t\t\t<img loading=\"lazy\" decoding=\"async\" width=\"1540\" height=\"700\" src=\"https:\/\/comt.cat\/wp-content\/uploads\/2023\/10\/DestacadaPlaOci_EspaisRuralsTGN.webp\" class=\"attachment- size-\" alt=\"DestacadaPlaOci_EspaisRuralsTGN\" srcset=\"https:\/\/comt.cat\/wp-content\/uploads\/2023\/10\/DestacadaPlaOci_EspaisRuralsTGN.webp 1540w, https:\/\/comt.cat\/wp-content\/uploads\/2023\/10\/DestacadaPlaOci_EspaisRuralsTGN-300x136.webp 300w, https:\/\/comt.cat\/wp-content\/uploads\/2023\/10\/DestacadaPlaOci_EspaisRuralsTGN-1024x465.webp 1024w, https:\/\/comt.cat\/wp-content\/uploads\/2023\/10\/DestacadaPlaOci_EspaisRuralsTGN-768x349.webp 768w, https:\/\/comt.cat\/wp-content\/uploads\/2023\/10\/DestacadaPlaOci_EspaisRuralsTGN-1536x698.webp 1536w\" sizes=\"(max-width: 1540px) 100vw, 1540px\" \/>\t\t\t\t<div class=\"overlay\" style=\"background-color:rgba(105, 105, 105, 0.802)\"><\/div>\t\t\t\t\t\t\t<\/div>\n\t\t\t\t\t<\/div>\n\n\t\t<div class=\"box-text text-center is-large\" style=\"background-color:rgb(243, 243, 243);padding:27px 0px 20px 0px;\">\n\t\t\t<div class=\"box-text-inner\">\n\t\t\t\t\n\n<h3>ACTIVIDAD CERRADA<\/h3>\n<p>\u00a0<\/p>\n<h4>Visita &#8211; Ruta por los espacios de los espacios rurales de Tarraco<\/h4>\n<h4>\u00a0\u00a0<\/h4>\n<p>18 de noviembre 2023<\/p>\n\n\t\t\t<\/div>\n\t\t<\/div>\n\t<\/div>\n\t\n<a href=\"https:\/\/www.turismedetarragona.com\/ca\/tour\/ruta-guiada-espais-rurals-tarraco-comt\/\" class=\"button white expand\" >\n\t\t<span>M\u00e1s informaci\u00f3n<\/span>\n\t<\/a>\n\n\n\n\t\t<\/div>\n\t\t\t\t\t<\/div>\n\n\t\n\n\t<div id=\"col-1904073103\" class=\"col medium-3 small-12 large-3\"  >\n\t\t\t\t<div class=\"col-inner\"  >\n\t\t\t\n\t\t\t\n\n\t<div class=\"box has-hover   has-hover box-text-bottom\" >\n\n\t\t<div class=\"box-image\" >\n\t\t\t\t\t\t<div class=\"\" >\n\t\t\t\t<img loading=\"lazy\" decoding=\"async\" width=\"1540\" height=\"700\" src=\"https:\/\/comt.cat\/wp-content\/uploads\/2023\/09\/DESTACADA_PladociBatallaEbre.webp\" class=\"attachment- size-\" alt=\"\" srcset=\"https:\/\/comt.cat\/wp-content\/uploads\/2023\/09\/DESTACADA_PladociBatallaEbre.webp 1540w, https:\/\/comt.cat\/wp-content\/uploads\/2023\/09\/DESTACADA_PladociBatallaEbre-300x136.webp 300w, https:\/\/comt.cat\/wp-content\/uploads\/2023\/09\/DESTACADA_PladociBatallaEbre-1024x465.webp 1024w, https:\/\/comt.cat\/wp-content\/uploads\/2023\/09\/DESTACADA_PladociBatallaEbre-768x349.webp 768w, https:\/\/comt.cat\/wp-content\/uploads\/2023\/09\/DESTACADA_PladociBatallaEbre-1536x698.webp 1536w\" sizes=\"(max-width: 1540px) 100vw, 1540px\" \/>\t\t\t\t<div class=\"overlay\" style=\"background-color:rgba(105, 105, 105, 0.802)\"><\/div>\t\t\t\t\t\t\t<\/div>\n\t\t\t\t\t<\/div>\n\n\t\t<div class=\"box-text text-center is-large\" style=\"background-color:rgb(243, 243, 243);padding:27px 0px 20px 0px;\">\n\t\t\t<div class=\"box-text-inner\">\n\t\t\t\t\n\n<h3>ACTIVIDAD CERRADA<\/h3>\n<p>\u00a0<\/p>\n<h4>Visita &#8211; Ruta por los espacios de la Batalla del Ebro<\/h4>\n<h4>\u00a0\u00a0<\/h4>\n<p>21 de octubre 2023<\/p>\n\n\t\t\t<\/div>\n\t\t<\/div>\n\t<\/div>\n\t\n<a href=\"https:\/\/www.turismedetarragona.com\/ca\/tour\/ruta-espais-batalla-ebre-comt\/\" class=\"button white expand\" >\n\t\t<span>M\u00e1s informaci\u00f3n<\/span>\n\t<\/a>\n\n\n\n\t\t<\/div>\n\t\t\t\t\t<\/div>\n\n\t\n\n\t<div id=\"col-2014452981\" class=\"col medium-3 small-12 large-3\"  >\n\t\t\t\t<div class=\"col-inner\"  >\n\t\t\t\n\t\t\t\n\n\t<div class=\"box has-hover   has-hover box-text-bottom\" >\n\n\t\t<div class=\"box-image\" >\n\t\t\t\t\t\t<div class=\"\" >\n\t\t\t\t<img loading=\"lazy\" decoding=\"async\" width=\"1540\" height=\"700\" src=\"https:\/\/comt.cat\/wp-content\/uploads\/2023\/08\/PladociRamblaNova.webp\" class=\"attachment- size-\" alt=\"Destacada PladociRamblaNova\" srcset=\"https:\/\/comt.cat\/wp-content\/uploads\/2023\/08\/PladociRamblaNova.webp 1540w, https:\/\/comt.cat\/wp-content\/uploads\/2023\/08\/PladociRamblaNova-300x136.webp 300w, https:\/\/comt.cat\/wp-content\/uploads\/2023\/08\/PladociRamblaNova-1024x465.webp 1024w, https:\/\/comt.cat\/wp-content\/uploads\/2023\/08\/PladociRamblaNova-768x349.webp 768w, https:\/\/comt.cat\/wp-content\/uploads\/2023\/08\/PladociRamblaNova-1536x698.webp 1536w\" sizes=\"(max-width: 1540px) 100vw, 1540px\" \/>\t\t\t\t<div class=\"overlay\" style=\"background-color:rgba(105, 105, 105, 0.802)\"><\/div>\t\t\t\t\t\t\t<\/div>\n\t\t\t\t\t<\/div>\n\n\t\t<div class=\"box-text text-center is-large\" style=\"background-color:rgb(243, 243, 243);padding:27px 0px 20px 0px;\">\n\t\t\t<div class=\"box-text-inner\">\n\t\t\t\t\n\n<h3>ACTIVIDAD CERRADA<\/h3>\n<p>&nbsp;<\/p>\n<h4>Visita &#8211; La Rambla Nova de Tarragona<\/h4>\n<h4>&nbsp;&nbsp;<\/h4>\n<p>07 y 08 de septiembre 2023<\/p>\n\n\t\t\t<\/div>\n\t\t<\/div>\n\t<\/div>\n\t\n<a href=\"https:\/\/www.turismedetarragona.com\/ca\/tour\/la-rambla-nova-de-tarragona-comt\/\" class=\"button white expand\" >\n\t\t<span>M\u00e1s informaci\u00f3n<\/span>\n\t<\/a>\n\n\n\n\t\t<\/div>\n\t\t\t\t\t<\/div>\n\n\t\n\n\t<div id=\"col-1433570156\" class=\"col medium-3 small-12 large-3\"  >\n\t\t\t\t<div class=\"col-inner\"  >\n\t\t\t\n\t\t\t\n\n\t<div class=\"box has-hover   has-hover box-text-bottom\" >\n\n\t\t<div class=\"box-image\" >\n\t\t\t\t\t\t<div class=\"\" >\n\t\t\t\t<img loading=\"lazy\" decoding=\"async\" width=\"1540\" height=\"700\" src=\"https:\/\/comt.cat\/wp-content\/uploads\/2023\/06\/Imatge-DESTACADA_PlaOciBarca.webp\" class=\"attachment- size-\" alt=\"Imatge DESTACADA_PlaOciBarca\" srcset=\"https:\/\/comt.cat\/wp-content\/uploads\/2023\/06\/Imatge-DESTACADA_PlaOciBarca.webp 1540w, https:\/\/comt.cat\/wp-content\/uploads\/2023\/06\/Imatge-DESTACADA_PlaOciBarca-300x136.webp 300w, https:\/\/comt.cat\/wp-content\/uploads\/2023\/06\/Imatge-DESTACADA_PlaOciBarca-1024x465.webp 1024w, https:\/\/comt.cat\/wp-content\/uploads\/2023\/06\/Imatge-DESTACADA_PlaOciBarca-768x349.webp 768w, https:\/\/comt.cat\/wp-content\/uploads\/2023\/06\/Imatge-DESTACADA_PlaOciBarca-1536x698.webp 1536w\" sizes=\"(max-width: 1540px) 100vw, 1540px\" \/>\t\t\t\t<div class=\"overlay\" style=\"background-color:rgba(105, 105, 105, 0.802)\"><\/div>\t\t\t\t\t\t\t<\/div>\n\t\t\t\t\t<\/div>\n\n\t\t<div class=\"box-text text-center is-large\" style=\"background-color:rgb(243, 243, 243);padding:27px 0px 20px 0px;\">\n\t\t\t<div class=\"box-text-inner\">\n\t\t\t\t\n\n<h3>ACTIVIDAD CERRADA<\/h3>\n<p>&nbsp;<\/p>\n<h4>Visita &#8211; Tarragona desde el mar<\/h4>\n<h4>&nbsp;&nbsp;<\/h4>\n<p>08 de julio 2023<\/p>\n\n\t\t\t<\/div>\n\t\t<\/div>\n\t<\/div>\n\t\n<a href=\"https:\/\/www.turismedetarragona.com\/ca\/tour\/tarragona-des-del-mar-comt\/\" class=\"button white expand\" >\n\t\t<span>M\u00e1s informaci\u00f3n<\/span>\n\t<\/a>\n\n\n\n\t\t<\/div>\n\t\t\t\t\t<\/div>\n\n\t\n\n\t<div id=\"col-227416775\" class=\"col medium-3 small-12 large-3\"  >\n\t\t\t\t<div class=\"col-inner\"  >\n\t\t\t\n\t\t\t\n\n\t<div class=\"box has-hover   has-hover box-text-bottom\" >\n\n\t\t<div class=\"box-image\" >\n\t\t\t\t\t\t<div class=\"\" >\n\t\t\t\t<img loading=\"lazy\" decoding=\"async\" width=\"1540\" height=\"700\" src=\"https:\/\/comt.cat\/wp-content\/uploads\/2023\/06\/Destacada-Celler-Janine_Sushi.webp\" class=\"attachment- size-\" alt=\"Destacada_Plaoci Celler Janine Sushi\" srcset=\"https:\/\/comt.cat\/wp-content\/uploads\/2023\/06\/Destacada-Celler-Janine_Sushi.webp 1540w, https:\/\/comt.cat\/wp-content\/uploads\/2023\/06\/Destacada-Celler-Janine_Sushi-300x136.webp 300w, https:\/\/comt.cat\/wp-content\/uploads\/2023\/06\/Destacada-Celler-Janine_Sushi-1024x465.webp 1024w, https:\/\/comt.cat\/wp-content\/uploads\/2023\/06\/Destacada-Celler-Janine_Sushi-768x349.webp 768w, https:\/\/comt.cat\/wp-content\/uploads\/2023\/06\/Destacada-Celler-Janine_Sushi-1536x698.webp 1536w\" sizes=\"(max-width: 1540px) 100vw, 1540px\" \/>\t\t\t\t<div class=\"overlay\" style=\"background-color:rgba(105, 105, 105, 0.802)\"><\/div>\t\t\t\t\t\t\t<\/div>\n\t\t\t\t\t<\/div>\n\n\t\t<div class=\"box-text text-center is-large\" style=\"background-color:rgb(243, 243, 243);padding:27px 0px 20px 0px;\">\n\t\t\t<div class=\"box-text-inner\">\n\t\t\t\t\n\n<h3>ACTIVIDAD CERRADA<\/h3>\n<p>&nbsp;<\/p>\n<h4>Visita &#8211; Visita a la bodega Janine y taller de sushi<\/h4>\n<h4>&nbsp;&nbsp;<\/h4>\n<p>17 de junio 2023<\/p>\n\n\t\t\t<\/div>\n\t\t<\/div>\n\t<\/div>\n\t\n<a href=\"https:\/\/www.turismedetarragona.com\/ca\/tour\/visita-celler-janine-taller-sushi-comt\/\" class=\"button white expand\" >\n\t\t<span>M\u00e1s informaci\u00f3n<\/span>\n\t<\/a>\n\n\n\n\t\t<\/div>\n\t\t\t\t\t<\/div>\n\n\t\n\n\t<div id=\"col-2073500796\" class=\"col medium-3 small-12 large-3\"  >\n\t\t\t\t<div class=\"col-inner\"  >\n\t\t\t\n\t\t\t\n\n\t<div class=\"box has-hover   has-hover box-text-bottom\" >\n\n\t\t<div class=\"box-image\" >\n\t\t\t\t\t\t<div class=\"\" >\n\t\t\t\t<img loading=\"lazy\" decoding=\"async\" width=\"1540\" height=\"700\" src=\"https:\/\/comt.cat\/wp-content\/uploads\/2023\/05\/DestacadaPladociMasMiro.webp\" class=\"attachment- size-\" alt=\"DestacadaPladociMasMiro\" srcset=\"https:\/\/comt.cat\/wp-content\/uploads\/2023\/05\/DestacadaPladociMasMiro.webp 1540w, https:\/\/comt.cat\/wp-content\/uploads\/2023\/05\/DestacadaPladociMasMiro-300x136.webp 300w, https:\/\/comt.cat\/wp-content\/uploads\/2023\/05\/DestacadaPladociMasMiro-1024x465.webp 1024w, https:\/\/comt.cat\/wp-content\/uploads\/2023\/05\/DestacadaPladociMasMiro-768x349.webp 768w, https:\/\/comt.cat\/wp-content\/uploads\/2023\/05\/DestacadaPladociMasMiro-1536x698.webp 1536w\" sizes=\"(max-width: 1540px) 100vw, 1540px\" \/>\t\t\t\t<div class=\"overlay\" style=\"background-color:rgba(105, 105, 105, 0.802)\"><\/div>\t\t\t\t\t\t\t<\/div>\n\t\t\t\t\t<\/div>\n\n\t\t<div class=\"box-text text-center is-large\" style=\"background-color:rgb(243, 243, 243);padding:27px 0px 20px 0px;\">\n\t\t\t<div class=\"box-text-inner\">\n\t\t\t\t\n\n<h3>ACTIVIDAD CERRADA<\/h3>\n<h4>&nbsp;<\/h4>\n<h4>Visita &#8211; Fundaci\u00f3 Mas Mir\u00f3<\/h4>\n<p>&nbsp;<\/p>\n<p>&nbsp;<\/p>\n<p>27 de mayo de 2023<\/p>\n\n\t\t\t<\/div>\n\t\t<\/div>\n\t<\/div>\n\t\n<a href=\"https:\/\/www.turismedetarragona.com\/ca\/tour\/visita-fundacio-mas-miro-vermut-comt\/\" class=\"button white expand\" >\n\t\t<span>M\u00e1s informaci\u00f3n<\/span>\n\t<\/a>\n\n\n\n\t\t<\/div>\n\t\t\t\t\t<\/div>\n\n\t\n\n\t<div id=\"col-97657941\" class=\"col medium-3 small-12 large-3\"  >\n\t\t\t\t<div class=\"col-inner\"  >\n\t\t\t\n\t\t\t\n\n\t<div class=\"box has-hover   has-hover box-text-bottom\" >\n\n\t\t<div class=\"box-image\" >\n\t\t\t\t\t\t<div class=\"\" >\n\t\t\t\t<img loading=\"lazy\" decoding=\"async\" width=\"1540\" height=\"700\" src=\"https:\/\/comt.cat\/wp-content\/uploads\/2023\/03\/Pla_doci_Tortosa.webp\" class=\"attachment- size-\" alt=\"DESTACADA Pla_doci_Tortosa\" srcset=\"https:\/\/comt.cat\/wp-content\/uploads\/2023\/03\/Pla_doci_Tortosa.webp 1540w, https:\/\/comt.cat\/wp-content\/uploads\/2023\/03\/Pla_doci_Tortosa-300x136.webp 300w, https:\/\/comt.cat\/wp-content\/uploads\/2023\/03\/Pla_doci_Tortosa-1024x465.webp 1024w, https:\/\/comt.cat\/wp-content\/uploads\/2023\/03\/Pla_doci_Tortosa-768x349.webp 768w, https:\/\/comt.cat\/wp-content\/uploads\/2023\/03\/Pla_doci_Tortosa-1536x698.webp 1536w\" sizes=\"(max-width: 1540px) 100vw, 1540px\" \/>\t\t\t\t<div class=\"overlay\" style=\"background-color:rgba(105, 105, 105, 0.802)\"><\/div>\t\t\t\t\t\t\t<\/div>\n\t\t\t\t\t<\/div>\n\n\t\t<div class=\"box-text text-center is-large\" style=\"background-color:rgb(243, 243, 243);padding:27px 0px 20px 0px;\">\n\t\t\t<div class=\"box-text-inner\">\n\t\t\t\t\n\n<h3>ACTIVIDAD CERRADA<\/h3>\n<p>&nbsp;<\/p>\n<h4>Visita &#8211; Excursi\u00f3n de d\u00eda entero a Tortosa<\/h4>\n<p>&nbsp;<\/p>\n<p>15 de abril de 2023<\/p>\n\n\t\t\t<\/div>\n\t\t<\/div>\n\t<\/div>\n\t\n<a href=\"https:\/\/www.turismedetarragona.com\/ca\/tour\/excursio-tortosa-comt\/\" class=\"button white expand\" >\n\t\t<span>M\u00e1s informaci\u00f3n<\/span>\n\t<\/a>\n\n\n\n\t\t<\/div>\n\t\t\t\t\t<\/div>\n\n\t\n\n\t<div id=\"col-1163072027\" class=\"col medium-3 small-12 large-3\"  >\n\t\t\t\t<div class=\"col-inner\"  >\n\t\t\t\n\t\t\t\n\n\t<div class=\"box has-hover   has-hover box-text-bottom\" >\n\n\t\t<div class=\"box-image\" >\n\t\t\t\t\t\t<div class=\"\" >\n\t\t\t\t<img loading=\"lazy\" decoding=\"async\" width=\"1540\" height=\"700\" src=\"https:\/\/comt.cat\/wp-content\/uploads\/2023\/02\/Plaoci-DESTACADA-presseguers.webp\" class=\"attachment- size-\" alt=\"Destacada PlaOci Presseguers\" srcset=\"https:\/\/comt.cat\/wp-content\/uploads\/2023\/02\/Plaoci-DESTACADA-presseguers.webp 1540w, https:\/\/comt.cat\/wp-content\/uploads\/2023\/02\/Plaoci-DESTACADA-presseguers-300x136.webp 300w, https:\/\/comt.cat\/wp-content\/uploads\/2023\/02\/Plaoci-DESTACADA-presseguers-1024x465.webp 1024w, https:\/\/comt.cat\/wp-content\/uploads\/2023\/02\/Plaoci-DESTACADA-presseguers-768x349.webp 768w, https:\/\/comt.cat\/wp-content\/uploads\/2023\/02\/Plaoci-DESTACADA-presseguers-1536x698.webp 1536w\" sizes=\"(max-width: 1540px) 100vw, 1540px\" \/>\t\t\t\t<div class=\"overlay\" style=\"background-color:rgba(105, 105, 105, 0.802)\"><\/div>\t\t\t\t\t\t\t<\/div>\n\t\t\t\t\t<\/div>\n\n\t\t<div class=\"box-text text-center is-large\" style=\"background-color:rgb(243, 243, 243);padding:27px 0px 20px 0px;\">\n\t\t\t<div class=\"box-text-inner\">\n\t\t\t\t\n\n<h3>ACTIVIDAD CERRADA<\/h3>\n<p>&nbsp;<\/p>\n<h4>Visita &#8211; Entre melocotoneros en flor en Tivissa con brunch<\/h4>\n<p>&nbsp;<\/p>\n<p>11 de marzo de 2023<\/p>\n\n\t\t\t<\/div>\n\t\t<\/div>\n\t<\/div>\n\t\n<a href=\"https:\/\/www.turismedetarragona.com\/ca\/tour\/tarragona-llegendaria-misteris-i-crims-comt\/\" class=\"button white expand\" >\n\t\t<span>M\u00e1s informaci\u00f3n<\/span>\n\t<\/a>\n\n\n\n\t\t<\/div>\n\t\t\t\t\t<\/div>\n\n\t\n\n\t<div id=\"col-371670042\" class=\"col medium-3 small-12 large-3\"  >\n\t\t\t\t<div class=\"col-inner\"  >\n\t\t\t\n\t\t\t\n\n\t<div class=\"box has-hover   has-hover box-text-bottom\" >\n\n\t\t<div class=\"box-image\" >\n\t\t\t\t\t\t<div class=\"\" >\n\t\t\t\t<img loading=\"lazy\" decoding=\"async\" width=\"1540\" height=\"700\" src=\"https:\/\/comt.cat\/wp-content\/uploads\/2023\/02\/PladociPoblet.webp\" class=\"attachment- size-\" alt=\"Destacada Pla Oci_PobletOK\" srcset=\"https:\/\/comt.cat\/wp-content\/uploads\/2023\/02\/PladociPoblet.webp 1540w, https:\/\/comt.cat\/wp-content\/uploads\/2023\/02\/PladociPoblet-300x136.webp 300w, https:\/\/comt.cat\/wp-content\/uploads\/2023\/02\/PladociPoblet-1024x465.webp 1024w, https:\/\/comt.cat\/wp-content\/uploads\/2023\/02\/PladociPoblet-768x349.webp 768w, https:\/\/comt.cat\/wp-content\/uploads\/2023\/02\/PladociPoblet-1536x698.webp 1536w\" sizes=\"(max-width: 1540px) 100vw, 1540px\" \/>\t\t\t\t<div class=\"overlay\" style=\"background-color:rgba(105, 105, 105, 0.802)\"><\/div>\t\t\t\t\t\t\t<\/div>\n\t\t\t\t\t<\/div>\n\n\t\t<div class=\"box-text text-center is-large\" style=\"background-color:rgb(243, 243, 243);padding:27px 0px 20px 0px;\">\n\t\t\t<div class=\"box-text-inner\">\n\t\t\t\t\n\n<h3>ACTIVIDAD CERRADA<\/h3>\n<p>&nbsp;<\/p>\n<h4>Visita &#8211; Monestir Santa Maria de Poblet<\/h4>\n<p>&nbsp;<\/p>\n<p>25 de febrero de 2023<\/p>\n\n\t\t\t<\/div>\n\t\t<\/div>\n\t<\/div>\n\t\n<a href=\"https:\/\/www.turismedetarragona.com\/ca\/tour\/entre-presseguers-florits-a-tivissa-amb-brunch-a-laire-lliure-comt\/\" class=\"button white expand\" >\n\t\t<span>M\u00e1s informaci\u00f3n<\/span>\n\t<\/a>\n\n\n\n\t\t<\/div>\n\t\t\t\t\t<\/div>\n\n\t\n\n\t<div id=\"col-1782142801\" class=\"col medium-3 small-12 large-3\"  >\n\t\t\t\t<div class=\"col-inner\"  >\n\t\t\t\n\t\t\t\n\n\t<div class=\"box has-hover   has-hover box-text-bottom\" >\n\n\t\t<div class=\"box-image\" >\n\t\t\t\t\t\t<div class=\"\" >\n\t\t\t\t<img loading=\"lazy\" decoding=\"async\" width=\"1540\" height=\"700\" src=\"https:\/\/comt.cat\/wp-content\/uploads\/2023\/01\/Destacada-noticiaMisteris-i-Crims.jpeg\" class=\"attachment- size-\" alt=\"Destacada noticiaMisteris i Crims\" srcset=\"https:\/\/comt.cat\/wp-content\/uploads\/2023\/01\/Destacada-noticiaMisteris-i-Crims.jpeg 1540w, https:\/\/comt.cat\/wp-content\/uploads\/2023\/01\/Destacada-noticiaMisteris-i-Crims-300x136.jpeg 300w, https:\/\/comt.cat\/wp-content\/uploads\/2023\/01\/Destacada-noticiaMisteris-i-Crims-1024x465.jpeg 1024w, https:\/\/comt.cat\/wp-content\/uploads\/2023\/01\/Destacada-noticiaMisteris-i-Crims-768x349.jpeg 768w, https:\/\/comt.cat\/wp-content\/uploads\/2023\/01\/Destacada-noticiaMisteris-i-Crims-1536x698.jpeg 1536w\" sizes=\"(max-width: 1540px) 100vw, 1540px\" \/>\t\t\t\t<div class=\"overlay\" style=\"background-color:rgba(105, 105, 105, 0.802)\"><\/div>\t\t\t\t\t\t\t<\/div>\n\t\t\t\t\t<\/div>\n\n\t\t<div class=\"box-text text-center is-large\" style=\"background-color:rgb(243, 243, 243);padding:27px 0px 20px 0px;\">\n\t\t\t<div class=\"box-text-inner\">\n\t\t\t\t\n\n<h3>ACTIVIDAD CERRADA<\/h3>\n<p>&nbsp;<\/p>\n<h4>Tarragona legendaria &#8211; Misterios y Cr\u00edmenes<\/h4>\n<h4>&nbsp;&nbsp;<\/h4>\n<p>27 i 28 de enero 2023<\/p>\n\n\t\t\t<\/div>\n\t\t<\/div>\n\t<\/div>\n\t\n<a href=\"https:\/\/www.turismedetarragona.com\/ca\/tour\/tarragona-llegendaria-misteris-i-crims-comt\/\" class=\"button white expand\" >\n\t\t<span>M\u00e1s informaci\u00f3n<\/span>\n\t<\/a>\n\n\n\n\t\t<\/div>\n\t\t\t\t\t<\/div>\n\n\t\n\n<\/div>\n<div class=\"container section-title-container\" ><h2 class=\"section-title section-title-normal\"><b aria-hidden=\"true\"><\/b><span class=\"section-title-main\" style=\"color:#45dace;\">Plan de ocio 2022<\/span><b aria-hidden=\"true\"><\/b><\/h2><\/div>\n\n<div class=\"row\"  id=\"row-821668665\">\n\n\n\t<div id=\"col-1501253973\" class=\"col medium-3 small-6 large-3\"  >\n\t\t\t\t<div class=\"col-inner\"  >\n\t\t\t\n\t\t\t\n\n\t<div class=\"box has-hover   has-hover box-text-bottom\" >\n\n\t\t<div class=\"box-image\" >\n\t\t\t\t\t\t<div class=\"\" >\n\t\t\t\t<img loading=\"lazy\" decoding=\"async\" width=\"1540\" height=\"700\" src=\"https:\/\/comt.cat\/wp-content\/uploads\/2022\/10\/DestacadaItinereNovembre.webp\" class=\"attachment- size-\" alt=\"DestacadaItinereNovembre\" srcset=\"https:\/\/comt.cat\/wp-content\/uploads\/2022\/10\/DestacadaItinereNovembre.webp 1540w, https:\/\/comt.cat\/wp-content\/uploads\/2022\/10\/DestacadaItinereNovembre-300x136.webp 300w, https:\/\/comt.cat\/wp-content\/uploads\/2022\/10\/DestacadaItinereNovembre-1024x465.webp 1024w, https:\/\/comt.cat\/wp-content\/uploads\/2022\/10\/DestacadaItinereNovembre-768x349.webp 768w, https:\/\/comt.cat\/wp-content\/uploads\/2022\/10\/DestacadaItinereNovembre-1536x698.webp 1536w\" sizes=\"(max-width: 1540px) 100vw, 1540px\" \/>\t\t\t\t<div class=\"overlay\" style=\"background-color:rgba(105, 105, 105, 0.802)\"><\/div>\t\t\t\t\t\t\t<\/div>\n\t\t\t\t\t<\/div>\n\n\t\t<div class=\"box-text text-center is-large\" style=\"background-color:rgb(243, 243, 243);padding:27px 0px 20px 0px;\">\n\t\t\t<div class=\"box-text-inner\">\n\t\t\t\t\n\n<h3>ACTIVIDAD CERRADA<\/h3>\n<p>&nbsp;<\/p>\n<h4>Visita guiada Catedral de Tgna &#8211; Centro hist\u00f3rico<\/h4>\n<p>12 de noivembre 2022<\/p>\n\n\t\t\t<\/div>\n\t\t<\/div>\n\t<\/div>\n\t\n<a href=\"https:\/\/www.turismedetarragona.com\/ca\/tour\/catedral-de-tarragona-comt\/\" class=\"button white expand\" >\n\t\t<span>M\u00e1s informaci\u00f3n<\/span>\n\t<\/a>\n\n\n\n\t\t<\/div>\n\t\t\t\t\t<\/div>\n\n\t\n\n\t<div id=\"col-1264980596\" class=\"col medium-3 small-6 large-3\"  >\n\t\t\t\t<div class=\"col-inner\"  >\n\t\t\t\n\t\t\t\n\n\t<div class=\"box has-hover   has-hover box-text-bottom\" >\n\n\t\t<div class=\"box-image\" >\n\t\t\t\t\t\t<div class=\"\" >\n\t\t\t\t<img loading=\"lazy\" decoding=\"async\" width=\"1540\" height=\"700\" src=\"https:\/\/comt.cat\/wp-content\/uploads\/2022\/09\/Pladoci_Modernisme.webp\" class=\"attachment- size-\" alt=\"Pladoci_Modernisme\" srcset=\"https:\/\/comt.cat\/wp-content\/uploads\/2022\/09\/Pladoci_Modernisme.webp 1540w, https:\/\/comt.cat\/wp-content\/uploads\/2022\/09\/Pladoci_Modernisme-300x136.webp 300w, https:\/\/comt.cat\/wp-content\/uploads\/2022\/09\/Pladoci_Modernisme-1024x465.webp 1024w, https:\/\/comt.cat\/wp-content\/uploads\/2022\/09\/Pladoci_Modernisme-768x349.webp 768w, https:\/\/comt.cat\/wp-content\/uploads\/2022\/09\/Pladoci_Modernisme-1536x698.webp 1536w\" sizes=\"(max-width: 1540px) 100vw, 1540px\" \/>\t\t\t\t<div class=\"overlay\" style=\"background-color:rgba(105, 105, 105, 0.802)\"><\/div>\t\t\t\t\t\t\t<\/div>\n\t\t\t\t\t<\/div>\n\n\t\t<div class=\"box-text text-center is-large\" style=\"background-color:rgb(243, 243, 243);padding:27px 0px 20px 0px;\">\n\t\t\t<div class=\"box-text-inner\">\n\t\t\t\t\n\n<h3>ACTIVIDAD CERRADA<\/h3>\n<p>&nbsp;<\/p>\n<h4>Visita guiada al modernismo &#8211; Reus<\/h4>\n<p>01 de octubre 2022<\/p>\n\n\t\t\t<\/div>\n\t\t<\/div>\n\t<\/div>\n\t\n<a href=\"https:\/\/www.turismedetarragona.com\/ca\/tour\/reus-modernista-comt\/\" class=\"button white expand\" >\n\t\t<span>M\u00e1s informaci\u00f3n<\/span>\n\t<\/a>\n\n\n\n\t\t<\/div>\n\t\t\t\t\t<\/div>\n\n\t\n\n\t<div id=\"col-1971894634\" class=\"col medium-3 small-6 large-3\"  >\n\t\t\t\t<div class=\"col-inner\"  >\n\t\t\t\n\t\t\t\n\n\t<div class=\"box has-hover   has-hover box-text-bottom\" >\n\n\t\t<div class=\"box-image\" >\n\t\t\t\t\t\t<div class=\"\" >\n\t\t\t\t<img loading=\"lazy\" decoding=\"async\" width=\"1540\" height=\"700\" src=\"https:\/\/comt.cat\/wp-content\/uploads\/2022\/08\/Itinere02-setembre.jpg\" class=\"attachment- size-\" alt=\"Itinere activitat 02 setembre\" srcset=\"https:\/\/comt.cat\/wp-content\/uploads\/2022\/08\/Itinere02-setembre.jpg 1540w, https:\/\/comt.cat\/wp-content\/uploads\/2022\/08\/Itinere02-setembre-300x136.jpg 300w, https:\/\/comt.cat\/wp-content\/uploads\/2022\/08\/Itinere02-setembre-1024x465.jpg 1024w, https:\/\/comt.cat\/wp-content\/uploads\/2022\/08\/Itinere02-setembre-768x349.jpg 768w, https:\/\/comt.cat\/wp-content\/uploads\/2022\/08\/Itinere02-setembre-1536x698.jpg 1536w\" sizes=\"(max-width: 1540px) 100vw, 1540px\" \/>\t\t\t\t<div class=\"overlay\" style=\"background-color:rgba(105, 105, 105, 0.802)\"><\/div>\t\t\t\t\t\t\t<\/div>\n\t\t\t\t\t<\/div>\n\n\t\t<div class=\"box-text text-center is-large\" style=\"background-color:rgb(243, 243, 243);padding:27px 0px 20px 0px;\">\n\t\t\t<div class=\"box-text-inner\">\n\t\t\t\t\n\n<h3>ACTIVIDAD CERRADA<\/h3>\n<p>&nbsp;<\/p>\n<h4>Misterios y leyendas de Tarragona<\/h4>\n<p>02 de septiembre 2022<\/p>\n\n\t\t\t<\/div>\n\t\t<\/div>\n\t<\/div>\n\t\n<a href=\"https:\/\/comt.cat\/pla-doci-del-comt-misteris-i-llegendes-de-tarragona\/\" class=\"button white expand\" >\n\t\t<span>M\u00e1s informaci\u00f3n<\/span>\n\t<\/a>\n\n\n\n\t\t<\/div>\n\t\t\t\t\t<\/div>\n\n\t\n\n\t<div id=\"col-372754171\" class=\"col medium-3 small-12 large-3\"  >\n\t\t\t\t<div class=\"col-inner\"  >\n\t\t\t\n\t\t\t\n\n\t<div class=\"box has-hover   has-hover box-text-bottom\" >\n\n\t\t<div class=\"box-image\" >\n\t\t\t\t\t\t<div class=\"\" >\n\t\t\t\t<img loading=\"lazy\" decoding=\"async\" width=\"1540\" height=\"700\" src=\"https:\/\/comt.cat\/wp-content\/uploads\/2022\/06\/Itinere_Celler_Tast.jpg\" class=\"attachment- size-\" alt=\"\" srcset=\"https:\/\/comt.cat\/wp-content\/uploads\/2022\/06\/Itinere_Celler_Tast.jpg 1540w, https:\/\/comt.cat\/wp-content\/uploads\/2022\/06\/Itinere_Celler_Tast-300x136.jpg 300w, https:\/\/comt.cat\/wp-content\/uploads\/2022\/06\/Itinere_Celler_Tast-1024x465.jpg 1024w, https:\/\/comt.cat\/wp-content\/uploads\/2022\/06\/Itinere_Celler_Tast-768x349.jpg 768w, https:\/\/comt.cat\/wp-content\/uploads\/2022\/06\/Itinere_Celler_Tast-1536x698.jpg 1536w\" sizes=\"(max-width: 1540px) 100vw, 1540px\" \/>\t\t\t\t<div class=\"overlay\" style=\"background-color:rgba(105, 105, 105, 0.802)\"><\/div>\t\t\t\t\t\t\t<\/div>\n\t\t\t\t\t<\/div>\n\n\t\t<div class=\"box-text text-center is-large\" style=\"background-color:rgb(243, 243, 243);padding:27px 0px 20px 0px;\">\n\t\t\t<div class=\"box-text-inner\">\n\t\t\t\t\n\n<h3>ACTIVIDAD CERRADA<\/h3>\n<p>&nbsp;<\/p>\n<h4>Cata, almuerzo y visita a una bodega<\/h4>\n<p>04 de junio 2022<\/p>\n\n\t\t\t<\/div>\n\t\t<\/div>\n\t<\/div>\n\t\n<a href=\"https:\/\/comt.cat\/pla-doci-del-comt-esmorzar-de-pages-visita-i-cata-al-celler-alvarez-duran-porrera\/\" class=\"button white expand\" >\n\t\t<span>M\u00e1s informaci\u00f3n<\/span>\n\t<\/a>\n\n\n\n\t\t<\/div>\n\t\t\t\t\t<\/div>\n\n\t\n\n\t<div id=\"col-1128249442\" class=\"col medium-3 small-12 large-3\"  >\n\t\t\t\t<div class=\"col-inner\"  >\n\t\t\t\n\t\t\t\n\n\t<div class=\"box has-hover   has-hover box-text-bottom\" >\n\n\t\t<div class=\"box-image\" >\n\t\t\t\t\t\t<div class=\"\" >\n\t\t\t\t<img loading=\"lazy\" decoding=\"async\" width=\"1540\" height=\"700\" src=\"https:\/\/comt.cat\/wp-content\/uploads\/2022\/06\/Itinere-Delta.webp\" class=\"attachment- size-\" alt=\"\" srcset=\"https:\/\/comt.cat\/wp-content\/uploads\/2022\/06\/Itinere-Delta.webp 1540w, https:\/\/comt.cat\/wp-content\/uploads\/2022\/06\/Itinere-Delta-300x136.webp 300w, https:\/\/comt.cat\/wp-content\/uploads\/2022\/06\/Itinere-Delta-1024x465.webp 1024w, https:\/\/comt.cat\/wp-content\/uploads\/2022\/06\/Itinere-Delta-768x349.webp 768w, https:\/\/comt.cat\/wp-content\/uploads\/2022\/06\/Itinere-Delta-1536x698.webp 1536w\" sizes=\"(max-width: 1540px) 100vw, 1540px\" \/>\t\t\t\t<div class=\"overlay\" style=\"background-color:rgba(105, 105, 105, 0.802)\"><\/div>\t\t\t\t\t\t\t<\/div>\n\t\t\t\t\t<\/div>\n\n\t\t<div class=\"box-text text-center is-large\" style=\"background-color:rgb(243, 243, 243);padding:27px 0px 20px 0px;\">\n\t\t\t<div class=\"box-text-inner\">\n\t\t\t\t\n\n<h3>ACTIVIDAD CERRADA<\/h3>\n<p>&nbsp;<\/p>\n<h4>Visita al Delta de l&#8217;Ebre &#8211; Deltebre<\/h4>\n<p>21 de mayo 2022<\/p>\n\n\t\t\t<\/div>\n\t\t<\/div>\n\t<\/div>\n\t\n<a href=\"https:\/\/comt.cat\/pla-doci-del-comt-visita-al-delta-de-lebre-deltebre\/\" class=\"button white expand\" >\n\t\t<span>M\u00e1s informaci\u00f3n<\/span>\n\t<\/a>\n\n\n\n\t\t<\/div>\n\t\t\t\t\t<\/div>\n\n\t\n\n\t<div id=\"col-1262729716\" class=\"col medium-3 small-12 large-3\"  >\n\t\t\t\t<div class=\"col-inner\"  >\n\t\t\t\n\t\t\t\n\n\t<div class=\"box has-hover   has-hover box-text-bottom\" >\n\n\t\t<div class=\"box-image\" >\n\t\t\t\t\t\t<div class=\"\" >\n\t\t\t\t<img loading=\"lazy\" decoding=\"async\" width=\"1540\" height=\"700\" src=\"https:\/\/comt.cat\/wp-content\/uploads\/2022\/04\/MartiFranques.jpg\" class=\"attachment- size-\" alt=\"\" srcset=\"https:\/\/comt.cat\/wp-content\/uploads\/2022\/04\/MartiFranques.jpg 1540w, https:\/\/comt.cat\/wp-content\/uploads\/2022\/04\/MartiFranques-300x136.jpg 300w, https:\/\/comt.cat\/wp-content\/uploads\/2022\/04\/MartiFranques-1024x465.jpg 1024w, https:\/\/comt.cat\/wp-content\/uploads\/2022\/04\/MartiFranques-768x349.jpg 768w, https:\/\/comt.cat\/wp-content\/uploads\/2022\/04\/MartiFranques-1536x698.jpg 1536w\" sizes=\"(max-width: 1540px) 100vw, 1540px\" \/>\t\t\t\t<div class=\"overlay\" style=\"background-color:rgba(105, 105, 105, 0.802)\"><\/div>\t\t\t\t\t\t\t<\/div>\n\t\t\t\t\t<\/div>\n\n\t\t<div class=\"box-text text-center is-large\" style=\"background-color:rgb(243, 243, 243);padding:27px 0px 20px 0px;\">\n\t\t\t<div class=\"box-text-inner\">\n\t\t\t\t\n\n<h3>ACTIVIDAD CERRADA<\/h3>\n<p>&nbsp;<\/p>\n<h4>\u00bfQui\u00e9n era Antoni de Mart\u00ed Franqu\u00e9s?<\/h4>\n<p>30 de abril 2022<\/p>\n\n\t\t\t<\/div>\n\t\t<\/div>\n\t<\/div>\n\t\n<a href=\"https:\/\/comt.cat\/pla-doci-del-comt-antoni-de-marti-i-franques\/\" class=\"button white expand\" >\n\t\t<span>M\u00e1s informaci\u00f3n<\/span>\n\t<\/a>\n\n\n\n\t\t<\/div>\n\t\t\t\t\t<\/div>\n\n\t\n\n\t<div id=\"col-25133664\" class=\"col medium-3 small-12 large-3\"  >\n\t\t\t\t<div class=\"col-inner\"  >\n\t\t\t\n\t\t\t\n\n\t<div class=\"box has-hover   has-hover box-text-bottom\" >\n\n\t\t<div class=\"box-image\" >\n\t\t\t\t\t\t<div class=\"\" >\n\t\t\t\t<img loading=\"lazy\" decoding=\"async\" width=\"1540\" height=\"700\" src=\"https:\/\/comt.cat\/wp-content\/uploads\/2022\/06\/PlaOciCOMTVespreJueu.jpg\" class=\"attachment- size-\" alt=\"Pla d&#039;oci del COMT Vespre Jueu\" srcset=\"https:\/\/comt.cat\/wp-content\/uploads\/2022\/06\/PlaOciCOMTVespreJueu.jpg 1540w, https:\/\/comt.cat\/wp-content\/uploads\/2022\/06\/PlaOciCOMTVespreJueu-300x136.jpg 300w, https:\/\/comt.cat\/wp-content\/uploads\/2022\/06\/PlaOciCOMTVespreJueu-1024x465.jpg 1024w, https:\/\/comt.cat\/wp-content\/uploads\/2022\/06\/PlaOciCOMTVespreJueu-768x349.jpg 768w, https:\/\/comt.cat\/wp-content\/uploads\/2022\/06\/PlaOciCOMTVespreJueu-1536x698.jpg 1536w\" sizes=\"(max-width: 1540px) 100vw, 1540px\" \/>\t\t\t\t<div class=\"overlay\" style=\"background-color:rgba(105, 105, 105, 0.802)\"><\/div>\t\t\t\t\t\t\t<\/div>\n\t\t\t\t\t<\/div>\n\n\t\t<div class=\"box-text text-center is-large\" style=\"background-color:rgb(243, 243, 243);padding:27px 0px 20px 0px;\">\n\t\t\t<div class=\"box-text-inner\">\n\t\t\t\t\n\n<h3>ACTIVIDAD CERRADA<\/h3>\n<p>&nbsp;<\/p>\n<h4>Atardecer jud\u00edo en la ciudad de Tarragona<\/h4>\n<p>02 de julio 2022<\/p>\n\n\t\t\t<\/div>\n\t\t<\/div>\n\t<\/div>\n\t\n<a href=\"https:\/\/www.turismedetarragona.com\/ca\/tour\/vespre-jueu-a-tarragona-comt\/\" class=\"button white expand\" >\n\t\t<span>M\u00e1s informaci\u00f3n<\/span>\n\t<\/a>\n\n\n\n\t\t<\/div>\n\t\t\t\t\t<\/div>\n\n\t\n\n<\/div>\n\n\t\t<\/div>\n\t\t\t\t\t<\/div>\n\n\t\n\n\t<div id=\"col-1095532424\" class=\"col small-12 large-12\"  >\n\t\t\t\t<div class=\"col-inner\"  >\n\t\t\t\n\t\t\t\n\n\t<div id=\"gap-756305647\" class=\"gap-element clearfix\" style=\"display:block; height:auto;\">\n\t\t\n<style>\n#gap-756305647 {\n  padding-top: 30px;\n}\n<\/style>\n\t<\/div>\n\t\n\n<div class=\"container section-title-container\" ><h2 class=\"section-title section-title-normal\"><b aria-hidden=\"true\"><\/b><span class=\"section-title-main\" style=\"color:#45dace;\">Plan de ocio 2025<\/span><b aria-hidden=\"true\"><\/b><\/h2><\/div>\n\n<div class=\"row\"  id=\"row-117686286\">\n\n\n\t<div id=\"col-230560051\" class=\"col medium-3 small-12 large-3\"  >\n\t\t\t\t<div class=\"col-inner\"  >\n\t\t\t\n\t\t\t\n\n\t<div class=\"box has-hover   has-hover box-text-bottom\" >\n\n\t\t<div class=\"box-image\" >\n\t\t\t<a href=\"https:\/\/www.turismedetarragona.com\/ca\/tour\/visita-guiada-espai-mammuthus-comt-2025\/\" target=\"_blank\" rel=\"noopener\" >\t\t\t<div class=\"\" >\n\t\t\t\t<img loading=\"lazy\" decoding=\"async\" width=\"1540\" height=\"700\" src=\"https:\/\/comt.cat\/wp-content\/uploads\/2025\/11\/destacades-Pla-dOCI-2025-2.png\" class=\"attachment- size-\" alt=\"\" srcset=\"https:\/\/comt.cat\/wp-content\/uploads\/2025\/11\/destacades-Pla-dOCI-2025-2.png 1540w, https:\/\/comt.cat\/wp-content\/uploads\/2025\/11\/destacades-Pla-dOCI-2025-2-300x136.png 300w, https:\/\/comt.cat\/wp-content\/uploads\/2025\/11\/destacades-Pla-dOCI-2025-2-1024x465.png 1024w, https:\/\/comt.cat\/wp-content\/uploads\/2025\/11\/destacades-Pla-dOCI-2025-2-768x349.png 768w, https:\/\/comt.cat\/wp-content\/uploads\/2025\/11\/destacades-Pla-dOCI-2025-2-1536x698.png 1536w, https:\/\/comt.cat\/wp-content\/uploads\/2025\/11\/destacades-Pla-dOCI-2025-2-600x273.png 600w\" sizes=\"(max-width: 1540px) 100vw, 1540px\" \/>\t\t\t\t<div class=\"overlay\" style=\"background-color:rgba(129, 129, 129, 0.581)\"><\/div>\t\t\t\t\t\t\t<\/div>\n\t\t\t<\/a>\t\t<\/div>\n\n\t\t<div class=\"box-text text-center is-large\" style=\"background-color:rgb(243, 243, 243);padding:27px 0px 20px 0px;\">\n\t\t\t<div class=\"box-text-inner\">\n\t\t\t\t\n\n<h3>ACTIVIDAD CERRADA<\/h3>\n<p>\u00a0<\/p>\n<h4>\u00a0Visita guiada al espacio Mammuthus<\/h4>\n<p>\u00a0<\/p>\n<p>29 de noviembre de 2025<\/p>\n\n\t\t\t<\/div>\n\t\t<\/div>\n\t<\/div>\n\t\n<a href=\"https:\/\/www.turismedetarragona.com\/ca\/tour\/visita-guiada-espai-mammuthus-comt-2025\/\" class=\"button white expand\" >\n\t\t<span>M\u00e1s informaci\u00f3n<\/span>\n\t<\/a>\n\n\n\n\t\t<\/div>\n\t\t\t\t\t<\/div>\n\n\t\n\n\t<div id=\"col-1255306019\" class=\"col medium-3 small-12 large-3\"  >\n\t\t\t\t<div class=\"col-inner\"  >\n\t\t\t\n\t\t\t\n\n\t<div class=\"box has-hover   has-hover box-text-bottom\" >\n\n\t\t<div class=\"box-image\" >\n\t\t\t<a href=\"https:\/\/comt.cat\/es\/plan-ocio-santescreus-2025\/\" target=\"_blank\" rel=\"noopener\" >\t\t\t<div class=\"\" >\n\t\t\t\t<img loading=\"lazy\" decoding=\"async\" width=\"1540\" height=\"700\" src=\"https:\/\/comt.cat\/wp-content\/uploads\/2025\/09\/destacades-Pla-dOCI-2025.png\" class=\"attachment- size-\" alt=\"\" srcset=\"https:\/\/comt.cat\/wp-content\/uploads\/2025\/09\/destacades-Pla-dOCI-2025.png 1540w, https:\/\/comt.cat\/wp-content\/uploads\/2025\/09\/destacades-Pla-dOCI-2025-300x136.png 300w, https:\/\/comt.cat\/wp-content\/uploads\/2025\/09\/destacades-Pla-dOCI-2025-1024x465.png 1024w, https:\/\/comt.cat\/wp-content\/uploads\/2025\/09\/destacades-Pla-dOCI-2025-768x349.png 768w, https:\/\/comt.cat\/wp-content\/uploads\/2025\/09\/destacades-Pla-dOCI-2025-1536x698.png 1536w, https:\/\/comt.cat\/wp-content\/uploads\/2025\/09\/destacades-Pla-dOCI-2025-600x273.png 600w\" sizes=\"(max-width: 1540px) 100vw, 1540px\" \/>\t\t\t\t<div class=\"overlay\" style=\"background-color:rgba(129, 129, 129, 0.552)\"><\/div>\t\t\t\t\t\t\t<\/div>\n\t\t\t<\/a>\t\t<\/div>\n\n\t\t<div class=\"box-text text-center is-large\" style=\"background-color:rgb(243, 243, 243);padding:27px 0px 20px 0px;\">\n\t\t\t<div class=\"box-text-inner\">\n\t\t\t\t\n\n<h3>ACTIVIDAD CERRADA<\/h3>\n<p>\u00a0<\/p>\n<h4>Excursi\u00f3 al Monestir de Santes Creus<\/h4>\n<p>\u00a0<\/p>\n<p>25 d&#8217;octubre de 2025<\/p>\n\n\t\t\t<\/div>\n\t\t<\/div>\n\t<\/div>\n\t\n<a href=\"https:\/\/comt.cat\/es\/plan-ocio-santescreus-2025\/\" class=\"button white expand\" >\n\t\t<span>M\u00e1s informaci\u00f3n<\/span>\n\t<\/a>\n\n\n\n\t\t<\/div>\n\t\t\t\t\t<\/div>\n\n\t\n\n\t<div id=\"col-1628274394\" class=\"col medium-3 small-12 large-3\"  >\n\t\t\t\t<div class=\"col-inner\"  >\n\t\t\t\n\t\t\t\n\n\t<div class=\"box has-hover   has-hover box-text-bottom\" >\n\n\t\t<div class=\"box-image\" >\n\t\t\t<a href=\"https:\/\/comt.cat\/pla-doci-cami-de-la-llum-a-la-catedral-de-tarragona\/\" target=\"_blank\" rel=\"noopener\" >\t\t\t<div class=\"\" >\n\t\t\t\t<img loading=\"lazy\" decoding=\"async\" width=\"1540\" height=\"700\" src=\"https:\/\/comt.cat\/wp-content\/uploads\/2025\/07\/pla-doci-setembre-25.png\" class=\"attachment- size-\" alt=\"\" srcset=\"https:\/\/comt.cat\/wp-content\/uploads\/2025\/07\/pla-doci-setembre-25.png 1540w, https:\/\/comt.cat\/wp-content\/uploads\/2025\/07\/pla-doci-setembre-25-300x136.png 300w, https:\/\/comt.cat\/wp-content\/uploads\/2025\/07\/pla-doci-setembre-25-1024x465.png 1024w, https:\/\/comt.cat\/wp-content\/uploads\/2025\/07\/pla-doci-setembre-25-768x349.png 768w, https:\/\/comt.cat\/wp-content\/uploads\/2025\/07\/pla-doci-setembre-25-1536x698.png 1536w, https:\/\/comt.cat\/wp-content\/uploads\/2025\/07\/pla-doci-setembre-25-600x273.png 600w\" sizes=\"(max-width: 1540px) 100vw, 1540px\" \/>\t\t\t\t<div class=\"overlay\" style=\"background-color:rgba(129, 129, 129, 0.61)\"><\/div>\t\t\t\t\t\t\t<\/div>\n\t\t\t<\/a>\t\t<\/div>\n\n\t\t<div class=\"box-text text-center is-large\" style=\"background-color:rgb(243, 243, 243);padding:27px 0px 20px 0px;\">\n\t\t\t<div class=\"box-text-inner\">\n\t\t\t\t\n\n<h3>ACTIVIDAD CERRADA<\/h3>\n<p>\u00a0<\/p>\n<h4>Camino de la luz en la Catedral de Tarragona<\/h4>\n<p>\u00a0<\/p>\n<p>5 de septiembre de 2025<\/p>\n\n\t\t\t<\/div>\n\t\t<\/div>\n\t<\/div>\n\t\n<a href=\"https:\/\/www.turismedetarragona.com\/ca\/tour\/cami-llum-catedral-tarragona-comt-2025-5\/\" class=\"button white expand\" >\n\t\t<span>M\u00e1s informaci\u00f3n<\/span>\n\t<\/a>\n\n\n\n\t\t<\/div>\n\t\t\t\t\t<\/div>\n\n\t\n\n\t<div id=\"col-1029538875\" class=\"col medium-3 small-12 large-3\"  >\n\t\t\t\t<div class=\"col-inner\"  >\n\t\t\t\n\t\t\t\n\n\t<div class=\"box has-hover   has-hover box-text-bottom\" >\n\n\t\t<div class=\"box-image\" >\n\t\t\t<a href=\"https:\/\/comt.cat\/pla-doci-prades-juliol\/\" target=\"_blank\" rel=\"noopener\" >\t\t\t<div class=\"\" >\n\t\t\t\t<img loading=\"lazy\" decoding=\"async\" width=\"1540\" height=\"700\" src=\"https:\/\/comt.cat\/wp-content\/uploads\/2025\/06\/Pla-doci-juliol.webp\" class=\"attachment- size-\" alt=\"\" srcset=\"https:\/\/comt.cat\/wp-content\/uploads\/2025\/06\/Pla-doci-juliol.webp 1540w, https:\/\/comt.cat\/wp-content\/uploads\/2025\/06\/Pla-doci-juliol-300x136.webp 300w, https:\/\/comt.cat\/wp-content\/uploads\/2025\/06\/Pla-doci-juliol-1024x465.webp 1024w, https:\/\/comt.cat\/wp-content\/uploads\/2025\/06\/Pla-doci-juliol-768x349.webp 768w, https:\/\/comt.cat\/wp-content\/uploads\/2025\/06\/Pla-doci-juliol-1536x698.webp 1536w, https:\/\/comt.cat\/wp-content\/uploads\/2025\/06\/Pla-doci-juliol-600x273.webp 600w\" sizes=\"(max-width: 1540px) 100vw, 1540px\" \/>\t\t\t\t<div class=\"overlay\" style=\"background-color:rgba(129, 129, 129, 0.599)\"><\/div>\t\t\t\t\t\t\t<\/div>\n\t\t\t<\/a>\t\t<\/div>\n\n\t\t<div class=\"box-text text-center is-large\" style=\"background-color:rgb(243, 243, 243);padding:27px 0px 20px 0px;\">\n\t\t\t<div class=\"box-text-inner\">\n\t\t\t\t\n\n<h3>ACTIVIDAD CERRADA<\/h3>\n<p>\u00a0<\/p>\n<h4>Cenita y experiencia astron\u00f3mica en Prades<\/h4>\n<p>\u00a0<\/p>\n<p>25 de julio de 2025<\/p>\n\n\t\t\t<\/div>\n\t\t<\/div>\n\t<\/div>\n\t\n<a href=\"https:\/\/www.turismedetarragona.com\/ca\/tour\/experiencia-astronomica-prades-comt-2025\/\" class=\"button white expand\" >\n\t\t<span>M\u00e1s informaci\u00f3n<\/span>\n\t<\/a>\n\n\n\n\t\t<\/div>\n\t\t\t\t\t<\/div>\n\n\t\n\n\t<div id=\"col-2110735227\" class=\"col medium-3 small-12 large-3\"  >\n\t\t\t\t<div class=\"col-inner\"  >\n\t\t\t\n\t\t\t\n\n\t<div class=\"box has-hover   has-hover box-text-bottom\" >\n\n\t\t<div class=\"box-image\" >\n\t\t\t<a href=\"https:\/\/comt.cat\/es\/plan-de-ocio-visita-al-yacimiento-boella\/\" target=\"_blank\" rel=\"noopener\" >\t\t\t<div class=\"\" >\n\t\t\t\t<img loading=\"lazy\" decoding=\"async\" width=\"1540\" height=\"700\" src=\"https:\/\/comt.cat\/wp-content\/uploads\/2025\/06\/DESTACADES-1540-x-700-px-1540-x-700-px-29.png\" class=\"attachment- size-\" alt=\"\" srcset=\"https:\/\/comt.cat\/wp-content\/uploads\/2025\/06\/DESTACADES-1540-x-700-px-1540-x-700-px-29.png 1540w, https:\/\/comt.cat\/wp-content\/uploads\/2025\/06\/DESTACADES-1540-x-700-px-1540-x-700-px-29-300x136.png 300w, https:\/\/comt.cat\/wp-content\/uploads\/2025\/06\/DESTACADES-1540-x-700-px-1540-x-700-px-29-1024x465.png 1024w, https:\/\/comt.cat\/wp-content\/uploads\/2025\/06\/DESTACADES-1540-x-700-px-1540-x-700-px-29-768x349.png 768w, https:\/\/comt.cat\/wp-content\/uploads\/2025\/06\/DESTACADES-1540-x-700-px-1540-x-700-px-29-1536x698.png 1536w, https:\/\/comt.cat\/wp-content\/uploads\/2025\/06\/DESTACADES-1540-x-700-px-1540-x-700-px-29-600x273.png 600w\" sizes=\"(max-width: 1540px) 100vw, 1540px\" \/>\t\t\t\t<div class=\"overlay\" style=\"background-color:rgba(129, 129, 129, 0.663)\"><\/div>\t\t\t\t\t\t\t<\/div>\n\t\t\t<\/a>\t\t<\/div>\n\n\t\t<div class=\"box-text text-center is-large\" style=\"background-color:rgb(243, 243, 243);padding:27px 0px 20px 0px;\">\n\t\t\t<div class=\"box-text-inner\">\n\t\t\t\t\n\n<h3>ACTIVIDAD CERRADA<\/h3>\n<p>\u00a0<\/p>\n<h4>Visita el yacimiento del barranco de la Boella<\/h4>\n<p>\u00a0<\/p>\n<p>28 de junio de 2025<\/p>\n\n\t\t\t<\/div>\n\t\t<\/div>\n\t<\/div>\n\t\n<a href=\"https:\/\/www.turismedetarragona.com\/ca\/tour\/ulldecona-dinar-castell-comt-2025\/\" class=\"button white expand\" >\n\t\t<span>M\u00e1s informaci\u00f3n<\/span>\n\t<\/a>\n\n\n\n\t\t<\/div>\n\t\t\t\t\t<\/div>\n\n\t\n\n\t<div id=\"col-2041933194\" class=\"col medium-3 small-12 large-3\"  >\n\t\t\t\t<div class=\"col-inner\"  >\n\t\t\t\n\t\t\t\n\n\t<div class=\"box has-hover   has-hover box-text-bottom\" >\n\n\t\t<div class=\"box-image\" >\n\t\t\t<a href=\"https:\/\/www.turismedetarragona.com\/ca\/tour\/ulldecona-dinar-castell-comt-2025\/\" target=\"_blank\" rel=\"noopener\" >\t\t\t<div class=\"\" >\n\t\t\t\t<img loading=\"lazy\" decoding=\"async\" width=\"1540\" height=\"700\" src=\"https:\/\/comt.cat\/wp-content\/uploads\/2025\/04\/destacades-Pla-d_OCI-2025-_2_-1.webp\" class=\"attachment- size-\" alt=\"\" srcset=\"https:\/\/comt.cat\/wp-content\/uploads\/2025\/04\/destacades-Pla-d_OCI-2025-_2_-1.webp 1540w, https:\/\/comt.cat\/wp-content\/uploads\/2025\/04\/destacades-Pla-d_OCI-2025-_2_-1-300x136.webp 300w, https:\/\/comt.cat\/wp-content\/uploads\/2025\/04\/destacades-Pla-d_OCI-2025-_2_-1-1024x465.webp 1024w, https:\/\/comt.cat\/wp-content\/uploads\/2025\/04\/destacades-Pla-d_OCI-2025-_2_-1-768x349.webp 768w, https:\/\/comt.cat\/wp-content\/uploads\/2025\/04\/destacades-Pla-d_OCI-2025-_2_-1-1536x698.webp 1536w, https:\/\/comt.cat\/wp-content\/uploads\/2025\/04\/destacades-Pla-d_OCI-2025-_2_-1-600x273.webp 600w\" sizes=\"(max-width: 1540px) 100vw, 1540px\" \/>\t\t\t\t<div class=\"overlay\" style=\"background-color:rgba(129, 129, 129, 0.703)\"><\/div>\t\t\t\t\t\t\t<\/div>\n\t\t\t<\/a>\t\t<\/div>\n\n\t\t<div class=\"box-text text-center is-large\" style=\"background-color:rgb(243, 243, 243);padding:27px 0px 20px 0px;\">\n\t\t\t<div class=\"box-text-inner\">\n\t\t\t\t\n\n<h3>ACTIVIDAD CERRADA<\/h3>\n<p>\u00a0<\/p>\n<h4>Ulldecona, comida y castillo<\/h4>\n<p>\u00a0<\/p>\n<p>24 de mayo de 2025<\/p>\n\n\t\t\t<\/div>\n\t\t<\/div>\n\t<\/div>\n\t\n<a href=\"https:\/\/www.turismedetarragona.com\/ca\/tour\/ulldecona-dinar-castell-comt-2025\/\" class=\"button white expand\" >\n\t\t<span>M\u00e1s informaci\u00f3n<\/span>\n\t<\/a>\n\n\n\n\t\t<\/div>\n\t\t\t\t\t<\/div>\n\n\t\n\n\t<div id=\"col-1700200854\" class=\"col medium-3 small-12 large-3\"  >\n\t\t\t\t<div class=\"col-inner\"  >\n\t\t\t\n\t\t\t\n\n\t<div class=\"box has-hover   has-hover box-text-bottom\" >\n\n\t\t<div class=\"box-image\" >\n\t\t\t<a href=\"https:\/\/comt.cat\/es\/plan-de-ocio-del-comt-arquitectura-del-1950-en-tarragona\/\" target=\"_blank\" rel=\"noopener\" >\t\t\t<div class=\"\" >\n\t\t\t\t<img loading=\"lazy\" decoding=\"async\" width=\"1540\" height=\"700\" src=\"https:\/\/comt.cat\/wp-content\/uploads\/2025\/04\/destacades-Pla-dOCI-2025-1.png\" class=\"attachment- size-\" alt=\"\" srcset=\"https:\/\/comt.cat\/wp-content\/uploads\/2025\/04\/destacades-Pla-dOCI-2025-1.png 1540w, https:\/\/comt.cat\/wp-content\/uploads\/2025\/04\/destacades-Pla-dOCI-2025-1-300x136.png 300w, https:\/\/comt.cat\/wp-content\/uploads\/2025\/04\/destacades-Pla-dOCI-2025-1-1024x465.png 1024w, https:\/\/comt.cat\/wp-content\/uploads\/2025\/04\/destacades-Pla-dOCI-2025-1-768x349.png 768w, https:\/\/comt.cat\/wp-content\/uploads\/2025\/04\/destacades-Pla-dOCI-2025-1-1536x698.png 1536w, https:\/\/comt.cat\/wp-content\/uploads\/2025\/04\/destacades-Pla-dOCI-2025-1-600x273.png 600w\" sizes=\"(max-width: 1540px) 100vw, 1540px\" \/>\t\t\t\t<div class=\"overlay\" style=\"background-color:rgba(99, 99, 99, 0.645)\"><\/div>\t\t\t\t\t\t\t<\/div>\n\t\t\t<\/a>\t\t<\/div>\n\n\t\t<div class=\"box-text text-center is-large\" style=\"background-color:rgb(243, 243, 243);padding:27px 0px 20px 0px;\">\n\t\t\t<div class=\"box-text-inner\">\n\t\t\t\t\n\n<h3>ACTIVIDAD CERRADA<\/h3>\n<p>\u00a0<\/p>\n<h4>Excursi\u00f3n a la Reserva Natural de Sebes<\/h4>\n<p>\u00a0<\/p>\n<p>26 de abril de 2025<\/p>\n\n\t\t\t<\/div>\n\t\t<\/div>\n\t<\/div>\n\t\n<a href=\"https:\/\/comt.cat\/es\/plan-de-ocio-del-comt-excursion-a-la-reserva-natural-de-sebes\/\" class=\"button white expand\" >\n\t\t<span>M\u00e1s informaci\u00f3n<\/span>\n\t<\/a>\n\n\n\n\t\t<\/div>\n\t\t\t\t\t<\/div>\n\n\t\n\n\t<div id=\"col-1825970944\" class=\"col medium-3 small-12 large-3\"  >\n\t\t\t\t<div class=\"col-inner\"  >\n\t\t\t\n\t\t\t\n\n\t<div class=\"box has-hover   has-hover box-text-bottom\" >\n\n\t\t<div class=\"box-image\" >\n\t\t\t<a href=\"https:\/\/comt.cat\/es\/plan-de-ocio-del-comt-arquitectura-del-1950-en-tarragona\/\" target=\"_blank\" rel=\"noopener\" >\t\t\t<div class=\"\" >\n\t\t\t\t<img loading=\"lazy\" decoding=\"async\" width=\"1540\" height=\"700\" src=\"https:\/\/comt.cat\/wp-content\/uploads\/2025\/03\/destacades-Pla-d_OCI-2025-_1_.webp\" class=\"attachment- size-\" alt=\"\" srcset=\"https:\/\/comt.cat\/wp-content\/uploads\/2025\/03\/destacades-Pla-d_OCI-2025-_1_.webp 1540w, https:\/\/comt.cat\/wp-content\/uploads\/2025\/03\/destacades-Pla-d_OCI-2025-_1_-300x136.webp 300w, https:\/\/comt.cat\/wp-content\/uploads\/2025\/03\/destacades-Pla-d_OCI-2025-_1_-1024x465.webp 1024w, https:\/\/comt.cat\/wp-content\/uploads\/2025\/03\/destacades-Pla-d_OCI-2025-_1_-768x349.webp 768w, https:\/\/comt.cat\/wp-content\/uploads\/2025\/03\/destacades-Pla-d_OCI-2025-_1_-1536x698.webp 1536w, https:\/\/comt.cat\/wp-content\/uploads\/2025\/03\/destacades-Pla-d_OCI-2025-_1_-600x273.webp 600w\" sizes=\"(max-width: 1540px) 100vw, 1540px\" \/>\t\t\t\t<div class=\"overlay\" style=\"background-color:rgba(114, 102, 102, 0.692)\"><\/div>\t\t\t\t\t\t\t<\/div>\n\t\t\t<\/a>\t\t<\/div>\n\n\t\t<div class=\"box-text text-center is-large\" style=\"background-color:rgb(243, 243, 243);padding:27px 0px 20px 0px;\">\n\t\t\t<div class=\"box-text-inner\">\n\t\t\t\t\n\n<h3>ACTIVIDAD CERRADA<\/h3>\n<p>\u00a0<\/p>\n<h4>La arquitectura del 1950 en Tarragona<\/h4>\n<p>\u00a0<\/p>\n<p>29 de marzo de 2025<\/p>\n\n\t\t\t<\/div>\n\t\t<\/div>\n\t<\/div>\n\t\n<a href=\"https:\/\/comt.cat\/es\/plan-de-ocio-del-comt-arquitectura-del-1950-en-tarragona\/\" class=\"button white expand\" >\n\t\t<span>M\u00e1s informaci\u00f3n<\/span>\n\t<\/a>\n\n\n\n\t\t<\/div>\n\t\t\t\t\t<\/div>\n\n\t\n\n\t<div id=\"col-1773633540\" class=\"col medium-3 small-12 large-3\"  >\n\t\t\t\t<div class=\"col-inner\"  >\n\t\t\t\n\t\t\t\n\n\t<div class=\"box has-hover   has-hover box-text-bottom\" >\n\n\t\t<div class=\"box-image\" >\n\t\t\t<a href=\"https:\/\/www.turismedetarragona.com\/ca\/tour\/secrets-arqueologics-catedral-de-tarragona-comt-2025\/#pll_switcher\" target=\"_blank\" rel=\"noopener\" >\t\t\t<div class=\"\" >\n\t\t\t\t<img loading=\"lazy\" decoding=\"async\" width=\"1540\" height=\"700\" src=\"https:\/\/comt.cat\/wp-content\/uploads\/2025\/01\/DESTACADES-_1540-x-700-px_-_44_.webp\" class=\"attachment- size-\" alt=\"\" srcset=\"https:\/\/comt.cat\/wp-content\/uploads\/2025\/01\/DESTACADES-_1540-x-700-px_-_44_.webp 1540w, https:\/\/comt.cat\/wp-content\/uploads\/2025\/01\/DESTACADES-_1540-x-700-px_-_44_-300x136.webp 300w, https:\/\/comt.cat\/wp-content\/uploads\/2025\/01\/DESTACADES-_1540-x-700-px_-_44_-1024x465.webp 1024w, https:\/\/comt.cat\/wp-content\/uploads\/2025\/01\/DESTACADES-_1540-x-700-px_-_44_-768x349.webp 768w, https:\/\/comt.cat\/wp-content\/uploads\/2025\/01\/DESTACADES-_1540-x-700-px_-_44_-1536x698.webp 1536w, https:\/\/comt.cat\/wp-content\/uploads\/2025\/01\/DESTACADES-_1540-x-700-px_-_44_-600x273.webp 600w\" sizes=\"(max-width: 1540px) 100vw, 1540px\" \/>\t\t\t\t<div class=\"overlay\" style=\"background-color:rgba(48, 47, 47, 0.552)\"><\/div>\t\t\t\t\t\t\t<\/div>\n\t\t\t<\/a>\t\t<\/div>\n\n\t\t<div class=\"box-text text-center is-large\" style=\"background-color:rgb(243, 243, 243);padding:27px 0px 20px 0px;\">\n\t\t\t<div class=\"box-text-inner\">\n\t\t\t\t\n\n<h3>ACTIVIDAD CERRADA<\/h3>\n<p>\u00a0<\/p>\n<h4>Los secretos arqueol\u00f3gicos de la Catedral de Tarragona<\/h4>\n<p>\u00a0<\/p>\n<p>15 I 22 de febrero de 2025<\/p>\n\n\t\t\t<\/div>\n\t\t<\/div>\n\t<\/div>\n\t\n<a href=\"https:\/\/comt.cat\/es\/plan-de-ocio-del-comt-los-secretos-arqueologicos-de-la-catedral-de-tarragona\/\" class=\"button white expand\" >\n\t\t<span>M\u00e1s informaci\u00f3n<\/span>\n\t<\/a>\n\n\n\n\t\t<\/div>\n\t\t\t\t\t<\/div>\n\n\t\n\n\t<div id=\"col-1390846351\" class=\"col medium-3 small-12 large-3\"  >\n\t\t\t\t<div class=\"col-inner\"  >\n\t\t\t\n\t\t\t\n\n\t<div class=\"box has-hover   has-hover box-text-bottom\" >\n\n\t\t<div class=\"box-image\" >\n\t\t\t\t\t\t<div class=\"\" >\n\t\t\t\t<img loading=\"lazy\" decoding=\"async\" width=\"1540\" height=\"700\" src=\"https:\/\/comt.cat\/wp-content\/uploads\/2025\/01\/DESTACADES-_1540-x-700-px_-_44_.webp\" class=\"attachment- size-\" alt=\"\" srcset=\"https:\/\/comt.cat\/wp-content\/uploads\/2025\/01\/DESTACADES-_1540-x-700-px_-_44_.webp 1540w, https:\/\/comt.cat\/wp-content\/uploads\/2025\/01\/DESTACADES-_1540-x-700-px_-_44_-300x136.webp 300w, https:\/\/comt.cat\/wp-content\/uploads\/2025\/01\/DESTACADES-_1540-x-700-px_-_44_-1024x465.webp 1024w, https:\/\/comt.cat\/wp-content\/uploads\/2025\/01\/DESTACADES-_1540-x-700-px_-_44_-768x349.webp 768w, https:\/\/comt.cat\/wp-content\/uploads\/2025\/01\/DESTACADES-_1540-x-700-px_-_44_-1536x698.webp 1536w, https:\/\/comt.cat\/wp-content\/uploads\/2025\/01\/DESTACADES-_1540-x-700-px_-_44_-600x273.webp 600w\" sizes=\"(max-width: 1540px) 100vw, 1540px\" \/>\t\t\t\t<div class=\"overlay\" style=\"background-color:rgba(105, 105, 105, 0.802)\"><\/div>\t\t\t\t\t\t\t<\/div>\n\t\t\t\t\t<\/div>\n\n\t\t<div class=\"box-text text-center is-large\" style=\"background-color:rgb(243, 243, 243);padding:27px 0px 20px 0px;\">\n\t\t\t<div class=\"box-text-inner\">\n\t\t\t\t\n\n<h3>ACTIVIDAD CERRADA<\/h3>\n<p>\u00a0<\/p>\n<h4> Visita al Monestir de Vallbona y cal\u00e7otada en Poblet<\/h4>\n<p>\u00a0<\/p>\n<p>25 de enero de 2025<\/p>\n\n\t\t\t<\/div>\n\t\t<\/div>\n\t<\/div>\n\t\n<a href=\"https:\/\/www.turismedetarragona.com\/ca\/tour\/visita-monestir-vallbona-comt-2025\/\" class=\"button white expand\" >\n\t\t<span>M\u00e1s informaci\u00f3n<\/span>\n\t<\/a>\n\n\n\n\t\t<\/div>\n\t\t\t\t\t<\/div>\n\n\t\n\n<\/div>\n<div class=\"container section-title-container\" ><h2 class=\"section-title section-title-normal\"><b aria-hidden=\"true\"><\/b><span class=\"section-title-main\" style=\"color:#45dace;\">Plan de ocio 2024<\/span><b aria-hidden=\"true\"><\/b><\/h2><\/div>\n\n<div class=\"row\"  id=\"row-351014876\">\n\n\n\t<div id=\"col-1385924709\" class=\"col medium-3 small-12 large-3\"  >\n\t\t\t\t<div class=\"col-inner\"  >\n\t\t\t\n\t\t\t\n\n\t<div class=\"box has-hover   has-hover box-text-bottom\" >\n\n\t\t<div class=\"box-image\" >\n\t\t\t\t\t\t<div class=\"\" >\n\t\t\t\t<img loading=\"lazy\" decoding=\"async\" width=\"1540\" height=\"700\" src=\"https:\/\/comt.cat\/wp-content\/uploads\/2025\/01\/DESTACADES-_1540-x-700-px_-_44_.webp\" class=\"attachment- size-\" alt=\"\" srcset=\"https:\/\/comt.cat\/wp-content\/uploads\/2025\/01\/DESTACADES-_1540-x-700-px_-_44_.webp 1540w, https:\/\/comt.cat\/wp-content\/uploads\/2025\/01\/DESTACADES-_1540-x-700-px_-_44_-300x136.webp 300w, https:\/\/comt.cat\/wp-content\/uploads\/2025\/01\/DESTACADES-_1540-x-700-px_-_44_-1024x465.webp 1024w, https:\/\/comt.cat\/wp-content\/uploads\/2025\/01\/DESTACADES-_1540-x-700-px_-_44_-768x349.webp 768w, https:\/\/comt.cat\/wp-content\/uploads\/2025\/01\/DESTACADES-_1540-x-700-px_-_44_-1536x698.webp 1536w, https:\/\/comt.cat\/wp-content\/uploads\/2025\/01\/DESTACADES-_1540-x-700-px_-_44_-600x273.webp 600w\" sizes=\"(max-width: 1540px) 100vw, 1540px\" \/>\t\t\t\t<div class=\"overlay\" style=\"background-color:rgba(105, 105, 105, 0.802)\"><\/div>\t\t\t\t\t\t\t<\/div>\n\t\t\t\t\t<\/div>\n\n\t\t<div class=\"box-text text-center is-large\" style=\"background-color:rgb(243, 243, 243);padding:27px 0px 20px 0px;\">\n\t\t\t<div class=\"box-text-inner\">\n\t\t\t\t\n\n<h3>ACTIVIDAD CERRADA<\/h3>\n<p>\u00a0<\/p>\n<h4> Los colores de la Catedral<\/h4>\n<p>\u00a0<\/p>\n<p>28 de diciembre de 2024<\/p>\n\n\t\t\t<\/div>\n\t\t<\/div>\n\t<\/div>\n\t\n<a href=\"https:\/\/www.turismedetarragona.com\/ca\/tour\/visita-pau-casals-comt-2024\/#pll_switcher\" class=\"button white expand\" >\n\t\t<span>M\u00e1s informaci\u00f3n<\/span>\n\t<\/a>\n\n\n\n\t\t<\/div>\n\t\t\t\t\t<\/div>\n\n\t\n\n\t<div id=\"col-1450731600\" class=\"col medium-3 small-12 large-3\"  >\n\t\t\t\t<div class=\"col-inner\"  >\n\t\t\t\n\t\t\t\n\n\t<div class=\"box has-hover   has-hover box-text-bottom\" >\n\n\t\t<div class=\"box-image\" >\n\t\t\t\t\t\t<div class=\"\" >\n\t\t\t\t<img loading=\"lazy\" decoding=\"async\" width=\"1540\" height=\"700\" src=\"https:\/\/comt.cat\/wp-content\/uploads\/2024\/11\/DESTACADA-Pla-Oci-PauCasals.webp\" class=\"attachment- size-\" alt=\"DESTACADA Pla Oci PauCasals\" srcset=\"https:\/\/comt.cat\/wp-content\/uploads\/2024\/11\/DESTACADA-Pla-Oci-PauCasals.webp 1540w, https:\/\/comt.cat\/wp-content\/uploads\/2024\/11\/DESTACADA-Pla-Oci-PauCasals-300x136.webp 300w, https:\/\/comt.cat\/wp-content\/uploads\/2024\/11\/DESTACADA-Pla-Oci-PauCasals-1024x465.webp 1024w, https:\/\/comt.cat\/wp-content\/uploads\/2024\/11\/DESTACADA-Pla-Oci-PauCasals-768x349.webp 768w, https:\/\/comt.cat\/wp-content\/uploads\/2024\/11\/DESTACADA-Pla-Oci-PauCasals-1536x698.webp 1536w, https:\/\/comt.cat\/wp-content\/uploads\/2024\/11\/DESTACADA-Pla-Oci-PauCasals-600x273.webp 600w\" sizes=\"(max-width: 1540px) 100vw, 1540px\" \/>\t\t\t\t<div class=\"overlay\" style=\"background-color:rgba(105, 105, 105, 0.802)\"><\/div>\t\t\t\t\t\t\t<\/div>\n\t\t\t\t\t<\/div>\n\n\t\t<div class=\"box-text text-center is-large\" style=\"background-color:rgb(243, 243, 243);padding:27px 0px 20px 0px;\">\n\t\t\t<div class=\"box-text-inner\">\n\t\t\t\t\n\n<h3>ACTIVIDAD CERRADA<\/h3>\n<p>\u00a0<\/p>\n<h4>Visita Pau Casals y comida cerca del mar<\/h4>\n<p>\u00a0<\/p>\n<p>30 de noviembre de 2024<\/p>\n\n\t\t\t<\/div>\n\t\t<\/div>\n\t<\/div>\n\t\n<a href=\"https:\/\/www.turismedetarragona.com\/ca\/tour\/visita-pau-casals-comt-2024\/\" class=\"button white expand\" >\n\t\t<span>M\u00e1s informaci\u00f3n<\/span>\n\t<\/a>\n\n\n\n\t\t<\/div>\n\t\t\t\t\t<\/div>\n\n\t\n\n\t<div id=\"col-759539683\" class=\"col medium-3 small-12 large-3\"  >\n\t\t\t\t<div class=\"col-inner\"  >\n\t\t\t\n\t\t\t\n\n\t<div class=\"box has-hover   has-hover box-text-bottom\" >\n\n\t\t<div class=\"box-image\" >\n\t\t\t\t\t\t<div class=\"\" >\n\t\t\t\t<img loading=\"lazy\" decoding=\"async\" width=\"1540\" height=\"700\" src=\"https:\/\/comt.cat\/wp-content\/uploads\/2024\/10\/DESTACADA-Pla-Oci-Escaladei.webp\" class=\"attachment- size-\" alt=\"DESTACADA Pla Oci Escaladei\" srcset=\"https:\/\/comt.cat\/wp-content\/uploads\/2024\/10\/DESTACADA-Pla-Oci-Escaladei.webp 1540w, https:\/\/comt.cat\/wp-content\/uploads\/2024\/10\/DESTACADA-Pla-Oci-Escaladei-300x136.webp 300w, https:\/\/comt.cat\/wp-content\/uploads\/2024\/10\/DESTACADA-Pla-Oci-Escaladei-1024x465.webp 1024w, https:\/\/comt.cat\/wp-content\/uploads\/2024\/10\/DESTACADA-Pla-Oci-Escaladei-768x349.webp 768w, https:\/\/comt.cat\/wp-content\/uploads\/2024\/10\/DESTACADA-Pla-Oci-Escaladei-1536x698.webp 1536w, https:\/\/comt.cat\/wp-content\/uploads\/2024\/10\/DESTACADA-Pla-Oci-Escaladei-600x273.webp 600w\" sizes=\"(max-width: 1540px) 100vw, 1540px\" \/>\t\t\t\t<div class=\"overlay\" style=\"background-color:rgba(105, 105, 105, 0.802)\"><\/div>\t\t\t\t\t\t\t<\/div>\n\t\t\t\t\t<\/div>\n\n\t\t<div class=\"box-text text-center is-large\" style=\"background-color:rgb(243, 243, 243);padding:27px 0px 20px 0px;\">\n\t\t\t<div class=\"box-text-inner\">\n\t\t\t\t\n\n<h3>ACTIVIDAD CERRADA<\/h3>\n<p>\u00a0<\/p>\n<h4>Escaladei y Priorat gastron\u00f3mico<\/h4>\n<p>\u00a0<\/p>\n<p>26 de octubre de 2024<\/p>\n\n\t\t\t<\/div>\n\t\t<\/div>\n\t<\/div>\n\t\n<a href=\"https:\/\/www.turismedetarragona.com\/ca\/tour\/escaladei-i-priorat-gastronomic-comt-2024\/\" class=\"button white expand\" >\n\t\t<span>M\u00e1s informaci\u00f3n<\/span>\n\t<\/a>\n\n\n\n\t\t<\/div>\n\t\t\t\t\t<\/div>\n\n\t\n\n\t<div id=\"col-2089768079\" class=\"col medium-3 small-12 large-3\"  >\n\t\t\t\t<div class=\"col-inner\"  >\n\t\t\t\n\t\t\t\n\n\t<div class=\"box has-hover   has-hover box-text-bottom\" >\n\n\t\t<div class=\"box-image\" >\n\t\t\t\t\t\t<div class=\"\" >\n\t\t\t\t<img loading=\"lazy\" decoding=\"async\" width=\"1540\" height=\"700\" src=\"https:\/\/comt.cat\/wp-content\/uploads\/2024\/07\/DESTACADA_Tarragona-desdel-mar.webp\" class=\"attachment- size-\" alt=\"DESTACADA Pla Oci Tarragona des del Mar 2024\" srcset=\"https:\/\/comt.cat\/wp-content\/uploads\/2024\/07\/DESTACADA_Tarragona-desdel-mar.webp 1540w, https:\/\/comt.cat\/wp-content\/uploads\/2024\/07\/DESTACADA_Tarragona-desdel-mar-300x136.webp 300w, https:\/\/comt.cat\/wp-content\/uploads\/2024\/07\/DESTACADA_Tarragona-desdel-mar-1024x465.webp 1024w, https:\/\/comt.cat\/wp-content\/uploads\/2024\/07\/DESTACADA_Tarragona-desdel-mar-768x349.webp 768w, https:\/\/comt.cat\/wp-content\/uploads\/2024\/07\/DESTACADA_Tarragona-desdel-mar-1536x698.webp 1536w, https:\/\/comt.cat\/wp-content\/uploads\/2024\/07\/DESTACADA_Tarragona-desdel-mar-600x273.webp 600w\" sizes=\"(max-width: 1540px) 100vw, 1540px\" \/>\t\t\t\t<div class=\"overlay\" style=\"background-color:rgba(105, 105, 105, 0.802)\"><\/div>\t\t\t\t\t\t\t<\/div>\n\t\t\t\t\t<\/div>\n\n\t\t<div class=\"box-text text-center is-large\" style=\"background-color:rgb(243, 243, 243);padding:27px 0px 20px 0px;\">\n\t\t\t<div class=\"box-text-inner\">\n\t\t\t\t\n\n<h3>ACTIVIDAD CERRADA<\/h3>\n<p>\u00a0<\/p>\n<h4>Arque\u00f3logos por un d\u00eda<\/h4>\n<h4>\u00a0\u00a0<\/h4>\n<p>\u00a0<\/p>\n<p>28 y 29 de septiembre de 2024<\/p>\n\n\t\t\t<\/div>\n\t\t<\/div>\n\t<\/div>\n\t\n<a href=\"https:\/\/www.turismedetarragona.com\/ca\/tour\/arqueolegs-per-un-dia-comt-2024\/\" class=\"button white expand\" >\n\t\t<span>M\u00e1s informaci\u00f3n<\/span>\n\t<\/a>\n\n\n\n\t\t<\/div>\n\t\t\t\t\t<\/div>\n\n\t\n\n\t<div id=\"col-233761269\" class=\"col medium-3 small-12 large-3\"  >\n\t\t\t\t<div class=\"col-inner\"  >\n\t\t\t\n\t\t\t\n\n\t<div class=\"box has-hover   has-hover box-text-bottom\" >\n\n\t\t<div class=\"box-image\" >\n\t\t\t\t\t\t<div class=\"\" >\n\t\t\t\t<img loading=\"lazy\" decoding=\"async\" width=\"1540\" height=\"700\" src=\"https:\/\/comt.cat\/wp-content\/uploads\/2024\/07\/DESTACADA_Tarragona-desdel-mar.webp\" class=\"attachment- size-\" alt=\"DESTACADA Pla Oci Tarragona des del Mar 2024\" srcset=\"https:\/\/comt.cat\/wp-content\/uploads\/2024\/07\/DESTACADA_Tarragona-desdel-mar.webp 1540w, https:\/\/comt.cat\/wp-content\/uploads\/2024\/07\/DESTACADA_Tarragona-desdel-mar-300x136.webp 300w, https:\/\/comt.cat\/wp-content\/uploads\/2024\/07\/DESTACADA_Tarragona-desdel-mar-1024x465.webp 1024w, https:\/\/comt.cat\/wp-content\/uploads\/2024\/07\/DESTACADA_Tarragona-desdel-mar-768x349.webp 768w, https:\/\/comt.cat\/wp-content\/uploads\/2024\/07\/DESTACADA_Tarragona-desdel-mar-1536x698.webp 1536w, https:\/\/comt.cat\/wp-content\/uploads\/2024\/07\/DESTACADA_Tarragona-desdel-mar-600x273.webp 600w\" sizes=\"(max-width: 1540px) 100vw, 1540px\" \/>\t\t\t\t<div class=\"overlay\" style=\"background-color:rgba(105, 105, 105, 0.802)\"><\/div>\t\t\t\t\t\t\t<\/div>\n\t\t\t\t\t<\/div>\n\n\t\t<div class=\"box-text text-center is-large\" style=\"background-color:rgb(243, 243, 243);padding:27px 0px 20px 0px;\">\n\t\t\t<div class=\"box-text-inner\">\n\t\t\t\t\n\n<h3>ACTIVIDAD CERRADA<\/h3>\n<p>\u00a0<\/p>\n<h4>Tarragona desde el mar<\/h4>\n<h4>\u00a0\u00a0<\/h4>\n<p>\u00a0<\/p>\n<p>03 de agosto de 2024<\/p>\n\n\t\t\t<\/div>\n\t\t<\/div>\n\t<\/div>\n\t\n<a href=\"https:\/\/www.turismedetarragona.com\/ca\/tour\/tarragona-des-del-mar-comt\/\" class=\"button white expand\" >\n\t\t<span>M\u00e1s informaci\u00f3n<\/span>\n\t<\/a>\n\n\n\n\t\t<\/div>\n\t\t\t\t\t<\/div>\n\n\t\n\n\t<div id=\"col-1171893818\" class=\"col medium-3 small-12 large-3\"  >\n\t\t\t\t<div class=\"col-inner\"  >\n\t\t\t\n\t\t\t\n\n\t<div class=\"box has-hover   has-hover box-text-bottom\" >\n\n\t\t<div class=\"box-image\" >\n\t\t\t\t\t\t<div class=\"\" >\n\t\t\t\t<img loading=\"lazy\" decoding=\"async\" width=\"1540\" height=\"700\" src=\"https:\/\/comt.cat\/wp-content\/uploads\/2024\/07\/DESTACADA-Pla-OCI-Pastor.webp\" class=\"attachment- size-\" alt=\"Destacada Pla OCi Pastor_OK\" srcset=\"https:\/\/comt.cat\/wp-content\/uploads\/2024\/07\/DESTACADA-Pla-OCI-Pastor.webp 1540w, https:\/\/comt.cat\/wp-content\/uploads\/2024\/07\/DESTACADA-Pla-OCI-Pastor-300x136.webp 300w, https:\/\/comt.cat\/wp-content\/uploads\/2024\/07\/DESTACADA-Pla-OCI-Pastor-1024x465.webp 1024w, https:\/\/comt.cat\/wp-content\/uploads\/2024\/07\/DESTACADA-Pla-OCI-Pastor-768x349.webp 768w, https:\/\/comt.cat\/wp-content\/uploads\/2024\/07\/DESTACADA-Pla-OCI-Pastor-1536x698.webp 1536w, https:\/\/comt.cat\/wp-content\/uploads\/2024\/07\/DESTACADA-Pla-OCI-Pastor-600x273.webp 600w\" sizes=\"(max-width: 1540px) 100vw, 1540px\" \/>\t\t\t\t<div class=\"overlay\" style=\"background-color:rgba(105, 105, 105, 0.802)\"><\/div>\t\t\t\t\t\t\t<\/div>\n\t\t\t\t\t<\/div>\n\n\t\t<div class=\"box-text text-center is-large\" style=\"background-color:rgb(243, 243, 243);padding:27px 0px 20px 0px;\">\n\t\t\t<div class=\"box-text-inner\">\n\t\t\t\t\n\n<h3>ACTIVIDAD CERRADA<\/h3>\n<p>\u00a0<\/p>\n<h4>Pastor por un d\u00eda<\/h4>\n<h4>\u00a0\u00a0<\/h4>\n<p>\u00a0<\/p>\n<p>28 y 30 de junio de 2024<\/p>\n\n\t\t\t<\/div>\n\t\t<\/div>\n\t<\/div>\n\t\n<a href=\"https:\/\/www.turismedetarragona.com\/ca\/tour\/pastor-per-un-dia-comt-2024\/\" class=\"button white expand\" >\n\t\t<span>M\u00e1s informaci\u00f3n<\/span>\n\t<\/a>\n\n\n\n\t\t<\/div>\n\t\t\t\t\t<\/div>\n\n\t\n\n\t<div id=\"col-106846141\" class=\"col medium-3 small-12 large-3\"  >\n\t\t\t\t<div class=\"col-inner\"  >\n\t\t\t\n\t\t\t\n\n\t<div class=\"box has-hover   has-hover box-text-bottom\" >\n\n\t\t<div class=\"box-image\" >\n\t\t\t\t\t\t<div class=\"\" >\n\t\t\t\t<img loading=\"lazy\" decoding=\"async\" width=\"1540\" height=\"700\" src=\"https:\/\/comt.cat\/wp-content\/uploads\/2024\/05\/DESTACADA-PLA-OCI_celler-i-xocolate.webp\" class=\"attachment- size-\" alt=\"DESTACADA PLA OCI_celler i xocolata\" srcset=\"https:\/\/comt.cat\/wp-content\/uploads\/2024\/05\/DESTACADA-PLA-OCI_celler-i-xocolate.webp 1540w, https:\/\/comt.cat\/wp-content\/uploads\/2024\/05\/DESTACADA-PLA-OCI_celler-i-xocolate-300x136.webp 300w, https:\/\/comt.cat\/wp-content\/uploads\/2024\/05\/DESTACADA-PLA-OCI_celler-i-xocolate-1024x465.webp 1024w, https:\/\/comt.cat\/wp-content\/uploads\/2024\/05\/DESTACADA-PLA-OCI_celler-i-xocolate-768x349.webp 768w, https:\/\/comt.cat\/wp-content\/uploads\/2024\/05\/DESTACADA-PLA-OCI_celler-i-xocolate-1536x698.webp 1536w\" sizes=\"(max-width: 1540px) 100vw, 1540px\" \/>\t\t\t\t<div class=\"overlay\" style=\"background-color:rgba(105, 105, 105, 0.802)\"><\/div>\t\t\t\t\t\t\t<\/div>\n\t\t\t\t\t<\/div>\n\n\t\t<div class=\"box-text text-center is-large\" style=\"background-color:rgb(243, 243, 243);padding:27px 0px 20px 0px;\">\n\t\t\t<div class=\"box-text-inner\">\n\t\t\t\t\n\n<h3>ACTIVIDAD CERRADA<\/h3>\n<p>\u00a0<\/p>\n<h4>Visita a la Bodega Mas Vicen\u00e7<\/h4>\n<h4>\u00a0\u00a0<\/h4>\n<p>25 de mayo de 2024<\/p>\n\n\t\t\t<\/div>\n\t\t<\/div>\n\t<\/div>\n\t\n<a href=\"https:\/\/www.turismedetarragona.com\/ca\/tour\/visita-celler-mas-vicenc-comt-2024\/\" class=\"button white expand\" >\n\t\t<span>M\u00e1s informaci\u00f3n<\/span>\n\t<\/a>\n\n\n\n\t\t<\/div>\n\t\t\t\t\t<\/div>\n\n\t\n\n\t<div id=\"col-508676516\" class=\"col medium-3 small-12 large-3\"  >\n\t\t\t\t<div class=\"col-inner\"  >\n\t\t\t\n\t\t\t\n\n\t<div class=\"box has-hover   has-hover box-text-bottom\" >\n\n\t\t<div class=\"box-image\" >\n\t\t\t\t\t\t<div class=\"\" >\n\t\t\t\t<img loading=\"lazy\" decoding=\"async\" width=\"1540\" height=\"700\" src=\"https:\/\/comt.cat\/wp-content\/uploads\/2024\/03\/Destacada-Pla-Oci-Delta-Ebre_Abril-1.webp\" class=\"attachment- size-\" alt=\"Destacada Pla Oci Delta Ebre_Abril2024\" srcset=\"https:\/\/comt.cat\/wp-content\/uploads\/2024\/03\/Destacada-Pla-Oci-Delta-Ebre_Abril-1.webp 1540w, https:\/\/comt.cat\/wp-content\/uploads\/2024\/03\/Destacada-Pla-Oci-Delta-Ebre_Abril-1-300x136.webp 300w, https:\/\/comt.cat\/wp-content\/uploads\/2024\/03\/Destacada-Pla-Oci-Delta-Ebre_Abril-1-1024x465.webp 1024w, https:\/\/comt.cat\/wp-content\/uploads\/2024\/03\/Destacada-Pla-Oci-Delta-Ebre_Abril-1-768x349.webp 768w, https:\/\/comt.cat\/wp-content\/uploads\/2024\/03\/Destacada-Pla-Oci-Delta-Ebre_Abril-1-1536x698.webp 1536w\" sizes=\"(max-width: 1540px) 100vw, 1540px\" \/>\t\t\t\t<div class=\"overlay\" style=\"background-color:rgba(105, 105, 105, 0.802)\"><\/div>\t\t\t\t\t\t\t<\/div>\n\t\t\t\t\t<\/div>\n\n\t\t<div class=\"box-text text-center is-large\" style=\"background-color:rgb(243, 243, 243);padding:27px 0px 20px 0px;\">\n\t\t\t<div class=\"box-text-inner\">\n\t\t\t\t\n\n<h3>ACTIVIDAD CERRADA<\/h3>\n<p>\u00a0<\/p>\n<h4>Excursi\u00f3n al Delta de l&#8217;Ebre, con barca arroz y flamencos<\/h4>\n<h4>\u00a0\u00a0<\/h4>\n<p>27 de abril 2024<\/p>\n\n\t\t\t<\/div>\n\t\t<\/div>\n\t<\/div>\n\t\n<a href=\"https:\/\/www.turismedetarragona.com\/ca\/tour\/excursio-delta-de-lebre-barca-arros-flamencs-comt-2024\/\" class=\"button white expand\" >\n\t\t<span>M\u00e1s informaci\u00f3n<\/span>\n\t<\/a>\n\n\n\n\t\t<\/div>\n\t\t\t\t\t<\/div>\n\n\t\n\n\t<div id=\"col-1806972878\" class=\"col medium-3 small-12 large-3\"  >\n\t\t\t\t<div class=\"col-inner\"  >\n\t\t\t\n\t\t\t\n\n\t<div class=\"box has-hover   has-hover box-text-bottom\" >\n\n\t\t<div class=\"box-image\" >\n\t\t\t\t\t\t<div class=\"\" >\n\t\t\t\t<img loading=\"lazy\" decoding=\"async\" width=\"1540\" height=\"700\" src=\"https:\/\/comt.cat\/wp-content\/uploads\/2024\/03\/Destacada-Necropoli-i-Centcelles.webp\" class=\"attachment- size-\" alt=\"Destacada Necropoli i Centcelles Pla Oci\" srcset=\"https:\/\/comt.cat\/wp-content\/uploads\/2024\/03\/Destacada-Necropoli-i-Centcelles.webp 1540w, https:\/\/comt.cat\/wp-content\/uploads\/2024\/03\/Destacada-Necropoli-i-Centcelles-300x136.webp 300w, https:\/\/comt.cat\/wp-content\/uploads\/2024\/03\/Destacada-Necropoli-i-Centcelles-1024x465.webp 1024w, https:\/\/comt.cat\/wp-content\/uploads\/2024\/03\/Destacada-Necropoli-i-Centcelles-768x349.webp 768w, https:\/\/comt.cat\/wp-content\/uploads\/2024\/03\/Destacada-Necropoli-i-Centcelles-1536x698.webp 1536w\" sizes=\"(max-width: 1540px) 100vw, 1540px\" \/>\t\t\t\t<div class=\"overlay\" style=\"background-color:rgba(105, 105, 105, 0.802)\"><\/div>\t\t\t\t\t\t\t<\/div>\n\t\t\t\t\t<\/div>\n\n\t\t<div class=\"box-text text-center is-large\" style=\"background-color:rgb(243, 243, 243);padding:27px 0px 20px 0px;\">\n\t\t\t<div class=\"box-text-inner\">\n\t\t\t\t\n\n<h3>ACTIVIDAD CERRADA<\/h3>\n<p>\u00a0<\/p>\n<h4>Visita guiada a la Necr\u00f2poli y al conjunto de Centcelles<\/h4>\n<h4>\u00a0\u00a0<\/h4>\n<p>17 y 18 de marzo 2024<\/p>\n\n\t\t\t<\/div>\n\t\t<\/div>\n\t<\/div>\n\t\n<a href=\"https:\/\/www.turismedetarragona.com\/ca\/tour\/visita-guiada-necropoli-centcelles-comt-2024\/\" class=\"button white expand\" >\n\t\t<span>M\u00e1s informaci\u00f3n<\/span>\n\t<\/a>\n\n\n\n\t\t<\/div>\n\t\t\t\t\t<\/div>\n\n\t\n\n\t<div id=\"col-855126627\" class=\"col medium-3 small-12 large-3\"  >\n\t\t\t\t<div class=\"col-inner\"  >\n\t\t\t\n\t\t\t\n\n\t<div class=\"box has-hover   has-hover box-text-bottom\" >\n\n\t\t<div class=\"box-image\" >\n\t\t\t\t\t\t<div class=\"\" >\n\t\t\t\t<img loading=\"lazy\" decoding=\"async\" width=\"1540\" height=\"700\" src=\"https:\/\/comt.cat\/wp-content\/uploads\/2024\/01\/Destacada_PlaOci_Aldover.webp\" class=\"attachment- size-\" alt=\"Destacada_PlaOci_Aldover24\" srcset=\"https:\/\/comt.cat\/wp-content\/uploads\/2024\/01\/Destacada_PlaOci_Aldover.webp 1540w, https:\/\/comt.cat\/wp-content\/uploads\/2024\/01\/Destacada_PlaOci_Aldover-300x136.webp 300w, https:\/\/comt.cat\/wp-content\/uploads\/2024\/01\/Destacada_PlaOci_Aldover-1024x465.webp 1024w, https:\/\/comt.cat\/wp-content\/uploads\/2024\/01\/Destacada_PlaOci_Aldover-768x349.webp 768w, https:\/\/comt.cat\/wp-content\/uploads\/2024\/01\/Destacada_PlaOci_Aldover-1536x698.webp 1536w\" sizes=\"(max-width: 1540px) 100vw, 1540px\" \/>\t\t\t\t<div class=\"overlay\" style=\"background-color:rgba(105, 105, 105, 0.802)\"><\/div>\t\t\t\t\t\t\t<\/div>\n\t\t\t\t\t<\/div>\n\n\t\t<div class=\"box-text text-center is-large\" style=\"background-color:rgb(243, 243, 243);padding:27px 0px 20px 0px;\">\n\t\t\t<div class=\"box-text-inner\">\n\t\t\t\t\n\n<h3>ACTIVIDAD CERRADA<\/h3>\n<p>\u00a0<\/p>\n<h4>Visita finca de c\u00edtricos en el Ebro y comida de brasa<\/h4>\n<h4>\u00a0\u00a0<\/h4>\n<p>24 de febrero 2024<\/p>\n\n\t\t\t<\/div>\n\t\t<\/div>\n\t<\/div>\n\t\n<a href=\"https:\/\/www.turismedetarragona.com\/ca\/tour\/visita-finca-citrics-ebre-dinar-brasa-comt-2024\/\" class=\"button white expand\" >\n\t\t<span>M\u00e1s informaci\u00f3n<\/span>\n\t<\/a>\n\n\n\n\t\t<\/div>\n\t\t\t\t\t<\/div>\n\n\t\n\n\t<div id=\"col-1410888486\" class=\"col medium-3 small-12 large-3\"  >\n\t\t\t\t<div class=\"col-inner\"  >\n\t\t\t\n\t\t\t\n\n\t<div class=\"box has-hover   has-hover box-text-bottom\" >\n\n\t\t<div class=\"box-image\" >\n\t\t\t\t\t\t<div class=\"\" >\n\t\t\t\t<img loading=\"lazy\" decoding=\"async\" width=\"1540\" height=\"700\" src=\"https:\/\/comt.cat\/wp-content\/uploads\/2024\/01\/DestacadaItinereGener24.webp\" class=\"attachment- size-\" alt=\"Destacada Itinere Gener24\" srcset=\"https:\/\/comt.cat\/wp-content\/uploads\/2024\/01\/DestacadaItinereGener24.webp 1540w, https:\/\/comt.cat\/wp-content\/uploads\/2024\/01\/DestacadaItinereGener24-300x136.webp 300w, https:\/\/comt.cat\/wp-content\/uploads\/2024\/01\/DestacadaItinereGener24-1024x465.webp 1024w, https:\/\/comt.cat\/wp-content\/uploads\/2024\/01\/DestacadaItinereGener24-768x349.webp 768w, https:\/\/comt.cat\/wp-content\/uploads\/2024\/01\/DestacadaItinereGener24-1536x698.webp 1536w\" sizes=\"(max-width: 1540px) 100vw, 1540px\" \/>\t\t\t\t<div class=\"overlay\" style=\"background-color:rgba(105, 105, 105, 0.802)\"><\/div>\t\t\t\t\t\t\t<\/div>\n\t\t\t\t\t<\/div>\n\n\t\t<div class=\"box-text text-center is-large\" style=\"background-color:rgb(243, 243, 243);padding:27px 0px 20px 0px;\">\n\t\t\t<div class=\"box-text-inner\">\n\t\t\t\t\n\n<h3>ACTIVIDAD CERRADA<\/h3>\n<p>\u00a0<\/p>\n<h4>Visita &#8211; Vila Montblanc y Hospeder\u00eda Poblet<\/h4>\n<h4>\u00a0\u00a0<\/h4>\n<p>27 de enero 2024<\/p>\n\n\t\t\t<\/div>\n\t\t<\/div>\n\t<\/div>\n\t\n<a href=\"https:\/\/www.turismedetarragona.com\/ca\/tour\/visita-guiada-montblanc-calcotada-lhostatgeria-poblet-comt-2024\/\" class=\"button white expand\" >\n\t\t<span>M\u00e1s informaci\u00f3n<\/span>\n\t<\/a>\n\n\n\n\t\t<\/div>\n\t\t\t\t\t<\/div>\n\n\t\n\n<\/div>\n<div class=\"container section-title-container\" ><h2 class=\"section-title section-title-normal\"><b aria-hidden=\"true\"><\/b><span class=\"section-title-main\" style=\"color:#45dace;\">Plan de ocio 2023<\/span><b aria-hidden=\"true\"><\/b><\/h2><\/div>\n\n<div class=\"row\"  id=\"row-241633696\">\n\n\n\t<div id=\"col-1208992143\" class=\"col medium-3 small-12 large-3\"  >\n\t\t\t\t<div class=\"col-inner\"  >\n\t\t\t\n\t\t\t\n\n\t<div class=\"box has-hover   has-hover box-text-bottom\" >\n\n\t\t<div class=\"box-image\" >\n\t\t\t\t\t\t<div class=\"\" >\n\t\t\t\t<img loading=\"lazy\" decoding=\"async\" width=\"1540\" height=\"700\" src=\"https:\/\/comt.cat\/wp-content\/uploads\/2023\/11\/Destacada-PLAOCI-Setge.webp\" class=\"attachment- size-\" alt=\"Destacada PLAOCI Setge\" srcset=\"https:\/\/comt.cat\/wp-content\/uploads\/2023\/11\/Destacada-PLAOCI-Setge.webp 1540w, https:\/\/comt.cat\/wp-content\/uploads\/2023\/11\/Destacada-PLAOCI-Setge-300x136.webp 300w, https:\/\/comt.cat\/wp-content\/uploads\/2023\/11\/Destacada-PLAOCI-Setge-1024x465.webp 1024w, https:\/\/comt.cat\/wp-content\/uploads\/2023\/11\/Destacada-PLAOCI-Setge-768x349.webp 768w, https:\/\/comt.cat\/wp-content\/uploads\/2023\/11\/Destacada-PLAOCI-Setge-1536x698.webp 1536w\" sizes=\"(max-width: 1540px) 100vw, 1540px\" \/>\t\t\t\t<div class=\"overlay\" style=\"background-color:rgba(105, 105, 105, 0.802)\"><\/div>\t\t\t\t\t\t\t<\/div>\n\t\t\t\t\t<\/div>\n\n\t\t<div class=\"box-text text-center is-large\" style=\"background-color:rgb(243, 243, 243);padding:27px 0px 20px 0px;\">\n\t\t\t<div class=\"box-text-inner\">\n\t\t\t\t\n\n<h3>ACTIVIDAD CERRADA<\/h3>\n<p>\u00a0<\/p>\n<h4>Visita &#8211; Tarragona 1811: asedio napole\u00f3nico y presa de la ciudad<\/h4>\n<h4>\u00a0\u00a0<\/h4>\n<p>02 i 03 de diciembre 2023<\/p>\n\n\t\t\t<\/div>\n\t\t<\/div>\n\t<\/div>\n\t\n<a href=\"https:\/\/www.turismedetarragona.com\/ca\/tour\/tarragona-1881-setge-napoleonic-comt\/\" class=\"button white expand\" >\n\t\t<span>M\u00e1s informaci\u00f3n<\/span>\n\t<\/a>\n\n\n\n\t\t<\/div>\n\t\t\t\t\t<\/div>\n\n\t\n\n\t<div id=\"col-1344915786\" class=\"col medium-3 small-12 large-3\"  >\n\t\t\t\t<div class=\"col-inner\"  >\n\t\t\t\n\t\t\t\n\n\t<div class=\"box has-hover   has-hover box-text-bottom\" >\n\n\t\t<div class=\"box-image\" >\n\t\t\t\t\t\t<div class=\"\" >\n\t\t\t\t<img loading=\"lazy\" decoding=\"async\" width=\"1540\" height=\"700\" src=\"https:\/\/comt.cat\/wp-content\/uploads\/2023\/10\/DestacadaPlaOci_EspaisRuralsTGN.webp\" class=\"attachment- size-\" alt=\"DestacadaPlaOci_EspaisRuralsTGN\" srcset=\"https:\/\/comt.cat\/wp-content\/uploads\/2023\/10\/DestacadaPlaOci_EspaisRuralsTGN.webp 1540w, https:\/\/comt.cat\/wp-content\/uploads\/2023\/10\/DestacadaPlaOci_EspaisRuralsTGN-300x136.webp 300w, https:\/\/comt.cat\/wp-content\/uploads\/2023\/10\/DestacadaPlaOci_EspaisRuralsTGN-1024x465.webp 1024w, https:\/\/comt.cat\/wp-content\/uploads\/2023\/10\/DestacadaPlaOci_EspaisRuralsTGN-768x349.webp 768w, https:\/\/comt.cat\/wp-content\/uploads\/2023\/10\/DestacadaPlaOci_EspaisRuralsTGN-1536x698.webp 1536w\" sizes=\"(max-width: 1540px) 100vw, 1540px\" \/>\t\t\t\t<div class=\"overlay\" style=\"background-color:rgba(105, 105, 105, 0.802)\"><\/div>\t\t\t\t\t\t\t<\/div>\n\t\t\t\t\t<\/div>\n\n\t\t<div class=\"box-text text-center is-large\" style=\"background-color:rgb(243, 243, 243);padding:27px 0px 20px 0px;\">\n\t\t\t<div class=\"box-text-inner\">\n\t\t\t\t\n\n<h3>ACTIVIDAD CERRADA<\/h3>\n<p>\u00a0<\/p>\n<h4>Visita &#8211; Ruta por los espacios de los espacios rurales de Tarraco<\/h4>\n<h4>\u00a0\u00a0<\/h4>\n<p>18 de noviembre 2023<\/p>\n\n\t\t\t<\/div>\n\t\t<\/div>\n\t<\/div>\n\t\n<a href=\"https:\/\/www.turismedetarragona.com\/ca\/tour\/ruta-guiada-espais-rurals-tarraco-comt\/\" class=\"button white expand\" >\n\t\t<span>M\u00e1s informaci\u00f3n<\/span>\n\t<\/a>\n\n\n\n\t\t<\/div>\n\t\t\t\t\t<\/div>\n\n\t\n\n\t<div id=\"col-1886458459\" class=\"col medium-3 small-12 large-3\"  >\n\t\t\t\t<div class=\"col-inner\"  >\n\t\t\t\n\t\t\t\n\n\t<div class=\"box has-hover   has-hover box-text-bottom\" >\n\n\t\t<div class=\"box-image\" >\n\t\t\t\t\t\t<div class=\"\" >\n\t\t\t\t<img loading=\"lazy\" decoding=\"async\" width=\"1540\" height=\"700\" src=\"https:\/\/comt.cat\/wp-content\/uploads\/2023\/09\/DESTACADA_PladociBatallaEbre.webp\" class=\"attachment- size-\" alt=\"\" srcset=\"https:\/\/comt.cat\/wp-content\/uploads\/2023\/09\/DESTACADA_PladociBatallaEbre.webp 1540w, https:\/\/comt.cat\/wp-content\/uploads\/2023\/09\/DESTACADA_PladociBatallaEbre-300x136.webp 300w, https:\/\/comt.cat\/wp-content\/uploads\/2023\/09\/DESTACADA_PladociBatallaEbre-1024x465.webp 1024w, https:\/\/comt.cat\/wp-content\/uploads\/2023\/09\/DESTACADA_PladociBatallaEbre-768x349.webp 768w, https:\/\/comt.cat\/wp-content\/uploads\/2023\/09\/DESTACADA_PladociBatallaEbre-1536x698.webp 1536w\" sizes=\"(max-width: 1540px) 100vw, 1540px\" \/>\t\t\t\t<div class=\"overlay\" style=\"background-color:rgba(105, 105, 105, 0.802)\"><\/div>\t\t\t\t\t\t\t<\/div>\n\t\t\t\t\t<\/div>\n\n\t\t<div class=\"box-text text-center is-large\" style=\"background-color:rgb(243, 243, 243);padding:27px 0px 20px 0px;\">\n\t\t\t<div class=\"box-text-inner\">\n\t\t\t\t\n\n<h3>ACTIVIDAD CERRADA<\/h3>\n<p>\u00a0<\/p>\n<h4>Visita &#8211; Ruta por los espacios de la Batalla del Ebro<\/h4>\n<h4>\u00a0\u00a0<\/h4>\n<p>21 de octubre 2023<\/p>\n\n\t\t\t<\/div>\n\t\t<\/div>\n\t<\/div>\n\t\n<a href=\"https:\/\/www.turismedetarragona.com\/ca\/tour\/ruta-espais-batalla-ebre-comt\/\" class=\"button white expand\" >\n\t\t<span>M\u00e1s informaci\u00f3n<\/span>\n\t<\/a>\n\n\n\n\t\t<\/div>\n\t\t\t\t\t<\/div>\n\n\t\n\n\t<div id=\"col-1639302591\" class=\"col medium-3 small-12 large-3\"  >\n\t\t\t\t<div class=\"col-inner\"  >\n\t\t\t\n\t\t\t\n\n\t<div class=\"box has-hover   has-hover box-text-bottom\" >\n\n\t\t<div class=\"box-image\" >\n\t\t\t\t\t\t<div class=\"\" >\n\t\t\t\t<img loading=\"lazy\" decoding=\"async\" width=\"1540\" height=\"700\" src=\"https:\/\/comt.cat\/wp-content\/uploads\/2023\/08\/PladociRamblaNova.webp\" class=\"attachment- size-\" alt=\"Destacada PladociRamblaNova\" srcset=\"https:\/\/comt.cat\/wp-content\/uploads\/2023\/08\/PladociRamblaNova.webp 1540w, https:\/\/comt.cat\/wp-content\/uploads\/2023\/08\/PladociRamblaNova-300x136.webp 300w, https:\/\/comt.cat\/wp-content\/uploads\/2023\/08\/PladociRamblaNova-1024x465.webp 1024w, https:\/\/comt.cat\/wp-content\/uploads\/2023\/08\/PladociRamblaNova-768x349.webp 768w, https:\/\/comt.cat\/wp-content\/uploads\/2023\/08\/PladociRamblaNova-1536x698.webp 1536w\" sizes=\"(max-width: 1540px) 100vw, 1540px\" \/>\t\t\t\t<div class=\"overlay\" style=\"background-color:rgba(105, 105, 105, 0.802)\"><\/div>\t\t\t\t\t\t\t<\/div>\n\t\t\t\t\t<\/div>\n\n\t\t<div class=\"box-text text-center is-large\" style=\"background-color:rgb(243, 243, 243);padding:27px 0px 20px 0px;\">\n\t\t\t<div class=\"box-text-inner\">\n\t\t\t\t\n\n<h3>ACTIVIDAD CERRADA<\/h3>\n<p>&nbsp;<\/p>\n<h4>Visita &#8211; La Rambla Nova de Tarragona<\/h4>\n<h4>&nbsp;&nbsp;<\/h4>\n<p>07 y 08 de septiembre 2023<\/p>\n\n\t\t\t<\/div>\n\t\t<\/div>\n\t<\/div>\n\t\n<a href=\"https:\/\/www.turismedetarragona.com\/ca\/tour\/la-rambla-nova-de-tarragona-comt\/\" class=\"button white expand\" >\n\t\t<span>M\u00e1s informaci\u00f3n<\/span>\n\t<\/a>\n\n\n\n\t\t<\/div>\n\t\t\t\t\t<\/div>\n\n\t\n\n\t<div id=\"col-982070623\" class=\"col medium-3 small-12 large-3\"  >\n\t\t\t\t<div class=\"col-inner\"  >\n\t\t\t\n\t\t\t\n\n\t<div class=\"box has-hover   has-hover box-text-bottom\" >\n\n\t\t<div class=\"box-image\" >\n\t\t\t\t\t\t<div class=\"\" >\n\t\t\t\t<img loading=\"lazy\" decoding=\"async\" width=\"1540\" height=\"700\" src=\"https:\/\/comt.cat\/wp-content\/uploads\/2023\/06\/Imatge-DESTACADA_PlaOciBarca.webp\" class=\"attachment- size-\" alt=\"Imatge DESTACADA_PlaOciBarca\" srcset=\"https:\/\/comt.cat\/wp-content\/uploads\/2023\/06\/Imatge-DESTACADA_PlaOciBarca.webp 1540w, https:\/\/comt.cat\/wp-content\/uploads\/2023\/06\/Imatge-DESTACADA_PlaOciBarca-300x136.webp 300w, https:\/\/comt.cat\/wp-content\/uploads\/2023\/06\/Imatge-DESTACADA_PlaOciBarca-1024x465.webp 1024w, https:\/\/comt.cat\/wp-content\/uploads\/2023\/06\/Imatge-DESTACADA_PlaOciBarca-768x349.webp 768w, https:\/\/comt.cat\/wp-content\/uploads\/2023\/06\/Imatge-DESTACADA_PlaOciBarca-1536x698.webp 1536w\" sizes=\"(max-width: 1540px) 100vw, 1540px\" \/>\t\t\t\t<div class=\"overlay\" style=\"background-color:rgba(105, 105, 105, 0.802)\"><\/div>\t\t\t\t\t\t\t<\/div>\n\t\t\t\t\t<\/div>\n\n\t\t<div class=\"box-text text-center is-large\" style=\"background-color:rgb(243, 243, 243);padding:27px 0px 20px 0px;\">\n\t\t\t<div class=\"box-text-inner\">\n\t\t\t\t\n\n<h3>ACTIVIDAD CERRADA<\/h3>\n<p>&nbsp;<\/p>\n<h4>Visita &#8211; Tarragona desde el mar<\/h4>\n<h4>&nbsp;&nbsp;<\/h4>\n<p>08 de julio 2023<\/p>\n\n\t\t\t<\/div>\n\t\t<\/div>\n\t<\/div>\n\t\n<a href=\"https:\/\/www.turismedetarragona.com\/ca\/tour\/tarragona-des-del-mar-comt\/\" class=\"button white expand\" >\n\t\t<span>M\u00e1s informaci\u00f3n<\/span>\n\t<\/a>\n\n\n\n\t\t<\/div>\n\t\t\t\t\t<\/div>\n\n\t\n\n\t<div id=\"col-1318894002\" class=\"col medium-3 small-12 large-3\"  >\n\t\t\t\t<div class=\"col-inner\"  >\n\t\t\t\n\t\t\t\n\n\t<div class=\"box has-hover   has-hover box-text-bottom\" >\n\n\t\t<div class=\"box-image\" >\n\t\t\t\t\t\t<div class=\"\" >\n\t\t\t\t<img loading=\"lazy\" decoding=\"async\" width=\"1540\" height=\"700\" src=\"https:\/\/comt.cat\/wp-content\/uploads\/2023\/06\/Destacada-Celler-Janine_Sushi.webp\" class=\"attachment- size-\" alt=\"Destacada_Plaoci Celler Janine Sushi\" srcset=\"https:\/\/comt.cat\/wp-content\/uploads\/2023\/06\/Destacada-Celler-Janine_Sushi.webp 1540w, https:\/\/comt.cat\/wp-content\/uploads\/2023\/06\/Destacada-Celler-Janine_Sushi-300x136.webp 300w, https:\/\/comt.cat\/wp-content\/uploads\/2023\/06\/Destacada-Celler-Janine_Sushi-1024x465.webp 1024w, https:\/\/comt.cat\/wp-content\/uploads\/2023\/06\/Destacada-Celler-Janine_Sushi-768x349.webp 768w, https:\/\/comt.cat\/wp-content\/uploads\/2023\/06\/Destacada-Celler-Janine_Sushi-1536x698.webp 1536w\" sizes=\"(max-width: 1540px) 100vw, 1540px\" \/>\t\t\t\t<div class=\"overlay\" style=\"background-color:rgba(105, 105, 105, 0.802)\"><\/div>\t\t\t\t\t\t\t<\/div>\n\t\t\t\t\t<\/div>\n\n\t\t<div class=\"box-text text-center is-large\" style=\"background-color:rgb(243, 243, 243);padding:27px 0px 20px 0px;\">\n\t\t\t<div class=\"box-text-inner\">\n\t\t\t\t\n\n<h3>ACTIVIDAD CERRADA<\/h3>\n<p>&nbsp;<\/p>\n<h4>Visita &#8211; Visita a la bodega Janine y taller de sushi<\/h4>\n<h4>&nbsp;&nbsp;<\/h4>\n<p>17 de junio 2023<\/p>\n\n\t\t\t<\/div>\n\t\t<\/div>\n\t<\/div>\n\t\n<a href=\"https:\/\/www.turismedetarragona.com\/ca\/tour\/visita-celler-janine-taller-sushi-comt\/\" class=\"button white expand\" >\n\t\t<span>M\u00e1s informaci\u00f3n<\/span>\n\t<\/a>\n\n\n\n\t\t<\/div>\n\t\t\t\t\t<\/div>\n\n\t\n\n\t<div id=\"col-1634542277\" class=\"col medium-3 small-12 large-3\"  >\n\t\t\t\t<div class=\"col-inner\"  >\n\t\t\t\n\t\t\t\n\n\t<div class=\"box has-hover   has-hover box-text-bottom\" >\n\n\t\t<div class=\"box-image\" >\n\t\t\t\t\t\t<div class=\"\" >\n\t\t\t\t<img loading=\"lazy\" decoding=\"async\" width=\"1540\" height=\"700\" src=\"https:\/\/comt.cat\/wp-content\/uploads\/2023\/05\/DestacadaPladociMasMiro.webp\" class=\"attachment- size-\" alt=\"DestacadaPladociMasMiro\" srcset=\"https:\/\/comt.cat\/wp-content\/uploads\/2023\/05\/DestacadaPladociMasMiro.webp 1540w, https:\/\/comt.cat\/wp-content\/uploads\/2023\/05\/DestacadaPladociMasMiro-300x136.webp 300w, https:\/\/comt.cat\/wp-content\/uploads\/2023\/05\/DestacadaPladociMasMiro-1024x465.webp 1024w, https:\/\/comt.cat\/wp-content\/uploads\/2023\/05\/DestacadaPladociMasMiro-768x349.webp 768w, https:\/\/comt.cat\/wp-content\/uploads\/2023\/05\/DestacadaPladociMasMiro-1536x698.webp 1536w\" sizes=\"(max-width: 1540px) 100vw, 1540px\" \/>\t\t\t\t<div class=\"overlay\" style=\"background-color:rgba(105, 105, 105, 0.802)\"><\/div>\t\t\t\t\t\t\t<\/div>\n\t\t\t\t\t<\/div>\n\n\t\t<div class=\"box-text text-center is-large\" style=\"background-color:rgb(243, 243, 243);padding:27px 0px 20px 0px;\">\n\t\t\t<div class=\"box-text-inner\">\n\t\t\t\t\n\n<h3>ACTIVIDAD CERRADA<\/h3>\n<h4>&nbsp;<\/h4>\n<h4>Visita &#8211; Fundaci\u00f3 Mas Mir\u00f3<\/h4>\n<p>&nbsp;<\/p>\n<p>&nbsp;<\/p>\n<p>27 de mayo de 2023<\/p>\n\n\t\t\t<\/div>\n\t\t<\/div>\n\t<\/div>\n\t\n<a href=\"https:\/\/www.turismedetarragona.com\/ca\/tour\/visita-fundacio-mas-miro-vermut-comt\/\" class=\"button white expand\" >\n\t\t<span>M\u00e1s informaci\u00f3n<\/span>\n\t<\/a>\n\n\n\n\t\t<\/div>\n\t\t\t\t\t<\/div>\n\n\t\n\n\t<div id=\"col-74177768\" class=\"col medium-3 small-12 large-3\"  >\n\t\t\t\t<div class=\"col-inner\"  >\n\t\t\t\n\t\t\t\n\n\t<div class=\"box has-hover   has-hover box-text-bottom\" >\n\n\t\t<div class=\"box-image\" >\n\t\t\t\t\t\t<div class=\"\" >\n\t\t\t\t<img loading=\"lazy\" decoding=\"async\" width=\"1540\" height=\"700\" src=\"https:\/\/comt.cat\/wp-content\/uploads\/2023\/03\/Pla_doci_Tortosa.webp\" class=\"attachment- size-\" alt=\"DESTACADA Pla_doci_Tortosa\" srcset=\"https:\/\/comt.cat\/wp-content\/uploads\/2023\/03\/Pla_doci_Tortosa.webp 1540w, https:\/\/comt.cat\/wp-content\/uploads\/2023\/03\/Pla_doci_Tortosa-300x136.webp 300w, https:\/\/comt.cat\/wp-content\/uploads\/2023\/03\/Pla_doci_Tortosa-1024x465.webp 1024w, https:\/\/comt.cat\/wp-content\/uploads\/2023\/03\/Pla_doci_Tortosa-768x349.webp 768w, https:\/\/comt.cat\/wp-content\/uploads\/2023\/03\/Pla_doci_Tortosa-1536x698.webp 1536w\" sizes=\"(max-width: 1540px) 100vw, 1540px\" \/>\t\t\t\t<div class=\"overlay\" style=\"background-color:rgba(105, 105, 105, 0.802)\"><\/div>\t\t\t\t\t\t\t<\/div>\n\t\t\t\t\t<\/div>\n\n\t\t<div class=\"box-text text-center is-large\" style=\"background-color:rgb(243, 243, 243);padding:27px 0px 20px 0px;\">\n\t\t\t<div class=\"box-text-inner\">\n\t\t\t\t\n\n<h3>ACTIVIDAD CERRADA<\/h3>\n<p>&nbsp;<\/p>\n<h4>Visita &#8211; Excursi\u00f3n de d\u00eda entero a Tortosa<\/h4>\n<p>&nbsp;<\/p>\n<p>15 de abril de 2023<\/p>\n\n\t\t\t<\/div>\n\t\t<\/div>\n\t<\/div>\n\t\n<a href=\"https:\/\/www.turismedetarragona.com\/ca\/tour\/excursio-tortosa-comt\/\" class=\"button white expand\" >\n\t\t<span>M\u00e1s informaci\u00f3n<\/span>\n\t<\/a>\n\n\n\n\t\t<\/div>\n\t\t\t\t\t<\/div>\n\n\t\n\n\t<div id=\"col-1423900397\" class=\"col medium-3 small-12 large-3\"  >\n\t\t\t\t<div class=\"col-inner\"  >\n\t\t\t\n\t\t\t\n\n\t<div class=\"box has-hover   has-hover box-text-bottom\" >\n\n\t\t<div class=\"box-image\" >\n\t\t\t\t\t\t<div class=\"\" >\n\t\t\t\t<img loading=\"lazy\" decoding=\"async\" width=\"1540\" height=\"700\" src=\"https:\/\/comt.cat\/wp-content\/uploads\/2023\/02\/Plaoci-DESTACADA-presseguers.webp\" class=\"attachment- size-\" alt=\"Destacada PlaOci Presseguers\" srcset=\"https:\/\/comt.cat\/wp-content\/uploads\/2023\/02\/Plaoci-DESTACADA-presseguers.webp 1540w, https:\/\/comt.cat\/wp-content\/uploads\/2023\/02\/Plaoci-DESTACADA-presseguers-300x136.webp 300w, https:\/\/comt.cat\/wp-content\/uploads\/2023\/02\/Plaoci-DESTACADA-presseguers-1024x465.webp 1024w, https:\/\/comt.cat\/wp-content\/uploads\/2023\/02\/Plaoci-DESTACADA-presseguers-768x349.webp 768w, https:\/\/comt.cat\/wp-content\/uploads\/2023\/02\/Plaoci-DESTACADA-presseguers-1536x698.webp 1536w\" sizes=\"(max-width: 1540px) 100vw, 1540px\" \/>\t\t\t\t<div class=\"overlay\" style=\"background-color:rgba(105, 105, 105, 0.802)\"><\/div>\t\t\t\t\t\t\t<\/div>\n\t\t\t\t\t<\/div>\n\n\t\t<div class=\"box-text text-center is-large\" style=\"background-color:rgb(243, 243, 243);padding:27px 0px 20px 0px;\">\n\t\t\t<div class=\"box-text-inner\">\n\t\t\t\t\n\n<h3>ACTIVIDAD CERRADA<\/h3>\n<p>&nbsp;<\/p>\n<h4>Visita &#8211; Entre melocotoneros en flor en Tivissa con brunch<\/h4>\n<p>&nbsp;<\/p>\n<p>11 de marzo de 2023<\/p>\n\n\t\t\t<\/div>\n\t\t<\/div>\n\t<\/div>\n\t\n<a href=\"https:\/\/www.turismedetarragona.com\/ca\/tour\/tarragona-llegendaria-misteris-i-crims-comt\/\" class=\"button white expand\" >\n\t\t<span>M\u00e1s informaci\u00f3n<\/span>\n\t<\/a>\n\n\n\n\t\t<\/div>\n\t\t\t\t\t<\/div>\n\n\t\n\n\t<div id=\"col-715755526\" class=\"col medium-3 small-12 large-3\"  >\n\t\t\t\t<div class=\"col-inner\"  >\n\t\t\t\n\t\t\t\n\n\t<div class=\"box has-hover   has-hover box-text-bottom\" >\n\n\t\t<div class=\"box-image\" >\n\t\t\t\t\t\t<div class=\"\" >\n\t\t\t\t<img loading=\"lazy\" decoding=\"async\" width=\"1540\" height=\"700\" src=\"https:\/\/comt.cat\/wp-content\/uploads\/2023\/02\/PladociPoblet.webp\" class=\"attachment- size-\" alt=\"Destacada Pla Oci_PobletOK\" srcset=\"https:\/\/comt.cat\/wp-content\/uploads\/2023\/02\/PladociPoblet.webp 1540w, https:\/\/comt.cat\/wp-content\/uploads\/2023\/02\/PladociPoblet-300x136.webp 300w, https:\/\/comt.cat\/wp-content\/uploads\/2023\/02\/PladociPoblet-1024x465.webp 1024w, https:\/\/comt.cat\/wp-content\/uploads\/2023\/02\/PladociPoblet-768x349.webp 768w, https:\/\/comt.cat\/wp-content\/uploads\/2023\/02\/PladociPoblet-1536x698.webp 1536w\" sizes=\"(max-width: 1540px) 100vw, 1540px\" \/>\t\t\t\t<div class=\"overlay\" style=\"background-color:rgba(105, 105, 105, 0.802)\"><\/div>\t\t\t\t\t\t\t<\/div>\n\t\t\t\t\t<\/div>\n\n\t\t<div class=\"box-text text-center is-large\" style=\"background-color:rgb(243, 243, 243);padding:27px 0px 20px 0px;\">\n\t\t\t<div class=\"box-text-inner\">\n\t\t\t\t\n\n<h3>ACTIVIDAD CERRADA<\/h3>\n<p>&nbsp;<\/p>\n<h4>Visita &#8211; Monestir Santa Maria de Poblet<\/h4>\n<p>&nbsp;<\/p>\n<p>25 de febrero de 2023<\/p>\n\n\t\t\t<\/div>\n\t\t<\/div>\n\t<\/div>\n\t\n<a href=\"https:\/\/www.turismedetarragona.com\/ca\/tour\/entre-presseguers-florits-a-tivissa-amb-brunch-a-laire-lliure-comt\/\" class=\"button white expand\" >\n\t\t<span>M\u00e1s informaci\u00f3n<\/span>\n\t<\/a>\n\n\n\n\t\t<\/div>\n\t\t\t\t\t<\/div>\n\n\t\n\n\t<div id=\"col-1755017085\" class=\"col medium-3 small-12 large-3\"  >\n\t\t\t\t<div class=\"col-inner\"  >\n\t\t\t\n\t\t\t\n\n\t<div class=\"box has-hover   has-hover box-text-bottom\" >\n\n\t\t<div class=\"box-image\" >\n\t\t\t\t\t\t<div class=\"\" >\n\t\t\t\t<img loading=\"lazy\" decoding=\"async\" width=\"1540\" height=\"700\" src=\"https:\/\/comt.cat\/wp-content\/uploads\/2023\/01\/Destacada-noticiaMisteris-i-Crims.jpeg\" class=\"attachment- size-\" alt=\"Destacada noticiaMisteris i Crims\" srcset=\"https:\/\/comt.cat\/wp-content\/uploads\/2023\/01\/Destacada-noticiaMisteris-i-Crims.jpeg 1540w, https:\/\/comt.cat\/wp-content\/uploads\/2023\/01\/Destacada-noticiaMisteris-i-Crims-300x136.jpeg 300w, https:\/\/comt.cat\/wp-content\/uploads\/2023\/01\/Destacada-noticiaMisteris-i-Crims-1024x465.jpeg 1024w, https:\/\/comt.cat\/wp-content\/uploads\/2023\/01\/Destacada-noticiaMisteris-i-Crims-768x349.jpeg 768w, https:\/\/comt.cat\/wp-content\/uploads\/2023\/01\/Destacada-noticiaMisteris-i-Crims-1536x698.jpeg 1536w\" sizes=\"(max-width: 1540px) 100vw, 1540px\" \/>\t\t\t\t<div class=\"overlay\" style=\"background-color:rgba(105, 105, 105, 0.802)\"><\/div>\t\t\t\t\t\t\t<\/div>\n\t\t\t\t\t<\/div>\n\n\t\t<div class=\"box-text text-center is-large\" style=\"background-color:rgb(243, 243, 243);padding:27px 0px 20px 0px;\">\n\t\t\t<div class=\"box-text-inner\">\n\t\t\t\t\n\n<h3>ACTIVIDAD CERRADA<\/h3>\n<p>&nbsp;<\/p>\n<h4>Tarragona legendaria &#8211; Misterios y Cr\u00edmenes<\/h4>\n<h4>&nbsp;&nbsp;<\/h4>\n<p>27 i 28 de enero 2023<\/p>\n\n\t\t\t<\/div>\n\t\t<\/div>\n\t<\/div>\n\t\n<a href=\"https:\/\/www.turismedetarragona.com\/ca\/tour\/tarragona-llegendaria-misteris-i-crims-comt\/\" class=\"button white expand\" >\n\t\t<span>M\u00e1s informaci\u00f3n<\/span>\n\t<\/a>\n\n\n\n\t\t<\/div>\n\t\t\t\t\t<\/div>\n\n\t\n\n<\/div>\n<div class=\"container section-title-container\" ><h2 class=\"section-title section-title-normal\"><b aria-hidden=\"true\"><\/b><span class=\"section-title-main\" style=\"color:#45dace;\">Plan de ocio 2022<\/span><b aria-hidden=\"true\"><\/b><\/h2><\/div>\n\n<div class=\"row\"  id=\"row-1979108254\">\n\n\n\t<div id=\"col-1809333432\" class=\"col medium-3 small-6 large-3\"  >\n\t\t\t\t<div class=\"col-inner\"  >\n\t\t\t\n\t\t\t\n\n\t<div class=\"box has-hover   has-hover box-text-bottom\" >\n\n\t\t<div class=\"box-image\" >\n\t\t\t\t\t\t<div class=\"\" >\n\t\t\t\t<img loading=\"lazy\" decoding=\"async\" width=\"1540\" height=\"700\" src=\"https:\/\/comt.cat\/wp-content\/uploads\/2022\/10\/DestacadaItinereNovembre.webp\" class=\"attachment- size-\" alt=\"DestacadaItinereNovembre\" srcset=\"https:\/\/comt.cat\/wp-content\/uploads\/2022\/10\/DestacadaItinereNovembre.webp 1540w, https:\/\/comt.cat\/wp-content\/uploads\/2022\/10\/DestacadaItinereNovembre-300x136.webp 300w, https:\/\/comt.cat\/wp-content\/uploads\/2022\/10\/DestacadaItinereNovembre-1024x465.webp 1024w, https:\/\/comt.cat\/wp-content\/uploads\/2022\/10\/DestacadaItinereNovembre-768x349.webp 768w, https:\/\/comt.cat\/wp-content\/uploads\/2022\/10\/DestacadaItinereNovembre-1536x698.webp 1536w\" sizes=\"(max-width: 1540px) 100vw, 1540px\" \/>\t\t\t\t<div class=\"overlay\" style=\"background-color:rgba(105, 105, 105, 0.802)\"><\/div>\t\t\t\t\t\t\t<\/div>\n\t\t\t\t\t<\/div>\n\n\t\t<div class=\"box-text text-center is-large\" style=\"background-color:rgb(243, 243, 243);padding:27px 0px 20px 0px;\">\n\t\t\t<div class=\"box-text-inner\">\n\t\t\t\t\n\n<h3>ACTIVIDAD CERRADA<\/h3>\n<p>&nbsp;<\/p>\n<h4>Visita guiada Catedral de Tgna &#8211; Centro hist\u00f3rico<\/h4>\n<p>12 de noivembre 2022<\/p>\n\n\t\t\t<\/div>\n\t\t<\/div>\n\t<\/div>\n\t\n<a href=\"https:\/\/www.turismedetarragona.com\/ca\/tour\/catedral-de-tarragona-comt\/\" class=\"button white expand\" >\n\t\t<span>M\u00e1s informaci\u00f3n<\/span>\n\t<\/a>\n\n\n\n\t\t<\/div>\n\t\t\t\t\t<\/div>\n\n\t\n\n\t<div id=\"col-1327634908\" class=\"col medium-3 small-6 large-3\"  >\n\t\t\t\t<div class=\"col-inner\"  >\n\t\t\t\n\t\t\t\n\n\t<div class=\"box has-hover   has-hover box-text-bottom\" >\n\n\t\t<div class=\"box-image\" >\n\t\t\t\t\t\t<div class=\"\" >\n\t\t\t\t<img loading=\"lazy\" decoding=\"async\" width=\"1540\" height=\"700\" src=\"https:\/\/comt.cat\/wp-content\/uploads\/2022\/09\/Pladoci_Modernisme.webp\" class=\"attachment- size-\" alt=\"Pladoci_Modernisme\" srcset=\"https:\/\/comt.cat\/wp-content\/uploads\/2022\/09\/Pladoci_Modernisme.webp 1540w, https:\/\/comt.cat\/wp-content\/uploads\/2022\/09\/Pladoci_Modernisme-300x136.webp 300w, https:\/\/comt.cat\/wp-content\/uploads\/2022\/09\/Pladoci_Modernisme-1024x465.webp 1024w, https:\/\/comt.cat\/wp-content\/uploads\/2022\/09\/Pladoci_Modernisme-768x349.webp 768w, https:\/\/comt.cat\/wp-content\/uploads\/2022\/09\/Pladoci_Modernisme-1536x698.webp 1536w\" sizes=\"(max-width: 1540px) 100vw, 1540px\" \/>\t\t\t\t<div class=\"overlay\" style=\"background-color:rgba(105, 105, 105, 0.802)\"><\/div>\t\t\t\t\t\t\t<\/div>\n\t\t\t\t\t<\/div>\n\n\t\t<div class=\"box-text text-center is-large\" style=\"background-color:rgb(243, 243, 243);padding:27px 0px 20px 0px;\">\n\t\t\t<div class=\"box-text-inner\">\n\t\t\t\t\n\n<h3>ACTIVIDAD CERRADA<\/h3>\n<p>&nbsp;<\/p>\n<h4>Visita guiada al modernismo &#8211; Reus<\/h4>\n<p>01 de octubre 2022<\/p>\n\n\t\t\t<\/div>\n\t\t<\/div>\n\t<\/div>\n\t\n<a href=\"https:\/\/www.turismedetarragona.com\/ca\/tour\/reus-modernista-comt\/\" class=\"button white expand\" >\n\t\t<span>M\u00e1s informaci\u00f3n<\/span>\n\t<\/a>\n\n\n\n\t\t<\/div>\n\t\t\t\t\t<\/div>\n\n\t\n\n\t<div id=\"col-1367344470\" class=\"col medium-3 small-6 large-3\"  >\n\t\t\t\t<div class=\"col-inner\"  >\n\t\t\t\n\t\t\t\n\n\t<div class=\"box has-hover   has-hover box-text-bottom\" >\n\n\t\t<div class=\"box-image\" >\n\t\t\t\t\t\t<div class=\"\" >\n\t\t\t\t<img loading=\"lazy\" decoding=\"async\" width=\"1540\" height=\"700\" src=\"https:\/\/comt.cat\/wp-content\/uploads\/2022\/08\/Itinere02-setembre.jpg\" class=\"attachment- size-\" alt=\"Itinere activitat 02 setembre\" srcset=\"https:\/\/comt.cat\/wp-content\/uploads\/2022\/08\/Itinere02-setembre.jpg 1540w, https:\/\/comt.cat\/wp-content\/uploads\/2022\/08\/Itinere02-setembre-300x136.jpg 300w, https:\/\/comt.cat\/wp-content\/uploads\/2022\/08\/Itinere02-setembre-1024x465.jpg 1024w, https:\/\/comt.cat\/wp-content\/uploads\/2022\/08\/Itinere02-setembre-768x349.jpg 768w, https:\/\/comt.cat\/wp-content\/uploads\/2022\/08\/Itinere02-setembre-1536x698.jpg 1536w\" sizes=\"(max-width: 1540px) 100vw, 1540px\" \/>\t\t\t\t<div class=\"overlay\" style=\"background-color:rgba(105, 105, 105, 0.802)\"><\/div>\t\t\t\t\t\t\t<\/div>\n\t\t\t\t\t<\/div>\n\n\t\t<div class=\"box-text text-center is-large\" style=\"background-color:rgb(243, 243, 243);padding:27px 0px 20px 0px;\">\n\t\t\t<div class=\"box-text-inner\">\n\t\t\t\t\n\n<h3>ACTIVIDAD CERRADA<\/h3>\n<p>&nbsp;<\/p>\n<h4>Misterios y leyendas de Tarragona<\/h4>\n<p>02 de septiembre 2022<\/p>\n\n\t\t\t<\/div>\n\t\t<\/div>\n\t<\/div>\n\t\n<a href=\"https:\/\/comt.cat\/pla-doci-del-comt-misteris-i-llegendes-de-tarragona\/\" class=\"button white expand\" >\n\t\t<span>M\u00e1s informaci\u00f3n<\/span>\n\t<\/a>\n\n\n\n\t\t<\/div>\n\t\t\t\t\t<\/div>\n\n\t\n\n\t<div id=\"col-25135435\" class=\"col medium-3 small-12 large-3\"  >\n\t\t\t\t<div class=\"col-inner\"  >\n\t\t\t\n\t\t\t\n\n\t<div class=\"box has-hover   has-hover box-text-bottom\" >\n\n\t\t<div class=\"box-image\" >\n\t\t\t\t\t\t<div class=\"\" >\n\t\t\t\t<img loading=\"lazy\" decoding=\"async\" width=\"1540\" height=\"700\" src=\"https:\/\/comt.cat\/wp-content\/uploads\/2022\/06\/Itinere_Celler_Tast.jpg\" class=\"attachment- size-\" alt=\"\" srcset=\"https:\/\/comt.cat\/wp-content\/uploads\/2022\/06\/Itinere_Celler_Tast.jpg 1540w, https:\/\/comt.cat\/wp-content\/uploads\/2022\/06\/Itinere_Celler_Tast-300x136.jpg 300w, https:\/\/comt.cat\/wp-content\/uploads\/2022\/06\/Itinere_Celler_Tast-1024x465.jpg 1024w, https:\/\/comt.cat\/wp-content\/uploads\/2022\/06\/Itinere_Celler_Tast-768x349.jpg 768w, https:\/\/comt.cat\/wp-content\/uploads\/2022\/06\/Itinere_Celler_Tast-1536x698.jpg 1536w\" sizes=\"(max-width: 1540px) 100vw, 1540px\" \/>\t\t\t\t<div class=\"overlay\" style=\"background-color:rgba(105, 105, 105, 0.802)\"><\/div>\t\t\t\t\t\t\t<\/div>\n\t\t\t\t\t<\/div>\n\n\t\t<div class=\"box-text text-center is-large\" style=\"background-color:rgb(243, 243, 243);padding:27px 0px 20px 0px;\">\n\t\t\t<div class=\"box-text-inner\">\n\t\t\t\t\n\n<h3>ACTIVIDAD CERRADA<\/h3>\n<p>&nbsp;<\/p>\n<h4>Cata, almuerzo y visita a una bodega<\/h4>\n<p>04 de junio 2022<\/p>\n\n\t\t\t<\/div>\n\t\t<\/div>\n\t<\/div>\n\t\n<a href=\"https:\/\/comt.cat\/pla-doci-del-comt-esmorzar-de-pages-visita-i-cata-al-celler-alvarez-duran-porrera\/\" class=\"button white expand\" >\n\t\t<span>M\u00e1s informaci\u00f3n<\/span>\n\t<\/a>\n\n\n\n\t\t<\/div>\n\t\t\t\t\t<\/div>\n\n\t\n\n\t<div id=\"col-1400307384\" class=\"col medium-3 small-12 large-3\"  >\n\t\t\t\t<div class=\"col-inner\"  >\n\t\t\t\n\t\t\t\n\n\t<div class=\"box has-hover   has-hover box-text-bottom\" >\n\n\t\t<div class=\"box-image\" >\n\t\t\t\t\t\t<div class=\"\" >\n\t\t\t\t<img loading=\"lazy\" decoding=\"async\" width=\"1540\" height=\"700\" src=\"https:\/\/comt.cat\/wp-content\/uploads\/2022\/06\/Itinere-Delta.webp\" class=\"attachment- size-\" alt=\"\" srcset=\"https:\/\/comt.cat\/wp-content\/uploads\/2022\/06\/Itinere-Delta.webp 1540w, https:\/\/comt.cat\/wp-content\/uploads\/2022\/06\/Itinere-Delta-300x136.webp 300w, https:\/\/comt.cat\/wp-content\/uploads\/2022\/06\/Itinere-Delta-1024x465.webp 1024w, https:\/\/comt.cat\/wp-content\/uploads\/2022\/06\/Itinere-Delta-768x349.webp 768w, https:\/\/comt.cat\/wp-content\/uploads\/2022\/06\/Itinere-Delta-1536x698.webp 1536w\" sizes=\"(max-width: 1540px) 100vw, 1540px\" \/>\t\t\t\t<div class=\"overlay\" style=\"background-color:rgba(105, 105, 105, 0.802)\"><\/div>\t\t\t\t\t\t\t<\/div>\n\t\t\t\t\t<\/div>\n\n\t\t<div class=\"box-text text-center is-large\" style=\"background-color:rgb(243, 243, 243);padding:27px 0px 20px 0px;\">\n\t\t\t<div class=\"box-text-inner\">\n\t\t\t\t\n\n<h3>ACTIVIDAD CERRADA<\/h3>\n<p>&nbsp;<\/p>\n<h4>Visita al Delta de l&#8217;Ebre &#8211; Deltebre<\/h4>\n<p>21 de mayo 2022<\/p>\n\n\t\t\t<\/div>\n\t\t<\/div>\n\t<\/div>\n\t\n<a href=\"https:\/\/comt.cat\/pla-doci-del-comt-visita-al-delta-de-lebre-deltebre\/\" class=\"button white expand\" >\n\t\t<span>M\u00e1s informaci\u00f3n<\/span>\n\t<\/a>\n\n\n\n\t\t<\/div>\n\t\t\t\t\t<\/div>\n\n\t\n\n\t<div id=\"col-973514526\" class=\"col medium-3 small-12 large-3\"  >\n\t\t\t\t<div class=\"col-inner\"  >\n\t\t\t\n\t\t\t\n\n\t<div class=\"box has-hover   has-hover box-text-bottom\" >\n\n\t\t<div class=\"box-image\" >\n\t\t\t\t\t\t<div class=\"\" >\n\t\t\t\t<img loading=\"lazy\" decoding=\"async\" width=\"1540\" height=\"700\" src=\"https:\/\/comt.cat\/wp-content\/uploads\/2022\/04\/MartiFranques.jpg\" class=\"attachment- size-\" alt=\"\" srcset=\"https:\/\/comt.cat\/wp-content\/uploads\/2022\/04\/MartiFranques.jpg 1540w, https:\/\/comt.cat\/wp-content\/uploads\/2022\/04\/MartiFranques-300x136.jpg 300w, https:\/\/comt.cat\/wp-content\/uploads\/2022\/04\/MartiFranques-1024x465.jpg 1024w, https:\/\/comt.cat\/wp-content\/uploads\/2022\/04\/MartiFranques-768x349.jpg 768w, https:\/\/comt.cat\/wp-content\/uploads\/2022\/04\/MartiFranques-1536x698.jpg 1536w\" sizes=\"(max-width: 1540px) 100vw, 1540px\" \/>\t\t\t\t<div class=\"overlay\" style=\"background-color:rgba(105, 105, 105, 0.802)\"><\/div>\t\t\t\t\t\t\t<\/div>\n\t\t\t\t\t<\/div>\n\n\t\t<div class=\"box-text text-center is-large\" style=\"background-color:rgb(243, 243, 243);padding:27px 0px 20px 0px;\">\n\t\t\t<div class=\"box-text-inner\">\n\t\t\t\t\n\n<h3>ACTIVIDAD CERRADA<\/h3>\n<p>&nbsp;<\/p>\n<h4>\u00bfQui\u00e9n era Antoni de Mart\u00ed Franqu\u00e9s?<\/h4>\n<p>30 de abril 2022<\/p>\n\n\t\t\t<\/div>\n\t\t<\/div>\n\t<\/div>\n\t\n<a href=\"https:\/\/comt.cat\/pla-doci-del-comt-antoni-de-marti-i-franques\/\" class=\"button white expand\" >\n\t\t<span>M\u00e1s informaci\u00f3n<\/span>\n\t<\/a>\n\n\n\n\t\t<\/div>\n\t\t\t\t\t<\/div>\n\n\t\n\n\t<div id=\"col-1308203884\" class=\"col medium-3 small-12 large-3\"  >\n\t\t\t\t<div class=\"col-inner\"  >\n\t\t\t\n\t\t\t\n\n\t<div class=\"box has-hover   has-hover box-text-bottom\" >\n\n\t\t<div class=\"box-image\" >\n\t\t\t\t\t\t<div class=\"\" >\n\t\t\t\t<img loading=\"lazy\" decoding=\"async\" width=\"1540\" height=\"700\" src=\"https:\/\/comt.cat\/wp-content\/uploads\/2022\/06\/PlaOciCOMTVespreJueu.jpg\" class=\"attachment- size-\" alt=\"Pla d&#039;oci del COMT Vespre Jueu\" srcset=\"https:\/\/comt.cat\/wp-content\/uploads\/2022\/06\/PlaOciCOMTVespreJueu.jpg 1540w, https:\/\/comt.cat\/wp-content\/uploads\/2022\/06\/PlaOciCOMTVespreJueu-300x136.jpg 300w, https:\/\/comt.cat\/wp-content\/uploads\/2022\/06\/PlaOciCOMTVespreJueu-1024x465.jpg 1024w, https:\/\/comt.cat\/wp-content\/uploads\/2022\/06\/PlaOciCOMTVespreJueu-768x349.jpg 768w, https:\/\/comt.cat\/wp-content\/uploads\/2022\/06\/PlaOciCOMTVespreJueu-1536x698.jpg 1536w\" sizes=\"(max-width: 1540px) 100vw, 1540px\" \/>\t\t\t\t<div class=\"overlay\" style=\"background-color:rgba(105, 105, 105, 0.802)\"><\/div>\t\t\t\t\t\t\t<\/div>\n\t\t\t\t\t<\/div>\n\n\t\t<div class=\"box-text text-center is-large\" style=\"background-color:rgb(243, 243, 243);padding:27px 0px 20px 0px;\">\n\t\t\t<div class=\"box-text-inner\">\n\t\t\t\t\n\n<h3>ACTIVIDAD CERRADA<\/h3>\n<p>&nbsp;<\/p>\n<h4>Atardecer jud\u00edo en la ciudad de Tarragona<\/h4>\n<p>02 de julio 2022<\/p>\n\n\t\t\t<\/div>\n\t\t<\/div>\n\t<\/div>\n\t\n<a href=\"https:\/\/www.turismedetarragona.com\/ca\/tour\/vespre-jueu-a-tarragona-comt\/\" class=\"button white expand\" >\n\t\t<span>M\u00e1s informaci\u00f3n<\/span>\n\t<\/a>\n\n\n\n\t\t<\/div>\n\t\t\t\t\t<\/div>\n\n\t\n\n<\/div>\n\n\t\t<\/div>\n\t\t\t\t\t<\/div>\n\n\t\n\n\t<div id=\"col-1158331851\" class=\"col small-12 large-12\"  >\n\t\t\t\t<div class=\"col-inner\"  >\n\t\t\t\n\t\t\t\n\n\t<div id=\"gap-915147161\" class=\"gap-element clearfix\" style=\"display:block; height:auto;\">\n\t\t\n<style>\n#gap-915147161 {\n  padding-top: 30px;\n}\n<\/style>\n\t<\/div>\n\t\n\n<div class=\"container section-title-container\" ><h2 class=\"section-title section-title-normal\"><b aria-hidden=\"true\"><\/b><span class=\"section-title-main\" style=\"color:#45dace;\">Plan de ocio 2025<\/span><b aria-hidden=\"true\"><\/b><\/h2><\/div>\n\n<div class=\"row\"  id=\"row-287031587\">\n\n\n\t<div id=\"col-1029324981\" class=\"col medium-3 small-12 large-3\"  >\n\t\t\t\t<div class=\"col-inner\"  >\n\t\t\t\n\t\t\t\n\n\t<div class=\"box has-hover   has-hover box-text-bottom\" >\n\n\t\t<div class=\"box-image\" >\n\t\t\t<a href=\"https:\/\/www.turismedetarragona.com\/ca\/tour\/visita-guiada-espai-mammuthus-comt-2025\/\" target=\"_blank\" rel=\"noopener\" >\t\t\t<div class=\"\" >\n\t\t\t\t<img loading=\"lazy\" decoding=\"async\" width=\"1540\" height=\"700\" src=\"https:\/\/comt.cat\/wp-content\/uploads\/2025\/11\/destacades-Pla-dOCI-2025-2.png\" class=\"attachment- size-\" alt=\"\" srcset=\"https:\/\/comt.cat\/wp-content\/uploads\/2025\/11\/destacades-Pla-dOCI-2025-2.png 1540w, https:\/\/comt.cat\/wp-content\/uploads\/2025\/11\/destacades-Pla-dOCI-2025-2-300x136.png 300w, https:\/\/comt.cat\/wp-content\/uploads\/2025\/11\/destacades-Pla-dOCI-2025-2-1024x465.png 1024w, https:\/\/comt.cat\/wp-content\/uploads\/2025\/11\/destacades-Pla-dOCI-2025-2-768x349.png 768w, https:\/\/comt.cat\/wp-content\/uploads\/2025\/11\/destacades-Pla-dOCI-2025-2-1536x698.png 1536w, https:\/\/comt.cat\/wp-content\/uploads\/2025\/11\/destacades-Pla-dOCI-2025-2-600x273.png 600w\" sizes=\"(max-width: 1540px) 100vw, 1540px\" \/>\t\t\t\t<div class=\"overlay\" style=\"background-color:rgba(129, 129, 129, 0.581)\"><\/div>\t\t\t\t\t\t\t<\/div>\n\t\t\t<\/a>\t\t<\/div>\n\n\t\t<div class=\"box-text text-center is-large\" style=\"background-color:rgb(243, 243, 243);padding:27px 0px 20px 0px;\">\n\t\t\t<div class=\"box-text-inner\">\n\t\t\t\t\n\n<h3>ACTIVIDAD CERRADA<\/h3>\n<p>\u00a0<\/p>\n<h4>\u00a0Visita guiada al espacio Mammuthus<\/h4>\n<p>\u00a0<\/p>\n<p>29 de noviembre de 2025<\/p>\n\n\t\t\t<\/div>\n\t\t<\/div>\n\t<\/div>\n\t\n<a href=\"https:\/\/www.turismedetarragona.com\/ca\/tour\/visita-guiada-espai-mammuthus-comt-2025\/\" class=\"button white expand\" >\n\t\t<span>M\u00e1s informaci\u00f3n<\/span>\n\t<\/a>\n\n\n\n\t\t<\/div>\n\t\t\t\t\t<\/div>\n\n\t\n\n\t<div id=\"col-1030387704\" class=\"col medium-3 small-12 large-3\"  >\n\t\t\t\t<div class=\"col-inner\"  >\n\t\t\t\n\t\t\t\n\n\t<div class=\"box has-hover   has-hover box-text-bottom\" >\n\n\t\t<div class=\"box-image\" >\n\t\t\t<a href=\"https:\/\/comt.cat\/es\/plan-ocio-santescreus-2025\/\" target=\"_blank\" rel=\"noopener\" >\t\t\t<div class=\"\" >\n\t\t\t\t<img loading=\"lazy\" decoding=\"async\" width=\"1540\" height=\"700\" src=\"https:\/\/comt.cat\/wp-content\/uploads\/2025\/09\/destacades-Pla-dOCI-2025.png\" class=\"attachment- size-\" alt=\"\" srcset=\"https:\/\/comt.cat\/wp-content\/uploads\/2025\/09\/destacades-Pla-dOCI-2025.png 1540w, https:\/\/comt.cat\/wp-content\/uploads\/2025\/09\/destacades-Pla-dOCI-2025-300x136.png 300w, https:\/\/comt.cat\/wp-content\/uploads\/2025\/09\/destacades-Pla-dOCI-2025-1024x465.png 1024w, https:\/\/comt.cat\/wp-content\/uploads\/2025\/09\/destacades-Pla-dOCI-2025-768x349.png 768w, https:\/\/comt.cat\/wp-content\/uploads\/2025\/09\/destacades-Pla-dOCI-2025-1536x698.png 1536w, https:\/\/comt.cat\/wp-content\/uploads\/2025\/09\/destacades-Pla-dOCI-2025-600x273.png 600w\" sizes=\"(max-width: 1540px) 100vw, 1540px\" \/>\t\t\t\t<div class=\"overlay\" style=\"background-color:rgba(129, 129, 129, 0.552)\"><\/div>\t\t\t\t\t\t\t<\/div>\n\t\t\t<\/a>\t\t<\/div>\n\n\t\t<div class=\"box-text text-center is-large\" style=\"background-color:rgb(243, 243, 243);padding:27px 0px 20px 0px;\">\n\t\t\t<div class=\"box-text-inner\">\n\t\t\t\t\n\n<h3>ACTIVIDAD CERRADA<\/h3>\n<p>\u00a0<\/p>\n<h4>Excursi\u00f3 al Monestir de Santes Creus<\/h4>\n<p>\u00a0<\/p>\n<p>25 d&#8217;octubre de 2025<\/p>\n\n\t\t\t<\/div>\n\t\t<\/div>\n\t<\/div>\n\t\n<a href=\"https:\/\/comt.cat\/es\/plan-ocio-santescreus-2025\/\" class=\"button white expand\" >\n\t\t<span>M\u00e1s informaci\u00f3n<\/span>\n\t<\/a>\n\n\n\n\t\t<\/div>\n\t\t\t\t\t<\/div>\n\n\t\n\n\t<div id=\"col-1010115878\" class=\"col medium-3 small-12 large-3\"  >\n\t\t\t\t<div class=\"col-inner\"  >\n\t\t\t\n\t\t\t\n\n\t<div class=\"box has-hover   has-hover box-text-bottom\" >\n\n\t\t<div class=\"box-image\" >\n\t\t\t<a href=\"https:\/\/comt.cat\/pla-doci-cami-de-la-llum-a-la-catedral-de-tarragona\/\" target=\"_blank\" rel=\"noopener\" >\t\t\t<div class=\"\" >\n\t\t\t\t<img loading=\"lazy\" decoding=\"async\" width=\"1540\" height=\"700\" src=\"https:\/\/comt.cat\/wp-content\/uploads\/2025\/07\/pla-doci-setembre-25.png\" class=\"attachment- size-\" alt=\"\" srcset=\"https:\/\/comt.cat\/wp-content\/uploads\/2025\/07\/pla-doci-setembre-25.png 1540w, https:\/\/comt.cat\/wp-content\/uploads\/2025\/07\/pla-doci-setembre-25-300x136.png 300w, https:\/\/comt.cat\/wp-content\/uploads\/2025\/07\/pla-doci-setembre-25-1024x465.png 1024w, https:\/\/comt.cat\/wp-content\/uploads\/2025\/07\/pla-doci-setembre-25-768x349.png 768w, https:\/\/comt.cat\/wp-content\/uploads\/2025\/07\/pla-doci-setembre-25-1536x698.png 1536w, https:\/\/comt.cat\/wp-content\/uploads\/2025\/07\/pla-doci-setembre-25-600x273.png 600w\" sizes=\"(max-width: 1540px) 100vw, 1540px\" \/>\t\t\t\t<div class=\"overlay\" style=\"background-color:rgba(129, 129, 129, 0.61)\"><\/div>\t\t\t\t\t\t\t<\/div>\n\t\t\t<\/a>\t\t<\/div>\n\n\t\t<div class=\"box-text text-center is-large\" style=\"background-color:rgb(243, 243, 243);padding:27px 0px 20px 0px;\">\n\t\t\t<div class=\"box-text-inner\">\n\t\t\t\t\n\n<h3>ACTIVIDAD CERRADA<\/h3>\n<p>\u00a0<\/p>\n<h4>Camino de la luz en la Catedral de Tarragona<\/h4>\n<p>\u00a0<\/p>\n<p>5 de septiembre de 2025<\/p>\n\n\t\t\t<\/div>\n\t\t<\/div>\n\t<\/div>\n\t\n<a href=\"https:\/\/www.turismedetarragona.com\/ca\/tour\/cami-llum-catedral-tarragona-comt-2025-5\/\" class=\"button white expand\" >\n\t\t<span>M\u00e1s informaci\u00f3n<\/span>\n\t<\/a>\n\n\n\n\t\t<\/div>\n\t\t\t\t\t<\/div>\n\n\t\n\n\t<div id=\"col-2009746901\" class=\"col medium-3 small-12 large-3\"  >\n\t\t\t\t<div class=\"col-inner\"  >\n\t\t\t\n\t\t\t\n\n\t<div class=\"box has-hover   has-hover box-text-bottom\" >\n\n\t\t<div class=\"box-image\" >\n\t\t\t<a href=\"https:\/\/comt.cat\/pla-doci-prades-juliol\/\" target=\"_blank\" rel=\"noopener\" >\t\t\t<div class=\"\" >\n\t\t\t\t<img loading=\"lazy\" decoding=\"async\" width=\"1540\" height=\"700\" src=\"https:\/\/comt.cat\/wp-content\/uploads\/2025\/06\/Pla-doci-juliol.webp\" class=\"attachment- size-\" alt=\"\" srcset=\"https:\/\/comt.cat\/wp-content\/uploads\/2025\/06\/Pla-doci-juliol.webp 1540w, https:\/\/comt.cat\/wp-content\/uploads\/2025\/06\/Pla-doci-juliol-300x136.webp 300w, https:\/\/comt.cat\/wp-content\/uploads\/2025\/06\/Pla-doci-juliol-1024x465.webp 1024w, https:\/\/comt.cat\/wp-content\/uploads\/2025\/06\/Pla-doci-juliol-768x349.webp 768w, https:\/\/comt.cat\/wp-content\/uploads\/2025\/06\/Pla-doci-juliol-1536x698.webp 1536w, https:\/\/comt.cat\/wp-content\/uploads\/2025\/06\/Pla-doci-juliol-600x273.webp 600w\" sizes=\"(max-width: 1540px) 100vw, 1540px\" \/>\t\t\t\t<div class=\"overlay\" style=\"background-color:rgba(129, 129, 129, 0.599)\"><\/div>\t\t\t\t\t\t\t<\/div>\n\t\t\t<\/a>\t\t<\/div>\n\n\t\t<div class=\"box-text text-center is-large\" style=\"background-color:rgb(243, 243, 243);padding:27px 0px 20px 0px;\">\n\t\t\t<div class=\"box-text-inner\">\n\t\t\t\t\n\n<h3>ACTIVIDAD CERRADA<\/h3>\n<p>\u00a0<\/p>\n<h4>Cenita y experiencia astron\u00f3mica en Prades<\/h4>\n<p>\u00a0<\/p>\n<p>25 de julio de 2025<\/p>\n\n\t\t\t<\/div>\n\t\t<\/div>\n\t<\/div>\n\t\n<a href=\"https:\/\/www.turismedetarragona.com\/ca\/tour\/experiencia-astronomica-prades-comt-2025\/\" class=\"button white expand\" >\n\t\t<span>M\u00e1s informaci\u00f3n<\/span>\n\t<\/a>\n\n\n\n\t\t<\/div>\n\t\t\t\t\t<\/div>\n\n\t\n\n\t<div id=\"col-1157220831\" class=\"col medium-3 small-12 large-3\"  >\n\t\t\t\t<div class=\"col-inner\"  >\n\t\t\t\n\t\t\t\n\n\t<div class=\"box has-hover   has-hover box-text-bottom\" >\n\n\t\t<div class=\"box-image\" >\n\t\t\t<a href=\"https:\/\/comt.cat\/es\/plan-de-ocio-visita-al-yacimiento-boella\/\" target=\"_blank\" rel=\"noopener\" >\t\t\t<div class=\"\" >\n\t\t\t\t<img loading=\"lazy\" decoding=\"async\" width=\"1540\" height=\"700\" src=\"https:\/\/comt.cat\/wp-content\/uploads\/2025\/06\/DESTACADES-1540-x-700-px-1540-x-700-px-29.png\" class=\"attachment- size-\" alt=\"\" srcset=\"https:\/\/comt.cat\/wp-content\/uploads\/2025\/06\/DESTACADES-1540-x-700-px-1540-x-700-px-29.png 1540w, https:\/\/comt.cat\/wp-content\/uploads\/2025\/06\/DESTACADES-1540-x-700-px-1540-x-700-px-29-300x136.png 300w, https:\/\/comt.cat\/wp-content\/uploads\/2025\/06\/DESTACADES-1540-x-700-px-1540-x-700-px-29-1024x465.png 1024w, https:\/\/comt.cat\/wp-content\/uploads\/2025\/06\/DESTACADES-1540-x-700-px-1540-x-700-px-29-768x349.png 768w, https:\/\/comt.cat\/wp-content\/uploads\/2025\/06\/DESTACADES-1540-x-700-px-1540-x-700-px-29-1536x698.png 1536w, https:\/\/comt.cat\/wp-content\/uploads\/2025\/06\/DESTACADES-1540-x-700-px-1540-x-700-px-29-600x273.png 600w\" sizes=\"(max-width: 1540px) 100vw, 1540px\" \/>\t\t\t\t<div class=\"overlay\" style=\"background-color:rgba(129, 129, 129, 0.663)\"><\/div>\t\t\t\t\t\t\t<\/div>\n\t\t\t<\/a>\t\t<\/div>\n\n\t\t<div class=\"box-text text-center is-large\" style=\"background-color:rgb(243, 243, 243);padding:27px 0px 20px 0px;\">\n\t\t\t<div class=\"box-text-inner\">\n\t\t\t\t\n\n<h3>ACTIVIDAD CERRADA<\/h3>\n<p>\u00a0<\/p>\n<h4>Visita el yacimiento del barranco de la Boella<\/h4>\n<p>\u00a0<\/p>\n<p>28 de junio de 2025<\/p>\n\n\t\t\t<\/div>\n\t\t<\/div>\n\t<\/div>\n\t\n<a href=\"https:\/\/www.turismedetarragona.com\/ca\/tour\/ulldecona-dinar-castell-comt-2025\/\" class=\"button white expand\" >\n\t\t<span>M\u00e1s informaci\u00f3n<\/span>\n\t<\/a>\n\n\n\n\t\t<\/div>\n\t\t\t\t\t<\/div>\n\n\t\n\n\t<div id=\"col-74873869\" class=\"col medium-3 small-12 large-3\"  >\n\t\t\t\t<div class=\"col-inner\"  >\n\t\t\t\n\t\t\t\n\n\t<div class=\"box has-hover   has-hover box-text-bottom\" >\n\n\t\t<div class=\"box-image\" >\n\t\t\t<a href=\"https:\/\/www.turismedetarragona.com\/ca\/tour\/ulldecona-dinar-castell-comt-2025\/\" target=\"_blank\" rel=\"noopener\" >\t\t\t<div class=\"\" >\n\t\t\t\t<img loading=\"lazy\" decoding=\"async\" width=\"1540\" height=\"700\" src=\"https:\/\/comt.cat\/wp-content\/uploads\/2025\/04\/destacades-Pla-d_OCI-2025-_2_-1.webp\" class=\"attachment- size-\" alt=\"\" srcset=\"https:\/\/comt.cat\/wp-content\/uploads\/2025\/04\/destacades-Pla-d_OCI-2025-_2_-1.webp 1540w, https:\/\/comt.cat\/wp-content\/uploads\/2025\/04\/destacades-Pla-d_OCI-2025-_2_-1-300x136.webp 300w, https:\/\/comt.cat\/wp-content\/uploads\/2025\/04\/destacades-Pla-d_OCI-2025-_2_-1-1024x465.webp 1024w, https:\/\/comt.cat\/wp-content\/uploads\/2025\/04\/destacades-Pla-d_OCI-2025-_2_-1-768x349.webp 768w, https:\/\/comt.cat\/wp-content\/uploads\/2025\/04\/destacades-Pla-d_OCI-2025-_2_-1-1536x698.webp 1536w, https:\/\/comt.cat\/wp-content\/uploads\/2025\/04\/destacades-Pla-d_OCI-2025-_2_-1-600x273.webp 600w\" sizes=\"(max-width: 1540px) 100vw, 1540px\" \/>\t\t\t\t<div class=\"overlay\" style=\"background-color:rgba(129, 129, 129, 0.703)\"><\/div>\t\t\t\t\t\t\t<\/div>\n\t\t\t<\/a>\t\t<\/div>\n\n\t\t<div class=\"box-text text-center is-large\" style=\"background-color:rgb(243, 243, 243);padding:27px 0px 20px 0px;\">\n\t\t\t<div class=\"box-text-inner\">\n\t\t\t\t\n\n<h3>ACTIVIDAD CERRADA<\/h3>\n<p>\u00a0<\/p>\n<h4>Ulldecona, comida y castillo<\/h4>\n<p>\u00a0<\/p>\n<p>24 de mayo de 2025<\/p>\n\n\t\t\t<\/div>\n\t\t<\/div>\n\t<\/div>\n\t\n<a href=\"https:\/\/www.turismedetarragona.com\/ca\/tour\/ulldecona-dinar-castell-comt-2025\/\" class=\"button white expand\" >\n\t\t<span>M\u00e1s informaci\u00f3n<\/span>\n\t<\/a>\n\n\n\n\t\t<\/div>\n\t\t\t\t\t<\/div>\n\n\t\n\n\t<div id=\"col-140529483\" class=\"col medium-3 small-12 large-3\"  >\n\t\t\t\t<div class=\"col-inner\"  >\n\t\t\t\n\t\t\t\n\n\t<div class=\"box has-hover   has-hover box-text-bottom\" >\n\n\t\t<div class=\"box-image\" >\n\t\t\t<a href=\"https:\/\/comt.cat\/es\/plan-de-ocio-del-comt-arquitectura-del-1950-en-tarragona\/\" target=\"_blank\" rel=\"noopener\" >\t\t\t<div class=\"\" >\n\t\t\t\t<img loading=\"lazy\" decoding=\"async\" width=\"1540\" height=\"700\" src=\"https:\/\/comt.cat\/wp-content\/uploads\/2025\/04\/destacades-Pla-dOCI-2025-1.png\" class=\"attachment- size-\" alt=\"\" srcset=\"https:\/\/comt.cat\/wp-content\/uploads\/2025\/04\/destacades-Pla-dOCI-2025-1.png 1540w, https:\/\/comt.cat\/wp-content\/uploads\/2025\/04\/destacades-Pla-dOCI-2025-1-300x136.png 300w, https:\/\/comt.cat\/wp-content\/uploads\/2025\/04\/destacades-Pla-dOCI-2025-1-1024x465.png 1024w, https:\/\/comt.cat\/wp-content\/uploads\/2025\/04\/destacades-Pla-dOCI-2025-1-768x349.png 768w, https:\/\/comt.cat\/wp-content\/uploads\/2025\/04\/destacades-Pla-dOCI-2025-1-1536x698.png 1536w, https:\/\/comt.cat\/wp-content\/uploads\/2025\/04\/destacades-Pla-dOCI-2025-1-600x273.png 600w\" sizes=\"(max-width: 1540px) 100vw, 1540px\" \/>\t\t\t\t<div class=\"overlay\" style=\"background-color:rgba(99, 99, 99, 0.645)\"><\/div>\t\t\t\t\t\t\t<\/div>\n\t\t\t<\/a>\t\t<\/div>\n\n\t\t<div class=\"box-text text-center is-large\" style=\"background-color:rgb(243, 243, 243);padding:27px 0px 20px 0px;\">\n\t\t\t<div class=\"box-text-inner\">\n\t\t\t\t\n\n<h3>ACTIVIDAD CERRADA<\/h3>\n<p>\u00a0<\/p>\n<h4>Excursi\u00f3n a la Reserva Natural de Sebes<\/h4>\n<p>\u00a0<\/p>\n<p>26 de abril de 2025<\/p>\n\n\t\t\t<\/div>\n\t\t<\/div>\n\t<\/div>\n\t\n<a href=\"https:\/\/comt.cat\/es\/plan-de-ocio-del-comt-excursion-a-la-reserva-natural-de-sebes\/\" class=\"button white expand\" >\n\t\t<span>M\u00e1s informaci\u00f3n<\/span>\n\t<\/a>\n\n\n\n\t\t<\/div>\n\t\t\t\t\t<\/div>\n\n\t\n\n\t<div id=\"col-439781697\" class=\"col medium-3 small-12 large-3\"  >\n\t\t\t\t<div class=\"col-inner\"  >\n\t\t\t\n\t\t\t\n\n\t<div class=\"box has-hover   has-hover box-text-bottom\" >\n\n\t\t<div class=\"box-image\" >\n\t\t\t<a href=\"https:\/\/comt.cat\/es\/plan-de-ocio-del-comt-arquitectura-del-1950-en-tarragona\/\" target=\"_blank\" rel=\"noopener\" >\t\t\t<div class=\"\" >\n\t\t\t\t<img loading=\"lazy\" decoding=\"async\" width=\"1540\" height=\"700\" src=\"https:\/\/comt.cat\/wp-content\/uploads\/2025\/03\/destacades-Pla-d_OCI-2025-_1_.webp\" class=\"attachment- size-\" alt=\"\" srcset=\"https:\/\/comt.cat\/wp-content\/uploads\/2025\/03\/destacades-Pla-d_OCI-2025-_1_.webp 1540w, https:\/\/comt.cat\/wp-content\/uploads\/2025\/03\/destacades-Pla-d_OCI-2025-_1_-300x136.webp 300w, https:\/\/comt.cat\/wp-content\/uploads\/2025\/03\/destacades-Pla-d_OCI-2025-_1_-1024x465.webp 1024w, https:\/\/comt.cat\/wp-content\/uploads\/2025\/03\/destacades-Pla-d_OCI-2025-_1_-768x349.webp 768w, https:\/\/comt.cat\/wp-content\/uploads\/2025\/03\/destacades-Pla-d_OCI-2025-_1_-1536x698.webp 1536w, https:\/\/comt.cat\/wp-content\/uploads\/2025\/03\/destacades-Pla-d_OCI-2025-_1_-600x273.webp 600w\" sizes=\"(max-width: 1540px) 100vw, 1540px\" \/>\t\t\t\t<div class=\"overlay\" style=\"background-color:rgba(114, 102, 102, 0.692)\"><\/div>\t\t\t\t\t\t\t<\/div>\n\t\t\t<\/a>\t\t<\/div>\n\n\t\t<div class=\"box-text text-center is-large\" style=\"background-color:rgb(243, 243, 243);padding:27px 0px 20px 0px;\">\n\t\t\t<div class=\"box-text-inner\">\n\t\t\t\t\n\n<h3>ACTIVIDAD CERRADA<\/h3>\n<p>\u00a0<\/p>\n<h4>La arquitectura del 1950 en Tarragona<\/h4>\n<p>\u00a0<\/p>\n<p>29 de marzo de 2025<\/p>\n\n\t\t\t<\/div>\n\t\t<\/div>\n\t<\/div>\n\t\n<a href=\"https:\/\/comt.cat\/es\/plan-de-ocio-del-comt-arquitectura-del-1950-en-tarragona\/\" class=\"button white expand\" >\n\t\t<span>M\u00e1s informaci\u00f3n<\/span>\n\t<\/a>\n\n\n\n\t\t<\/div>\n\t\t\t\t\t<\/div>\n\n\t\n\n\t<div id=\"col-2069792138\" class=\"col medium-3 small-12 large-3\"  >\n\t\t\t\t<div class=\"col-inner\"  >\n\t\t\t\n\t\t\t\n\n\t<div class=\"box has-hover   has-hover box-text-bottom\" >\n\n\t\t<div class=\"box-image\" >\n\t\t\t<a href=\"https:\/\/www.turismedetarragona.com\/ca\/tour\/secrets-arqueologics-catedral-de-tarragona-comt-2025\/#pll_switcher\" target=\"_blank\" rel=\"noopener\" >\t\t\t<div class=\"\" >\n\t\t\t\t<img loading=\"lazy\" decoding=\"async\" width=\"1540\" height=\"700\" src=\"https:\/\/comt.cat\/wp-content\/uploads\/2025\/01\/DESTACADES-_1540-x-700-px_-_44_.webp\" class=\"attachment- size-\" alt=\"\" srcset=\"https:\/\/comt.cat\/wp-content\/uploads\/2025\/01\/DESTACADES-_1540-x-700-px_-_44_.webp 1540w, https:\/\/comt.cat\/wp-content\/uploads\/2025\/01\/DESTACADES-_1540-x-700-px_-_44_-300x136.webp 300w, https:\/\/comt.cat\/wp-content\/uploads\/2025\/01\/DESTACADES-_1540-x-700-px_-_44_-1024x465.webp 1024w, https:\/\/comt.cat\/wp-content\/uploads\/2025\/01\/DESTACADES-_1540-x-700-px_-_44_-768x349.webp 768w, https:\/\/comt.cat\/wp-content\/uploads\/2025\/01\/DESTACADES-_1540-x-700-px_-_44_-1536x698.webp 1536w, https:\/\/comt.cat\/wp-content\/uploads\/2025\/01\/DESTACADES-_1540-x-700-px_-_44_-600x273.webp 600w\" sizes=\"(max-width: 1540px) 100vw, 1540px\" \/>\t\t\t\t<div class=\"overlay\" style=\"background-color:rgba(48, 47, 47, 0.552)\"><\/div>\t\t\t\t\t\t\t<\/div>\n\t\t\t<\/a>\t\t<\/div>\n\n\t\t<div class=\"box-text text-center is-large\" style=\"background-color:rgb(243, 243, 243);padding:27px 0px 20px 0px;\">\n\t\t\t<div class=\"box-text-inner\">\n\t\t\t\t\n\n<h3>ACTIVIDAD CERRADA<\/h3>\n<p>\u00a0<\/p>\n<h4>Los secretos arqueol\u00f3gicos de la Catedral de Tarragona<\/h4>\n<p>\u00a0<\/p>\n<p>15 I 22 de febrero de 2025<\/p>\n\n\t\t\t<\/div>\n\t\t<\/div>\n\t<\/div>\n\t\n<a href=\"https:\/\/comt.cat\/es\/plan-de-ocio-del-comt-los-secretos-arqueologicos-de-la-catedral-de-tarragona\/\" class=\"button white expand\" >\n\t\t<span>M\u00e1s informaci\u00f3n<\/span>\n\t<\/a>\n\n\n\n\t\t<\/div>\n\t\t\t\t\t<\/div>\n\n\t\n\n\t<div id=\"col-840276291\" class=\"col medium-3 small-12 large-3\"  >\n\t\t\t\t<div class=\"col-inner\"  >\n\t\t\t\n\t\t\t\n\n\t<div class=\"box has-hover   has-hover box-text-bottom\" >\n\n\t\t<div class=\"box-image\" >\n\t\t\t\t\t\t<div class=\"\" >\n\t\t\t\t<img loading=\"lazy\" decoding=\"async\" width=\"1540\" height=\"700\" src=\"https:\/\/comt.cat\/wp-content\/uploads\/2025\/01\/DESTACADES-_1540-x-700-px_-_44_.webp\" class=\"attachment- size-\" alt=\"\" srcset=\"https:\/\/comt.cat\/wp-content\/uploads\/2025\/01\/DESTACADES-_1540-x-700-px_-_44_.webp 1540w, https:\/\/comt.cat\/wp-content\/uploads\/2025\/01\/DESTACADES-_1540-x-700-px_-_44_-300x136.webp 300w, https:\/\/comt.cat\/wp-content\/uploads\/2025\/01\/DESTACADES-_1540-x-700-px_-_44_-1024x465.webp 1024w, https:\/\/comt.cat\/wp-content\/uploads\/2025\/01\/DESTACADES-_1540-x-700-px_-_44_-768x349.webp 768w, https:\/\/comt.cat\/wp-content\/uploads\/2025\/01\/DESTACADES-_1540-x-700-px_-_44_-1536x698.webp 1536w, https:\/\/comt.cat\/wp-content\/uploads\/2025\/01\/DESTACADES-_1540-x-700-px_-_44_-600x273.webp 600w\" sizes=\"(max-width: 1540px) 100vw, 1540px\" \/>\t\t\t\t<div class=\"overlay\" style=\"background-color:rgba(105, 105, 105, 0.802)\"><\/div>\t\t\t\t\t\t\t<\/div>\n\t\t\t\t\t<\/div>\n\n\t\t<div class=\"box-text text-center is-large\" style=\"background-color:rgb(243, 243, 243);padding:27px 0px 20px 0px;\">\n\t\t\t<div class=\"box-text-inner\">\n\t\t\t\t\n\n<h3>ACTIVIDAD CERRADA<\/h3>\n<p>\u00a0<\/p>\n<h4> Visita al Monestir de Vallbona y cal\u00e7otada en Poblet<\/h4>\n<p>\u00a0<\/p>\n<p>25 de enero de 2025<\/p>\n\n\t\t\t<\/div>\n\t\t<\/div>\n\t<\/div>\n\t\n<a href=\"https:\/\/www.turismedetarragona.com\/ca\/tour\/visita-monestir-vallbona-comt-2025\/\" class=\"button white expand\" >\n\t\t<span>M\u00e1s informaci\u00f3n<\/span>\n\t<\/a>\n\n\n\n\t\t<\/div>\n\t\t\t\t\t<\/div>\n\n\t\n\n<\/div>\n<div class=\"container section-title-container\" ><h2 class=\"section-title section-title-normal\"><b aria-hidden=\"true\"><\/b><span class=\"section-title-main\" style=\"color:#45dace;\">Plan de ocio 2024<\/span><b aria-hidden=\"true\"><\/b><\/h2><\/div>\n\n<div class=\"row\"  id=\"row-416914420\">\n\n\n\t<div id=\"col-798025768\" class=\"col medium-3 small-12 large-3\"  >\n\t\t\t\t<div class=\"col-inner\"  >\n\t\t\t\n\t\t\t\n\n\t<div class=\"box has-hover   has-hover box-text-bottom\" >\n\n\t\t<div class=\"box-image\" >\n\t\t\t\t\t\t<div class=\"\" >\n\t\t\t\t<img loading=\"lazy\" decoding=\"async\" width=\"1540\" height=\"700\" src=\"https:\/\/comt.cat\/wp-content\/uploads\/2025\/01\/DESTACADES-_1540-x-700-px_-_44_.webp\" class=\"attachment- size-\" alt=\"\" srcset=\"https:\/\/comt.cat\/wp-content\/uploads\/2025\/01\/DESTACADES-_1540-x-700-px_-_44_.webp 1540w, https:\/\/comt.cat\/wp-content\/uploads\/2025\/01\/DESTACADES-_1540-x-700-px_-_44_-300x136.webp 300w, https:\/\/comt.cat\/wp-content\/uploads\/2025\/01\/DESTACADES-_1540-x-700-px_-_44_-1024x465.webp 1024w, https:\/\/comt.cat\/wp-content\/uploads\/2025\/01\/DESTACADES-_1540-x-700-px_-_44_-768x349.webp 768w, https:\/\/comt.cat\/wp-content\/uploads\/2025\/01\/DESTACADES-_1540-x-700-px_-_44_-1536x698.webp 1536w, https:\/\/comt.cat\/wp-content\/uploads\/2025\/01\/DESTACADES-_1540-x-700-px_-_44_-600x273.webp 600w\" sizes=\"(max-width: 1540px) 100vw, 1540px\" \/>\t\t\t\t<div class=\"overlay\" style=\"background-color:rgba(105, 105, 105, 0.802)\"><\/div>\t\t\t\t\t\t\t<\/div>\n\t\t\t\t\t<\/div>\n\n\t\t<div class=\"box-text text-center is-large\" style=\"background-color:rgb(243, 243, 243);padding:27px 0px 20px 0px;\">\n\t\t\t<div class=\"box-text-inner\">\n\t\t\t\t\n\n<h3>ACTIVIDAD CERRADA<\/h3>\n<p>\u00a0<\/p>\n<h4> Los colores de la Catedral<\/h4>\n<p>\u00a0<\/p>\n<p>28 de diciembre de 2024<\/p>\n\n\t\t\t<\/div>\n\t\t<\/div>\n\t<\/div>\n\t\n<a href=\"https:\/\/www.turismedetarragona.com\/ca\/tour\/visita-pau-casals-comt-2024\/#pll_switcher\" class=\"button white expand\" >\n\t\t<span>M\u00e1s informaci\u00f3n<\/span>\n\t<\/a>\n\n\n\n\t\t<\/div>\n\t\t\t\t\t<\/div>\n\n\t\n\n\t<div id=\"col-1456515730\" class=\"col medium-3 small-12 large-3\"  >\n\t\t\t\t<div class=\"col-inner\"  >\n\t\t\t\n\t\t\t\n\n\t<div class=\"box has-hover   has-hover box-text-bottom\" >\n\n\t\t<div class=\"box-image\" >\n\t\t\t\t\t\t<div class=\"\" >\n\t\t\t\t<img loading=\"lazy\" decoding=\"async\" width=\"1540\" height=\"700\" src=\"https:\/\/comt.cat\/wp-content\/uploads\/2024\/11\/DESTACADA-Pla-Oci-PauCasals.webp\" class=\"attachment- size-\" alt=\"DESTACADA Pla Oci PauCasals\" srcset=\"https:\/\/comt.cat\/wp-content\/uploads\/2024\/11\/DESTACADA-Pla-Oci-PauCasals.webp 1540w, https:\/\/comt.cat\/wp-content\/uploads\/2024\/11\/DESTACADA-Pla-Oci-PauCasals-300x136.webp 300w, https:\/\/comt.cat\/wp-content\/uploads\/2024\/11\/DESTACADA-Pla-Oci-PauCasals-1024x465.webp 1024w, https:\/\/comt.cat\/wp-content\/uploads\/2024\/11\/DESTACADA-Pla-Oci-PauCasals-768x349.webp 768w, https:\/\/comt.cat\/wp-content\/uploads\/2024\/11\/DESTACADA-Pla-Oci-PauCasals-1536x698.webp 1536w, https:\/\/comt.cat\/wp-content\/uploads\/2024\/11\/DESTACADA-Pla-Oci-PauCasals-600x273.webp 600w\" sizes=\"(max-width: 1540px) 100vw, 1540px\" \/>\t\t\t\t<div class=\"overlay\" style=\"background-color:rgba(105, 105, 105, 0.802)\"><\/div>\t\t\t\t\t\t\t<\/div>\n\t\t\t\t\t<\/div>\n\n\t\t<div class=\"box-text text-center is-large\" style=\"background-color:rgb(243, 243, 243);padding:27px 0px 20px 0px;\">\n\t\t\t<div class=\"box-text-inner\">\n\t\t\t\t\n\n<h3>ACTIVIDAD CERRADA<\/h3>\n<p>\u00a0<\/p>\n<h4>Visita Pau Casals y comida cerca del mar<\/h4>\n<p>\u00a0<\/p>\n<p>30 de noviembre de 2024<\/p>\n\n\t\t\t<\/div>\n\t\t<\/div>\n\t<\/div>\n\t\n<a href=\"https:\/\/www.turismedetarragona.com\/ca\/tour\/visita-pau-casals-comt-2024\/\" class=\"button white expand\" >\n\t\t<span>M\u00e1s informaci\u00f3n<\/span>\n\t<\/a>\n\n\n\n\t\t<\/div>\n\t\t\t\t\t<\/div>\n\n\t\n\n\t<div id=\"col-1223085285\" class=\"col medium-3 small-12 large-3\"  >\n\t\t\t\t<div class=\"col-inner\"  >\n\t\t\t\n\t\t\t\n\n\t<div class=\"box has-hover   has-hover box-text-bottom\" >\n\n\t\t<div class=\"box-image\" >\n\t\t\t\t\t\t<div class=\"\" >\n\t\t\t\t<img loading=\"lazy\" decoding=\"async\" width=\"1540\" height=\"700\" src=\"https:\/\/comt.cat\/wp-content\/uploads\/2024\/10\/DESTACADA-Pla-Oci-Escaladei.webp\" class=\"attachment- size-\" alt=\"DESTACADA Pla Oci Escaladei\" srcset=\"https:\/\/comt.cat\/wp-content\/uploads\/2024\/10\/DESTACADA-Pla-Oci-Escaladei.webp 1540w, https:\/\/comt.cat\/wp-content\/uploads\/2024\/10\/DESTACADA-Pla-Oci-Escaladei-300x136.webp 300w, https:\/\/comt.cat\/wp-content\/uploads\/2024\/10\/DESTACADA-Pla-Oci-Escaladei-1024x465.webp 1024w, https:\/\/comt.cat\/wp-content\/uploads\/2024\/10\/DESTACADA-Pla-Oci-Escaladei-768x349.webp 768w, https:\/\/comt.cat\/wp-content\/uploads\/2024\/10\/DESTACADA-Pla-Oci-Escaladei-1536x698.webp 1536w, https:\/\/comt.cat\/wp-content\/uploads\/2024\/10\/DESTACADA-Pla-Oci-Escaladei-600x273.webp 600w\" sizes=\"(max-width: 1540px) 100vw, 1540px\" \/>\t\t\t\t<div class=\"overlay\" style=\"background-color:rgba(105, 105, 105, 0.802)\"><\/div>\t\t\t\t\t\t\t<\/div>\n\t\t\t\t\t<\/div>\n\n\t\t<div class=\"box-text text-center is-large\" style=\"background-color:rgb(243, 243, 243);padding:27px 0px 20px 0px;\">\n\t\t\t<div class=\"box-text-inner\">\n\t\t\t\t\n\n<h3>ACTIVIDAD CERRADA<\/h3>\n<p>\u00a0<\/p>\n<h4>Escaladei y Priorat gastron\u00f3mico<\/h4>\n<p>\u00a0<\/p>\n<p>26 de octubre de 2024<\/p>\n\n\t\t\t<\/div>\n\t\t<\/div>\n\t<\/div>\n\t\n<a href=\"https:\/\/www.turismedetarragona.com\/ca\/tour\/escaladei-i-priorat-gastronomic-comt-2024\/\" class=\"button white expand\" >\n\t\t<span>M\u00e1s informaci\u00f3n<\/span>\n\t<\/a>\n\n\n\n\t\t<\/div>\n\t\t\t\t\t<\/div>\n\n\t\n\n\t<div id=\"col-1182652068\" class=\"col medium-3 small-12 large-3\"  >\n\t\t\t\t<div class=\"col-inner\"  >\n\t\t\t\n\t\t\t\n\n\t<div class=\"box has-hover   has-hover box-text-bottom\" >\n\n\t\t<div class=\"box-image\" >\n\t\t\t\t\t\t<div class=\"\" >\n\t\t\t\t<img loading=\"lazy\" decoding=\"async\" width=\"1540\" height=\"700\" src=\"https:\/\/comt.cat\/wp-content\/uploads\/2024\/07\/DESTACADA_Tarragona-desdel-mar.webp\" class=\"attachment- size-\" alt=\"DESTACADA Pla Oci Tarragona des del Mar 2024\" srcset=\"https:\/\/comt.cat\/wp-content\/uploads\/2024\/07\/DESTACADA_Tarragona-desdel-mar.webp 1540w, https:\/\/comt.cat\/wp-content\/uploads\/2024\/07\/DESTACADA_Tarragona-desdel-mar-300x136.webp 300w, https:\/\/comt.cat\/wp-content\/uploads\/2024\/07\/DESTACADA_Tarragona-desdel-mar-1024x465.webp 1024w, https:\/\/comt.cat\/wp-content\/uploads\/2024\/07\/DESTACADA_Tarragona-desdel-mar-768x349.webp 768w, https:\/\/comt.cat\/wp-content\/uploads\/2024\/07\/DESTACADA_Tarragona-desdel-mar-1536x698.webp 1536w, https:\/\/comt.cat\/wp-content\/uploads\/2024\/07\/DESTACADA_Tarragona-desdel-mar-600x273.webp 600w\" sizes=\"(max-width: 1540px) 100vw, 1540px\" \/>\t\t\t\t<div class=\"overlay\" style=\"background-color:rgba(105, 105, 105, 0.802)\"><\/div>\t\t\t\t\t\t\t<\/div>\n\t\t\t\t\t<\/div>\n\n\t\t<div class=\"box-text text-center is-large\" style=\"background-color:rgb(243, 243, 243);padding:27px 0px 20px 0px;\">\n\t\t\t<div class=\"box-text-inner\">\n\t\t\t\t\n\n<h3>ACTIVIDAD CERRADA<\/h3>\n<p>\u00a0<\/p>\n<h4>Arque\u00f3logos por un d\u00eda<\/h4>\n<h4>\u00a0\u00a0<\/h4>\n<p>\u00a0<\/p>\n<p>28 y 29 de septiembre de 2024<\/p>\n\n\t\t\t<\/div>\n\t\t<\/div>\n\t<\/div>\n\t\n<a href=\"https:\/\/www.turismedetarragona.com\/ca\/tour\/arqueolegs-per-un-dia-comt-2024\/\" class=\"button white expand\" >\n\t\t<span>M\u00e1s informaci\u00f3n<\/span>\n\t<\/a>\n\n\n\n\t\t<\/div>\n\t\t\t\t\t<\/div>\n\n\t\n\n\t<div id=\"col-622107004\" class=\"col medium-3 small-12 large-3\"  >\n\t\t\t\t<div class=\"col-inner\"  >\n\t\t\t\n\t\t\t\n\n\t<div class=\"box has-hover   has-hover box-text-bottom\" >\n\n\t\t<div class=\"box-image\" >\n\t\t\t\t\t\t<div class=\"\" >\n\t\t\t\t<img loading=\"lazy\" decoding=\"async\" width=\"1540\" height=\"700\" src=\"https:\/\/comt.cat\/wp-content\/uploads\/2024\/07\/DESTACADA_Tarragona-desdel-mar.webp\" class=\"attachment- size-\" alt=\"DESTACADA Pla Oci Tarragona des del Mar 2024\" srcset=\"https:\/\/comt.cat\/wp-content\/uploads\/2024\/07\/DESTACADA_Tarragona-desdel-mar.webp 1540w, https:\/\/comt.cat\/wp-content\/uploads\/2024\/07\/DESTACADA_Tarragona-desdel-mar-300x136.webp 300w, https:\/\/comt.cat\/wp-content\/uploads\/2024\/07\/DESTACADA_Tarragona-desdel-mar-1024x465.webp 1024w, https:\/\/comt.cat\/wp-content\/uploads\/2024\/07\/DESTACADA_Tarragona-desdel-mar-768x349.webp 768w, https:\/\/comt.cat\/wp-content\/uploads\/2024\/07\/DESTACADA_Tarragona-desdel-mar-1536x698.webp 1536w, https:\/\/comt.cat\/wp-content\/uploads\/2024\/07\/DESTACADA_Tarragona-desdel-mar-600x273.webp 600w\" sizes=\"(max-width: 1540px) 100vw, 1540px\" \/>\t\t\t\t<div class=\"overlay\" style=\"background-color:rgba(105, 105, 105, 0.802)\"><\/div>\t\t\t\t\t\t\t<\/div>\n\t\t\t\t\t<\/div>\n\n\t\t<div class=\"box-text text-center is-large\" style=\"background-color:rgb(243, 243, 243);padding:27px 0px 20px 0px;\">\n\t\t\t<div class=\"box-text-inner\">\n\t\t\t\t\n\n<h3>ACTIVIDAD CERRADA<\/h3>\n<p>\u00a0<\/p>\n<h4>Tarragona desde el mar<\/h4>\n<h4>\u00a0\u00a0<\/h4>\n<p>\u00a0<\/p>\n<p>03 de agosto de 2024<\/p>\n\n\t\t\t<\/div>\n\t\t<\/div>\n\t<\/div>\n\t\n<a href=\"https:\/\/www.turismedetarragona.com\/ca\/tour\/tarragona-des-del-mar-comt\/\" class=\"button white expand\" >\n\t\t<span>M\u00e1s informaci\u00f3n<\/span>\n\t<\/a>\n\n\n\n\t\t<\/div>\n\t\t\t\t\t<\/div>\n\n\t\n\n\t<div id=\"col-1211383948\" class=\"col medium-3 small-12 large-3\"  >\n\t\t\t\t<div class=\"col-inner\"  >\n\t\t\t\n\t\t\t\n\n\t<div class=\"box has-hover   has-hover box-text-bottom\" >\n\n\t\t<div class=\"box-image\" >\n\t\t\t\t\t\t<div class=\"\" >\n\t\t\t\t<img loading=\"lazy\" decoding=\"async\" width=\"1540\" height=\"700\" src=\"https:\/\/comt.cat\/wp-content\/uploads\/2024\/07\/DESTACADA-Pla-OCI-Pastor.webp\" class=\"attachment- size-\" alt=\"Destacada Pla OCi Pastor_OK\" srcset=\"https:\/\/comt.cat\/wp-content\/uploads\/2024\/07\/DESTACADA-Pla-OCI-Pastor.webp 1540w, https:\/\/comt.cat\/wp-content\/uploads\/2024\/07\/DESTACADA-Pla-OCI-Pastor-300x136.webp 300w, https:\/\/comt.cat\/wp-content\/uploads\/2024\/07\/DESTACADA-Pla-OCI-Pastor-1024x465.webp 1024w, https:\/\/comt.cat\/wp-content\/uploads\/2024\/07\/DESTACADA-Pla-OCI-Pastor-768x349.webp 768w, https:\/\/comt.cat\/wp-content\/uploads\/2024\/07\/DESTACADA-Pla-OCI-Pastor-1536x698.webp 1536w, https:\/\/comt.cat\/wp-content\/uploads\/2024\/07\/DESTACADA-Pla-OCI-Pastor-600x273.webp 600w\" sizes=\"(max-width: 1540px) 100vw, 1540px\" \/>\t\t\t\t<div class=\"overlay\" style=\"background-color:rgba(105, 105, 105, 0.802)\"><\/div>\t\t\t\t\t\t\t<\/div>\n\t\t\t\t\t<\/div>\n\n\t\t<div class=\"box-text text-center is-large\" style=\"background-color:rgb(243, 243, 243);padding:27px 0px 20px 0px;\">\n\t\t\t<div class=\"box-text-inner\">\n\t\t\t\t\n\n<h3>ACTIVIDAD CERRADA<\/h3>\n<p>\u00a0<\/p>\n<h4>Pastor por un d\u00eda<\/h4>\n<h4>\u00a0\u00a0<\/h4>\n<p>\u00a0<\/p>\n<p>28 y 30 de junio de 2024<\/p>\n\n\t\t\t<\/div>\n\t\t<\/div>\n\t<\/div>\n\t\n<a href=\"https:\/\/www.turismedetarragona.com\/ca\/tour\/pastor-per-un-dia-comt-2024\/\" class=\"button white expand\" >\n\t\t<span>M\u00e1s informaci\u00f3n<\/span>\n\t<\/a>\n\n\n\n\t\t<\/div>\n\t\t\t\t\t<\/div>\n\n\t\n\n\t<div id=\"col-794337777\" class=\"col medium-3 small-12 large-3\"  >\n\t\t\t\t<div class=\"col-inner\"  >\n\t\t\t\n\t\t\t\n\n\t<div class=\"box has-hover   has-hover box-text-bottom\" >\n\n\t\t<div class=\"box-image\" >\n\t\t\t\t\t\t<div class=\"\" >\n\t\t\t\t<img loading=\"lazy\" decoding=\"async\" width=\"1540\" height=\"700\" src=\"https:\/\/comt.cat\/wp-content\/uploads\/2024\/05\/DESTACADA-PLA-OCI_celler-i-xocolate.webp\" class=\"attachment- size-\" alt=\"DESTACADA PLA OCI_celler i xocolata\" srcset=\"https:\/\/comt.cat\/wp-content\/uploads\/2024\/05\/DESTACADA-PLA-OCI_celler-i-xocolate.webp 1540w, https:\/\/comt.cat\/wp-content\/uploads\/2024\/05\/DESTACADA-PLA-OCI_celler-i-xocolate-300x136.webp 300w, https:\/\/comt.cat\/wp-content\/uploads\/2024\/05\/DESTACADA-PLA-OCI_celler-i-xocolate-1024x465.webp 1024w, https:\/\/comt.cat\/wp-content\/uploads\/2024\/05\/DESTACADA-PLA-OCI_celler-i-xocolate-768x349.webp 768w, https:\/\/comt.cat\/wp-content\/uploads\/2024\/05\/DESTACADA-PLA-OCI_celler-i-xocolate-1536x698.webp 1536w\" sizes=\"(max-width: 1540px) 100vw, 1540px\" \/>\t\t\t\t<div class=\"overlay\" style=\"background-color:rgba(105, 105, 105, 0.802)\"><\/div>\t\t\t\t\t\t\t<\/div>\n\t\t\t\t\t<\/div>\n\n\t\t<div class=\"box-text text-center is-large\" style=\"background-color:rgb(243, 243, 243);padding:27px 0px 20px 0px;\">\n\t\t\t<div class=\"box-text-inner\">\n\t\t\t\t\n\n<h3>ACTIVIDAD CERRADA<\/h3>\n<p>\u00a0<\/p>\n<h4>Visita a la Bodega Mas Vicen\u00e7<\/h4>\n<h4>\u00a0\u00a0<\/h4>\n<p>25 de mayo de 2024<\/p>\n\n\t\t\t<\/div>\n\t\t<\/div>\n\t<\/div>\n\t\n<a href=\"https:\/\/www.turismedetarragona.com\/ca\/tour\/visita-celler-mas-vicenc-comt-2024\/\" class=\"button white expand\" >\n\t\t<span>M\u00e1s informaci\u00f3n<\/span>\n\t<\/a>\n\n\n\n\t\t<\/div>\n\t\t\t\t\t<\/div>\n\n\t\n\n\t<div id=\"col-1466965323\" class=\"col medium-3 small-12 large-3\"  >\n\t\t\t\t<div class=\"col-inner\"  >\n\t\t\t\n\t\t\t\n\n\t<div class=\"box has-hover   has-hover box-text-bottom\" >\n\n\t\t<div class=\"box-image\" >\n\t\t\t\t\t\t<div class=\"\" >\n\t\t\t\t<img loading=\"lazy\" decoding=\"async\" width=\"1540\" height=\"700\" src=\"https:\/\/comt.cat\/wp-content\/uploads\/2024\/03\/Destacada-Pla-Oci-Delta-Ebre_Abril-1.webp\" class=\"attachment- size-\" alt=\"Destacada Pla Oci Delta Ebre_Abril2024\" srcset=\"https:\/\/comt.cat\/wp-content\/uploads\/2024\/03\/Destacada-Pla-Oci-Delta-Ebre_Abril-1.webp 1540w, https:\/\/comt.cat\/wp-content\/uploads\/2024\/03\/Destacada-Pla-Oci-Delta-Ebre_Abril-1-300x136.webp 300w, https:\/\/comt.cat\/wp-content\/uploads\/2024\/03\/Destacada-Pla-Oci-Delta-Ebre_Abril-1-1024x465.webp 1024w, https:\/\/comt.cat\/wp-content\/uploads\/2024\/03\/Destacada-Pla-Oci-Delta-Ebre_Abril-1-768x349.webp 768w, https:\/\/comt.cat\/wp-content\/uploads\/2024\/03\/Destacada-Pla-Oci-Delta-Ebre_Abril-1-1536x698.webp 1536w\" sizes=\"(max-width: 1540px) 100vw, 1540px\" \/>\t\t\t\t<div class=\"overlay\" style=\"background-color:rgba(105, 105, 105, 0.802)\"><\/div>\t\t\t\t\t\t\t<\/div>\n\t\t\t\t\t<\/div>\n\n\t\t<div class=\"box-text text-center is-large\" style=\"background-color:rgb(243, 243, 243);padding:27px 0px 20px 0px;\">\n\t\t\t<div class=\"box-text-inner\">\n\t\t\t\t\n\n<h3>ACTIVIDAD CERRADA<\/h3>\n<p>\u00a0<\/p>\n<h4>Excursi\u00f3n al Delta de l&#8217;Ebre, con barca arroz y flamencos<\/h4>\n<h4>\u00a0\u00a0<\/h4>\n<p>27 de abril 2024<\/p>\n\n\t\t\t<\/div>\n\t\t<\/div>\n\t<\/div>\n\t\n<a href=\"https:\/\/www.turismedetarragona.com\/ca\/tour\/excursio-delta-de-lebre-barca-arros-flamencs-comt-2024\/\" class=\"button white expand\" >\n\t\t<span>M\u00e1s informaci\u00f3n<\/span>\n\t<\/a>\n\n\n\n\t\t<\/div>\n\t\t\t\t\t<\/div>\n\n\t\n\n\t<div id=\"col-182920757\" class=\"col medium-3 small-12 large-3\"  >\n\t\t\t\t<div class=\"col-inner\"  >\n\t\t\t\n\t\t\t\n\n\t<div class=\"box has-hover   has-hover box-text-bottom\" >\n\n\t\t<div class=\"box-image\" >\n\t\t\t\t\t\t<div class=\"\" >\n\t\t\t\t<img loading=\"lazy\" decoding=\"async\" width=\"1540\" height=\"700\" src=\"https:\/\/comt.cat\/wp-content\/uploads\/2024\/03\/Destacada-Necropoli-i-Centcelles.webp\" class=\"attachment- size-\" alt=\"Destacada Necropoli i Centcelles Pla Oci\" srcset=\"https:\/\/comt.cat\/wp-content\/uploads\/2024\/03\/Destacada-Necropoli-i-Centcelles.webp 1540w, https:\/\/comt.cat\/wp-content\/uploads\/2024\/03\/Destacada-Necropoli-i-Centcelles-300x136.webp 300w, https:\/\/comt.cat\/wp-content\/uploads\/2024\/03\/Destacada-Necropoli-i-Centcelles-1024x465.webp 1024w, https:\/\/comt.cat\/wp-content\/uploads\/2024\/03\/Destacada-Necropoli-i-Centcelles-768x349.webp 768w, https:\/\/comt.cat\/wp-content\/uploads\/2024\/03\/Destacada-Necropoli-i-Centcelles-1536x698.webp 1536w\" sizes=\"(max-width: 1540px) 100vw, 1540px\" \/>\t\t\t\t<div class=\"overlay\" style=\"background-color:rgba(105, 105, 105, 0.802)\"><\/div>\t\t\t\t\t\t\t<\/div>\n\t\t\t\t\t<\/div>\n\n\t\t<div class=\"box-text text-center is-large\" style=\"background-color:rgb(243, 243, 243);padding:27px 0px 20px 0px;\">\n\t\t\t<div class=\"box-text-inner\">\n\t\t\t\t\n\n<h3>ACTIVIDAD CERRADA<\/h3>\n<p>\u00a0<\/p>\n<h4>Visita guiada a la Necr\u00f2poli y al conjunto de Centcelles<\/h4>\n<h4>\u00a0\u00a0<\/h4>\n<p>17 y 18 de marzo 2024<\/p>\n\n\t\t\t<\/div>\n\t\t<\/div>\n\t<\/div>\n\t\n<a href=\"https:\/\/www.turismedetarragona.com\/ca\/tour\/visita-guiada-necropoli-centcelles-comt-2024\/\" class=\"button white expand\" >\n\t\t<span>M\u00e1s informaci\u00f3n<\/span>\n\t<\/a>\n\n\n\n\t\t<\/div>\n\t\t\t\t\t<\/div>\n\n\t\n\n\t<div id=\"col-759610967\" class=\"col medium-3 small-12 large-3\"  >\n\t\t\t\t<div class=\"col-inner\"  >\n\t\t\t\n\t\t\t\n\n\t<div class=\"box has-hover   has-hover box-text-bottom\" >\n\n\t\t<div class=\"box-image\" >\n\t\t\t\t\t\t<div class=\"\" >\n\t\t\t\t<img loading=\"lazy\" decoding=\"async\" width=\"1540\" height=\"700\" src=\"https:\/\/comt.cat\/wp-content\/uploads\/2024\/01\/Destacada_PlaOci_Aldover.webp\" class=\"attachment- size-\" alt=\"Destacada_PlaOci_Aldover24\" srcset=\"https:\/\/comt.cat\/wp-content\/uploads\/2024\/01\/Destacada_PlaOci_Aldover.webp 1540w, https:\/\/comt.cat\/wp-content\/uploads\/2024\/01\/Destacada_PlaOci_Aldover-300x136.webp 300w, https:\/\/comt.cat\/wp-content\/uploads\/2024\/01\/Destacada_PlaOci_Aldover-1024x465.webp 1024w, https:\/\/comt.cat\/wp-content\/uploads\/2024\/01\/Destacada_PlaOci_Aldover-768x349.webp 768w, https:\/\/comt.cat\/wp-content\/uploads\/2024\/01\/Destacada_PlaOci_Aldover-1536x698.webp 1536w\" sizes=\"(max-width: 1540px) 100vw, 1540px\" \/>\t\t\t\t<div class=\"overlay\" style=\"background-color:rgba(105, 105, 105, 0.802)\"><\/div>\t\t\t\t\t\t\t<\/div>\n\t\t\t\t\t<\/div>\n\n\t\t<div class=\"box-text text-center is-large\" style=\"background-color:rgb(243, 243, 243);padding:27px 0px 20px 0px;\">\n\t\t\t<div class=\"box-text-inner\">\n\t\t\t\t\n\n<h3>ACTIVIDAD CERRADA<\/h3>\n<p>\u00a0<\/p>\n<h4>Visita finca de c\u00edtricos en el Ebro y comida de brasa<\/h4>\n<h4>\u00a0\u00a0<\/h4>\n<p>24 de febrero 2024<\/p>\n\n\t\t\t<\/div>\n\t\t<\/div>\n\t<\/div>\n\t\n<a href=\"https:\/\/www.turismedetarragona.com\/ca\/tour\/visita-finca-citrics-ebre-dinar-brasa-comt-2024\/\" class=\"button white expand\" >\n\t\t<span>M\u00e1s informaci\u00f3n<\/span>\n\t<\/a>\n\n\n\n\t\t<\/div>\n\t\t\t\t\t<\/div>\n\n\t\n\n\t<div id=\"col-1867192901\" class=\"col medium-3 small-12 large-3\"  >\n\t\t\t\t<div class=\"col-inner\"  >\n\t\t\t\n\t\t\t\n\n\t<div class=\"box has-hover   has-hover box-text-bottom\" >\n\n\t\t<div class=\"box-image\" >\n\t\t\t\t\t\t<div class=\"\" >\n\t\t\t\t<img loading=\"lazy\" decoding=\"async\" width=\"1540\" height=\"700\" src=\"https:\/\/comt.cat\/wp-content\/uploads\/2024\/01\/DestacadaItinereGener24.webp\" class=\"attachment- size-\" alt=\"Destacada Itinere Gener24\" srcset=\"https:\/\/comt.cat\/wp-content\/uploads\/2024\/01\/DestacadaItinereGener24.webp 1540w, https:\/\/comt.cat\/wp-content\/uploads\/2024\/01\/DestacadaItinereGener24-300x136.webp 300w, https:\/\/comt.cat\/wp-content\/uploads\/2024\/01\/DestacadaItinereGener24-1024x465.webp 1024w, https:\/\/comt.cat\/wp-content\/uploads\/2024\/01\/DestacadaItinereGener24-768x349.webp 768w, https:\/\/comt.cat\/wp-content\/uploads\/2024\/01\/DestacadaItinereGener24-1536x698.webp 1536w\" sizes=\"(max-width: 1540px) 100vw, 1540px\" \/>\t\t\t\t<div class=\"overlay\" style=\"background-color:rgba(105, 105, 105, 0.802)\"><\/div>\t\t\t\t\t\t\t<\/div>\n\t\t\t\t\t<\/div>\n\n\t\t<div class=\"box-text text-center is-large\" style=\"background-color:rgb(243, 243, 243);padding:27px 0px 20px 0px;\">\n\t\t\t<div class=\"box-text-inner\">\n\t\t\t\t\n\n<h3>ACTIVIDAD CERRADA<\/h3>\n<p>\u00a0<\/p>\n<h4>Visita &#8211; Vila Montblanc y Hospeder\u00eda Poblet<\/h4>\n<h4>\u00a0\u00a0<\/h4>\n<p>27 de enero 2024<\/p>\n\n\t\t\t<\/div>\n\t\t<\/div>\n\t<\/div>\n\t\n<a href=\"https:\/\/www.turismedetarragona.com\/ca\/tour\/visita-guiada-montblanc-calcotada-lhostatgeria-poblet-comt-2024\/\" class=\"button white expand\" >\n\t\t<span>M\u00e1s informaci\u00f3n<\/span>\n\t<\/a>\n\n\n\n\t\t<\/div>\n\t\t\t\t\t<\/div>\n\n\t\n\n<\/div>\n<div class=\"container section-title-container\" ><h2 class=\"section-title section-title-normal\"><b aria-hidden=\"true\"><\/b><span class=\"section-title-main\" style=\"color:#45dace;\">Plan de ocio 2023<\/span><b aria-hidden=\"true\"><\/b><\/h2><\/div>\n\n<div class=\"row\"  id=\"row-1215939194\">\n\n\n\t<div id=\"col-743092420\" class=\"col medium-3 small-12 large-3\"  >\n\t\t\t\t<div class=\"col-inner\"  >\n\t\t\t\n\t\t\t\n\n\t<div class=\"box has-hover   has-hover box-text-bottom\" >\n\n\t\t<div class=\"box-image\" >\n\t\t\t\t\t\t<div class=\"\" >\n\t\t\t\t<img loading=\"lazy\" decoding=\"async\" width=\"1540\" height=\"700\" src=\"https:\/\/comt.cat\/wp-content\/uploads\/2023\/11\/Destacada-PLAOCI-Setge.webp\" class=\"attachment- size-\" alt=\"Destacada PLAOCI Setge\" srcset=\"https:\/\/comt.cat\/wp-content\/uploads\/2023\/11\/Destacada-PLAOCI-Setge.webp 1540w, https:\/\/comt.cat\/wp-content\/uploads\/2023\/11\/Destacada-PLAOCI-Setge-300x136.webp 300w, https:\/\/comt.cat\/wp-content\/uploads\/2023\/11\/Destacada-PLAOCI-Setge-1024x465.webp 1024w, https:\/\/comt.cat\/wp-content\/uploads\/2023\/11\/Destacada-PLAOCI-Setge-768x349.webp 768w, https:\/\/comt.cat\/wp-content\/uploads\/2023\/11\/Destacada-PLAOCI-Setge-1536x698.webp 1536w\" sizes=\"(max-width: 1540px) 100vw, 1540px\" \/>\t\t\t\t<div class=\"overlay\" style=\"background-color:rgba(105, 105, 105, 0.802)\"><\/div>\t\t\t\t\t\t\t<\/div>\n\t\t\t\t\t<\/div>\n\n\t\t<div class=\"box-text text-center is-large\" style=\"background-color:rgb(243, 243, 243);padding:27px 0px 20px 0px;\">\n\t\t\t<div class=\"box-text-inner\">\n\t\t\t\t\n\n<h3>ACTIVIDAD CERRADA<\/h3>\n<p>\u00a0<\/p>\n<h4>Visita &#8211; Tarragona 1811: asedio napole\u00f3nico y presa de la ciudad<\/h4>\n<h4>\u00a0\u00a0<\/h4>\n<p>02 i 03 de diciembre 2023<\/p>\n\n\t\t\t<\/div>\n\t\t<\/div>\n\t<\/div>\n\t\n<a href=\"https:\/\/www.turismedetarragona.com\/ca\/tour\/tarragona-1881-setge-napoleonic-comt\/\" class=\"button white expand\" >\n\t\t<span>M\u00e1s informaci\u00f3n<\/span>\n\t<\/a>\n\n\n\n\t\t<\/div>\n\t\t\t\t\t<\/div>\n\n\t\n\n\t<div id=\"col-1033957976\" class=\"col medium-3 small-12 large-3\"  >\n\t\t\t\t<div class=\"col-inner\"  >\n\t\t\t\n\t\t\t\n\n\t<div class=\"box has-hover   has-hover box-text-bottom\" >\n\n\t\t<div class=\"box-image\" >\n\t\t\t\t\t\t<div class=\"\" >\n\t\t\t\t<img loading=\"lazy\" decoding=\"async\" width=\"1540\" height=\"700\" src=\"https:\/\/comt.cat\/wp-content\/uploads\/2023\/10\/DestacadaPlaOci_EspaisRuralsTGN.webp\" class=\"attachment- size-\" alt=\"DestacadaPlaOci_EspaisRuralsTGN\" srcset=\"https:\/\/comt.cat\/wp-content\/uploads\/2023\/10\/DestacadaPlaOci_EspaisRuralsTGN.webp 1540w, https:\/\/comt.cat\/wp-content\/uploads\/2023\/10\/DestacadaPlaOci_EspaisRuralsTGN-300x136.webp 300w, https:\/\/comt.cat\/wp-content\/uploads\/2023\/10\/DestacadaPlaOci_EspaisRuralsTGN-1024x465.webp 1024w, https:\/\/comt.cat\/wp-content\/uploads\/2023\/10\/DestacadaPlaOci_EspaisRuralsTGN-768x349.webp 768w, https:\/\/comt.cat\/wp-content\/uploads\/2023\/10\/DestacadaPlaOci_EspaisRuralsTGN-1536x698.webp 1536w\" sizes=\"(max-width: 1540px) 100vw, 1540px\" \/>\t\t\t\t<div class=\"overlay\" style=\"background-color:rgba(105, 105, 105, 0.802)\"><\/div>\t\t\t\t\t\t\t<\/div>\n\t\t\t\t\t<\/div>\n\n\t\t<div class=\"box-text text-center is-large\" style=\"background-color:rgb(243, 243, 243);padding:27px 0px 20px 0px;\">\n\t\t\t<div class=\"box-text-inner\">\n\t\t\t\t\n\n<h3>ACTIVIDAD CERRADA<\/h3>\n<p>\u00a0<\/p>\n<h4>Visita &#8211; Ruta por los espacios de los espacios rurales de Tarraco<\/h4>\n<h4>\u00a0\u00a0<\/h4>\n<p>18 de noviembre 2023<\/p>\n\n\t\t\t<\/div>\n\t\t<\/div>\n\t<\/div>\n\t\n<a href=\"https:\/\/www.turismedetarragona.com\/ca\/tour\/ruta-guiada-espais-rurals-tarraco-comt\/\" class=\"button white expand\" >\n\t\t<span>M\u00e1s informaci\u00f3n<\/span>\n\t<\/a>\n\n\n\n\t\t<\/div>\n\t\t\t\t\t<\/div>\n\n\t\n\n\t<div id=\"col-462442839\" class=\"col medium-3 small-12 large-3\"  >\n\t\t\t\t<div class=\"col-inner\"  >\n\t\t\t\n\t\t\t\n\n\t<div class=\"box has-hover   has-hover box-text-bottom\" >\n\n\t\t<div class=\"box-image\" >\n\t\t\t\t\t\t<div class=\"\" >\n\t\t\t\t<img loading=\"lazy\" decoding=\"async\" width=\"1540\" height=\"700\" src=\"https:\/\/comt.cat\/wp-content\/uploads\/2023\/09\/DESTACADA_PladociBatallaEbre.webp\" class=\"attachment- size-\" alt=\"\" srcset=\"https:\/\/comt.cat\/wp-content\/uploads\/2023\/09\/DESTACADA_PladociBatallaEbre.webp 1540w, https:\/\/comt.cat\/wp-content\/uploads\/2023\/09\/DESTACADA_PladociBatallaEbre-300x136.webp 300w, https:\/\/comt.cat\/wp-content\/uploads\/2023\/09\/DESTACADA_PladociBatallaEbre-1024x465.webp 1024w, https:\/\/comt.cat\/wp-content\/uploads\/2023\/09\/DESTACADA_PladociBatallaEbre-768x349.webp 768w, https:\/\/comt.cat\/wp-content\/uploads\/2023\/09\/DESTACADA_PladociBatallaEbre-1536x698.webp 1536w\" sizes=\"(max-width: 1540px) 100vw, 1540px\" \/>\t\t\t\t<div class=\"overlay\" style=\"background-color:rgba(105, 105, 105, 0.802)\"><\/div>\t\t\t\t\t\t\t<\/div>\n\t\t\t\t\t<\/div>\n\n\t\t<div class=\"box-text text-center is-large\" style=\"background-color:rgb(243, 243, 243);padding:27px 0px 20px 0px;\">\n\t\t\t<div class=\"box-text-inner\">\n\t\t\t\t\n\n<h3>ACTIVIDAD CERRADA<\/h3>\n<p>\u00a0<\/p>\n<h4>Visita &#8211; Ruta por los espacios de la Batalla del Ebro<\/h4>\n<h4>\u00a0\u00a0<\/h4>\n<p>21 de octubre 2023<\/p>\n\n\t\t\t<\/div>\n\t\t<\/div>\n\t<\/div>\n\t\n<a href=\"https:\/\/www.turismedetarragona.com\/ca\/tour\/ruta-espais-batalla-ebre-comt\/\" class=\"button white expand\" >\n\t\t<span>M\u00e1s informaci\u00f3n<\/span>\n\t<\/a>\n\n\n\n\t\t<\/div>\n\t\t\t\t\t<\/div>\n\n\t\n\n\t<div id=\"col-1814817992\" class=\"col medium-3 small-12 large-3\"  >\n\t\t\t\t<div class=\"col-inner\"  >\n\t\t\t\n\t\t\t\n\n\t<div class=\"box has-hover   has-hover box-text-bottom\" >\n\n\t\t<div class=\"box-image\" >\n\t\t\t\t\t\t<div class=\"\" >\n\t\t\t\t<img loading=\"lazy\" decoding=\"async\" width=\"1540\" height=\"700\" src=\"https:\/\/comt.cat\/wp-content\/uploads\/2023\/08\/PladociRamblaNova.webp\" class=\"attachment- size-\" alt=\"Destacada PladociRamblaNova\" srcset=\"https:\/\/comt.cat\/wp-content\/uploads\/2023\/08\/PladociRamblaNova.webp 1540w, https:\/\/comt.cat\/wp-content\/uploads\/2023\/08\/PladociRamblaNova-300x136.webp 300w, https:\/\/comt.cat\/wp-content\/uploads\/2023\/08\/PladociRamblaNova-1024x465.webp 1024w, https:\/\/comt.cat\/wp-content\/uploads\/2023\/08\/PladociRamblaNova-768x349.webp 768w, https:\/\/comt.cat\/wp-content\/uploads\/2023\/08\/PladociRamblaNova-1536x698.webp 1536w\" sizes=\"(max-width: 1540px) 100vw, 1540px\" \/>\t\t\t\t<div class=\"overlay\" style=\"background-color:rgba(105, 105, 105, 0.802)\"><\/div>\t\t\t\t\t\t\t<\/div>\n\t\t\t\t\t<\/div>\n\n\t\t<div class=\"box-text text-center is-large\" style=\"background-color:rgb(243, 243, 243);padding:27px 0px 20px 0px;\">\n\t\t\t<div class=\"box-text-inner\">\n\t\t\t\t\n\n<h3>ACTIVIDAD CERRADA<\/h3>\n<p>&nbsp;<\/p>\n<h4>Visita &#8211; La Rambla Nova de Tarragona<\/h4>\n<h4>&nbsp;&nbsp;<\/h4>\n<p>07 y 08 de septiembre 2023<\/p>\n\n\t\t\t<\/div>\n\t\t<\/div>\n\t<\/div>\n\t\n<a href=\"https:\/\/www.turismedetarragona.com\/ca\/tour\/la-rambla-nova-de-tarragona-comt\/\" class=\"button white expand\" >\n\t\t<span>M\u00e1s informaci\u00f3n<\/span>\n\t<\/a>\n\n\n\n\t\t<\/div>\n\t\t\t\t\t<\/div>\n\n\t\n\n\t<div id=\"col-1697618810\" class=\"col medium-3 small-12 large-3\"  >\n\t\t\t\t<div class=\"col-inner\"  >\n\t\t\t\n\t\t\t\n\n\t<div class=\"box has-hover   has-hover box-text-bottom\" >\n\n\t\t<div class=\"box-image\" >\n\t\t\t\t\t\t<div class=\"\" >\n\t\t\t\t<img loading=\"lazy\" decoding=\"async\" width=\"1540\" height=\"700\" src=\"https:\/\/comt.cat\/wp-content\/uploads\/2023\/06\/Imatge-DESTACADA_PlaOciBarca.webp\" class=\"attachment- size-\" alt=\"Imatge DESTACADA_PlaOciBarca\" srcset=\"https:\/\/comt.cat\/wp-content\/uploads\/2023\/06\/Imatge-DESTACADA_PlaOciBarca.webp 1540w, https:\/\/comt.cat\/wp-content\/uploads\/2023\/06\/Imatge-DESTACADA_PlaOciBarca-300x136.webp 300w, https:\/\/comt.cat\/wp-content\/uploads\/2023\/06\/Imatge-DESTACADA_PlaOciBarca-1024x465.webp 1024w, https:\/\/comt.cat\/wp-content\/uploads\/2023\/06\/Imatge-DESTACADA_PlaOciBarca-768x349.webp 768w, https:\/\/comt.cat\/wp-content\/uploads\/2023\/06\/Imatge-DESTACADA_PlaOciBarca-1536x698.webp 1536w\" sizes=\"(max-width: 1540px) 100vw, 1540px\" \/>\t\t\t\t<div class=\"overlay\" style=\"background-color:rgba(105, 105, 105, 0.802)\"><\/div>\t\t\t\t\t\t\t<\/div>\n\t\t\t\t\t<\/div>\n\n\t\t<div class=\"box-text text-center is-large\" style=\"background-color:rgb(243, 243, 243);padding:27px 0px 20px 0px;\">\n\t\t\t<div class=\"box-text-inner\">\n\t\t\t\t\n\n<h3>ACTIVIDAD CERRADA<\/h3>\n<p>&nbsp;<\/p>\n<h4>Visita &#8211; Tarragona desde el mar<\/h4>\n<h4>&nbsp;&nbsp;<\/h4>\n<p>08 de julio 2023<\/p>\n\n\t\t\t<\/div>\n\t\t<\/div>\n\t<\/div>\n\t\n<a href=\"https:\/\/www.turismedetarragona.com\/ca\/tour\/tarragona-des-del-mar-comt\/\" class=\"button white expand\" >\n\t\t<span>M\u00e1s informaci\u00f3n<\/span>\n\t<\/a>\n\n\n\n\t\t<\/div>\n\t\t\t\t\t<\/div>\n\n\t\n\n\t<div id=\"col-1805822314\" class=\"col medium-3 small-12 large-3\"  >\n\t\t\t\t<div class=\"col-inner\"  >\n\t\t\t\n\t\t\t\n\n\t<div class=\"box has-hover   has-hover box-text-bottom\" >\n\n\t\t<div class=\"box-image\" >\n\t\t\t\t\t\t<div class=\"\" >\n\t\t\t\t<img loading=\"lazy\" decoding=\"async\" width=\"1540\" height=\"700\" src=\"https:\/\/comt.cat\/wp-content\/uploads\/2023\/06\/Destacada-Celler-Janine_Sushi.webp\" class=\"attachment- size-\" alt=\"Destacada_Plaoci Celler Janine Sushi\" srcset=\"https:\/\/comt.cat\/wp-content\/uploads\/2023\/06\/Destacada-Celler-Janine_Sushi.webp 1540w, https:\/\/comt.cat\/wp-content\/uploads\/2023\/06\/Destacada-Celler-Janine_Sushi-300x136.webp 300w, https:\/\/comt.cat\/wp-content\/uploads\/2023\/06\/Destacada-Celler-Janine_Sushi-1024x465.webp 1024w, https:\/\/comt.cat\/wp-content\/uploads\/2023\/06\/Destacada-Celler-Janine_Sushi-768x349.webp 768w, https:\/\/comt.cat\/wp-content\/uploads\/2023\/06\/Destacada-Celler-Janine_Sushi-1536x698.webp 1536w\" sizes=\"(max-width: 1540px) 100vw, 1540px\" \/>\t\t\t\t<div class=\"overlay\" style=\"background-color:rgba(105, 105, 105, 0.802)\"><\/div>\t\t\t\t\t\t\t<\/div>\n\t\t\t\t\t<\/div>\n\n\t\t<div class=\"box-text text-center is-large\" style=\"background-color:rgb(243, 243, 243);padding:27px 0px 20px 0px;\">\n\t\t\t<div class=\"box-text-inner\">\n\t\t\t\t\n\n<h3>ACTIVIDAD CERRADA<\/h3>\n<p>&nbsp;<\/p>\n<h4>Visita &#8211; Visita a la bodega Janine y taller de sushi<\/h4>\n<h4>&nbsp;&nbsp;<\/h4>\n<p>17 de junio 2023<\/p>\n\n\t\t\t<\/div>\n\t\t<\/div>\n\t<\/div>\n\t\n<a href=\"https:\/\/www.turismedetarragona.com\/ca\/tour\/visita-celler-janine-taller-sushi-comt\/\" class=\"button white expand\" >\n\t\t<span>M\u00e1s informaci\u00f3n<\/span>\n\t<\/a>\n\n\n\n\t\t<\/div>\n\t\t\t\t\t<\/div>\n\n\t\n\n\t<div id=\"col-44234703\" class=\"col medium-3 small-12 large-3\"  >\n\t\t\t\t<div class=\"col-inner\"  >\n\t\t\t\n\t\t\t\n\n\t<div class=\"box has-hover   has-hover box-text-bottom\" >\n\n\t\t<div class=\"box-image\" >\n\t\t\t\t\t\t<div class=\"\" >\n\t\t\t\t<img loading=\"lazy\" decoding=\"async\" width=\"1540\" height=\"700\" src=\"https:\/\/comt.cat\/wp-content\/uploads\/2023\/05\/DestacadaPladociMasMiro.webp\" class=\"attachment- size-\" alt=\"DestacadaPladociMasMiro\" srcset=\"https:\/\/comt.cat\/wp-content\/uploads\/2023\/05\/DestacadaPladociMasMiro.webp 1540w, https:\/\/comt.cat\/wp-content\/uploads\/2023\/05\/DestacadaPladociMasMiro-300x136.webp 300w, https:\/\/comt.cat\/wp-content\/uploads\/2023\/05\/DestacadaPladociMasMiro-1024x465.webp 1024w, https:\/\/comt.cat\/wp-content\/uploads\/2023\/05\/DestacadaPladociMasMiro-768x349.webp 768w, https:\/\/comt.cat\/wp-content\/uploads\/2023\/05\/DestacadaPladociMasMiro-1536x698.webp 1536w\" sizes=\"(max-width: 1540px) 100vw, 1540px\" \/>\t\t\t\t<div class=\"overlay\" style=\"background-color:rgba(105, 105, 105, 0.802)\"><\/div>\t\t\t\t\t\t\t<\/div>\n\t\t\t\t\t<\/div>\n\n\t\t<div class=\"box-text text-center is-large\" style=\"background-color:rgb(243, 243, 243);padding:27px 0px 20px 0px;\">\n\t\t\t<div class=\"box-text-inner\">\n\t\t\t\t\n\n<h3>ACTIVIDAD CERRADA<\/h3>\n<h4>&nbsp;<\/h4>\n<h4>Visita &#8211; Fundaci\u00f3 Mas Mir\u00f3<\/h4>\n<p>&nbsp;<\/p>\n<p>&nbsp;<\/p>\n<p>27 de mayo de 2023<\/p>\n\n\t\t\t<\/div>\n\t\t<\/div>\n\t<\/div>\n\t\n<a href=\"https:\/\/www.turismedetarragona.com\/ca\/tour\/visita-fundacio-mas-miro-vermut-comt\/\" class=\"button white expand\" >\n\t\t<span>M\u00e1s informaci\u00f3n<\/span>\n\t<\/a>\n\n\n\n\t\t<\/div>\n\t\t\t\t\t<\/div>\n\n\t\n\n\t<div id=\"col-1237733155\" class=\"col medium-3 small-12 large-3\"  >\n\t\t\t\t<div class=\"col-inner\"  >\n\t\t\t\n\t\t\t\n\n\t<div class=\"box has-hover   has-hover box-text-bottom\" >\n\n\t\t<div class=\"box-image\" >\n\t\t\t\t\t\t<div class=\"\" >\n\t\t\t\t<img loading=\"lazy\" decoding=\"async\" width=\"1540\" height=\"700\" src=\"https:\/\/comt.cat\/wp-content\/uploads\/2023\/03\/Pla_doci_Tortosa.webp\" class=\"attachment- size-\" alt=\"DESTACADA Pla_doci_Tortosa\" srcset=\"https:\/\/comt.cat\/wp-content\/uploads\/2023\/03\/Pla_doci_Tortosa.webp 1540w, https:\/\/comt.cat\/wp-content\/uploads\/2023\/03\/Pla_doci_Tortosa-300x136.webp 300w, https:\/\/comt.cat\/wp-content\/uploads\/2023\/03\/Pla_doci_Tortosa-1024x465.webp 1024w, https:\/\/comt.cat\/wp-content\/uploads\/2023\/03\/Pla_doci_Tortosa-768x349.webp 768w, https:\/\/comt.cat\/wp-content\/uploads\/2023\/03\/Pla_doci_Tortosa-1536x698.webp 1536w\" sizes=\"(max-width: 1540px) 100vw, 1540px\" \/>\t\t\t\t<div class=\"overlay\" style=\"background-color:rgba(105, 105, 105, 0.802)\"><\/div>\t\t\t\t\t\t\t<\/div>\n\t\t\t\t\t<\/div>\n\n\t\t<div class=\"box-text text-center is-large\" style=\"background-color:rgb(243, 243, 243);padding:27px 0px 20px 0px;\">\n\t\t\t<div class=\"box-text-inner\">\n\t\t\t\t\n\n<h3>ACTIVIDAD CERRADA<\/h3>\n<p>&nbsp;<\/p>\n<h4>Visita &#8211; Excursi\u00f3n de d\u00eda entero a Tortosa<\/h4>\n<p>&nbsp;<\/p>\n<p>15 de abril de 2023<\/p>\n\n\t\t\t<\/div>\n\t\t<\/div>\n\t<\/div>\n\t\n<a href=\"https:\/\/www.turismedetarragona.com\/ca\/tour\/excursio-tortosa-comt\/\" class=\"button white expand\" >\n\t\t<span>M\u00e1s informaci\u00f3n<\/span>\n\t<\/a>\n\n\n\n\t\t<\/div>\n\t\t\t\t\t<\/div>\n\n\t\n\n\t<div id=\"col-562800495\" class=\"col medium-3 small-12 large-3\"  >\n\t\t\t\t<div class=\"col-inner\"  >\n\t\t\t\n\t\t\t\n\n\t<div class=\"box has-hover   has-hover box-text-bottom\" >\n\n\t\t<div class=\"box-image\" >\n\t\t\t\t\t\t<div class=\"\" >\n\t\t\t\t<img loading=\"lazy\" decoding=\"async\" width=\"1540\" height=\"700\" src=\"https:\/\/comt.cat\/wp-content\/uploads\/2023\/02\/Plaoci-DESTACADA-presseguers.webp\" class=\"attachment- size-\" alt=\"Destacada PlaOci Presseguers\" srcset=\"https:\/\/comt.cat\/wp-content\/uploads\/2023\/02\/Plaoci-DESTACADA-presseguers.webp 1540w, https:\/\/comt.cat\/wp-content\/uploads\/2023\/02\/Plaoci-DESTACADA-presseguers-300x136.webp 300w, https:\/\/comt.cat\/wp-content\/uploads\/2023\/02\/Plaoci-DESTACADA-presseguers-1024x465.webp 1024w, https:\/\/comt.cat\/wp-content\/uploads\/2023\/02\/Plaoci-DESTACADA-presseguers-768x349.webp 768w, https:\/\/comt.cat\/wp-content\/uploads\/2023\/02\/Plaoci-DESTACADA-presseguers-1536x698.webp 1536w\" sizes=\"(max-width: 1540px) 100vw, 1540px\" \/>\t\t\t\t<div class=\"overlay\" style=\"background-color:rgba(105, 105, 105, 0.802)\"><\/div>\t\t\t\t\t\t\t<\/div>\n\t\t\t\t\t<\/div>\n\n\t\t<div class=\"box-text text-center is-large\" style=\"background-color:rgb(243, 243, 243);padding:27px 0px 20px 0px;\">\n\t\t\t<div class=\"box-text-inner\">\n\t\t\t\t\n\n<h3>ACTIVIDAD CERRADA<\/h3>\n<p>&nbsp;<\/p>\n<h4>Visita &#8211; Entre melocotoneros en flor en Tivissa con brunch<\/h4>\n<p>&nbsp;<\/p>\n<p>11 de marzo de 2023<\/p>\n\n\t\t\t<\/div>\n\t\t<\/div>\n\t<\/div>\n\t\n<a href=\"https:\/\/www.turismedetarragona.com\/ca\/tour\/tarragona-llegendaria-misteris-i-crims-comt\/\" class=\"button white expand\" >\n\t\t<span>M\u00e1s informaci\u00f3n<\/span>\n\t<\/a>\n\n\n\n\t\t<\/div>\n\t\t\t\t\t<\/div>\n\n\t\n\n\t<div id=\"col-610180058\" class=\"col medium-3 small-12 large-3\"  >\n\t\t\t\t<div class=\"col-inner\"  >\n\t\t\t\n\t\t\t\n\n\t<div class=\"box has-hover   has-hover box-text-bottom\" >\n\n\t\t<div class=\"box-image\" >\n\t\t\t\t\t\t<div class=\"\" >\n\t\t\t\t<img loading=\"lazy\" decoding=\"async\" width=\"1540\" height=\"700\" src=\"https:\/\/comt.cat\/wp-content\/uploads\/2023\/02\/PladociPoblet.webp\" class=\"attachment- size-\" alt=\"Destacada Pla Oci_PobletOK\" srcset=\"https:\/\/comt.cat\/wp-content\/uploads\/2023\/02\/PladociPoblet.webp 1540w, https:\/\/comt.cat\/wp-content\/uploads\/2023\/02\/PladociPoblet-300x136.webp 300w, https:\/\/comt.cat\/wp-content\/uploads\/2023\/02\/PladociPoblet-1024x465.webp 1024w, https:\/\/comt.cat\/wp-content\/uploads\/2023\/02\/PladociPoblet-768x349.webp 768w, https:\/\/comt.cat\/wp-content\/uploads\/2023\/02\/PladociPoblet-1536x698.webp 1536w\" sizes=\"(max-width: 1540px) 100vw, 1540px\" \/>\t\t\t\t<div class=\"overlay\" style=\"background-color:rgba(105, 105, 105, 0.802)\"><\/div>\t\t\t\t\t\t\t<\/div>\n\t\t\t\t\t<\/div>\n\n\t\t<div class=\"box-text text-center is-large\" style=\"background-color:rgb(243, 243, 243);padding:27px 0px 20px 0px;\">\n\t\t\t<div class=\"box-text-inner\">\n\t\t\t\t\n\n<h3>ACTIVIDAD CERRADA<\/h3>\n<p>&nbsp;<\/p>\n<h4>Visita &#8211; Monestir Santa Maria de Poblet<\/h4>\n<p>&nbsp;<\/p>\n<p>25 de febrero de 2023<\/p>\n\n\t\t\t<\/div>\n\t\t<\/div>\n\t<\/div>\n\t\n<a href=\"https:\/\/www.turismedetarragona.com\/ca\/tour\/entre-presseguers-florits-a-tivissa-amb-brunch-a-laire-lliure-comt\/\" class=\"button white expand\" >\n\t\t<span>M\u00e1s informaci\u00f3n<\/span>\n\t<\/a>\n\n\n\n\t\t<\/div>\n\t\t\t\t\t<\/div>\n\n\t\n\n\t<div id=\"col-951632088\" class=\"col medium-3 small-12 large-3\"  >\n\t\t\t\t<div class=\"col-inner\"  >\n\t\t\t\n\t\t\t\n\n\t<div class=\"box has-hover   has-hover box-text-bottom\" >\n\n\t\t<div class=\"box-image\" >\n\t\t\t\t\t\t<div class=\"\" >\n\t\t\t\t<img loading=\"lazy\" decoding=\"async\" width=\"1540\" height=\"700\" src=\"https:\/\/comt.cat\/wp-content\/uploads\/2023\/01\/Destacada-noticiaMisteris-i-Crims.jpeg\" class=\"attachment- size-\" alt=\"Destacada noticiaMisteris i Crims\" srcset=\"https:\/\/comt.cat\/wp-content\/uploads\/2023\/01\/Destacada-noticiaMisteris-i-Crims.jpeg 1540w, https:\/\/comt.cat\/wp-content\/uploads\/2023\/01\/Destacada-noticiaMisteris-i-Crims-300x136.jpeg 300w, https:\/\/comt.cat\/wp-content\/uploads\/2023\/01\/Destacada-noticiaMisteris-i-Crims-1024x465.jpeg 1024w, https:\/\/comt.cat\/wp-content\/uploads\/2023\/01\/Destacada-noticiaMisteris-i-Crims-768x349.jpeg 768w, https:\/\/comt.cat\/wp-content\/uploads\/2023\/01\/Destacada-noticiaMisteris-i-Crims-1536x698.jpeg 1536w\" sizes=\"(max-width: 1540px) 100vw, 1540px\" \/>\t\t\t\t<div class=\"overlay\" style=\"background-color:rgba(105, 105, 105, 0.802)\"><\/div>\t\t\t\t\t\t\t<\/div>\n\t\t\t\t\t<\/div>\n\n\t\t<div class=\"box-text text-center is-large\" style=\"background-color:rgb(243, 243, 243);padding:27px 0px 20px 0px;\">\n\t\t\t<div class=\"box-text-inner\">\n\t\t\t\t\n\n<h3>ACTIVIDAD CERRADA<\/h3>\n<p>&nbsp;<\/p>\n<h4>Tarragona legendaria &#8211; Misterios y Cr\u00edmenes<\/h4>\n<h4>&nbsp;&nbsp;<\/h4>\n<p>27 i 28 de enero 2023<\/p>\n\n\t\t\t<\/div>\n\t\t<\/div>\n\t<\/div>\n\t\n<a href=\"https:\/\/www.turismedetarragona.com\/ca\/tour\/tarragona-llegendaria-misteris-i-crims-comt\/\" class=\"button white expand\" >\n\t\t<span>M\u00e1s informaci\u00f3n<\/span>\n\t<\/a>\n\n\n\n\t\t<\/div>\n\t\t\t\t\t<\/div>\n\n\t\n\n<\/div>\n<div class=\"container section-title-container\" ><h2 class=\"section-title section-title-normal\"><b aria-hidden=\"true\"><\/b><span class=\"section-title-main\" style=\"color:#45dace;\">Plan de ocio 2022<\/span><b aria-hidden=\"true\"><\/b><\/h2><\/div>\n\n<div class=\"row\"  id=\"row-1942705243\">\n\n\n\t<div id=\"col-1986565458\" class=\"col medium-3 small-6 large-3\"  >\n\t\t\t\t<div class=\"col-inner\"  >\n\t\t\t\n\t\t\t\n\n\t<div class=\"box has-hover   has-hover box-text-bottom\" >\n\n\t\t<div class=\"box-image\" >\n\t\t\t\t\t\t<div class=\"\" >\n\t\t\t\t<img loading=\"lazy\" decoding=\"async\" width=\"1540\" height=\"700\" src=\"https:\/\/comt.cat\/wp-content\/uploads\/2022\/10\/DestacadaItinereNovembre.webp\" class=\"attachment- size-\" alt=\"DestacadaItinereNovembre\" srcset=\"https:\/\/comt.cat\/wp-content\/uploads\/2022\/10\/DestacadaItinereNovembre.webp 1540w, https:\/\/comt.cat\/wp-content\/uploads\/2022\/10\/DestacadaItinereNovembre-300x136.webp 300w, https:\/\/comt.cat\/wp-content\/uploads\/2022\/10\/DestacadaItinereNovembre-1024x465.webp 1024w, https:\/\/comt.cat\/wp-content\/uploads\/2022\/10\/DestacadaItinereNovembre-768x349.webp 768w, https:\/\/comt.cat\/wp-content\/uploads\/2022\/10\/DestacadaItinereNovembre-1536x698.webp 1536w\" sizes=\"(max-width: 1540px) 100vw, 1540px\" \/>\t\t\t\t<div class=\"overlay\" style=\"background-color:rgba(105, 105, 105, 0.802)\"><\/div>\t\t\t\t\t\t\t<\/div>\n\t\t\t\t\t<\/div>\n\n\t\t<div class=\"box-text text-center is-large\" style=\"background-color:rgb(243, 243, 243);padding:27px 0px 20px 0px;\">\n\t\t\t<div class=\"box-text-inner\">\n\t\t\t\t\n\n<h3>ACTIVIDAD CERRADA<\/h3>\n<p>&nbsp;<\/p>\n<h4>Visita guiada Catedral de Tgna &#8211; Centro hist\u00f3rico<\/h4>\n<p>12 de noivembre 2022<\/p>\n\n\t\t\t<\/div>\n\t\t<\/div>\n\t<\/div>\n\t\n<a href=\"https:\/\/www.turismedetarragona.com\/ca\/tour\/catedral-de-tarragona-comt\/\" class=\"button white expand\" >\n\t\t<span>M\u00e1s informaci\u00f3n<\/span>\n\t<\/a>\n\n\n\n\t\t<\/div>\n\t\t\t\t\t<\/div>\n\n\t\n\n\t<div id=\"col-887169424\" class=\"col medium-3 small-6 large-3\"  >\n\t\t\t\t<div class=\"col-inner\"  >\n\t\t\t\n\t\t\t\n\n\t<div class=\"box has-hover   has-hover box-text-bottom\" >\n\n\t\t<div class=\"box-image\" >\n\t\t\t\t\t\t<div class=\"\" >\n\t\t\t\t<img loading=\"lazy\" decoding=\"async\" width=\"1540\" height=\"700\" src=\"https:\/\/comt.cat\/wp-content\/uploads\/2022\/09\/Pladoci_Modernisme.webp\" class=\"attachment- size-\" alt=\"Pladoci_Modernisme\" srcset=\"https:\/\/comt.cat\/wp-content\/uploads\/2022\/09\/Pladoci_Modernisme.webp 1540w, https:\/\/comt.cat\/wp-content\/uploads\/2022\/09\/Pladoci_Modernisme-300x136.webp 300w, https:\/\/comt.cat\/wp-content\/uploads\/2022\/09\/Pladoci_Modernisme-1024x465.webp 1024w, https:\/\/comt.cat\/wp-content\/uploads\/2022\/09\/Pladoci_Modernisme-768x349.webp 768w, https:\/\/comt.cat\/wp-content\/uploads\/2022\/09\/Pladoci_Modernisme-1536x698.webp 1536w\" sizes=\"(max-width: 1540px) 100vw, 1540px\" \/>\t\t\t\t<div class=\"overlay\" style=\"background-color:rgba(105, 105, 105, 0.802)\"><\/div>\t\t\t\t\t\t\t<\/div>\n\t\t\t\t\t<\/div>\n\n\t\t<div class=\"box-text text-center is-large\" style=\"background-color:rgb(243, 243, 243);padding:27px 0px 20px 0px;\">\n\t\t\t<div class=\"box-text-inner\">\n\t\t\t\t\n\n<h3>ACTIVIDAD CERRADA<\/h3>\n<p>&nbsp;<\/p>\n<h4>Visita guiada al modernismo &#8211; Reus<\/h4>\n<p>01 de octubre 2022<\/p>\n\n\t\t\t<\/div>\n\t\t<\/div>\n\t<\/div>\n\t\n<a href=\"https:\/\/www.turismedetarragona.com\/ca\/tour\/reus-modernista-comt\/\" class=\"button white expand\" >\n\t\t<span>M\u00e1s informaci\u00f3n<\/span>\n\t<\/a>\n\n\n\n\t\t<\/div>\n\t\t\t\t\t<\/div>\n\n\t\n\n\t<div id=\"col-725960511\" class=\"col medium-3 small-6 large-3\"  >\n\t\t\t\t<div class=\"col-inner\"  >\n\t\t\t\n\t\t\t\n\n\t<div class=\"box has-hover   has-hover box-text-bottom\" >\n\n\t\t<div class=\"box-image\" >\n\t\t\t\t\t\t<div class=\"\" >\n\t\t\t\t<img loading=\"lazy\" decoding=\"async\" width=\"1540\" height=\"700\" src=\"https:\/\/comt.cat\/wp-content\/uploads\/2022\/08\/Itinere02-setembre.jpg\" class=\"attachment- size-\" alt=\"Itinere activitat 02 setembre\" srcset=\"https:\/\/comt.cat\/wp-content\/uploads\/2022\/08\/Itinere02-setembre.jpg 1540w, https:\/\/comt.cat\/wp-content\/uploads\/2022\/08\/Itinere02-setembre-300x136.jpg 300w, https:\/\/comt.cat\/wp-content\/uploads\/2022\/08\/Itinere02-setembre-1024x465.jpg 1024w, https:\/\/comt.cat\/wp-content\/uploads\/2022\/08\/Itinere02-setembre-768x349.jpg 768w, https:\/\/comt.cat\/wp-content\/uploads\/2022\/08\/Itinere02-setembre-1536x698.jpg 1536w\" sizes=\"(max-width: 1540px) 100vw, 1540px\" \/>\t\t\t\t<div class=\"overlay\" style=\"background-color:rgba(105, 105, 105, 0.802)\"><\/div>\t\t\t\t\t\t\t<\/div>\n\t\t\t\t\t<\/div>\n\n\t\t<div class=\"box-text text-center is-large\" style=\"background-color:rgb(243, 243, 243);padding:27px 0px 20px 0px;\">\n\t\t\t<div class=\"box-text-inner\">\n\t\t\t\t\n\n<h3>ACTIVIDAD CERRADA<\/h3>\n<p>&nbsp;<\/p>\n<h4>Misterios y leyendas de Tarragona<\/h4>\n<p>02 de septiembre 2022<\/p>\n\n\t\t\t<\/div>\n\t\t<\/div>\n\t<\/div>\n\t\n<a href=\"https:\/\/comt.cat\/pla-doci-del-comt-misteris-i-llegendes-de-tarragona\/\" class=\"button white expand\" >\n\t\t<span>M\u00e1s informaci\u00f3n<\/span>\n\t<\/a>\n\n\n\n\t\t<\/div>\n\t\t\t\t\t<\/div>\n\n\t\n\n\t<div id=\"col-1740048893\" class=\"col medium-3 small-12 large-3\"  >\n\t\t\t\t<div class=\"col-inner\"  >\n\t\t\t\n\t\t\t\n\n\t<div class=\"box has-hover   has-hover box-text-bottom\" >\n\n\t\t<div class=\"box-image\" >\n\t\t\t\t\t\t<div class=\"\" >\n\t\t\t\t<img loading=\"lazy\" decoding=\"async\" width=\"1540\" height=\"700\" src=\"https:\/\/comt.cat\/wp-content\/uploads\/2022\/06\/Itinere_Celler_Tast.jpg\" class=\"attachment- size-\" alt=\"\" srcset=\"https:\/\/comt.cat\/wp-content\/uploads\/2022\/06\/Itinere_Celler_Tast.jpg 1540w, https:\/\/comt.cat\/wp-content\/uploads\/2022\/06\/Itinere_Celler_Tast-300x136.jpg 300w, https:\/\/comt.cat\/wp-content\/uploads\/2022\/06\/Itinere_Celler_Tast-1024x465.jpg 1024w, https:\/\/comt.cat\/wp-content\/uploads\/2022\/06\/Itinere_Celler_Tast-768x349.jpg 768w, https:\/\/comt.cat\/wp-content\/uploads\/2022\/06\/Itinere_Celler_Tast-1536x698.jpg 1536w\" sizes=\"(max-width: 1540px) 100vw, 1540px\" \/>\t\t\t\t<div class=\"overlay\" style=\"background-color:rgba(105, 105, 105, 0.802)\"><\/div>\t\t\t\t\t\t\t<\/div>\n\t\t\t\t\t<\/div>\n\n\t\t<div class=\"box-text text-center is-large\" style=\"background-color:rgb(243, 243, 243);padding:27px 0px 20px 0px;\">\n\t\t\t<div class=\"box-text-inner\">\n\t\t\t\t\n\n<h3>ACTIVIDAD CERRADA<\/h3>\n<p>&nbsp;<\/p>\n<h4>Cata, almuerzo y visita a una bodega<\/h4>\n<p>04 de junio 2022<\/p>\n\n\t\t\t<\/div>\n\t\t<\/div>\n\t<\/div>\n\t\n<a href=\"https:\/\/comt.cat\/pla-doci-del-comt-esmorzar-de-pages-visita-i-cata-al-celler-alvarez-duran-porrera\/\" class=\"button white expand\" >\n\t\t<span>M\u00e1s informaci\u00f3n<\/span>\n\t<\/a>\n\n\n\n\t\t<\/div>\n\t\t\t\t\t<\/div>\n\n\t\n\n\t<div id=\"col-809326151\" class=\"col medium-3 small-12 large-3\"  >\n\t\t\t\t<div class=\"col-inner\"  >\n\t\t\t\n\t\t\t\n\n\t<div class=\"box has-hover   has-hover box-text-bottom\" >\n\n\t\t<div class=\"box-image\" >\n\t\t\t\t\t\t<div class=\"\" >\n\t\t\t\t<img loading=\"lazy\" decoding=\"async\" width=\"1540\" height=\"700\" src=\"https:\/\/comt.cat\/wp-content\/uploads\/2022\/06\/Itinere-Delta.webp\" class=\"attachment- size-\" alt=\"\" srcset=\"https:\/\/comt.cat\/wp-content\/uploads\/2022\/06\/Itinere-Delta.webp 1540w, https:\/\/comt.cat\/wp-content\/uploads\/2022\/06\/Itinere-Delta-300x136.webp 300w, https:\/\/comt.cat\/wp-content\/uploads\/2022\/06\/Itinere-Delta-1024x465.webp 1024w, https:\/\/comt.cat\/wp-content\/uploads\/2022\/06\/Itinere-Delta-768x349.webp 768w, https:\/\/comt.cat\/wp-content\/uploads\/2022\/06\/Itinere-Delta-1536x698.webp 1536w\" sizes=\"(max-width: 1540px) 100vw, 1540px\" \/>\t\t\t\t<div class=\"overlay\" style=\"background-color:rgba(105, 105, 105, 0.802)\"><\/div>\t\t\t\t\t\t\t<\/div>\n\t\t\t\t\t<\/div>\n\n\t\t<div class=\"box-text text-center is-large\" style=\"background-color:rgb(243, 243, 243);padding:27px 0px 20px 0px;\">\n\t\t\t<div class=\"box-text-inner\">\n\t\t\t\t\n\n<h3>ACTIVIDAD CERRADA<\/h3>\n<p>&nbsp;<\/p>\n<h4>Visita al Delta de l&#8217;Ebre &#8211; Deltebre<\/h4>\n<p>21 de mayo 2022<\/p>\n\n\t\t\t<\/div>\n\t\t<\/div>\n\t<\/div>\n\t\n<a href=\"https:\/\/comt.cat\/pla-doci-del-comt-visita-al-delta-de-lebre-deltebre\/\" class=\"button white expand\" >\n\t\t<span>M\u00e1s informaci\u00f3n<\/span>\n\t<\/a>\n\n\n\n\t\t<\/div>\n\t\t\t\t\t<\/div>\n\n\t\n\n\t<div id=\"col-969054918\" class=\"col medium-3 small-12 large-3\"  >\n\t\t\t\t<div class=\"col-inner\"  >\n\t\t\t\n\t\t\t\n\n\t<div class=\"box has-hover   has-hover box-text-bottom\" >\n\n\t\t<div class=\"box-image\" >\n\t\t\t\t\t\t<div class=\"\" >\n\t\t\t\t<img loading=\"lazy\" decoding=\"async\" width=\"1540\" height=\"700\" src=\"https:\/\/comt.cat\/wp-content\/uploads\/2022\/04\/MartiFranques.jpg\" class=\"attachment- size-\" alt=\"\" srcset=\"https:\/\/comt.cat\/wp-content\/uploads\/2022\/04\/MartiFranques.jpg 1540w, https:\/\/comt.cat\/wp-content\/uploads\/2022\/04\/MartiFranques-300x136.jpg 300w, https:\/\/comt.cat\/wp-content\/uploads\/2022\/04\/MartiFranques-1024x465.jpg 1024w, https:\/\/comt.cat\/wp-content\/uploads\/2022\/04\/MartiFranques-768x349.jpg 768w, https:\/\/comt.cat\/wp-content\/uploads\/2022\/04\/MartiFranques-1536x698.jpg 1536w\" sizes=\"(max-width: 1540px) 100vw, 1540px\" \/>\t\t\t\t<div class=\"overlay\" style=\"background-color:rgba(105, 105, 105, 0.802)\"><\/div>\t\t\t\t\t\t\t<\/div>\n\t\t\t\t\t<\/div>\n\n\t\t<div class=\"box-text text-center is-large\" style=\"background-color:rgb(243, 243, 243);padding:27px 0px 20px 0px;\">\n\t\t\t<div class=\"box-text-inner\">\n\t\t\t\t\n\n<h3>ACTIVIDAD CERRADA<\/h3>\n<p>&nbsp;<\/p>\n<h4>\u00bfQui\u00e9n era Antoni de Mart\u00ed Franqu\u00e9s?<\/h4>\n<p>30 de abril 2022<\/p>\n\n\t\t\t<\/div>\n\t\t<\/div>\n\t<\/div>\n\t\n<a href=\"https:\/\/comt.cat\/pla-doci-del-comt-antoni-de-marti-i-franques\/\" class=\"button white expand\" >\n\t\t<span>M\u00e1s informaci\u00f3n<\/span>\n\t<\/a>\n\n\n\n\t\t<\/div>\n\t\t\t\t\t<\/div>\n\n\t\n\n\t<div id=\"col-1018714540\" class=\"col medium-3 small-12 large-3\"  >\n\t\t\t\t<div class=\"col-inner\"  >\n\t\t\t\n\t\t\t\n\n\t<div class=\"box has-hover   has-hover box-text-bottom\" >\n\n\t\t<div class=\"box-image\" >\n\t\t\t\t\t\t<div class=\"\" >\n\t\t\t\t<img loading=\"lazy\" decoding=\"async\" width=\"1540\" height=\"700\" src=\"https:\/\/comt.cat\/wp-content\/uploads\/2022\/06\/PlaOciCOMTVespreJueu.jpg\" class=\"attachment- size-\" alt=\"Pla d&#039;oci del COMT Vespre Jueu\" srcset=\"https:\/\/comt.cat\/wp-content\/uploads\/2022\/06\/PlaOciCOMTVespreJueu.jpg 1540w, https:\/\/comt.cat\/wp-content\/uploads\/2022\/06\/PlaOciCOMTVespreJueu-300x136.jpg 300w, https:\/\/comt.cat\/wp-content\/uploads\/2022\/06\/PlaOciCOMTVespreJueu-1024x465.jpg 1024w, https:\/\/comt.cat\/wp-content\/uploads\/2022\/06\/PlaOciCOMTVespreJueu-768x349.jpg 768w, https:\/\/comt.cat\/wp-content\/uploads\/2022\/06\/PlaOciCOMTVespreJueu-1536x698.jpg 1536w\" sizes=\"(max-width: 1540px) 100vw, 1540px\" \/>\t\t\t\t<div class=\"overlay\" style=\"background-color:rgba(105, 105, 105, 0.802)\"><\/div>\t\t\t\t\t\t\t<\/div>\n\t\t\t\t\t<\/div>\n\n\t\t<div class=\"box-text text-center is-large\" style=\"background-color:rgb(243, 243, 243);padding:27px 0px 20px 0px;\">\n\t\t\t<div class=\"box-text-inner\">\n\t\t\t\t\n\n<h3>ACTIVIDAD CERRADA<\/h3>\n<p>&nbsp;<\/p>\n<h4>Atardecer jud\u00edo en la ciudad de Tarragona<\/h4>\n<p>02 de julio 2022<\/p>\n\n\t\t\t<\/div>\n\t\t<\/div>\n\t<\/div>\n\t\n<a href=\"https:\/\/www.turismedetarragona.com\/ca\/tour\/vespre-jueu-a-tarragona-comt\/\" class=\"button white expand\" >\n\t\t<span>M\u00e1s informaci\u00f3n<\/span>\n\t<\/a>\n\n\n\n\t\t<\/div>\n\t\t\t\t\t<\/div>\n\n\t\n\n<\/div>\n\n\t\t<\/div>\n\t\t\t\t\t<\/div>\n\n\t\n\n\t<div id=\"col-1226045124\" class=\"col small-12 large-12\"  >\n\t\t\t\t<div class=\"col-inner\"  >\n\t\t\t\n\t\t\t\n\n\t<div id=\"gap-188666696\" class=\"gap-element clearfix\" style=\"display:block; height:auto;\">\n\t\t\n<style>\n#gap-188666696 {\n  padding-top: 30px;\n}\n<\/style>\n\t<\/div>\n\t\n\n<div class=\"container section-title-container\" ><h2 class=\"section-title section-title-normal\"><b aria-hidden=\"true\"><\/b><span class=\"section-title-main\" style=\"color:#45dace;\">Plan de ocio 2025<\/span><b aria-hidden=\"true\"><\/b><\/h2><\/div>\n\n<div class=\"row\"  id=\"row-1711681442\">\n\n\n\t<div id=\"col-875776357\" class=\"col medium-3 small-12 large-3\"  >\n\t\t\t\t<div class=\"col-inner\"  >\n\t\t\t\n\t\t\t\n\n\t<div class=\"box has-hover   has-hover box-text-bottom\" >\n\n\t\t<div class=\"box-image\" >\n\t\t\t<a href=\"https:\/\/comt.cat\/es\/pla-doci-experiencia-cal%C2%B7ligrafica-medieval\/\" target=\"_blank\" rel=\"noopener\" >\t\t\t<div class=\"\" >\n\t\t\t\t<img loading=\"lazy\" decoding=\"async\" width=\"1540\" height=\"700\" src=\"https:\/\/comt.cat\/wp-content\/uploads\/2025\/11\/destacades-Pla-dOCI-2025-2.png\" class=\"attachment- size-\" alt=\"\" srcset=\"https:\/\/comt.cat\/wp-content\/uploads\/2025\/11\/destacades-Pla-dOCI-2025-2.png 1540w, https:\/\/comt.cat\/wp-content\/uploads\/2025\/11\/destacades-Pla-dOCI-2025-2-300x136.png 300w, https:\/\/comt.cat\/wp-content\/uploads\/2025\/11\/destacades-Pla-dOCI-2025-2-1024x465.png 1024w, https:\/\/comt.cat\/wp-content\/uploads\/2025\/11\/destacades-Pla-dOCI-2025-2-768x349.png 768w, https:\/\/comt.cat\/wp-content\/uploads\/2025\/11\/destacades-Pla-dOCI-2025-2-1536x698.png 1536w, https:\/\/comt.cat\/wp-content\/uploads\/2025\/11\/destacades-Pla-dOCI-2025-2-600x273.png 600w\" sizes=\"(max-width: 1540px) 100vw, 1540px\" \/>\t\t\t\t<div class=\"overlay\" style=\"background-color:rgba(129, 129, 129, 0)\"><\/div>\t\t\t\t\t\t\t<\/div>\n\t\t\t<\/a>\t\t<\/div>\n\n\t\t<div class=\"box-text text-center is-large\" style=\"background-color:rgb(243, 243, 243);padding:27px 0px 20px 0px;\">\n\t\t\t<div class=\"box-text-inner\">\n\t\t\t\t\n\n<h3>ACTIVIDAD ABIERTA<\/h3>\n<p>\u00a0<\/p>\n<h4>Experiencia caligr\u00e1fica medieval<\/h4>\n<p>\u00a0<\/p>\n<p>13 de diciembre de 2025<\/p>\n\n\t\t\t<\/div>\n\t\t<\/div>\n\t<\/div>\n\t\n<a href=\"https:\/\/comt.cat\/es\/pla-doci-experiencia-cal%C2%B7ligrafica-medieval\/\" class=\"button white expand\" >\n\t\t<span>M\u00e1s informaci\u00f3n<\/span>\n\t<\/a>\n\n\n\n\t\t<\/div>\n\t\t\t\t\t<\/div>\n\n\t\n\n\t<div id=\"col-1189303592\" class=\"col medium-3 small-12 large-3\"  >\n\t\t\t\t<div class=\"col-inner\"  >\n\t\t\t\n\t\t\t\n\n\t<div class=\"box has-hover   has-hover box-text-bottom\" >\n\n\t\t<div class=\"box-image\" >\n\t\t\t<a href=\"https:\/\/www.turismedetarragona.com\/ca\/tour\/visita-guiada-espai-mammuthus-comt-2025\/\" target=\"_blank\" rel=\"noopener\" >\t\t\t<div class=\"\" >\n\t\t\t\t<img loading=\"lazy\" decoding=\"async\" width=\"1540\" height=\"700\" src=\"https:\/\/comt.cat\/wp-content\/uploads\/2025\/11\/destacades-Pla-dOCI-2025-2.png\" class=\"attachment- size-\" alt=\"\" srcset=\"https:\/\/comt.cat\/wp-content\/uploads\/2025\/11\/destacades-Pla-dOCI-2025-2.png 1540w, https:\/\/comt.cat\/wp-content\/uploads\/2025\/11\/destacades-Pla-dOCI-2025-2-300x136.png 300w, https:\/\/comt.cat\/wp-content\/uploads\/2025\/11\/destacades-Pla-dOCI-2025-2-1024x465.png 1024w, https:\/\/comt.cat\/wp-content\/uploads\/2025\/11\/destacades-Pla-dOCI-2025-2-768x349.png 768w, https:\/\/comt.cat\/wp-content\/uploads\/2025\/11\/destacades-Pla-dOCI-2025-2-1536x698.png 1536w, https:\/\/comt.cat\/wp-content\/uploads\/2025\/11\/destacades-Pla-dOCI-2025-2-600x273.png 600w\" sizes=\"(max-width: 1540px) 100vw, 1540px\" \/>\t\t\t\t<div class=\"overlay\" style=\"background-color:rgba(129, 129, 129, 0)\"><\/div>\t\t\t\t\t\t\t<\/div>\n\t\t\t<\/a>\t\t<\/div>\n\n\t\t<div class=\"box-text text-center is-large\" style=\"background-color:rgb(243, 243, 243);padding:27px 0px 20px 0px;\">\n\t\t\t<div class=\"box-text-inner\">\n\t\t\t\t\n\n<h3>ACTIVIDAD CERRADA<\/h3>\n<p>\u00a0<\/p>\n<h4>\u00a0Visita guiada al espacio Mammuthus<\/h4>\n<p>\u00a0<\/p>\n<p>29 de noviembre de 2025<\/p>\n\n\t\t\t<\/div>\n\t\t<\/div>\n\t<\/div>\n\t\n<a href=\"https:\/\/www.turismedetarragona.com\/ca\/tour\/visita-guiada-espai-mammuthus-comt-2025\/\" class=\"button white expand\" >\n\t\t<span>M\u00e1s informaci\u00f3n<\/span>\n\t<\/a>\n\n\n\n\t\t<\/div>\n\t\t\t\t\t<\/div>\n\n\t\n\n\t<div id=\"col-821029505\" class=\"col medium-3 small-12 large-3\"  >\n\t\t\t\t<div class=\"col-inner\"  >\n\t\t\t\n\t\t\t\n\n\t<div class=\"box has-hover   has-hover box-text-bottom\" >\n\n\t\t<div class=\"box-image\" >\n\t\t\t<a href=\"https:\/\/comt.cat\/es\/plan-ocio-santescreus-2025\/\" target=\"_blank\" rel=\"noopener\" >\t\t\t<div class=\"\" >\n\t\t\t\t<img loading=\"lazy\" decoding=\"async\" width=\"1540\" height=\"700\" src=\"https:\/\/comt.cat\/wp-content\/uploads\/2025\/09\/destacades-Pla-dOCI-2025.png\" class=\"attachment- size-\" alt=\"\" srcset=\"https:\/\/comt.cat\/wp-content\/uploads\/2025\/09\/destacades-Pla-dOCI-2025.png 1540w, https:\/\/comt.cat\/wp-content\/uploads\/2025\/09\/destacades-Pla-dOCI-2025-300x136.png 300w, https:\/\/comt.cat\/wp-content\/uploads\/2025\/09\/destacades-Pla-dOCI-2025-1024x465.png 1024w, https:\/\/comt.cat\/wp-content\/uploads\/2025\/09\/destacades-Pla-dOCI-2025-768x349.png 768w, https:\/\/comt.cat\/wp-content\/uploads\/2025\/09\/destacades-Pla-dOCI-2025-1536x698.png 1536w, https:\/\/comt.cat\/wp-content\/uploads\/2025\/09\/destacades-Pla-dOCI-2025-600x273.png 600w\" sizes=\"(max-width: 1540px) 100vw, 1540px\" \/>\t\t\t\t<div class=\"overlay\" style=\"background-color:rgba(129, 129, 129, 0.552)\"><\/div>\t\t\t\t\t\t\t<\/div>\n\t\t\t<\/a>\t\t<\/div>\n\n\t\t<div class=\"box-text text-center is-large\" style=\"background-color:rgb(243, 243, 243);padding:27px 0px 20px 0px;\">\n\t\t\t<div class=\"box-text-inner\">\n\t\t\t\t\n\n<h3>ACTIVIDAD CERRADA<\/h3>\n<p>\u00a0<\/p>\n<h4>Excursi\u00f3 al Monestir de Santes Creus<\/h4>\n<p>\u00a0<\/p>\n<p>25 d&#8217;octubre de 2025<\/p>\n\n\t\t\t<\/div>\n\t\t<\/div>\n\t<\/div>\n\t\n<a href=\"https:\/\/comt.cat\/es\/plan-ocio-santescreus-2025\/\" class=\"button white expand\" >\n\t\t<span>M\u00e1s informaci\u00f3n<\/span>\n\t<\/a>\n\n\n\n\t\t<\/div>\n\t\t\t\t\t<\/div>\n\n\t\n\n\t<div id=\"col-1769388805\" class=\"col medium-3 small-12 large-3\"  >\n\t\t\t\t<div class=\"col-inner\"  >\n\t\t\t\n\t\t\t\n\n\t<div class=\"box has-hover   has-hover box-text-bottom\" >\n\n\t\t<div class=\"box-image\" >\n\t\t\t<a href=\"https:\/\/comt.cat\/pla-doci-cami-de-la-llum-a-la-catedral-de-tarragona\/\" target=\"_blank\" rel=\"noopener\" >\t\t\t<div class=\"\" >\n\t\t\t\t<img loading=\"lazy\" decoding=\"async\" width=\"1540\" height=\"700\" src=\"https:\/\/comt.cat\/wp-content\/uploads\/2025\/07\/pla-doci-setembre-25.png\" class=\"attachment- size-\" alt=\"\" srcset=\"https:\/\/comt.cat\/wp-content\/uploads\/2025\/07\/pla-doci-setembre-25.png 1540w, https:\/\/comt.cat\/wp-content\/uploads\/2025\/07\/pla-doci-setembre-25-300x136.png 300w, https:\/\/comt.cat\/wp-content\/uploads\/2025\/07\/pla-doci-setembre-25-1024x465.png 1024w, https:\/\/comt.cat\/wp-content\/uploads\/2025\/07\/pla-doci-setembre-25-768x349.png 768w, https:\/\/comt.cat\/wp-content\/uploads\/2025\/07\/pla-doci-setembre-25-1536x698.png 1536w, https:\/\/comt.cat\/wp-content\/uploads\/2025\/07\/pla-doci-setembre-25-600x273.png 600w\" sizes=\"(max-width: 1540px) 100vw, 1540px\" \/>\t\t\t\t<div class=\"overlay\" style=\"background-color:rgba(129, 129, 129, 0.61)\"><\/div>\t\t\t\t\t\t\t<\/div>\n\t\t\t<\/a>\t\t<\/div>\n\n\t\t<div class=\"box-text text-center is-large\" style=\"background-color:rgb(243, 243, 243);padding:27px 0px 20px 0px;\">\n\t\t\t<div class=\"box-text-inner\">\n\t\t\t\t\n\n<h3>ACTIVIDAD CERRADA<\/h3>\n<p>\u00a0<\/p>\n<h4>Camino de la luz en la Catedral de Tarragona<\/h4>\n<p>\u00a0<\/p>\n<p>5 de septiembre de 2025<\/p>\n\n\t\t\t<\/div>\n\t\t<\/div>\n\t<\/div>\n\t\n<a href=\"https:\/\/www.turismedetarragona.com\/ca\/tour\/cami-llum-catedral-tarragona-comt-2025-5\/\" class=\"button white expand\" >\n\t\t<span>M\u00e1s informaci\u00f3n<\/span>\n\t<\/a>\n\n\n\n\t\t<\/div>\n\t\t\t\t\t<\/div>\n\n\t\n\n\t<div id=\"col-3889962\" class=\"col medium-3 small-12 large-3\"  >\n\t\t\t\t<div class=\"col-inner\"  >\n\t\t\t\n\t\t\t\n\n\t<div class=\"box has-hover   has-hover box-text-bottom\" >\n\n\t\t<div class=\"box-image\" >\n\t\t\t<a href=\"https:\/\/comt.cat\/pla-doci-prades-juliol\/\" target=\"_blank\" rel=\"noopener\" >\t\t\t<div class=\"\" >\n\t\t\t\t<img loading=\"lazy\" decoding=\"async\" width=\"1540\" height=\"700\" src=\"https:\/\/comt.cat\/wp-content\/uploads\/2025\/06\/Pla-doci-juliol.webp\" class=\"attachment- size-\" alt=\"\" srcset=\"https:\/\/comt.cat\/wp-content\/uploads\/2025\/06\/Pla-doci-juliol.webp 1540w, https:\/\/comt.cat\/wp-content\/uploads\/2025\/06\/Pla-doci-juliol-300x136.webp 300w, https:\/\/comt.cat\/wp-content\/uploads\/2025\/06\/Pla-doci-juliol-1024x465.webp 1024w, https:\/\/comt.cat\/wp-content\/uploads\/2025\/06\/Pla-doci-juliol-768x349.webp 768w, https:\/\/comt.cat\/wp-content\/uploads\/2025\/06\/Pla-doci-juliol-1536x698.webp 1536w, https:\/\/comt.cat\/wp-content\/uploads\/2025\/06\/Pla-doci-juliol-600x273.webp 600w\" sizes=\"(max-width: 1540px) 100vw, 1540px\" \/>\t\t\t\t<div class=\"overlay\" style=\"background-color:rgba(129, 129, 129, 0.599)\"><\/div>\t\t\t\t\t\t\t<\/div>\n\t\t\t<\/a>\t\t<\/div>\n\n\t\t<div class=\"box-text text-center is-large\" style=\"background-color:rgb(243, 243, 243);padding:27px 0px 20px 0px;\">\n\t\t\t<div class=\"box-text-inner\">\n\t\t\t\t\n\n<h3>ACTIVIDAD CERRADA<\/h3>\n<p>\u00a0<\/p>\n<h4>Cenita y experiencia astron\u00f3mica en Prades<\/h4>\n<p>\u00a0<\/p>\n<p>25 de julio de 2025<\/p>\n\n\t\t\t<\/div>\n\t\t<\/div>\n\t<\/div>\n\t\n<a href=\"https:\/\/www.turismedetarragona.com\/ca\/tour\/experiencia-astronomica-prades-comt-2025\/\" class=\"button white expand\" >\n\t\t<span>M\u00e1s informaci\u00f3n<\/span>\n\t<\/a>\n\n\n\n\t\t<\/div>\n\t\t\t\t\t<\/div>\n\n\t\n\n\t<div id=\"col-1469527321\" class=\"col medium-3 small-12 large-3\"  >\n\t\t\t\t<div class=\"col-inner\"  >\n\t\t\t\n\t\t\t\n\n\t<div class=\"box has-hover   has-hover box-text-bottom\" >\n\n\t\t<div class=\"box-image\" >\n\t\t\t<a href=\"https:\/\/comt.cat\/es\/plan-de-ocio-visita-al-yacimiento-boella\/\" target=\"_blank\" rel=\"noopener\" >\t\t\t<div class=\"\" >\n\t\t\t\t<img loading=\"lazy\" decoding=\"async\" width=\"1540\" height=\"700\" src=\"https:\/\/comt.cat\/wp-content\/uploads\/2025\/06\/DESTACADES-1540-x-700-px-1540-x-700-px-29.png\" class=\"attachment- size-\" alt=\"\" srcset=\"https:\/\/comt.cat\/wp-content\/uploads\/2025\/06\/DESTACADES-1540-x-700-px-1540-x-700-px-29.png 1540w, https:\/\/comt.cat\/wp-content\/uploads\/2025\/06\/DESTACADES-1540-x-700-px-1540-x-700-px-29-300x136.png 300w, https:\/\/comt.cat\/wp-content\/uploads\/2025\/06\/DESTACADES-1540-x-700-px-1540-x-700-px-29-1024x465.png 1024w, https:\/\/comt.cat\/wp-content\/uploads\/2025\/06\/DESTACADES-1540-x-700-px-1540-x-700-px-29-768x349.png 768w, https:\/\/comt.cat\/wp-content\/uploads\/2025\/06\/DESTACADES-1540-x-700-px-1540-x-700-px-29-1536x698.png 1536w, https:\/\/comt.cat\/wp-content\/uploads\/2025\/06\/DESTACADES-1540-x-700-px-1540-x-700-px-29-600x273.png 600w\" sizes=\"(max-width: 1540px) 100vw, 1540px\" \/>\t\t\t\t<div class=\"overlay\" style=\"background-color:rgba(129, 129, 129, 0.663)\"><\/div>\t\t\t\t\t\t\t<\/div>\n\t\t\t<\/a>\t\t<\/div>\n\n\t\t<div class=\"box-text text-center is-large\" style=\"background-color:rgb(243, 243, 243);padding:27px 0px 20px 0px;\">\n\t\t\t<div class=\"box-text-inner\">\n\t\t\t\t\n\n<h3>ACTIVIDAD CERRADA<\/h3>\n<p>\u00a0<\/p>\n<h4>Visita el yacimiento del barranco de la Boella<\/h4>\n<p>\u00a0<\/p>\n<p>28 de junio de 2025<\/p>\n\n\t\t\t<\/div>\n\t\t<\/div>\n\t<\/div>\n\t\n<a href=\"https:\/\/www.turismedetarragona.com\/ca\/tour\/ulldecona-dinar-castell-comt-2025\/\" class=\"button white expand\" >\n\t\t<span>M\u00e1s informaci\u00f3n<\/span>\n\t<\/a>\n\n\n\n\t\t<\/div>\n\t\t\t\t\t<\/div>\n\n\t\n\n\t<div id=\"col-1890861654\" class=\"col medium-3 small-12 large-3\"  >\n\t\t\t\t<div class=\"col-inner\"  >\n\t\t\t\n\t\t\t\n\n\t<div class=\"box has-hover   has-hover box-text-bottom\" >\n\n\t\t<div class=\"box-image\" >\n\t\t\t<a href=\"https:\/\/www.turismedetarragona.com\/ca\/tour\/ulldecona-dinar-castell-comt-2025\/\" target=\"_blank\" rel=\"noopener\" >\t\t\t<div class=\"\" >\n\t\t\t\t<img loading=\"lazy\" decoding=\"async\" width=\"1540\" height=\"700\" src=\"https:\/\/comt.cat\/wp-content\/uploads\/2025\/04\/destacades-Pla-d_OCI-2025-_2_-1.webp\" class=\"attachment- size-\" alt=\"\" srcset=\"https:\/\/comt.cat\/wp-content\/uploads\/2025\/04\/destacades-Pla-d_OCI-2025-_2_-1.webp 1540w, https:\/\/comt.cat\/wp-content\/uploads\/2025\/04\/destacades-Pla-d_OCI-2025-_2_-1-300x136.webp 300w, https:\/\/comt.cat\/wp-content\/uploads\/2025\/04\/destacades-Pla-d_OCI-2025-_2_-1-1024x465.webp 1024w, https:\/\/comt.cat\/wp-content\/uploads\/2025\/04\/destacades-Pla-d_OCI-2025-_2_-1-768x349.webp 768w, https:\/\/comt.cat\/wp-content\/uploads\/2025\/04\/destacades-Pla-d_OCI-2025-_2_-1-1536x698.webp 1536w, https:\/\/comt.cat\/wp-content\/uploads\/2025\/04\/destacades-Pla-d_OCI-2025-_2_-1-600x273.webp 600w\" sizes=\"(max-width: 1540px) 100vw, 1540px\" \/>\t\t\t\t<div class=\"overlay\" style=\"background-color:rgba(129, 129, 129, 0.703)\"><\/div>\t\t\t\t\t\t\t<\/div>\n\t\t\t<\/a>\t\t<\/div>\n\n\t\t<div class=\"box-text text-center is-large\" style=\"background-color:rgb(243, 243, 243);padding:27px 0px 20px 0px;\">\n\t\t\t<div class=\"box-text-inner\">\n\t\t\t\t\n\n<h3>ACTIVIDAD CERRADA<\/h3>\n<p>\u00a0<\/p>\n<h4>Ulldecona, comida y castillo<\/h4>\n<p>\u00a0<\/p>\n<p>24 de mayo de 2025<\/p>\n\n\t\t\t<\/div>\n\t\t<\/div>\n\t<\/div>\n\t\n<a href=\"https:\/\/www.turismedetarragona.com\/ca\/tour\/ulldecona-dinar-castell-comt-2025\/\" class=\"button white expand\" >\n\t\t<span>M\u00e1s informaci\u00f3n<\/span>\n\t<\/a>\n\n\n\n\t\t<\/div>\n\t\t\t\t\t<\/div>\n\n\t\n\n\t<div id=\"col-456220099\" class=\"col medium-3 small-12 large-3\"  >\n\t\t\t\t<div class=\"col-inner\"  >\n\t\t\t\n\t\t\t\n\n\t<div class=\"box has-hover   has-hover box-text-bottom\" >\n\n\t\t<div class=\"box-image\" >\n\t\t\t<a href=\"https:\/\/comt.cat\/es\/plan-de-ocio-del-comt-arquitectura-del-1950-en-tarragona\/\" target=\"_blank\" rel=\"noopener\" >\t\t\t<div class=\"\" >\n\t\t\t\t<img loading=\"lazy\" decoding=\"async\" width=\"1540\" height=\"700\" src=\"https:\/\/comt.cat\/wp-content\/uploads\/2025\/04\/destacades-Pla-dOCI-2025-1.png\" class=\"attachment- size-\" alt=\"\" srcset=\"https:\/\/comt.cat\/wp-content\/uploads\/2025\/04\/destacades-Pla-dOCI-2025-1.png 1540w, https:\/\/comt.cat\/wp-content\/uploads\/2025\/04\/destacades-Pla-dOCI-2025-1-300x136.png 300w, https:\/\/comt.cat\/wp-content\/uploads\/2025\/04\/destacades-Pla-dOCI-2025-1-1024x465.png 1024w, https:\/\/comt.cat\/wp-content\/uploads\/2025\/04\/destacades-Pla-dOCI-2025-1-768x349.png 768w, https:\/\/comt.cat\/wp-content\/uploads\/2025\/04\/destacades-Pla-dOCI-2025-1-1536x698.png 1536w, https:\/\/comt.cat\/wp-content\/uploads\/2025\/04\/destacades-Pla-dOCI-2025-1-600x273.png 600w\" sizes=\"(max-width: 1540px) 100vw, 1540px\" \/>\t\t\t\t<div class=\"overlay\" style=\"background-color:rgba(99, 99, 99, 0.645)\"><\/div>\t\t\t\t\t\t\t<\/div>\n\t\t\t<\/a>\t\t<\/div>\n\n\t\t<div class=\"box-text text-center is-large\" style=\"background-color:rgb(243, 243, 243);padding:27px 0px 20px 0px;\">\n\t\t\t<div class=\"box-text-inner\">\n\t\t\t\t\n\n<h3>ACTIVIDAD CERRADA<\/h3>\n<p>\u00a0<\/p>\n<h4>Excursi\u00f3n a la Reserva Natural de Sebes<\/h4>\n<p>\u00a0<\/p>\n<p>26 de abril de 2025<\/p>\n\n\t\t\t<\/div>\n\t\t<\/div>\n\t<\/div>\n\t\n<a href=\"https:\/\/comt.cat\/es\/plan-de-ocio-del-comt-excursion-a-la-reserva-natural-de-sebes\/\" class=\"button white expand\" >\n\t\t<span>M\u00e1s informaci\u00f3n<\/span>\n\t<\/a>\n\n\n\n\t\t<\/div>\n\t\t\t\t\t<\/div>\n\n\t\n\n\t<div id=\"col-143124851\" class=\"col medium-3 small-12 large-3\"  >\n\t\t\t\t<div class=\"col-inner\"  >\n\t\t\t\n\t\t\t\n\n\t<div class=\"box has-hover   has-hover box-text-bottom\" >\n\n\t\t<div class=\"box-image\" >\n\t\t\t<a href=\"https:\/\/comt.cat\/es\/plan-de-ocio-del-comt-arquitectura-del-1950-en-tarragona\/\" target=\"_blank\" rel=\"noopener\" >\t\t\t<div class=\"\" >\n\t\t\t\t<img loading=\"lazy\" decoding=\"async\" width=\"1540\" height=\"700\" src=\"https:\/\/comt.cat\/wp-content\/uploads\/2025\/03\/destacades-Pla-d_OCI-2025-_1_.webp\" class=\"attachment- size-\" alt=\"\" srcset=\"https:\/\/comt.cat\/wp-content\/uploads\/2025\/03\/destacades-Pla-d_OCI-2025-_1_.webp 1540w, https:\/\/comt.cat\/wp-content\/uploads\/2025\/03\/destacades-Pla-d_OCI-2025-_1_-300x136.webp 300w, https:\/\/comt.cat\/wp-content\/uploads\/2025\/03\/destacades-Pla-d_OCI-2025-_1_-1024x465.webp 1024w, https:\/\/comt.cat\/wp-content\/uploads\/2025\/03\/destacades-Pla-d_OCI-2025-_1_-768x349.webp 768w, https:\/\/comt.cat\/wp-content\/uploads\/2025\/03\/destacades-Pla-d_OCI-2025-_1_-1536x698.webp 1536w, https:\/\/comt.cat\/wp-content\/uploads\/2025\/03\/destacades-Pla-d_OCI-2025-_1_-600x273.webp 600w\" sizes=\"(max-width: 1540px) 100vw, 1540px\" \/>\t\t\t\t<div class=\"overlay\" style=\"background-color:rgba(114, 102, 102, 0.692)\"><\/div>\t\t\t\t\t\t\t<\/div>\n\t\t\t<\/a>\t\t<\/div>\n\n\t\t<div class=\"box-text text-center is-large\" style=\"background-color:rgb(243, 243, 243);padding:27px 0px 20px 0px;\">\n\t\t\t<div class=\"box-text-inner\">\n\t\t\t\t\n\n<h3>ACTIVIDAD CERRADA<\/h3>\n<p>\u00a0<\/p>\n<h4>La arquitectura del 1950 en Tarragona<\/h4>\n<p>\u00a0<\/p>\n<p>29 de marzo de 2025<\/p>\n\n\t\t\t<\/div>\n\t\t<\/div>\n\t<\/div>\n\t\n<a href=\"https:\/\/comt.cat\/es\/plan-de-ocio-del-comt-arquitectura-del-1950-en-tarragona\/\" class=\"button white expand\" >\n\t\t<span>M\u00e1s informaci\u00f3n<\/span>\n\t<\/a>\n\n\n\n\t\t<\/div>\n\t\t\t\t\t<\/div>\n\n\t\n\n\t<div id=\"col-2048228407\" class=\"col medium-3 small-12 large-3\"  >\n\t\t\t\t<div class=\"col-inner\"  >\n\t\t\t\n\t\t\t\n\n\t<div class=\"box has-hover   has-hover box-text-bottom\" >\n\n\t\t<div class=\"box-image\" >\n\t\t\t<a href=\"https:\/\/www.turismedetarragona.com\/ca\/tour\/secrets-arqueologics-catedral-de-tarragona-comt-2025\/#pll_switcher\" target=\"_blank\" rel=\"noopener\" >\t\t\t<div class=\"\" >\n\t\t\t\t<img loading=\"lazy\" decoding=\"async\" width=\"1540\" height=\"700\" src=\"https:\/\/comt.cat\/wp-content\/uploads\/2025\/01\/DESTACADES-_1540-x-700-px_-_44_.webp\" class=\"attachment- size-\" alt=\"\" srcset=\"https:\/\/comt.cat\/wp-content\/uploads\/2025\/01\/DESTACADES-_1540-x-700-px_-_44_.webp 1540w, https:\/\/comt.cat\/wp-content\/uploads\/2025\/01\/DESTACADES-_1540-x-700-px_-_44_-300x136.webp 300w, https:\/\/comt.cat\/wp-content\/uploads\/2025\/01\/DESTACADES-_1540-x-700-px_-_44_-1024x465.webp 1024w, https:\/\/comt.cat\/wp-content\/uploads\/2025\/01\/DESTACADES-_1540-x-700-px_-_44_-768x349.webp 768w, https:\/\/comt.cat\/wp-content\/uploads\/2025\/01\/DESTACADES-_1540-x-700-px_-_44_-1536x698.webp 1536w, https:\/\/comt.cat\/wp-content\/uploads\/2025\/01\/DESTACADES-_1540-x-700-px_-_44_-600x273.webp 600w\" sizes=\"(max-width: 1540px) 100vw, 1540px\" \/>\t\t\t\t<div class=\"overlay\" style=\"background-color:rgba(48, 47, 47, 0.552)\"><\/div>\t\t\t\t\t\t\t<\/div>\n\t\t\t<\/a>\t\t<\/div>\n\n\t\t<div class=\"box-text text-center is-large\" style=\"background-color:rgb(243, 243, 243);padding:27px 0px 20px 0px;\">\n\t\t\t<div class=\"box-text-inner\">\n\t\t\t\t\n\n<h3>ACTIVIDAD CERRADA<\/h3>\n<p>\u00a0<\/p>\n<h4>Los secretos arqueol\u00f3gicos de la Catedral de Tarragona<\/h4>\n<p>\u00a0<\/p>\n<p>15 I 22 de febrero de 2025<\/p>\n\n\t\t\t<\/div>\n\t\t<\/div>\n\t<\/div>\n\t\n<a href=\"https:\/\/comt.cat\/es\/plan-de-ocio-del-comt-los-secretos-arqueologicos-de-la-catedral-de-tarragona\/\" class=\"button white expand\" >\n\t\t<span>M\u00e1s informaci\u00f3n<\/span>\n\t<\/a>\n\n\n\n\t\t<\/div>\n\t\t\t\t\t<\/div>\n\n\t\n\n\t<div id=\"col-60048004\" class=\"col medium-3 small-12 large-3\"  >\n\t\t\t\t<div class=\"col-inner\"  >\n\t\t\t\n\t\t\t\n\n\t<div class=\"box has-hover   has-hover box-text-bottom\" >\n\n\t\t<div class=\"box-image\" >\n\t\t\t\t\t\t<div class=\"\" >\n\t\t\t\t<img loading=\"lazy\" decoding=\"async\" width=\"1540\" height=\"700\" src=\"https:\/\/comt.cat\/wp-content\/uploads\/2025\/01\/DESTACADES-_1540-x-700-px_-_44_.webp\" class=\"attachment- size-\" alt=\"\" srcset=\"https:\/\/comt.cat\/wp-content\/uploads\/2025\/01\/DESTACADES-_1540-x-700-px_-_44_.webp 1540w, https:\/\/comt.cat\/wp-content\/uploads\/2025\/01\/DESTACADES-_1540-x-700-px_-_44_-300x136.webp 300w, https:\/\/comt.cat\/wp-content\/uploads\/2025\/01\/DESTACADES-_1540-x-700-px_-_44_-1024x465.webp 1024w, https:\/\/comt.cat\/wp-content\/uploads\/2025\/01\/DESTACADES-_1540-x-700-px_-_44_-768x349.webp 768w, https:\/\/comt.cat\/wp-content\/uploads\/2025\/01\/DESTACADES-_1540-x-700-px_-_44_-1536x698.webp 1536w, https:\/\/comt.cat\/wp-content\/uploads\/2025\/01\/DESTACADES-_1540-x-700-px_-_44_-600x273.webp 600w\" sizes=\"(max-width: 1540px) 100vw, 1540px\" \/>\t\t\t\t<div class=\"overlay\" style=\"background-color:rgba(105, 105, 105, 0.802)\"><\/div>\t\t\t\t\t\t\t<\/div>\n\t\t\t\t\t<\/div>\n\n\t\t<div class=\"box-text text-center is-large\" style=\"background-color:rgb(243, 243, 243);padding:27px 0px 20px 0px;\">\n\t\t\t<div class=\"box-text-inner\">\n\t\t\t\t\n\n<h3>ACTIVIDAD CERRADA<\/h3>\n<p>\u00a0<\/p>\n<h4> Visita al Monestir de Vallbona y cal\u00e7otada en Poblet<\/h4>\n<p>\u00a0<\/p>\n<p>25 de enero de 2025<\/p>\n\n\t\t\t<\/div>\n\t\t<\/div>\n\t<\/div>\n\t\n<a href=\"https:\/\/www.turismedetarragona.com\/ca\/tour\/visita-monestir-vallbona-comt-2025\/\" class=\"button white expand\" >\n\t\t<span>M\u00e1s informaci\u00f3n<\/span>\n\t<\/a>\n\n\n\n\t\t<\/div>\n\t\t\t\t\t<\/div>\n\n\t\n\n<\/div>\n<div class=\"container section-title-container\" ><h2 class=\"section-title section-title-normal\"><b aria-hidden=\"true\"><\/b><span class=\"section-title-main\" style=\"color:#45dace;\">Plan de ocio 2024<\/span><b aria-hidden=\"true\"><\/b><\/h2><\/div>\n\n<div class=\"row\"  id=\"row-1358792795\">\n\n\n\t<div id=\"col-171224776\" class=\"col medium-3 small-12 large-3\"  >\n\t\t\t\t<div class=\"col-inner\"  >\n\t\t\t\n\t\t\t\n\n\t<div class=\"box has-hover   has-hover box-text-bottom\" >\n\n\t\t<div class=\"box-image\" >\n\t\t\t\t\t\t<div class=\"\" >\n\t\t\t\t<img loading=\"lazy\" decoding=\"async\" width=\"1540\" height=\"700\" src=\"https:\/\/comt.cat\/wp-content\/uploads\/2025\/01\/DESTACADES-_1540-x-700-px_-_44_.webp\" class=\"attachment- size-\" alt=\"\" srcset=\"https:\/\/comt.cat\/wp-content\/uploads\/2025\/01\/DESTACADES-_1540-x-700-px_-_44_.webp 1540w, https:\/\/comt.cat\/wp-content\/uploads\/2025\/01\/DESTACADES-_1540-x-700-px_-_44_-300x136.webp 300w, https:\/\/comt.cat\/wp-content\/uploads\/2025\/01\/DESTACADES-_1540-x-700-px_-_44_-1024x465.webp 1024w, https:\/\/comt.cat\/wp-content\/uploads\/2025\/01\/DESTACADES-_1540-x-700-px_-_44_-768x349.webp 768w, https:\/\/comt.cat\/wp-content\/uploads\/2025\/01\/DESTACADES-_1540-x-700-px_-_44_-1536x698.webp 1536w, https:\/\/comt.cat\/wp-content\/uploads\/2025\/01\/DESTACADES-_1540-x-700-px_-_44_-600x273.webp 600w\" sizes=\"(max-width: 1540px) 100vw, 1540px\" \/>\t\t\t\t<div class=\"overlay\" style=\"background-color:rgba(105, 105, 105, 0.802)\"><\/div>\t\t\t\t\t\t\t<\/div>\n\t\t\t\t\t<\/div>\n\n\t\t<div class=\"box-text text-center is-large\" style=\"background-color:rgb(243, 243, 243);padding:27px 0px 20px 0px;\">\n\t\t\t<div class=\"box-text-inner\">\n\t\t\t\t\n\n<h3>ACTIVIDAD CERRADA<\/h3>\n<p>\u00a0<\/p>\n<h4> Los colores de la Catedral<\/h4>\n<p>\u00a0<\/p>\n<p>28 de diciembre de 2024<\/p>\n\n\t\t\t<\/div>\n\t\t<\/div>\n\t<\/div>\n\t\n<a href=\"https:\/\/www.turismedetarragona.com\/ca\/tour\/visita-pau-casals-comt-2024\/#pll_switcher\" class=\"button white expand\" >\n\t\t<span>M\u00e1s informaci\u00f3n<\/span>\n\t<\/a>\n\n\n\n\t\t<\/div>\n\t\t\t\t\t<\/div>\n\n\t\n\n\t<div id=\"col-1359775288\" class=\"col medium-3 small-12 large-3\"  >\n\t\t\t\t<div class=\"col-inner\"  >\n\t\t\t\n\t\t\t\n\n\t<div class=\"box has-hover   has-hover box-text-bottom\" >\n\n\t\t<div class=\"box-image\" >\n\t\t\t\t\t\t<div class=\"\" >\n\t\t\t\t<img loading=\"lazy\" decoding=\"async\" width=\"1540\" height=\"700\" src=\"https:\/\/comt.cat\/wp-content\/uploads\/2024\/11\/DESTACADA-Pla-Oci-PauCasals.webp\" class=\"attachment- size-\" alt=\"DESTACADA Pla Oci PauCasals\" srcset=\"https:\/\/comt.cat\/wp-content\/uploads\/2024\/11\/DESTACADA-Pla-Oci-PauCasals.webp 1540w, https:\/\/comt.cat\/wp-content\/uploads\/2024\/11\/DESTACADA-Pla-Oci-PauCasals-300x136.webp 300w, https:\/\/comt.cat\/wp-content\/uploads\/2024\/11\/DESTACADA-Pla-Oci-PauCasals-1024x465.webp 1024w, https:\/\/comt.cat\/wp-content\/uploads\/2024\/11\/DESTACADA-Pla-Oci-PauCasals-768x349.webp 768w, https:\/\/comt.cat\/wp-content\/uploads\/2024\/11\/DESTACADA-Pla-Oci-PauCasals-1536x698.webp 1536w, https:\/\/comt.cat\/wp-content\/uploads\/2024\/11\/DESTACADA-Pla-Oci-PauCasals-600x273.webp 600w\" sizes=\"(max-width: 1540px) 100vw, 1540px\" \/>\t\t\t\t<div class=\"overlay\" style=\"background-color:rgba(105, 105, 105, 0.802)\"><\/div>\t\t\t\t\t\t\t<\/div>\n\t\t\t\t\t<\/div>\n\n\t\t<div class=\"box-text text-center is-large\" style=\"background-color:rgb(243, 243, 243);padding:27px 0px 20px 0px;\">\n\t\t\t<div class=\"box-text-inner\">\n\t\t\t\t\n\n<h3>ACTIVIDAD CERRADA<\/h3>\n<p>\u00a0<\/p>\n<h4>Visita Pau Casals y comida cerca del mar<\/h4>\n<p>\u00a0<\/p>\n<p>30 de noviembre de 2024<\/p>\n\n\t\t\t<\/div>\n\t\t<\/div>\n\t<\/div>\n\t\n<a href=\"https:\/\/www.turismedetarragona.com\/ca\/tour\/visita-pau-casals-comt-2024\/\" class=\"button white expand\" >\n\t\t<span>M\u00e1s informaci\u00f3n<\/span>\n\t<\/a>\n\n\n\n\t\t<\/div>\n\t\t\t\t\t<\/div>\n\n\t\n\n\t<div id=\"col-317224850\" class=\"col medium-3 small-12 large-3\"  >\n\t\t\t\t<div class=\"col-inner\"  >\n\t\t\t\n\t\t\t\n\n\t<div class=\"box has-hover   has-hover box-text-bottom\" >\n\n\t\t<div class=\"box-image\" >\n\t\t\t\t\t\t<div class=\"\" >\n\t\t\t\t<img loading=\"lazy\" decoding=\"async\" width=\"1540\" height=\"700\" src=\"https:\/\/comt.cat\/wp-content\/uploads\/2024\/10\/DESTACADA-Pla-Oci-Escaladei.webp\" class=\"attachment- size-\" alt=\"DESTACADA Pla Oci Escaladei\" srcset=\"https:\/\/comt.cat\/wp-content\/uploads\/2024\/10\/DESTACADA-Pla-Oci-Escaladei.webp 1540w, https:\/\/comt.cat\/wp-content\/uploads\/2024\/10\/DESTACADA-Pla-Oci-Escaladei-300x136.webp 300w, https:\/\/comt.cat\/wp-content\/uploads\/2024\/10\/DESTACADA-Pla-Oci-Escaladei-1024x465.webp 1024w, https:\/\/comt.cat\/wp-content\/uploads\/2024\/10\/DESTACADA-Pla-Oci-Escaladei-768x349.webp 768w, https:\/\/comt.cat\/wp-content\/uploads\/2024\/10\/DESTACADA-Pla-Oci-Escaladei-1536x698.webp 1536w, https:\/\/comt.cat\/wp-content\/uploads\/2024\/10\/DESTACADA-Pla-Oci-Escaladei-600x273.webp 600w\" sizes=\"(max-width: 1540px) 100vw, 1540px\" \/>\t\t\t\t<div class=\"overlay\" style=\"background-color:rgba(105, 105, 105, 0.802)\"><\/div>\t\t\t\t\t\t\t<\/div>\n\t\t\t\t\t<\/div>\n\n\t\t<div class=\"box-text text-center is-large\" style=\"background-color:rgb(243, 243, 243);padding:27px 0px 20px 0px;\">\n\t\t\t<div class=\"box-text-inner\">\n\t\t\t\t\n\n<h3>ACTIVIDAD CERRADA<\/h3>\n<p>\u00a0<\/p>\n<h4>Escaladei y Priorat gastron\u00f3mico<\/h4>\n<p>\u00a0<\/p>\n<p>26 de octubre de 2024<\/p>\n\n\t\t\t<\/div>\n\t\t<\/div>\n\t<\/div>\n\t\n<a href=\"https:\/\/www.turismedetarragona.com\/ca\/tour\/escaladei-i-priorat-gastronomic-comt-2024\/\" class=\"button white expand\" >\n\t\t<span>M\u00e1s informaci\u00f3n<\/span>\n\t<\/a>\n\n\n\n\t\t<\/div>\n\t\t\t\t\t<\/div>\n\n\t\n\n\t<div id=\"col-1891859075\" class=\"col medium-3 small-12 large-3\"  >\n\t\t\t\t<div class=\"col-inner\"  >\n\t\t\t\n\t\t\t\n\n\t<div class=\"box has-hover   has-hover box-text-bottom\" >\n\n\t\t<div class=\"box-image\" >\n\t\t\t\t\t\t<div class=\"\" >\n\t\t\t\t<img loading=\"lazy\" decoding=\"async\" width=\"1540\" height=\"700\" src=\"https:\/\/comt.cat\/wp-content\/uploads\/2024\/07\/DESTACADA_Tarragona-desdel-mar.webp\" class=\"attachment- size-\" alt=\"DESTACADA Pla Oci Tarragona des del Mar 2024\" srcset=\"https:\/\/comt.cat\/wp-content\/uploads\/2024\/07\/DESTACADA_Tarragona-desdel-mar.webp 1540w, https:\/\/comt.cat\/wp-content\/uploads\/2024\/07\/DESTACADA_Tarragona-desdel-mar-300x136.webp 300w, https:\/\/comt.cat\/wp-content\/uploads\/2024\/07\/DESTACADA_Tarragona-desdel-mar-1024x465.webp 1024w, https:\/\/comt.cat\/wp-content\/uploads\/2024\/07\/DESTACADA_Tarragona-desdel-mar-768x349.webp 768w, https:\/\/comt.cat\/wp-content\/uploads\/2024\/07\/DESTACADA_Tarragona-desdel-mar-1536x698.webp 1536w, https:\/\/comt.cat\/wp-content\/uploads\/2024\/07\/DESTACADA_Tarragona-desdel-mar-600x273.webp 600w\" sizes=\"(max-width: 1540px) 100vw, 1540px\" \/>\t\t\t\t<div class=\"overlay\" style=\"background-color:rgba(105, 105, 105, 0.802)\"><\/div>\t\t\t\t\t\t\t<\/div>\n\t\t\t\t\t<\/div>\n\n\t\t<div class=\"box-text text-center is-large\" style=\"background-color:rgb(243, 243, 243);padding:27px 0px 20px 0px;\">\n\t\t\t<div class=\"box-text-inner\">\n\t\t\t\t\n\n<h3>ACTIVIDAD CERRADA<\/h3>\n<p>\u00a0<\/p>\n<h4>Arque\u00f3logos por un d\u00eda<\/h4>\n<h4>\u00a0\u00a0<\/h4>\n<p>\u00a0<\/p>\n<p>28 y 29 de septiembre de 2024<\/p>\n\n\t\t\t<\/div>\n\t\t<\/div>\n\t<\/div>\n\t\n<a href=\"https:\/\/www.turismedetarragona.com\/ca\/tour\/arqueolegs-per-un-dia-comt-2024\/\" class=\"button white expand\" >\n\t\t<span>M\u00e1s informaci\u00f3n<\/span>\n\t<\/a>\n\n\n\n\t\t<\/div>\n\t\t\t\t\t<\/div>\n\n\t\n\n\t<div id=\"col-522541919\" class=\"col medium-3 small-12 large-3\"  >\n\t\t\t\t<div class=\"col-inner\"  >\n\t\t\t\n\t\t\t\n\n\t<div class=\"box has-hover   has-hover box-text-bottom\" >\n\n\t\t<div class=\"box-image\" >\n\t\t\t\t\t\t<div class=\"\" >\n\t\t\t\t<img loading=\"lazy\" decoding=\"async\" width=\"1540\" height=\"700\" src=\"https:\/\/comt.cat\/wp-content\/uploads\/2024\/07\/DESTACADA_Tarragona-desdel-mar.webp\" class=\"attachment- size-\" alt=\"DESTACADA Pla Oci Tarragona des del Mar 2024\" srcset=\"https:\/\/comt.cat\/wp-content\/uploads\/2024\/07\/DESTACADA_Tarragona-desdel-mar.webp 1540w, https:\/\/comt.cat\/wp-content\/uploads\/2024\/07\/DESTACADA_Tarragona-desdel-mar-300x136.webp 300w, https:\/\/comt.cat\/wp-content\/uploads\/2024\/07\/DESTACADA_Tarragona-desdel-mar-1024x465.webp 1024w, https:\/\/comt.cat\/wp-content\/uploads\/2024\/07\/DESTACADA_Tarragona-desdel-mar-768x349.webp 768w, https:\/\/comt.cat\/wp-content\/uploads\/2024\/07\/DESTACADA_Tarragona-desdel-mar-1536x698.webp 1536w, https:\/\/comt.cat\/wp-content\/uploads\/2024\/07\/DESTACADA_Tarragona-desdel-mar-600x273.webp 600w\" sizes=\"(max-width: 1540px) 100vw, 1540px\" \/>\t\t\t\t<div class=\"overlay\" style=\"background-color:rgba(105, 105, 105, 0.802)\"><\/div>\t\t\t\t\t\t\t<\/div>\n\t\t\t\t\t<\/div>\n\n\t\t<div class=\"box-text text-center is-large\" style=\"background-color:rgb(243, 243, 243);padding:27px 0px 20px 0px;\">\n\t\t\t<div class=\"box-text-inner\">\n\t\t\t\t\n\n<h3>ACTIVIDAD CERRADA<\/h3>\n<p>\u00a0<\/p>\n<h4>Tarragona desde el mar<\/h4>\n<h4>\u00a0\u00a0<\/h4>\n<p>\u00a0<\/p>\n<p>03 de agosto de 2024<\/p>\n\n\t\t\t<\/div>\n\t\t<\/div>\n\t<\/div>\n\t\n<a href=\"https:\/\/www.turismedetarragona.com\/ca\/tour\/tarragona-des-del-mar-comt\/\" class=\"button white expand\" >\n\t\t<span>M\u00e1s informaci\u00f3n<\/span>\n\t<\/a>\n\n\n\n\t\t<\/div>\n\t\t\t\t\t<\/div>\n\n\t\n\n\t<div id=\"col-1632056226\" class=\"col medium-3 small-12 large-3\"  >\n\t\t\t\t<div class=\"col-inner\"  >\n\t\t\t\n\t\t\t\n\n\t<div class=\"box has-hover   has-hover box-text-bottom\" >\n\n\t\t<div class=\"box-image\" >\n\t\t\t\t\t\t<div class=\"\" >\n\t\t\t\t<img loading=\"lazy\" decoding=\"async\" width=\"1540\" height=\"700\" src=\"https:\/\/comt.cat\/wp-content\/uploads\/2024\/07\/DESTACADA-Pla-OCI-Pastor.webp\" class=\"attachment- size-\" alt=\"Destacada Pla OCi Pastor_OK\" srcset=\"https:\/\/comt.cat\/wp-content\/uploads\/2024\/07\/DESTACADA-Pla-OCI-Pastor.webp 1540w, https:\/\/comt.cat\/wp-content\/uploads\/2024\/07\/DESTACADA-Pla-OCI-Pastor-300x136.webp 300w, https:\/\/comt.cat\/wp-content\/uploads\/2024\/07\/DESTACADA-Pla-OCI-Pastor-1024x465.webp 1024w, https:\/\/comt.cat\/wp-content\/uploads\/2024\/07\/DESTACADA-Pla-OCI-Pastor-768x349.webp 768w, https:\/\/comt.cat\/wp-content\/uploads\/2024\/07\/DESTACADA-Pla-OCI-Pastor-1536x698.webp 1536w, https:\/\/comt.cat\/wp-content\/uploads\/2024\/07\/DESTACADA-Pla-OCI-Pastor-600x273.webp 600w\" sizes=\"(max-width: 1540px) 100vw, 1540px\" \/>\t\t\t\t<div class=\"overlay\" style=\"background-color:rgba(105, 105, 105, 0.802)\"><\/div>\t\t\t\t\t\t\t<\/div>\n\t\t\t\t\t<\/div>\n\n\t\t<div class=\"box-text text-center is-large\" style=\"background-color:rgb(243, 243, 243);padding:27px 0px 20px 0px;\">\n\t\t\t<div class=\"box-text-inner\">\n\t\t\t\t\n\n<h3>ACTIVIDAD CERRADA<\/h3>\n<p>\u00a0<\/p>\n<h4>Pastor por un d\u00eda<\/h4>\n<h4>\u00a0\u00a0<\/h4>\n<p>\u00a0<\/p>\n<p>28 y 30 de junio de 2024<\/p>\n\n\t\t\t<\/div>\n\t\t<\/div>\n\t<\/div>\n\t\n<a href=\"https:\/\/www.turismedetarragona.com\/ca\/tour\/pastor-per-un-dia-comt-2024\/\" class=\"button white expand\" >\n\t\t<span>M\u00e1s informaci\u00f3n<\/span>\n\t<\/a>\n\n\n\n\t\t<\/div>\n\t\t\t\t\t<\/div>\n\n\t\n\n\t<div id=\"col-2015265122\" class=\"col medium-3 small-12 large-3\"  >\n\t\t\t\t<div class=\"col-inner\"  >\n\t\t\t\n\t\t\t\n\n\t<div class=\"box has-hover   has-hover box-text-bottom\" >\n\n\t\t<div class=\"box-image\" >\n\t\t\t\t\t\t<div class=\"\" >\n\t\t\t\t<img loading=\"lazy\" decoding=\"async\" width=\"1540\" height=\"700\" src=\"https:\/\/comt.cat\/wp-content\/uploads\/2024\/05\/DESTACADA-PLA-OCI_celler-i-xocolate.webp\" class=\"attachment- size-\" alt=\"DESTACADA PLA OCI_celler i xocolata\" srcset=\"https:\/\/comt.cat\/wp-content\/uploads\/2024\/05\/DESTACADA-PLA-OCI_celler-i-xocolate.webp 1540w, https:\/\/comt.cat\/wp-content\/uploads\/2024\/05\/DESTACADA-PLA-OCI_celler-i-xocolate-300x136.webp 300w, https:\/\/comt.cat\/wp-content\/uploads\/2024\/05\/DESTACADA-PLA-OCI_celler-i-xocolate-1024x465.webp 1024w, https:\/\/comt.cat\/wp-content\/uploads\/2024\/05\/DESTACADA-PLA-OCI_celler-i-xocolate-768x349.webp 768w, https:\/\/comt.cat\/wp-content\/uploads\/2024\/05\/DESTACADA-PLA-OCI_celler-i-xocolate-1536x698.webp 1536w\" sizes=\"(max-width: 1540px) 100vw, 1540px\" \/>\t\t\t\t<div class=\"overlay\" style=\"background-color:rgba(105, 105, 105, 0.802)\"><\/div>\t\t\t\t\t\t\t<\/div>\n\t\t\t\t\t<\/div>\n\n\t\t<div class=\"box-text text-center is-large\" style=\"background-color:rgb(243, 243, 243);padding:27px 0px 20px 0px;\">\n\t\t\t<div class=\"box-text-inner\">\n\t\t\t\t\n\n<h3>ACTIVIDAD CERRADA<\/h3>\n<p>\u00a0<\/p>\n<h4>Visita a la Bodega Mas Vicen\u00e7<\/h4>\n<h4>\u00a0\u00a0<\/h4>\n<p>25 de mayo de 2024<\/p>\n\n\t\t\t<\/div>\n\t\t<\/div>\n\t<\/div>\n\t\n<a href=\"https:\/\/www.turismedetarragona.com\/ca\/tour\/visita-celler-mas-vicenc-comt-2024\/\" class=\"button white expand\" >\n\t\t<span>M\u00e1s informaci\u00f3n<\/span>\n\t<\/a>\n\n\n\n\t\t<\/div>\n\t\t\t\t\t<\/div>\n\n\t\n\n\t<div id=\"col-175411010\" class=\"col medium-3 small-12 large-3\"  >\n\t\t\t\t<div class=\"col-inner\"  >\n\t\t\t\n\t\t\t\n\n\t<div class=\"box has-hover   has-hover box-text-bottom\" >\n\n\t\t<div class=\"box-image\" >\n\t\t\t\t\t\t<div class=\"\" >\n\t\t\t\t<img loading=\"lazy\" decoding=\"async\" width=\"1540\" height=\"700\" src=\"https:\/\/comt.cat\/wp-content\/uploads\/2024\/03\/Destacada-Pla-Oci-Delta-Ebre_Abril-1.webp\" class=\"attachment- size-\" alt=\"Destacada Pla Oci Delta Ebre_Abril2024\" srcset=\"https:\/\/comt.cat\/wp-content\/uploads\/2024\/03\/Destacada-Pla-Oci-Delta-Ebre_Abril-1.webp 1540w, https:\/\/comt.cat\/wp-content\/uploads\/2024\/03\/Destacada-Pla-Oci-Delta-Ebre_Abril-1-300x136.webp 300w, https:\/\/comt.cat\/wp-content\/uploads\/2024\/03\/Destacada-Pla-Oci-Delta-Ebre_Abril-1-1024x465.webp 1024w, https:\/\/comt.cat\/wp-content\/uploads\/2024\/03\/Destacada-Pla-Oci-Delta-Ebre_Abril-1-768x349.webp 768w, https:\/\/comt.cat\/wp-content\/uploads\/2024\/03\/Destacada-Pla-Oci-Delta-Ebre_Abril-1-1536x698.webp 1536w\" sizes=\"(max-width: 1540px) 100vw, 1540px\" \/>\t\t\t\t<div class=\"overlay\" style=\"background-color:rgba(105, 105, 105, 0.802)\"><\/div>\t\t\t\t\t\t\t<\/div>\n\t\t\t\t\t<\/div>\n\n\t\t<div class=\"box-text text-center is-large\" style=\"background-color:rgb(243, 243, 243);padding:27px 0px 20px 0px;\">\n\t\t\t<div class=\"box-text-inner\">\n\t\t\t\t\n\n<h3>ACTIVIDAD CERRADA<\/h3>\n<p>\u00a0<\/p>\n<h4>Excursi\u00f3n al Delta de l&#8217;Ebre, con barca arroz y flamencos<\/h4>\n<h4>\u00a0\u00a0<\/h4>\n<p>27 de abril 2024<\/p>\n\n\t\t\t<\/div>\n\t\t<\/div>\n\t<\/div>\n\t\n<a href=\"https:\/\/www.turismedetarragona.com\/ca\/tour\/excursio-delta-de-lebre-barca-arros-flamencs-comt-2024\/\" class=\"button white expand\" >\n\t\t<span>M\u00e1s informaci\u00f3n<\/span>\n\t<\/a>\n\n\n\n\t\t<\/div>\n\t\t\t\t\t<\/div>\n\n\t\n\n\t<div id=\"col-890224234\" class=\"col medium-3 small-12 large-3\"  >\n\t\t\t\t<div class=\"col-inner\"  >\n\t\t\t\n\t\t\t\n\n\t<div class=\"box has-hover   has-hover box-text-bottom\" >\n\n\t\t<div class=\"box-image\" >\n\t\t\t\t\t\t<div class=\"\" >\n\t\t\t\t<img loading=\"lazy\" decoding=\"async\" width=\"1540\" height=\"700\" src=\"https:\/\/comt.cat\/wp-content\/uploads\/2024\/03\/Destacada-Necropoli-i-Centcelles.webp\" class=\"attachment- size-\" alt=\"Destacada Necropoli i Centcelles Pla Oci\" srcset=\"https:\/\/comt.cat\/wp-content\/uploads\/2024\/03\/Destacada-Necropoli-i-Centcelles.webp 1540w, https:\/\/comt.cat\/wp-content\/uploads\/2024\/03\/Destacada-Necropoli-i-Centcelles-300x136.webp 300w, https:\/\/comt.cat\/wp-content\/uploads\/2024\/03\/Destacada-Necropoli-i-Centcelles-1024x465.webp 1024w, https:\/\/comt.cat\/wp-content\/uploads\/2024\/03\/Destacada-Necropoli-i-Centcelles-768x349.webp 768w, https:\/\/comt.cat\/wp-content\/uploads\/2024\/03\/Destacada-Necropoli-i-Centcelles-1536x698.webp 1536w\" sizes=\"(max-width: 1540px) 100vw, 1540px\" \/>\t\t\t\t<div class=\"overlay\" style=\"background-color:rgba(105, 105, 105, 0.802)\"><\/div>\t\t\t\t\t\t\t<\/div>\n\t\t\t\t\t<\/div>\n\n\t\t<div class=\"box-text text-center is-large\" style=\"background-color:rgb(243, 243, 243);padding:27px 0px 20px 0px;\">\n\t\t\t<div class=\"box-text-inner\">\n\t\t\t\t\n\n<h3>ACTIVIDAD CERRADA<\/h3>\n<p>\u00a0<\/p>\n<h4>Visita guiada a la Necr\u00f2poli y al conjunto de Centcelles<\/h4>\n<h4>\u00a0\u00a0<\/h4>\n<p>17 y 18 de marzo 2024<\/p>\n\n\t\t\t<\/div>\n\t\t<\/div>\n\t<\/div>\n\t\n<a href=\"https:\/\/www.turismedetarragona.com\/ca\/tour\/visita-guiada-necropoli-centcelles-comt-2024\/\" class=\"button white expand\" >\n\t\t<span>M\u00e1s informaci\u00f3n<\/span>\n\t<\/a>\n\n\n\n\t\t<\/div>\n\t\t\t\t\t<\/div>\n\n\t\n\n\t<div id=\"col-1112396955\" class=\"col medium-3 small-12 large-3\"  >\n\t\t\t\t<div class=\"col-inner\"  >\n\t\t\t\n\t\t\t\n\n\t<div class=\"box has-hover   has-hover box-text-bottom\" >\n\n\t\t<div class=\"box-image\" >\n\t\t\t\t\t\t<div class=\"\" >\n\t\t\t\t<img loading=\"lazy\" decoding=\"async\" width=\"1540\" height=\"700\" src=\"https:\/\/comt.cat\/wp-content\/uploads\/2024\/01\/Destacada_PlaOci_Aldover.webp\" class=\"attachment- size-\" alt=\"Destacada_PlaOci_Aldover24\" srcset=\"https:\/\/comt.cat\/wp-content\/uploads\/2024\/01\/Destacada_PlaOci_Aldover.webp 1540w, https:\/\/comt.cat\/wp-content\/uploads\/2024\/01\/Destacada_PlaOci_Aldover-300x136.webp 300w, https:\/\/comt.cat\/wp-content\/uploads\/2024\/01\/Destacada_PlaOci_Aldover-1024x465.webp 1024w, https:\/\/comt.cat\/wp-content\/uploads\/2024\/01\/Destacada_PlaOci_Aldover-768x349.webp 768w, https:\/\/comt.cat\/wp-content\/uploads\/2024\/01\/Destacada_PlaOci_Aldover-1536x698.webp 1536w\" sizes=\"(max-width: 1540px) 100vw, 1540px\" \/>\t\t\t\t<div class=\"overlay\" style=\"background-color:rgba(105, 105, 105, 0.802)\"><\/div>\t\t\t\t\t\t\t<\/div>\n\t\t\t\t\t<\/div>\n\n\t\t<div class=\"box-text text-center is-large\" style=\"background-color:rgb(243, 243, 243);padding:27px 0px 20px 0px;\">\n\t\t\t<div class=\"box-text-inner\">\n\t\t\t\t\n\n<h3>ACTIVIDAD CERRADA<\/h3>\n<p>\u00a0<\/p>\n<h4>Visita finca de c\u00edtricos en el Ebro y comida de brasa<\/h4>\n<h4>\u00a0\u00a0<\/h4>\n<p>24 de febrero 2024<\/p>\n\n\t\t\t<\/div>\n\t\t<\/div>\n\t<\/div>\n\t\n<a href=\"https:\/\/www.turismedetarragona.com\/ca\/tour\/visita-finca-citrics-ebre-dinar-brasa-comt-2024\/\" class=\"button white expand\" >\n\t\t<span>M\u00e1s informaci\u00f3n<\/span>\n\t<\/a>\n\n\n\n\t\t<\/div>\n\t\t\t\t\t<\/div>\n\n\t\n\n\t<div id=\"col-325051019\" class=\"col medium-3 small-12 large-3\"  >\n\t\t\t\t<div class=\"col-inner\"  >\n\t\t\t\n\t\t\t\n\n\t<div class=\"box has-hover   has-hover box-text-bottom\" >\n\n\t\t<div class=\"box-image\" >\n\t\t\t\t\t\t<div class=\"\" >\n\t\t\t\t<img loading=\"lazy\" decoding=\"async\" width=\"1540\" height=\"700\" src=\"https:\/\/comt.cat\/wp-content\/uploads\/2024\/01\/DestacadaItinereGener24.webp\" class=\"attachment- size-\" alt=\"Destacada Itinere Gener24\" srcset=\"https:\/\/comt.cat\/wp-content\/uploads\/2024\/01\/DestacadaItinereGener24.webp 1540w, https:\/\/comt.cat\/wp-content\/uploads\/2024\/01\/DestacadaItinereGener24-300x136.webp 300w, https:\/\/comt.cat\/wp-content\/uploads\/2024\/01\/DestacadaItinereGener24-1024x465.webp 1024w, https:\/\/comt.cat\/wp-content\/uploads\/2024\/01\/DestacadaItinereGener24-768x349.webp 768w, https:\/\/comt.cat\/wp-content\/uploads\/2024\/01\/DestacadaItinereGener24-1536x698.webp 1536w\" sizes=\"(max-width: 1540px) 100vw, 1540px\" \/>\t\t\t\t<div class=\"overlay\" style=\"background-color:rgba(105, 105, 105, 0.802)\"><\/div>\t\t\t\t\t\t\t<\/div>\n\t\t\t\t\t<\/div>\n\n\t\t<div class=\"box-text text-center is-large\" style=\"background-color:rgb(243, 243, 243);padding:27px 0px 20px 0px;\">\n\t\t\t<div class=\"box-text-inner\">\n\t\t\t\t\n\n<h3>ACTIVIDAD CERRADA<\/h3>\n<p>\u00a0<\/p>\n<h4>Visita &#8211; Vila Montblanc y Hospeder\u00eda Poblet<\/h4>\n<h4>\u00a0\u00a0<\/h4>\n<p>27 de enero 2024<\/p>\n\n\t\t\t<\/div>\n\t\t<\/div>\n\t<\/div>\n\t\n<a href=\"https:\/\/www.turismedetarragona.com\/ca\/tour\/visita-guiada-montblanc-calcotada-lhostatgeria-poblet-comt-2024\/\" class=\"button white expand\" >\n\t\t<span>M\u00e1s informaci\u00f3n<\/span>\n\t<\/a>\n\n\n\n\t\t<\/div>\n\t\t\t\t\t<\/div>\n\n\t\n\n<\/div>\n<div class=\"container section-title-container\" ><h2 class=\"section-title section-title-normal\"><b aria-hidden=\"true\"><\/b><span class=\"section-title-main\" style=\"color:#45dace;\">Plan de ocio 2023<\/span><b aria-hidden=\"true\"><\/b><\/h2><\/div>\n\n<div class=\"row\"  id=\"row-434669837\">\n\n\n\t<div id=\"col-2014231404\" class=\"col medium-3 small-12 large-3\"  >\n\t\t\t\t<div class=\"col-inner\"  >\n\t\t\t\n\t\t\t\n\n\t<div class=\"box has-hover   has-hover box-text-bottom\" >\n\n\t\t<div class=\"box-image\" >\n\t\t\t\t\t\t<div class=\"\" >\n\t\t\t\t<img loading=\"lazy\" decoding=\"async\" width=\"1540\" height=\"700\" src=\"https:\/\/comt.cat\/wp-content\/uploads\/2023\/11\/Destacada-PLAOCI-Setge.webp\" class=\"attachment- size-\" alt=\"Destacada PLAOCI Setge\" srcset=\"https:\/\/comt.cat\/wp-content\/uploads\/2023\/11\/Destacada-PLAOCI-Setge.webp 1540w, https:\/\/comt.cat\/wp-content\/uploads\/2023\/11\/Destacada-PLAOCI-Setge-300x136.webp 300w, https:\/\/comt.cat\/wp-content\/uploads\/2023\/11\/Destacada-PLAOCI-Setge-1024x465.webp 1024w, https:\/\/comt.cat\/wp-content\/uploads\/2023\/11\/Destacada-PLAOCI-Setge-768x349.webp 768w, https:\/\/comt.cat\/wp-content\/uploads\/2023\/11\/Destacada-PLAOCI-Setge-1536x698.webp 1536w\" sizes=\"(max-width: 1540px) 100vw, 1540px\" \/>\t\t\t\t<div class=\"overlay\" style=\"background-color:rgba(105, 105, 105, 0.802)\"><\/div>\t\t\t\t\t\t\t<\/div>\n\t\t\t\t\t<\/div>\n\n\t\t<div class=\"box-text text-center is-large\" style=\"background-color:rgb(243, 243, 243);padding:27px 0px 20px 0px;\">\n\t\t\t<div class=\"box-text-inner\">\n\t\t\t\t\n\n<h3>ACTIVIDAD CERRADA<\/h3>\n<p>\u00a0<\/p>\n<h4>Visita &#8211; Tarragona 1811: asedio napole\u00f3nico y presa de la ciudad<\/h4>\n<h4>\u00a0\u00a0<\/h4>\n<p>02 i 03 de diciembre 2023<\/p>\n\n\t\t\t<\/div>\n\t\t<\/div>\n\t<\/div>\n\t\n<a href=\"https:\/\/www.turismedetarragona.com\/ca\/tour\/tarragona-1881-setge-napoleonic-comt\/\" class=\"button white expand\" >\n\t\t<span>M\u00e1s informaci\u00f3n<\/span>\n\t<\/a>\n\n\n\n\t\t<\/div>\n\t\t\t\t\t<\/div>\n\n\t\n\n\t<div id=\"col-652504172\" class=\"col medium-3 small-12 large-3\"  >\n\t\t\t\t<div class=\"col-inner\"  >\n\t\t\t\n\t\t\t\n\n\t<div class=\"box has-hover   has-hover box-text-bottom\" >\n\n\t\t<div class=\"box-image\" >\n\t\t\t\t\t\t<div class=\"\" >\n\t\t\t\t<img loading=\"lazy\" decoding=\"async\" width=\"1540\" height=\"700\" src=\"https:\/\/comt.cat\/wp-content\/uploads\/2023\/10\/DestacadaPlaOci_EspaisRuralsTGN.webp\" class=\"attachment- size-\" alt=\"DestacadaPlaOci_EspaisRuralsTGN\" srcset=\"https:\/\/comt.cat\/wp-content\/uploads\/2023\/10\/DestacadaPlaOci_EspaisRuralsTGN.webp 1540w, https:\/\/comt.cat\/wp-content\/uploads\/2023\/10\/DestacadaPlaOci_EspaisRuralsTGN-300x136.webp 300w, https:\/\/comt.cat\/wp-content\/uploads\/2023\/10\/DestacadaPlaOci_EspaisRuralsTGN-1024x465.webp 1024w, https:\/\/comt.cat\/wp-content\/uploads\/2023\/10\/DestacadaPlaOci_EspaisRuralsTGN-768x349.webp 768w, https:\/\/comt.cat\/wp-content\/uploads\/2023\/10\/DestacadaPlaOci_EspaisRuralsTGN-1536x698.webp 1536w\" sizes=\"(max-width: 1540px) 100vw, 1540px\" \/>\t\t\t\t<div class=\"overlay\" style=\"background-color:rgba(105, 105, 105, 0.802)\"><\/div>\t\t\t\t\t\t\t<\/div>\n\t\t\t\t\t<\/div>\n\n\t\t<div class=\"box-text text-center is-large\" style=\"background-color:rgb(243, 243, 243);padding:27px 0px 20px 0px;\">\n\t\t\t<div class=\"box-text-inner\">\n\t\t\t\t\n\n<h3>ACTIVIDAD CERRADA<\/h3>\n<p>\u00a0<\/p>\n<h4>Visita &#8211; Ruta por los espacios de los espacios rurales de Tarraco<\/h4>\n<h4>\u00a0\u00a0<\/h4>\n<p>18 de noviembre 2023<\/p>\n\n\t\t\t<\/div>\n\t\t<\/div>\n\t<\/div>\n\t\n<a href=\"https:\/\/www.turismedetarragona.com\/ca\/tour\/ruta-guiada-espais-rurals-tarraco-comt\/\" class=\"button white expand\" >\n\t\t<span>M\u00e1s informaci\u00f3n<\/span>\n\t<\/a>\n\n\n\n\t\t<\/div>\n\t\t\t\t\t<\/div>\n\n\t\n\n\t<div id=\"col-1298758613\" class=\"col medium-3 small-12 large-3\"  >\n\t\t\t\t<div class=\"col-inner\"  >\n\t\t\t\n\t\t\t\n\n\t<div class=\"box has-hover   has-hover box-text-bottom\" >\n\n\t\t<div class=\"box-image\" >\n\t\t\t\t\t\t<div class=\"\" >\n\t\t\t\t<img loading=\"lazy\" decoding=\"async\" width=\"1540\" height=\"700\" src=\"https:\/\/comt.cat\/wp-content\/uploads\/2023\/09\/DESTACADA_PladociBatallaEbre.webp\" class=\"attachment- size-\" alt=\"\" srcset=\"https:\/\/comt.cat\/wp-content\/uploads\/2023\/09\/DESTACADA_PladociBatallaEbre.webp 1540w, https:\/\/comt.cat\/wp-content\/uploads\/2023\/09\/DESTACADA_PladociBatallaEbre-300x136.webp 300w, https:\/\/comt.cat\/wp-content\/uploads\/2023\/09\/DESTACADA_PladociBatallaEbre-1024x465.webp 1024w, https:\/\/comt.cat\/wp-content\/uploads\/2023\/09\/DESTACADA_PladociBatallaEbre-768x349.webp 768w, https:\/\/comt.cat\/wp-content\/uploads\/2023\/09\/DESTACADA_PladociBatallaEbre-1536x698.webp 1536w\" sizes=\"(max-width: 1540px) 100vw, 1540px\" \/>\t\t\t\t<div class=\"overlay\" style=\"background-color:rgba(105, 105, 105, 0.802)\"><\/div>\t\t\t\t\t\t\t<\/div>\n\t\t\t\t\t<\/div>\n\n\t\t<div class=\"box-text text-center is-large\" style=\"background-color:rgb(243, 243, 243);padding:27px 0px 20px 0px;\">\n\t\t\t<div class=\"box-text-inner\">\n\t\t\t\t\n\n<h3>ACTIVIDAD CERRADA<\/h3>\n<p>\u00a0<\/p>\n<h4>Visita &#8211; Ruta por los espacios de la Batalla del Ebro<\/h4>\n<h4>\u00a0\u00a0<\/h4>\n<p>21 de octubre 2023<\/p>\n\n\t\t\t<\/div>\n\t\t<\/div>\n\t<\/div>\n\t\n<a href=\"https:\/\/www.turismedetarragona.com\/ca\/tour\/ruta-espais-batalla-ebre-comt\/\" class=\"button white expand\" >\n\t\t<span>M\u00e1s informaci\u00f3n<\/span>\n\t<\/a>\n\n\n\n\t\t<\/div>\n\t\t\t\t\t<\/div>\n\n\t\n\n\t<div id=\"col-136074730\" class=\"col medium-3 small-12 large-3\"  >\n\t\t\t\t<div class=\"col-inner\"  >\n\t\t\t\n\t\t\t\n\n\t<div class=\"box has-hover   has-hover box-text-bottom\" >\n\n\t\t<div class=\"box-image\" >\n\t\t\t\t\t\t<div class=\"\" >\n\t\t\t\t<img loading=\"lazy\" decoding=\"async\" width=\"1540\" height=\"700\" src=\"https:\/\/comt.cat\/wp-content\/uploads\/2023\/08\/PladociRamblaNova.webp\" class=\"attachment- size-\" alt=\"Destacada PladociRamblaNova\" srcset=\"https:\/\/comt.cat\/wp-content\/uploads\/2023\/08\/PladociRamblaNova.webp 1540w, https:\/\/comt.cat\/wp-content\/uploads\/2023\/08\/PladociRamblaNova-300x136.webp 300w, https:\/\/comt.cat\/wp-content\/uploads\/2023\/08\/PladociRamblaNova-1024x465.webp 1024w, https:\/\/comt.cat\/wp-content\/uploads\/2023\/08\/PladociRamblaNova-768x349.webp 768w, https:\/\/comt.cat\/wp-content\/uploads\/2023\/08\/PladociRamblaNova-1536x698.webp 1536w\" sizes=\"(max-width: 1540px) 100vw, 1540px\" \/>\t\t\t\t<div class=\"overlay\" style=\"background-color:rgba(105, 105, 105, 0.802)\"><\/div>\t\t\t\t\t\t\t<\/div>\n\t\t\t\t\t<\/div>\n\n\t\t<div class=\"box-text text-center is-large\" style=\"background-color:rgb(243, 243, 243);padding:27px 0px 20px 0px;\">\n\t\t\t<div class=\"box-text-inner\">\n\t\t\t\t\n\n<h3>ACTIVIDAD CERRADA<\/h3>\n<p>&nbsp;<\/p>\n<h4>Visita &#8211; La Rambla Nova de Tarragona<\/h4>\n<h4>&nbsp;&nbsp;<\/h4>\n<p>07 y 08 de septiembre 2023<\/p>\n\n\t\t\t<\/div>\n\t\t<\/div>\n\t<\/div>\n\t\n<a href=\"https:\/\/www.turismedetarragona.com\/ca\/tour\/la-rambla-nova-de-tarragona-comt\/\" class=\"button white expand\" >\n\t\t<span>M\u00e1s informaci\u00f3n<\/span>\n\t<\/a>\n\n\n\n\t\t<\/div>\n\t\t\t\t\t<\/div>\n\n\t\n\n\t<div id=\"col-750060189\" class=\"col medium-3 small-12 large-3\"  >\n\t\t\t\t<div class=\"col-inner\"  >\n\t\t\t\n\t\t\t\n\n\t<div class=\"box has-hover   has-hover box-text-bottom\" >\n\n\t\t<div class=\"box-image\" >\n\t\t\t\t\t\t<div class=\"\" >\n\t\t\t\t<img loading=\"lazy\" decoding=\"async\" width=\"1540\" height=\"700\" src=\"https:\/\/comt.cat\/wp-content\/uploads\/2023\/06\/Imatge-DESTACADA_PlaOciBarca.webp\" class=\"attachment- size-\" alt=\"Imatge DESTACADA_PlaOciBarca\" srcset=\"https:\/\/comt.cat\/wp-content\/uploads\/2023\/06\/Imatge-DESTACADA_PlaOciBarca.webp 1540w, https:\/\/comt.cat\/wp-content\/uploads\/2023\/06\/Imatge-DESTACADA_PlaOciBarca-300x136.webp 300w, https:\/\/comt.cat\/wp-content\/uploads\/2023\/06\/Imatge-DESTACADA_PlaOciBarca-1024x465.webp 1024w, https:\/\/comt.cat\/wp-content\/uploads\/2023\/06\/Imatge-DESTACADA_PlaOciBarca-768x349.webp 768w, https:\/\/comt.cat\/wp-content\/uploads\/2023\/06\/Imatge-DESTACADA_PlaOciBarca-1536x698.webp 1536w\" sizes=\"(max-width: 1540px) 100vw, 1540px\" \/>\t\t\t\t<div class=\"overlay\" style=\"background-color:rgba(105, 105, 105, 0.802)\"><\/div>\t\t\t\t\t\t\t<\/div>\n\t\t\t\t\t<\/div>\n\n\t\t<div class=\"box-text text-center is-large\" style=\"background-color:rgb(243, 243, 243);padding:27px 0px 20px 0px;\">\n\t\t\t<div class=\"box-text-inner\">\n\t\t\t\t\n\n<h3>ACTIVIDAD CERRADA<\/h3>\n<p>&nbsp;<\/p>\n<h4>Visita &#8211; Tarragona desde el mar<\/h4>\n<h4>&nbsp;&nbsp;<\/h4>\n<p>08 de julio 2023<\/p>\n\n\t\t\t<\/div>\n\t\t<\/div>\n\t<\/div>\n\t\n<a href=\"https:\/\/www.turismedetarragona.com\/ca\/tour\/tarragona-des-del-mar-comt\/\" class=\"button white expand\" >\n\t\t<span>M\u00e1s informaci\u00f3n<\/span>\n\t<\/a>\n\n\n\n\t\t<\/div>\n\t\t\t\t\t<\/div>\n\n\t\n\n\t<div id=\"col-1197272057\" class=\"col medium-3 small-12 large-3\"  >\n\t\t\t\t<div class=\"col-inner\"  >\n\t\t\t\n\t\t\t\n\n\t<div class=\"box has-hover   has-hover box-text-bottom\" >\n\n\t\t<div class=\"box-image\" >\n\t\t\t\t\t\t<div class=\"\" >\n\t\t\t\t<img loading=\"lazy\" decoding=\"async\" width=\"1540\" height=\"700\" src=\"https:\/\/comt.cat\/wp-content\/uploads\/2023\/06\/Destacada-Celler-Janine_Sushi.webp\" class=\"attachment- size-\" alt=\"Destacada_Plaoci Celler Janine Sushi\" srcset=\"https:\/\/comt.cat\/wp-content\/uploads\/2023\/06\/Destacada-Celler-Janine_Sushi.webp 1540w, https:\/\/comt.cat\/wp-content\/uploads\/2023\/06\/Destacada-Celler-Janine_Sushi-300x136.webp 300w, https:\/\/comt.cat\/wp-content\/uploads\/2023\/06\/Destacada-Celler-Janine_Sushi-1024x465.webp 1024w, https:\/\/comt.cat\/wp-content\/uploads\/2023\/06\/Destacada-Celler-Janine_Sushi-768x349.webp 768w, https:\/\/comt.cat\/wp-content\/uploads\/2023\/06\/Destacada-Celler-Janine_Sushi-1536x698.webp 1536w\" sizes=\"(max-width: 1540px) 100vw, 1540px\" \/>\t\t\t\t<div class=\"overlay\" style=\"background-color:rgba(105, 105, 105, 0.802)\"><\/div>\t\t\t\t\t\t\t<\/div>\n\t\t\t\t\t<\/div>\n\n\t\t<div class=\"box-text text-center is-large\" style=\"background-color:rgb(243, 243, 243);padding:27px 0px 20px 0px;\">\n\t\t\t<div class=\"box-text-inner\">\n\t\t\t\t\n\n<h3>ACTIVIDAD CERRADA<\/h3>\n<p>&nbsp;<\/p>\n<h4>Visita &#8211; Visita a la bodega Janine y taller de sushi<\/h4>\n<h4>&nbsp;&nbsp;<\/h4>\n<p>17 de junio 2023<\/p>\n\n\t\t\t<\/div>\n\t\t<\/div>\n\t<\/div>\n\t\n<a href=\"https:\/\/www.turismedetarragona.com\/ca\/tour\/visita-celler-janine-taller-sushi-comt\/\" class=\"button white expand\" >\n\t\t<span>M\u00e1s informaci\u00f3n<\/span>\n\t<\/a>\n\n\n\n\t\t<\/div>\n\t\t\t\t\t<\/div>\n\n\t\n\n\t<div id=\"col-37333650\" class=\"col medium-3 small-12 large-3\"  >\n\t\t\t\t<div class=\"col-inner\"  >\n\t\t\t\n\t\t\t\n\n\t<div class=\"box has-hover   has-hover box-text-bottom\" >\n\n\t\t<div class=\"box-image\" >\n\t\t\t\t\t\t<div class=\"\" >\n\t\t\t\t<img loading=\"lazy\" decoding=\"async\" width=\"1540\" height=\"700\" src=\"https:\/\/comt.cat\/wp-content\/uploads\/2023\/05\/DestacadaPladociMasMiro.webp\" class=\"attachment- size-\" alt=\"DestacadaPladociMasMiro\" srcset=\"https:\/\/comt.cat\/wp-content\/uploads\/2023\/05\/DestacadaPladociMasMiro.webp 1540w, https:\/\/comt.cat\/wp-content\/uploads\/2023\/05\/DestacadaPladociMasMiro-300x136.webp 300w, https:\/\/comt.cat\/wp-content\/uploads\/2023\/05\/DestacadaPladociMasMiro-1024x465.webp 1024w, https:\/\/comt.cat\/wp-content\/uploads\/2023\/05\/DestacadaPladociMasMiro-768x349.webp 768w, https:\/\/comt.cat\/wp-content\/uploads\/2023\/05\/DestacadaPladociMasMiro-1536x698.webp 1536w\" sizes=\"(max-width: 1540px) 100vw, 1540px\" \/>\t\t\t\t<div class=\"overlay\" style=\"background-color:rgba(105, 105, 105, 0.802)\"><\/div>\t\t\t\t\t\t\t<\/div>\n\t\t\t\t\t<\/div>\n\n\t\t<div class=\"box-text text-center is-large\" style=\"background-color:rgb(243, 243, 243);padding:27px 0px 20px 0px;\">\n\t\t\t<div class=\"box-text-inner\">\n\t\t\t\t\n\n<h3>ACTIVIDAD CERRADA<\/h3>\n<h4>&nbsp;<\/h4>\n<h4>Visita &#8211; Fundaci\u00f3 Mas Mir\u00f3<\/h4>\n<p>&nbsp;<\/p>\n<p>&nbsp;<\/p>\n<p>27 de mayo de 2023<\/p>\n\n\t\t\t<\/div>\n\t\t<\/div>\n\t<\/div>\n\t\n<a href=\"https:\/\/www.turismedetarragona.com\/ca\/tour\/visita-fundacio-mas-miro-vermut-comt\/\" class=\"button white expand\" >\n\t\t<span>M\u00e1s informaci\u00f3n<\/span>\n\t<\/a>\n\n\n\n\t\t<\/div>\n\t\t\t\t\t<\/div>\n\n\t\n\n\t<div id=\"col-1740257125\" class=\"col medium-3 small-12 large-3\"  >\n\t\t\t\t<div class=\"col-inner\"  >\n\t\t\t\n\t\t\t\n\n\t<div class=\"box has-hover   has-hover box-text-bottom\" >\n\n\t\t<div class=\"box-image\" >\n\t\t\t\t\t\t<div class=\"\" >\n\t\t\t\t<img loading=\"lazy\" decoding=\"async\" width=\"1540\" height=\"700\" src=\"https:\/\/comt.cat\/wp-content\/uploads\/2023\/03\/Pla_doci_Tortosa.webp\" class=\"attachment- size-\" alt=\"DESTACADA Pla_doci_Tortosa\" srcset=\"https:\/\/comt.cat\/wp-content\/uploads\/2023\/03\/Pla_doci_Tortosa.webp 1540w, https:\/\/comt.cat\/wp-content\/uploads\/2023\/03\/Pla_doci_Tortosa-300x136.webp 300w, https:\/\/comt.cat\/wp-content\/uploads\/2023\/03\/Pla_doci_Tortosa-1024x465.webp 1024w, https:\/\/comt.cat\/wp-content\/uploads\/2023\/03\/Pla_doci_Tortosa-768x349.webp 768w, https:\/\/comt.cat\/wp-content\/uploads\/2023\/03\/Pla_doci_Tortosa-1536x698.webp 1536w\" sizes=\"(max-width: 1540px) 100vw, 1540px\" \/>\t\t\t\t<div class=\"overlay\" style=\"background-color:rgba(105, 105, 105, 0.802)\"><\/div>\t\t\t\t\t\t\t<\/div>\n\t\t\t\t\t<\/div>\n\n\t\t<div class=\"box-text text-center is-large\" style=\"background-color:rgb(243, 243, 243);padding:27px 0px 20px 0px;\">\n\t\t\t<div class=\"box-text-inner\">\n\t\t\t\t\n\n<h3>ACTIVIDAD CERRADA<\/h3>\n<p>&nbsp;<\/p>\n<h4>Visita &#8211; Excursi\u00f3n de d\u00eda entero a Tortosa<\/h4>\n<p>&nbsp;<\/p>\n<p>15 de abril de 2023<\/p>\n\n\t\t\t<\/div>\n\t\t<\/div>\n\t<\/div>\n\t\n<a href=\"https:\/\/www.turismedetarragona.com\/ca\/tour\/excursio-tortosa-comt\/\" class=\"button white expand\" >\n\t\t<span>M\u00e1s informaci\u00f3n<\/span>\n\t<\/a>\n\n\n\n\t\t<\/div>\n\t\t\t\t\t<\/div>\n\n\t\n\n\t<div id=\"col-565103025\" class=\"col medium-3 small-12 large-3\"  >\n\t\t\t\t<div class=\"col-inner\"  >\n\t\t\t\n\t\t\t\n\n\t<div class=\"box has-hover   has-hover box-text-bottom\" >\n\n\t\t<div class=\"box-image\" >\n\t\t\t\t\t\t<div class=\"\" >\n\t\t\t\t<img loading=\"lazy\" decoding=\"async\" width=\"1540\" height=\"700\" src=\"https:\/\/comt.cat\/wp-content\/uploads\/2023\/02\/Plaoci-DESTACADA-presseguers.webp\" class=\"attachment- size-\" alt=\"Destacada PlaOci Presseguers\" srcset=\"https:\/\/comt.cat\/wp-content\/uploads\/2023\/02\/Plaoci-DESTACADA-presseguers.webp 1540w, https:\/\/comt.cat\/wp-content\/uploads\/2023\/02\/Plaoci-DESTACADA-presseguers-300x136.webp 300w, https:\/\/comt.cat\/wp-content\/uploads\/2023\/02\/Plaoci-DESTACADA-presseguers-1024x465.webp 1024w, https:\/\/comt.cat\/wp-content\/uploads\/2023\/02\/Plaoci-DESTACADA-presseguers-768x349.webp 768w, https:\/\/comt.cat\/wp-content\/uploads\/2023\/02\/Plaoci-DESTACADA-presseguers-1536x698.webp 1536w\" sizes=\"(max-width: 1540px) 100vw, 1540px\" \/>\t\t\t\t<div class=\"overlay\" style=\"background-color:rgba(105, 105, 105, 0.802)\"><\/div>\t\t\t\t\t\t\t<\/div>\n\t\t\t\t\t<\/div>\n\n\t\t<div class=\"box-text text-center is-large\" style=\"background-color:rgb(243, 243, 243);padding:27px 0px 20px 0px;\">\n\t\t\t<div class=\"box-text-inner\">\n\t\t\t\t\n\n<h3>ACTIVIDAD CERRADA<\/h3>\n<p>&nbsp;<\/p>\n<h4>Visita &#8211; Entre melocotoneros en flor en Tivissa con brunch<\/h4>\n<p>&nbsp;<\/p>\n<p>11 de marzo de 2023<\/p>\n\n\t\t\t<\/div>\n\t\t<\/div>\n\t<\/div>\n\t\n<a href=\"https:\/\/www.turismedetarragona.com\/ca\/tour\/tarragona-llegendaria-misteris-i-crims-comt\/\" class=\"button white expand\" >\n\t\t<span>M\u00e1s informaci\u00f3n<\/span>\n\t<\/a>\n\n\n\n\t\t<\/div>\n\t\t\t\t\t<\/div>\n\n\t\n\n\t<div id=\"col-719179977\" class=\"col medium-3 small-12 large-3\"  >\n\t\t\t\t<div class=\"col-inner\"  >\n\t\t\t\n\t\t\t\n\n\t<div class=\"box has-hover   has-hover box-text-bottom\" >\n\n\t\t<div class=\"box-image\" >\n\t\t\t\t\t\t<div class=\"\" >\n\t\t\t\t<img loading=\"lazy\" decoding=\"async\" width=\"1540\" height=\"700\" src=\"https:\/\/comt.cat\/wp-content\/uploads\/2023\/02\/PladociPoblet.webp\" class=\"attachment- size-\" alt=\"Destacada Pla Oci_PobletOK\" srcset=\"https:\/\/comt.cat\/wp-content\/uploads\/2023\/02\/PladociPoblet.webp 1540w, https:\/\/comt.cat\/wp-content\/uploads\/2023\/02\/PladociPoblet-300x136.webp 300w, https:\/\/comt.cat\/wp-content\/uploads\/2023\/02\/PladociPoblet-1024x465.webp 1024w, https:\/\/comt.cat\/wp-content\/uploads\/2023\/02\/PladociPoblet-768x349.webp 768w, https:\/\/comt.cat\/wp-content\/uploads\/2023\/02\/PladociPoblet-1536x698.webp 1536w\" sizes=\"(max-width: 1540px) 100vw, 1540px\" \/>\t\t\t\t<div class=\"overlay\" style=\"background-color:rgba(105, 105, 105, 0.802)\"><\/div>\t\t\t\t\t\t\t<\/div>\n\t\t\t\t\t<\/div>\n\n\t\t<div class=\"box-text text-center is-large\" style=\"background-color:rgb(243, 243, 243);padding:27px 0px 20px 0px;\">\n\t\t\t<div class=\"box-text-inner\">\n\t\t\t\t\n\n<h3>ACTIVIDAD CERRADA<\/h3>\n<p>&nbsp;<\/p>\n<h4>Visita &#8211; Monestir Santa Maria de Poblet<\/h4>\n<p>&nbsp;<\/p>\n<p>25 de febrero de 2023<\/p>\n\n\t\t\t<\/div>\n\t\t<\/div>\n\t<\/div>\n\t\n<a href=\"https:\/\/www.turismedetarragona.com\/ca\/tour\/entre-presseguers-florits-a-tivissa-amb-brunch-a-laire-lliure-comt\/\" class=\"button white expand\" >\n\t\t<span>M\u00e1s informaci\u00f3n<\/span>\n\t<\/a>\n\n\n\n\t\t<\/div>\n\t\t\t\t\t<\/div>\n\n\t\n\n\t<div id=\"col-329050378\" class=\"col medium-3 small-12 large-3\"  >\n\t\t\t\t<div class=\"col-inner\"  >\n\t\t\t\n\t\t\t\n\n\t<div class=\"box has-hover   has-hover box-text-bottom\" >\n\n\t\t<div class=\"box-image\" >\n\t\t\t\t\t\t<div class=\"\" >\n\t\t\t\t<img loading=\"lazy\" decoding=\"async\" width=\"1540\" height=\"700\" src=\"https:\/\/comt.cat\/wp-content\/uploads\/2023\/01\/Destacada-noticiaMisteris-i-Crims.jpeg\" class=\"attachment- size-\" alt=\"Destacada noticiaMisteris i Crims\" srcset=\"https:\/\/comt.cat\/wp-content\/uploads\/2023\/01\/Destacada-noticiaMisteris-i-Crims.jpeg 1540w, https:\/\/comt.cat\/wp-content\/uploads\/2023\/01\/Destacada-noticiaMisteris-i-Crims-300x136.jpeg 300w, https:\/\/comt.cat\/wp-content\/uploads\/2023\/01\/Destacada-noticiaMisteris-i-Crims-1024x465.jpeg 1024w, https:\/\/comt.cat\/wp-content\/uploads\/2023\/01\/Destacada-noticiaMisteris-i-Crims-768x349.jpeg 768w, https:\/\/comt.cat\/wp-content\/uploads\/2023\/01\/Destacada-noticiaMisteris-i-Crims-1536x698.jpeg 1536w\" sizes=\"(max-width: 1540px) 100vw, 1540px\" \/>\t\t\t\t<div class=\"overlay\" style=\"background-color:rgba(105, 105, 105, 0.802)\"><\/div>\t\t\t\t\t\t\t<\/div>\n\t\t\t\t\t<\/div>\n\n\t\t<div class=\"box-text text-center is-large\" style=\"background-color:rgb(243, 243, 243);padding:27px 0px 20px 0px;\">\n\t\t\t<div class=\"box-text-inner\">\n\t\t\t\t\n\n<h3>ACTIVIDAD CERRADA<\/h3>\n<p>&nbsp;<\/p>\n<h4>Tarragona legendaria &#8211; Misterios y Cr\u00edmenes<\/h4>\n<h4>&nbsp;&nbsp;<\/h4>\n<p>27 i 28 de enero 2023<\/p>\n\n\t\t\t<\/div>\n\t\t<\/div>\n\t<\/div>\n\t\n<a href=\"https:\/\/www.turismedetarragona.com\/ca\/tour\/tarragona-llegendaria-misteris-i-crims-comt\/\" class=\"button white expand\" >\n\t\t<span>M\u00e1s informaci\u00f3n<\/span>\n\t<\/a>\n\n\n\n\t\t<\/div>\n\t\t\t\t\t<\/div>\n\n\t\n\n<\/div>\n<div class=\"container section-title-container\" ><h2 class=\"section-title section-title-normal\"><b aria-hidden=\"true\"><\/b><span class=\"section-title-main\" style=\"color:#45dace;\">Plan de ocio 2022<\/span><b aria-hidden=\"true\"><\/b><\/h2><\/div>\n\n<div class=\"row\"  id=\"row-1178429616\">\n\n\n\t<div id=\"col-1108106441\" class=\"col medium-3 small-6 large-3\"  >\n\t\t\t\t<div class=\"col-inner\"  >\n\t\t\t\n\t\t\t\n\n\t<div class=\"box has-hover   has-hover box-text-bottom\" >\n\n\t\t<div class=\"box-image\" >\n\t\t\t\t\t\t<div class=\"\" >\n\t\t\t\t<img loading=\"lazy\" decoding=\"async\" width=\"1540\" height=\"700\" src=\"https:\/\/comt.cat\/wp-content\/uploads\/2022\/10\/DestacadaItinereNovembre.webp\" class=\"attachment- size-\" alt=\"DestacadaItinereNovembre\" srcset=\"https:\/\/comt.cat\/wp-content\/uploads\/2022\/10\/DestacadaItinereNovembre.webp 1540w, https:\/\/comt.cat\/wp-content\/uploads\/2022\/10\/DestacadaItinereNovembre-300x136.webp 300w, https:\/\/comt.cat\/wp-content\/uploads\/2022\/10\/DestacadaItinereNovembre-1024x465.webp 1024w, https:\/\/comt.cat\/wp-content\/uploads\/2022\/10\/DestacadaItinereNovembre-768x349.webp 768w, https:\/\/comt.cat\/wp-content\/uploads\/2022\/10\/DestacadaItinereNovembre-1536x698.webp 1536w\" sizes=\"(max-width: 1540px) 100vw, 1540px\" \/>\t\t\t\t<div class=\"overlay\" style=\"background-color:rgba(105, 105, 105, 0.802)\"><\/div>\t\t\t\t\t\t\t<\/div>\n\t\t\t\t\t<\/div>\n\n\t\t<div class=\"box-text text-center is-large\" style=\"background-color:rgb(243, 243, 243);padding:27px 0px 20px 0px;\">\n\t\t\t<div class=\"box-text-inner\">\n\t\t\t\t\n\n<h3>ACTIVIDAD CERRADA<\/h3>\n<p>&nbsp;<\/p>\n<h4>Visita guiada Catedral de Tgna &#8211; Centro hist\u00f3rico<\/h4>\n<p>12 de noivembre 2022<\/p>\n\n\t\t\t<\/div>\n\t\t<\/div>\n\t<\/div>\n\t\n<a href=\"https:\/\/www.turismedetarragona.com\/ca\/tour\/catedral-de-tarragona-comt\/\" class=\"button white expand\" >\n\t\t<span>M\u00e1s informaci\u00f3n<\/span>\n\t<\/a>\n\n\n\n\t\t<\/div>\n\t\t\t\t\t<\/div>\n\n\t\n\n\t<div id=\"col-869738199\" class=\"col medium-3 small-6 large-3\"  >\n\t\t\t\t<div class=\"col-inner\"  >\n\t\t\t\n\t\t\t\n\n\t<div class=\"box has-hover   has-hover box-text-bottom\" >\n\n\t\t<div class=\"box-image\" >\n\t\t\t\t\t\t<div class=\"\" >\n\t\t\t\t<img loading=\"lazy\" decoding=\"async\" width=\"1540\" height=\"700\" src=\"https:\/\/comt.cat\/wp-content\/uploads\/2022\/09\/Pladoci_Modernisme.webp\" class=\"attachment- size-\" alt=\"Pladoci_Modernisme\" srcset=\"https:\/\/comt.cat\/wp-content\/uploads\/2022\/09\/Pladoci_Modernisme.webp 1540w, https:\/\/comt.cat\/wp-content\/uploads\/2022\/09\/Pladoci_Modernisme-300x136.webp 300w, https:\/\/comt.cat\/wp-content\/uploads\/2022\/09\/Pladoci_Modernisme-1024x465.webp 1024w, https:\/\/comt.cat\/wp-content\/uploads\/2022\/09\/Pladoci_Modernisme-768x349.webp 768w, https:\/\/comt.cat\/wp-content\/uploads\/2022\/09\/Pladoci_Modernisme-1536x698.webp 1536w\" sizes=\"(max-width: 1540px) 100vw, 1540px\" \/>\t\t\t\t<div class=\"overlay\" style=\"background-color:rgba(105, 105, 105, 0.802)\"><\/div>\t\t\t\t\t\t\t<\/div>\n\t\t\t\t\t<\/div>\n\n\t\t<div class=\"box-text text-center is-large\" style=\"background-color:rgb(243, 243, 243);padding:27px 0px 20px 0px;\">\n\t\t\t<div class=\"box-text-inner\">\n\t\t\t\t\n\n<h3>ACTIVIDAD CERRADA<\/h3>\n<p>&nbsp;<\/p>\n<h4>Visita guiada al modernismo &#8211; Reus<\/h4>\n<p>01 de octubre 2022<\/p>\n\n\t\t\t<\/div>\n\t\t<\/div>\n\t<\/div>\n\t\n<a href=\"https:\/\/www.turismedetarragona.com\/ca\/tour\/reus-modernista-comt\/\" class=\"button white expand\" >\n\t\t<span>M\u00e1s informaci\u00f3n<\/span>\n\t<\/a>\n\n\n\n\t\t<\/div>\n\t\t\t\t\t<\/div>\n\n\t\n\n\t<div id=\"col-855109590\" class=\"col medium-3 small-6 large-3\"  >\n\t\t\t\t<div class=\"col-inner\"  >\n\t\t\t\n\t\t\t\n\n\t<div class=\"box has-hover   has-hover box-text-bottom\" >\n\n\t\t<div class=\"box-image\" >\n\t\t\t\t\t\t<div class=\"\" >\n\t\t\t\t<img loading=\"lazy\" decoding=\"async\" width=\"1540\" height=\"700\" src=\"https:\/\/comt.cat\/wp-content\/uploads\/2022\/08\/Itinere02-setembre.jpg\" class=\"attachment- size-\" alt=\"Itinere activitat 02 setembre\" srcset=\"https:\/\/comt.cat\/wp-content\/uploads\/2022\/08\/Itinere02-setembre.jpg 1540w, https:\/\/comt.cat\/wp-content\/uploads\/2022\/08\/Itinere02-setembre-300x136.jpg 300w, https:\/\/comt.cat\/wp-content\/uploads\/2022\/08\/Itinere02-setembre-1024x465.jpg 1024w, https:\/\/comt.cat\/wp-content\/uploads\/2022\/08\/Itinere02-setembre-768x349.jpg 768w, https:\/\/comt.cat\/wp-content\/uploads\/2022\/08\/Itinere02-setembre-1536x698.jpg 1536w\" sizes=\"(max-width: 1540px) 100vw, 1540px\" \/>\t\t\t\t<div class=\"overlay\" style=\"background-color:rgba(105, 105, 105, 0.802)\"><\/div>\t\t\t\t\t\t\t<\/div>\n\t\t\t\t\t<\/div>\n\n\t\t<div class=\"box-text text-center is-large\" style=\"background-color:rgb(243, 243, 243);padding:27px 0px 20px 0px;\">\n\t\t\t<div class=\"box-text-inner\">\n\t\t\t\t\n\n<h3>ACTIVIDAD CERRADA<\/h3>\n<p>&nbsp;<\/p>\n<h4>Misterios y leyendas de Tarragona<\/h4>\n<p>02 de septiembre 2022<\/p>\n\n\t\t\t<\/div>\n\t\t<\/div>\n\t<\/div>\n\t\n<a href=\"https:\/\/comt.cat\/pla-doci-del-comt-misteris-i-llegendes-de-tarragona\/\" class=\"button white expand\" >\n\t\t<span>M\u00e1s informaci\u00f3n<\/span>\n\t<\/a>\n\n\n\n\t\t<\/div>\n\t\t\t\t\t<\/div>\n\n\t\n\n\t<div id=\"col-2003481194\" class=\"col medium-3 small-12 large-3\"  >\n\t\t\t\t<div class=\"col-inner\"  >\n\t\t\t\n\t\t\t\n\n\t<div class=\"box has-hover   has-hover box-text-bottom\" >\n\n\t\t<div class=\"box-image\" >\n\t\t\t\t\t\t<div class=\"\" >\n\t\t\t\t<img loading=\"lazy\" decoding=\"async\" width=\"1540\" height=\"700\" src=\"https:\/\/comt.cat\/wp-content\/uploads\/2022\/06\/Itinere_Celler_Tast.jpg\" class=\"attachment- size-\" alt=\"\" srcset=\"https:\/\/comt.cat\/wp-content\/uploads\/2022\/06\/Itinere_Celler_Tast.jpg 1540w, https:\/\/comt.cat\/wp-content\/uploads\/2022\/06\/Itinere_Celler_Tast-300x136.jpg 300w, https:\/\/comt.cat\/wp-content\/uploads\/2022\/06\/Itinere_Celler_Tast-1024x465.jpg 1024w, https:\/\/comt.cat\/wp-content\/uploads\/2022\/06\/Itinere_Celler_Tast-768x349.jpg 768w, https:\/\/comt.cat\/wp-content\/uploads\/2022\/06\/Itinere_Celler_Tast-1536x698.jpg 1536w\" sizes=\"(max-width: 1540px) 100vw, 1540px\" \/>\t\t\t\t<div class=\"overlay\" style=\"background-color:rgba(105, 105, 105, 0.802)\"><\/div>\t\t\t\t\t\t\t<\/div>\n\t\t\t\t\t<\/div>\n\n\t\t<div class=\"box-text text-center is-large\" style=\"background-color:rgb(243, 243, 243);padding:27px 0px 20px 0px;\">\n\t\t\t<div class=\"box-text-inner\">\n\t\t\t\t\n\n<h3>ACTIVIDAD CERRADA<\/h3>\n<p>&nbsp;<\/p>\n<h4>Cata, almuerzo y visita a una bodega<\/h4>\n<p>04 de junio 2022<\/p>\n\n\t\t\t<\/div>\n\t\t<\/div>\n\t<\/div>\n\t\n<a href=\"https:\/\/comt.cat\/pla-doci-del-comt-esmorzar-de-pages-visita-i-cata-al-celler-alvarez-duran-porrera\/\" class=\"button white expand\" >\n\t\t<span>M\u00e1s informaci\u00f3n<\/span>\n\t<\/a>\n\n\n\n\t\t<\/div>\n\t\t\t\t\t<\/div>\n\n\t\n\n\t<div id=\"col-1515226648\" class=\"col medium-3 small-12 large-3\"  >\n\t\t\t\t<div class=\"col-inner\"  >\n\t\t\t\n\t\t\t\n\n\t<div class=\"box has-hover   has-hover box-text-bottom\" >\n\n\t\t<div class=\"box-image\" >\n\t\t\t\t\t\t<div class=\"\" >\n\t\t\t\t<img loading=\"lazy\" decoding=\"async\" width=\"1540\" height=\"700\" src=\"https:\/\/comt.cat\/wp-content\/uploads\/2022\/06\/Itinere-Delta.webp\" class=\"attachment- size-\" alt=\"\" srcset=\"https:\/\/comt.cat\/wp-content\/uploads\/2022\/06\/Itinere-Delta.webp 1540w, https:\/\/comt.cat\/wp-content\/uploads\/2022\/06\/Itinere-Delta-300x136.webp 300w, https:\/\/comt.cat\/wp-content\/uploads\/2022\/06\/Itinere-Delta-1024x465.webp 1024w, https:\/\/comt.cat\/wp-content\/uploads\/2022\/06\/Itinere-Delta-768x349.webp 768w, https:\/\/comt.cat\/wp-content\/uploads\/2022\/06\/Itinere-Delta-1536x698.webp 1536w\" sizes=\"(max-width: 1540px) 100vw, 1540px\" \/>\t\t\t\t<div class=\"overlay\" style=\"background-color:rgba(105, 105, 105, 0.802)\"><\/div>\t\t\t\t\t\t\t<\/div>\n\t\t\t\t\t<\/div>\n\n\t\t<div class=\"box-text text-center is-large\" style=\"background-color:rgb(243, 243, 243);padding:27px 0px 20px 0px;\">\n\t\t\t<div class=\"box-text-inner\">\n\t\t\t\t\n\n<h3>ACTIVIDAD CERRADA<\/h3>\n<p>&nbsp;<\/p>\n<h4>Visita al Delta de l&#8217;Ebre &#8211; Deltebre<\/h4>\n<p>21 de mayo 2022<\/p>\n\n\t\t\t<\/div>\n\t\t<\/div>\n\t<\/div>\n\t\n<a href=\"https:\/\/comt.cat\/pla-doci-del-comt-visita-al-delta-de-lebre-deltebre\/\" class=\"button white expand\" >\n\t\t<span>M\u00e1s informaci\u00f3n<\/span>\n\t<\/a>\n\n\n\n\t\t<\/div>\n\t\t\t\t\t<\/div>\n\n\t\n\n\t<div id=\"col-427938764\" class=\"col medium-3 small-12 large-3\"  >\n\t\t\t\t<div class=\"col-inner\"  >\n\t\t\t\n\t\t\t\n\n\t<div class=\"box has-hover   has-hover box-text-bottom\" >\n\n\t\t<div class=\"box-image\" >\n\t\t\t\t\t\t<div class=\"\" >\n\t\t\t\t<img loading=\"lazy\" decoding=\"async\" width=\"1540\" height=\"700\" src=\"https:\/\/comt.cat\/wp-content\/uploads\/2022\/04\/MartiFranques.jpg\" class=\"attachment- size-\" alt=\"\" srcset=\"https:\/\/comt.cat\/wp-content\/uploads\/2022\/04\/MartiFranques.jpg 1540w, https:\/\/comt.cat\/wp-content\/uploads\/2022\/04\/MartiFranques-300x136.jpg 300w, https:\/\/comt.cat\/wp-content\/uploads\/2022\/04\/MartiFranques-1024x465.jpg 1024w, https:\/\/comt.cat\/wp-content\/uploads\/2022\/04\/MartiFranques-768x349.jpg 768w, https:\/\/comt.cat\/wp-content\/uploads\/2022\/04\/MartiFranques-1536x698.jpg 1536w\" sizes=\"(max-width: 1540px) 100vw, 1540px\" \/>\t\t\t\t<div class=\"overlay\" style=\"background-color:rgba(105, 105, 105, 0.802)\"><\/div>\t\t\t\t\t\t\t<\/div>\n\t\t\t\t\t<\/div>\n\n\t\t<div class=\"box-text text-center is-large\" style=\"background-color:rgb(243, 243, 243);padding:27px 0px 20px 0px;\">\n\t\t\t<div class=\"box-text-inner\">\n\t\t\t\t\n\n<h3>ACTIVIDAD CERRADA<\/h3>\n<p>&nbsp;<\/p>\n<h4>\u00bfQui\u00e9n era Antoni de Mart\u00ed Franqu\u00e9s?<\/h4>\n<p>30 de abril 2022<\/p>\n\n\t\t\t<\/div>\n\t\t<\/div>\n\t<\/div>\n\t\n<a href=\"https:\/\/comt.cat\/pla-doci-del-comt-antoni-de-marti-i-franques\/\" class=\"button white expand\" >\n\t\t<span>M\u00e1s informaci\u00f3n<\/span>\n\t<\/a>\n\n\n\n\t\t<\/div>\n\t\t\t\t\t<\/div>\n\n\t\n\n\t<div id=\"col-1197980376\" class=\"col medium-3 small-12 large-3\"  >\n\t\t\t\t<div class=\"col-inner\"  >\n\t\t\t\n\t\t\t\n\n\t<div class=\"box has-hover   has-hover box-text-bottom\" >\n\n\t\t<div class=\"box-image\" >\n\t\t\t\t\t\t<div class=\"\" >\n\t\t\t\t<img loading=\"lazy\" decoding=\"async\" width=\"1540\" height=\"700\" src=\"https:\/\/comt.cat\/wp-content\/uploads\/2022\/06\/PlaOciCOMTVespreJueu.jpg\" class=\"attachment- size-\" alt=\"Pla d&#039;oci del COMT Vespre Jueu\" srcset=\"https:\/\/comt.cat\/wp-content\/uploads\/2022\/06\/PlaOciCOMTVespreJueu.jpg 1540w, https:\/\/comt.cat\/wp-content\/uploads\/2022\/06\/PlaOciCOMTVespreJueu-300x136.jpg 300w, https:\/\/comt.cat\/wp-content\/uploads\/2022\/06\/PlaOciCOMTVespreJueu-1024x465.jpg 1024w, https:\/\/comt.cat\/wp-content\/uploads\/2022\/06\/PlaOciCOMTVespreJueu-768x349.jpg 768w, https:\/\/comt.cat\/wp-content\/uploads\/2022\/06\/PlaOciCOMTVespreJueu-1536x698.jpg 1536w\" sizes=\"(max-width: 1540px) 100vw, 1540px\" \/>\t\t\t\t<div class=\"overlay\" style=\"background-color:rgba(105, 105, 105, 0.802)\"><\/div>\t\t\t\t\t\t\t<\/div>\n\t\t\t\t\t<\/div>\n\n\t\t<div class=\"box-text text-center is-large\" style=\"background-color:rgb(243, 243, 243);padding:27px 0px 20px 0px;\">\n\t\t\t<div class=\"box-text-inner\">\n\t\t\t\t\n\n<h3>ACTIVIDAD CERRADA<\/h3>\n<p>&nbsp;<\/p>\n<h4>Atardecer jud\u00edo en la ciudad de Tarragona<\/h4>\n<p>02 de julio 2022<\/p>\n\n\t\t\t<\/div>\n\t\t<\/div>\n\t<\/div>\n\t\n<a href=\"https:\/\/www.turismedetarragona.com\/ca\/tour\/vespre-jueu-a-tarragona-comt\/\" class=\"button white expand\" >\n\t\t<span>M\u00e1s informaci\u00f3n<\/span>\n\t<\/a>\n\n\n\n\t\t<\/div>\n\t\t\t\t\t<\/div>\n\n\t\n\n<\/div>\n\n\t\t<\/div>\n\t\t\t\t\t<\/div>\n\n\t\n\n<\/div>\n<div class=\"row\"  id=\"row-1807925001\">\n\n\n\t<div id=\"col-2093266825\" class=\"col small-6 large-12\"  >\n\t\t\t\t<div class=\"col-inner\"  >\n\t\t\t\n\t\t\t\n\n\t<div class=\"box has-hover   has-hover box-text-bottom\" >\n\n\t\t<div class=\"box-image\" >\n\t\t\t<a href=\"https:\/\/comt.cat\/es\/plan-ocio-enero-2026\/\" target=\"_blank\" rel=\"noopener\" >\t\t\t<div class=\"\" >\n\t\t\t\t<img loading=\"lazy\" decoding=\"async\" width=\"1540\" height=\"700\" src=\"https:\/\/comt.cat\/wp-content\/uploads\/2025\/12\/DESTACADA-WEB-COMT-22.png\" class=\"attachment- size-\" alt=\"\" srcset=\"https:\/\/comt.cat\/wp-content\/uploads\/2025\/12\/DESTACADA-WEB-COMT-22.png 1540w, https:\/\/comt.cat\/wp-content\/uploads\/2025\/12\/DESTACADA-WEB-COMT-22-300x136.png 300w, https:\/\/comt.cat\/wp-content\/uploads\/2025\/12\/DESTACADA-WEB-COMT-22-1024x465.png 1024w, https:\/\/comt.cat\/wp-content\/uploads\/2025\/12\/DESTACADA-WEB-COMT-22-768x349.png 768w, https:\/\/comt.cat\/wp-content\/uploads\/2025\/12\/DESTACADA-WEB-COMT-22-1536x698.png 1536w, https:\/\/comt.cat\/wp-content\/uploads\/2025\/12\/DESTACADA-WEB-COMT-22-600x273.png 600w\" sizes=\"(max-width: 1540px) 100vw, 1540px\" \/>\t\t\t\t\t\t\t\t\t\t\t<\/div>\n\t\t\t<\/a>\t\t<\/div>\n\n\t\t<div class=\"box-text text-center is-large\" style=\"background-color:rgb(243, 243, 243);padding:27px 0px 20px 0px;\">\n\t\t\t<div class=\"box-text-inner\">\n\t\t\t\t\n\n<h4>Plan de Ocio del COMT de 2026\u00a0<\/h4>\n<p>\u00a0<\/p>\n<h4>Cuevas de l\u2019Espluga y cal\u00e7otada en Poblet<\/h4>\n<p>\u00a0<\/p>\n<h4>31 de enero de 2026<\/h4>\n<p>\u00a0<\/p>\n\n\t\t\t<\/div>\n\t\t<\/div>\n\t<\/div>\n\t\n<a href=\"https:\/\/www.turismedetarragona.com\/ca\/tour\/visita-cova-espluga-francoli-calcotada-poblet-comt-2026\/\" target=\"_blank\" class=\"button success expand\" rel=\"noopener\" >\n\t\t<span>M\u00e1s informaci\u00f3n<\/span>\n\t<\/a>\n\n\n\n\t\t<\/div>\n\t\t\t\t\t<\/div>\n\n\t\n\n\t<div id=\"col-48697198\" class=\"col medium-3 small-12 large-3\"  >\n\t\t\t\t<div class=\"col-inner\"  >\n\t\t\t\n\t\t\t\n\n<div class=\"container section-title-container\" ><h2 class=\"section-title section-title-normal\"><b aria-hidden=\"true\"><\/b><span class=\"section-title-main\" style=\"color:#45dace;\">Plan de ocio 2026<\/span><b aria-hidden=\"true\"><\/b><\/h2><\/div>\n\n\t<div class=\"box has-hover   has-hover box-text-bottom\" >\n\n\t\t<div class=\"box-image\" >\n\t\t\t<a href=\"https:\/\/comt.cat\/es\/pla-doci-experiencia-cal%C2%B7ligrafica-medieval\/\" target=\"_blank\" rel=\"noopener\" >\t\t\t<div class=\"\" >\n\t\t\t\t<img loading=\"lazy\" decoding=\"async\" width=\"1540\" height=\"700\" src=\"https:\/\/comt.cat\/wp-content\/uploads\/2026\/01\/DESTACADA-WEB-COMT-42.png\" class=\"attachment- size-\" alt=\"\" srcset=\"https:\/\/comt.cat\/wp-content\/uploads\/2026\/01\/DESTACADA-WEB-COMT-42.png 1540w, https:\/\/comt.cat\/wp-content\/uploads\/2026\/01\/DESTACADA-WEB-COMT-42-300x136.png 300w, https:\/\/comt.cat\/wp-content\/uploads\/2026\/01\/DESTACADA-WEB-COMT-42-1024x465.png 1024w, https:\/\/comt.cat\/wp-content\/uploads\/2026\/01\/DESTACADA-WEB-COMT-42-768x349.png 768w, https:\/\/comt.cat\/wp-content\/uploads\/2026\/01\/DESTACADA-WEB-COMT-42-1536x698.png 1536w, https:\/\/comt.cat\/wp-content\/uploads\/2026\/01\/DESTACADA-WEB-COMT-42-600x273.png 600w\" sizes=\"(max-width: 1540px) 100vw, 1540px\" \/>\t\t\t\t<div class=\"overlay\" style=\"background-color:rgba(129, 129, 129, 0)\"><\/div>\t\t\t\t\t\t\t<\/div>\n\t\t\t<\/a>\t\t<\/div>\n\n\t\t<div class=\"box-text text-center is-large\" style=\"background-color:rgb(243, 243, 243);padding:27px 0px 20px 0px;\">\n\t\t\t<div class=\"box-text-inner\">\n\t\t\t\t\n\n<h3>ACTIVIDAD ABIERTA<\/h3>\n<p>\u00a0<\/p>\n<h4>Cuevas de l\u2019Espluga y cal\u00e7otada en Poblet<\/h4>\n<p>\u00a0<\/p>\n<p>31 de enero de 2026<\/p>\n\n\t\t\t<\/div>\n\t\t<\/div>\n\t<\/div>\n\t\n<a href=\"https:\/\/comt.cat\/es\/pla-doci-experiencia-cal%C2%B7ligrafica-medieval\/\" class=\"button white expand\" >\n\t\t<span>M\u00e1s informaci\u00f3n<\/span>\n\t<\/a>\n\n\n\n\t\t<\/div>\n\t\t\t\t\t<\/div>\n\n\t\n\n\t<div id=\"col-1657496664\" class=\"col small-12 large-12\"  >\n\t\t\t\t<div class=\"col-inner\"  >\n\t\t\t\n\t\t\t\n\n\t<div id=\"gap-297728707\" class=\"gap-element clearfix\" style=\"display:block; height:auto;\">\n\t\t\n<style>\n#gap-297728707 {\n  padding-top: 30px;\n}\n<\/style>\n\t<\/div>\n\t\n\n<div class=\"container section-title-container\" ><h2 class=\"section-title section-title-normal\"><b aria-hidden=\"true\"><\/b><span class=\"section-title-main\" style=\"color:#45dace;\">Plan de ocio 2025<\/span><b aria-hidden=\"true\"><\/b><\/h2><\/div>\n\n<div class=\"row\"  id=\"row-266880748\">\n\n\n\t<div id=\"col-907588370\" class=\"col medium-3 small-12 large-3\"  >\n\t\t\t\t<div class=\"col-inner\"  >\n\t\t\t\n\t\t\t\n\n\t<div class=\"box has-hover   has-hover box-text-bottom\" >\n\n\t\t<div class=\"box-image\" >\n\t\t\t<a href=\"https:\/\/www.turismedetarragona.com\/ca\/tour\/visita-guiada-espai-mammuthus-comt-2025\/\" target=\"_blank\" rel=\"noopener\" >\t\t\t<div class=\"\" >\n\t\t\t\t<img loading=\"lazy\" decoding=\"async\" width=\"1540\" height=\"700\" src=\"https:\/\/comt.cat\/wp-content\/uploads\/2025\/11\/destacades-Pla-dOCI-2025-2.png\" class=\"attachment- size-\" alt=\"\" srcset=\"https:\/\/comt.cat\/wp-content\/uploads\/2025\/11\/destacades-Pla-dOCI-2025-2.png 1540w, https:\/\/comt.cat\/wp-content\/uploads\/2025\/11\/destacades-Pla-dOCI-2025-2-300x136.png 300w, https:\/\/comt.cat\/wp-content\/uploads\/2025\/11\/destacades-Pla-dOCI-2025-2-1024x465.png 1024w, https:\/\/comt.cat\/wp-content\/uploads\/2025\/11\/destacades-Pla-dOCI-2025-2-768x349.png 768w, https:\/\/comt.cat\/wp-content\/uploads\/2025\/11\/destacades-Pla-dOCI-2025-2-1536x698.png 1536w, https:\/\/comt.cat\/wp-content\/uploads\/2025\/11\/destacades-Pla-dOCI-2025-2-600x273.png 600w\" sizes=\"(max-width: 1540px) 100vw, 1540px\" \/>\t\t\t\t<div class=\"overlay\" style=\"background-color:rgba(129, 129, 129, 0.581)\"><\/div>\t\t\t\t\t\t\t<\/div>\n\t\t\t<\/a>\t\t<\/div>\n\n\t\t<div class=\"box-text text-center is-large\" style=\"background-color:rgb(243, 243, 243);padding:27px 0px 20px 0px;\">\n\t\t\t<div class=\"box-text-inner\">\n\t\t\t\t\n\n<h3>ACTIVIDAD CERRADA<\/h3>\n<p>\u00a0<\/p>\n<h4>\u00a0Visita guiada al espacio Mammuthus<\/h4>\n<p>\u00a0<\/p>\n<p>29 de noviembre de 2025<\/p>\n\n\t\t\t<\/div>\n\t\t<\/div>\n\t<\/div>\n\t\n<a href=\"https:\/\/www.turismedetarragona.com\/ca\/tour\/visita-guiada-espai-mammuthus-comt-2025\/\" class=\"button white expand\" >\n\t\t<span>M\u00e1s informaci\u00f3n<\/span>\n\t<\/a>\n\n\n\n\t\t<\/div>\n\t\t\t\t\t<\/div>\n\n\t\n\n\t<div id=\"col-386521112\" class=\"col medium-3 small-12 large-3\"  >\n\t\t\t\t<div class=\"col-inner\"  >\n\t\t\t\n\t\t\t\n\n\t<div class=\"box has-hover   has-hover box-text-bottom\" >\n\n\t\t<div class=\"box-image\" >\n\t\t\t<a href=\"https:\/\/comt.cat\/es\/plan-ocio-santescreus-2025\/\" target=\"_blank\" rel=\"noopener\" >\t\t\t<div class=\"\" >\n\t\t\t\t<img loading=\"lazy\" decoding=\"async\" width=\"1540\" height=\"700\" src=\"https:\/\/comt.cat\/wp-content\/uploads\/2025\/09\/destacades-Pla-dOCI-2025.png\" class=\"attachment- size-\" alt=\"\" srcset=\"https:\/\/comt.cat\/wp-content\/uploads\/2025\/09\/destacades-Pla-dOCI-2025.png 1540w, https:\/\/comt.cat\/wp-content\/uploads\/2025\/09\/destacades-Pla-dOCI-2025-300x136.png 300w, https:\/\/comt.cat\/wp-content\/uploads\/2025\/09\/destacades-Pla-dOCI-2025-1024x465.png 1024w, https:\/\/comt.cat\/wp-content\/uploads\/2025\/09\/destacades-Pla-dOCI-2025-768x349.png 768w, https:\/\/comt.cat\/wp-content\/uploads\/2025\/09\/destacades-Pla-dOCI-2025-1536x698.png 1536w, https:\/\/comt.cat\/wp-content\/uploads\/2025\/09\/destacades-Pla-dOCI-2025-600x273.png 600w\" sizes=\"(max-width: 1540px) 100vw, 1540px\" \/>\t\t\t\t<div class=\"overlay\" style=\"background-color:rgba(129, 129, 129, 0.552)\"><\/div>\t\t\t\t\t\t\t<\/div>\n\t\t\t<\/a>\t\t<\/div>\n\n\t\t<div class=\"box-text text-center is-large\" style=\"background-color:rgb(243, 243, 243);padding:27px 0px 20px 0px;\">\n\t\t\t<div class=\"box-text-inner\">\n\t\t\t\t\n\n<h3>ACTIVIDAD CERRADA<\/h3>\n<p>\u00a0<\/p>\n<h4>Excursi\u00f3 al Monestir de Santes Creus<\/h4>\n<p>\u00a0<\/p>\n<p>25 d&#8217;octubre de 2025<\/p>\n\n\t\t\t<\/div>\n\t\t<\/div>\n\t<\/div>\n\t\n<a href=\"https:\/\/comt.cat\/es\/plan-ocio-santescreus-2025\/\" class=\"button white expand\" >\n\t\t<span>M\u00e1s informaci\u00f3n<\/span>\n\t<\/a>\n\n\n\n\t\t<\/div>\n\t\t\t\t\t<\/div>\n\n\t\n\n\t<div id=\"col-805704409\" class=\"col medium-3 small-12 large-3\"  >\n\t\t\t\t<div class=\"col-inner\"  >\n\t\t\t\n\t\t\t\n\n\t<div class=\"box has-hover   has-hover box-text-bottom\" >\n\n\t\t<div class=\"box-image\" >\n\t\t\t<a href=\"https:\/\/comt.cat\/pla-doci-cami-de-la-llum-a-la-catedral-de-tarragona\/\" target=\"_blank\" rel=\"noopener\" >\t\t\t<div class=\"\" >\n\t\t\t\t<img loading=\"lazy\" decoding=\"async\" width=\"1540\" height=\"700\" src=\"https:\/\/comt.cat\/wp-content\/uploads\/2025\/07\/pla-doci-setembre-25.png\" class=\"attachment- size-\" alt=\"\" srcset=\"https:\/\/comt.cat\/wp-content\/uploads\/2025\/07\/pla-doci-setembre-25.png 1540w, https:\/\/comt.cat\/wp-content\/uploads\/2025\/07\/pla-doci-setembre-25-300x136.png 300w, https:\/\/comt.cat\/wp-content\/uploads\/2025\/07\/pla-doci-setembre-25-1024x465.png 1024w, https:\/\/comt.cat\/wp-content\/uploads\/2025\/07\/pla-doci-setembre-25-768x349.png 768w, https:\/\/comt.cat\/wp-content\/uploads\/2025\/07\/pla-doci-setembre-25-1536x698.png 1536w, https:\/\/comt.cat\/wp-content\/uploads\/2025\/07\/pla-doci-setembre-25-600x273.png 600w\" sizes=\"(max-width: 1540px) 100vw, 1540px\" \/>\t\t\t\t<div class=\"overlay\" style=\"background-color:rgba(129, 129, 129, 0.61)\"><\/div>\t\t\t\t\t\t\t<\/div>\n\t\t\t<\/a>\t\t<\/div>\n\n\t\t<div class=\"box-text text-center is-large\" style=\"background-color:rgb(243, 243, 243);padding:27px 0px 20px 0px;\">\n\t\t\t<div class=\"box-text-inner\">\n\t\t\t\t\n\n<h3>ACTIVIDAD CERRADA<\/h3>\n<p>\u00a0<\/p>\n<h4>Camino de la luz en la Catedral de Tarragona<\/h4>\n<p>\u00a0<\/p>\n<p>5 de septiembre de 2025<\/p>\n\n\t\t\t<\/div>\n\t\t<\/div>\n\t<\/div>\n\t\n<a href=\"https:\/\/www.turismedetarragona.com\/ca\/tour\/cami-llum-catedral-tarragona-comt-2025-5\/\" class=\"button white expand\" >\n\t\t<span>M\u00e1s informaci\u00f3n<\/span>\n\t<\/a>\n\n\n\n\t\t<\/div>\n\t\t\t\t\t<\/div>\n\n\t\n\n\t<div id=\"col-1833643973\" class=\"col medium-3 small-12 large-3\"  >\n\t\t\t\t<div class=\"col-inner\"  >\n\t\t\t\n\t\t\t\n\n\t<div class=\"box has-hover   has-hover box-text-bottom\" >\n\n\t\t<div class=\"box-image\" >\n\t\t\t<a href=\"https:\/\/comt.cat\/pla-doci-prades-juliol\/\" target=\"_blank\" rel=\"noopener\" >\t\t\t<div class=\"\" >\n\t\t\t\t<img loading=\"lazy\" decoding=\"async\" width=\"1540\" height=\"700\" src=\"https:\/\/comt.cat\/wp-content\/uploads\/2025\/06\/Pla-doci-juliol.webp\" class=\"attachment- size-\" alt=\"\" srcset=\"https:\/\/comt.cat\/wp-content\/uploads\/2025\/06\/Pla-doci-juliol.webp 1540w, https:\/\/comt.cat\/wp-content\/uploads\/2025\/06\/Pla-doci-juliol-300x136.webp 300w, https:\/\/comt.cat\/wp-content\/uploads\/2025\/06\/Pla-doci-juliol-1024x465.webp 1024w, https:\/\/comt.cat\/wp-content\/uploads\/2025\/06\/Pla-doci-juliol-768x349.webp 768w, https:\/\/comt.cat\/wp-content\/uploads\/2025\/06\/Pla-doci-juliol-1536x698.webp 1536w, https:\/\/comt.cat\/wp-content\/uploads\/2025\/06\/Pla-doci-juliol-600x273.webp 600w\" sizes=\"(max-width: 1540px) 100vw, 1540px\" \/>\t\t\t\t<div class=\"overlay\" style=\"background-color:rgba(129, 129, 129, 0.599)\"><\/div>\t\t\t\t\t\t\t<\/div>\n\t\t\t<\/a>\t\t<\/div>\n\n\t\t<div class=\"box-text text-center is-large\" style=\"background-color:rgb(243, 243, 243);padding:27px 0px 20px 0px;\">\n\t\t\t<div class=\"box-text-inner\">\n\t\t\t\t\n\n<h3>ACTIVIDAD CERRADA<\/h3>\n<p>\u00a0<\/p>\n<h4>Cenita y experiencia astron\u00f3mica en Prades<\/h4>\n<p>\u00a0<\/p>\n<p>25 de julio de 2025<\/p>\n\n\t\t\t<\/div>\n\t\t<\/div>\n\t<\/div>\n\t\n<a href=\"https:\/\/www.turismedetarragona.com\/ca\/tour\/experiencia-astronomica-prades-comt-2025\/\" class=\"button white expand\" >\n\t\t<span>M\u00e1s informaci\u00f3n<\/span>\n\t<\/a>\n\n\n\n\t\t<\/div>\n\t\t\t\t\t<\/div>\n\n\t\n\n\t<div id=\"col-1645050379\" class=\"col medium-3 small-12 large-3\"  >\n\t\t\t\t<div class=\"col-inner\"  >\n\t\t\t\n\t\t\t\n\n\t<div class=\"box has-hover   has-hover box-text-bottom\" >\n\n\t\t<div class=\"box-image\" >\n\t\t\t<a href=\"https:\/\/comt.cat\/es\/plan-de-ocio-visita-al-yacimiento-boella\/\" target=\"_blank\" rel=\"noopener\" >\t\t\t<div class=\"\" >\n\t\t\t\t<img loading=\"lazy\" decoding=\"async\" width=\"1540\" height=\"700\" src=\"https:\/\/comt.cat\/wp-content\/uploads\/2025\/06\/DESTACADES-1540-x-700-px-1540-x-700-px-29.png\" class=\"attachment- size-\" alt=\"\" srcset=\"https:\/\/comt.cat\/wp-content\/uploads\/2025\/06\/DESTACADES-1540-x-700-px-1540-x-700-px-29.png 1540w, https:\/\/comt.cat\/wp-content\/uploads\/2025\/06\/DESTACADES-1540-x-700-px-1540-x-700-px-29-300x136.png 300w, https:\/\/comt.cat\/wp-content\/uploads\/2025\/06\/DESTACADES-1540-x-700-px-1540-x-700-px-29-1024x465.png 1024w, https:\/\/comt.cat\/wp-content\/uploads\/2025\/06\/DESTACADES-1540-x-700-px-1540-x-700-px-29-768x349.png 768w, https:\/\/comt.cat\/wp-content\/uploads\/2025\/06\/DESTACADES-1540-x-700-px-1540-x-700-px-29-1536x698.png 1536w, https:\/\/comt.cat\/wp-content\/uploads\/2025\/06\/DESTACADES-1540-x-700-px-1540-x-700-px-29-600x273.png 600w\" sizes=\"(max-width: 1540px) 100vw, 1540px\" \/>\t\t\t\t<div class=\"overlay\" style=\"background-color:rgba(129, 129, 129, 0.663)\"><\/div>\t\t\t\t\t\t\t<\/div>\n\t\t\t<\/a>\t\t<\/div>\n\n\t\t<div class=\"box-text text-center is-large\" style=\"background-color:rgb(243, 243, 243);padding:27px 0px 20px 0px;\">\n\t\t\t<div class=\"box-text-inner\">\n\t\t\t\t\n\n<h3>ACTIVIDAD CERRADA<\/h3>\n<p>\u00a0<\/p>\n<h4>Visita el yacimiento del barranco de la Boella<\/h4>\n<p>\u00a0<\/p>\n<p>28 de junio de 2025<\/p>\n\n\t\t\t<\/div>\n\t\t<\/div>\n\t<\/div>\n\t\n<a href=\"https:\/\/www.turismedetarragona.com\/ca\/tour\/ulldecona-dinar-castell-comt-2025\/\" class=\"button white expand\" >\n\t\t<span>M\u00e1s informaci\u00f3n<\/span>\n\t<\/a>\n\n\n\n\t\t<\/div>\n\t\t\t\t\t<\/div>\n\n\t\n\n\t<div id=\"col-499207417\" class=\"col medium-3 small-12 large-3\"  >\n\t\t\t\t<div class=\"col-inner\"  >\n\t\t\t\n\t\t\t\n\n\t<div class=\"box has-hover   has-hover box-text-bottom\" >\n\n\t\t<div class=\"box-image\" >\n\t\t\t<a href=\"https:\/\/www.turismedetarragona.com\/ca\/tour\/ulldecona-dinar-castell-comt-2025\/\" target=\"_blank\" rel=\"noopener\" >\t\t\t<div class=\"\" >\n\t\t\t\t<img loading=\"lazy\" decoding=\"async\" width=\"1540\" height=\"700\" src=\"https:\/\/comt.cat\/wp-content\/uploads\/2025\/04\/destacades-Pla-d_OCI-2025-_2_-1.webp\" class=\"attachment- size-\" alt=\"\" srcset=\"https:\/\/comt.cat\/wp-content\/uploads\/2025\/04\/destacades-Pla-d_OCI-2025-_2_-1.webp 1540w, https:\/\/comt.cat\/wp-content\/uploads\/2025\/04\/destacades-Pla-d_OCI-2025-_2_-1-300x136.webp 300w, https:\/\/comt.cat\/wp-content\/uploads\/2025\/04\/destacades-Pla-d_OCI-2025-_2_-1-1024x465.webp 1024w, https:\/\/comt.cat\/wp-content\/uploads\/2025\/04\/destacades-Pla-d_OCI-2025-_2_-1-768x349.webp 768w, https:\/\/comt.cat\/wp-content\/uploads\/2025\/04\/destacades-Pla-d_OCI-2025-_2_-1-1536x698.webp 1536w, https:\/\/comt.cat\/wp-content\/uploads\/2025\/04\/destacades-Pla-d_OCI-2025-_2_-1-600x273.webp 600w\" sizes=\"(max-width: 1540px) 100vw, 1540px\" \/>\t\t\t\t<div class=\"overlay\" style=\"background-color:rgba(129, 129, 129, 0.703)\"><\/div>\t\t\t\t\t\t\t<\/div>\n\t\t\t<\/a>\t\t<\/div>\n\n\t\t<div class=\"box-text text-center is-large\" style=\"background-color:rgb(243, 243, 243);padding:27px 0px 20px 0px;\">\n\t\t\t<div class=\"box-text-inner\">\n\t\t\t\t\n\n<h3>ACTIVIDAD CERRADA<\/h3>\n<p>\u00a0<\/p>\n<h4>Ulldecona, comida y castillo<\/h4>\n<p>\u00a0<\/p>\n<p>24 de mayo de 2025<\/p>\n\n\t\t\t<\/div>\n\t\t<\/div>\n\t<\/div>\n\t\n<a href=\"https:\/\/www.turismedetarragona.com\/ca\/tour\/ulldecona-dinar-castell-comt-2025\/\" class=\"button white expand\" >\n\t\t<span>M\u00e1s informaci\u00f3n<\/span>\n\t<\/a>\n\n\n\n\t\t<\/div>\n\t\t\t\t\t<\/div>\n\n\t\n\n\t<div id=\"col-521486745\" class=\"col medium-3 small-12 large-3\"  >\n\t\t\t\t<div class=\"col-inner\"  >\n\t\t\t\n\t\t\t\n\n\t<div class=\"box has-hover   has-hover box-text-bottom\" >\n\n\t\t<div class=\"box-image\" >\n\t\t\t<a href=\"https:\/\/comt.cat\/es\/plan-de-ocio-del-comt-arquitectura-del-1950-en-tarragona\/\" target=\"_blank\" rel=\"noopener\" >\t\t\t<div class=\"\" >\n\t\t\t\t<img loading=\"lazy\" decoding=\"async\" width=\"1540\" height=\"700\" src=\"https:\/\/comt.cat\/wp-content\/uploads\/2025\/04\/destacades-Pla-dOCI-2025-1.png\" class=\"attachment- size-\" alt=\"\" srcset=\"https:\/\/comt.cat\/wp-content\/uploads\/2025\/04\/destacades-Pla-dOCI-2025-1.png 1540w, https:\/\/comt.cat\/wp-content\/uploads\/2025\/04\/destacades-Pla-dOCI-2025-1-300x136.png 300w, https:\/\/comt.cat\/wp-content\/uploads\/2025\/04\/destacades-Pla-dOCI-2025-1-1024x465.png 1024w, https:\/\/comt.cat\/wp-content\/uploads\/2025\/04\/destacades-Pla-dOCI-2025-1-768x349.png 768w, https:\/\/comt.cat\/wp-content\/uploads\/2025\/04\/destacades-Pla-dOCI-2025-1-1536x698.png 1536w, https:\/\/comt.cat\/wp-content\/uploads\/2025\/04\/destacades-Pla-dOCI-2025-1-600x273.png 600w\" sizes=\"(max-width: 1540px) 100vw, 1540px\" \/>\t\t\t\t<div class=\"overlay\" style=\"background-color:rgba(99, 99, 99, 0.645)\"><\/div>\t\t\t\t\t\t\t<\/div>\n\t\t\t<\/a>\t\t<\/div>\n\n\t\t<div class=\"box-text text-center is-large\" style=\"background-color:rgb(243, 243, 243);padding:27px 0px 20px 0px;\">\n\t\t\t<div class=\"box-text-inner\">\n\t\t\t\t\n\n<h3>ACTIVIDAD CERRADA<\/h3>\n<p>\u00a0<\/p>\n<h4>Excursi\u00f3n a la Reserva Natural de Sebes<\/h4>\n<p>\u00a0<\/p>\n<p>26 de abril de 2025<\/p>\n\n\t\t\t<\/div>\n\t\t<\/div>\n\t<\/div>\n\t\n<a href=\"https:\/\/comt.cat\/es\/plan-de-ocio-del-comt-excursion-a-la-reserva-natural-de-sebes\/\" class=\"button white expand\" >\n\t\t<span>M\u00e1s informaci\u00f3n<\/span>\n\t<\/a>\n\n\n\n\t\t<\/div>\n\t\t\t\t\t<\/div>\n\n\t\n\n\t<div id=\"col-1671959915\" class=\"col medium-3 small-12 large-3\"  >\n\t\t\t\t<div class=\"col-inner\"  >\n\t\t\t\n\t\t\t\n\n\t<div class=\"box has-hover   has-hover box-text-bottom\" >\n\n\t\t<div class=\"box-image\" >\n\t\t\t<a href=\"https:\/\/comt.cat\/es\/plan-de-ocio-del-comt-arquitectura-del-1950-en-tarragona\/\" target=\"_blank\" rel=\"noopener\" >\t\t\t<div class=\"\" >\n\t\t\t\t<img loading=\"lazy\" decoding=\"async\" width=\"1540\" height=\"700\" src=\"https:\/\/comt.cat\/wp-content\/uploads\/2025\/03\/destacades-Pla-d_OCI-2025-_1_.webp\" class=\"attachment- size-\" alt=\"\" srcset=\"https:\/\/comt.cat\/wp-content\/uploads\/2025\/03\/destacades-Pla-d_OCI-2025-_1_.webp 1540w, https:\/\/comt.cat\/wp-content\/uploads\/2025\/03\/destacades-Pla-d_OCI-2025-_1_-300x136.webp 300w, https:\/\/comt.cat\/wp-content\/uploads\/2025\/03\/destacades-Pla-d_OCI-2025-_1_-1024x465.webp 1024w, https:\/\/comt.cat\/wp-content\/uploads\/2025\/03\/destacades-Pla-d_OCI-2025-_1_-768x349.webp 768w, https:\/\/comt.cat\/wp-content\/uploads\/2025\/03\/destacades-Pla-d_OCI-2025-_1_-1536x698.webp 1536w, https:\/\/comt.cat\/wp-content\/uploads\/2025\/03\/destacades-Pla-d_OCI-2025-_1_-600x273.webp 600w\" sizes=\"(max-width: 1540px) 100vw, 1540px\" \/>\t\t\t\t<div class=\"overlay\" style=\"background-color:rgba(114, 102, 102, 0.692)\"><\/div>\t\t\t\t\t\t\t<\/div>\n\t\t\t<\/a>\t\t<\/div>\n\n\t\t<div class=\"box-text text-center is-large\" style=\"background-color:rgb(243, 243, 243);padding:27px 0px 20px 0px;\">\n\t\t\t<div class=\"box-text-inner\">\n\t\t\t\t\n\n<h3>ACTIVIDAD CERRADA<\/h3>\n<p>\u00a0<\/p>\n<h4>La arquitectura del 1950 en Tarragona<\/h4>\n<p>\u00a0<\/p>\n<p>29 de marzo de 2025<\/p>\n\n\t\t\t<\/div>\n\t\t<\/div>\n\t<\/div>\n\t\n<a href=\"https:\/\/comt.cat\/es\/plan-de-ocio-del-comt-arquitectura-del-1950-en-tarragona\/\" class=\"button white expand\" >\n\t\t<span>M\u00e1s informaci\u00f3n<\/span>\n\t<\/a>\n\n\n\n\t\t<\/div>\n\t\t\t\t\t<\/div>\n\n\t\n\n\t<div id=\"col-48967231\" class=\"col medium-3 small-12 large-3\"  >\n\t\t\t\t<div class=\"col-inner\"  >\n\t\t\t\n\t\t\t\n\n\t<div class=\"box has-hover   has-hover box-text-bottom\" >\n\n\t\t<div class=\"box-image\" >\n\t\t\t<a href=\"https:\/\/www.turismedetarragona.com\/ca\/tour\/secrets-arqueologics-catedral-de-tarragona-comt-2025\/#pll_switcher\" target=\"_blank\" rel=\"noopener\" >\t\t\t<div class=\"\" >\n\t\t\t\t<img loading=\"lazy\" decoding=\"async\" width=\"1540\" height=\"700\" src=\"https:\/\/comt.cat\/wp-content\/uploads\/2025\/01\/DESTACADES-_1540-x-700-px_-_44_.webp\" class=\"attachment- size-\" alt=\"\" srcset=\"https:\/\/comt.cat\/wp-content\/uploads\/2025\/01\/DESTACADES-_1540-x-700-px_-_44_.webp 1540w, https:\/\/comt.cat\/wp-content\/uploads\/2025\/01\/DESTACADES-_1540-x-700-px_-_44_-300x136.webp 300w, https:\/\/comt.cat\/wp-content\/uploads\/2025\/01\/DESTACADES-_1540-x-700-px_-_44_-1024x465.webp 1024w, https:\/\/comt.cat\/wp-content\/uploads\/2025\/01\/DESTACADES-_1540-x-700-px_-_44_-768x349.webp 768w, https:\/\/comt.cat\/wp-content\/uploads\/2025\/01\/DESTACADES-_1540-x-700-px_-_44_-1536x698.webp 1536w, https:\/\/comt.cat\/wp-content\/uploads\/2025\/01\/DESTACADES-_1540-x-700-px_-_44_-600x273.webp 600w\" sizes=\"(max-width: 1540px) 100vw, 1540px\" \/>\t\t\t\t<div class=\"overlay\" style=\"background-color:rgba(48, 47, 47, 0.552)\"><\/div>\t\t\t\t\t\t\t<\/div>\n\t\t\t<\/a>\t\t<\/div>\n\n\t\t<div class=\"box-text text-center is-large\" style=\"background-color:rgb(243, 243, 243);padding:27px 0px 20px 0px;\">\n\t\t\t<div class=\"box-text-inner\">\n\t\t\t\t\n\n<h3>ACTIVIDAD CERRADA<\/h3>\n<p>\u00a0<\/p>\n<h4>Los secretos arqueol\u00f3gicos de la Catedral de Tarragona<\/h4>\n<p>\u00a0<\/p>\n<p>15 I 22 de febrero de 2025<\/p>\n\n\t\t\t<\/div>\n\t\t<\/div>\n\t<\/div>\n\t\n<a href=\"https:\/\/comt.cat\/es\/plan-de-ocio-del-comt-los-secretos-arqueologicos-de-la-catedral-de-tarragona\/\" class=\"button white expand\" >\n\t\t<span>M\u00e1s informaci\u00f3n<\/span>\n\t<\/a>\n\n\n\n\t\t<\/div>\n\t\t\t\t\t<\/div>\n\n\t\n\n\t<div id=\"col-1952847891\" class=\"col medium-3 small-12 large-3\"  >\n\t\t\t\t<div class=\"col-inner\"  >\n\t\t\t\n\t\t\t\n\n\t<div class=\"box has-hover   has-hover box-text-bottom\" >\n\n\t\t<div class=\"box-image\" >\n\t\t\t\t\t\t<div class=\"\" >\n\t\t\t\t<img loading=\"lazy\" decoding=\"async\" width=\"1540\" height=\"700\" src=\"https:\/\/comt.cat\/wp-content\/uploads\/2025\/01\/DESTACADES-_1540-x-700-px_-_44_.webp\" class=\"attachment- size-\" alt=\"\" srcset=\"https:\/\/comt.cat\/wp-content\/uploads\/2025\/01\/DESTACADES-_1540-x-700-px_-_44_.webp 1540w, https:\/\/comt.cat\/wp-content\/uploads\/2025\/01\/DESTACADES-_1540-x-700-px_-_44_-300x136.webp 300w, https:\/\/comt.cat\/wp-content\/uploads\/2025\/01\/DESTACADES-_1540-x-700-px_-_44_-1024x465.webp 1024w, https:\/\/comt.cat\/wp-content\/uploads\/2025\/01\/DESTACADES-_1540-x-700-px_-_44_-768x349.webp 768w, https:\/\/comt.cat\/wp-content\/uploads\/2025\/01\/DESTACADES-_1540-x-700-px_-_44_-1536x698.webp 1536w, https:\/\/comt.cat\/wp-content\/uploads\/2025\/01\/DESTACADES-_1540-x-700-px_-_44_-600x273.webp 600w\" sizes=\"(max-width: 1540px) 100vw, 1540px\" \/>\t\t\t\t<div class=\"overlay\" style=\"background-color:rgba(105, 105, 105, 0.802)\"><\/div>\t\t\t\t\t\t\t<\/div>\n\t\t\t\t\t<\/div>\n\n\t\t<div class=\"box-text text-center is-large\" style=\"background-color:rgb(243, 243, 243);padding:27px 0px 20px 0px;\">\n\t\t\t<div class=\"box-text-inner\">\n\t\t\t\t\n\n<h3>ACTIVIDAD CERRADA<\/h3>\n<p>\u00a0<\/p>\n<h4> Visita al Monestir de Vallbona y cal\u00e7otada en Poblet<\/h4>\n<p>\u00a0<\/p>\n<p>25 de enero de 2025<\/p>\n\n\t\t\t<\/div>\n\t\t<\/div>\n\t<\/div>\n\t\n<a href=\"https:\/\/www.turismedetarragona.com\/ca\/tour\/visita-monestir-vallbona-comt-2025\/\" class=\"button white expand\" >\n\t\t<span>M\u00e1s informaci\u00f3n<\/span>\n\t<\/a>\n\n\n\n\t\t<\/div>\n\t\t\t\t\t<\/div>\n\n\t\n\n<\/div>\n<div class=\"container section-title-container\" ><h2 class=\"section-title section-title-normal\"><b aria-hidden=\"true\"><\/b><span class=\"section-title-main\" style=\"color:#45dace;\">Plan de ocio 2024<\/span><b aria-hidden=\"true\"><\/b><\/h2><\/div>\n\n<div class=\"row\"  id=\"row-2047241128\">\n\n\n\t<div id=\"col-2013119588\" class=\"col medium-3 small-12 large-3\"  >\n\t\t\t\t<div class=\"col-inner\"  >\n\t\t\t\n\t\t\t\n\n\t<div class=\"box has-hover   has-hover box-text-bottom\" >\n\n\t\t<div class=\"box-image\" >\n\t\t\t\t\t\t<div class=\"\" >\n\t\t\t\t<img loading=\"lazy\" decoding=\"async\" width=\"1540\" height=\"700\" src=\"https:\/\/comt.cat\/wp-content\/uploads\/2025\/01\/DESTACADES-_1540-x-700-px_-_44_.webp\" class=\"attachment- size-\" alt=\"\" srcset=\"https:\/\/comt.cat\/wp-content\/uploads\/2025\/01\/DESTACADES-_1540-x-700-px_-_44_.webp 1540w, https:\/\/comt.cat\/wp-content\/uploads\/2025\/01\/DESTACADES-_1540-x-700-px_-_44_-300x136.webp 300w, https:\/\/comt.cat\/wp-content\/uploads\/2025\/01\/DESTACADES-_1540-x-700-px_-_44_-1024x465.webp 1024w, https:\/\/comt.cat\/wp-content\/uploads\/2025\/01\/DESTACADES-_1540-x-700-px_-_44_-768x349.webp 768w, https:\/\/comt.cat\/wp-content\/uploads\/2025\/01\/DESTACADES-_1540-x-700-px_-_44_-1536x698.webp 1536w, https:\/\/comt.cat\/wp-content\/uploads\/2025\/01\/DESTACADES-_1540-x-700-px_-_44_-600x273.webp 600w\" sizes=\"(max-width: 1540px) 100vw, 1540px\" \/>\t\t\t\t<div class=\"overlay\" style=\"background-color:rgba(105, 105, 105, 0.802)\"><\/div>\t\t\t\t\t\t\t<\/div>\n\t\t\t\t\t<\/div>\n\n\t\t<div class=\"box-text text-center is-large\" style=\"background-color:rgb(243, 243, 243);padding:27px 0px 20px 0px;\">\n\t\t\t<div class=\"box-text-inner\">\n\t\t\t\t\n\n<h3>ACTIVIDAD CERRADA<\/h3>\n<p>\u00a0<\/p>\n<h4> Los colores de la Catedral<\/h4>\n<p>\u00a0<\/p>\n<p>28 de diciembre de 2024<\/p>\n\n\t\t\t<\/div>\n\t\t<\/div>\n\t<\/div>\n\t\n<a href=\"https:\/\/www.turismedetarragona.com\/ca\/tour\/visita-pau-casals-comt-2024\/#pll_switcher\" class=\"button white expand\" >\n\t\t<span>M\u00e1s informaci\u00f3n<\/span>\n\t<\/a>\n\n\n\n\t\t<\/div>\n\t\t\t\t\t<\/div>\n\n\t\n\n\t<div id=\"col-1995534750\" class=\"col medium-3 small-12 large-3\"  >\n\t\t\t\t<div class=\"col-inner\"  >\n\t\t\t\n\t\t\t\n\n\t<div class=\"box has-hover   has-hover box-text-bottom\" >\n\n\t\t<div class=\"box-image\" >\n\t\t\t\t\t\t<div class=\"\" >\n\t\t\t\t<img loading=\"lazy\" decoding=\"async\" width=\"1540\" height=\"700\" src=\"https:\/\/comt.cat\/wp-content\/uploads\/2024\/11\/DESTACADA-Pla-Oci-PauCasals.webp\" class=\"attachment- size-\" alt=\"DESTACADA Pla Oci PauCasals\" srcset=\"https:\/\/comt.cat\/wp-content\/uploads\/2024\/11\/DESTACADA-Pla-Oci-PauCasals.webp 1540w, https:\/\/comt.cat\/wp-content\/uploads\/2024\/11\/DESTACADA-Pla-Oci-PauCasals-300x136.webp 300w, https:\/\/comt.cat\/wp-content\/uploads\/2024\/11\/DESTACADA-Pla-Oci-PauCasals-1024x465.webp 1024w, https:\/\/comt.cat\/wp-content\/uploads\/2024\/11\/DESTACADA-Pla-Oci-PauCasals-768x349.webp 768w, https:\/\/comt.cat\/wp-content\/uploads\/2024\/11\/DESTACADA-Pla-Oci-PauCasals-1536x698.webp 1536w, https:\/\/comt.cat\/wp-content\/uploads\/2024\/11\/DESTACADA-Pla-Oci-PauCasals-600x273.webp 600w\" sizes=\"(max-width: 1540px) 100vw, 1540px\" \/>\t\t\t\t<div class=\"overlay\" style=\"background-color:rgba(105, 105, 105, 0.802)\"><\/div>\t\t\t\t\t\t\t<\/div>\n\t\t\t\t\t<\/div>\n\n\t\t<div class=\"box-text text-center is-large\" style=\"background-color:rgb(243, 243, 243);padding:27px 0px 20px 0px;\">\n\t\t\t<div class=\"box-text-inner\">\n\t\t\t\t\n\n<h3>ACTIVIDAD CERRADA<\/h3>\n<p>\u00a0<\/p>\n<h4>Visita Pau Casals y comida cerca del mar<\/h4>\n<p>\u00a0<\/p>\n<p>30 de noviembre de 2024<\/p>\n\n\t\t\t<\/div>\n\t\t<\/div>\n\t<\/div>\n\t\n<a href=\"https:\/\/www.turismedetarragona.com\/ca\/tour\/visita-pau-casals-comt-2024\/\" class=\"button white expand\" >\n\t\t<span>M\u00e1s informaci\u00f3n<\/span>\n\t<\/a>\n\n\n\n\t\t<\/div>\n\t\t\t\t\t<\/div>\n\n\t\n\n\t<div id=\"col-1600316464\" class=\"col medium-3 small-12 large-3\"  >\n\t\t\t\t<div class=\"col-inner\"  >\n\t\t\t\n\t\t\t\n\n\t<div class=\"box has-hover   has-hover box-text-bottom\" >\n\n\t\t<div class=\"box-image\" >\n\t\t\t\t\t\t<div class=\"\" >\n\t\t\t\t<img loading=\"lazy\" decoding=\"async\" width=\"1540\" height=\"700\" src=\"https:\/\/comt.cat\/wp-content\/uploads\/2024\/10\/DESTACADA-Pla-Oci-Escaladei.webp\" class=\"attachment- size-\" alt=\"DESTACADA Pla Oci Escaladei\" srcset=\"https:\/\/comt.cat\/wp-content\/uploads\/2024\/10\/DESTACADA-Pla-Oci-Escaladei.webp 1540w, https:\/\/comt.cat\/wp-content\/uploads\/2024\/10\/DESTACADA-Pla-Oci-Escaladei-300x136.webp 300w, https:\/\/comt.cat\/wp-content\/uploads\/2024\/10\/DESTACADA-Pla-Oci-Escaladei-1024x465.webp 1024w, https:\/\/comt.cat\/wp-content\/uploads\/2024\/10\/DESTACADA-Pla-Oci-Escaladei-768x349.webp 768w, https:\/\/comt.cat\/wp-content\/uploads\/2024\/10\/DESTACADA-Pla-Oci-Escaladei-1536x698.webp 1536w, https:\/\/comt.cat\/wp-content\/uploads\/2024\/10\/DESTACADA-Pla-Oci-Escaladei-600x273.webp 600w\" sizes=\"(max-width: 1540px) 100vw, 1540px\" \/>\t\t\t\t<div class=\"overlay\" style=\"background-color:rgba(105, 105, 105, 0.802)\"><\/div>\t\t\t\t\t\t\t<\/div>\n\t\t\t\t\t<\/div>\n\n\t\t<div class=\"box-text text-center is-large\" style=\"background-color:rgb(243, 243, 243);padding:27px 0px 20px 0px;\">\n\t\t\t<div class=\"box-text-inner\">\n\t\t\t\t\n\n<h3>ACTIVIDAD CERRADA<\/h3>\n<p>\u00a0<\/p>\n<h4>Escaladei y Priorat gastron\u00f3mico<\/h4>\n<p>\u00a0<\/p>\n<p>26 de octubre de 2024<\/p>\n\n\t\t\t<\/div>\n\t\t<\/div>\n\t<\/div>\n\t\n<a href=\"https:\/\/www.turismedetarragona.com\/ca\/tour\/escaladei-i-priorat-gastronomic-comt-2024\/\" class=\"button white expand\" >\n\t\t<span>M\u00e1s informaci\u00f3n<\/span>\n\t<\/a>\n\n\n\n\t\t<\/div>\n\t\t\t\t\t<\/div>\n\n\t\n\n\t<div id=\"col-1199841933\" class=\"col medium-3 small-12 large-3\"  >\n\t\t\t\t<div class=\"col-inner\"  >\n\t\t\t\n\t\t\t\n\n\t<div class=\"box has-hover   has-hover box-text-bottom\" >\n\n\t\t<div class=\"box-image\" >\n\t\t\t\t\t\t<div class=\"\" >\n\t\t\t\t<img loading=\"lazy\" decoding=\"async\" width=\"1540\" height=\"700\" src=\"https:\/\/comt.cat\/wp-content\/uploads\/2024\/07\/DESTACADA_Tarragona-desdel-mar.webp\" class=\"attachment- size-\" alt=\"DESTACADA Pla Oci Tarragona des del Mar 2024\" srcset=\"https:\/\/comt.cat\/wp-content\/uploads\/2024\/07\/DESTACADA_Tarragona-desdel-mar.webp 1540w, https:\/\/comt.cat\/wp-content\/uploads\/2024\/07\/DESTACADA_Tarragona-desdel-mar-300x136.webp 300w, https:\/\/comt.cat\/wp-content\/uploads\/2024\/07\/DESTACADA_Tarragona-desdel-mar-1024x465.webp 1024w, https:\/\/comt.cat\/wp-content\/uploads\/2024\/07\/DESTACADA_Tarragona-desdel-mar-768x349.webp 768w, https:\/\/comt.cat\/wp-content\/uploads\/2024\/07\/DESTACADA_Tarragona-desdel-mar-1536x698.webp 1536w, https:\/\/comt.cat\/wp-content\/uploads\/2024\/07\/DESTACADA_Tarragona-desdel-mar-600x273.webp 600w\" sizes=\"(max-width: 1540px) 100vw, 1540px\" \/>\t\t\t\t<div class=\"overlay\" style=\"background-color:rgba(105, 105, 105, 0.802)\"><\/div>\t\t\t\t\t\t\t<\/div>\n\t\t\t\t\t<\/div>\n\n\t\t<div class=\"box-text text-center is-large\" style=\"background-color:rgb(243, 243, 243);padding:27px 0px 20px 0px;\">\n\t\t\t<div class=\"box-text-inner\">\n\t\t\t\t\n\n<h3>ACTIVIDAD CERRADA<\/h3>\n<p>\u00a0<\/p>\n<h4>Arque\u00f3logos por un d\u00eda<\/h4>\n<h4>\u00a0\u00a0<\/h4>\n<p>\u00a0<\/p>\n<p>28 y 29 de septiembre de 2024<\/p>\n\n\t\t\t<\/div>\n\t\t<\/div>\n\t<\/div>\n\t\n<a href=\"https:\/\/www.turismedetarragona.com\/ca\/tour\/arqueolegs-per-un-dia-comt-2024\/\" class=\"button white expand\" >\n\t\t<span>M\u00e1s informaci\u00f3n<\/span>\n\t<\/a>\n\n\n\n\t\t<\/div>\n\t\t\t\t\t<\/div>\n\n\t\n\n\t<div id=\"col-1914893471\" class=\"col medium-3 small-12 large-3\"  >\n\t\t\t\t<div class=\"col-inner\"  >\n\t\t\t\n\t\t\t\n\n\t<div class=\"box has-hover   has-hover box-text-bottom\" >\n\n\t\t<div class=\"box-image\" >\n\t\t\t\t\t\t<div class=\"\" >\n\t\t\t\t<img loading=\"lazy\" decoding=\"async\" width=\"1540\" height=\"700\" src=\"https:\/\/comt.cat\/wp-content\/uploads\/2024\/07\/DESTACADA_Tarragona-desdel-mar.webp\" class=\"attachment- size-\" alt=\"DESTACADA Pla Oci Tarragona des del Mar 2024\" srcset=\"https:\/\/comt.cat\/wp-content\/uploads\/2024\/07\/DESTACADA_Tarragona-desdel-mar.webp 1540w, https:\/\/comt.cat\/wp-content\/uploads\/2024\/07\/DESTACADA_Tarragona-desdel-mar-300x136.webp 300w, https:\/\/comt.cat\/wp-content\/uploads\/2024\/07\/DESTACADA_Tarragona-desdel-mar-1024x465.webp 1024w, https:\/\/comt.cat\/wp-content\/uploads\/2024\/07\/DESTACADA_Tarragona-desdel-mar-768x349.webp 768w, https:\/\/comt.cat\/wp-content\/uploads\/2024\/07\/DESTACADA_Tarragona-desdel-mar-1536x698.webp 1536w, https:\/\/comt.cat\/wp-content\/uploads\/2024\/07\/DESTACADA_Tarragona-desdel-mar-600x273.webp 600w\" sizes=\"(max-width: 1540px) 100vw, 1540px\" \/>\t\t\t\t<div class=\"overlay\" style=\"background-color:rgba(105, 105, 105, 0.802)\"><\/div>\t\t\t\t\t\t\t<\/div>\n\t\t\t\t\t<\/div>\n\n\t\t<div class=\"box-text text-center is-large\" style=\"background-color:rgb(243, 243, 243);padding:27px 0px 20px 0px;\">\n\t\t\t<div class=\"box-text-inner\">\n\t\t\t\t\n\n<h3>ACTIVIDAD CERRADA<\/h3>\n<p>\u00a0<\/p>\n<h4>Tarragona desde el mar<\/h4>\n<h4>\u00a0\u00a0<\/h4>\n<p>\u00a0<\/p>\n<p>03 de agosto de 2024<\/p>\n\n\t\t\t<\/div>\n\t\t<\/div>\n\t<\/div>\n\t\n<a href=\"https:\/\/www.turismedetarragona.com\/ca\/tour\/tarragona-des-del-mar-comt\/\" class=\"button white expand\" >\n\t\t<span>M\u00e1s informaci\u00f3n<\/span>\n\t<\/a>\n\n\n\n\t\t<\/div>\n\t\t\t\t\t<\/div>\n\n\t\n\n\t<div id=\"col-26329391\" class=\"col medium-3 small-12 large-3\"  >\n\t\t\t\t<div class=\"col-inner\"  >\n\t\t\t\n\t\t\t\n\n\t<div class=\"box has-hover   has-hover box-text-bottom\" >\n\n\t\t<div class=\"box-image\" >\n\t\t\t\t\t\t<div class=\"\" >\n\t\t\t\t<img loading=\"lazy\" decoding=\"async\" width=\"1540\" height=\"700\" src=\"https:\/\/comt.cat\/wp-content\/uploads\/2024\/07\/DESTACADA-Pla-OCI-Pastor.webp\" class=\"attachment- size-\" alt=\"Destacada Pla OCi Pastor_OK\" srcset=\"https:\/\/comt.cat\/wp-content\/uploads\/2024\/07\/DESTACADA-Pla-OCI-Pastor.webp 1540w, https:\/\/comt.cat\/wp-content\/uploads\/2024\/07\/DESTACADA-Pla-OCI-Pastor-300x136.webp 300w, https:\/\/comt.cat\/wp-content\/uploads\/2024\/07\/DESTACADA-Pla-OCI-Pastor-1024x465.webp 1024w, https:\/\/comt.cat\/wp-content\/uploads\/2024\/07\/DESTACADA-Pla-OCI-Pastor-768x349.webp 768w, https:\/\/comt.cat\/wp-content\/uploads\/2024\/07\/DESTACADA-Pla-OCI-Pastor-1536x698.webp 1536w, https:\/\/comt.cat\/wp-content\/uploads\/2024\/07\/DESTACADA-Pla-OCI-Pastor-600x273.webp 600w\" sizes=\"(max-width: 1540px) 100vw, 1540px\" \/>\t\t\t\t<div class=\"overlay\" style=\"background-color:rgba(105, 105, 105, 0.802)\"><\/div>\t\t\t\t\t\t\t<\/div>\n\t\t\t\t\t<\/div>\n\n\t\t<div class=\"box-text text-center is-large\" style=\"background-color:rgb(243, 243, 243);padding:27px 0px 20px 0px;\">\n\t\t\t<div class=\"box-text-inner\">\n\t\t\t\t\n\n<h3>ACTIVIDAD CERRADA<\/h3>\n<p>\u00a0<\/p>\n<h4>Pastor por un d\u00eda<\/h4>\n<h4>\u00a0\u00a0<\/h4>\n<p>\u00a0<\/p>\n<p>28 y 30 de junio de 2024<\/p>\n\n\t\t\t<\/div>\n\t\t<\/div>\n\t<\/div>\n\t\n<a href=\"https:\/\/www.turismedetarragona.com\/ca\/tour\/pastor-per-un-dia-comt-2024\/\" class=\"button white expand\" >\n\t\t<span>M\u00e1s informaci\u00f3n<\/span>\n\t<\/a>\n\n\n\n\t\t<\/div>\n\t\t\t\t\t<\/div>\n\n\t\n\n\t<div id=\"col-445947867\" class=\"col medium-3 small-12 large-3\"  >\n\t\t\t\t<div class=\"col-inner\"  >\n\t\t\t\n\t\t\t\n\n\t<div class=\"box has-hover   has-hover box-text-bottom\" >\n\n\t\t<div class=\"box-image\" >\n\t\t\t\t\t\t<div class=\"\" >\n\t\t\t\t<img loading=\"lazy\" decoding=\"async\" width=\"1540\" height=\"700\" src=\"https:\/\/comt.cat\/wp-content\/uploads\/2024\/05\/DESTACADA-PLA-OCI_celler-i-xocolate.webp\" class=\"attachment- size-\" alt=\"DESTACADA PLA OCI_celler i xocolata\" srcset=\"https:\/\/comt.cat\/wp-content\/uploads\/2024\/05\/DESTACADA-PLA-OCI_celler-i-xocolate.webp 1540w, https:\/\/comt.cat\/wp-content\/uploads\/2024\/05\/DESTACADA-PLA-OCI_celler-i-xocolate-300x136.webp 300w, https:\/\/comt.cat\/wp-content\/uploads\/2024\/05\/DESTACADA-PLA-OCI_celler-i-xocolate-1024x465.webp 1024w, https:\/\/comt.cat\/wp-content\/uploads\/2024\/05\/DESTACADA-PLA-OCI_celler-i-xocolate-768x349.webp 768w, https:\/\/comt.cat\/wp-content\/uploads\/2024\/05\/DESTACADA-PLA-OCI_celler-i-xocolate-1536x698.webp 1536w\" sizes=\"(max-width: 1540px) 100vw, 1540px\" \/>\t\t\t\t<div class=\"overlay\" style=\"background-color:rgba(105, 105, 105, 0.802)\"><\/div>\t\t\t\t\t\t\t<\/div>\n\t\t\t\t\t<\/div>\n\n\t\t<div class=\"box-text text-center is-large\" style=\"background-color:rgb(243, 243, 243);padding:27px 0px 20px 0px;\">\n\t\t\t<div class=\"box-text-inner\">\n\t\t\t\t\n\n<h3>ACTIVIDAD CERRADA<\/h3>\n<p>\u00a0<\/p>\n<h4>Visita a la Bodega Mas Vicen\u00e7<\/h4>\n<h4>\u00a0\u00a0<\/h4>\n<p>25 de mayo de 2024<\/p>\n\n\t\t\t<\/div>\n\t\t<\/div>\n\t<\/div>\n\t\n<a href=\"https:\/\/www.turismedetarragona.com\/ca\/tour\/visita-celler-mas-vicenc-comt-2024\/\" class=\"button white expand\" >\n\t\t<span>M\u00e1s informaci\u00f3n<\/span>\n\t<\/a>\n\n\n\n\t\t<\/div>\n\t\t\t\t\t<\/div>\n\n\t\n\n\t<div id=\"col-196331667\" class=\"col medium-3 small-12 large-3\"  >\n\t\t\t\t<div class=\"col-inner\"  >\n\t\t\t\n\t\t\t\n\n\t<div class=\"box has-hover   has-hover box-text-bottom\" >\n\n\t\t<div class=\"box-image\" >\n\t\t\t\t\t\t<div class=\"\" >\n\t\t\t\t<img loading=\"lazy\" decoding=\"async\" width=\"1540\" height=\"700\" src=\"https:\/\/comt.cat\/wp-content\/uploads\/2024\/03\/Destacada-Pla-Oci-Delta-Ebre_Abril-1.webp\" class=\"attachment- size-\" alt=\"Destacada Pla Oci Delta Ebre_Abril2024\" srcset=\"https:\/\/comt.cat\/wp-content\/uploads\/2024\/03\/Destacada-Pla-Oci-Delta-Ebre_Abril-1.webp 1540w, https:\/\/comt.cat\/wp-content\/uploads\/2024\/03\/Destacada-Pla-Oci-Delta-Ebre_Abril-1-300x136.webp 300w, https:\/\/comt.cat\/wp-content\/uploads\/2024\/03\/Destacada-Pla-Oci-Delta-Ebre_Abril-1-1024x465.webp 1024w, https:\/\/comt.cat\/wp-content\/uploads\/2024\/03\/Destacada-Pla-Oci-Delta-Ebre_Abril-1-768x349.webp 768w, https:\/\/comt.cat\/wp-content\/uploads\/2024\/03\/Destacada-Pla-Oci-Delta-Ebre_Abril-1-1536x698.webp 1536w\" sizes=\"(max-width: 1540px) 100vw, 1540px\" \/>\t\t\t\t<div class=\"overlay\" style=\"background-color:rgba(105, 105, 105, 0.802)\"><\/div>\t\t\t\t\t\t\t<\/div>\n\t\t\t\t\t<\/div>\n\n\t\t<div class=\"box-text text-center is-large\" style=\"background-color:rgb(243, 243, 243);padding:27px 0px 20px 0px;\">\n\t\t\t<div class=\"box-text-inner\">\n\t\t\t\t\n\n<h3>ACTIVIDAD CERRADA<\/h3>\n<p>\u00a0<\/p>\n<h4>Excursi\u00f3n al Delta de l&#8217;Ebre, con barca arroz y flamencos<\/h4>\n<h4>\u00a0\u00a0<\/h4>\n<p>27 de abril 2024<\/p>\n\n\t\t\t<\/div>\n\t\t<\/div>\n\t<\/div>\n\t\n<a href=\"https:\/\/www.turismedetarragona.com\/ca\/tour\/excursio-delta-de-lebre-barca-arros-flamencs-comt-2024\/\" class=\"button white expand\" >\n\t\t<span>M\u00e1s informaci\u00f3n<\/span>\n\t<\/a>\n\n\n\n\t\t<\/div>\n\t\t\t\t\t<\/div>\n\n\t\n\n\t<div id=\"col-117062828\" class=\"col medium-3 small-12 large-3\"  >\n\t\t\t\t<div class=\"col-inner\"  >\n\t\t\t\n\t\t\t\n\n\t<div class=\"box has-hover   has-hover box-text-bottom\" >\n\n\t\t<div class=\"box-image\" >\n\t\t\t\t\t\t<div class=\"\" >\n\t\t\t\t<img loading=\"lazy\" decoding=\"async\" width=\"1540\" height=\"700\" src=\"https:\/\/comt.cat\/wp-content\/uploads\/2024\/03\/Destacada-Necropoli-i-Centcelles.webp\" class=\"attachment- size-\" alt=\"Destacada Necropoli i Centcelles Pla Oci\" srcset=\"https:\/\/comt.cat\/wp-content\/uploads\/2024\/03\/Destacada-Necropoli-i-Centcelles.webp 1540w, https:\/\/comt.cat\/wp-content\/uploads\/2024\/03\/Destacada-Necropoli-i-Centcelles-300x136.webp 300w, https:\/\/comt.cat\/wp-content\/uploads\/2024\/03\/Destacada-Necropoli-i-Centcelles-1024x465.webp 1024w, https:\/\/comt.cat\/wp-content\/uploads\/2024\/03\/Destacada-Necropoli-i-Centcelles-768x349.webp 768w, https:\/\/comt.cat\/wp-content\/uploads\/2024\/03\/Destacada-Necropoli-i-Centcelles-1536x698.webp 1536w\" sizes=\"(max-width: 1540px) 100vw, 1540px\" \/>\t\t\t\t<div class=\"overlay\" style=\"background-color:rgba(105, 105, 105, 0.802)\"><\/div>\t\t\t\t\t\t\t<\/div>\n\t\t\t\t\t<\/div>\n\n\t\t<div class=\"box-text text-center is-large\" style=\"background-color:rgb(243, 243, 243);padding:27px 0px 20px 0px;\">\n\t\t\t<div class=\"box-text-inner\">\n\t\t\t\t\n\n<h3>ACTIVIDAD CERRADA<\/h3>\n<p>\u00a0<\/p>\n<h4>Visita guiada a la Necr\u00f2poli y al conjunto de Centcelles<\/h4>\n<h4>\u00a0\u00a0<\/h4>\n<p>17 y 18 de marzo 2024<\/p>\n\n\t\t\t<\/div>\n\t\t<\/div>\n\t<\/div>\n\t\n<a href=\"https:\/\/www.turismedetarragona.com\/ca\/tour\/visita-guiada-necropoli-centcelles-comt-2024\/\" class=\"button white expand\" >\n\t\t<span>M\u00e1s informaci\u00f3n<\/span>\n\t<\/a>\n\n\n\n\t\t<\/div>\n\t\t\t\t\t<\/div>\n\n\t\n\n\t<div id=\"col-483756675\" class=\"col medium-3 small-12 large-3\"  >\n\t\t\t\t<div class=\"col-inner\"  >\n\t\t\t\n\t\t\t\n\n\t<div class=\"box has-hover   has-hover box-text-bottom\" >\n\n\t\t<div class=\"box-image\" >\n\t\t\t\t\t\t<div class=\"\" >\n\t\t\t\t<img loading=\"lazy\" decoding=\"async\" width=\"1540\" height=\"700\" src=\"https:\/\/comt.cat\/wp-content\/uploads\/2024\/01\/Destacada_PlaOci_Aldover.webp\" class=\"attachment- size-\" alt=\"Destacada_PlaOci_Aldover24\" srcset=\"https:\/\/comt.cat\/wp-content\/uploads\/2024\/01\/Destacada_PlaOci_Aldover.webp 1540w, https:\/\/comt.cat\/wp-content\/uploads\/2024\/01\/Destacada_PlaOci_Aldover-300x136.webp 300w, https:\/\/comt.cat\/wp-content\/uploads\/2024\/01\/Destacada_PlaOci_Aldover-1024x465.webp 1024w, https:\/\/comt.cat\/wp-content\/uploads\/2024\/01\/Destacada_PlaOci_Aldover-768x349.webp 768w, https:\/\/comt.cat\/wp-content\/uploads\/2024\/01\/Destacada_PlaOci_Aldover-1536x698.webp 1536w\" sizes=\"(max-width: 1540px) 100vw, 1540px\" \/>\t\t\t\t<div class=\"overlay\" style=\"background-color:rgba(105, 105, 105, 0.802)\"><\/div>\t\t\t\t\t\t\t<\/div>\n\t\t\t\t\t<\/div>\n\n\t\t<div class=\"box-text text-center is-large\" style=\"background-color:rgb(243, 243, 243);padding:27px 0px 20px 0px;\">\n\t\t\t<div class=\"box-text-inner\">\n\t\t\t\t\n\n<h3>ACTIVIDAD CERRADA<\/h3>\n<p>\u00a0<\/p>\n<h4>Visita finca de c\u00edtricos en el Ebro y comida de brasa<\/h4>\n<h4>\u00a0\u00a0<\/h4>\n<p>24 de febrero 2024<\/p>\n\n\t\t\t<\/div>\n\t\t<\/div>\n\t<\/div>\n\t\n<a href=\"https:\/\/www.turismedetarragona.com\/ca\/tour\/visita-finca-citrics-ebre-dinar-brasa-comt-2024\/\" class=\"button white expand\" >\n\t\t<span>M\u00e1s informaci\u00f3n<\/span>\n\t<\/a>\n\n\n\n\t\t<\/div>\n\t\t\t\t\t<\/div>\n\n\t\n\n\t<div id=\"col-403222596\" class=\"col medium-3 small-12 large-3\"  >\n\t\t\t\t<div class=\"col-inner\"  >\n\t\t\t\n\t\t\t\n\n\t<div class=\"box has-hover   has-hover box-text-bottom\" >\n\n\t\t<div class=\"box-image\" >\n\t\t\t\t\t\t<div class=\"\" >\n\t\t\t\t<img loading=\"lazy\" decoding=\"async\" width=\"1540\" height=\"700\" src=\"https:\/\/comt.cat\/wp-content\/uploads\/2024\/01\/DestacadaItinereGener24.webp\" class=\"attachment- size-\" alt=\"Destacada Itinere Gener24\" srcset=\"https:\/\/comt.cat\/wp-content\/uploads\/2024\/01\/DestacadaItinereGener24.webp 1540w, https:\/\/comt.cat\/wp-content\/uploads\/2024\/01\/DestacadaItinereGener24-300x136.webp 300w, https:\/\/comt.cat\/wp-content\/uploads\/2024\/01\/DestacadaItinereGener24-1024x465.webp 1024w, https:\/\/comt.cat\/wp-content\/uploads\/2024\/01\/DestacadaItinereGener24-768x349.webp 768w, https:\/\/comt.cat\/wp-content\/uploads\/2024\/01\/DestacadaItinereGener24-1536x698.webp 1536w\" sizes=\"(max-width: 1540px) 100vw, 1540px\" \/>\t\t\t\t<div class=\"overlay\" style=\"background-color:rgba(105, 105, 105, 0.802)\"><\/div>\t\t\t\t\t\t\t<\/div>\n\t\t\t\t\t<\/div>\n\n\t\t<div class=\"box-text text-center is-large\" style=\"background-color:rgb(243, 243, 243);padding:27px 0px 20px 0px;\">\n\t\t\t<div class=\"box-text-inner\">\n\t\t\t\t\n\n<h3>ACTIVIDAD CERRADA<\/h3>\n<p>\u00a0<\/p>\n<h4>Visita &#8211; Vila Montblanc y Hospeder\u00eda Poblet<\/h4>\n<h4>\u00a0\u00a0<\/h4>\n<p>27 de enero 2024<\/p>\n\n\t\t\t<\/div>\n\t\t<\/div>\n\t<\/div>\n\t\n<a href=\"https:\/\/www.turismedetarragona.com\/ca\/tour\/visita-guiada-montblanc-calcotada-lhostatgeria-poblet-comt-2024\/\" class=\"button white expand\" >\n\t\t<span>M\u00e1s informaci\u00f3n<\/span>\n\t<\/a>\n\n\n\n\t\t<\/div>\n\t\t\t\t\t<\/div>\n\n\t\n\n<\/div>\n<div class=\"container section-title-container\" ><h2 class=\"section-title section-title-normal\"><b aria-hidden=\"true\"><\/b><span class=\"section-title-main\" style=\"color:#45dace;\">Plan de ocio 2023<\/span><b aria-hidden=\"true\"><\/b><\/h2><\/div>\n\n<div class=\"row\"  id=\"row-1608795785\">\n\n\n\t<div id=\"col-1361825153\" class=\"col medium-3 small-12 large-3\"  >\n\t\t\t\t<div class=\"col-inner\"  >\n\t\t\t\n\t\t\t\n\n\t<div class=\"box has-hover   has-hover box-text-bottom\" >\n\n\t\t<div class=\"box-image\" >\n\t\t\t\t\t\t<div class=\"\" >\n\t\t\t\t<img loading=\"lazy\" decoding=\"async\" width=\"1540\" height=\"700\" src=\"https:\/\/comt.cat\/wp-content\/uploads\/2023\/11\/Destacada-PLAOCI-Setge.webp\" class=\"attachment- size-\" alt=\"Destacada PLAOCI Setge\" srcset=\"https:\/\/comt.cat\/wp-content\/uploads\/2023\/11\/Destacada-PLAOCI-Setge.webp 1540w, https:\/\/comt.cat\/wp-content\/uploads\/2023\/11\/Destacada-PLAOCI-Setge-300x136.webp 300w, https:\/\/comt.cat\/wp-content\/uploads\/2023\/11\/Destacada-PLAOCI-Setge-1024x465.webp 1024w, https:\/\/comt.cat\/wp-content\/uploads\/2023\/11\/Destacada-PLAOCI-Setge-768x349.webp 768w, https:\/\/comt.cat\/wp-content\/uploads\/2023\/11\/Destacada-PLAOCI-Setge-1536x698.webp 1536w\" sizes=\"(max-width: 1540px) 100vw, 1540px\" \/>\t\t\t\t<div class=\"overlay\" style=\"background-color:rgba(105, 105, 105, 0.802)\"><\/div>\t\t\t\t\t\t\t<\/div>\n\t\t\t\t\t<\/div>\n\n\t\t<div class=\"box-text text-center is-large\" style=\"background-color:rgb(243, 243, 243);padding:27px 0px 20px 0px;\">\n\t\t\t<div class=\"box-text-inner\">\n\t\t\t\t\n\n<h3>ACTIVIDAD CERRADA<\/h3>\n<p>\u00a0<\/p>\n<h4>Visita &#8211; Tarragona 1811: asedio napole\u00f3nico y presa de la ciudad<\/h4>\n<h4>\u00a0\u00a0<\/h4>\n<p>02 i 03 de diciembre 2023<\/p>\n\n\t\t\t<\/div>\n\t\t<\/div>\n\t<\/div>\n\t\n<a href=\"https:\/\/www.turismedetarragona.com\/ca\/tour\/tarragona-1881-setge-napoleonic-comt\/\" class=\"button white expand\" >\n\t\t<span>M\u00e1s informaci\u00f3n<\/span>\n\t<\/a>\n\n\n\n\t\t<\/div>\n\t\t\t\t\t<\/div>\n\n\t\n\n\t<div id=\"col-1526024254\" class=\"col medium-3 small-12 large-3\"  >\n\t\t\t\t<div class=\"col-inner\"  >\n\t\t\t\n\t\t\t\n\n\t<div class=\"box has-hover   has-hover box-text-bottom\" >\n\n\t\t<div class=\"box-image\" >\n\t\t\t\t\t\t<div class=\"\" >\n\t\t\t\t<img loading=\"lazy\" decoding=\"async\" width=\"1540\" height=\"700\" src=\"https:\/\/comt.cat\/wp-content\/uploads\/2023\/10\/DestacadaPlaOci_EspaisRuralsTGN.webp\" class=\"attachment- size-\" alt=\"DestacadaPlaOci_EspaisRuralsTGN\" srcset=\"https:\/\/comt.cat\/wp-content\/uploads\/2023\/10\/DestacadaPlaOci_EspaisRuralsTGN.webp 1540w, https:\/\/comt.cat\/wp-content\/uploads\/2023\/10\/DestacadaPlaOci_EspaisRuralsTGN-300x136.webp 300w, https:\/\/comt.cat\/wp-content\/uploads\/2023\/10\/DestacadaPlaOci_EspaisRuralsTGN-1024x465.webp 1024w, https:\/\/comt.cat\/wp-content\/uploads\/2023\/10\/DestacadaPlaOci_EspaisRuralsTGN-768x349.webp 768w, https:\/\/comt.cat\/wp-content\/uploads\/2023\/10\/DestacadaPlaOci_EspaisRuralsTGN-1536x698.webp 1536w\" sizes=\"(max-width: 1540px) 100vw, 1540px\" \/>\t\t\t\t<div class=\"overlay\" style=\"background-color:rgba(105, 105, 105, 0.802)\"><\/div>\t\t\t\t\t\t\t<\/div>\n\t\t\t\t\t<\/div>\n\n\t\t<div class=\"box-text text-center is-large\" style=\"background-color:rgb(243, 243, 243);padding:27px 0px 20px 0px;\">\n\t\t\t<div class=\"box-text-inner\">\n\t\t\t\t\n\n<h3>ACTIVIDAD CERRADA<\/h3>\n<p>\u00a0<\/p>\n<h4>Visita &#8211; Ruta por los espacios de los espacios rurales de Tarraco<\/h4>\n<h4>\u00a0\u00a0<\/h4>\n<p>18 de noviembre 2023<\/p>\n\n\t\t\t<\/div>\n\t\t<\/div>\n\t<\/div>\n\t\n<a href=\"https:\/\/www.turismedetarragona.com\/ca\/tour\/ruta-guiada-espais-rurals-tarraco-comt\/\" class=\"button white expand\" >\n\t\t<span>M\u00e1s informaci\u00f3n<\/span>\n\t<\/a>\n\n\n\n\t\t<\/div>\n\t\t\t\t\t<\/div>\n\n\t\n\n\t<div id=\"col-2040139087\" class=\"col medium-3 small-12 large-3\"  >\n\t\t\t\t<div class=\"col-inner\"  >\n\t\t\t\n\t\t\t\n\n\t<div class=\"box has-hover   has-hover box-text-bottom\" >\n\n\t\t<div class=\"box-image\" >\n\t\t\t\t\t\t<div class=\"\" >\n\t\t\t\t<img loading=\"lazy\" decoding=\"async\" width=\"1540\" height=\"700\" src=\"https:\/\/comt.cat\/wp-content\/uploads\/2023\/09\/DESTACADA_PladociBatallaEbre.webp\" class=\"attachment- size-\" alt=\"\" srcset=\"https:\/\/comt.cat\/wp-content\/uploads\/2023\/09\/DESTACADA_PladociBatallaEbre.webp 1540w, https:\/\/comt.cat\/wp-content\/uploads\/2023\/09\/DESTACADA_PladociBatallaEbre-300x136.webp 300w, https:\/\/comt.cat\/wp-content\/uploads\/2023\/09\/DESTACADA_PladociBatallaEbre-1024x465.webp 1024w, https:\/\/comt.cat\/wp-content\/uploads\/2023\/09\/DESTACADA_PladociBatallaEbre-768x349.webp 768w, https:\/\/comt.cat\/wp-content\/uploads\/2023\/09\/DESTACADA_PladociBatallaEbre-1536x698.webp 1536w\" sizes=\"(max-width: 1540px) 100vw, 1540px\" \/>\t\t\t\t<div class=\"overlay\" style=\"background-color:rgba(105, 105, 105, 0.802)\"><\/div>\t\t\t\t\t\t\t<\/div>\n\t\t\t\t\t<\/div>\n\n\t\t<div class=\"box-text text-center is-large\" style=\"background-color:rgb(243, 243, 243);padding:27px 0px 20px 0px;\">\n\t\t\t<div class=\"box-text-inner\">\n\t\t\t\t\n\n<h3>ACTIVIDAD CERRADA<\/h3>\n<p>\u00a0<\/p>\n<h4>Visita &#8211; Ruta por los espacios de la Batalla del Ebro<\/h4>\n<h4>\u00a0\u00a0<\/h4>\n<p>21 de octubre 2023<\/p>\n\n\t\t\t<\/div>\n\t\t<\/div>\n\t<\/div>\n\t\n<a href=\"https:\/\/www.turismedetarragona.com\/ca\/tour\/ruta-espais-batalla-ebre-comt\/\" class=\"button white expand\" >\n\t\t<span>M\u00e1s informaci\u00f3n<\/span>\n\t<\/a>\n\n\n\n\t\t<\/div>\n\t\t\t\t\t<\/div>\n\n\t\n\n\t<div id=\"col-1571459654\" class=\"col medium-3 small-12 large-3\"  >\n\t\t\t\t<div class=\"col-inner\"  >\n\t\t\t\n\t\t\t\n\n\t<div class=\"box has-hover   has-hover box-text-bottom\" >\n\n\t\t<div class=\"box-image\" >\n\t\t\t\t\t\t<div class=\"\" >\n\t\t\t\t<img loading=\"lazy\" decoding=\"async\" width=\"1540\" height=\"700\" src=\"https:\/\/comt.cat\/wp-content\/uploads\/2023\/08\/PladociRamblaNova.webp\" class=\"attachment- size-\" alt=\"Destacada PladociRamblaNova\" srcset=\"https:\/\/comt.cat\/wp-content\/uploads\/2023\/08\/PladociRamblaNova.webp 1540w, https:\/\/comt.cat\/wp-content\/uploads\/2023\/08\/PladociRamblaNova-300x136.webp 300w, https:\/\/comt.cat\/wp-content\/uploads\/2023\/08\/PladociRamblaNova-1024x465.webp 1024w, https:\/\/comt.cat\/wp-content\/uploads\/2023\/08\/PladociRamblaNova-768x349.webp 768w, https:\/\/comt.cat\/wp-content\/uploads\/2023\/08\/PladociRamblaNova-1536x698.webp 1536w\" sizes=\"(max-width: 1540px) 100vw, 1540px\" \/>\t\t\t\t<div class=\"overlay\" style=\"background-color:rgba(105, 105, 105, 0.802)\"><\/div>\t\t\t\t\t\t\t<\/div>\n\t\t\t\t\t<\/div>\n\n\t\t<div class=\"box-text text-center is-large\" style=\"background-color:rgb(243, 243, 243);padding:27px 0px 20px 0px;\">\n\t\t\t<div class=\"box-text-inner\">\n\t\t\t\t\n\n<h3>ACTIVIDAD CERRADA<\/h3>\n<p>&nbsp;<\/p>\n<h4>Visita &#8211; La Rambla Nova de Tarragona<\/h4>\n<h4>&nbsp;&nbsp;<\/h4>\n<p>07 y 08 de septiembre 2023<\/p>\n\n\t\t\t<\/div>\n\t\t<\/div>\n\t<\/div>\n\t\n<a href=\"https:\/\/www.turismedetarragona.com\/ca\/tour\/la-rambla-nova-de-tarragona-comt\/\" class=\"button white expand\" >\n\t\t<span>M\u00e1s informaci\u00f3n<\/span>\n\t<\/a>\n\n\n\n\t\t<\/div>\n\t\t\t\t\t<\/div>\n\n\t\n\n\t<div id=\"col-255469214\" class=\"col medium-3 small-12 large-3\"  >\n\t\t\t\t<div class=\"col-inner\"  >\n\t\t\t\n\t\t\t\n\n\t<div class=\"box has-hover   has-hover box-text-bottom\" >\n\n\t\t<div class=\"box-image\" >\n\t\t\t\t\t\t<div class=\"\" >\n\t\t\t\t<img loading=\"lazy\" decoding=\"async\" width=\"1540\" height=\"700\" src=\"https:\/\/comt.cat\/wp-content\/uploads\/2023\/06\/Imatge-DESTACADA_PlaOciBarca.webp\" class=\"attachment- size-\" alt=\"Imatge DESTACADA_PlaOciBarca\" srcset=\"https:\/\/comt.cat\/wp-content\/uploads\/2023\/06\/Imatge-DESTACADA_PlaOciBarca.webp 1540w, https:\/\/comt.cat\/wp-content\/uploads\/2023\/06\/Imatge-DESTACADA_PlaOciBarca-300x136.webp 300w, https:\/\/comt.cat\/wp-content\/uploads\/2023\/06\/Imatge-DESTACADA_PlaOciBarca-1024x465.webp 1024w, https:\/\/comt.cat\/wp-content\/uploads\/2023\/06\/Imatge-DESTACADA_PlaOciBarca-768x349.webp 768w, https:\/\/comt.cat\/wp-content\/uploads\/2023\/06\/Imatge-DESTACADA_PlaOciBarca-1536x698.webp 1536w\" sizes=\"(max-width: 1540px) 100vw, 1540px\" \/>\t\t\t\t<div class=\"overlay\" style=\"background-color:rgba(105, 105, 105, 0.802)\"><\/div>\t\t\t\t\t\t\t<\/div>\n\t\t\t\t\t<\/div>\n\n\t\t<div class=\"box-text text-center is-large\" style=\"background-color:rgb(243, 243, 243);padding:27px 0px 20px 0px;\">\n\t\t\t<div class=\"box-text-inner\">\n\t\t\t\t\n\n<h3>ACTIVIDAD CERRADA<\/h3>\n<p>&nbsp;<\/p>\n<h4>Visita &#8211; Tarragona desde el mar<\/h4>\n<h4>&nbsp;&nbsp;<\/h4>\n<p>08 de julio 2023<\/p>\n\n\t\t\t<\/div>\n\t\t<\/div>\n\t<\/div>\n\t\n<a href=\"https:\/\/www.turismedetarragona.com\/ca\/tour\/tarragona-des-del-mar-comt\/\" class=\"button white expand\" >\n\t\t<span>M\u00e1s informaci\u00f3n<\/span>\n\t<\/a>\n\n\n\n\t\t<\/div>\n\t\t\t\t\t<\/div>\n\n\t\n\n\t<div id=\"col-2106139086\" class=\"col medium-3 small-12 large-3\"  >\n\t\t\t\t<div class=\"col-inner\"  >\n\t\t\t\n\t\t\t\n\n\t<div class=\"box has-hover   has-hover box-text-bottom\" >\n\n\t\t<div class=\"box-image\" >\n\t\t\t\t\t\t<div class=\"\" >\n\t\t\t\t<img loading=\"lazy\" decoding=\"async\" width=\"1540\" height=\"700\" src=\"https:\/\/comt.cat\/wp-content\/uploads\/2023\/06\/Destacada-Celler-Janine_Sushi.webp\" class=\"attachment- size-\" alt=\"Destacada_Plaoci Celler Janine Sushi\" srcset=\"https:\/\/comt.cat\/wp-content\/uploads\/2023\/06\/Destacada-Celler-Janine_Sushi.webp 1540w, https:\/\/comt.cat\/wp-content\/uploads\/2023\/06\/Destacada-Celler-Janine_Sushi-300x136.webp 300w, https:\/\/comt.cat\/wp-content\/uploads\/2023\/06\/Destacada-Celler-Janine_Sushi-1024x465.webp 1024w, https:\/\/comt.cat\/wp-content\/uploads\/2023\/06\/Destacada-Celler-Janine_Sushi-768x349.webp 768w, https:\/\/comt.cat\/wp-content\/uploads\/2023\/06\/Destacada-Celler-Janine_Sushi-1536x698.webp 1536w\" sizes=\"(max-width: 1540px) 100vw, 1540px\" \/>\t\t\t\t<div class=\"overlay\" style=\"background-color:rgba(105, 105, 105, 0.802)\"><\/div>\t\t\t\t\t\t\t<\/div>\n\t\t\t\t\t<\/div>\n\n\t\t<div class=\"box-text text-center is-large\" style=\"background-color:rgb(243, 243, 243);padding:27px 0px 20px 0px;\">\n\t\t\t<div class=\"box-text-inner\">\n\t\t\t\t\n\n<h3>ACTIVIDAD CERRADA<\/h3>\n<p>&nbsp;<\/p>\n<h4>Visita &#8211; Visita a la bodega Janine y taller de sushi<\/h4>\n<h4>&nbsp;&nbsp;<\/h4>\n<p>17 de junio 2023<\/p>\n\n\t\t\t<\/div>\n\t\t<\/div>\n\t<\/div>\n\t\n<a href=\"https:\/\/www.turismedetarragona.com\/ca\/tour\/visita-celler-janine-taller-sushi-comt\/\" class=\"button white expand\" >\n\t\t<span>M\u00e1s informaci\u00f3n<\/span>\n\t<\/a>\n\n\n\n\t\t<\/div>\n\t\t\t\t\t<\/div>\n\n\t\n\n\t<div id=\"col-1257450893\" class=\"col medium-3 small-12 large-3\"  >\n\t\t\t\t<div class=\"col-inner\"  >\n\t\t\t\n\t\t\t\n\n\t<div class=\"box has-hover   has-hover box-text-bottom\" >\n\n\t\t<div class=\"box-image\" >\n\t\t\t\t\t\t<div class=\"\" >\n\t\t\t\t<img loading=\"lazy\" decoding=\"async\" width=\"1540\" height=\"700\" src=\"https:\/\/comt.cat\/wp-content\/uploads\/2023\/05\/DestacadaPladociMasMiro.webp\" class=\"attachment- size-\" alt=\"DestacadaPladociMasMiro\" srcset=\"https:\/\/comt.cat\/wp-content\/uploads\/2023\/05\/DestacadaPladociMasMiro.webp 1540w, https:\/\/comt.cat\/wp-content\/uploads\/2023\/05\/DestacadaPladociMasMiro-300x136.webp 300w, https:\/\/comt.cat\/wp-content\/uploads\/2023\/05\/DestacadaPladociMasMiro-1024x465.webp 1024w, https:\/\/comt.cat\/wp-content\/uploads\/2023\/05\/DestacadaPladociMasMiro-768x349.webp 768w, https:\/\/comt.cat\/wp-content\/uploads\/2023\/05\/DestacadaPladociMasMiro-1536x698.webp 1536w\" sizes=\"(max-width: 1540px) 100vw, 1540px\" \/>\t\t\t\t<div class=\"overlay\" style=\"background-color:rgba(105, 105, 105, 0.802)\"><\/div>\t\t\t\t\t\t\t<\/div>\n\t\t\t\t\t<\/div>\n\n\t\t<div class=\"box-text text-center is-large\" style=\"background-color:rgb(243, 243, 243);padding:27px 0px 20px 0px;\">\n\t\t\t<div class=\"box-text-inner\">\n\t\t\t\t\n\n<h3>ACTIVIDAD CERRADA<\/h3>\n<h4>&nbsp;<\/h4>\n<h4>Visita &#8211; Fundaci\u00f3 Mas Mir\u00f3<\/h4>\n<p>&nbsp;<\/p>\n<p>&nbsp;<\/p>\n<p>27 de mayo de 2023<\/p>\n\n\t\t\t<\/div>\n\t\t<\/div>\n\t<\/div>\n\t\n<a href=\"https:\/\/www.turismedetarragona.com\/ca\/tour\/visita-fundacio-mas-miro-vermut-comt\/\" class=\"button white expand\" >\n\t\t<span>M\u00e1s informaci\u00f3n<\/span>\n\t<\/a>\n\n\n\n\t\t<\/div>\n\t\t\t\t\t<\/div>\n\n\t\n\n\t<div id=\"col-1224615226\" class=\"col medium-3 small-12 large-3\"  >\n\t\t\t\t<div class=\"col-inner\"  >\n\t\t\t\n\t\t\t\n\n\t<div class=\"box has-hover   has-hover box-text-bottom\" >\n\n\t\t<div class=\"box-image\" >\n\t\t\t\t\t\t<div class=\"\" >\n\t\t\t\t<img loading=\"lazy\" decoding=\"async\" width=\"1540\" height=\"700\" src=\"https:\/\/comt.cat\/wp-content\/uploads\/2023\/03\/Pla_doci_Tortosa.webp\" class=\"attachment- size-\" alt=\"DESTACADA Pla_doci_Tortosa\" srcset=\"https:\/\/comt.cat\/wp-content\/uploads\/2023\/03\/Pla_doci_Tortosa.webp 1540w, https:\/\/comt.cat\/wp-content\/uploads\/2023\/03\/Pla_doci_Tortosa-300x136.webp 300w, https:\/\/comt.cat\/wp-content\/uploads\/2023\/03\/Pla_doci_Tortosa-1024x465.webp 1024w, https:\/\/comt.cat\/wp-content\/uploads\/2023\/03\/Pla_doci_Tortosa-768x349.webp 768w, https:\/\/comt.cat\/wp-content\/uploads\/2023\/03\/Pla_doci_Tortosa-1536x698.webp 1536w\" sizes=\"(max-width: 1540px) 100vw, 1540px\" \/>\t\t\t\t<div class=\"overlay\" style=\"background-color:rgba(105, 105, 105, 0.802)\"><\/div>\t\t\t\t\t\t\t<\/div>\n\t\t\t\t\t<\/div>\n\n\t\t<div class=\"box-text text-center is-large\" style=\"background-color:rgb(243, 243, 243);padding:27px 0px 20px 0px;\">\n\t\t\t<div class=\"box-text-inner\">\n\t\t\t\t\n\n<h3>ACTIVIDAD CERRADA<\/h3>\n<p>&nbsp;<\/p>\n<h4>Visita &#8211; Excursi\u00f3n de d\u00eda entero a Tortosa<\/h4>\n<p>&nbsp;<\/p>\n<p>15 de abril de 2023<\/p>\n\n\t\t\t<\/div>\n\t\t<\/div>\n\t<\/div>\n\t\n<a href=\"https:\/\/www.turismedetarragona.com\/ca\/tour\/excursio-tortosa-comt\/\" class=\"button white expand\" >\n\t\t<span>M\u00e1s informaci\u00f3n<\/span>\n\t<\/a>\n\n\n\n\t\t<\/div>\n\t\t\t\t\t<\/div>\n\n\t\n\n\t<div id=\"col-797725397\" class=\"col medium-3 small-12 large-3\"  >\n\t\t\t\t<div class=\"col-inner\"  >\n\t\t\t\n\t\t\t\n\n\t<div class=\"box has-hover   has-hover box-text-bottom\" >\n\n\t\t<div class=\"box-image\" >\n\t\t\t\t\t\t<div class=\"\" >\n\t\t\t\t<img loading=\"lazy\" decoding=\"async\" width=\"1540\" height=\"700\" src=\"https:\/\/comt.cat\/wp-content\/uploads\/2023\/02\/Plaoci-DESTACADA-presseguers.webp\" class=\"attachment- size-\" alt=\"Destacada PlaOci Presseguers\" srcset=\"https:\/\/comt.cat\/wp-content\/uploads\/2023\/02\/Plaoci-DESTACADA-presseguers.webp 1540w, https:\/\/comt.cat\/wp-content\/uploads\/2023\/02\/Plaoci-DESTACADA-presseguers-300x136.webp 300w, https:\/\/comt.cat\/wp-content\/uploads\/2023\/02\/Plaoci-DESTACADA-presseguers-1024x465.webp 1024w, https:\/\/comt.cat\/wp-content\/uploads\/2023\/02\/Plaoci-DESTACADA-presseguers-768x349.webp 768w, https:\/\/comt.cat\/wp-content\/uploads\/2023\/02\/Plaoci-DESTACADA-presseguers-1536x698.webp 1536w\" sizes=\"(max-width: 1540px) 100vw, 1540px\" \/>\t\t\t\t<div class=\"overlay\" style=\"background-color:rgba(105, 105, 105, 0.802)\"><\/div>\t\t\t\t\t\t\t<\/div>\n\t\t\t\t\t<\/div>\n\n\t\t<div class=\"box-text text-center is-large\" style=\"background-color:rgb(243, 243, 243);padding:27px 0px 20px 0px;\">\n\t\t\t<div class=\"box-text-inner\">\n\t\t\t\t\n\n<h3>ACTIVIDAD CERRADA<\/h3>\n<p>&nbsp;<\/p>\n<h4>Visita &#8211; Entre melocotoneros en flor en Tivissa con brunch<\/h4>\n<p>&nbsp;<\/p>\n<p>11 de marzo de 2023<\/p>\n\n\t\t\t<\/div>\n\t\t<\/div>\n\t<\/div>\n\t\n<a href=\"https:\/\/www.turismedetarragona.com\/ca\/tour\/tarragona-llegendaria-misteris-i-crims-comt\/\" class=\"button white expand\" >\n\t\t<span>M\u00e1s informaci\u00f3n<\/span>\n\t<\/a>\n\n\n\n\t\t<\/div>\n\t\t\t\t\t<\/div>\n\n\t\n\n\t<div id=\"col-339072430\" class=\"col medium-3 small-12 large-3\"  >\n\t\t\t\t<div class=\"col-inner\"  >\n\t\t\t\n\t\t\t\n\n\t<div class=\"box has-hover   has-hover box-text-bottom\" >\n\n\t\t<div class=\"box-image\" >\n\t\t\t\t\t\t<div class=\"\" >\n\t\t\t\t<img loading=\"lazy\" decoding=\"async\" width=\"1540\" height=\"700\" src=\"https:\/\/comt.cat\/wp-content\/uploads\/2023\/02\/PladociPoblet.webp\" class=\"attachment- size-\" alt=\"Destacada Pla Oci_PobletOK\" srcset=\"https:\/\/comt.cat\/wp-content\/uploads\/2023\/02\/PladociPoblet.webp 1540w, https:\/\/comt.cat\/wp-content\/uploads\/2023\/02\/PladociPoblet-300x136.webp 300w, https:\/\/comt.cat\/wp-content\/uploads\/2023\/02\/PladociPoblet-1024x465.webp 1024w, https:\/\/comt.cat\/wp-content\/uploads\/2023\/02\/PladociPoblet-768x349.webp 768w, https:\/\/comt.cat\/wp-content\/uploads\/2023\/02\/PladociPoblet-1536x698.webp 1536w\" sizes=\"(max-width: 1540px) 100vw, 1540px\" \/>\t\t\t\t<div class=\"overlay\" style=\"background-color:rgba(105, 105, 105, 0.802)\"><\/div>\t\t\t\t\t\t\t<\/div>\n\t\t\t\t\t<\/div>\n\n\t\t<div class=\"box-text text-center is-large\" style=\"background-color:rgb(243, 243, 243);padding:27px 0px 20px 0px;\">\n\t\t\t<div class=\"box-text-inner\">\n\t\t\t\t\n\n<h3>ACTIVIDAD CERRADA<\/h3>\n<p>&nbsp;<\/p>\n<h4>Visita &#8211; Monestir Santa Maria de Poblet<\/h4>\n<p>&nbsp;<\/p>\n<p>25 de febrero de 2023<\/p>\n\n\t\t\t<\/div>\n\t\t<\/div>\n\t<\/div>\n\t\n<a href=\"https:\/\/www.turismedetarragona.com\/ca\/tour\/entre-presseguers-florits-a-tivissa-amb-brunch-a-laire-lliure-comt\/\" class=\"button white expand\" >\n\t\t<span>M\u00e1s informaci\u00f3n<\/span>\n\t<\/a>\n\n\n\n\t\t<\/div>\n\t\t\t\t\t<\/div>\n\n\t\n\n\t<div id=\"col-514550782\" class=\"col medium-3 small-12 large-3\"  >\n\t\t\t\t<div class=\"col-inner\"  >\n\t\t\t\n\t\t\t\n\n\t<div class=\"box has-hover   has-hover box-text-bottom\" >\n\n\t\t<div class=\"box-image\" >\n\t\t\t\t\t\t<div class=\"\" >\n\t\t\t\t<img loading=\"lazy\" decoding=\"async\" width=\"1540\" height=\"700\" src=\"https:\/\/comt.cat\/wp-content\/uploads\/2023\/01\/Destacada-noticiaMisteris-i-Crims.jpeg\" class=\"attachment- size-\" alt=\"Destacada noticiaMisteris i Crims\" srcset=\"https:\/\/comt.cat\/wp-content\/uploads\/2023\/01\/Destacada-noticiaMisteris-i-Crims.jpeg 1540w, https:\/\/comt.cat\/wp-content\/uploads\/2023\/01\/Destacada-noticiaMisteris-i-Crims-300x136.jpeg 300w, https:\/\/comt.cat\/wp-content\/uploads\/2023\/01\/Destacada-noticiaMisteris-i-Crims-1024x465.jpeg 1024w, https:\/\/comt.cat\/wp-content\/uploads\/2023\/01\/Destacada-noticiaMisteris-i-Crims-768x349.jpeg 768w, https:\/\/comt.cat\/wp-content\/uploads\/2023\/01\/Destacada-noticiaMisteris-i-Crims-1536x698.jpeg 1536w\" sizes=\"(max-width: 1540px) 100vw, 1540px\" \/>\t\t\t\t<div class=\"overlay\" style=\"background-color:rgba(105, 105, 105, 0.802)\"><\/div>\t\t\t\t\t\t\t<\/div>\n\t\t\t\t\t<\/div>\n\n\t\t<div class=\"box-text text-center is-large\" style=\"background-color:rgb(243, 243, 243);padding:27px 0px 20px 0px;\">\n\t\t\t<div class=\"box-text-inner\">\n\t\t\t\t\n\n<h3>ACTIVIDAD CERRADA<\/h3>\n<p>&nbsp;<\/p>\n<h4>Tarragona legendaria &#8211; Misterios y Cr\u00edmenes<\/h4>\n<h4>&nbsp;&nbsp;<\/h4>\n<p>27 i 28 de enero 2023<\/p>\n\n\t\t\t<\/div>\n\t\t<\/div>\n\t<\/div>\n\t\n<a href=\"https:\/\/www.turismedetarragona.com\/ca\/tour\/tarragona-llegendaria-misteris-i-crims-comt\/\" class=\"button white expand\" >\n\t\t<span>M\u00e1s informaci\u00f3n<\/span>\n\t<\/a>\n\n\n\n\t\t<\/div>\n\t\t\t\t\t<\/div>\n\n\t\n\n<\/div>\n<div class=\"container section-title-container\" ><h2 class=\"section-title section-title-normal\"><b aria-hidden=\"true\"><\/b><span class=\"section-title-main\" style=\"color:#45dace;\">Plan de ocio 2022<\/span><b aria-hidden=\"true\"><\/b><\/h2><\/div>\n\n<div class=\"row\"  id=\"row-1300883696\">\n\n\n\t<div id=\"col-1643493122\" class=\"col medium-3 small-6 large-3\"  >\n\t\t\t\t<div class=\"col-inner\"  >\n\t\t\t\n\t\t\t\n\n\t<div class=\"box has-hover   has-hover box-text-bottom\" >\n\n\t\t<div class=\"box-image\" >\n\t\t\t\t\t\t<div class=\"\" >\n\t\t\t\t<img loading=\"lazy\" decoding=\"async\" width=\"1540\" height=\"700\" src=\"https:\/\/comt.cat\/wp-content\/uploads\/2022\/10\/DestacadaItinereNovembre.webp\" class=\"attachment- size-\" alt=\"DestacadaItinereNovembre\" srcset=\"https:\/\/comt.cat\/wp-content\/uploads\/2022\/10\/DestacadaItinereNovembre.webp 1540w, https:\/\/comt.cat\/wp-content\/uploads\/2022\/10\/DestacadaItinereNovembre-300x136.webp 300w, https:\/\/comt.cat\/wp-content\/uploads\/2022\/10\/DestacadaItinereNovembre-1024x465.webp 1024w, https:\/\/comt.cat\/wp-content\/uploads\/2022\/10\/DestacadaItinereNovembre-768x349.webp 768w, https:\/\/comt.cat\/wp-content\/uploads\/2022\/10\/DestacadaItinereNovembre-1536x698.webp 1536w\" sizes=\"(max-width: 1540px) 100vw, 1540px\" \/>\t\t\t\t<div class=\"overlay\" style=\"background-color:rgba(105, 105, 105, 0.802)\"><\/div>\t\t\t\t\t\t\t<\/div>\n\t\t\t\t\t<\/div>\n\n\t\t<div class=\"box-text text-center is-large\" style=\"background-color:rgb(243, 243, 243);padding:27px 0px 20px 0px;\">\n\t\t\t<div class=\"box-text-inner\">\n\t\t\t\t\n\n<h3>ACTIVIDAD CERRADA<\/h3>\n<p>&nbsp;<\/p>\n<h4>Visita guiada Catedral de Tgna &#8211; Centro hist\u00f3rico<\/h4>\n<p>12 de noivembre 2022<\/p>\n\n\t\t\t<\/div>\n\t\t<\/div>\n\t<\/div>\n\t\n<a href=\"https:\/\/www.turismedetarragona.com\/ca\/tour\/catedral-de-tarragona-comt\/\" class=\"button white expand\" >\n\t\t<span>M\u00e1s informaci\u00f3n<\/span>\n\t<\/a>\n\n\n\n\t\t<\/div>\n\t\t\t\t\t<\/div>\n\n\t\n\n\t<div id=\"col-1787006330\" class=\"col medium-3 small-6 large-3\"  >\n\t\t\t\t<div class=\"col-inner\"  >\n\t\t\t\n\t\t\t\n\n\t<div class=\"box has-hover   has-hover box-text-bottom\" >\n\n\t\t<div class=\"box-image\" >\n\t\t\t\t\t\t<div class=\"\" >\n\t\t\t\t<img loading=\"lazy\" decoding=\"async\" width=\"1540\" height=\"700\" src=\"https:\/\/comt.cat\/wp-content\/uploads\/2022\/09\/Pladoci_Modernisme.webp\" class=\"attachment- size-\" alt=\"Pladoci_Modernisme\" srcset=\"https:\/\/comt.cat\/wp-content\/uploads\/2022\/09\/Pladoci_Modernisme.webp 1540w, https:\/\/comt.cat\/wp-content\/uploads\/2022\/09\/Pladoci_Modernisme-300x136.webp 300w, https:\/\/comt.cat\/wp-content\/uploads\/2022\/09\/Pladoci_Modernisme-1024x465.webp 1024w, https:\/\/comt.cat\/wp-content\/uploads\/2022\/09\/Pladoci_Modernisme-768x349.webp 768w, https:\/\/comt.cat\/wp-content\/uploads\/2022\/09\/Pladoci_Modernisme-1536x698.webp 1536w\" sizes=\"(max-width: 1540px) 100vw, 1540px\" \/>\t\t\t\t<div class=\"overlay\" style=\"background-color:rgba(105, 105, 105, 0.802)\"><\/div>\t\t\t\t\t\t\t<\/div>\n\t\t\t\t\t<\/div>\n\n\t\t<div class=\"box-text text-center is-large\" style=\"background-color:rgb(243, 243, 243);padding:27px 0px 20px 0px;\">\n\t\t\t<div class=\"box-text-inner\">\n\t\t\t\t\n\n<h3>ACTIVIDAD CERRADA<\/h3>\n<p>&nbsp;<\/p>\n<h4>Visita guiada al modernismo &#8211; Reus<\/h4>\n<p>01 de octubre 2022<\/p>\n\n\t\t\t<\/div>\n\t\t<\/div>\n\t<\/div>\n\t\n<a href=\"https:\/\/www.turismedetarragona.com\/ca\/tour\/reus-modernista-comt\/\" class=\"button white expand\" >\n\t\t<span>M\u00e1s informaci\u00f3n<\/span>\n\t<\/a>\n\n\n\n\t\t<\/div>\n\t\t\t\t\t<\/div>\n\n\t\n\n\t<div id=\"col-746228408\" class=\"col medium-3 small-6 large-3\"  >\n\t\t\t\t<div class=\"col-inner\"  >\n\t\t\t\n\t\t\t\n\n\t<div class=\"box has-hover   has-hover box-text-bottom\" >\n\n\t\t<div class=\"box-image\" >\n\t\t\t\t\t\t<div class=\"\" >\n\t\t\t\t<img loading=\"lazy\" decoding=\"async\" width=\"1540\" height=\"700\" src=\"https:\/\/comt.cat\/wp-content\/uploads\/2022\/08\/Itinere02-setembre.jpg\" class=\"attachment- size-\" alt=\"Itinere activitat 02 setembre\" srcset=\"https:\/\/comt.cat\/wp-content\/uploads\/2022\/08\/Itinere02-setembre.jpg 1540w, https:\/\/comt.cat\/wp-content\/uploads\/2022\/08\/Itinere02-setembre-300x136.jpg 300w, https:\/\/comt.cat\/wp-content\/uploads\/2022\/08\/Itinere02-setembre-1024x465.jpg 1024w, https:\/\/comt.cat\/wp-content\/uploads\/2022\/08\/Itinere02-setembre-768x349.jpg 768w, https:\/\/comt.cat\/wp-content\/uploads\/2022\/08\/Itinere02-setembre-1536x698.jpg 1536w\" sizes=\"(max-width: 1540px) 100vw, 1540px\" \/>\t\t\t\t<div class=\"overlay\" style=\"background-color:rgba(105, 105, 105, 0.802)\"><\/div>\t\t\t\t\t\t\t<\/div>\n\t\t\t\t\t<\/div>\n\n\t\t<div class=\"box-text text-center is-large\" style=\"background-color:rgb(243, 243, 243);padding:27px 0px 20px 0px;\">\n\t\t\t<div class=\"box-text-inner\">\n\t\t\t\t\n\n<h3>ACTIVIDAD CERRADA<\/h3>\n<p>&nbsp;<\/p>\n<h4>Misterios y leyendas de Tarragona<\/h4>\n<p>02 de septiembre 2022<\/p>\n\n\t\t\t<\/div>\n\t\t<\/div>\n\t<\/div>\n\t\n<a href=\"https:\/\/comt.cat\/pla-doci-del-comt-misteris-i-llegendes-de-tarragona\/\" class=\"button white expand\" >\n\t\t<span>M\u00e1s informaci\u00f3n<\/span>\n\t<\/a>\n\n\n\n\t\t<\/div>\n\t\t\t\t\t<\/div>\n\n\t\n\n\t<div id=\"col-1798617939\" class=\"col medium-3 small-12 large-3\"  >\n\t\t\t\t<div class=\"col-inner\"  >\n\t\t\t\n\t\t\t\n\n\t<div class=\"box has-hover   has-hover box-text-bottom\" >\n\n\t\t<div class=\"box-image\" >\n\t\t\t\t\t\t<div class=\"\" >\n\t\t\t\t<img loading=\"lazy\" decoding=\"async\" width=\"1540\" height=\"700\" src=\"https:\/\/comt.cat\/wp-content\/uploads\/2022\/06\/Itinere_Celler_Tast.jpg\" class=\"attachment- size-\" alt=\"\" srcset=\"https:\/\/comt.cat\/wp-content\/uploads\/2022\/06\/Itinere_Celler_Tast.jpg 1540w, https:\/\/comt.cat\/wp-content\/uploads\/2022\/06\/Itinere_Celler_Tast-300x136.jpg 300w, https:\/\/comt.cat\/wp-content\/uploads\/2022\/06\/Itinere_Celler_Tast-1024x465.jpg 1024w, https:\/\/comt.cat\/wp-content\/uploads\/2022\/06\/Itinere_Celler_Tast-768x349.jpg 768w, https:\/\/comt.cat\/wp-content\/uploads\/2022\/06\/Itinere_Celler_Tast-1536x698.jpg 1536w\" sizes=\"(max-width: 1540px) 100vw, 1540px\" \/>\t\t\t\t<div class=\"overlay\" style=\"background-color:rgba(105, 105, 105, 0.802)\"><\/div>\t\t\t\t\t\t\t<\/div>\n\t\t\t\t\t<\/div>\n\n\t\t<div class=\"box-text text-center is-large\" style=\"background-color:rgb(243, 243, 243);padding:27px 0px 20px 0px;\">\n\t\t\t<div class=\"box-text-inner\">\n\t\t\t\t\n\n<h3>ACTIVIDAD CERRADA<\/h3>\n<p>&nbsp;<\/p>\n<h4>Cata, almuerzo y visita a una bodega<\/h4>\n<p>04 de junio 2022<\/p>\n\n\t\t\t<\/div>\n\t\t<\/div>\n\t<\/div>\n\t\n<a href=\"https:\/\/comt.cat\/pla-doci-del-comt-esmorzar-de-pages-visita-i-cata-al-celler-alvarez-duran-porrera\/\" class=\"button white expand\" >\n\t\t<span>M\u00e1s informaci\u00f3n<\/span>\n\t<\/a>\n\n\n\n\t\t<\/div>\n\t\t\t\t\t<\/div>\n\n\t\n\n\t<div id=\"col-1957123676\" class=\"col medium-3 small-12 large-3\"  >\n\t\t\t\t<div class=\"col-inner\"  >\n\t\t\t\n\t\t\t\n\n\t<div class=\"box has-hover   has-hover box-text-bottom\" >\n\n\t\t<div class=\"box-image\" >\n\t\t\t\t\t\t<div class=\"\" >\n\t\t\t\t<img loading=\"lazy\" decoding=\"async\" width=\"1540\" height=\"700\" src=\"https:\/\/comt.cat\/wp-content\/uploads\/2022\/06\/Itinere-Delta.webp\" class=\"attachment- size-\" alt=\"\" srcset=\"https:\/\/comt.cat\/wp-content\/uploads\/2022\/06\/Itinere-Delta.webp 1540w, https:\/\/comt.cat\/wp-content\/uploads\/2022\/06\/Itinere-Delta-300x136.webp 300w, https:\/\/comt.cat\/wp-content\/uploads\/2022\/06\/Itinere-Delta-1024x465.webp 1024w, https:\/\/comt.cat\/wp-content\/uploads\/2022\/06\/Itinere-Delta-768x349.webp 768w, https:\/\/comt.cat\/wp-content\/uploads\/2022\/06\/Itinere-Delta-1536x698.webp 1536w\" sizes=\"(max-width: 1540px) 100vw, 1540px\" \/>\t\t\t\t<div class=\"overlay\" style=\"background-color:rgba(105, 105, 105, 0.802)\"><\/div>\t\t\t\t\t\t\t<\/div>\n\t\t\t\t\t<\/div>\n\n\t\t<div class=\"box-text text-center is-large\" style=\"background-color:rgb(243, 243, 243);padding:27px 0px 20px 0px;\">\n\t\t\t<div class=\"box-text-inner\">\n\t\t\t\t\n\n<h3>ACTIVIDAD CERRADA<\/h3>\n<p>&nbsp;<\/p>\n<h4>Visita al Delta de l&#8217;Ebre &#8211; Deltebre<\/h4>\n<p>21 de mayo 2022<\/p>\n\n\t\t\t<\/div>\n\t\t<\/div>\n\t<\/div>\n\t\n<a href=\"https:\/\/comt.cat\/pla-doci-del-comt-visita-al-delta-de-lebre-deltebre\/\" class=\"button white expand\" >\n\t\t<span>M\u00e1s informaci\u00f3n<\/span>\n\t<\/a>\n\n\n\n\t\t<\/div>\n\t\t\t\t\t<\/div>\n\n\t\n\n\t<div id=\"col-1102791071\" class=\"col medium-3 small-12 large-3\"  >\n\t\t\t\t<div class=\"col-inner\"  >\n\t\t\t\n\t\t\t\n\n\t<div class=\"box has-hover   has-hover box-text-bottom\" >\n\n\t\t<div class=\"box-image\" >\n\t\t\t\t\t\t<div class=\"\" >\n\t\t\t\t<img loading=\"lazy\" decoding=\"async\" width=\"1540\" height=\"700\" src=\"https:\/\/comt.cat\/wp-content\/uploads\/2022\/04\/MartiFranques.jpg\" class=\"attachment- size-\" alt=\"\" srcset=\"https:\/\/comt.cat\/wp-content\/uploads\/2022\/04\/MartiFranques.jpg 1540w, https:\/\/comt.cat\/wp-content\/uploads\/2022\/04\/MartiFranques-300x136.jpg 300w, https:\/\/comt.cat\/wp-content\/uploads\/2022\/04\/MartiFranques-1024x465.jpg 1024w, https:\/\/comt.cat\/wp-content\/uploads\/2022\/04\/MartiFranques-768x349.jpg 768w, https:\/\/comt.cat\/wp-content\/uploads\/2022\/04\/MartiFranques-1536x698.jpg 1536w\" sizes=\"(max-width: 1540px) 100vw, 1540px\" \/>\t\t\t\t<div class=\"overlay\" style=\"background-color:rgba(105, 105, 105, 0.802)\"><\/div>\t\t\t\t\t\t\t<\/div>\n\t\t\t\t\t<\/div>\n\n\t\t<div class=\"box-text text-center is-large\" style=\"background-color:rgb(243, 243, 243);padding:27px 0px 20px 0px;\">\n\t\t\t<div class=\"box-text-inner\">\n\t\t\t\t\n\n<h3>ACTIVIDAD CERRADA<\/h3>\n<p>&nbsp;<\/p>\n<h4>\u00bfQui\u00e9n era Antoni de Mart\u00ed Franqu\u00e9s?<\/h4>\n<p>30 de abril 2022<\/p>\n\n\t\t\t<\/div>\n\t\t<\/div>\n\t<\/div>\n\t\n<a href=\"https:\/\/comt.cat\/pla-doci-del-comt-antoni-de-marti-i-franques\/\" class=\"button white expand\" >\n\t\t<span>M\u00e1s informaci\u00f3n<\/span>\n\t<\/a>\n\n\n\n\t\t<\/div>\n\t\t\t\t\t<\/div>\n\n\t\n\n\t<div id=\"col-438864969\" class=\"col medium-3 small-12 large-3\"  >\n\t\t\t\t<div class=\"col-inner\"  >\n\t\t\t\n\t\t\t\n\n\t<div class=\"box has-hover   has-hover box-text-bottom\" >\n\n\t\t<div class=\"box-image\" >\n\t\t\t\t\t\t<div class=\"\" >\n\t\t\t\t<img loading=\"lazy\" decoding=\"async\" width=\"1540\" height=\"700\" src=\"https:\/\/comt.cat\/wp-content\/uploads\/2022\/06\/PlaOciCOMTVespreJueu.jpg\" class=\"attachment- size-\" alt=\"Pla d&#039;oci del COMT Vespre Jueu\" srcset=\"https:\/\/comt.cat\/wp-content\/uploads\/2022\/06\/PlaOciCOMTVespreJueu.jpg 1540w, https:\/\/comt.cat\/wp-content\/uploads\/2022\/06\/PlaOciCOMTVespreJueu-300x136.jpg 300w, https:\/\/comt.cat\/wp-content\/uploads\/2022\/06\/PlaOciCOMTVespreJueu-1024x465.jpg 1024w, https:\/\/comt.cat\/wp-content\/uploads\/2022\/06\/PlaOciCOMTVespreJueu-768x349.jpg 768w, https:\/\/comt.cat\/wp-content\/uploads\/2022\/06\/PlaOciCOMTVespreJueu-1536x698.jpg 1536w\" sizes=\"(max-width: 1540px) 100vw, 1540px\" \/>\t\t\t\t<div class=\"overlay\" style=\"background-color:rgba(105, 105, 105, 0.802)\"><\/div>\t\t\t\t\t\t\t<\/div>\n\t\t\t\t\t<\/div>\n\n\t\t<div class=\"box-text text-center is-large\" style=\"background-color:rgb(243, 243, 243);padding:27px 0px 20px 0px;\">\n\t\t\t<div class=\"box-text-inner\">\n\t\t\t\t\n\n<h3>ACTIVIDAD CERRADA<\/h3>\n<p>&nbsp;<\/p>\n<h4>Atardecer jud\u00edo en la ciudad de Tarragona<\/h4>\n<p>02 de julio 2022<\/p>\n\n\t\t\t<\/div>\n\t\t<\/div>\n\t<\/div>\n\t\n<a href=\"https:\/\/www.turismedetarragona.com\/ca\/tour\/vespre-jueu-a-tarragona-comt\/\" class=\"button white expand\" >\n\t\t<span>M\u00e1s informaci\u00f3n<\/span>\n\t<\/a>\n\n\n\n\t\t<\/div>\n\t\t\t\t\t<\/div>\n\n\t\n\n<\/div>\n\n\t\t<\/div>\n\t\t\t\t\t<\/div>\n\n\t\n\n\t<div id=\"col-1009225983\" class=\"col small-12 large-12\"  >\n\t\t\t\t<div class=\"col-inner\"  >\n\t\t\t\n\t\t\t\n\n\t<div id=\"gap-77448169\" class=\"gap-element clearfix\" style=\"display:block; height:auto;\">\n\t\t\n<style>\n#gap-77448169 {\n  padding-top: 30px;\n}\n<\/style>\n\t<\/div>\n\t\n\n<div class=\"container section-title-container\" ><h2 class=\"section-title section-title-normal\"><b aria-hidden=\"true\"><\/b><span class=\"section-title-main\" style=\"color:#45dace;\">Plan de ocio 2025<\/span><b aria-hidden=\"true\"><\/b><\/h2><\/div>\n\n<div class=\"row\"  id=\"row-636236626\">\n\n\n\t<div id=\"col-362564663\" class=\"col medium-3 small-12 large-3\"  >\n\t\t\t\t<div class=\"col-inner\"  >\n\t\t\t\n\t\t\t\n\n\t<div class=\"box has-hover   has-hover box-text-bottom\" >\n\n\t\t<div class=\"box-image\" >\n\t\t\t<a href=\"https:\/\/comt.cat\/es\/pla-doci-experiencia-cal%C2%B7ligrafica-medieval\/\" target=\"_blank\" rel=\"noopener\" >\t\t\t<div class=\"\" >\n\t\t\t\t<img loading=\"lazy\" decoding=\"async\" width=\"1540\" height=\"700\" src=\"https:\/\/comt.cat\/wp-content\/uploads\/2025\/11\/destacades-Pla-dOCI-2025-2.png\" class=\"attachment- size-\" alt=\"\" srcset=\"https:\/\/comt.cat\/wp-content\/uploads\/2025\/11\/destacades-Pla-dOCI-2025-2.png 1540w, https:\/\/comt.cat\/wp-content\/uploads\/2025\/11\/destacades-Pla-dOCI-2025-2-300x136.png 300w, https:\/\/comt.cat\/wp-content\/uploads\/2025\/11\/destacades-Pla-dOCI-2025-2-1024x465.png 1024w, https:\/\/comt.cat\/wp-content\/uploads\/2025\/11\/destacades-Pla-dOCI-2025-2-768x349.png 768w, https:\/\/comt.cat\/wp-content\/uploads\/2025\/11\/destacades-Pla-dOCI-2025-2-1536x698.png 1536w, https:\/\/comt.cat\/wp-content\/uploads\/2025\/11\/destacades-Pla-dOCI-2025-2-600x273.png 600w\" sizes=\"(max-width: 1540px) 100vw, 1540px\" \/>\t\t\t\t<div class=\"overlay\" style=\"background-color:rgba(129, 129, 129, 0)\"><\/div>\t\t\t\t\t\t\t<\/div>\n\t\t\t<\/a>\t\t<\/div>\n\n\t\t<div class=\"box-text text-center is-large\" style=\"background-color:rgb(243, 243, 243);padding:27px 0px 20px 0px;\">\n\t\t\t<div class=\"box-text-inner\">\n\t\t\t\t\n\n<h3>ACTIVIDAD ABIERTA<\/h3>\n<p>\u00a0<\/p>\n<h4>Experiencia caligr\u00e1fica medieval<\/h4>\n<p>\u00a0<\/p>\n<p>13 de diciembre de 2025<\/p>\n\n\t\t\t<\/div>\n\t\t<\/div>\n\t<\/div>\n\t\n<a href=\"https:\/\/comt.cat\/es\/pla-doci-experiencia-cal%C2%B7ligrafica-medieval\/\" class=\"button white expand\" >\n\t\t<span>M\u00e1s informaci\u00f3n<\/span>\n\t<\/a>\n\n\n\n\t\t<\/div>\n\t\t\t\t\t<\/div>\n\n\t\n\n\t<div id=\"col-466324087\" class=\"col medium-3 small-12 large-3\"  >\n\t\t\t\t<div class=\"col-inner\"  >\n\t\t\t\n\t\t\t\n\n\t<div class=\"box has-hover   has-hover box-text-bottom\" >\n\n\t\t<div class=\"box-image\" >\n\t\t\t<a href=\"https:\/\/www.turismedetarragona.com\/ca\/tour\/visita-guiada-espai-mammuthus-comt-2025\/\" target=\"_blank\" rel=\"noopener\" >\t\t\t<div class=\"\" >\n\t\t\t\t<img loading=\"lazy\" decoding=\"async\" width=\"1540\" height=\"700\" src=\"https:\/\/comt.cat\/wp-content\/uploads\/2025\/11\/destacades-Pla-dOCI-2025-2.png\" class=\"attachment- size-\" alt=\"\" srcset=\"https:\/\/comt.cat\/wp-content\/uploads\/2025\/11\/destacades-Pla-dOCI-2025-2.png 1540w, https:\/\/comt.cat\/wp-content\/uploads\/2025\/11\/destacades-Pla-dOCI-2025-2-300x136.png 300w, https:\/\/comt.cat\/wp-content\/uploads\/2025\/11\/destacades-Pla-dOCI-2025-2-1024x465.png 1024w, https:\/\/comt.cat\/wp-content\/uploads\/2025\/11\/destacades-Pla-dOCI-2025-2-768x349.png 768w, https:\/\/comt.cat\/wp-content\/uploads\/2025\/11\/destacades-Pla-dOCI-2025-2-1536x698.png 1536w, https:\/\/comt.cat\/wp-content\/uploads\/2025\/11\/destacades-Pla-dOCI-2025-2-600x273.png 600w\" sizes=\"(max-width: 1540px) 100vw, 1540px\" \/>\t\t\t\t<div class=\"overlay\" style=\"background-color:rgba(129, 129, 129, 0)\"><\/div>\t\t\t\t\t\t\t<\/div>\n\t\t\t<\/a>\t\t<\/div>\n\n\t\t<div class=\"box-text text-center is-large\" style=\"background-color:rgb(243, 243, 243);padding:27px 0px 20px 0px;\">\n\t\t\t<div class=\"box-text-inner\">\n\t\t\t\t\n\n<h3>ACTIVIDAD CERRADA<\/h3>\n<p>\u00a0<\/p>\n<h4>\u00a0Visita guiada al espacio Mammuthus<\/h4>\n<p>\u00a0<\/p>\n<p>29 de noviembre de 2025<\/p>\n\n\t\t\t<\/div>\n\t\t<\/div>\n\t<\/div>\n\t\n<a href=\"https:\/\/www.turismedetarragona.com\/ca\/tour\/visita-guiada-espai-mammuthus-comt-2025\/\" class=\"button white expand\" >\n\t\t<span>M\u00e1s informaci\u00f3n<\/span>\n\t<\/a>\n\n\n\n\t\t<\/div>\n\t\t\t\t\t<\/div>\n\n\t\n\n\t<div id=\"col-1856972744\" class=\"col medium-3 small-12 large-3\"  >\n\t\t\t\t<div class=\"col-inner\"  >\n\t\t\t\n\t\t\t\n\n\t<div class=\"box has-hover   has-hover box-text-bottom\" >\n\n\t\t<div class=\"box-image\" >\n\t\t\t<a href=\"https:\/\/comt.cat\/es\/plan-ocio-santescreus-2025\/\" target=\"_blank\" rel=\"noopener\" >\t\t\t<div class=\"\" >\n\t\t\t\t<img loading=\"lazy\" decoding=\"async\" width=\"1540\" height=\"700\" src=\"https:\/\/comt.cat\/wp-content\/uploads\/2025\/09\/destacades-Pla-dOCI-2025.png\" class=\"attachment- size-\" alt=\"\" srcset=\"https:\/\/comt.cat\/wp-content\/uploads\/2025\/09\/destacades-Pla-dOCI-2025.png 1540w, https:\/\/comt.cat\/wp-content\/uploads\/2025\/09\/destacades-Pla-dOCI-2025-300x136.png 300w, https:\/\/comt.cat\/wp-content\/uploads\/2025\/09\/destacades-Pla-dOCI-2025-1024x465.png 1024w, https:\/\/comt.cat\/wp-content\/uploads\/2025\/09\/destacades-Pla-dOCI-2025-768x349.png 768w, https:\/\/comt.cat\/wp-content\/uploads\/2025\/09\/destacades-Pla-dOCI-2025-1536x698.png 1536w, https:\/\/comt.cat\/wp-content\/uploads\/2025\/09\/destacades-Pla-dOCI-2025-600x273.png 600w\" sizes=\"(max-width: 1540px) 100vw, 1540px\" \/>\t\t\t\t<div class=\"overlay\" style=\"background-color:rgba(129, 129, 129, 0.552)\"><\/div>\t\t\t\t\t\t\t<\/div>\n\t\t\t<\/a>\t\t<\/div>\n\n\t\t<div class=\"box-text text-center is-large\" style=\"background-color:rgb(243, 243, 243);padding:27px 0px 20px 0px;\">\n\t\t\t<div class=\"box-text-inner\">\n\t\t\t\t\n\n<h3>ACTIVIDAD CERRADA<\/h3>\n<p>\u00a0<\/p>\n<h4>Excursi\u00f3 al Monestir de Santes Creus<\/h4>\n<p>\u00a0<\/p>\n<p>25 d&#8217;octubre de 2025<\/p>\n\n\t\t\t<\/div>\n\t\t<\/div>\n\t<\/div>\n\t\n<a href=\"https:\/\/comt.cat\/es\/plan-ocio-santescreus-2025\/\" class=\"button white expand\" >\n\t\t<span>M\u00e1s informaci\u00f3n<\/span>\n\t<\/a>\n\n\n\n\t\t<\/div>\n\t\t\t\t\t<\/div>\n\n\t\n\n\t<div id=\"col-1893286243\" class=\"col medium-3 small-12 large-3\"  >\n\t\t\t\t<div class=\"col-inner\"  >\n\t\t\t\n\t\t\t\n\n\t<div class=\"box has-hover   has-hover box-text-bottom\" >\n\n\t\t<div class=\"box-image\" >\n\t\t\t<a href=\"https:\/\/comt.cat\/pla-doci-cami-de-la-llum-a-la-catedral-de-tarragona\/\" target=\"_blank\" rel=\"noopener\" >\t\t\t<div class=\"\" >\n\t\t\t\t<img loading=\"lazy\" decoding=\"async\" width=\"1540\" height=\"700\" src=\"https:\/\/comt.cat\/wp-content\/uploads\/2025\/07\/pla-doci-setembre-25.png\" class=\"attachment- size-\" alt=\"\" srcset=\"https:\/\/comt.cat\/wp-content\/uploads\/2025\/07\/pla-doci-setembre-25.png 1540w, https:\/\/comt.cat\/wp-content\/uploads\/2025\/07\/pla-doci-setembre-25-300x136.png 300w, https:\/\/comt.cat\/wp-content\/uploads\/2025\/07\/pla-doci-setembre-25-1024x465.png 1024w, https:\/\/comt.cat\/wp-content\/uploads\/2025\/07\/pla-doci-setembre-25-768x349.png 768w, https:\/\/comt.cat\/wp-content\/uploads\/2025\/07\/pla-doci-setembre-25-1536x698.png 1536w, https:\/\/comt.cat\/wp-content\/uploads\/2025\/07\/pla-doci-setembre-25-600x273.png 600w\" sizes=\"(max-width: 1540px) 100vw, 1540px\" \/>\t\t\t\t<div class=\"overlay\" style=\"background-color:rgba(129, 129, 129, 0.61)\"><\/div>\t\t\t\t\t\t\t<\/div>\n\t\t\t<\/a>\t\t<\/div>\n\n\t\t<div class=\"box-text text-center is-large\" style=\"background-color:rgb(243, 243, 243);padding:27px 0px 20px 0px;\">\n\t\t\t<div class=\"box-text-inner\">\n\t\t\t\t\n\n<h3>ACTIVIDAD CERRADA<\/h3>\n<p>\u00a0<\/p>\n<h4>Camino de la luz en la Catedral de Tarragona<\/h4>\n<p>\u00a0<\/p>\n<p>5 de septiembre de 2025<\/p>\n\n\t\t\t<\/div>\n\t\t<\/div>\n\t<\/div>\n\t\n<a href=\"https:\/\/www.turismedetarragona.com\/ca\/tour\/cami-llum-catedral-tarragona-comt-2025-5\/\" class=\"button white expand\" >\n\t\t<span>M\u00e1s informaci\u00f3n<\/span>\n\t<\/a>\n\n\n\n\t\t<\/div>\n\t\t\t\t\t<\/div>\n\n\t\n\n\t<div id=\"col-2142387172\" class=\"col medium-3 small-12 large-3\"  >\n\t\t\t\t<div class=\"col-inner\"  >\n\t\t\t\n\t\t\t\n\n\t<div class=\"box has-hover   has-hover box-text-bottom\" >\n\n\t\t<div class=\"box-image\" >\n\t\t\t<a href=\"https:\/\/comt.cat\/pla-doci-prades-juliol\/\" target=\"_blank\" rel=\"noopener\" >\t\t\t<div class=\"\" >\n\t\t\t\t<img loading=\"lazy\" decoding=\"async\" width=\"1540\" height=\"700\" src=\"https:\/\/comt.cat\/wp-content\/uploads\/2025\/06\/Pla-doci-juliol.webp\" class=\"attachment- size-\" alt=\"\" srcset=\"https:\/\/comt.cat\/wp-content\/uploads\/2025\/06\/Pla-doci-juliol.webp 1540w, https:\/\/comt.cat\/wp-content\/uploads\/2025\/06\/Pla-doci-juliol-300x136.webp 300w, https:\/\/comt.cat\/wp-content\/uploads\/2025\/06\/Pla-doci-juliol-1024x465.webp 1024w, https:\/\/comt.cat\/wp-content\/uploads\/2025\/06\/Pla-doci-juliol-768x349.webp 768w, https:\/\/comt.cat\/wp-content\/uploads\/2025\/06\/Pla-doci-juliol-1536x698.webp 1536w, https:\/\/comt.cat\/wp-content\/uploads\/2025\/06\/Pla-doci-juliol-600x273.webp 600w\" sizes=\"(max-width: 1540px) 100vw, 1540px\" \/>\t\t\t\t<div class=\"overlay\" style=\"background-color:rgba(129, 129, 129, 0.599)\"><\/div>\t\t\t\t\t\t\t<\/div>\n\t\t\t<\/a>\t\t<\/div>\n\n\t\t<div class=\"box-text text-center is-large\" style=\"background-color:rgb(243, 243, 243);padding:27px 0px 20px 0px;\">\n\t\t\t<div class=\"box-text-inner\">\n\t\t\t\t\n\n<h3>ACTIVIDAD CERRADA<\/h3>\n<p>\u00a0<\/p>\n<h4>Cenita y experiencia astron\u00f3mica en Prades<\/h4>\n<p>\u00a0<\/p>\n<p>25 de julio de 2025<\/p>\n\n\t\t\t<\/div>\n\t\t<\/div>\n\t<\/div>\n\t\n<a href=\"https:\/\/www.turismedetarragona.com\/ca\/tour\/experiencia-astronomica-prades-comt-2025\/\" class=\"button white expand\" >\n\t\t<span>M\u00e1s informaci\u00f3n<\/span>\n\t<\/a>\n\n\n\n\t\t<\/div>\n\t\t\t\t\t<\/div>\n\n\t\n\n\t<div id=\"col-355748952\" class=\"col medium-3 small-12 large-3\"  >\n\t\t\t\t<div class=\"col-inner\"  >\n\t\t\t\n\t\t\t\n\n\t<div class=\"box has-hover   has-hover box-text-bottom\" >\n\n\t\t<div class=\"box-image\" >\n\t\t\t<a href=\"https:\/\/comt.cat\/es\/plan-de-ocio-visita-al-yacimiento-boella\/\" target=\"_blank\" rel=\"noopener\" >\t\t\t<div class=\"\" >\n\t\t\t\t<img loading=\"lazy\" decoding=\"async\" width=\"1540\" height=\"700\" src=\"https:\/\/comt.cat\/wp-content\/uploads\/2025\/06\/DESTACADES-1540-x-700-px-1540-x-700-px-29.png\" class=\"attachment- size-\" alt=\"\" srcset=\"https:\/\/comt.cat\/wp-content\/uploads\/2025\/06\/DESTACADES-1540-x-700-px-1540-x-700-px-29.png 1540w, https:\/\/comt.cat\/wp-content\/uploads\/2025\/06\/DESTACADES-1540-x-700-px-1540-x-700-px-29-300x136.png 300w, https:\/\/comt.cat\/wp-content\/uploads\/2025\/06\/DESTACADES-1540-x-700-px-1540-x-700-px-29-1024x465.png 1024w, https:\/\/comt.cat\/wp-content\/uploads\/2025\/06\/DESTACADES-1540-x-700-px-1540-x-700-px-29-768x349.png 768w, https:\/\/comt.cat\/wp-content\/uploads\/2025\/06\/DESTACADES-1540-x-700-px-1540-x-700-px-29-1536x698.png 1536w, https:\/\/comt.cat\/wp-content\/uploads\/2025\/06\/DESTACADES-1540-x-700-px-1540-x-700-px-29-600x273.png 600w\" sizes=\"(max-width: 1540px) 100vw, 1540px\" \/>\t\t\t\t<div class=\"overlay\" style=\"background-color:rgba(129, 129, 129, 0.663)\"><\/div>\t\t\t\t\t\t\t<\/div>\n\t\t\t<\/a>\t\t<\/div>\n\n\t\t<div class=\"box-text text-center is-large\" style=\"background-color:rgb(243, 243, 243);padding:27px 0px 20px 0px;\">\n\t\t\t<div class=\"box-text-inner\">\n\t\t\t\t\n\n<h3>ACTIVIDAD CERRADA<\/h3>\n<p>\u00a0<\/p>\n<h4>Visita el yacimiento del barranco de la Boella<\/h4>\n<p>\u00a0<\/p>\n<p>28 de junio de 2025<\/p>\n\n\t\t\t<\/div>\n\t\t<\/div>\n\t<\/div>\n\t\n<a href=\"https:\/\/www.turismedetarragona.com\/ca\/tour\/ulldecona-dinar-castell-comt-2025\/\" class=\"button white expand\" >\n\t\t<span>M\u00e1s informaci\u00f3n<\/span>\n\t<\/a>\n\n\n\n\t\t<\/div>\n\t\t\t\t\t<\/div>\n\n\t\n\n\t<div id=\"col-1805451884\" class=\"col medium-3 small-12 large-3\"  >\n\t\t\t\t<div class=\"col-inner\"  >\n\t\t\t\n\t\t\t\n\n\t<div class=\"box has-hover   has-hover box-text-bottom\" >\n\n\t\t<div class=\"box-image\" >\n\t\t\t<a href=\"https:\/\/www.turismedetarragona.com\/ca\/tour\/ulldecona-dinar-castell-comt-2025\/\" target=\"_blank\" rel=\"noopener\" >\t\t\t<div class=\"\" >\n\t\t\t\t<img loading=\"lazy\" decoding=\"async\" width=\"1540\" height=\"700\" src=\"https:\/\/comt.cat\/wp-content\/uploads\/2025\/04\/destacades-Pla-d_OCI-2025-_2_-1.webp\" class=\"attachment- size-\" alt=\"\" srcset=\"https:\/\/comt.cat\/wp-content\/uploads\/2025\/04\/destacades-Pla-d_OCI-2025-_2_-1.webp 1540w, https:\/\/comt.cat\/wp-content\/uploads\/2025\/04\/destacades-Pla-d_OCI-2025-_2_-1-300x136.webp 300w, https:\/\/comt.cat\/wp-content\/uploads\/2025\/04\/destacades-Pla-d_OCI-2025-_2_-1-1024x465.webp 1024w, https:\/\/comt.cat\/wp-content\/uploads\/2025\/04\/destacades-Pla-d_OCI-2025-_2_-1-768x349.webp 768w, https:\/\/comt.cat\/wp-content\/uploads\/2025\/04\/destacades-Pla-d_OCI-2025-_2_-1-1536x698.webp 1536w, https:\/\/comt.cat\/wp-content\/uploads\/2025\/04\/destacades-Pla-d_OCI-2025-_2_-1-600x273.webp 600w\" sizes=\"(max-width: 1540px) 100vw, 1540px\" \/>\t\t\t\t<div class=\"overlay\" style=\"background-color:rgba(129, 129, 129, 0.703)\"><\/div>\t\t\t\t\t\t\t<\/div>\n\t\t\t<\/a>\t\t<\/div>\n\n\t\t<div class=\"box-text text-center is-large\" style=\"background-color:rgb(243, 243, 243);padding:27px 0px 20px 0px;\">\n\t\t\t<div class=\"box-text-inner\">\n\t\t\t\t\n\n<h3>ACTIVIDAD CERRADA<\/h3>\n<p>\u00a0<\/p>\n<h4>Ulldecona, comida y castillo<\/h4>\n<p>\u00a0<\/p>\n<p>24 de mayo de 2025<\/p>\n\n\t\t\t<\/div>\n\t\t<\/div>\n\t<\/div>\n\t\n<a href=\"https:\/\/www.turismedetarragona.com\/ca\/tour\/ulldecona-dinar-castell-comt-2025\/\" class=\"button white expand\" >\n\t\t<span>M\u00e1s informaci\u00f3n<\/span>\n\t<\/a>\n\n\n\n\t\t<\/div>\n\t\t\t\t\t<\/div>\n\n\t\n\n\t<div id=\"col-280304373\" class=\"col medium-3 small-12 large-3\"  >\n\t\t\t\t<div class=\"col-inner\"  >\n\t\t\t\n\t\t\t\n\n\t<div class=\"box has-hover   has-hover box-text-bottom\" >\n\n\t\t<div class=\"box-image\" >\n\t\t\t<a href=\"https:\/\/comt.cat\/es\/plan-de-ocio-del-comt-arquitectura-del-1950-en-tarragona\/\" target=\"_blank\" rel=\"noopener\" >\t\t\t<div class=\"\" >\n\t\t\t\t<img loading=\"lazy\" decoding=\"async\" width=\"1540\" height=\"700\" src=\"https:\/\/comt.cat\/wp-content\/uploads\/2025\/04\/destacades-Pla-dOCI-2025-1.png\" class=\"attachment- size-\" alt=\"\" srcset=\"https:\/\/comt.cat\/wp-content\/uploads\/2025\/04\/destacades-Pla-dOCI-2025-1.png 1540w, https:\/\/comt.cat\/wp-content\/uploads\/2025\/04\/destacades-Pla-dOCI-2025-1-300x136.png 300w, https:\/\/comt.cat\/wp-content\/uploads\/2025\/04\/destacades-Pla-dOCI-2025-1-1024x465.png 1024w, https:\/\/comt.cat\/wp-content\/uploads\/2025\/04\/destacades-Pla-dOCI-2025-1-768x349.png 768w, https:\/\/comt.cat\/wp-content\/uploads\/2025\/04\/destacades-Pla-dOCI-2025-1-1536x698.png 1536w, https:\/\/comt.cat\/wp-content\/uploads\/2025\/04\/destacades-Pla-dOCI-2025-1-600x273.png 600w\" sizes=\"(max-width: 1540px) 100vw, 1540px\" \/>\t\t\t\t<div class=\"overlay\" style=\"background-color:rgba(99, 99, 99, 0.645)\"><\/div>\t\t\t\t\t\t\t<\/div>\n\t\t\t<\/a>\t\t<\/div>\n\n\t\t<div class=\"box-text text-center is-large\" style=\"background-color:rgb(243, 243, 243);padding:27px 0px 20px 0px;\">\n\t\t\t<div class=\"box-text-inner\">\n\t\t\t\t\n\n<h3>ACTIVIDAD CERRADA<\/h3>\n<p>\u00a0<\/p>\n<h4>Excursi\u00f3n a la Reserva Natural de Sebes<\/h4>\n<p>\u00a0<\/p>\n<p>26 de abril de 2025<\/p>\n\n\t\t\t<\/div>\n\t\t<\/div>\n\t<\/div>\n\t\n<a href=\"https:\/\/comt.cat\/es\/plan-de-ocio-del-comt-excursion-a-la-reserva-natural-de-sebes\/\" class=\"button white expand\" >\n\t\t<span>M\u00e1s informaci\u00f3n<\/span>\n\t<\/a>\n\n\n\n\t\t<\/div>\n\t\t\t\t\t<\/div>\n\n\t\n\n\t<div id=\"col-1615057415\" class=\"col medium-3 small-12 large-3\"  >\n\t\t\t\t<div class=\"col-inner\"  >\n\t\t\t\n\t\t\t\n\n\t<div class=\"box has-hover   has-hover box-text-bottom\" >\n\n\t\t<div class=\"box-image\" >\n\t\t\t<a href=\"https:\/\/comt.cat\/es\/plan-de-ocio-del-comt-arquitectura-del-1950-en-tarragona\/\" target=\"_blank\" rel=\"noopener\" >\t\t\t<div class=\"\" >\n\t\t\t\t<img loading=\"lazy\" decoding=\"async\" width=\"1540\" height=\"700\" src=\"https:\/\/comt.cat\/wp-content\/uploads\/2025\/03\/destacades-Pla-d_OCI-2025-_1_.webp\" class=\"attachment- size-\" alt=\"\" srcset=\"https:\/\/comt.cat\/wp-content\/uploads\/2025\/03\/destacades-Pla-d_OCI-2025-_1_.webp 1540w, https:\/\/comt.cat\/wp-content\/uploads\/2025\/03\/destacades-Pla-d_OCI-2025-_1_-300x136.webp 300w, https:\/\/comt.cat\/wp-content\/uploads\/2025\/03\/destacades-Pla-d_OCI-2025-_1_-1024x465.webp 1024w, https:\/\/comt.cat\/wp-content\/uploads\/2025\/03\/destacades-Pla-d_OCI-2025-_1_-768x349.webp 768w, https:\/\/comt.cat\/wp-content\/uploads\/2025\/03\/destacades-Pla-d_OCI-2025-_1_-1536x698.webp 1536w, https:\/\/comt.cat\/wp-content\/uploads\/2025\/03\/destacades-Pla-d_OCI-2025-_1_-600x273.webp 600w\" sizes=\"(max-width: 1540px) 100vw, 1540px\" \/>\t\t\t\t<div class=\"overlay\" style=\"background-color:rgba(114, 102, 102, 0.692)\"><\/div>\t\t\t\t\t\t\t<\/div>\n\t\t\t<\/a>\t\t<\/div>\n\n\t\t<div class=\"box-text text-center is-large\" style=\"background-color:rgb(243, 243, 243);padding:27px 0px 20px 0px;\">\n\t\t\t<div class=\"box-text-inner\">\n\t\t\t\t\n\n<h3>ACTIVIDAD CERRADA<\/h3>\n<p>\u00a0<\/p>\n<h4>La arquitectura del 1950 en Tarragona<\/h4>\n<p>\u00a0<\/p>\n<p>29 de marzo de 2025<\/p>\n\n\t\t\t<\/div>\n\t\t<\/div>\n\t<\/div>\n\t\n<a href=\"https:\/\/comt.cat\/es\/plan-de-ocio-del-comt-arquitectura-del-1950-en-tarragona\/\" class=\"button white expand\" >\n\t\t<span>M\u00e1s informaci\u00f3n<\/span>\n\t<\/a>\n\n\n\n\t\t<\/div>\n\t\t\t\t\t<\/div>\n\n\t\n\n\t<div id=\"col-643049081\" class=\"col medium-3 small-12 large-3\"  >\n\t\t\t\t<div class=\"col-inner\"  >\n\t\t\t\n\t\t\t\n\n\t<div class=\"box has-hover   has-hover box-text-bottom\" >\n\n\t\t<div class=\"box-image\" >\n\t\t\t<a href=\"https:\/\/www.turismedetarragona.com\/ca\/tour\/secrets-arqueologics-catedral-de-tarragona-comt-2025\/#pll_switcher\" target=\"_blank\" rel=\"noopener\" >\t\t\t<div class=\"\" >\n\t\t\t\t<img loading=\"lazy\" decoding=\"async\" width=\"1540\" height=\"700\" src=\"https:\/\/comt.cat\/wp-content\/uploads\/2025\/01\/DESTACADES-_1540-x-700-px_-_44_.webp\" class=\"attachment- size-\" alt=\"\" srcset=\"https:\/\/comt.cat\/wp-content\/uploads\/2025\/01\/DESTACADES-_1540-x-700-px_-_44_.webp 1540w, https:\/\/comt.cat\/wp-content\/uploads\/2025\/01\/DESTACADES-_1540-x-700-px_-_44_-300x136.webp 300w, https:\/\/comt.cat\/wp-content\/uploads\/2025\/01\/DESTACADES-_1540-x-700-px_-_44_-1024x465.webp 1024w, https:\/\/comt.cat\/wp-content\/uploads\/2025\/01\/DESTACADES-_1540-x-700-px_-_44_-768x349.webp 768w, https:\/\/comt.cat\/wp-content\/uploads\/2025\/01\/DESTACADES-_1540-x-700-px_-_44_-1536x698.webp 1536w, https:\/\/comt.cat\/wp-content\/uploads\/2025\/01\/DESTACADES-_1540-x-700-px_-_44_-600x273.webp 600w\" sizes=\"(max-width: 1540px) 100vw, 1540px\" \/>\t\t\t\t<div class=\"overlay\" style=\"background-color:rgba(48, 47, 47, 0.552)\"><\/div>\t\t\t\t\t\t\t<\/div>\n\t\t\t<\/a>\t\t<\/div>\n\n\t\t<div class=\"box-text text-center is-large\" style=\"background-color:rgb(243, 243, 243);padding:27px 0px 20px 0px;\">\n\t\t\t<div class=\"box-text-inner\">\n\t\t\t\t\n\n<h3>ACTIVIDAD CERRADA<\/h3>\n<p>\u00a0<\/p>\n<h4>Los secretos arqueol\u00f3gicos de la Catedral de Tarragona<\/h4>\n<p>\u00a0<\/p>\n<p>15 I 22 de febrero de 2025<\/p>\n\n\t\t\t<\/div>\n\t\t<\/div>\n\t<\/div>\n\t\n<a href=\"https:\/\/comt.cat\/es\/plan-de-ocio-del-comt-los-secretos-arqueologicos-de-la-catedral-de-tarragona\/\" class=\"button white expand\" >\n\t\t<span>M\u00e1s informaci\u00f3n<\/span>\n\t<\/a>\n\n\n\n\t\t<\/div>\n\t\t\t\t\t<\/div>\n\n\t\n\n\t<div id=\"col-708444466\" class=\"col medium-3 small-12 large-3\"  >\n\t\t\t\t<div class=\"col-inner\"  >\n\t\t\t\n\t\t\t\n\n\t<div class=\"box has-hover   has-hover box-text-bottom\" >\n\n\t\t<div class=\"box-image\" >\n\t\t\t\t\t\t<div class=\"\" >\n\t\t\t\t<img loading=\"lazy\" decoding=\"async\" width=\"1540\" height=\"700\" src=\"https:\/\/comt.cat\/wp-content\/uploads\/2025\/01\/DESTACADES-_1540-x-700-px_-_44_.webp\" class=\"attachment- size-\" alt=\"\" srcset=\"https:\/\/comt.cat\/wp-content\/uploads\/2025\/01\/DESTACADES-_1540-x-700-px_-_44_.webp 1540w, https:\/\/comt.cat\/wp-content\/uploads\/2025\/01\/DESTACADES-_1540-x-700-px_-_44_-300x136.webp 300w, https:\/\/comt.cat\/wp-content\/uploads\/2025\/01\/DESTACADES-_1540-x-700-px_-_44_-1024x465.webp 1024w, https:\/\/comt.cat\/wp-content\/uploads\/2025\/01\/DESTACADES-_1540-x-700-px_-_44_-768x349.webp 768w, https:\/\/comt.cat\/wp-content\/uploads\/2025\/01\/DESTACADES-_1540-x-700-px_-_44_-1536x698.webp 1536w, https:\/\/comt.cat\/wp-content\/uploads\/2025\/01\/DESTACADES-_1540-x-700-px_-_44_-600x273.webp 600w\" sizes=\"(max-width: 1540px) 100vw, 1540px\" \/>\t\t\t\t<div class=\"overlay\" style=\"background-color:rgba(105, 105, 105, 0.802)\"><\/div>\t\t\t\t\t\t\t<\/div>\n\t\t\t\t\t<\/div>\n\n\t\t<div class=\"box-text text-center is-large\" style=\"background-color:rgb(243, 243, 243);padding:27px 0px 20px 0px;\">\n\t\t\t<div class=\"box-text-inner\">\n\t\t\t\t\n\n<h3>ACTIVIDAD CERRADA<\/h3>\n<p>\u00a0<\/p>\n<h4> Visita al Monestir de Vallbona y cal\u00e7otada en Poblet<\/h4>\n<p>\u00a0<\/p>\n<p>25 de enero de 2025<\/p>\n\n\t\t\t<\/div>\n\t\t<\/div>\n\t<\/div>\n\t\n<a href=\"https:\/\/www.turismedetarragona.com\/ca\/tour\/visita-monestir-vallbona-comt-2025\/\" class=\"button white expand\" >\n\t\t<span>M\u00e1s informaci\u00f3n<\/span>\n\t<\/a>\n\n\n\n\t\t<\/div>\n\t\t\t\t\t<\/div>\n\n\t\n\n<\/div>\n<div class=\"container section-title-container\" ><h2 class=\"section-title section-title-normal\"><b aria-hidden=\"true\"><\/b><span class=\"section-title-main\" style=\"color:#45dace;\">Plan de ocio 2024<\/span><b aria-hidden=\"true\"><\/b><\/h2><\/div>\n\n<div class=\"row\"  id=\"row-2071419450\">\n\n\n\t<div id=\"col-276822948\" class=\"col medium-3 small-12 large-3\"  >\n\t\t\t\t<div class=\"col-inner\"  >\n\t\t\t\n\t\t\t\n\n\t<div class=\"box has-hover   has-hover box-text-bottom\" >\n\n\t\t<div class=\"box-image\" >\n\t\t\t\t\t\t<div class=\"\" >\n\t\t\t\t<img loading=\"lazy\" decoding=\"async\" width=\"1540\" height=\"700\" src=\"https:\/\/comt.cat\/wp-content\/uploads\/2025\/01\/DESTACADES-_1540-x-700-px_-_44_.webp\" class=\"attachment- size-\" alt=\"\" srcset=\"https:\/\/comt.cat\/wp-content\/uploads\/2025\/01\/DESTACADES-_1540-x-700-px_-_44_.webp 1540w, https:\/\/comt.cat\/wp-content\/uploads\/2025\/01\/DESTACADES-_1540-x-700-px_-_44_-300x136.webp 300w, https:\/\/comt.cat\/wp-content\/uploads\/2025\/01\/DESTACADES-_1540-x-700-px_-_44_-1024x465.webp 1024w, https:\/\/comt.cat\/wp-content\/uploads\/2025\/01\/DESTACADES-_1540-x-700-px_-_44_-768x349.webp 768w, https:\/\/comt.cat\/wp-content\/uploads\/2025\/01\/DESTACADES-_1540-x-700-px_-_44_-1536x698.webp 1536w, https:\/\/comt.cat\/wp-content\/uploads\/2025\/01\/DESTACADES-_1540-x-700-px_-_44_-600x273.webp 600w\" sizes=\"(max-width: 1540px) 100vw, 1540px\" \/>\t\t\t\t<div class=\"overlay\" style=\"background-color:rgba(105, 105, 105, 0.802)\"><\/div>\t\t\t\t\t\t\t<\/div>\n\t\t\t\t\t<\/div>\n\n\t\t<div class=\"box-text text-center is-large\" style=\"background-color:rgb(243, 243, 243);padding:27px 0px 20px 0px;\">\n\t\t\t<div class=\"box-text-inner\">\n\t\t\t\t\n\n<h3>ACTIVIDAD CERRADA<\/h3>\n<p>\u00a0<\/p>\n<h4> Los colores de la Catedral<\/h4>\n<p>\u00a0<\/p>\n<p>28 de diciembre de 2024<\/p>\n\n\t\t\t<\/div>\n\t\t<\/div>\n\t<\/div>\n\t\n<a href=\"https:\/\/www.turismedetarragona.com\/ca\/tour\/visita-pau-casals-comt-2024\/#pll_switcher\" class=\"button white expand\" >\n\t\t<span>M\u00e1s informaci\u00f3n<\/span>\n\t<\/a>\n\n\n\n\t\t<\/div>\n\t\t\t\t\t<\/div>\n\n\t\n\n\t<div id=\"col-1115413985\" class=\"col medium-3 small-12 large-3\"  >\n\t\t\t\t<div class=\"col-inner\"  >\n\t\t\t\n\t\t\t\n\n\t<div class=\"box has-hover   has-hover box-text-bottom\" >\n\n\t\t<div class=\"box-image\" >\n\t\t\t\t\t\t<div class=\"\" >\n\t\t\t\t<img loading=\"lazy\" decoding=\"async\" width=\"1540\" height=\"700\" src=\"https:\/\/comt.cat\/wp-content\/uploads\/2024\/11\/DESTACADA-Pla-Oci-PauCasals.webp\" class=\"attachment- size-\" alt=\"DESTACADA Pla Oci PauCasals\" srcset=\"https:\/\/comt.cat\/wp-content\/uploads\/2024\/11\/DESTACADA-Pla-Oci-PauCasals.webp 1540w, https:\/\/comt.cat\/wp-content\/uploads\/2024\/11\/DESTACADA-Pla-Oci-PauCasals-300x136.webp 300w, https:\/\/comt.cat\/wp-content\/uploads\/2024\/11\/DESTACADA-Pla-Oci-PauCasals-1024x465.webp 1024w, https:\/\/comt.cat\/wp-content\/uploads\/2024\/11\/DESTACADA-Pla-Oci-PauCasals-768x349.webp 768w, https:\/\/comt.cat\/wp-content\/uploads\/2024\/11\/DESTACADA-Pla-Oci-PauCasals-1536x698.webp 1536w, https:\/\/comt.cat\/wp-content\/uploads\/2024\/11\/DESTACADA-Pla-Oci-PauCasals-600x273.webp 600w\" sizes=\"(max-width: 1540px) 100vw, 1540px\" \/>\t\t\t\t<div class=\"overlay\" style=\"background-color:rgba(105, 105, 105, 0.802)\"><\/div>\t\t\t\t\t\t\t<\/div>\n\t\t\t\t\t<\/div>\n\n\t\t<div class=\"box-text text-center is-large\" style=\"background-color:rgb(243, 243, 243);padding:27px 0px 20px 0px;\">\n\t\t\t<div class=\"box-text-inner\">\n\t\t\t\t\n\n<h3>ACTIVIDAD CERRADA<\/h3>\n<p>\u00a0<\/p>\n<h4>Visita Pau Casals y comida cerca del mar<\/h4>\n<p>\u00a0<\/p>\n<p>30 de noviembre de 2024<\/p>\n\n\t\t\t<\/div>\n\t\t<\/div>\n\t<\/div>\n\t\n<a href=\"https:\/\/www.turismedetarragona.com\/ca\/tour\/visita-pau-casals-comt-2024\/\" class=\"button white expand\" >\n\t\t<span>M\u00e1s informaci\u00f3n<\/span>\n\t<\/a>\n\n\n\n\t\t<\/div>\n\t\t\t\t\t<\/div>\n\n\t\n\n\t<div id=\"col-623917065\" class=\"col medium-3 small-12 large-3\"  >\n\t\t\t\t<div class=\"col-inner\"  >\n\t\t\t\n\t\t\t\n\n\t<div class=\"box has-hover   has-hover box-text-bottom\" >\n\n\t\t<div class=\"box-image\" >\n\t\t\t\t\t\t<div class=\"\" >\n\t\t\t\t<img loading=\"lazy\" decoding=\"async\" width=\"1540\" height=\"700\" src=\"https:\/\/comt.cat\/wp-content\/uploads\/2024\/10\/DESTACADA-Pla-Oci-Escaladei.webp\" class=\"attachment- size-\" alt=\"DESTACADA Pla Oci Escaladei\" srcset=\"https:\/\/comt.cat\/wp-content\/uploads\/2024\/10\/DESTACADA-Pla-Oci-Escaladei.webp 1540w, https:\/\/comt.cat\/wp-content\/uploads\/2024\/10\/DESTACADA-Pla-Oci-Escaladei-300x136.webp 300w, https:\/\/comt.cat\/wp-content\/uploads\/2024\/10\/DESTACADA-Pla-Oci-Escaladei-1024x465.webp 1024w, https:\/\/comt.cat\/wp-content\/uploads\/2024\/10\/DESTACADA-Pla-Oci-Escaladei-768x349.webp 768w, https:\/\/comt.cat\/wp-content\/uploads\/2024\/10\/DESTACADA-Pla-Oci-Escaladei-1536x698.webp 1536w, https:\/\/comt.cat\/wp-content\/uploads\/2024\/10\/DESTACADA-Pla-Oci-Escaladei-600x273.webp 600w\" sizes=\"(max-width: 1540px) 100vw, 1540px\" \/>\t\t\t\t<div class=\"overlay\" style=\"background-color:rgba(105, 105, 105, 0.802)\"><\/div>\t\t\t\t\t\t\t<\/div>\n\t\t\t\t\t<\/div>\n\n\t\t<div class=\"box-text text-center is-large\" style=\"background-color:rgb(243, 243, 243);padding:27px 0px 20px 0px;\">\n\t\t\t<div class=\"box-text-inner\">\n\t\t\t\t\n\n<h3>ACTIVIDAD CERRADA<\/h3>\n<p>\u00a0<\/p>\n<h4>Escaladei y Priorat gastron\u00f3mico<\/h4>\n<p>\u00a0<\/p>\n<p>26 de octubre de 2024<\/p>\n\n\t\t\t<\/div>\n\t\t<\/div>\n\t<\/div>\n\t\n<a href=\"https:\/\/www.turismedetarragona.com\/ca\/tour\/escaladei-i-priorat-gastronomic-comt-2024\/\" class=\"button white expand\" >\n\t\t<span>M\u00e1s informaci\u00f3n<\/span>\n\t<\/a>\n\n\n\n\t\t<\/div>\n\t\t\t\t\t<\/div>\n\n\t\n\n\t<div id=\"col-1894910112\" class=\"col medium-3 small-12 large-3\"  >\n\t\t\t\t<div class=\"col-inner\"  >\n\t\t\t\n\t\t\t\n\n\t<div class=\"box has-hover   has-hover box-text-bottom\" >\n\n\t\t<div class=\"box-image\" >\n\t\t\t\t\t\t<div class=\"\" >\n\t\t\t\t<img loading=\"lazy\" decoding=\"async\" width=\"1540\" height=\"700\" src=\"https:\/\/comt.cat\/wp-content\/uploads\/2024\/07\/DESTACADA_Tarragona-desdel-mar.webp\" class=\"attachment- size-\" alt=\"DESTACADA Pla Oci Tarragona des del Mar 2024\" srcset=\"https:\/\/comt.cat\/wp-content\/uploads\/2024\/07\/DESTACADA_Tarragona-desdel-mar.webp 1540w, https:\/\/comt.cat\/wp-content\/uploads\/2024\/07\/DESTACADA_Tarragona-desdel-mar-300x136.webp 300w, https:\/\/comt.cat\/wp-content\/uploads\/2024\/07\/DESTACADA_Tarragona-desdel-mar-1024x465.webp 1024w, https:\/\/comt.cat\/wp-content\/uploads\/2024\/07\/DESTACADA_Tarragona-desdel-mar-768x349.webp 768w, https:\/\/comt.cat\/wp-content\/uploads\/2024\/07\/DESTACADA_Tarragona-desdel-mar-1536x698.webp 1536w, https:\/\/comt.cat\/wp-content\/uploads\/2024\/07\/DESTACADA_Tarragona-desdel-mar-600x273.webp 600w\" sizes=\"(max-width: 1540px) 100vw, 1540px\" \/>\t\t\t\t<div class=\"overlay\" style=\"background-color:rgba(105, 105, 105, 0.802)\"><\/div>\t\t\t\t\t\t\t<\/div>\n\t\t\t\t\t<\/div>\n\n\t\t<div class=\"box-text text-center is-large\" style=\"background-color:rgb(243, 243, 243);padding:27px 0px 20px 0px;\">\n\t\t\t<div class=\"box-text-inner\">\n\t\t\t\t\n\n<h3>ACTIVIDAD CERRADA<\/h3>\n<p>\u00a0<\/p>\n<h4>Arque\u00f3logos por un d\u00eda<\/h4>\n<h4>\u00a0\u00a0<\/h4>\n<p>\u00a0<\/p>\n<p>28 y 29 de septiembre de 2024<\/p>\n\n\t\t\t<\/div>\n\t\t<\/div>\n\t<\/div>\n\t\n<a href=\"https:\/\/www.turismedetarragona.com\/ca\/tour\/arqueolegs-per-un-dia-comt-2024\/\" class=\"button white expand\" >\n\t\t<span>M\u00e1s informaci\u00f3n<\/span>\n\t<\/a>\n\n\n\n\t\t<\/div>\n\t\t\t\t\t<\/div>\n\n\t\n\n\t<div id=\"col-469538967\" class=\"col medium-3 small-12 large-3\"  >\n\t\t\t\t<div class=\"col-inner\"  >\n\t\t\t\n\t\t\t\n\n\t<div class=\"box has-hover   has-hover box-text-bottom\" >\n\n\t\t<div class=\"box-image\" >\n\t\t\t\t\t\t<div class=\"\" >\n\t\t\t\t<img loading=\"lazy\" decoding=\"async\" width=\"1540\" height=\"700\" src=\"https:\/\/comt.cat\/wp-content\/uploads\/2024\/07\/DESTACADA_Tarragona-desdel-mar.webp\" class=\"attachment- size-\" alt=\"DESTACADA Pla Oci Tarragona des del Mar 2024\" srcset=\"https:\/\/comt.cat\/wp-content\/uploads\/2024\/07\/DESTACADA_Tarragona-desdel-mar.webp 1540w, https:\/\/comt.cat\/wp-content\/uploads\/2024\/07\/DESTACADA_Tarragona-desdel-mar-300x136.webp 300w, https:\/\/comt.cat\/wp-content\/uploads\/2024\/07\/DESTACADA_Tarragona-desdel-mar-1024x465.webp 1024w, https:\/\/comt.cat\/wp-content\/uploads\/2024\/07\/DESTACADA_Tarragona-desdel-mar-768x349.webp 768w, https:\/\/comt.cat\/wp-content\/uploads\/2024\/07\/DESTACADA_Tarragona-desdel-mar-1536x698.webp 1536w, https:\/\/comt.cat\/wp-content\/uploads\/2024\/07\/DESTACADA_Tarragona-desdel-mar-600x273.webp 600w\" sizes=\"(max-width: 1540px) 100vw, 1540px\" \/>\t\t\t\t<div class=\"overlay\" style=\"background-color:rgba(105, 105, 105, 0.802)\"><\/div>\t\t\t\t\t\t\t<\/div>\n\t\t\t\t\t<\/div>\n\n\t\t<div class=\"box-text text-center is-large\" style=\"background-color:rgb(243, 243, 243);padding:27px 0px 20px 0px;\">\n\t\t\t<div class=\"box-text-inner\">\n\t\t\t\t\n\n<h3>ACTIVIDAD CERRADA<\/h3>\n<p>\u00a0<\/p>\n<h4>Tarragona desde el mar<\/h4>\n<h4>\u00a0\u00a0<\/h4>\n<p>\u00a0<\/p>\n<p>03 de agosto de 2024<\/p>\n\n\t\t\t<\/div>\n\t\t<\/div>\n\t<\/div>\n\t\n<a href=\"https:\/\/www.turismedetarragona.com\/ca\/tour\/tarragona-des-del-mar-comt\/\" class=\"button white expand\" >\n\t\t<span>M\u00e1s informaci\u00f3n<\/span>\n\t<\/a>\n\n\n\n\t\t<\/div>\n\t\t\t\t\t<\/div>\n\n\t\n\n\t<div id=\"col-826817147\" class=\"col medium-3 small-12 large-3\"  >\n\t\t\t\t<div class=\"col-inner\"  >\n\t\t\t\n\t\t\t\n\n\t<div class=\"box has-hover   has-hover box-text-bottom\" >\n\n\t\t<div class=\"box-image\" >\n\t\t\t\t\t\t<div class=\"\" >\n\t\t\t\t<img loading=\"lazy\" decoding=\"async\" width=\"1540\" height=\"700\" src=\"https:\/\/comt.cat\/wp-content\/uploads\/2024\/07\/DESTACADA-Pla-OCI-Pastor.webp\" class=\"attachment- size-\" alt=\"Destacada Pla OCi Pastor_OK\" srcset=\"https:\/\/comt.cat\/wp-content\/uploads\/2024\/07\/DESTACADA-Pla-OCI-Pastor.webp 1540w, https:\/\/comt.cat\/wp-content\/uploads\/2024\/07\/DESTACADA-Pla-OCI-Pastor-300x136.webp 300w, https:\/\/comt.cat\/wp-content\/uploads\/2024\/07\/DESTACADA-Pla-OCI-Pastor-1024x465.webp 1024w, https:\/\/comt.cat\/wp-content\/uploads\/2024\/07\/DESTACADA-Pla-OCI-Pastor-768x349.webp 768w, https:\/\/comt.cat\/wp-content\/uploads\/2024\/07\/DESTACADA-Pla-OCI-Pastor-1536x698.webp 1536w, https:\/\/comt.cat\/wp-content\/uploads\/2024\/07\/DESTACADA-Pla-OCI-Pastor-600x273.webp 600w\" sizes=\"(max-width: 1540px) 100vw, 1540px\" \/>\t\t\t\t<div class=\"overlay\" style=\"background-color:rgba(105, 105, 105, 0.802)\"><\/div>\t\t\t\t\t\t\t<\/div>\n\t\t\t\t\t<\/div>\n\n\t\t<div class=\"box-text text-center is-large\" style=\"background-color:rgb(243, 243, 243);padding:27px 0px 20px 0px;\">\n\t\t\t<div class=\"box-text-inner\">\n\t\t\t\t\n\n<h3>ACTIVIDAD CERRADA<\/h3>\n<p>\u00a0<\/p>\n<h4>Pastor por un d\u00eda<\/h4>\n<h4>\u00a0\u00a0<\/h4>\n<p>\u00a0<\/p>\n<p>28 y 30 de junio de 2024<\/p>\n\n\t\t\t<\/div>\n\t\t<\/div>\n\t<\/div>\n\t\n<a href=\"https:\/\/www.turismedetarragona.com\/ca\/tour\/pastor-per-un-dia-comt-2024\/\" class=\"button white expand\" >\n\t\t<span>M\u00e1s informaci\u00f3n<\/span>\n\t<\/a>\n\n\n\n\t\t<\/div>\n\t\t\t\t\t<\/div>\n\n\t\n\n\t<div id=\"col-1874430139\" class=\"col medium-3 small-12 large-3\"  >\n\t\t\t\t<div class=\"col-inner\"  >\n\t\t\t\n\t\t\t\n\n\t<div class=\"box has-hover   has-hover box-text-bottom\" >\n\n\t\t<div class=\"box-image\" >\n\t\t\t\t\t\t<div class=\"\" >\n\t\t\t\t<img loading=\"lazy\" decoding=\"async\" width=\"1540\" height=\"700\" src=\"https:\/\/comt.cat\/wp-content\/uploads\/2024\/05\/DESTACADA-PLA-OCI_celler-i-xocolate.webp\" class=\"attachment- size-\" alt=\"DESTACADA PLA OCI_celler i xocolata\" srcset=\"https:\/\/comt.cat\/wp-content\/uploads\/2024\/05\/DESTACADA-PLA-OCI_celler-i-xocolate.webp 1540w, https:\/\/comt.cat\/wp-content\/uploads\/2024\/05\/DESTACADA-PLA-OCI_celler-i-xocolate-300x136.webp 300w, https:\/\/comt.cat\/wp-content\/uploads\/2024\/05\/DESTACADA-PLA-OCI_celler-i-xocolate-1024x465.webp 1024w, https:\/\/comt.cat\/wp-content\/uploads\/2024\/05\/DESTACADA-PLA-OCI_celler-i-xocolate-768x349.webp 768w, https:\/\/comt.cat\/wp-content\/uploads\/2024\/05\/DESTACADA-PLA-OCI_celler-i-xocolate-1536x698.webp 1536w\" sizes=\"(max-width: 1540px) 100vw, 1540px\" \/>\t\t\t\t<div class=\"overlay\" style=\"background-color:rgba(105, 105, 105, 0.802)\"><\/div>\t\t\t\t\t\t\t<\/div>\n\t\t\t\t\t<\/div>\n\n\t\t<div class=\"box-text text-center is-large\" style=\"background-color:rgb(243, 243, 243);padding:27px 0px 20px 0px;\">\n\t\t\t<div class=\"box-text-inner\">\n\t\t\t\t\n\n<h3>ACTIVIDAD CERRADA<\/h3>\n<p>\u00a0<\/p>\n<h4>Visita a la Bodega Mas Vicen\u00e7<\/h4>\n<h4>\u00a0\u00a0<\/h4>\n<p>25 de mayo de 2024<\/p>\n\n\t\t\t<\/div>\n\t\t<\/div>\n\t<\/div>\n\t\n<a href=\"https:\/\/www.turismedetarragona.com\/ca\/tour\/visita-celler-mas-vicenc-comt-2024\/\" class=\"button white expand\" >\n\t\t<span>M\u00e1s informaci\u00f3n<\/span>\n\t<\/a>\n\n\n\n\t\t<\/div>\n\t\t\t\t\t<\/div>\n\n\t\n\n\t<div id=\"col-704399848\" class=\"col medium-3 small-12 large-3\"  >\n\t\t\t\t<div class=\"col-inner\"  >\n\t\t\t\n\t\t\t\n\n\t<div class=\"box has-hover   has-hover box-text-bottom\" >\n\n\t\t<div class=\"box-image\" >\n\t\t\t\t\t\t<div class=\"\" >\n\t\t\t\t<img loading=\"lazy\" decoding=\"async\" width=\"1540\" height=\"700\" src=\"https:\/\/comt.cat\/wp-content\/uploads\/2024\/03\/Destacada-Pla-Oci-Delta-Ebre_Abril-1.webp\" class=\"attachment- size-\" alt=\"Destacada Pla Oci Delta Ebre_Abril2024\" srcset=\"https:\/\/comt.cat\/wp-content\/uploads\/2024\/03\/Destacada-Pla-Oci-Delta-Ebre_Abril-1.webp 1540w, https:\/\/comt.cat\/wp-content\/uploads\/2024\/03\/Destacada-Pla-Oci-Delta-Ebre_Abril-1-300x136.webp 300w, https:\/\/comt.cat\/wp-content\/uploads\/2024\/03\/Destacada-Pla-Oci-Delta-Ebre_Abril-1-1024x465.webp 1024w, https:\/\/comt.cat\/wp-content\/uploads\/2024\/03\/Destacada-Pla-Oci-Delta-Ebre_Abril-1-768x349.webp 768w, https:\/\/comt.cat\/wp-content\/uploads\/2024\/03\/Destacada-Pla-Oci-Delta-Ebre_Abril-1-1536x698.webp 1536w\" sizes=\"(max-width: 1540px) 100vw, 1540px\" \/>\t\t\t\t<div class=\"overlay\" style=\"background-color:rgba(105, 105, 105, 0.802)\"><\/div>\t\t\t\t\t\t\t<\/div>\n\t\t\t\t\t<\/div>\n\n\t\t<div class=\"box-text text-center is-large\" style=\"background-color:rgb(243, 243, 243);padding:27px 0px 20px 0px;\">\n\t\t\t<div class=\"box-text-inner\">\n\t\t\t\t\n\n<h3>ACTIVIDAD CERRADA<\/h3>\n<p>\u00a0<\/p>\n<h4>Excursi\u00f3n al Delta de l&#8217;Ebre, con barca arroz y flamencos<\/h4>\n<h4>\u00a0\u00a0<\/h4>\n<p>27 de abril 2024<\/p>\n\n\t\t\t<\/div>\n\t\t<\/div>\n\t<\/div>\n\t\n<a href=\"https:\/\/www.turismedetarragona.com\/ca\/tour\/excursio-delta-de-lebre-barca-arros-flamencs-comt-2024\/\" class=\"button white expand\" >\n\t\t<span>M\u00e1s informaci\u00f3n<\/span>\n\t<\/a>\n\n\n\n\t\t<\/div>\n\t\t\t\t\t<\/div>\n\n\t\n\n\t<div id=\"col-594449718\" class=\"col medium-3 small-12 large-3\"  >\n\t\t\t\t<div class=\"col-inner\"  >\n\t\t\t\n\t\t\t\n\n\t<div class=\"box has-hover   has-hover box-text-bottom\" >\n\n\t\t<div class=\"box-image\" >\n\t\t\t\t\t\t<div class=\"\" >\n\t\t\t\t<img loading=\"lazy\" decoding=\"async\" width=\"1540\" height=\"700\" src=\"https:\/\/comt.cat\/wp-content\/uploads\/2024\/03\/Destacada-Necropoli-i-Centcelles.webp\" class=\"attachment- size-\" alt=\"Destacada Necropoli i Centcelles Pla Oci\" srcset=\"https:\/\/comt.cat\/wp-content\/uploads\/2024\/03\/Destacada-Necropoli-i-Centcelles.webp 1540w, https:\/\/comt.cat\/wp-content\/uploads\/2024\/03\/Destacada-Necropoli-i-Centcelles-300x136.webp 300w, https:\/\/comt.cat\/wp-content\/uploads\/2024\/03\/Destacada-Necropoli-i-Centcelles-1024x465.webp 1024w, https:\/\/comt.cat\/wp-content\/uploads\/2024\/03\/Destacada-Necropoli-i-Centcelles-768x349.webp 768w, https:\/\/comt.cat\/wp-content\/uploads\/2024\/03\/Destacada-Necropoli-i-Centcelles-1536x698.webp 1536w\" sizes=\"(max-width: 1540px) 100vw, 1540px\" \/>\t\t\t\t<div class=\"overlay\" style=\"background-color:rgba(105, 105, 105, 0.802)\"><\/div>\t\t\t\t\t\t\t<\/div>\n\t\t\t\t\t<\/div>\n\n\t\t<div class=\"box-text text-center is-large\" style=\"background-color:rgb(243, 243, 243);padding:27px 0px 20px 0px;\">\n\t\t\t<div class=\"box-text-inner\">\n\t\t\t\t\n\n<h3>ACTIVIDAD CERRADA<\/h3>\n<p>\u00a0<\/p>\n<h4>Visita guiada a la Necr\u00f2poli y al conjunto de Centcelles<\/h4>\n<h4>\u00a0\u00a0<\/h4>\n<p>17 y 18 de marzo 2024<\/p>\n\n\t\t\t<\/div>\n\t\t<\/div>\n\t<\/div>\n\t\n<a href=\"https:\/\/www.turismedetarragona.com\/ca\/tour\/visita-guiada-necropoli-centcelles-comt-2024\/\" class=\"button white expand\" >\n\t\t<span>M\u00e1s informaci\u00f3n<\/span>\n\t<\/a>\n\n\n\n\t\t<\/div>\n\t\t\t\t\t<\/div>\n\n\t\n\n\t<div id=\"col-1731668090\" class=\"col medium-3 small-12 large-3\"  >\n\t\t\t\t<div class=\"col-inner\"  >\n\t\t\t\n\t\t\t\n\n\t<div class=\"box has-hover   has-hover box-text-bottom\" >\n\n\t\t<div class=\"box-image\" >\n\t\t\t\t\t\t<div class=\"\" >\n\t\t\t\t<img loading=\"lazy\" decoding=\"async\" width=\"1540\" height=\"700\" src=\"https:\/\/comt.cat\/wp-content\/uploads\/2024\/01\/Destacada_PlaOci_Aldover.webp\" class=\"attachment- size-\" alt=\"Destacada_PlaOci_Aldover24\" srcset=\"https:\/\/comt.cat\/wp-content\/uploads\/2024\/01\/Destacada_PlaOci_Aldover.webp 1540w, https:\/\/comt.cat\/wp-content\/uploads\/2024\/01\/Destacada_PlaOci_Aldover-300x136.webp 300w, https:\/\/comt.cat\/wp-content\/uploads\/2024\/01\/Destacada_PlaOci_Aldover-1024x465.webp 1024w, https:\/\/comt.cat\/wp-content\/uploads\/2024\/01\/Destacada_PlaOci_Aldover-768x349.webp 768w, https:\/\/comt.cat\/wp-content\/uploads\/2024\/01\/Destacada_PlaOci_Aldover-1536x698.webp 1536w\" sizes=\"(max-width: 1540px) 100vw, 1540px\" \/>\t\t\t\t<div class=\"overlay\" style=\"background-color:rgba(105, 105, 105, 0.802)\"><\/div>\t\t\t\t\t\t\t<\/div>\n\t\t\t\t\t<\/div>\n\n\t\t<div class=\"box-text text-center is-large\" style=\"background-color:rgb(243, 243, 243);padding:27px 0px 20px 0px;\">\n\t\t\t<div class=\"box-text-inner\">\n\t\t\t\t\n\n<h3>ACTIVIDAD CERRADA<\/h3>\n<p>\u00a0<\/p>\n<h4>Visita finca de c\u00edtricos en el Ebro y comida de brasa<\/h4>\n<h4>\u00a0\u00a0<\/h4>\n<p>24 de febrero 2024<\/p>\n\n\t\t\t<\/div>\n\t\t<\/div>\n\t<\/div>\n\t\n<a href=\"https:\/\/www.turismedetarragona.com\/ca\/tour\/visita-finca-citrics-ebre-dinar-brasa-comt-2024\/\" class=\"button white expand\" >\n\t\t<span>M\u00e1s informaci\u00f3n<\/span>\n\t<\/a>\n\n\n\n\t\t<\/div>\n\t\t\t\t\t<\/div>\n\n\t\n\n\t<div id=\"col-844883675\" class=\"col medium-3 small-12 large-3\"  >\n\t\t\t\t<div class=\"col-inner\"  >\n\t\t\t\n\t\t\t\n\n\t<div class=\"box has-hover   has-hover box-text-bottom\" >\n\n\t\t<div class=\"box-image\" >\n\t\t\t\t\t\t<div class=\"\" >\n\t\t\t\t<img loading=\"lazy\" decoding=\"async\" width=\"1540\" height=\"700\" src=\"https:\/\/comt.cat\/wp-content\/uploads\/2024\/01\/DestacadaItinereGener24.webp\" class=\"attachment- size-\" alt=\"Destacada Itinere Gener24\" srcset=\"https:\/\/comt.cat\/wp-content\/uploads\/2024\/01\/DestacadaItinereGener24.webp 1540w, https:\/\/comt.cat\/wp-content\/uploads\/2024\/01\/DestacadaItinereGener24-300x136.webp 300w, https:\/\/comt.cat\/wp-content\/uploads\/2024\/01\/DestacadaItinereGener24-1024x465.webp 1024w, https:\/\/comt.cat\/wp-content\/uploads\/2024\/01\/DestacadaItinereGener24-768x349.webp 768w, https:\/\/comt.cat\/wp-content\/uploads\/2024\/01\/DestacadaItinereGener24-1536x698.webp 1536w\" sizes=\"(max-width: 1540px) 100vw, 1540px\" \/>\t\t\t\t<div class=\"overlay\" style=\"background-color:rgba(105, 105, 105, 0.802)\"><\/div>\t\t\t\t\t\t\t<\/div>\n\t\t\t\t\t<\/div>\n\n\t\t<div class=\"box-text text-center is-large\" style=\"background-color:rgb(243, 243, 243);padding:27px 0px 20px 0px;\">\n\t\t\t<div class=\"box-text-inner\">\n\t\t\t\t\n\n<h3>ACTIVIDAD CERRADA<\/h3>\n<p>\u00a0<\/p>\n<h4>Visita &#8211; Vila Montblanc y Hospeder\u00eda Poblet<\/h4>\n<h4>\u00a0\u00a0<\/h4>\n<p>27 de enero 2024<\/p>\n\n\t\t\t<\/div>\n\t\t<\/div>\n\t<\/div>\n\t\n<a href=\"https:\/\/www.turismedetarragona.com\/ca\/tour\/visita-guiada-montblanc-calcotada-lhostatgeria-poblet-comt-2024\/\" class=\"button white expand\" >\n\t\t<span>M\u00e1s informaci\u00f3n<\/span>\n\t<\/a>\n\n\n\n\t\t<\/div>\n\t\t\t\t\t<\/div>\n\n\t\n\n<\/div>\n<div class=\"container section-title-container\" ><h2 class=\"section-title section-title-normal\"><b aria-hidden=\"true\"><\/b><span class=\"section-title-main\" style=\"color:#45dace;\">Plan de ocio 2023<\/span><b aria-hidden=\"true\"><\/b><\/h2><\/div>\n\n<div class=\"row\"  id=\"row-1010968720\">\n\n\n\t<div id=\"col-1013158127\" class=\"col medium-3 small-12 large-3\"  >\n\t\t\t\t<div class=\"col-inner\"  >\n\t\t\t\n\t\t\t\n\n\t<div class=\"box has-hover   has-hover box-text-bottom\" >\n\n\t\t<div class=\"box-image\" >\n\t\t\t\t\t\t<div class=\"\" >\n\t\t\t\t<img loading=\"lazy\" decoding=\"async\" width=\"1540\" height=\"700\" src=\"https:\/\/comt.cat\/wp-content\/uploads\/2023\/11\/Destacada-PLAOCI-Setge.webp\" class=\"attachment- size-\" alt=\"Destacada PLAOCI Setge\" srcset=\"https:\/\/comt.cat\/wp-content\/uploads\/2023\/11\/Destacada-PLAOCI-Setge.webp 1540w, https:\/\/comt.cat\/wp-content\/uploads\/2023\/11\/Destacada-PLAOCI-Setge-300x136.webp 300w, https:\/\/comt.cat\/wp-content\/uploads\/2023\/11\/Destacada-PLAOCI-Setge-1024x465.webp 1024w, https:\/\/comt.cat\/wp-content\/uploads\/2023\/11\/Destacada-PLAOCI-Setge-768x349.webp 768w, https:\/\/comt.cat\/wp-content\/uploads\/2023\/11\/Destacada-PLAOCI-Setge-1536x698.webp 1536w\" sizes=\"(max-width: 1540px) 100vw, 1540px\" \/>\t\t\t\t<div class=\"overlay\" style=\"background-color:rgba(105, 105, 105, 0.802)\"><\/div>\t\t\t\t\t\t\t<\/div>\n\t\t\t\t\t<\/div>\n\n\t\t<div class=\"box-text text-center is-large\" style=\"background-color:rgb(243, 243, 243);padding:27px 0px 20px 0px;\">\n\t\t\t<div class=\"box-text-inner\">\n\t\t\t\t\n\n<h3>ACTIVIDAD CERRADA<\/h3>\n<p>\u00a0<\/p>\n<h4>Visita &#8211; Tarragona 1811: asedio napole\u00f3nico y presa de la ciudad<\/h4>\n<h4>\u00a0\u00a0<\/h4>\n<p>02 i 03 de diciembre 2023<\/p>\n\n\t\t\t<\/div>\n\t\t<\/div>\n\t<\/div>\n\t\n<a href=\"https:\/\/www.turismedetarragona.com\/ca\/tour\/tarragona-1881-setge-napoleonic-comt\/\" class=\"button white expand\" >\n\t\t<span>M\u00e1s informaci\u00f3n<\/span>\n\t<\/a>\n\n\n\n\t\t<\/div>\n\t\t\t\t\t<\/div>\n\n\t\n\n\t<div id=\"col-422932121\" class=\"col medium-3 small-12 large-3\"  >\n\t\t\t\t<div class=\"col-inner\"  >\n\t\t\t\n\t\t\t\n\n\t<div class=\"box has-hover   has-hover box-text-bottom\" >\n\n\t\t<div class=\"box-image\" >\n\t\t\t\t\t\t<div class=\"\" >\n\t\t\t\t<img loading=\"lazy\" decoding=\"async\" width=\"1540\" height=\"700\" src=\"https:\/\/comt.cat\/wp-content\/uploads\/2023\/10\/DestacadaPlaOci_EspaisRuralsTGN.webp\" class=\"attachment- size-\" alt=\"DestacadaPlaOci_EspaisRuralsTGN\" srcset=\"https:\/\/comt.cat\/wp-content\/uploads\/2023\/10\/DestacadaPlaOci_EspaisRuralsTGN.webp 1540w, https:\/\/comt.cat\/wp-content\/uploads\/2023\/10\/DestacadaPlaOci_EspaisRuralsTGN-300x136.webp 300w, https:\/\/comt.cat\/wp-content\/uploads\/2023\/10\/DestacadaPlaOci_EspaisRuralsTGN-1024x465.webp 1024w, https:\/\/comt.cat\/wp-content\/uploads\/2023\/10\/DestacadaPlaOci_EspaisRuralsTGN-768x349.webp 768w, https:\/\/comt.cat\/wp-content\/uploads\/2023\/10\/DestacadaPlaOci_EspaisRuralsTGN-1536x698.webp 1536w\" sizes=\"(max-width: 1540px) 100vw, 1540px\" \/>\t\t\t\t<div class=\"overlay\" style=\"background-color:rgba(105, 105, 105, 0.802)\"><\/div>\t\t\t\t\t\t\t<\/div>\n\t\t\t\t\t<\/div>\n\n\t\t<div class=\"box-text text-center is-large\" style=\"background-color:rgb(243, 243, 243);padding:27px 0px 20px 0px;\">\n\t\t\t<div class=\"box-text-inner\">\n\t\t\t\t\n\n<h3>ACTIVIDAD CERRADA<\/h3>\n<p>\u00a0<\/p>\n<h4>Visita &#8211; Ruta por los espacios de los espacios rurales de Tarraco<\/h4>\n<h4>\u00a0\u00a0<\/h4>\n<p>18 de noviembre 2023<\/p>\n\n\t\t\t<\/div>\n\t\t<\/div>\n\t<\/div>\n\t\n<a href=\"https:\/\/www.turismedetarragona.com\/ca\/tour\/ruta-guiada-espais-rurals-tarraco-comt\/\" class=\"button white expand\" >\n\t\t<span>M\u00e1s informaci\u00f3n<\/span>\n\t<\/a>\n\n\n\n\t\t<\/div>\n\t\t\t\t\t<\/div>\n\n\t\n\n\t<div id=\"col-1430865247\" class=\"col medium-3 small-12 large-3\"  >\n\t\t\t\t<div class=\"col-inner\"  >\n\t\t\t\n\t\t\t\n\n\t<div class=\"box has-hover   has-hover box-text-bottom\" >\n\n\t\t<div class=\"box-image\" >\n\t\t\t\t\t\t<div class=\"\" >\n\t\t\t\t<img loading=\"lazy\" decoding=\"async\" width=\"1540\" height=\"700\" src=\"https:\/\/comt.cat\/wp-content\/uploads\/2023\/09\/DESTACADA_PladociBatallaEbre.webp\" class=\"attachment- size-\" alt=\"\" srcset=\"https:\/\/comt.cat\/wp-content\/uploads\/2023\/09\/DESTACADA_PladociBatallaEbre.webp 1540w, https:\/\/comt.cat\/wp-content\/uploads\/2023\/09\/DESTACADA_PladociBatallaEbre-300x136.webp 300w, https:\/\/comt.cat\/wp-content\/uploads\/2023\/09\/DESTACADA_PladociBatallaEbre-1024x465.webp 1024w, https:\/\/comt.cat\/wp-content\/uploads\/2023\/09\/DESTACADA_PladociBatallaEbre-768x349.webp 768w, https:\/\/comt.cat\/wp-content\/uploads\/2023\/09\/DESTACADA_PladociBatallaEbre-1536x698.webp 1536w\" sizes=\"(max-width: 1540px) 100vw, 1540px\" \/>\t\t\t\t<div class=\"overlay\" style=\"background-color:rgba(105, 105, 105, 0.802)\"><\/div>\t\t\t\t\t\t\t<\/div>\n\t\t\t\t\t<\/div>\n\n\t\t<div class=\"box-text text-center is-large\" style=\"background-color:rgb(243, 243, 243);padding:27px 0px 20px 0px;\">\n\t\t\t<div class=\"box-text-inner\">\n\t\t\t\t\n\n<h3>ACTIVIDAD CERRADA<\/h3>\n<p>\u00a0<\/p>\n<h4>Visita &#8211; Ruta por los espacios de la Batalla del Ebro<\/h4>\n<h4>\u00a0\u00a0<\/h4>\n<p>21 de octubre 2023<\/p>\n\n\t\t\t<\/div>\n\t\t<\/div>\n\t<\/div>\n\t\n<a href=\"https:\/\/www.turismedetarragona.com\/ca\/tour\/ruta-espais-batalla-ebre-comt\/\" class=\"button white expand\" >\n\t\t<span>M\u00e1s informaci\u00f3n<\/span>\n\t<\/a>\n\n\n\n\t\t<\/div>\n\t\t\t\t\t<\/div>\n\n\t\n\n\t<div id=\"col-880892265\" class=\"col medium-3 small-12 large-3\"  >\n\t\t\t\t<div class=\"col-inner\"  >\n\t\t\t\n\t\t\t\n\n\t<div class=\"box has-hover   has-hover box-text-bottom\" >\n\n\t\t<div class=\"box-image\" >\n\t\t\t\t\t\t<div class=\"\" >\n\t\t\t\t<img loading=\"lazy\" decoding=\"async\" width=\"1540\" height=\"700\" src=\"https:\/\/comt.cat\/wp-content\/uploads\/2023\/08\/PladociRamblaNova.webp\" class=\"attachment- size-\" alt=\"Destacada PladociRamblaNova\" srcset=\"https:\/\/comt.cat\/wp-content\/uploads\/2023\/08\/PladociRamblaNova.webp 1540w, https:\/\/comt.cat\/wp-content\/uploads\/2023\/08\/PladociRamblaNova-300x136.webp 300w, https:\/\/comt.cat\/wp-content\/uploads\/2023\/08\/PladociRamblaNova-1024x465.webp 1024w, https:\/\/comt.cat\/wp-content\/uploads\/2023\/08\/PladociRamblaNova-768x349.webp 768w, https:\/\/comt.cat\/wp-content\/uploads\/2023\/08\/PladociRamblaNova-1536x698.webp 1536w\" sizes=\"(max-width: 1540px) 100vw, 1540px\" \/>\t\t\t\t<div class=\"overlay\" style=\"background-color:rgba(105, 105, 105, 0.802)\"><\/div>\t\t\t\t\t\t\t<\/div>\n\t\t\t\t\t<\/div>\n\n\t\t<div class=\"box-text text-center is-large\" style=\"background-color:rgb(243, 243, 243);padding:27px 0px 20px 0px;\">\n\t\t\t<div class=\"box-text-inner\">\n\t\t\t\t\n\n<h3>ACTIVIDAD CERRADA<\/h3>\n<p>&nbsp;<\/p>\n<h4>Visita &#8211; La Rambla Nova de Tarragona<\/h4>\n<h4>&nbsp;&nbsp;<\/h4>\n<p>07 y 08 de septiembre 2023<\/p>\n\n\t\t\t<\/div>\n\t\t<\/div>\n\t<\/div>\n\t\n<a href=\"https:\/\/www.turismedetarragona.com\/ca\/tour\/la-rambla-nova-de-tarragona-comt\/\" class=\"button white expand\" >\n\t\t<span>M\u00e1s informaci\u00f3n<\/span>\n\t<\/a>\n\n\n\n\t\t<\/div>\n\t\t\t\t\t<\/div>\n\n\t\n\n\t<div id=\"col-30233417\" class=\"col medium-3 small-12 large-3\"  >\n\t\t\t\t<div class=\"col-inner\"  >\n\t\t\t\n\t\t\t\n\n\t<div class=\"box has-hover   has-hover box-text-bottom\" >\n\n\t\t<div class=\"box-image\" >\n\t\t\t\t\t\t<div class=\"\" >\n\t\t\t\t<img loading=\"lazy\" decoding=\"async\" width=\"1540\" height=\"700\" src=\"https:\/\/comt.cat\/wp-content\/uploads\/2023\/06\/Imatge-DESTACADA_PlaOciBarca.webp\" class=\"attachment- size-\" alt=\"Imatge DESTACADA_PlaOciBarca\" srcset=\"https:\/\/comt.cat\/wp-content\/uploads\/2023\/06\/Imatge-DESTACADA_PlaOciBarca.webp 1540w, https:\/\/comt.cat\/wp-content\/uploads\/2023\/06\/Imatge-DESTACADA_PlaOciBarca-300x136.webp 300w, https:\/\/comt.cat\/wp-content\/uploads\/2023\/06\/Imatge-DESTACADA_PlaOciBarca-1024x465.webp 1024w, https:\/\/comt.cat\/wp-content\/uploads\/2023\/06\/Imatge-DESTACADA_PlaOciBarca-768x349.webp 768w, https:\/\/comt.cat\/wp-content\/uploads\/2023\/06\/Imatge-DESTACADA_PlaOciBarca-1536x698.webp 1536w\" sizes=\"(max-width: 1540px) 100vw, 1540px\" \/>\t\t\t\t<div class=\"overlay\" style=\"background-color:rgba(105, 105, 105, 0.802)\"><\/div>\t\t\t\t\t\t\t<\/div>\n\t\t\t\t\t<\/div>\n\n\t\t<div class=\"box-text text-center is-large\" style=\"background-color:rgb(243, 243, 243);padding:27px 0px 20px 0px;\">\n\t\t\t<div class=\"box-text-inner\">\n\t\t\t\t\n\n<h3>ACTIVIDAD CERRADA<\/h3>\n<p>&nbsp;<\/p>\n<h4>Visita &#8211; Tarragona desde el mar<\/h4>\n<h4>&nbsp;&nbsp;<\/h4>\n<p>08 de julio 2023<\/p>\n\n\t\t\t<\/div>\n\t\t<\/div>\n\t<\/div>\n\t\n<a href=\"https:\/\/www.turismedetarragona.com\/ca\/tour\/tarragona-des-del-mar-comt\/\" class=\"button white expand\" >\n\t\t<span>M\u00e1s informaci\u00f3n<\/span>\n\t<\/a>\n\n\n\n\t\t<\/div>\n\t\t\t\t\t<\/div>\n\n\t\n\n\t<div id=\"col-1775031655\" class=\"col medium-3 small-12 large-3\"  >\n\t\t\t\t<div class=\"col-inner\"  >\n\t\t\t\n\t\t\t\n\n\t<div class=\"box has-hover   has-hover box-text-bottom\" >\n\n\t\t<div class=\"box-image\" >\n\t\t\t\t\t\t<div class=\"\" >\n\t\t\t\t<img loading=\"lazy\" decoding=\"async\" width=\"1540\" height=\"700\" src=\"https:\/\/comt.cat\/wp-content\/uploads\/2023\/06\/Destacada-Celler-Janine_Sushi.webp\" class=\"attachment- size-\" alt=\"Destacada_Plaoci Celler Janine Sushi\" srcset=\"https:\/\/comt.cat\/wp-content\/uploads\/2023\/06\/Destacada-Celler-Janine_Sushi.webp 1540w, https:\/\/comt.cat\/wp-content\/uploads\/2023\/06\/Destacada-Celler-Janine_Sushi-300x136.webp 300w, https:\/\/comt.cat\/wp-content\/uploads\/2023\/06\/Destacada-Celler-Janine_Sushi-1024x465.webp 1024w, https:\/\/comt.cat\/wp-content\/uploads\/2023\/06\/Destacada-Celler-Janine_Sushi-768x349.webp 768w, https:\/\/comt.cat\/wp-content\/uploads\/2023\/06\/Destacada-Celler-Janine_Sushi-1536x698.webp 1536w\" sizes=\"(max-width: 1540px) 100vw, 1540px\" \/>\t\t\t\t<div class=\"overlay\" style=\"background-color:rgba(105, 105, 105, 0.802)\"><\/div>\t\t\t\t\t\t\t<\/div>\n\t\t\t\t\t<\/div>\n\n\t\t<div class=\"box-text text-center is-large\" style=\"background-color:rgb(243, 243, 243);padding:27px 0px 20px 0px;\">\n\t\t\t<div class=\"box-text-inner\">\n\t\t\t\t\n\n<h3>ACTIVIDAD CERRADA<\/h3>\n<p>&nbsp;<\/p>\n<h4>Visita &#8211; Visita a la bodega Janine y taller de sushi<\/h4>\n<h4>&nbsp;&nbsp;<\/h4>\n<p>17 de junio 2023<\/p>\n\n\t\t\t<\/div>\n\t\t<\/div>\n\t<\/div>\n\t\n<a href=\"https:\/\/www.turismedetarragona.com\/ca\/tour\/visita-celler-janine-taller-sushi-comt\/\" class=\"button white expand\" >\n\t\t<span>M\u00e1s informaci\u00f3n<\/span>\n\t<\/a>\n\n\n\n\t\t<\/div>\n\t\t\t\t\t<\/div>\n\n\t\n\n\t<div id=\"col-1957811239\" class=\"col medium-3 small-12 large-3\"  >\n\t\t\t\t<div class=\"col-inner\"  >\n\t\t\t\n\t\t\t\n\n\t<div class=\"box has-hover   has-hover box-text-bottom\" >\n\n\t\t<div class=\"box-image\" >\n\t\t\t\t\t\t<div class=\"\" >\n\t\t\t\t<img loading=\"lazy\" decoding=\"async\" width=\"1540\" height=\"700\" src=\"https:\/\/comt.cat\/wp-content\/uploads\/2023\/05\/DestacadaPladociMasMiro.webp\" class=\"attachment- size-\" alt=\"DestacadaPladociMasMiro\" srcset=\"https:\/\/comt.cat\/wp-content\/uploads\/2023\/05\/DestacadaPladociMasMiro.webp 1540w, https:\/\/comt.cat\/wp-content\/uploads\/2023\/05\/DestacadaPladociMasMiro-300x136.webp 300w, https:\/\/comt.cat\/wp-content\/uploads\/2023\/05\/DestacadaPladociMasMiro-1024x465.webp 1024w, https:\/\/comt.cat\/wp-content\/uploads\/2023\/05\/DestacadaPladociMasMiro-768x349.webp 768w, https:\/\/comt.cat\/wp-content\/uploads\/2023\/05\/DestacadaPladociMasMiro-1536x698.webp 1536w\" sizes=\"(max-width: 1540px) 100vw, 1540px\" \/>\t\t\t\t<div class=\"overlay\" style=\"background-color:rgba(105, 105, 105, 0.802)\"><\/div>\t\t\t\t\t\t\t<\/div>\n\t\t\t\t\t<\/div>\n\n\t\t<div class=\"box-text text-center is-large\" style=\"background-color:rgb(243, 243, 243);padding:27px 0px 20px 0px;\">\n\t\t\t<div class=\"box-text-inner\">\n\t\t\t\t\n\n<h3>ACTIVIDAD CERRADA<\/h3>\n<h4>&nbsp;<\/h4>\n<h4>Visita &#8211; Fundaci\u00f3 Mas Mir\u00f3<\/h4>\n<p>&nbsp;<\/p>\n<p>&nbsp;<\/p>\n<p>27 de mayo de 2023<\/p>\n\n\t\t\t<\/div>\n\t\t<\/div>\n\t<\/div>\n\t\n<a href=\"https:\/\/www.turismedetarragona.com\/ca\/tour\/visita-fundacio-mas-miro-vermut-comt\/\" class=\"button white expand\" >\n\t\t<span>M\u00e1s informaci\u00f3n<\/span>\n\t<\/a>\n\n\n\n\t\t<\/div>\n\t\t\t\t\t<\/div>\n\n\t\n\n\t<div id=\"col-2081268749\" class=\"col medium-3 small-12 large-3\"  >\n\t\t\t\t<div class=\"col-inner\"  >\n\t\t\t\n\t\t\t\n\n\t<div class=\"box has-hover   has-hover box-text-bottom\" >\n\n\t\t<div class=\"box-image\" >\n\t\t\t\t\t\t<div class=\"\" >\n\t\t\t\t<img loading=\"lazy\" decoding=\"async\" width=\"1540\" height=\"700\" src=\"https:\/\/comt.cat\/wp-content\/uploads\/2023\/03\/Pla_doci_Tortosa.webp\" class=\"attachment- size-\" alt=\"DESTACADA Pla_doci_Tortosa\" srcset=\"https:\/\/comt.cat\/wp-content\/uploads\/2023\/03\/Pla_doci_Tortosa.webp 1540w, https:\/\/comt.cat\/wp-content\/uploads\/2023\/03\/Pla_doci_Tortosa-300x136.webp 300w, https:\/\/comt.cat\/wp-content\/uploads\/2023\/03\/Pla_doci_Tortosa-1024x465.webp 1024w, https:\/\/comt.cat\/wp-content\/uploads\/2023\/03\/Pla_doci_Tortosa-768x349.webp 768w, https:\/\/comt.cat\/wp-content\/uploads\/2023\/03\/Pla_doci_Tortosa-1536x698.webp 1536w\" sizes=\"(max-width: 1540px) 100vw, 1540px\" \/>\t\t\t\t<div class=\"overlay\" style=\"background-color:rgba(105, 105, 105, 0.802)\"><\/div>\t\t\t\t\t\t\t<\/div>\n\t\t\t\t\t<\/div>\n\n\t\t<div class=\"box-text text-center is-large\" style=\"background-color:rgb(243, 243, 243);padding:27px 0px 20px 0px;\">\n\t\t\t<div class=\"box-text-inner\">\n\t\t\t\t\n\n<h3>ACTIVIDAD CERRADA<\/h3>\n<p>&nbsp;<\/p>\n<h4>Visita &#8211; Excursi\u00f3n de d\u00eda entero a Tortosa<\/h4>\n<p>&nbsp;<\/p>\n<p>15 de abril de 2023<\/p>\n\n\t\t\t<\/div>\n\t\t<\/div>\n\t<\/div>\n\t\n<a href=\"https:\/\/www.turismedetarragona.com\/ca\/tour\/excursio-tortosa-comt\/\" class=\"button white expand\" >\n\t\t<span>M\u00e1s informaci\u00f3n<\/span>\n\t<\/a>\n\n\n\n\t\t<\/div>\n\t\t\t\t\t<\/div>\n\n\t\n\n\t<div id=\"col-638766405\" class=\"col medium-3 small-12 large-3\"  >\n\t\t\t\t<div class=\"col-inner\"  >\n\t\t\t\n\t\t\t\n\n\t<div class=\"box has-hover   has-hover box-text-bottom\" >\n\n\t\t<div class=\"box-image\" >\n\t\t\t\t\t\t<div class=\"\" >\n\t\t\t\t<img loading=\"lazy\" decoding=\"async\" width=\"1540\" height=\"700\" src=\"https:\/\/comt.cat\/wp-content\/uploads\/2023\/02\/Plaoci-DESTACADA-presseguers.webp\" class=\"attachment- size-\" alt=\"Destacada PlaOci Presseguers\" srcset=\"https:\/\/comt.cat\/wp-content\/uploads\/2023\/02\/Plaoci-DESTACADA-presseguers.webp 1540w, https:\/\/comt.cat\/wp-content\/uploads\/2023\/02\/Plaoci-DESTACADA-presseguers-300x136.webp 300w, https:\/\/comt.cat\/wp-content\/uploads\/2023\/02\/Plaoci-DESTACADA-presseguers-1024x465.webp 1024w, https:\/\/comt.cat\/wp-content\/uploads\/2023\/02\/Plaoci-DESTACADA-presseguers-768x349.webp 768w, https:\/\/comt.cat\/wp-content\/uploads\/2023\/02\/Plaoci-DESTACADA-presseguers-1536x698.webp 1536w\" sizes=\"(max-width: 1540px) 100vw, 1540px\" \/>\t\t\t\t<div class=\"overlay\" style=\"background-color:rgba(105, 105, 105, 0.802)\"><\/div>\t\t\t\t\t\t\t<\/div>\n\t\t\t\t\t<\/div>\n\n\t\t<div class=\"box-text text-center is-large\" style=\"background-color:rgb(243, 243, 243);padding:27px 0px 20px 0px;\">\n\t\t\t<div class=\"box-text-inner\">\n\t\t\t\t\n\n<h3>ACTIVIDAD CERRADA<\/h3>\n<p>&nbsp;<\/p>\n<h4>Visita &#8211; Entre melocotoneros en flor en Tivissa con brunch<\/h4>\n<p>&nbsp;<\/p>\n<p>11 de marzo de 2023<\/p>\n\n\t\t\t<\/div>\n\t\t<\/div>\n\t<\/div>\n\t\n<a href=\"https:\/\/www.turismedetarragona.com\/ca\/tour\/tarragona-llegendaria-misteris-i-crims-comt\/\" class=\"button white expand\" >\n\t\t<span>M\u00e1s informaci\u00f3n<\/span>\n\t<\/a>\n\n\n\n\t\t<\/div>\n\t\t\t\t\t<\/div>\n\n\t\n\n\t<div id=\"col-14835308\" class=\"col medium-3 small-12 large-3\"  >\n\t\t\t\t<div class=\"col-inner\"  >\n\t\t\t\n\t\t\t\n\n\t<div class=\"box has-hover   has-hover box-text-bottom\" >\n\n\t\t<div class=\"box-image\" >\n\t\t\t\t\t\t<div class=\"\" >\n\t\t\t\t<img loading=\"lazy\" decoding=\"async\" width=\"1540\" height=\"700\" src=\"https:\/\/comt.cat\/wp-content\/uploads\/2023\/02\/PladociPoblet.webp\" class=\"attachment- size-\" alt=\"Destacada Pla Oci_PobletOK\" srcset=\"https:\/\/comt.cat\/wp-content\/uploads\/2023\/02\/PladociPoblet.webp 1540w, https:\/\/comt.cat\/wp-content\/uploads\/2023\/02\/PladociPoblet-300x136.webp 300w, https:\/\/comt.cat\/wp-content\/uploads\/2023\/02\/PladociPoblet-1024x465.webp 1024w, https:\/\/comt.cat\/wp-content\/uploads\/2023\/02\/PladociPoblet-768x349.webp 768w, https:\/\/comt.cat\/wp-content\/uploads\/2023\/02\/PladociPoblet-1536x698.webp 1536w\" sizes=\"(max-width: 1540px) 100vw, 1540px\" \/>\t\t\t\t<div class=\"overlay\" style=\"background-color:rgba(105, 105, 105, 0.802)\"><\/div>\t\t\t\t\t\t\t<\/div>\n\t\t\t\t\t<\/div>\n\n\t\t<div class=\"box-text text-center is-large\" style=\"background-color:rgb(243, 243, 243);padding:27px 0px 20px 0px;\">\n\t\t\t<div class=\"box-text-inner\">\n\t\t\t\t\n\n<h3>ACTIVIDAD CERRADA<\/h3>\n<p>&nbsp;<\/p>\n<h4>Visita &#8211; Monestir Santa Maria de Poblet<\/h4>\n<p>&nbsp;<\/p>\n<p>25 de febrero de 2023<\/p>\n\n\t\t\t<\/div>\n\t\t<\/div>\n\t<\/div>\n\t\n<a href=\"https:\/\/www.turismedetarragona.com\/ca\/tour\/entre-presseguers-florits-a-tivissa-amb-brunch-a-laire-lliure-comt\/\" class=\"button white expand\" >\n\t\t<span>M\u00e1s informaci\u00f3n<\/span>\n\t<\/a>\n\n\n\n\t\t<\/div>\n\t\t\t\t\t<\/div>\n\n\t\n\n\t<div id=\"col-1393908304\" class=\"col medium-3 small-12 large-3\"  >\n\t\t\t\t<div class=\"col-inner\"  >\n\t\t\t\n\t\t\t\n\n\t<div class=\"box has-hover   has-hover box-text-bottom\" >\n\n\t\t<div class=\"box-image\" >\n\t\t\t\t\t\t<div class=\"\" >\n\t\t\t\t<img loading=\"lazy\" decoding=\"async\" width=\"1540\" height=\"700\" src=\"https:\/\/comt.cat\/wp-content\/uploads\/2023\/01\/Destacada-noticiaMisteris-i-Crims.jpeg\" class=\"attachment- size-\" alt=\"Destacada noticiaMisteris i Crims\" srcset=\"https:\/\/comt.cat\/wp-content\/uploads\/2023\/01\/Destacada-noticiaMisteris-i-Crims.jpeg 1540w, https:\/\/comt.cat\/wp-content\/uploads\/2023\/01\/Destacada-noticiaMisteris-i-Crims-300x136.jpeg 300w, https:\/\/comt.cat\/wp-content\/uploads\/2023\/01\/Destacada-noticiaMisteris-i-Crims-1024x465.jpeg 1024w, https:\/\/comt.cat\/wp-content\/uploads\/2023\/01\/Destacada-noticiaMisteris-i-Crims-768x349.jpeg 768w, https:\/\/comt.cat\/wp-content\/uploads\/2023\/01\/Destacada-noticiaMisteris-i-Crims-1536x698.jpeg 1536w\" sizes=\"(max-width: 1540px) 100vw, 1540px\" \/>\t\t\t\t<div class=\"overlay\" style=\"background-color:rgba(105, 105, 105, 0.802)\"><\/div>\t\t\t\t\t\t\t<\/div>\n\t\t\t\t\t<\/div>\n\n\t\t<div class=\"box-text text-center is-large\" style=\"background-color:rgb(243, 243, 243);padding:27px 0px 20px 0px;\">\n\t\t\t<div class=\"box-text-inner\">\n\t\t\t\t\n\n<h3>ACTIVIDAD CERRADA<\/h3>\n<p>&nbsp;<\/p>\n<h4>Tarragona legendaria &#8211; Misterios y Cr\u00edmenes<\/h4>\n<h4>&nbsp;&nbsp;<\/h4>\n<p>27 i 28 de enero 2023<\/p>\n\n\t\t\t<\/div>\n\t\t<\/div>\n\t<\/div>\n\t\n<a href=\"https:\/\/www.turismedetarragona.com\/ca\/tour\/tarragona-llegendaria-misteris-i-crims-comt\/\" class=\"button white expand\" >\n\t\t<span>M\u00e1s informaci\u00f3n<\/span>\n\t<\/a>\n\n\n\n\t\t<\/div>\n\t\t\t\t\t<\/div>\n\n\t\n\n<\/div>\n<div class=\"container section-title-container\" ><h2 class=\"section-title section-title-normal\"><b aria-hidden=\"true\"><\/b><span class=\"section-title-main\" style=\"color:#45dace;\">Plan de ocio 2022<\/span><b aria-hidden=\"true\"><\/b><\/h2><\/div>\n\n<div class=\"row\"  id=\"row-178704794\">\n\n\n\t<div id=\"col-1187633205\" class=\"col medium-3 small-6 large-3\"  >\n\t\t\t\t<div class=\"col-inner\"  >\n\t\t\t\n\t\t\t\n\n\t<div class=\"box has-hover   has-hover box-text-bottom\" >\n\n\t\t<div class=\"box-image\" >\n\t\t\t\t\t\t<div class=\"\" >\n\t\t\t\t<img loading=\"lazy\" decoding=\"async\" width=\"1540\" height=\"700\" src=\"https:\/\/comt.cat\/wp-content\/uploads\/2022\/10\/DestacadaItinereNovembre.webp\" class=\"attachment- size-\" alt=\"DestacadaItinereNovembre\" srcset=\"https:\/\/comt.cat\/wp-content\/uploads\/2022\/10\/DestacadaItinereNovembre.webp 1540w, https:\/\/comt.cat\/wp-content\/uploads\/2022\/10\/DestacadaItinereNovembre-300x136.webp 300w, https:\/\/comt.cat\/wp-content\/uploads\/2022\/10\/DestacadaItinereNovembre-1024x465.webp 1024w, https:\/\/comt.cat\/wp-content\/uploads\/2022\/10\/DestacadaItinereNovembre-768x349.webp 768w, https:\/\/comt.cat\/wp-content\/uploads\/2022\/10\/DestacadaItinereNovembre-1536x698.webp 1536w\" sizes=\"(max-width: 1540px) 100vw, 1540px\" \/>\t\t\t\t<div class=\"overlay\" style=\"background-color:rgba(105, 105, 105, 0.802)\"><\/div>\t\t\t\t\t\t\t<\/div>\n\t\t\t\t\t<\/div>\n\n\t\t<div class=\"box-text text-center is-large\" style=\"background-color:rgb(243, 243, 243);padding:27px 0px 20px 0px;\">\n\t\t\t<div class=\"box-text-inner\">\n\t\t\t\t\n\n<h3>ACTIVIDAD CERRADA<\/h3>\n<p>&nbsp;<\/p>\n<h4>Visita guiada Catedral de Tgna &#8211; Centro hist\u00f3rico<\/h4>\n<p>12 de noivembre 2022<\/p>\n\n\t\t\t<\/div>\n\t\t<\/div>\n\t<\/div>\n\t\n<a href=\"https:\/\/www.turismedetarragona.com\/ca\/tour\/catedral-de-tarragona-comt\/\" class=\"button white expand\" >\n\t\t<span>M\u00e1s informaci\u00f3n<\/span>\n\t<\/a>\n\n\n\n\t\t<\/div>\n\t\t\t\t\t<\/div>\n\n\t\n\n\t<div id=\"col-585851864\" class=\"col medium-3 small-6 large-3\"  >\n\t\t\t\t<div class=\"col-inner\"  >\n\t\t\t\n\t\t\t\n\n\t<div class=\"box has-hover   has-hover box-text-bottom\" >\n\n\t\t<div class=\"box-image\" >\n\t\t\t\t\t\t<div class=\"\" >\n\t\t\t\t<img loading=\"lazy\" decoding=\"async\" width=\"1540\" height=\"700\" src=\"https:\/\/comt.cat\/wp-content\/uploads\/2022\/09\/Pladoci_Modernisme.webp\" class=\"attachment- size-\" alt=\"Pladoci_Modernisme\" srcset=\"https:\/\/comt.cat\/wp-content\/uploads\/2022\/09\/Pladoci_Modernisme.webp 1540w, https:\/\/comt.cat\/wp-content\/uploads\/2022\/09\/Pladoci_Modernisme-300x136.webp 300w, https:\/\/comt.cat\/wp-content\/uploads\/2022\/09\/Pladoci_Modernisme-1024x465.webp 1024w, https:\/\/comt.cat\/wp-content\/uploads\/2022\/09\/Pladoci_Modernisme-768x349.webp 768w, https:\/\/comt.cat\/wp-content\/uploads\/2022\/09\/Pladoci_Modernisme-1536x698.webp 1536w\" sizes=\"(max-width: 1540px) 100vw, 1540px\" \/>\t\t\t\t<div class=\"overlay\" style=\"background-color:rgba(105, 105, 105, 0.802)\"><\/div>\t\t\t\t\t\t\t<\/div>\n\t\t\t\t\t<\/div>\n\n\t\t<div class=\"box-text text-center is-large\" style=\"background-color:rgb(243, 243, 243);padding:27px 0px 20px 0px;\">\n\t\t\t<div class=\"box-text-inner\">\n\t\t\t\t\n\n<h3>ACTIVIDAD CERRADA<\/h3>\n<p>&nbsp;<\/p>\n<h4>Visita guiada al modernismo &#8211; Reus<\/h4>\n<p>01 de octubre 2022<\/p>\n\n\t\t\t<\/div>\n\t\t<\/div>\n\t<\/div>\n\t\n<a href=\"https:\/\/www.turismedetarragona.com\/ca\/tour\/reus-modernista-comt\/\" class=\"button white expand\" >\n\t\t<span>M\u00e1s informaci\u00f3n<\/span>\n\t<\/a>\n\n\n\n\t\t<\/div>\n\t\t\t\t\t<\/div>\n\n\t\n\n\t<div id=\"col-1607262148\" class=\"col medium-3 small-6 large-3\"  >\n\t\t\t\t<div class=\"col-inner\"  >\n\t\t\t\n\t\t\t\n\n\t<div class=\"box has-hover   has-hover box-text-bottom\" >\n\n\t\t<div class=\"box-image\" >\n\t\t\t\t\t\t<div class=\"\" >\n\t\t\t\t<img loading=\"lazy\" decoding=\"async\" width=\"1540\" height=\"700\" src=\"https:\/\/comt.cat\/wp-content\/uploads\/2022\/08\/Itinere02-setembre.jpg\" class=\"attachment- size-\" alt=\"Itinere activitat 02 setembre\" srcset=\"https:\/\/comt.cat\/wp-content\/uploads\/2022\/08\/Itinere02-setembre.jpg 1540w, https:\/\/comt.cat\/wp-content\/uploads\/2022\/08\/Itinere02-setembre-300x136.jpg 300w, https:\/\/comt.cat\/wp-content\/uploads\/2022\/08\/Itinere02-setembre-1024x465.jpg 1024w, https:\/\/comt.cat\/wp-content\/uploads\/2022\/08\/Itinere02-setembre-768x349.jpg 768w, https:\/\/comt.cat\/wp-content\/uploads\/2022\/08\/Itinere02-setembre-1536x698.jpg 1536w\" sizes=\"(max-width: 1540px) 100vw, 1540px\" \/>\t\t\t\t<div class=\"overlay\" style=\"background-color:rgba(105, 105, 105, 0.802)\"><\/div>\t\t\t\t\t\t\t<\/div>\n\t\t\t\t\t<\/div>\n\n\t\t<div class=\"box-text text-center is-large\" style=\"background-color:rgb(243, 243, 243);padding:27px 0px 20px 0px;\">\n\t\t\t<div class=\"box-text-inner\">\n\t\t\t\t\n\n<h3>ACTIVIDAD CERRADA<\/h3>\n<p>&nbsp;<\/p>\n<h4>Misterios y leyendas de Tarragona<\/h4>\n<p>02 de septiembre 2022<\/p>\n\n\t\t\t<\/div>\n\t\t<\/div>\n\t<\/div>\n\t\n<a href=\"https:\/\/comt.cat\/pla-doci-del-comt-misteris-i-llegendes-de-tarragona\/\" class=\"button white expand\" >\n\t\t<span>M\u00e1s informaci\u00f3n<\/span>\n\t<\/a>\n\n\n\n\t\t<\/div>\n\t\t\t\t\t<\/div>\n\n\t\n\n\t<div id=\"col-877531255\" class=\"col medium-3 small-12 large-3\"  >\n\t\t\t\t<div class=\"col-inner\"  >\n\t\t\t\n\t\t\t\n\n\t<div class=\"box has-hover   has-hover box-text-bottom\" >\n\n\t\t<div class=\"box-image\" >\n\t\t\t\t\t\t<div class=\"\" >\n\t\t\t\t<img loading=\"lazy\" decoding=\"async\" width=\"1540\" height=\"700\" src=\"https:\/\/comt.cat\/wp-content\/uploads\/2022\/06\/Itinere_Celler_Tast.jpg\" class=\"attachment- size-\" alt=\"\" srcset=\"https:\/\/comt.cat\/wp-content\/uploads\/2022\/06\/Itinere_Celler_Tast.jpg 1540w, https:\/\/comt.cat\/wp-content\/uploads\/2022\/06\/Itinere_Celler_Tast-300x136.jpg 300w, https:\/\/comt.cat\/wp-content\/uploads\/2022\/06\/Itinere_Celler_Tast-1024x465.jpg 1024w, https:\/\/comt.cat\/wp-content\/uploads\/2022\/06\/Itinere_Celler_Tast-768x349.jpg 768w, https:\/\/comt.cat\/wp-content\/uploads\/2022\/06\/Itinere_Celler_Tast-1536x698.jpg 1536w\" sizes=\"(max-width: 1540px) 100vw, 1540px\" \/>\t\t\t\t<div class=\"overlay\" style=\"background-color:rgba(105, 105, 105, 0.802)\"><\/div>\t\t\t\t\t\t\t<\/div>\n\t\t\t\t\t<\/div>\n\n\t\t<div class=\"box-text text-center is-large\" style=\"background-color:rgb(243, 243, 243);padding:27px 0px 20px 0px;\">\n\t\t\t<div class=\"box-text-inner\">\n\t\t\t\t\n\n<h3>ACTIVIDAD CERRADA<\/h3>\n<p>&nbsp;<\/p>\n<h4>Cata, almuerzo y visita a una bodega<\/h4>\n<p>04 de junio 2022<\/p>\n\n\t\t\t<\/div>\n\t\t<\/div>\n\t<\/div>\n\t\n<a href=\"https:\/\/comt.cat\/pla-doci-del-comt-esmorzar-de-pages-visita-i-cata-al-celler-alvarez-duran-porrera\/\" class=\"button white expand\" >\n\t\t<span>M\u00e1s informaci\u00f3n<\/span>\n\t<\/a>\n\n\n\n\t\t<\/div>\n\t\t\t\t\t<\/div>\n\n\t\n\n\t<div id=\"col-1476043244\" class=\"col medium-3 small-12 large-3\"  >\n\t\t\t\t<div class=\"col-inner\"  >\n\t\t\t\n\t\t\t\n\n\t<div class=\"box has-hover   has-hover box-text-bottom\" >\n\n\t\t<div class=\"box-image\" >\n\t\t\t\t\t\t<div class=\"\" >\n\t\t\t\t<img loading=\"lazy\" decoding=\"async\" width=\"1540\" height=\"700\" src=\"https:\/\/comt.cat\/wp-content\/uploads\/2022\/06\/Itinere-Delta.webp\" class=\"attachment- size-\" alt=\"\" srcset=\"https:\/\/comt.cat\/wp-content\/uploads\/2022\/06\/Itinere-Delta.webp 1540w, https:\/\/comt.cat\/wp-content\/uploads\/2022\/06\/Itinere-Delta-300x136.webp 300w, https:\/\/comt.cat\/wp-content\/uploads\/2022\/06\/Itinere-Delta-1024x465.webp 1024w, https:\/\/comt.cat\/wp-content\/uploads\/2022\/06\/Itinere-Delta-768x349.webp 768w, https:\/\/comt.cat\/wp-content\/uploads\/2022\/06\/Itinere-Delta-1536x698.webp 1536w\" sizes=\"(max-width: 1540px) 100vw, 1540px\" \/>\t\t\t\t<div class=\"overlay\" style=\"background-color:rgba(105, 105, 105, 0.802)\"><\/div>\t\t\t\t\t\t\t<\/div>\n\t\t\t\t\t<\/div>\n\n\t\t<div class=\"box-text text-center is-large\" style=\"background-color:rgb(243, 243, 243);padding:27px 0px 20px 0px;\">\n\t\t\t<div class=\"box-text-inner\">\n\t\t\t\t\n\n<h3>ACTIVIDAD CERRADA<\/h3>\n<p>&nbsp;<\/p>\n<h4>Visita al Delta de l&#8217;Ebre &#8211; Deltebre<\/h4>\n<p>21 de mayo 2022<\/p>\n\n\t\t\t<\/div>\n\t\t<\/div>\n\t<\/div>\n\t\n<a href=\"https:\/\/comt.cat\/pla-doci-del-comt-visita-al-delta-de-lebre-deltebre\/\" class=\"button white expand\" >\n\t\t<span>M\u00e1s informaci\u00f3n<\/span>\n\t<\/a>\n\n\n\n\t\t<\/div>\n\t\t\t\t\t<\/div>\n\n\t\n\n\t<div id=\"col-598952236\" class=\"col medium-3 small-12 large-3\"  >\n\t\t\t\t<div class=\"col-inner\"  >\n\t\t\t\n\t\t\t\n\n\t<div class=\"box has-hover   has-hover box-text-bottom\" >\n\n\t\t<div class=\"box-image\" >\n\t\t\t\t\t\t<div class=\"\" >\n\t\t\t\t<img loading=\"lazy\" decoding=\"async\" width=\"1540\" height=\"700\" src=\"https:\/\/comt.cat\/wp-content\/uploads\/2022\/04\/MartiFranques.jpg\" class=\"attachment- size-\" alt=\"\" srcset=\"https:\/\/comt.cat\/wp-content\/uploads\/2022\/04\/MartiFranques.jpg 1540w, https:\/\/comt.cat\/wp-content\/uploads\/2022\/04\/MartiFranques-300x136.jpg 300w, https:\/\/comt.cat\/wp-content\/uploads\/2022\/04\/MartiFranques-1024x465.jpg 1024w, https:\/\/comt.cat\/wp-content\/uploads\/2022\/04\/MartiFranques-768x349.jpg 768w, https:\/\/comt.cat\/wp-content\/uploads\/2022\/04\/MartiFranques-1536x698.jpg 1536w\" sizes=\"(max-width: 1540px) 100vw, 1540px\" \/>\t\t\t\t<div class=\"overlay\" style=\"background-color:rgba(105, 105, 105, 0.802)\"><\/div>\t\t\t\t\t\t\t<\/div>\n\t\t\t\t\t<\/div>\n\n\t\t<div class=\"box-text text-center is-large\" style=\"background-color:rgb(243, 243, 243);padding:27px 0px 20px 0px;\">\n\t\t\t<div class=\"box-text-inner\">\n\t\t\t\t\n\n<h3>ACTIVIDAD CERRADA<\/h3>\n<p>&nbsp;<\/p>\n<h4>\u00bfQui\u00e9n era Antoni de Mart\u00ed Franqu\u00e9s?<\/h4>\n<p>30 de abril 2022<\/p>\n\n\t\t\t<\/div>\n\t\t<\/div>\n\t<\/div>\n\t\n<a href=\"https:\/\/comt.cat\/pla-doci-del-comt-antoni-de-marti-i-franques\/\" class=\"button white expand\" >\n\t\t<span>M\u00e1s informaci\u00f3n<\/span>\n\t<\/a>\n\n\n\n\t\t<\/div>\n\t\t\t\t\t<\/div>\n\n\t\n\n\t<div id=\"col-522581782\" class=\"col medium-3 small-12 large-3\"  >\n\t\t\t\t<div class=\"col-inner\"  >\n\t\t\t\n\t\t\t\n\n\t<div class=\"box has-hover   has-hover box-text-bottom\" >\n\n\t\t<div class=\"box-image\" >\n\t\t\t\t\t\t<div class=\"\" >\n\t\t\t\t<img loading=\"lazy\" decoding=\"async\" width=\"1540\" height=\"700\" src=\"https:\/\/comt.cat\/wp-content\/uploads\/2022\/06\/PlaOciCOMTVespreJueu.jpg\" class=\"attachment- size-\" alt=\"Pla d&#039;oci del COMT Vespre Jueu\" srcset=\"https:\/\/comt.cat\/wp-content\/uploads\/2022\/06\/PlaOciCOMTVespreJueu.jpg 1540w, https:\/\/comt.cat\/wp-content\/uploads\/2022\/06\/PlaOciCOMTVespreJueu-300x136.jpg 300w, https:\/\/comt.cat\/wp-content\/uploads\/2022\/06\/PlaOciCOMTVespreJueu-1024x465.jpg 1024w, https:\/\/comt.cat\/wp-content\/uploads\/2022\/06\/PlaOciCOMTVespreJueu-768x349.jpg 768w, https:\/\/comt.cat\/wp-content\/uploads\/2022\/06\/PlaOciCOMTVespreJueu-1536x698.jpg 1536w\" sizes=\"(max-width: 1540px) 100vw, 1540px\" \/>\t\t\t\t<div class=\"overlay\" style=\"background-color:rgba(105, 105, 105, 0.802)\"><\/div>\t\t\t\t\t\t\t<\/div>\n\t\t\t\t\t<\/div>\n\n\t\t<div class=\"box-text text-center is-large\" style=\"background-color:rgb(243, 243, 243);padding:27px 0px 20px 0px;\">\n\t\t\t<div class=\"box-text-inner\">\n\t\t\t\t\n\n<h3>ACTIVIDAD CERRADA<\/h3>\n<p>&nbsp;<\/p>\n<h4>Atardecer jud\u00edo en la ciudad de Tarragona<\/h4>\n<p>02 de julio 2022<\/p>\n\n\t\t\t<\/div>\n\t\t<\/div>\n\t<\/div>\n\t\n<a href=\"https:\/\/www.turismedetarragona.com\/ca\/tour\/vespre-jueu-a-tarragona-comt\/\" class=\"button white expand\" >\n\t\t<span>M\u00e1s informaci\u00f3n<\/span>\n\t<\/a>\n\n\n\n\t\t<\/div>\n\t\t\t\t\t<\/div>\n\n\t\n\n<\/div>\n\n\t\t<\/div>\n\t\t\t\t\t<\/div>\n\n\t\n\n<\/div>\n<div class=\"row\"  id=\"row-1195024513\">\n\n\n\t<div id=\"col-1468913654\" class=\"col small-6 large-12\"  >\n\t\t\t\t<div class=\"col-inner\"  >\n\t\t\t\n\t\t\t\n\n\t<div class=\"box has-hover   has-hover box-text-bottom\" >\n\n\t\t<div class=\"box-image\" >\n\t\t\t<a href=\"https:\/\/comt.cat\/es\/pla-doci-experiencia-cal%C2%B7ligrafica-medieval\/\" target=\"_blank\" rel=\"noopener\" >\t\t\t<div class=\"\" >\n\t\t\t\t<img loading=\"lazy\" decoding=\"async\" width=\"1540\" height=\"700\" src=\"https:\/\/comt.cat\/wp-content\/uploads\/2025\/12\/DESTACADA-WEB-COMT-22.png\" class=\"attachment- size-\" alt=\"\" srcset=\"https:\/\/comt.cat\/wp-content\/uploads\/2025\/12\/DESTACADA-WEB-COMT-22.png 1540w, https:\/\/comt.cat\/wp-content\/uploads\/2025\/12\/DESTACADA-WEB-COMT-22-300x136.png 300w, https:\/\/comt.cat\/wp-content\/uploads\/2025\/12\/DESTACADA-WEB-COMT-22-1024x465.png 1024w, https:\/\/comt.cat\/wp-content\/uploads\/2025\/12\/DESTACADA-WEB-COMT-22-768x349.png 768w, https:\/\/comt.cat\/wp-content\/uploads\/2025\/12\/DESTACADA-WEB-COMT-22-1536x698.png 1536w, https:\/\/comt.cat\/wp-content\/uploads\/2025\/12\/DESTACADA-WEB-COMT-22-600x273.png 600w\" sizes=\"(max-width: 1540px) 100vw, 1540px\" \/>\t\t\t\t\t\t\t\t\t\t\t<\/div>\n\t\t\t<\/a>\t\t<\/div>\n\n\t\t<div class=\"box-text text-center is-large\" style=\"background-color:rgb(243, 243, 243);padding:27px 0px 20px 0px;\">\n\t\t\t<div class=\"box-text-inner\">\n\t\t\t\t\n\n<h4>Plan de Ocio del COMT de 2025\u00a0<\/h4>\n<p>\u00a0<\/p>\n<h4>Experiencia caligr\u00e1fica medieval<\/h4>\n<p>\u00a0<\/p>\n<h4>13 de diciembre de 2025<\/h4>\n<p>\u00a0<\/p>\n\n\t\t\t<\/div>\n\t\t<\/div>\n\t<\/div>\n\t\n<a href=\"https:\/\/comt.cat\/es\/pla-doci-experiencia-cal%C2%B7ligrafica-medieval\/\" target=\"_blank\" class=\"button success expand\" rel=\"noopener\" >\n\t\t<span>M\u00e1s informaci\u00f3n<\/span>\n\t<\/a>\n\n\n\n\t\t<\/div>\n\t\t\t\t\t<\/div>\n\n\t\n\n\t<div id=\"col-1005198269\" class=\"col small-12 large-12\"  >\n\t\t\t\t<div class=\"col-inner\"  >\n\t\t\t\n\t\t\t\n\n\t<div id=\"gap-310954747\" class=\"gap-element clearfix\" style=\"display:block; height:auto;\">\n\t\t\n<style>\n#gap-310954747 {\n  padding-top: 30px;\n}\n<\/style>\n\t<\/div>\n\t\n\n<div class=\"container section-title-container\" ><h2 class=\"section-title section-title-normal\"><b aria-hidden=\"true\"><\/b><span class=\"section-title-main\" style=\"color:#45dace;\">Plan de ocio 2025<\/span><b aria-hidden=\"true\"><\/b><\/h2><\/div>\n\n<div class=\"row\"  id=\"row-836444327\">\n\n\n\t<div id=\"col-1034515727\" class=\"col medium-3 small-12 large-3\"  >\n\t\t\t\t<div class=\"col-inner\"  >\n\t\t\t\n\t\t\t\n\n\t<div class=\"box has-hover   has-hover box-text-bottom\" >\n\n\t\t<div class=\"box-image\" >\n\t\t\t<a href=\"https:\/\/comt.cat\/es\/pla-doci-experiencia-cal%C2%B7ligrafica-medieval\/\" target=\"_blank\" rel=\"noopener\" >\t\t\t<div class=\"\" >\n\t\t\t\t<img loading=\"lazy\" decoding=\"async\" width=\"1540\" height=\"700\" src=\"https:\/\/comt.cat\/wp-content\/uploads\/2025\/11\/destacades-Pla-dOCI-2025-2.png\" class=\"attachment- size-\" alt=\"\" srcset=\"https:\/\/comt.cat\/wp-content\/uploads\/2025\/11\/destacades-Pla-dOCI-2025-2.png 1540w, https:\/\/comt.cat\/wp-content\/uploads\/2025\/11\/destacades-Pla-dOCI-2025-2-300x136.png 300w, https:\/\/comt.cat\/wp-content\/uploads\/2025\/11\/destacades-Pla-dOCI-2025-2-1024x465.png 1024w, https:\/\/comt.cat\/wp-content\/uploads\/2025\/11\/destacades-Pla-dOCI-2025-2-768x349.png 768w, https:\/\/comt.cat\/wp-content\/uploads\/2025\/11\/destacades-Pla-dOCI-2025-2-1536x698.png 1536w, https:\/\/comt.cat\/wp-content\/uploads\/2025\/11\/destacades-Pla-dOCI-2025-2-600x273.png 600w\" sizes=\"(max-width: 1540px) 100vw, 1540px\" \/>\t\t\t\t<div class=\"overlay\" style=\"background-color:rgba(129, 129, 129, 0)\"><\/div>\t\t\t\t\t\t\t<\/div>\n\t\t\t<\/a>\t\t<\/div>\n\n\t\t<div class=\"box-text text-center is-large\" style=\"background-color:rgb(243, 243, 243);padding:27px 0px 20px 0px;\">\n\t\t\t<div class=\"box-text-inner\">\n\t\t\t\t\n\n<h3>ACTIVIDAD ABIERTA<\/h3>\n<p>\u00a0<\/p>\n<h4>Experiencia caligr\u00e1fica medieval<\/h4>\n<p>\u00a0<\/p>\n<p>13 de diciembre de 2025<\/p>\n\n\t\t\t<\/div>\n\t\t<\/div>\n\t<\/div>\n\t\n<a href=\"https:\/\/comt.cat\/es\/pla-doci-experiencia-cal%C2%B7ligrafica-medieval\/\" class=\"button white expand\" >\n\t\t<span>M\u00e1s informaci\u00f3n<\/span>\n\t<\/a>\n\n\n\n\t\t<\/div>\n\t\t\t\t\t<\/div>\n\n\t\n\n\t<div id=\"col-1572905606\" class=\"col medium-3 small-12 large-3\"  >\n\t\t\t\t<div class=\"col-inner\"  >\n\t\t\t\n\t\t\t\n\n\t<div class=\"box has-hover   has-hover box-text-bottom\" >\n\n\t\t<div class=\"box-image\" >\n\t\t\t<a href=\"https:\/\/www.turismedetarragona.com\/ca\/tour\/visita-guiada-espai-mammuthus-comt-2025\/\" target=\"_blank\" rel=\"noopener\" >\t\t\t<div class=\"\" >\n\t\t\t\t<img loading=\"lazy\" decoding=\"async\" width=\"1540\" height=\"700\" src=\"https:\/\/comt.cat\/wp-content\/uploads\/2025\/11\/destacades-Pla-dOCI-2025-2.png\" class=\"attachment- size-\" alt=\"\" srcset=\"https:\/\/comt.cat\/wp-content\/uploads\/2025\/11\/destacades-Pla-dOCI-2025-2.png 1540w, https:\/\/comt.cat\/wp-content\/uploads\/2025\/11\/destacades-Pla-dOCI-2025-2-300x136.png 300w, https:\/\/comt.cat\/wp-content\/uploads\/2025\/11\/destacades-Pla-dOCI-2025-2-1024x465.png 1024w, https:\/\/comt.cat\/wp-content\/uploads\/2025\/11\/destacades-Pla-dOCI-2025-2-768x349.png 768w, https:\/\/comt.cat\/wp-content\/uploads\/2025\/11\/destacades-Pla-dOCI-2025-2-1536x698.png 1536w, https:\/\/comt.cat\/wp-content\/uploads\/2025\/11\/destacades-Pla-dOCI-2025-2-600x273.png 600w\" sizes=\"(max-width: 1540px) 100vw, 1540px\" \/>\t\t\t\t<div class=\"overlay\" style=\"background-color:rgba(129, 129, 129, 0)\"><\/div>\t\t\t\t\t\t\t<\/div>\n\t\t\t<\/a>\t\t<\/div>\n\n\t\t<div class=\"box-text text-center is-large\" style=\"background-color:rgb(243, 243, 243);padding:27px 0px 20px 0px;\">\n\t\t\t<div class=\"box-text-inner\">\n\t\t\t\t\n\n<h3>ACTIVIDAD CERRADA<\/h3>\n<p>\u00a0<\/p>\n<h4>\u00a0Visita guiada al espacio Mammuthus<\/h4>\n<p>\u00a0<\/p>\n<p>29 de noviembre de 2025<\/p>\n\n\t\t\t<\/div>\n\t\t<\/div>\n\t<\/div>\n\t\n<a href=\"https:\/\/www.turismedetarragona.com\/ca\/tour\/visita-guiada-espai-mammuthus-comt-2025\/\" class=\"button white expand\" >\n\t\t<span>M\u00e1s informaci\u00f3n<\/span>\n\t<\/a>\n\n\n\n\t\t<\/div>\n\t\t\t\t\t<\/div>\n\n\t\n\n\t<div id=\"col-2059396101\" class=\"col medium-3 small-12 large-3\"  >\n\t\t\t\t<div class=\"col-inner\"  >\n\t\t\t\n\t\t\t\n\n\t<div class=\"box has-hover   has-hover box-text-bottom\" >\n\n\t\t<div class=\"box-image\" >\n\t\t\t<a href=\"https:\/\/comt.cat\/es\/plan-ocio-santescreus-2025\/\" target=\"_blank\" rel=\"noopener\" >\t\t\t<div class=\"\" >\n\t\t\t\t<img loading=\"lazy\" decoding=\"async\" width=\"1540\" height=\"700\" src=\"https:\/\/comt.cat\/wp-content\/uploads\/2025\/09\/destacades-Pla-dOCI-2025.png\" class=\"attachment- size-\" alt=\"\" srcset=\"https:\/\/comt.cat\/wp-content\/uploads\/2025\/09\/destacades-Pla-dOCI-2025.png 1540w, https:\/\/comt.cat\/wp-content\/uploads\/2025\/09\/destacades-Pla-dOCI-2025-300x136.png 300w, https:\/\/comt.cat\/wp-content\/uploads\/2025\/09\/destacades-Pla-dOCI-2025-1024x465.png 1024w, https:\/\/comt.cat\/wp-content\/uploads\/2025\/09\/destacades-Pla-dOCI-2025-768x349.png 768w, https:\/\/comt.cat\/wp-content\/uploads\/2025\/09\/destacades-Pla-dOCI-2025-1536x698.png 1536w, https:\/\/comt.cat\/wp-content\/uploads\/2025\/09\/destacades-Pla-dOCI-2025-600x273.png 600w\" sizes=\"(max-width: 1540px) 100vw, 1540px\" \/>\t\t\t\t<div class=\"overlay\" style=\"background-color:rgba(129, 129, 129, 0.552)\"><\/div>\t\t\t\t\t\t\t<\/div>\n\t\t\t<\/a>\t\t<\/div>\n\n\t\t<div class=\"box-text text-center is-large\" style=\"background-color:rgb(243, 243, 243);padding:27px 0px 20px 0px;\">\n\t\t\t<div class=\"box-text-inner\">\n\t\t\t\t\n\n<h3>ACTIVIDAD CERRADA<\/h3>\n<p>\u00a0<\/p>\n<h4>Excursi\u00f3 al Monestir de Santes Creus<\/h4>\n<p>\u00a0<\/p>\n<p>25 d&#8217;octubre de 2025<\/p>\n\n\t\t\t<\/div>\n\t\t<\/div>\n\t<\/div>\n\t\n<a href=\"https:\/\/comt.cat\/es\/plan-ocio-santescreus-2025\/\" class=\"button white expand\" >\n\t\t<span>M\u00e1s informaci\u00f3n<\/span>\n\t<\/a>\n\n\n\n\t\t<\/div>\n\t\t\t\t\t<\/div>\n\n\t\n\n\t<div id=\"col-1382918227\" class=\"col medium-3 small-12 large-3\"  >\n\t\t\t\t<div class=\"col-inner\"  >\n\t\t\t\n\t\t\t\n\n\t<div class=\"box has-hover   has-hover box-text-bottom\" >\n\n\t\t<div class=\"box-image\" >\n\t\t\t<a href=\"https:\/\/comt.cat\/pla-doci-cami-de-la-llum-a-la-catedral-de-tarragona\/\" target=\"_blank\" rel=\"noopener\" >\t\t\t<div class=\"\" >\n\t\t\t\t<img loading=\"lazy\" decoding=\"async\" width=\"1540\" height=\"700\" src=\"https:\/\/comt.cat\/wp-content\/uploads\/2025\/07\/pla-doci-setembre-25.png\" class=\"attachment- size-\" alt=\"\" srcset=\"https:\/\/comt.cat\/wp-content\/uploads\/2025\/07\/pla-doci-setembre-25.png 1540w, https:\/\/comt.cat\/wp-content\/uploads\/2025\/07\/pla-doci-setembre-25-300x136.png 300w, https:\/\/comt.cat\/wp-content\/uploads\/2025\/07\/pla-doci-setembre-25-1024x465.png 1024w, https:\/\/comt.cat\/wp-content\/uploads\/2025\/07\/pla-doci-setembre-25-768x349.png 768w, https:\/\/comt.cat\/wp-content\/uploads\/2025\/07\/pla-doci-setembre-25-1536x698.png 1536w, https:\/\/comt.cat\/wp-content\/uploads\/2025\/07\/pla-doci-setembre-25-600x273.png 600w\" sizes=\"(max-width: 1540px) 100vw, 1540px\" \/>\t\t\t\t<div class=\"overlay\" style=\"background-color:rgba(129, 129, 129, 0.61)\"><\/div>\t\t\t\t\t\t\t<\/div>\n\t\t\t<\/a>\t\t<\/div>\n\n\t\t<div class=\"box-text text-center is-large\" style=\"background-color:rgb(243, 243, 243);padding:27px 0px 20px 0px;\">\n\t\t\t<div class=\"box-text-inner\">\n\t\t\t\t\n\n<h3>ACTIVIDAD CERRADA<\/h3>\n<p>\u00a0<\/p>\n<h4>Camino de la luz en la Catedral de Tarragona<\/h4>\n<p>\u00a0<\/p>\n<p>5 de septiembre de 2025<\/p>\n\n\t\t\t<\/div>\n\t\t<\/div>\n\t<\/div>\n\t\n<a href=\"https:\/\/www.turismedetarragona.com\/ca\/tour\/cami-llum-catedral-tarragona-comt-2025-5\/\" class=\"button white expand\" >\n\t\t<span>M\u00e1s informaci\u00f3n<\/span>\n\t<\/a>\n\n\n\n\t\t<\/div>\n\t\t\t\t\t<\/div>\n\n\t\n\n\t<div id=\"col-963619327\" class=\"col medium-3 small-12 large-3\"  >\n\t\t\t\t<div class=\"col-inner\"  >\n\t\t\t\n\t\t\t\n\n\t<div class=\"box has-hover   has-hover box-text-bottom\" >\n\n\t\t<div class=\"box-image\" >\n\t\t\t<a href=\"https:\/\/comt.cat\/pla-doci-prades-juliol\/\" target=\"_blank\" rel=\"noopener\" >\t\t\t<div class=\"\" >\n\t\t\t\t<img loading=\"lazy\" decoding=\"async\" width=\"1540\" height=\"700\" src=\"https:\/\/comt.cat\/wp-content\/uploads\/2025\/06\/Pla-doci-juliol.webp\" class=\"attachment- size-\" alt=\"\" srcset=\"https:\/\/comt.cat\/wp-content\/uploads\/2025\/06\/Pla-doci-juliol.webp 1540w, https:\/\/comt.cat\/wp-content\/uploads\/2025\/06\/Pla-doci-juliol-300x136.webp 300w, https:\/\/comt.cat\/wp-content\/uploads\/2025\/06\/Pla-doci-juliol-1024x465.webp 1024w, https:\/\/comt.cat\/wp-content\/uploads\/2025\/06\/Pla-doci-juliol-768x349.webp 768w, https:\/\/comt.cat\/wp-content\/uploads\/2025\/06\/Pla-doci-juliol-1536x698.webp 1536w, https:\/\/comt.cat\/wp-content\/uploads\/2025\/06\/Pla-doci-juliol-600x273.webp 600w\" sizes=\"(max-width: 1540px) 100vw, 1540px\" \/>\t\t\t\t<div class=\"overlay\" style=\"background-color:rgba(129, 129, 129, 0.599)\"><\/div>\t\t\t\t\t\t\t<\/div>\n\t\t\t<\/a>\t\t<\/div>\n\n\t\t<div class=\"box-text text-center is-large\" style=\"background-color:rgb(243, 243, 243);padding:27px 0px 20px 0px;\">\n\t\t\t<div class=\"box-text-inner\">\n\t\t\t\t\n\n<h3>ACTIVIDAD CERRADA<\/h3>\n<p>\u00a0<\/p>\n<h4>Cenita y experiencia astron\u00f3mica en Prades<\/h4>\n<p>\u00a0<\/p>\n<p>25 de julio de 2025<\/p>\n\n\t\t\t<\/div>\n\t\t<\/div>\n\t<\/div>\n\t\n<a href=\"https:\/\/www.turismedetarragona.com\/ca\/tour\/experiencia-astronomica-prades-comt-2025\/\" class=\"button white expand\" >\n\t\t<span>M\u00e1s informaci\u00f3n<\/span>\n\t<\/a>\n\n\n\n\t\t<\/div>\n\t\t\t\t\t<\/div>\n\n\t\n\n\t<div id=\"col-1464782883\" class=\"col medium-3 small-12 large-3\"  >\n\t\t\t\t<div class=\"col-inner\"  >\n\t\t\t\n\t\t\t\n\n\t<div class=\"box has-hover   has-hover box-text-bottom\" >\n\n\t\t<div class=\"box-image\" >\n\t\t\t<a href=\"https:\/\/comt.cat\/es\/plan-de-ocio-visita-al-yacimiento-boella\/\" target=\"_blank\" rel=\"noopener\" >\t\t\t<div class=\"\" >\n\t\t\t\t<img loading=\"lazy\" decoding=\"async\" width=\"1540\" height=\"700\" src=\"https:\/\/comt.cat\/wp-content\/uploads\/2025\/06\/DESTACADES-1540-x-700-px-1540-x-700-px-29.png\" class=\"attachment- size-\" alt=\"\" srcset=\"https:\/\/comt.cat\/wp-content\/uploads\/2025\/06\/DESTACADES-1540-x-700-px-1540-x-700-px-29.png 1540w, https:\/\/comt.cat\/wp-content\/uploads\/2025\/06\/DESTACADES-1540-x-700-px-1540-x-700-px-29-300x136.png 300w, https:\/\/comt.cat\/wp-content\/uploads\/2025\/06\/DESTACADES-1540-x-700-px-1540-x-700-px-29-1024x465.png 1024w, https:\/\/comt.cat\/wp-content\/uploads\/2025\/06\/DESTACADES-1540-x-700-px-1540-x-700-px-29-768x349.png 768w, https:\/\/comt.cat\/wp-content\/uploads\/2025\/06\/DESTACADES-1540-x-700-px-1540-x-700-px-29-1536x698.png 1536w, https:\/\/comt.cat\/wp-content\/uploads\/2025\/06\/DESTACADES-1540-x-700-px-1540-x-700-px-29-600x273.png 600w\" sizes=\"(max-width: 1540px) 100vw, 1540px\" \/>\t\t\t\t<div class=\"overlay\" style=\"background-color:rgba(129, 129, 129, 0.663)\"><\/div>\t\t\t\t\t\t\t<\/div>\n\t\t\t<\/a>\t\t<\/div>\n\n\t\t<div class=\"box-text text-center is-large\" style=\"background-color:rgb(243, 243, 243);padding:27px 0px 20px 0px;\">\n\t\t\t<div class=\"box-text-inner\">\n\t\t\t\t\n\n<h3>ACTIVIDAD CERRADA<\/h3>\n<p>\u00a0<\/p>\n<h4>Visita el yacimiento del barranco de la Boella<\/h4>\n<p>\u00a0<\/p>\n<p>28 de junio de 2025<\/p>\n\n\t\t\t<\/div>\n\t\t<\/div>\n\t<\/div>\n\t\n<a href=\"https:\/\/www.turismedetarragona.com\/ca\/tour\/ulldecona-dinar-castell-comt-2025\/\" class=\"button white expand\" >\n\t\t<span>M\u00e1s informaci\u00f3n<\/span>\n\t<\/a>\n\n\n\n\t\t<\/div>\n\t\t\t\t\t<\/div>\n\n\t\n\n\t<div id=\"col-425764871\" class=\"col medium-3 small-12 large-3\"  >\n\t\t\t\t<div class=\"col-inner\"  >\n\t\t\t\n\t\t\t\n\n\t<div class=\"box has-hover   has-hover box-text-bottom\" >\n\n\t\t<div class=\"box-image\" >\n\t\t\t<a href=\"https:\/\/www.turismedetarragona.com\/ca\/tour\/ulldecona-dinar-castell-comt-2025\/\" target=\"_blank\" rel=\"noopener\" >\t\t\t<div class=\"\" >\n\t\t\t\t<img loading=\"lazy\" decoding=\"async\" width=\"1540\" height=\"700\" src=\"https:\/\/comt.cat\/wp-content\/uploads\/2025\/04\/destacades-Pla-d_OCI-2025-_2_-1.webp\" class=\"attachment- size-\" alt=\"\" srcset=\"https:\/\/comt.cat\/wp-content\/uploads\/2025\/04\/destacades-Pla-d_OCI-2025-_2_-1.webp 1540w, https:\/\/comt.cat\/wp-content\/uploads\/2025\/04\/destacades-Pla-d_OCI-2025-_2_-1-300x136.webp 300w, https:\/\/comt.cat\/wp-content\/uploads\/2025\/04\/destacades-Pla-d_OCI-2025-_2_-1-1024x465.webp 1024w, https:\/\/comt.cat\/wp-content\/uploads\/2025\/04\/destacades-Pla-d_OCI-2025-_2_-1-768x349.webp 768w, https:\/\/comt.cat\/wp-content\/uploads\/2025\/04\/destacades-Pla-d_OCI-2025-_2_-1-1536x698.webp 1536w, https:\/\/comt.cat\/wp-content\/uploads\/2025\/04\/destacades-Pla-d_OCI-2025-_2_-1-600x273.webp 600w\" sizes=\"(max-width: 1540px) 100vw, 1540px\" \/>\t\t\t\t<div class=\"overlay\" style=\"background-color:rgba(129, 129, 129, 0.703)\"><\/div>\t\t\t\t\t\t\t<\/div>\n\t\t\t<\/a>\t\t<\/div>\n\n\t\t<div class=\"box-text text-center is-large\" style=\"background-color:rgb(243, 243, 243);padding:27px 0px 20px 0px;\">\n\t\t\t<div class=\"box-text-inner\">\n\t\t\t\t\n\n<h3>ACTIVIDAD CERRADA<\/h3>\n<p>\u00a0<\/p>\n<h4>Ulldecona, comida y castillo<\/h4>\n<p>\u00a0<\/p>\n<p>24 de mayo de 2025<\/p>\n\n\t\t\t<\/div>\n\t\t<\/div>\n\t<\/div>\n\t\n<a href=\"https:\/\/www.turismedetarragona.com\/ca\/tour\/ulldecona-dinar-castell-comt-2025\/\" class=\"button white expand\" >\n\t\t<span>M\u00e1s informaci\u00f3n<\/span>\n\t<\/a>\n\n\n\n\t\t<\/div>\n\t\t\t\t\t<\/div>\n\n\t\n\n\t<div id=\"col-722219493\" class=\"col medium-3 small-12 large-3\"  >\n\t\t\t\t<div class=\"col-inner\"  >\n\t\t\t\n\t\t\t\n\n\t<div class=\"box has-hover   has-hover box-text-bottom\" >\n\n\t\t<div class=\"box-image\" >\n\t\t\t<a href=\"https:\/\/comt.cat\/es\/plan-de-ocio-del-comt-arquitectura-del-1950-en-tarragona\/\" target=\"_blank\" rel=\"noopener\" >\t\t\t<div class=\"\" >\n\t\t\t\t<img loading=\"lazy\" decoding=\"async\" width=\"1540\" height=\"700\" src=\"https:\/\/comt.cat\/wp-content\/uploads\/2025\/04\/destacades-Pla-dOCI-2025-1.png\" class=\"attachment- size-\" alt=\"\" srcset=\"https:\/\/comt.cat\/wp-content\/uploads\/2025\/04\/destacades-Pla-dOCI-2025-1.png 1540w, https:\/\/comt.cat\/wp-content\/uploads\/2025\/04\/destacades-Pla-dOCI-2025-1-300x136.png 300w, https:\/\/comt.cat\/wp-content\/uploads\/2025\/04\/destacades-Pla-dOCI-2025-1-1024x465.png 1024w, https:\/\/comt.cat\/wp-content\/uploads\/2025\/04\/destacades-Pla-dOCI-2025-1-768x349.png 768w, https:\/\/comt.cat\/wp-content\/uploads\/2025\/04\/destacades-Pla-dOCI-2025-1-1536x698.png 1536w, https:\/\/comt.cat\/wp-content\/uploads\/2025\/04\/destacades-Pla-dOCI-2025-1-600x273.png 600w\" sizes=\"(max-width: 1540px) 100vw, 1540px\" \/>\t\t\t\t<div class=\"overlay\" style=\"background-color:rgba(99, 99, 99, 0.645)\"><\/div>\t\t\t\t\t\t\t<\/div>\n\t\t\t<\/a>\t\t<\/div>\n\n\t\t<div class=\"box-text text-center is-large\" style=\"background-color:rgb(243, 243, 243);padding:27px 0px 20px 0px;\">\n\t\t\t<div class=\"box-text-inner\">\n\t\t\t\t\n\n<h3>ACTIVIDAD CERRADA<\/h3>\n<p>\u00a0<\/p>\n<h4>Excursi\u00f3n a la Reserva Natural de Sebes<\/h4>\n<p>\u00a0<\/p>\n<p>26 de abril de 2025<\/p>\n\n\t\t\t<\/div>\n\t\t<\/div>\n\t<\/div>\n\t\n<a href=\"https:\/\/comt.cat\/es\/plan-de-ocio-del-comt-excursion-a-la-reserva-natural-de-sebes\/\" class=\"button white expand\" >\n\t\t<span>M\u00e1s informaci\u00f3n<\/span>\n\t<\/a>\n\n\n\n\t\t<\/div>\n\t\t\t\t\t<\/div>\n\n\t\n\n\t<div id=\"col-468975285\" class=\"col medium-3 small-12 large-3\"  >\n\t\t\t\t<div class=\"col-inner\"  >\n\t\t\t\n\t\t\t\n\n\t<div class=\"box has-hover   has-hover box-text-bottom\" >\n\n\t\t<div class=\"box-image\" >\n\t\t\t<a href=\"https:\/\/comt.cat\/es\/plan-de-ocio-del-comt-arquitectura-del-1950-en-tarragona\/\" target=\"_blank\" rel=\"noopener\" >\t\t\t<div class=\"\" >\n\t\t\t\t<img loading=\"lazy\" decoding=\"async\" width=\"1540\" height=\"700\" src=\"https:\/\/comt.cat\/wp-content\/uploads\/2025\/03\/destacades-Pla-d_OCI-2025-_1_.webp\" class=\"attachment- size-\" alt=\"\" srcset=\"https:\/\/comt.cat\/wp-content\/uploads\/2025\/03\/destacades-Pla-d_OCI-2025-_1_.webp 1540w, https:\/\/comt.cat\/wp-content\/uploads\/2025\/03\/destacades-Pla-d_OCI-2025-_1_-300x136.webp 300w, https:\/\/comt.cat\/wp-content\/uploads\/2025\/03\/destacades-Pla-d_OCI-2025-_1_-1024x465.webp 1024w, https:\/\/comt.cat\/wp-content\/uploads\/2025\/03\/destacades-Pla-d_OCI-2025-_1_-768x349.webp 768w, https:\/\/comt.cat\/wp-content\/uploads\/2025\/03\/destacades-Pla-d_OCI-2025-_1_-1536x698.webp 1536w, https:\/\/comt.cat\/wp-content\/uploads\/2025\/03\/destacades-Pla-d_OCI-2025-_1_-600x273.webp 600w\" sizes=\"(max-width: 1540px) 100vw, 1540px\" \/>\t\t\t\t<div class=\"overlay\" style=\"background-color:rgba(114, 102, 102, 0.692)\"><\/div>\t\t\t\t\t\t\t<\/div>\n\t\t\t<\/a>\t\t<\/div>\n\n\t\t<div class=\"box-text text-center is-large\" style=\"background-color:rgb(243, 243, 243);padding:27px 0px 20px 0px;\">\n\t\t\t<div class=\"box-text-inner\">\n\t\t\t\t\n\n<h3>ACTIVIDAD CERRADA<\/h3>\n<p>\u00a0<\/p>\n<h4>La arquitectura del 1950 en Tarragona<\/h4>\n<p>\u00a0<\/p>\n<p>29 de marzo de 2025<\/p>\n\n\t\t\t<\/div>\n\t\t<\/div>\n\t<\/div>\n\t\n<a href=\"https:\/\/comt.cat\/es\/plan-de-ocio-del-comt-arquitectura-del-1950-en-tarragona\/\" class=\"button white expand\" >\n\t\t<span>M\u00e1s informaci\u00f3n<\/span>\n\t<\/a>\n\n\n\n\t\t<\/div>\n\t\t\t\t\t<\/div>\n\n\t\n\n\t<div id=\"col-1881843632\" class=\"col medium-3 small-12 large-3\"  >\n\t\t\t\t<div class=\"col-inner\"  >\n\t\t\t\n\t\t\t\n\n\t<div class=\"box has-hover   has-hover box-text-bottom\" >\n\n\t\t<div class=\"box-image\" >\n\t\t\t<a href=\"https:\/\/www.turismedetarragona.com\/ca\/tour\/secrets-arqueologics-catedral-de-tarragona-comt-2025\/#pll_switcher\" target=\"_blank\" rel=\"noopener\" >\t\t\t<div class=\"\" >\n\t\t\t\t<img loading=\"lazy\" decoding=\"async\" width=\"1540\" height=\"700\" src=\"https:\/\/comt.cat\/wp-content\/uploads\/2025\/01\/DESTACADES-_1540-x-700-px_-_44_.webp\" class=\"attachment- size-\" alt=\"\" srcset=\"https:\/\/comt.cat\/wp-content\/uploads\/2025\/01\/DESTACADES-_1540-x-700-px_-_44_.webp 1540w, https:\/\/comt.cat\/wp-content\/uploads\/2025\/01\/DESTACADES-_1540-x-700-px_-_44_-300x136.webp 300w, https:\/\/comt.cat\/wp-content\/uploads\/2025\/01\/DESTACADES-_1540-x-700-px_-_44_-1024x465.webp 1024w, https:\/\/comt.cat\/wp-content\/uploads\/2025\/01\/DESTACADES-_1540-x-700-px_-_44_-768x349.webp 768w, https:\/\/comt.cat\/wp-content\/uploads\/2025\/01\/DESTACADES-_1540-x-700-px_-_44_-1536x698.webp 1536w, https:\/\/comt.cat\/wp-content\/uploads\/2025\/01\/DESTACADES-_1540-x-700-px_-_44_-600x273.webp 600w\" sizes=\"(max-width: 1540px) 100vw, 1540px\" \/>\t\t\t\t<div class=\"overlay\" style=\"background-color:rgba(48, 47, 47, 0.552)\"><\/div>\t\t\t\t\t\t\t<\/div>\n\t\t\t<\/a>\t\t<\/div>\n\n\t\t<div class=\"box-text text-center is-large\" style=\"background-color:rgb(243, 243, 243);padding:27px 0px 20px 0px;\">\n\t\t\t<div class=\"box-text-inner\">\n\t\t\t\t\n\n<h3>ACTIVIDAD CERRADA<\/h3>\n<p>\u00a0<\/p>\n<h4>Los secretos arqueol\u00f3gicos de la Catedral de Tarragona<\/h4>\n<p>\u00a0<\/p>\n<p>15 I 22 de febrero de 2025<\/p>\n\n\t\t\t<\/div>\n\t\t<\/div>\n\t<\/div>\n\t\n<a href=\"https:\/\/comt.cat\/es\/plan-de-ocio-del-comt-los-secretos-arqueologicos-de-la-catedral-de-tarragona\/\" class=\"button white expand\" >\n\t\t<span>M\u00e1s informaci\u00f3n<\/span>\n\t<\/a>\n\n\n\n\t\t<\/div>\n\t\t\t\t\t<\/div>\n\n\t\n\n\t<div id=\"col-28199787\" class=\"col medium-3 small-12 large-3\"  >\n\t\t\t\t<div class=\"col-inner\"  >\n\t\t\t\n\t\t\t\n\n\t<div class=\"box has-hover   has-hover box-text-bottom\" >\n\n\t\t<div class=\"box-image\" >\n\t\t\t\t\t\t<div class=\"\" >\n\t\t\t\t<img loading=\"lazy\" decoding=\"async\" width=\"1540\" height=\"700\" src=\"https:\/\/comt.cat\/wp-content\/uploads\/2025\/01\/DESTACADES-_1540-x-700-px_-_44_.webp\" class=\"attachment- size-\" alt=\"\" srcset=\"https:\/\/comt.cat\/wp-content\/uploads\/2025\/01\/DESTACADES-_1540-x-700-px_-_44_.webp 1540w, https:\/\/comt.cat\/wp-content\/uploads\/2025\/01\/DESTACADES-_1540-x-700-px_-_44_-300x136.webp 300w, https:\/\/comt.cat\/wp-content\/uploads\/2025\/01\/DESTACADES-_1540-x-700-px_-_44_-1024x465.webp 1024w, https:\/\/comt.cat\/wp-content\/uploads\/2025\/01\/DESTACADES-_1540-x-700-px_-_44_-768x349.webp 768w, https:\/\/comt.cat\/wp-content\/uploads\/2025\/01\/DESTACADES-_1540-x-700-px_-_44_-1536x698.webp 1536w, https:\/\/comt.cat\/wp-content\/uploads\/2025\/01\/DESTACADES-_1540-x-700-px_-_44_-600x273.webp 600w\" sizes=\"(max-width: 1540px) 100vw, 1540px\" \/>\t\t\t\t<div class=\"overlay\" style=\"background-color:rgba(105, 105, 105, 0.802)\"><\/div>\t\t\t\t\t\t\t<\/div>\n\t\t\t\t\t<\/div>\n\n\t\t<div class=\"box-text text-center is-large\" style=\"background-color:rgb(243, 243, 243);padding:27px 0px 20px 0px;\">\n\t\t\t<div class=\"box-text-inner\">\n\t\t\t\t\n\n<h3>ACTIVIDAD CERRADA<\/h3>\n<p>\u00a0<\/p>\n<h4> Visita al Monestir de Vallbona y cal\u00e7otada en Poblet<\/h4>\n<p>\u00a0<\/p>\n<p>25 de enero de 2025<\/p>\n\n\t\t\t<\/div>\n\t\t<\/div>\n\t<\/div>\n\t\n<a href=\"https:\/\/www.turismedetarragona.com\/ca\/tour\/visita-monestir-vallbona-comt-2025\/\" class=\"button white expand\" >\n\t\t<span>M\u00e1s informaci\u00f3n<\/span>\n\t<\/a>\n\n\n\n\t\t<\/div>\n\t\t\t\t\t<\/div>\n\n\t\n\n<\/div>\n<div class=\"container section-title-container\" ><h2 class=\"section-title section-title-normal\"><b aria-hidden=\"true\"><\/b><span class=\"section-title-main\" style=\"color:#45dace;\">Plan de ocio 2024<\/span><b aria-hidden=\"true\"><\/b><\/h2><\/div>\n\n<div class=\"row\"  id=\"row-1340082395\">\n\n\n\t<div id=\"col-1042496271\" class=\"col medium-3 small-12 large-3\"  >\n\t\t\t\t<div class=\"col-inner\"  >\n\t\t\t\n\t\t\t\n\n\t<div class=\"box has-hover   has-hover box-text-bottom\" >\n\n\t\t<div class=\"box-image\" >\n\t\t\t\t\t\t<div class=\"\" >\n\t\t\t\t<img loading=\"lazy\" decoding=\"async\" width=\"1540\" height=\"700\" src=\"https:\/\/comt.cat\/wp-content\/uploads\/2025\/01\/DESTACADES-_1540-x-700-px_-_44_.webp\" class=\"attachment- size-\" alt=\"\" srcset=\"https:\/\/comt.cat\/wp-content\/uploads\/2025\/01\/DESTACADES-_1540-x-700-px_-_44_.webp 1540w, https:\/\/comt.cat\/wp-content\/uploads\/2025\/01\/DESTACADES-_1540-x-700-px_-_44_-300x136.webp 300w, https:\/\/comt.cat\/wp-content\/uploads\/2025\/01\/DESTACADES-_1540-x-700-px_-_44_-1024x465.webp 1024w, https:\/\/comt.cat\/wp-content\/uploads\/2025\/01\/DESTACADES-_1540-x-700-px_-_44_-768x349.webp 768w, https:\/\/comt.cat\/wp-content\/uploads\/2025\/01\/DESTACADES-_1540-x-700-px_-_44_-1536x698.webp 1536w, https:\/\/comt.cat\/wp-content\/uploads\/2025\/01\/DESTACADES-_1540-x-700-px_-_44_-600x273.webp 600w\" sizes=\"(max-width: 1540px) 100vw, 1540px\" \/>\t\t\t\t<div class=\"overlay\" style=\"background-color:rgba(105, 105, 105, 0.802)\"><\/div>\t\t\t\t\t\t\t<\/div>\n\t\t\t\t\t<\/div>\n\n\t\t<div class=\"box-text text-center is-large\" style=\"background-color:rgb(243, 243, 243);padding:27px 0px 20px 0px;\">\n\t\t\t<div class=\"box-text-inner\">\n\t\t\t\t\n\n<h3>ACTIVIDAD CERRADA<\/h3>\n<p>\u00a0<\/p>\n<h4> Los colores de la Catedral<\/h4>\n<p>\u00a0<\/p>\n<p>28 de diciembre de 2024<\/p>\n\n\t\t\t<\/div>\n\t\t<\/div>\n\t<\/div>\n\t\n<a href=\"https:\/\/www.turismedetarragona.com\/ca\/tour\/visita-pau-casals-comt-2024\/#pll_switcher\" class=\"button white expand\" >\n\t\t<span>M\u00e1s informaci\u00f3n<\/span>\n\t<\/a>\n\n\n\n\t\t<\/div>\n\t\t\t\t\t<\/div>\n\n\t\n\n\t<div id=\"col-1584774675\" class=\"col medium-3 small-12 large-3\"  >\n\t\t\t\t<div class=\"col-inner\"  >\n\t\t\t\n\t\t\t\n\n\t<div class=\"box has-hover   has-hover box-text-bottom\" >\n\n\t\t<div class=\"box-image\" >\n\t\t\t\t\t\t<div class=\"\" >\n\t\t\t\t<img loading=\"lazy\" decoding=\"async\" width=\"1540\" height=\"700\" src=\"https:\/\/comt.cat\/wp-content\/uploads\/2024\/11\/DESTACADA-Pla-Oci-PauCasals.webp\" class=\"attachment- size-\" alt=\"DESTACADA Pla Oci PauCasals\" srcset=\"https:\/\/comt.cat\/wp-content\/uploads\/2024\/11\/DESTACADA-Pla-Oci-PauCasals.webp 1540w, https:\/\/comt.cat\/wp-content\/uploads\/2024\/11\/DESTACADA-Pla-Oci-PauCasals-300x136.webp 300w, https:\/\/comt.cat\/wp-content\/uploads\/2024\/11\/DESTACADA-Pla-Oci-PauCasals-1024x465.webp 1024w, https:\/\/comt.cat\/wp-content\/uploads\/2024\/11\/DESTACADA-Pla-Oci-PauCasals-768x349.webp 768w, https:\/\/comt.cat\/wp-content\/uploads\/2024\/11\/DESTACADA-Pla-Oci-PauCasals-1536x698.webp 1536w, https:\/\/comt.cat\/wp-content\/uploads\/2024\/11\/DESTACADA-Pla-Oci-PauCasals-600x273.webp 600w\" sizes=\"(max-width: 1540px) 100vw, 1540px\" \/>\t\t\t\t<div class=\"overlay\" style=\"background-color:rgba(105, 105, 105, 0.802)\"><\/div>\t\t\t\t\t\t\t<\/div>\n\t\t\t\t\t<\/div>\n\n\t\t<div class=\"box-text text-center is-large\" style=\"background-color:rgb(243, 243, 243);padding:27px 0px 20px 0px;\">\n\t\t\t<div class=\"box-text-inner\">\n\t\t\t\t\n\n<h3>ACTIVIDAD CERRADA<\/h3>\n<p>\u00a0<\/p>\n<h4>Visita Pau Casals y comida cerca del mar<\/h4>\n<p>\u00a0<\/p>\n<p>30 de noviembre de 2024<\/p>\n\n\t\t\t<\/div>\n\t\t<\/div>\n\t<\/div>\n\t\n<a href=\"https:\/\/www.turismedetarragona.com\/ca\/tour\/visita-pau-casals-comt-2024\/\" class=\"button white expand\" >\n\t\t<span>M\u00e1s informaci\u00f3n<\/span>\n\t<\/a>\n\n\n\n\t\t<\/div>\n\t\t\t\t\t<\/div>\n\n\t\n\n\t<div id=\"col-500742523\" class=\"col medium-3 small-12 large-3\"  >\n\t\t\t\t<div class=\"col-inner\"  >\n\t\t\t\n\t\t\t\n\n\t<div class=\"box has-hover   has-hover box-text-bottom\" >\n\n\t\t<div class=\"box-image\" >\n\t\t\t\t\t\t<div class=\"\" >\n\t\t\t\t<img loading=\"lazy\" decoding=\"async\" width=\"1540\" height=\"700\" src=\"https:\/\/comt.cat\/wp-content\/uploads\/2024\/10\/DESTACADA-Pla-Oci-Escaladei.webp\" class=\"attachment- size-\" alt=\"DESTACADA Pla Oci Escaladei\" srcset=\"https:\/\/comt.cat\/wp-content\/uploads\/2024\/10\/DESTACADA-Pla-Oci-Escaladei.webp 1540w, https:\/\/comt.cat\/wp-content\/uploads\/2024\/10\/DESTACADA-Pla-Oci-Escaladei-300x136.webp 300w, https:\/\/comt.cat\/wp-content\/uploads\/2024\/10\/DESTACADA-Pla-Oci-Escaladei-1024x465.webp 1024w, https:\/\/comt.cat\/wp-content\/uploads\/2024\/10\/DESTACADA-Pla-Oci-Escaladei-768x349.webp 768w, https:\/\/comt.cat\/wp-content\/uploads\/2024\/10\/DESTACADA-Pla-Oci-Escaladei-1536x698.webp 1536w, https:\/\/comt.cat\/wp-content\/uploads\/2024\/10\/DESTACADA-Pla-Oci-Escaladei-600x273.webp 600w\" sizes=\"(max-width: 1540px) 100vw, 1540px\" \/>\t\t\t\t<div class=\"overlay\" style=\"background-color:rgba(105, 105, 105, 0.802)\"><\/div>\t\t\t\t\t\t\t<\/div>\n\t\t\t\t\t<\/div>\n\n\t\t<div class=\"box-text text-center is-large\" style=\"background-color:rgb(243, 243, 243);padding:27px 0px 20px 0px;\">\n\t\t\t<div class=\"box-text-inner\">\n\t\t\t\t\n\n<h3>ACTIVIDAD CERRADA<\/h3>\n<p>\u00a0<\/p>\n<h4>Escaladei y Priorat gastron\u00f3mico<\/h4>\n<p>\u00a0<\/p>\n<p>26 de octubre de 2024<\/p>\n\n\t\t\t<\/div>\n\t\t<\/div>\n\t<\/div>\n\t\n<a href=\"https:\/\/www.turismedetarragona.com\/ca\/tour\/escaladei-i-priorat-gastronomic-comt-2024\/\" class=\"button white expand\" >\n\t\t<span>M\u00e1s informaci\u00f3n<\/span>\n\t<\/a>\n\n\n\n\t\t<\/div>\n\t\t\t\t\t<\/div>\n\n\t\n\n\t<div id=\"col-1754292189\" class=\"col medium-3 small-12 large-3\"  >\n\t\t\t\t<div class=\"col-inner\"  >\n\t\t\t\n\t\t\t\n\n\t<div class=\"box has-hover   has-hover box-text-bottom\" >\n\n\t\t<div class=\"box-image\" >\n\t\t\t\t\t\t<div class=\"\" >\n\t\t\t\t<img loading=\"lazy\" decoding=\"async\" width=\"1540\" height=\"700\" src=\"https:\/\/comt.cat\/wp-content\/uploads\/2024\/07\/DESTACADA_Tarragona-desdel-mar.webp\" class=\"attachment- size-\" alt=\"DESTACADA Pla Oci Tarragona des del Mar 2024\" srcset=\"https:\/\/comt.cat\/wp-content\/uploads\/2024\/07\/DESTACADA_Tarragona-desdel-mar.webp 1540w, https:\/\/comt.cat\/wp-content\/uploads\/2024\/07\/DESTACADA_Tarragona-desdel-mar-300x136.webp 300w, https:\/\/comt.cat\/wp-content\/uploads\/2024\/07\/DESTACADA_Tarragona-desdel-mar-1024x465.webp 1024w, https:\/\/comt.cat\/wp-content\/uploads\/2024\/07\/DESTACADA_Tarragona-desdel-mar-768x349.webp 768w, https:\/\/comt.cat\/wp-content\/uploads\/2024\/07\/DESTACADA_Tarragona-desdel-mar-1536x698.webp 1536w, https:\/\/comt.cat\/wp-content\/uploads\/2024\/07\/DESTACADA_Tarragona-desdel-mar-600x273.webp 600w\" sizes=\"(max-width: 1540px) 100vw, 1540px\" \/>\t\t\t\t<div class=\"overlay\" style=\"background-color:rgba(105, 105, 105, 0.802)\"><\/div>\t\t\t\t\t\t\t<\/div>\n\t\t\t\t\t<\/div>\n\n\t\t<div class=\"box-text text-center is-large\" style=\"background-color:rgb(243, 243, 243);padding:27px 0px 20px 0px;\">\n\t\t\t<div class=\"box-text-inner\">\n\t\t\t\t\n\n<h3>ACTIVIDAD CERRADA<\/h3>\n<p>\u00a0<\/p>\n<h4>Arque\u00f3logos por un d\u00eda<\/h4>\n<h4>\u00a0\u00a0<\/h4>\n<p>\u00a0<\/p>\n<p>28 y 29 de septiembre de 2024<\/p>\n\n\t\t\t<\/div>\n\t\t<\/div>\n\t<\/div>\n\t\n<a href=\"https:\/\/www.turismedetarragona.com\/ca\/tour\/arqueolegs-per-un-dia-comt-2024\/\" class=\"button white expand\" >\n\t\t<span>M\u00e1s informaci\u00f3n<\/span>\n\t<\/a>\n\n\n\n\t\t<\/div>\n\t\t\t\t\t<\/div>\n\n\t\n\n\t<div id=\"col-1004005429\" class=\"col medium-3 small-12 large-3\"  >\n\t\t\t\t<div class=\"col-inner\"  >\n\t\t\t\n\t\t\t\n\n\t<div class=\"box has-hover   has-hover box-text-bottom\" >\n\n\t\t<div class=\"box-image\" >\n\t\t\t\t\t\t<div class=\"\" >\n\t\t\t\t<img loading=\"lazy\" decoding=\"async\" width=\"1540\" height=\"700\" src=\"https:\/\/comt.cat\/wp-content\/uploads\/2024\/07\/DESTACADA_Tarragona-desdel-mar.webp\" class=\"attachment- size-\" alt=\"DESTACADA Pla Oci Tarragona des del Mar 2024\" srcset=\"https:\/\/comt.cat\/wp-content\/uploads\/2024\/07\/DESTACADA_Tarragona-desdel-mar.webp 1540w, https:\/\/comt.cat\/wp-content\/uploads\/2024\/07\/DESTACADA_Tarragona-desdel-mar-300x136.webp 300w, https:\/\/comt.cat\/wp-content\/uploads\/2024\/07\/DESTACADA_Tarragona-desdel-mar-1024x465.webp 1024w, https:\/\/comt.cat\/wp-content\/uploads\/2024\/07\/DESTACADA_Tarragona-desdel-mar-768x349.webp 768w, https:\/\/comt.cat\/wp-content\/uploads\/2024\/07\/DESTACADA_Tarragona-desdel-mar-1536x698.webp 1536w, https:\/\/comt.cat\/wp-content\/uploads\/2024\/07\/DESTACADA_Tarragona-desdel-mar-600x273.webp 600w\" sizes=\"(max-width: 1540px) 100vw, 1540px\" \/>\t\t\t\t<div class=\"overlay\" style=\"background-color:rgba(105, 105, 105, 0.802)\"><\/div>\t\t\t\t\t\t\t<\/div>\n\t\t\t\t\t<\/div>\n\n\t\t<div class=\"box-text text-center is-large\" style=\"background-color:rgb(243, 243, 243);padding:27px 0px 20px 0px;\">\n\t\t\t<div class=\"box-text-inner\">\n\t\t\t\t\n\n<h3>ACTIVIDAD CERRADA<\/h3>\n<p>\u00a0<\/p>\n<h4>Tarragona desde el mar<\/h4>\n<h4>\u00a0\u00a0<\/h4>\n<p>\u00a0<\/p>\n<p>03 de agosto de 2024<\/p>\n\n\t\t\t<\/div>\n\t\t<\/div>\n\t<\/div>\n\t\n<a href=\"https:\/\/www.turismedetarragona.com\/ca\/tour\/tarragona-des-del-mar-comt\/\" class=\"button white expand\" >\n\t\t<span>M\u00e1s informaci\u00f3n<\/span>\n\t<\/a>\n\n\n\n\t\t<\/div>\n\t\t\t\t\t<\/div>\n\n\t\n\n\t<div id=\"col-1497961759\" class=\"col medium-3 small-12 large-3\"  >\n\t\t\t\t<div class=\"col-inner\"  >\n\t\t\t\n\t\t\t\n\n\t<div class=\"box has-hover   has-hover box-text-bottom\" >\n\n\t\t<div class=\"box-image\" >\n\t\t\t\t\t\t<div class=\"\" >\n\t\t\t\t<img loading=\"lazy\" decoding=\"async\" width=\"1540\" height=\"700\" src=\"https:\/\/comt.cat\/wp-content\/uploads\/2024\/07\/DESTACADA-Pla-OCI-Pastor.webp\" class=\"attachment- size-\" alt=\"Destacada Pla OCi Pastor_OK\" srcset=\"https:\/\/comt.cat\/wp-content\/uploads\/2024\/07\/DESTACADA-Pla-OCI-Pastor.webp 1540w, https:\/\/comt.cat\/wp-content\/uploads\/2024\/07\/DESTACADA-Pla-OCI-Pastor-300x136.webp 300w, https:\/\/comt.cat\/wp-content\/uploads\/2024\/07\/DESTACADA-Pla-OCI-Pastor-1024x465.webp 1024w, https:\/\/comt.cat\/wp-content\/uploads\/2024\/07\/DESTACADA-Pla-OCI-Pastor-768x349.webp 768w, https:\/\/comt.cat\/wp-content\/uploads\/2024\/07\/DESTACADA-Pla-OCI-Pastor-1536x698.webp 1536w, https:\/\/comt.cat\/wp-content\/uploads\/2024\/07\/DESTACADA-Pla-OCI-Pastor-600x273.webp 600w\" sizes=\"(max-width: 1540px) 100vw, 1540px\" \/>\t\t\t\t<div class=\"overlay\" style=\"background-color:rgba(105, 105, 105, 0.802)\"><\/div>\t\t\t\t\t\t\t<\/div>\n\t\t\t\t\t<\/div>\n\n\t\t<div class=\"box-text text-center is-large\" style=\"background-color:rgb(243, 243, 243);padding:27px 0px 20px 0px;\">\n\t\t\t<div class=\"box-text-inner\">\n\t\t\t\t\n\n<h3>ACTIVIDAD CERRADA<\/h3>\n<p>\u00a0<\/p>\n<h4>Pastor por un d\u00eda<\/h4>\n<h4>\u00a0\u00a0<\/h4>\n<p>\u00a0<\/p>\n<p>28 y 30 de junio de 2024<\/p>\n\n\t\t\t<\/div>\n\t\t<\/div>\n\t<\/div>\n\t\n<a href=\"https:\/\/www.turismedetarragona.com\/ca\/tour\/pastor-per-un-dia-comt-2024\/\" class=\"button white expand\" >\n\t\t<span>M\u00e1s informaci\u00f3n<\/span>\n\t<\/a>\n\n\n\n\t\t<\/div>\n\t\t\t\t\t<\/div>\n\n\t\n\n\t<div id=\"col-1925321401\" class=\"col medium-3 small-12 large-3\"  >\n\t\t\t\t<div class=\"col-inner\"  >\n\t\t\t\n\t\t\t\n\n\t<div class=\"box has-hover   has-hover box-text-bottom\" >\n\n\t\t<div class=\"box-image\" >\n\t\t\t\t\t\t<div class=\"\" >\n\t\t\t\t<img loading=\"lazy\" decoding=\"async\" width=\"1540\" height=\"700\" src=\"https:\/\/comt.cat\/wp-content\/uploads\/2024\/05\/DESTACADA-PLA-OCI_celler-i-xocolate.webp\" class=\"attachment- size-\" alt=\"DESTACADA PLA OCI_celler i xocolata\" srcset=\"https:\/\/comt.cat\/wp-content\/uploads\/2024\/05\/DESTACADA-PLA-OCI_celler-i-xocolate.webp 1540w, https:\/\/comt.cat\/wp-content\/uploads\/2024\/05\/DESTACADA-PLA-OCI_celler-i-xocolate-300x136.webp 300w, https:\/\/comt.cat\/wp-content\/uploads\/2024\/05\/DESTACADA-PLA-OCI_celler-i-xocolate-1024x465.webp 1024w, https:\/\/comt.cat\/wp-content\/uploads\/2024\/05\/DESTACADA-PLA-OCI_celler-i-xocolate-768x349.webp 768w, https:\/\/comt.cat\/wp-content\/uploads\/2024\/05\/DESTACADA-PLA-OCI_celler-i-xocolate-1536x698.webp 1536w\" sizes=\"(max-width: 1540px) 100vw, 1540px\" \/>\t\t\t\t<div class=\"overlay\" style=\"background-color:rgba(105, 105, 105, 0.802)\"><\/div>\t\t\t\t\t\t\t<\/div>\n\t\t\t\t\t<\/div>\n\n\t\t<div class=\"box-text text-center is-large\" style=\"background-color:rgb(243, 243, 243);padding:27px 0px 20px 0px;\">\n\t\t\t<div class=\"box-text-inner\">\n\t\t\t\t\n\n<h3>ACTIVIDAD CERRADA<\/h3>\n<p>\u00a0<\/p>\n<h4>Visita a la Bodega Mas Vicen\u00e7<\/h4>\n<h4>\u00a0\u00a0<\/h4>\n<p>25 de mayo de 2024<\/p>\n\n\t\t\t<\/div>\n\t\t<\/div>\n\t<\/div>\n\t\n<a href=\"https:\/\/www.turismedetarragona.com\/ca\/tour\/visita-celler-mas-vicenc-comt-2024\/\" class=\"button white expand\" >\n\t\t<span>M\u00e1s informaci\u00f3n<\/span>\n\t<\/a>\n\n\n\n\t\t<\/div>\n\t\t\t\t\t<\/div>\n\n\t\n\n\t<div id=\"col-1514771564\" class=\"col medium-3 small-12 large-3\"  >\n\t\t\t\t<div class=\"col-inner\"  >\n\t\t\t\n\t\t\t\n\n\t<div class=\"box has-hover   has-hover box-text-bottom\" >\n\n\t\t<div class=\"box-image\" >\n\t\t\t\t\t\t<div class=\"\" >\n\t\t\t\t<img loading=\"lazy\" decoding=\"async\" width=\"1540\" height=\"700\" src=\"https:\/\/comt.cat\/wp-content\/uploads\/2024\/03\/Destacada-Pla-Oci-Delta-Ebre_Abril-1.webp\" class=\"attachment- size-\" alt=\"Destacada Pla Oci Delta Ebre_Abril2024\" srcset=\"https:\/\/comt.cat\/wp-content\/uploads\/2024\/03\/Destacada-Pla-Oci-Delta-Ebre_Abril-1.webp 1540w, https:\/\/comt.cat\/wp-content\/uploads\/2024\/03\/Destacada-Pla-Oci-Delta-Ebre_Abril-1-300x136.webp 300w, https:\/\/comt.cat\/wp-content\/uploads\/2024\/03\/Destacada-Pla-Oci-Delta-Ebre_Abril-1-1024x465.webp 1024w, https:\/\/comt.cat\/wp-content\/uploads\/2024\/03\/Destacada-Pla-Oci-Delta-Ebre_Abril-1-768x349.webp 768w, https:\/\/comt.cat\/wp-content\/uploads\/2024\/03\/Destacada-Pla-Oci-Delta-Ebre_Abril-1-1536x698.webp 1536w\" sizes=\"(max-width: 1540px) 100vw, 1540px\" \/>\t\t\t\t<div class=\"overlay\" style=\"background-color:rgba(105, 105, 105, 0.802)\"><\/div>\t\t\t\t\t\t\t<\/div>\n\t\t\t\t\t<\/div>\n\n\t\t<div class=\"box-text text-center is-large\" style=\"background-color:rgb(243, 243, 243);padding:27px 0px 20px 0px;\">\n\t\t\t<div class=\"box-text-inner\">\n\t\t\t\t\n\n<h3>ACTIVIDAD CERRADA<\/h3>\n<p>\u00a0<\/p>\n<h4>Excursi\u00f3n al Delta de l&#8217;Ebre, con barca arroz y flamencos<\/h4>\n<h4>\u00a0\u00a0<\/h4>\n<p>27 de abril 2024<\/p>\n\n\t\t\t<\/div>\n\t\t<\/div>\n\t<\/div>\n\t\n<a href=\"https:\/\/www.turismedetarragona.com\/ca\/tour\/excursio-delta-de-lebre-barca-arros-flamencs-comt-2024\/\" class=\"button white expand\" >\n\t\t<span>M\u00e1s informaci\u00f3n<\/span>\n\t<\/a>\n\n\n\n\t\t<\/div>\n\t\t\t\t\t<\/div>\n\n\t\n\n\t<div id=\"col-1876674969\" class=\"col medium-3 small-12 large-3\"  >\n\t\t\t\t<div class=\"col-inner\"  >\n\t\t\t\n\t\t\t\n\n\t<div class=\"box has-hover   has-hover box-text-bottom\" >\n\n\t\t<div class=\"box-image\" >\n\t\t\t\t\t\t<div class=\"\" >\n\t\t\t\t<img loading=\"lazy\" decoding=\"async\" width=\"1540\" height=\"700\" src=\"https:\/\/comt.cat\/wp-content\/uploads\/2024\/03\/Destacada-Necropoli-i-Centcelles.webp\" class=\"attachment- size-\" alt=\"Destacada Necropoli i Centcelles Pla Oci\" srcset=\"https:\/\/comt.cat\/wp-content\/uploads\/2024\/03\/Destacada-Necropoli-i-Centcelles.webp 1540w, https:\/\/comt.cat\/wp-content\/uploads\/2024\/03\/Destacada-Necropoli-i-Centcelles-300x136.webp 300w, https:\/\/comt.cat\/wp-content\/uploads\/2024\/03\/Destacada-Necropoli-i-Centcelles-1024x465.webp 1024w, https:\/\/comt.cat\/wp-content\/uploads\/2024\/03\/Destacada-Necropoli-i-Centcelles-768x349.webp 768w, https:\/\/comt.cat\/wp-content\/uploads\/2024\/03\/Destacada-Necropoli-i-Centcelles-1536x698.webp 1536w\" sizes=\"(max-width: 1540px) 100vw, 1540px\" \/>\t\t\t\t<div class=\"overlay\" style=\"background-color:rgba(105, 105, 105, 0.802)\"><\/div>\t\t\t\t\t\t\t<\/div>\n\t\t\t\t\t<\/div>\n\n\t\t<div class=\"box-text text-center is-large\" style=\"background-color:rgb(243, 243, 243);padding:27px 0px 20px 0px;\">\n\t\t\t<div class=\"box-text-inner\">\n\t\t\t\t\n\n<h3>ACTIVIDAD CERRADA<\/h3>\n<p>\u00a0<\/p>\n<h4>Visita guiada a la Necr\u00f2poli y al conjunto de Centcelles<\/h4>\n<h4>\u00a0\u00a0<\/h4>\n<p>17 y 18 de marzo 2024<\/p>\n\n\t\t\t<\/div>\n\t\t<\/div>\n\t<\/div>\n\t\n<a href=\"https:\/\/www.turismedetarragona.com\/ca\/tour\/visita-guiada-necropoli-centcelles-comt-2024\/\" class=\"button white expand\" >\n\t\t<span>M\u00e1s informaci\u00f3n<\/span>\n\t<\/a>\n\n\n\n\t\t<\/div>\n\t\t\t\t\t<\/div>\n\n\t\n\n\t<div id=\"col-829222800\" class=\"col medium-3 small-12 large-3\"  >\n\t\t\t\t<div class=\"col-inner\"  >\n\t\t\t\n\t\t\t\n\n\t<div class=\"box has-hover   has-hover box-text-bottom\" >\n\n\t\t<div class=\"box-image\" >\n\t\t\t\t\t\t<div class=\"\" >\n\t\t\t\t<img loading=\"lazy\" decoding=\"async\" width=\"1540\" height=\"700\" src=\"https:\/\/comt.cat\/wp-content\/uploads\/2024\/01\/Destacada_PlaOci_Aldover.webp\" class=\"attachment- size-\" alt=\"Destacada_PlaOci_Aldover24\" srcset=\"https:\/\/comt.cat\/wp-content\/uploads\/2024\/01\/Destacada_PlaOci_Aldover.webp 1540w, https:\/\/comt.cat\/wp-content\/uploads\/2024\/01\/Destacada_PlaOci_Aldover-300x136.webp 300w, https:\/\/comt.cat\/wp-content\/uploads\/2024\/01\/Destacada_PlaOci_Aldover-1024x465.webp 1024w, https:\/\/comt.cat\/wp-content\/uploads\/2024\/01\/Destacada_PlaOci_Aldover-768x349.webp 768w, https:\/\/comt.cat\/wp-content\/uploads\/2024\/01\/Destacada_PlaOci_Aldover-1536x698.webp 1536w\" sizes=\"(max-width: 1540px) 100vw, 1540px\" \/>\t\t\t\t<div class=\"overlay\" style=\"background-color:rgba(105, 105, 105, 0.802)\"><\/div>\t\t\t\t\t\t\t<\/div>\n\t\t\t\t\t<\/div>\n\n\t\t<div class=\"box-text text-center is-large\" style=\"background-color:rgb(243, 243, 243);padding:27px 0px 20px 0px;\">\n\t\t\t<div class=\"box-text-inner\">\n\t\t\t\t\n\n<h3>ACTIVIDAD CERRADA<\/h3>\n<p>\u00a0<\/p>\n<h4>Visita finca de c\u00edtricos en el Ebro y comida de brasa<\/h4>\n<h4>\u00a0\u00a0<\/h4>\n<p>24 de febrero 2024<\/p>\n\n\t\t\t<\/div>\n\t\t<\/div>\n\t<\/div>\n\t\n<a href=\"https:\/\/www.turismedetarragona.com\/ca\/tour\/visita-finca-citrics-ebre-dinar-brasa-comt-2024\/\" class=\"button white expand\" >\n\t\t<span>M\u00e1s informaci\u00f3n<\/span>\n\t<\/a>\n\n\n\n\t\t<\/div>\n\t\t\t\t\t<\/div>\n\n\t\n\n\t<div id=\"col-952769526\" class=\"col medium-3 small-12 large-3\"  >\n\t\t\t\t<div class=\"col-inner\"  >\n\t\t\t\n\t\t\t\n\n\t<div class=\"box has-hover   has-hover box-text-bottom\" >\n\n\t\t<div class=\"box-image\" >\n\t\t\t\t\t\t<div class=\"\" >\n\t\t\t\t<img loading=\"lazy\" decoding=\"async\" width=\"1540\" height=\"700\" src=\"https:\/\/comt.cat\/wp-content\/uploads\/2024\/01\/DestacadaItinereGener24.webp\" class=\"attachment- size-\" alt=\"Destacada Itinere Gener24\" srcset=\"https:\/\/comt.cat\/wp-content\/uploads\/2024\/01\/DestacadaItinereGener24.webp 1540w, https:\/\/comt.cat\/wp-content\/uploads\/2024\/01\/DestacadaItinereGener24-300x136.webp 300w, https:\/\/comt.cat\/wp-content\/uploads\/2024\/01\/DestacadaItinereGener24-1024x465.webp 1024w, https:\/\/comt.cat\/wp-content\/uploads\/2024\/01\/DestacadaItinereGener24-768x349.webp 768w, https:\/\/comt.cat\/wp-content\/uploads\/2024\/01\/DestacadaItinereGener24-1536x698.webp 1536w\" sizes=\"(max-width: 1540px) 100vw, 1540px\" \/>\t\t\t\t<div class=\"overlay\" style=\"background-color:rgba(105, 105, 105, 0.802)\"><\/div>\t\t\t\t\t\t\t<\/div>\n\t\t\t\t\t<\/div>\n\n\t\t<div class=\"box-text text-center is-large\" style=\"background-color:rgb(243, 243, 243);padding:27px 0px 20px 0px;\">\n\t\t\t<div class=\"box-text-inner\">\n\t\t\t\t\n\n<h3>ACTIVIDAD CERRADA<\/h3>\n<p>\u00a0<\/p>\n<h4>Visita &#8211; Vila Montblanc y Hospeder\u00eda Poblet<\/h4>\n<h4>\u00a0\u00a0<\/h4>\n<p>27 de enero 2024<\/p>\n\n\t\t\t<\/div>\n\t\t<\/div>\n\t<\/div>\n\t\n<a href=\"https:\/\/www.turismedetarragona.com\/ca\/tour\/visita-guiada-montblanc-calcotada-lhostatgeria-poblet-comt-2024\/\" class=\"button white expand\" >\n\t\t<span>M\u00e1s informaci\u00f3n<\/span>\n\t<\/a>\n\n\n\n\t\t<\/div>\n\t\t\t\t\t<\/div>\n\n\t\n\n<\/div>\n<div class=\"container section-title-container\" ><h2 class=\"section-title section-title-normal\"><b aria-hidden=\"true\"><\/b><span class=\"section-title-main\" style=\"color:#45dace;\">Plan de ocio 2023<\/span><b aria-hidden=\"true\"><\/b><\/h2><\/div>\n\n<div class=\"row\"  id=\"row-1723497170\">\n\n\n\t<div id=\"col-1914966152\" class=\"col medium-3 small-12 large-3\"  >\n\t\t\t\t<div class=\"col-inner\"  >\n\t\t\t\n\t\t\t\n\n\t<div class=\"box has-hover   has-hover box-text-bottom\" >\n\n\t\t<div class=\"box-image\" >\n\t\t\t\t\t\t<div class=\"\" >\n\t\t\t\t<img loading=\"lazy\" decoding=\"async\" width=\"1540\" height=\"700\" src=\"https:\/\/comt.cat\/wp-content\/uploads\/2023\/11\/Destacada-PLAOCI-Setge.webp\" class=\"attachment- size-\" alt=\"Destacada PLAOCI Setge\" srcset=\"https:\/\/comt.cat\/wp-content\/uploads\/2023\/11\/Destacada-PLAOCI-Setge.webp 1540w, https:\/\/comt.cat\/wp-content\/uploads\/2023\/11\/Destacada-PLAOCI-Setge-300x136.webp 300w, https:\/\/comt.cat\/wp-content\/uploads\/2023\/11\/Destacada-PLAOCI-Setge-1024x465.webp 1024w, https:\/\/comt.cat\/wp-content\/uploads\/2023\/11\/Destacada-PLAOCI-Setge-768x349.webp 768w, https:\/\/comt.cat\/wp-content\/uploads\/2023\/11\/Destacada-PLAOCI-Setge-1536x698.webp 1536w\" sizes=\"(max-width: 1540px) 100vw, 1540px\" \/>\t\t\t\t<div class=\"overlay\" style=\"background-color:rgba(105, 105, 105, 0.802)\"><\/div>\t\t\t\t\t\t\t<\/div>\n\t\t\t\t\t<\/div>\n\n\t\t<div class=\"box-text text-center is-large\" style=\"background-color:rgb(243, 243, 243);padding:27px 0px 20px 0px;\">\n\t\t\t<div class=\"box-text-inner\">\n\t\t\t\t\n\n<h3>ACTIVIDAD CERRADA<\/h3>\n<p>\u00a0<\/p>\n<h4>Visita &#8211; Tarragona 1811: asedio napole\u00f3nico y presa de la ciudad<\/h4>\n<h4>\u00a0\u00a0<\/h4>\n<p>02 i 03 de diciembre 2023<\/p>\n\n\t\t\t<\/div>\n\t\t<\/div>\n\t<\/div>\n\t\n<a href=\"https:\/\/www.turismedetarragona.com\/ca\/tour\/tarragona-1881-setge-napoleonic-comt\/\" class=\"button white expand\" >\n\t\t<span>M\u00e1s informaci\u00f3n<\/span>\n\t<\/a>\n\n\n\n\t\t<\/div>\n\t\t\t\t\t<\/div>\n\n\t\n\n\t<div id=\"col-1607655043\" class=\"col medium-3 small-12 large-3\"  >\n\t\t\t\t<div class=\"col-inner\"  >\n\t\t\t\n\t\t\t\n\n\t<div class=\"box has-hover   has-hover box-text-bottom\" >\n\n\t\t<div class=\"box-image\" >\n\t\t\t\t\t\t<div class=\"\" >\n\t\t\t\t<img loading=\"lazy\" decoding=\"async\" width=\"1540\" height=\"700\" src=\"https:\/\/comt.cat\/wp-content\/uploads\/2023\/10\/DestacadaPlaOci_EspaisRuralsTGN.webp\" class=\"attachment- size-\" alt=\"DestacadaPlaOci_EspaisRuralsTGN\" srcset=\"https:\/\/comt.cat\/wp-content\/uploads\/2023\/10\/DestacadaPlaOci_EspaisRuralsTGN.webp 1540w, https:\/\/comt.cat\/wp-content\/uploads\/2023\/10\/DestacadaPlaOci_EspaisRuralsTGN-300x136.webp 300w, https:\/\/comt.cat\/wp-content\/uploads\/2023\/10\/DestacadaPlaOci_EspaisRuralsTGN-1024x465.webp 1024w, https:\/\/comt.cat\/wp-content\/uploads\/2023\/10\/DestacadaPlaOci_EspaisRuralsTGN-768x349.webp 768w, https:\/\/comt.cat\/wp-content\/uploads\/2023\/10\/DestacadaPlaOci_EspaisRuralsTGN-1536x698.webp 1536w\" sizes=\"(max-width: 1540px) 100vw, 1540px\" \/>\t\t\t\t<div class=\"overlay\" style=\"background-color:rgba(105, 105, 105, 0.802)\"><\/div>\t\t\t\t\t\t\t<\/div>\n\t\t\t\t\t<\/div>\n\n\t\t<div class=\"box-text text-center is-large\" style=\"background-color:rgb(243, 243, 243);padding:27px 0px 20px 0px;\">\n\t\t\t<div class=\"box-text-inner\">\n\t\t\t\t\n\n<h3>ACTIVIDAD CERRADA<\/h3>\n<p>\u00a0<\/p>\n<h4>Visita &#8211; Ruta por los espacios de los espacios rurales de Tarraco<\/h4>\n<h4>\u00a0\u00a0<\/h4>\n<p>18 de noviembre 2023<\/p>\n\n\t\t\t<\/div>\n\t\t<\/div>\n\t<\/div>\n\t\n<a href=\"https:\/\/www.turismedetarragona.com\/ca\/tour\/ruta-guiada-espais-rurals-tarraco-comt\/\" class=\"button white expand\" >\n\t\t<span>M\u00e1s informaci\u00f3n<\/span>\n\t<\/a>\n\n\n\n\t\t<\/div>\n\t\t\t\t\t<\/div>\n\n\t\n\n\t<div id=\"col-1270145593\" class=\"col medium-3 small-12 large-3\"  >\n\t\t\t\t<div class=\"col-inner\"  >\n\t\t\t\n\t\t\t\n\n\t<div class=\"box has-hover   has-hover box-text-bottom\" >\n\n\t\t<div class=\"box-image\" >\n\t\t\t\t\t\t<div class=\"\" >\n\t\t\t\t<img loading=\"lazy\" decoding=\"async\" width=\"1540\" height=\"700\" src=\"https:\/\/comt.cat\/wp-content\/uploads\/2023\/09\/DESTACADA_PladociBatallaEbre.webp\" class=\"attachment- size-\" alt=\"\" srcset=\"https:\/\/comt.cat\/wp-content\/uploads\/2023\/09\/DESTACADA_PladociBatallaEbre.webp 1540w, https:\/\/comt.cat\/wp-content\/uploads\/2023\/09\/DESTACADA_PladociBatallaEbre-300x136.webp 300w, https:\/\/comt.cat\/wp-content\/uploads\/2023\/09\/DESTACADA_PladociBatallaEbre-1024x465.webp 1024w, https:\/\/comt.cat\/wp-content\/uploads\/2023\/09\/DESTACADA_PladociBatallaEbre-768x349.webp 768w, https:\/\/comt.cat\/wp-content\/uploads\/2023\/09\/DESTACADA_PladociBatallaEbre-1536x698.webp 1536w\" sizes=\"(max-width: 1540px) 100vw, 1540px\" \/>\t\t\t\t<div class=\"overlay\" style=\"background-color:rgba(105, 105, 105, 0.802)\"><\/div>\t\t\t\t\t\t\t<\/div>\n\t\t\t\t\t<\/div>\n\n\t\t<div class=\"box-text text-center is-large\" style=\"background-color:rgb(243, 243, 243);padding:27px 0px 20px 0px;\">\n\t\t\t<div class=\"box-text-inner\">\n\t\t\t\t\n\n<h3>ACTIVIDAD CERRADA<\/h3>\n<p>\u00a0<\/p>\n<h4>Visita &#8211; Ruta por los espacios de la Batalla del Ebro<\/h4>\n<h4>\u00a0\u00a0<\/h4>\n<p>21 de octubre 2023<\/p>\n\n\t\t\t<\/div>\n\t\t<\/div>\n\t<\/div>\n\t\n<a href=\"https:\/\/www.turismedetarragona.com\/ca\/tour\/ruta-espais-batalla-ebre-comt\/\" class=\"button white expand\" >\n\t\t<span>M\u00e1s informaci\u00f3n<\/span>\n\t<\/a>\n\n\n\n\t\t<\/div>\n\t\t\t\t\t<\/div>\n\n\t\n\n\t<div id=\"col-1026229433\" class=\"col medium-3 small-12 large-3\"  >\n\t\t\t\t<div class=\"col-inner\"  >\n\t\t\t\n\t\t\t\n\n\t<div class=\"box has-hover   has-hover box-text-bottom\" >\n\n\t\t<div class=\"box-image\" >\n\t\t\t\t\t\t<div class=\"\" >\n\t\t\t\t<img loading=\"lazy\" decoding=\"async\" width=\"1540\" height=\"700\" src=\"https:\/\/comt.cat\/wp-content\/uploads\/2023\/08\/PladociRamblaNova.webp\" class=\"attachment- size-\" alt=\"Destacada PladociRamblaNova\" srcset=\"https:\/\/comt.cat\/wp-content\/uploads\/2023\/08\/PladociRamblaNova.webp 1540w, https:\/\/comt.cat\/wp-content\/uploads\/2023\/08\/PladociRamblaNova-300x136.webp 300w, https:\/\/comt.cat\/wp-content\/uploads\/2023\/08\/PladociRamblaNova-1024x465.webp 1024w, https:\/\/comt.cat\/wp-content\/uploads\/2023\/08\/PladociRamblaNova-768x349.webp 768w, https:\/\/comt.cat\/wp-content\/uploads\/2023\/08\/PladociRamblaNova-1536x698.webp 1536w\" sizes=\"(max-width: 1540px) 100vw, 1540px\" \/>\t\t\t\t<div class=\"overlay\" style=\"background-color:rgba(105, 105, 105, 0.802)\"><\/div>\t\t\t\t\t\t\t<\/div>\n\t\t\t\t\t<\/div>\n\n\t\t<div class=\"box-text text-center is-large\" style=\"background-color:rgb(243, 243, 243);padding:27px 0px 20px 0px;\">\n\t\t\t<div class=\"box-text-inner\">\n\t\t\t\t\n\n<h3>ACTIVIDAD CERRADA<\/h3>\n<p>&nbsp;<\/p>\n<h4>Visita &#8211; La Rambla Nova de Tarragona<\/h4>\n<h4>&nbsp;&nbsp;<\/h4>\n<p>07 y 08 de septiembre 2023<\/p>\n\n\t\t\t<\/div>\n\t\t<\/div>\n\t<\/div>\n\t\n<a href=\"https:\/\/www.turismedetarragona.com\/ca\/tour\/la-rambla-nova-de-tarragona-comt\/\" class=\"button white expand\" >\n\t\t<span>M\u00e1s informaci\u00f3n<\/span>\n\t<\/a>\n\n\n\n\t\t<\/div>\n\t\t\t\t\t<\/div>\n\n\t\n\n\t<div id=\"col-67650438\" class=\"col medium-3 small-12 large-3\"  >\n\t\t\t\t<div class=\"col-inner\"  >\n\t\t\t\n\t\t\t\n\n\t<div class=\"box has-hover   has-hover box-text-bottom\" >\n\n\t\t<div class=\"box-image\" >\n\t\t\t\t\t\t<div class=\"\" >\n\t\t\t\t<img loading=\"lazy\" decoding=\"async\" width=\"1540\" height=\"700\" src=\"https:\/\/comt.cat\/wp-content\/uploads\/2023\/06\/Imatge-DESTACADA_PlaOciBarca.webp\" class=\"attachment- size-\" alt=\"Imatge DESTACADA_PlaOciBarca\" srcset=\"https:\/\/comt.cat\/wp-content\/uploads\/2023\/06\/Imatge-DESTACADA_PlaOciBarca.webp 1540w, https:\/\/comt.cat\/wp-content\/uploads\/2023\/06\/Imatge-DESTACADA_PlaOciBarca-300x136.webp 300w, https:\/\/comt.cat\/wp-content\/uploads\/2023\/06\/Imatge-DESTACADA_PlaOciBarca-1024x465.webp 1024w, https:\/\/comt.cat\/wp-content\/uploads\/2023\/06\/Imatge-DESTACADA_PlaOciBarca-768x349.webp 768w, https:\/\/comt.cat\/wp-content\/uploads\/2023\/06\/Imatge-DESTACADA_PlaOciBarca-1536x698.webp 1536w\" sizes=\"(max-width: 1540px) 100vw, 1540px\" \/>\t\t\t\t<div class=\"overlay\" style=\"background-color:rgba(105, 105, 105, 0.802)\"><\/div>\t\t\t\t\t\t\t<\/div>\n\t\t\t\t\t<\/div>\n\n\t\t<div class=\"box-text text-center is-large\" style=\"background-color:rgb(243, 243, 243);padding:27px 0px 20px 0px;\">\n\t\t\t<div class=\"box-text-inner\">\n\t\t\t\t\n\n<h3>ACTIVIDAD CERRADA<\/h3>\n<p>&nbsp;<\/p>\n<h4>Visita &#8211; Tarragona desde el mar<\/h4>\n<h4>&nbsp;&nbsp;<\/h4>\n<p>08 de julio 2023<\/p>\n\n\t\t\t<\/div>\n\t\t<\/div>\n\t<\/div>\n\t\n<a href=\"https:\/\/www.turismedetarragona.com\/ca\/tour\/tarragona-des-del-mar-comt\/\" class=\"button white expand\" >\n\t\t<span>M\u00e1s informaci\u00f3n<\/span>\n\t<\/a>\n\n\n\n\t\t<\/div>\n\t\t\t\t\t<\/div>\n\n\t\n\n\t<div id=\"col-286455126\" class=\"col medium-3 small-12 large-3\"  >\n\t\t\t\t<div class=\"col-inner\"  >\n\t\t\t\n\t\t\t\n\n\t<div class=\"box has-hover   has-hover box-text-bottom\" >\n\n\t\t<div class=\"box-image\" >\n\t\t\t\t\t\t<div class=\"\" >\n\t\t\t\t<img loading=\"lazy\" decoding=\"async\" width=\"1540\" height=\"700\" src=\"https:\/\/comt.cat\/wp-content\/uploads\/2023\/06\/Destacada-Celler-Janine_Sushi.webp\" class=\"attachment- size-\" alt=\"Destacada_Plaoci Celler Janine Sushi\" srcset=\"https:\/\/comt.cat\/wp-content\/uploads\/2023\/06\/Destacada-Celler-Janine_Sushi.webp 1540w, https:\/\/comt.cat\/wp-content\/uploads\/2023\/06\/Destacada-Celler-Janine_Sushi-300x136.webp 300w, https:\/\/comt.cat\/wp-content\/uploads\/2023\/06\/Destacada-Celler-Janine_Sushi-1024x465.webp 1024w, https:\/\/comt.cat\/wp-content\/uploads\/2023\/06\/Destacada-Celler-Janine_Sushi-768x349.webp 768w, https:\/\/comt.cat\/wp-content\/uploads\/2023\/06\/Destacada-Celler-Janine_Sushi-1536x698.webp 1536w\" sizes=\"(max-width: 1540px) 100vw, 1540px\" \/>\t\t\t\t<div class=\"overlay\" style=\"background-color:rgba(105, 105, 105, 0.802)\"><\/div>\t\t\t\t\t\t\t<\/div>\n\t\t\t\t\t<\/div>\n\n\t\t<div class=\"box-text text-center is-large\" style=\"background-color:rgb(243, 243, 243);padding:27px 0px 20px 0px;\">\n\t\t\t<div class=\"box-text-inner\">\n\t\t\t\t\n\n<h3>ACTIVIDAD CERRADA<\/h3>\n<p>&nbsp;<\/p>\n<h4>Visita &#8211; Visita a la bodega Janine y taller de sushi<\/h4>\n<h4>&nbsp;&nbsp;<\/h4>\n<p>17 de junio 2023<\/p>\n\n\t\t\t<\/div>\n\t\t<\/div>\n\t<\/div>\n\t\n<a href=\"https:\/\/www.turismedetarragona.com\/ca\/tour\/visita-celler-janine-taller-sushi-comt\/\" class=\"button white expand\" >\n\t\t<span>M\u00e1s informaci\u00f3n<\/span>\n\t<\/a>\n\n\n\n\t\t<\/div>\n\t\t\t\t\t<\/div>\n\n\t\n\n\t<div id=\"col-1328710269\" class=\"col medium-3 small-12 large-3\"  >\n\t\t\t\t<div class=\"col-inner\"  >\n\t\t\t\n\t\t\t\n\n\t<div class=\"box has-hover   has-hover box-text-bottom\" >\n\n\t\t<div class=\"box-image\" >\n\t\t\t\t\t\t<div class=\"\" >\n\t\t\t\t<img loading=\"lazy\" decoding=\"async\" width=\"1540\" height=\"700\" src=\"https:\/\/comt.cat\/wp-content\/uploads\/2023\/05\/DestacadaPladociMasMiro.webp\" class=\"attachment- size-\" alt=\"DestacadaPladociMasMiro\" srcset=\"https:\/\/comt.cat\/wp-content\/uploads\/2023\/05\/DestacadaPladociMasMiro.webp 1540w, https:\/\/comt.cat\/wp-content\/uploads\/2023\/05\/DestacadaPladociMasMiro-300x136.webp 300w, https:\/\/comt.cat\/wp-content\/uploads\/2023\/05\/DestacadaPladociMasMiro-1024x465.webp 1024w, https:\/\/comt.cat\/wp-content\/uploads\/2023\/05\/DestacadaPladociMasMiro-768x349.webp 768w, https:\/\/comt.cat\/wp-content\/uploads\/2023\/05\/DestacadaPladociMasMiro-1536x698.webp 1536w\" sizes=\"(max-width: 1540px) 100vw, 1540px\" \/>\t\t\t\t<div class=\"overlay\" style=\"background-color:rgba(105, 105, 105, 0.802)\"><\/div>\t\t\t\t\t\t\t<\/div>\n\t\t\t\t\t<\/div>\n\n\t\t<div class=\"box-text text-center is-large\" style=\"background-color:rgb(243, 243, 243);padding:27px 0px 20px 0px;\">\n\t\t\t<div class=\"box-text-inner\">\n\t\t\t\t\n\n<h3>ACTIVIDAD CERRADA<\/h3>\n<h4>&nbsp;<\/h4>\n<h4>Visita &#8211; Fundaci\u00f3 Mas Mir\u00f3<\/h4>\n<p>&nbsp;<\/p>\n<p>&nbsp;<\/p>\n<p>27 de mayo de 2023<\/p>\n\n\t\t\t<\/div>\n\t\t<\/div>\n\t<\/div>\n\t\n<a href=\"https:\/\/www.turismedetarragona.com\/ca\/tour\/visita-fundacio-mas-miro-vermut-comt\/\" class=\"button white expand\" >\n\t\t<span>M\u00e1s informaci\u00f3n<\/span>\n\t<\/a>\n\n\n\n\t\t<\/div>\n\t\t\t\t\t<\/div>\n\n\t\n\n\t<div id=\"col-328742191\" class=\"col medium-3 small-12 large-3\"  >\n\t\t\t\t<div class=\"col-inner\"  >\n\t\t\t\n\t\t\t\n\n\t<div class=\"box has-hover   has-hover box-text-bottom\" >\n\n\t\t<div class=\"box-image\" >\n\t\t\t\t\t\t<div class=\"\" >\n\t\t\t\t<img loading=\"lazy\" decoding=\"async\" width=\"1540\" height=\"700\" src=\"https:\/\/comt.cat\/wp-content\/uploads\/2023\/03\/Pla_doci_Tortosa.webp\" class=\"attachment- size-\" alt=\"DESTACADA Pla_doci_Tortosa\" srcset=\"https:\/\/comt.cat\/wp-content\/uploads\/2023\/03\/Pla_doci_Tortosa.webp 1540w, https:\/\/comt.cat\/wp-content\/uploads\/2023\/03\/Pla_doci_Tortosa-300x136.webp 300w, https:\/\/comt.cat\/wp-content\/uploads\/2023\/03\/Pla_doci_Tortosa-1024x465.webp 1024w, https:\/\/comt.cat\/wp-content\/uploads\/2023\/03\/Pla_doci_Tortosa-768x349.webp 768w, https:\/\/comt.cat\/wp-content\/uploads\/2023\/03\/Pla_doci_Tortosa-1536x698.webp 1536w\" sizes=\"(max-width: 1540px) 100vw, 1540px\" \/>\t\t\t\t<div class=\"overlay\" style=\"background-color:rgba(105, 105, 105, 0.802)\"><\/div>\t\t\t\t\t\t\t<\/div>\n\t\t\t\t\t<\/div>\n\n\t\t<div class=\"box-text text-center is-large\" style=\"background-color:rgb(243, 243, 243);padding:27px 0px 20px 0px;\">\n\t\t\t<div class=\"box-text-inner\">\n\t\t\t\t\n\n<h3>ACTIVIDAD CERRADA<\/h3>\n<p>&nbsp;<\/p>\n<h4>Visita &#8211; Excursi\u00f3n de d\u00eda entero a Tortosa<\/h4>\n<p>&nbsp;<\/p>\n<p>15 de abril de 2023<\/p>\n\n\t\t\t<\/div>\n\t\t<\/div>\n\t<\/div>\n\t\n<a href=\"https:\/\/www.turismedetarragona.com\/ca\/tour\/excursio-tortosa-comt\/\" class=\"button white expand\" >\n\t\t<span>M\u00e1s informaci\u00f3n<\/span>\n\t<\/a>\n\n\n\n\t\t<\/div>\n\t\t\t\t\t<\/div>\n\n\t\n\n\t<div id=\"col-2092980953\" class=\"col medium-3 small-12 large-3\"  >\n\t\t\t\t<div class=\"col-inner\"  >\n\t\t\t\n\t\t\t\n\n\t<div class=\"box has-hover   has-hover box-text-bottom\" >\n\n\t\t<div class=\"box-image\" >\n\t\t\t\t\t\t<div class=\"\" >\n\t\t\t\t<img loading=\"lazy\" decoding=\"async\" width=\"1540\" height=\"700\" src=\"https:\/\/comt.cat\/wp-content\/uploads\/2023\/02\/Plaoci-DESTACADA-presseguers.webp\" class=\"attachment- size-\" alt=\"Destacada PlaOci Presseguers\" srcset=\"https:\/\/comt.cat\/wp-content\/uploads\/2023\/02\/Plaoci-DESTACADA-presseguers.webp 1540w, https:\/\/comt.cat\/wp-content\/uploads\/2023\/02\/Plaoci-DESTACADA-presseguers-300x136.webp 300w, https:\/\/comt.cat\/wp-content\/uploads\/2023\/02\/Plaoci-DESTACADA-presseguers-1024x465.webp 1024w, https:\/\/comt.cat\/wp-content\/uploads\/2023\/02\/Plaoci-DESTACADA-presseguers-768x349.webp 768w, https:\/\/comt.cat\/wp-content\/uploads\/2023\/02\/Plaoci-DESTACADA-presseguers-1536x698.webp 1536w\" sizes=\"(max-width: 1540px) 100vw, 1540px\" \/>\t\t\t\t<div class=\"overlay\" style=\"background-color:rgba(105, 105, 105, 0.802)\"><\/div>\t\t\t\t\t\t\t<\/div>\n\t\t\t\t\t<\/div>\n\n\t\t<div class=\"box-text text-center is-large\" style=\"background-color:rgb(243, 243, 243);padding:27px 0px 20px 0px;\">\n\t\t\t<div class=\"box-text-inner\">\n\t\t\t\t\n\n<h3>ACTIVIDAD CERRADA<\/h3>\n<p>&nbsp;<\/p>\n<h4>Visita &#8211; Entre melocotoneros en flor en Tivissa con brunch<\/h4>\n<p>&nbsp;<\/p>\n<p>11 de marzo de 2023<\/p>\n\n\t\t\t<\/div>\n\t\t<\/div>\n\t<\/div>\n\t\n<a href=\"https:\/\/www.turismedetarragona.com\/ca\/tour\/tarragona-llegendaria-misteris-i-crims-comt\/\" class=\"button white expand\" >\n\t\t<span>M\u00e1s informaci\u00f3n<\/span>\n\t<\/a>\n\n\n\n\t\t<\/div>\n\t\t\t\t\t<\/div>\n\n\t\n\n\t<div id=\"col-452567645\" class=\"col medium-3 small-12 large-3\"  >\n\t\t\t\t<div class=\"col-inner\"  >\n\t\t\t\n\t\t\t\n\n\t<div class=\"box has-hover   has-hover box-text-bottom\" >\n\n\t\t<div class=\"box-image\" >\n\t\t\t\t\t\t<div class=\"\" >\n\t\t\t\t<img loading=\"lazy\" decoding=\"async\" width=\"1540\" height=\"700\" src=\"https:\/\/comt.cat\/wp-content\/uploads\/2023\/02\/PladociPoblet.webp\" class=\"attachment- size-\" alt=\"Destacada Pla Oci_PobletOK\" srcset=\"https:\/\/comt.cat\/wp-content\/uploads\/2023\/02\/PladociPoblet.webp 1540w, https:\/\/comt.cat\/wp-content\/uploads\/2023\/02\/PladociPoblet-300x136.webp 300w, https:\/\/comt.cat\/wp-content\/uploads\/2023\/02\/PladociPoblet-1024x465.webp 1024w, https:\/\/comt.cat\/wp-content\/uploads\/2023\/02\/PladociPoblet-768x349.webp 768w, https:\/\/comt.cat\/wp-content\/uploads\/2023\/02\/PladociPoblet-1536x698.webp 1536w\" sizes=\"(max-width: 1540px) 100vw, 1540px\" \/>\t\t\t\t<div class=\"overlay\" style=\"background-color:rgba(105, 105, 105, 0.802)\"><\/div>\t\t\t\t\t\t\t<\/div>\n\t\t\t\t\t<\/div>\n\n\t\t<div class=\"box-text text-center is-large\" style=\"background-color:rgb(243, 243, 243);padding:27px 0px 20px 0px;\">\n\t\t\t<div class=\"box-text-inner\">\n\t\t\t\t\n\n<h3>ACTIVIDAD CERRADA<\/h3>\n<p>&nbsp;<\/p>\n<h4>Visita &#8211; Monestir Santa Maria de Poblet<\/h4>\n<p>&nbsp;<\/p>\n<p>25 de febrero de 2023<\/p>\n\n\t\t\t<\/div>\n\t\t<\/div>\n\t<\/div>\n\t\n<a href=\"https:\/\/www.turismedetarragona.com\/ca\/tour\/entre-presseguers-florits-a-tivissa-amb-brunch-a-laire-lliure-comt\/\" class=\"button white expand\" >\n\t\t<span>M\u00e1s informaci\u00f3n<\/span>\n\t<\/a>\n\n\n\n\t\t<\/div>\n\t\t\t\t\t<\/div>\n\n\t\n\n\t<div id=\"col-1759388769\" class=\"col medium-3 small-12 large-3\"  >\n\t\t\t\t<div class=\"col-inner\"  >\n\t\t\t\n\t\t\t\n\n\t<div class=\"box has-hover   has-hover box-text-bottom\" >\n\n\t\t<div class=\"box-image\" >\n\t\t\t\t\t\t<div class=\"\" >\n\t\t\t\t<img loading=\"lazy\" decoding=\"async\" width=\"1540\" height=\"700\" src=\"https:\/\/comt.cat\/wp-content\/uploads\/2023\/01\/Destacada-noticiaMisteris-i-Crims.jpeg\" class=\"attachment- size-\" alt=\"Destacada noticiaMisteris i Crims\" srcset=\"https:\/\/comt.cat\/wp-content\/uploads\/2023\/01\/Destacada-noticiaMisteris-i-Crims.jpeg 1540w, https:\/\/comt.cat\/wp-content\/uploads\/2023\/01\/Destacada-noticiaMisteris-i-Crims-300x136.jpeg 300w, https:\/\/comt.cat\/wp-content\/uploads\/2023\/01\/Destacada-noticiaMisteris-i-Crims-1024x465.jpeg 1024w, https:\/\/comt.cat\/wp-content\/uploads\/2023\/01\/Destacada-noticiaMisteris-i-Crims-768x349.jpeg 768w, https:\/\/comt.cat\/wp-content\/uploads\/2023\/01\/Destacada-noticiaMisteris-i-Crims-1536x698.jpeg 1536w\" sizes=\"(max-width: 1540px) 100vw, 1540px\" \/>\t\t\t\t<div class=\"overlay\" style=\"background-color:rgba(105, 105, 105, 0.802)\"><\/div>\t\t\t\t\t\t\t<\/div>\n\t\t\t\t\t<\/div>\n\n\t\t<div class=\"box-text text-center is-large\" style=\"background-color:rgb(243, 243, 243);padding:27px 0px 20px 0px;\">\n\t\t\t<div class=\"box-text-inner\">\n\t\t\t\t\n\n<h3>ACTIVIDAD CERRADA<\/h3>\n<p>&nbsp;<\/p>\n<h4>Tarragona legendaria &#8211; Misterios y Cr\u00edmenes<\/h4>\n<h4>&nbsp;&nbsp;<\/h4>\n<p>27 i 28 de enero 2023<\/p>\n\n\t\t\t<\/div>\n\t\t<\/div>\n\t<\/div>\n\t\n<a href=\"https:\/\/www.turismedetarragona.com\/ca\/tour\/tarragona-llegendaria-misteris-i-crims-comt\/\" class=\"button white expand\" >\n\t\t<span>M\u00e1s informaci\u00f3n<\/span>\n\t<\/a>\n\n\n\n\t\t<\/div>\n\t\t\t\t\t<\/div>\n\n\t\n\n<\/div>\n<div class=\"container section-title-container\" ><h2 class=\"section-title section-title-normal\"><b aria-hidden=\"true\"><\/b><span class=\"section-title-main\" style=\"color:#45dace;\">Plan de ocio 2022<\/span><b aria-hidden=\"true\"><\/b><\/h2><\/div>\n\n<div class=\"row\"  id=\"row-1394234299\">\n\n\n\t<div id=\"col-1644389166\" class=\"col medium-3 small-6 large-3\"  >\n\t\t\t\t<div class=\"col-inner\"  >\n\t\t\t\n\t\t\t\n\n\t<div class=\"box has-hover   has-hover box-text-bottom\" >\n\n\t\t<div class=\"box-image\" >\n\t\t\t\t\t\t<div class=\"\" >\n\t\t\t\t<img loading=\"lazy\" decoding=\"async\" width=\"1540\" height=\"700\" src=\"https:\/\/comt.cat\/wp-content\/uploads\/2022\/10\/DestacadaItinereNovembre.webp\" class=\"attachment- size-\" alt=\"DestacadaItinereNovembre\" srcset=\"https:\/\/comt.cat\/wp-content\/uploads\/2022\/10\/DestacadaItinereNovembre.webp 1540w, https:\/\/comt.cat\/wp-content\/uploads\/2022\/10\/DestacadaItinereNovembre-300x136.webp 300w, https:\/\/comt.cat\/wp-content\/uploads\/2022\/10\/DestacadaItinereNovembre-1024x465.webp 1024w, https:\/\/comt.cat\/wp-content\/uploads\/2022\/10\/DestacadaItinereNovembre-768x349.webp 768w, https:\/\/comt.cat\/wp-content\/uploads\/2022\/10\/DestacadaItinereNovembre-1536x698.webp 1536w\" sizes=\"(max-width: 1540px) 100vw, 1540px\" \/>\t\t\t\t<div class=\"overlay\" style=\"background-color:rgba(105, 105, 105, 0.802)\"><\/div>\t\t\t\t\t\t\t<\/div>\n\t\t\t\t\t<\/div>\n\n\t\t<div class=\"box-text text-center is-large\" style=\"background-color:rgb(243, 243, 243);padding:27px 0px 20px 0px;\">\n\t\t\t<div class=\"box-text-inner\">\n\t\t\t\t\n\n<h3>ACTIVIDAD CERRADA<\/h3>\n<p>&nbsp;<\/p>\n<h4>Visita guiada Catedral de Tgna &#8211; Centro hist\u00f3rico<\/h4>\n<p>12 de noivembre 2022<\/p>\n\n\t\t\t<\/div>\n\t\t<\/div>\n\t<\/div>\n\t\n<a href=\"https:\/\/www.turismedetarragona.com\/ca\/tour\/catedral-de-tarragona-comt\/\" class=\"button white expand\" >\n\t\t<span>M\u00e1s informaci\u00f3n<\/span>\n\t<\/a>\n\n\n\n\t\t<\/div>\n\t\t\t\t\t<\/div>\n\n\t\n\n\t<div id=\"col-2101520695\" class=\"col medium-3 small-6 large-3\"  >\n\t\t\t\t<div class=\"col-inner\"  >\n\t\t\t\n\t\t\t\n\n\t<div class=\"box has-hover   has-hover box-text-bottom\" >\n\n\t\t<div class=\"box-image\" >\n\t\t\t\t\t\t<div class=\"\" >\n\t\t\t\t<img loading=\"lazy\" decoding=\"async\" width=\"1540\" height=\"700\" src=\"https:\/\/comt.cat\/wp-content\/uploads\/2022\/09\/Pladoci_Modernisme.webp\" class=\"attachment- size-\" alt=\"Pladoci_Modernisme\" srcset=\"https:\/\/comt.cat\/wp-content\/uploads\/2022\/09\/Pladoci_Modernisme.webp 1540w, https:\/\/comt.cat\/wp-content\/uploads\/2022\/09\/Pladoci_Modernisme-300x136.webp 300w, https:\/\/comt.cat\/wp-content\/uploads\/2022\/09\/Pladoci_Modernisme-1024x465.webp 1024w, https:\/\/comt.cat\/wp-content\/uploads\/2022\/09\/Pladoci_Modernisme-768x349.webp 768w, https:\/\/comt.cat\/wp-content\/uploads\/2022\/09\/Pladoci_Modernisme-1536x698.webp 1536w\" sizes=\"(max-width: 1540px) 100vw, 1540px\" \/>\t\t\t\t<div class=\"overlay\" style=\"background-color:rgba(105, 105, 105, 0.802)\"><\/div>\t\t\t\t\t\t\t<\/div>\n\t\t\t\t\t<\/div>\n\n\t\t<div class=\"box-text text-center is-large\" style=\"background-color:rgb(243, 243, 243);padding:27px 0px 20px 0px;\">\n\t\t\t<div class=\"box-text-inner\">\n\t\t\t\t\n\n<h3>ACTIVIDAD CERRADA<\/h3>\n<p>&nbsp;<\/p>\n<h4>Visita guiada al modernismo &#8211; Reus<\/h4>\n<p>01 de octubre 2022<\/p>\n\n\t\t\t<\/div>\n\t\t<\/div>\n\t<\/div>\n\t\n<a href=\"https:\/\/www.turismedetarragona.com\/ca\/tour\/reus-modernista-comt\/\" class=\"button white expand\" >\n\t\t<span>M\u00e1s informaci\u00f3n<\/span>\n\t<\/a>\n\n\n\n\t\t<\/div>\n\t\t\t\t\t<\/div>\n\n\t\n\n\t<div id=\"col-909549364\" class=\"col medium-3 small-6 large-3\"  >\n\t\t\t\t<div class=\"col-inner\"  >\n\t\t\t\n\t\t\t\n\n\t<div class=\"box has-hover   has-hover box-text-bottom\" >\n\n\t\t<div class=\"box-image\" >\n\t\t\t\t\t\t<div class=\"\" >\n\t\t\t\t<img loading=\"lazy\" decoding=\"async\" width=\"1540\" height=\"700\" src=\"https:\/\/comt.cat\/wp-content\/uploads\/2022\/08\/Itinere02-setembre.jpg\" class=\"attachment- size-\" alt=\"Itinere activitat 02 setembre\" srcset=\"https:\/\/comt.cat\/wp-content\/uploads\/2022\/08\/Itinere02-setembre.jpg 1540w, https:\/\/comt.cat\/wp-content\/uploads\/2022\/08\/Itinere02-setembre-300x136.jpg 300w, https:\/\/comt.cat\/wp-content\/uploads\/2022\/08\/Itinere02-setembre-1024x465.jpg 1024w, https:\/\/comt.cat\/wp-content\/uploads\/2022\/08\/Itinere02-setembre-768x349.jpg 768w, https:\/\/comt.cat\/wp-content\/uploads\/2022\/08\/Itinere02-setembre-1536x698.jpg 1536w\" sizes=\"(max-width: 1540px) 100vw, 1540px\" \/>\t\t\t\t<div class=\"overlay\" style=\"background-color:rgba(105, 105, 105, 0.802)\"><\/div>\t\t\t\t\t\t\t<\/div>\n\t\t\t\t\t<\/div>\n\n\t\t<div class=\"box-text text-center is-large\" style=\"background-color:rgb(243, 243, 243);padding:27px 0px 20px 0px;\">\n\t\t\t<div class=\"box-text-inner\">\n\t\t\t\t\n\n<h3>ACTIVIDAD CERRADA<\/h3>\n<p>&nbsp;<\/p>\n<h4>Misterios y leyendas de Tarragona<\/h4>\n<p>02 de septiembre 2022<\/p>\n\n\t\t\t<\/div>\n\t\t<\/div>\n\t<\/div>\n\t\n<a href=\"https:\/\/comt.cat\/pla-doci-del-comt-misteris-i-llegendes-de-tarragona\/\" class=\"button white expand\" >\n\t\t<span>M\u00e1s informaci\u00f3n<\/span>\n\t<\/a>\n\n\n\n\t\t<\/div>\n\t\t\t\t\t<\/div>\n\n\t\n\n\t<div id=\"col-1185717385\" class=\"col medium-3 small-12 large-3\"  >\n\t\t\t\t<div class=\"col-inner\"  >\n\t\t\t\n\t\t\t\n\n\t<div class=\"box has-hover   has-hover box-text-bottom\" >\n\n\t\t<div class=\"box-image\" >\n\t\t\t\t\t\t<div class=\"\" >\n\t\t\t\t<img loading=\"lazy\" decoding=\"async\" width=\"1540\" height=\"700\" src=\"https:\/\/comt.cat\/wp-content\/uploads\/2022\/06\/Itinere_Celler_Tast.jpg\" class=\"attachment- size-\" alt=\"\" srcset=\"https:\/\/comt.cat\/wp-content\/uploads\/2022\/06\/Itinere_Celler_Tast.jpg 1540w, https:\/\/comt.cat\/wp-content\/uploads\/2022\/06\/Itinere_Celler_Tast-300x136.jpg 300w, https:\/\/comt.cat\/wp-content\/uploads\/2022\/06\/Itinere_Celler_Tast-1024x465.jpg 1024w, https:\/\/comt.cat\/wp-content\/uploads\/2022\/06\/Itinere_Celler_Tast-768x349.jpg 768w, https:\/\/comt.cat\/wp-content\/uploads\/2022\/06\/Itinere_Celler_Tast-1536x698.jpg 1536w\" sizes=\"(max-width: 1540px) 100vw, 1540px\" \/>\t\t\t\t<div class=\"overlay\" style=\"background-color:rgba(105, 105, 105, 0.802)\"><\/div>\t\t\t\t\t\t\t<\/div>\n\t\t\t\t\t<\/div>\n\n\t\t<div class=\"box-text text-center is-large\" style=\"background-color:rgb(243, 243, 243);padding:27px 0px 20px 0px;\">\n\t\t\t<div class=\"box-text-inner\">\n\t\t\t\t\n\n<h3>ACTIVIDAD CERRADA<\/h3>\n<p>&nbsp;<\/p>\n<h4>Cata, almuerzo y visita a una bodega<\/h4>\n<p>04 de junio 2022<\/p>\n\n\t\t\t<\/div>\n\t\t<\/div>\n\t<\/div>\n\t\n<a href=\"https:\/\/comt.cat\/pla-doci-del-comt-esmorzar-de-pages-visita-i-cata-al-celler-alvarez-duran-porrera\/\" class=\"button white expand\" >\n\t\t<span>M\u00e1s informaci\u00f3n<\/span>\n\t<\/a>\n\n\n\n\t\t<\/div>\n\t\t\t\t\t<\/div>\n\n\t\n\n\t<div id=\"col-1810932610\" class=\"col medium-3 small-12 large-3\"  >\n\t\t\t\t<div class=\"col-inner\"  >\n\t\t\t\n\t\t\t\n\n\t<div class=\"box has-hover   has-hover box-text-bottom\" >\n\n\t\t<div class=\"box-image\" >\n\t\t\t\t\t\t<div class=\"\" >\n\t\t\t\t<img loading=\"lazy\" decoding=\"async\" width=\"1540\" height=\"700\" src=\"https:\/\/comt.cat\/wp-content\/uploads\/2022\/06\/Itinere-Delta.webp\" class=\"attachment- size-\" alt=\"\" srcset=\"https:\/\/comt.cat\/wp-content\/uploads\/2022\/06\/Itinere-Delta.webp 1540w, https:\/\/comt.cat\/wp-content\/uploads\/2022\/06\/Itinere-Delta-300x136.webp 300w, https:\/\/comt.cat\/wp-content\/uploads\/2022\/06\/Itinere-Delta-1024x465.webp 1024w, https:\/\/comt.cat\/wp-content\/uploads\/2022\/06\/Itinere-Delta-768x349.webp 768w, https:\/\/comt.cat\/wp-content\/uploads\/2022\/06\/Itinere-Delta-1536x698.webp 1536w\" sizes=\"(max-width: 1540px) 100vw, 1540px\" \/>\t\t\t\t<div class=\"overlay\" style=\"background-color:rgba(105, 105, 105, 0.802)\"><\/div>\t\t\t\t\t\t\t<\/div>\n\t\t\t\t\t<\/div>\n\n\t\t<div class=\"box-text text-center is-large\" style=\"background-color:rgb(243, 243, 243);padding:27px 0px 20px 0px;\">\n\t\t\t<div class=\"box-text-inner\">\n\t\t\t\t\n\n<h3>ACTIVIDAD CERRADA<\/h3>\n<p>&nbsp;<\/p>\n<h4>Visita al Delta de l&#8217;Ebre &#8211; Deltebre<\/h4>\n<p>21 de mayo 2022<\/p>\n\n\t\t\t<\/div>\n\t\t<\/div>\n\t<\/div>\n\t\n<a href=\"https:\/\/comt.cat\/pla-doci-del-comt-visita-al-delta-de-lebre-deltebre\/\" class=\"button white expand\" >\n\t\t<span>M\u00e1s informaci\u00f3n<\/span>\n\t<\/a>\n\n\n\n\t\t<\/div>\n\t\t\t\t\t<\/div>\n\n\t\n\n\t<div id=\"col-905412174\" class=\"col medium-3 small-12 large-3\"  >\n\t\t\t\t<div class=\"col-inner\"  >\n\t\t\t\n\t\t\t\n\n\t<div class=\"box has-hover   has-hover box-text-bottom\" >\n\n\t\t<div class=\"box-image\" >\n\t\t\t\t\t\t<div class=\"\" >\n\t\t\t\t<img loading=\"lazy\" decoding=\"async\" width=\"1540\" height=\"700\" src=\"https:\/\/comt.cat\/wp-content\/uploads\/2022\/04\/MartiFranques.jpg\" class=\"attachment- size-\" alt=\"\" srcset=\"https:\/\/comt.cat\/wp-content\/uploads\/2022\/04\/MartiFranques.jpg 1540w, https:\/\/comt.cat\/wp-content\/uploads\/2022\/04\/MartiFranques-300x136.jpg 300w, https:\/\/comt.cat\/wp-content\/uploads\/2022\/04\/MartiFranques-1024x465.jpg 1024w, https:\/\/comt.cat\/wp-content\/uploads\/2022\/04\/MartiFranques-768x349.jpg 768w, https:\/\/comt.cat\/wp-content\/uploads\/2022\/04\/MartiFranques-1536x698.jpg 1536w\" sizes=\"(max-width: 1540px) 100vw, 1540px\" \/>\t\t\t\t<div class=\"overlay\" style=\"background-color:rgba(105, 105, 105, 0.802)\"><\/div>\t\t\t\t\t\t\t<\/div>\n\t\t\t\t\t<\/div>\n\n\t\t<div class=\"box-text text-center is-large\" style=\"background-color:rgb(243, 243, 243);padding:27px 0px 20px 0px;\">\n\t\t\t<div class=\"box-text-inner\">\n\t\t\t\t\n\n<h3>ACTIVIDAD CERRADA<\/h3>\n<p>&nbsp;<\/p>\n<h4>\u00bfQui\u00e9n era Antoni de Mart\u00ed Franqu\u00e9s?<\/h4>\n<p>30 de abril 2022<\/p>\n\n\t\t\t<\/div>\n\t\t<\/div>\n\t<\/div>\n\t\n<a href=\"https:\/\/comt.cat\/pla-doci-del-comt-antoni-de-marti-i-franques\/\" class=\"button white expand\" >\n\t\t<span>M\u00e1s informaci\u00f3n<\/span>\n\t<\/a>\n\n\n\n\t\t<\/div>\n\t\t\t\t\t<\/div>\n\n\t\n\n\t<div id=\"col-343977713\" class=\"col medium-3 small-12 large-3\"  >\n\t\t\t\t<div class=\"col-inner\"  >\n\t\t\t\n\t\t\t\n\n\t<div class=\"box has-hover   has-hover box-text-bottom\" >\n\n\t\t<div class=\"box-image\" >\n\t\t\t\t\t\t<div class=\"\" >\n\t\t\t\t<img loading=\"lazy\" decoding=\"async\" width=\"1540\" height=\"700\" src=\"https:\/\/comt.cat\/wp-content\/uploads\/2022\/06\/PlaOciCOMTVespreJueu.jpg\" class=\"attachment- size-\" alt=\"Pla d&#039;oci del COMT Vespre Jueu\" srcset=\"https:\/\/comt.cat\/wp-content\/uploads\/2022\/06\/PlaOciCOMTVespreJueu.jpg 1540w, https:\/\/comt.cat\/wp-content\/uploads\/2022\/06\/PlaOciCOMTVespreJueu-300x136.jpg 300w, https:\/\/comt.cat\/wp-content\/uploads\/2022\/06\/PlaOciCOMTVespreJueu-1024x465.jpg 1024w, https:\/\/comt.cat\/wp-content\/uploads\/2022\/06\/PlaOciCOMTVespreJueu-768x349.jpg 768w, https:\/\/comt.cat\/wp-content\/uploads\/2022\/06\/PlaOciCOMTVespreJueu-1536x698.jpg 1536w\" sizes=\"(max-width: 1540px) 100vw, 1540px\" \/>\t\t\t\t<div class=\"overlay\" style=\"background-color:rgba(105, 105, 105, 0.802)\"><\/div>\t\t\t\t\t\t\t<\/div>\n\t\t\t\t\t<\/div>\n\n\t\t<div class=\"box-text text-center is-large\" style=\"background-color:rgb(243, 243, 243);padding:27px 0px 20px 0px;\">\n\t\t\t<div class=\"box-text-inner\">\n\t\t\t\t\n\n<h3>ACTIVIDAD CERRADA<\/h3>\n<p>&nbsp;<\/p>\n<h4>Atardecer jud\u00edo en la ciudad de Tarragona<\/h4>\n<p>02 de julio 2022<\/p>\n\n\t\t\t<\/div>\n\t\t<\/div>\n\t<\/div>\n\t\n<a href=\"https:\/\/www.turismedetarragona.com\/ca\/tour\/vespre-jueu-a-tarragona-comt\/\" class=\"button white expand\" >\n\t\t<span>M\u00e1s informaci\u00f3n<\/span>\n\t<\/a>\n\n\n\n\t\t<\/div>\n\t\t\t\t\t<\/div>\n\n\t\n\n<\/div>\n\n\t\t<\/div>\n\t\t\t\t\t<\/div>\n\n\t\n\n<\/div>\n\n\t\t<\/div>\n\n\t\t\n<style>\n#section_1121819857 {\n  padding-top: 40px;\n  padding-bottom: 40px;\n}\n@media (min-width:850px) {\n  #section_1121819857 {\n    padding-top: 73px;\n    padding-bottom: 73px;\n  }\n}\n<\/style>\n\t<\/section>\n\t\n<div class=\"message-box relative dark\" style=\"padding-top:44px;padding-bottom:44px;\"><div class=\"message-box-bg-image bg-fill fill\" style=\"background-image:url(https:\/\/comt.cat\/wp-content\/uploads\/2021\/08\/business-woman-working-in-office-on-computer.jpg);\"><\/div><div class=\"message-box-bg-overlay bg-fill fill\" style=\"background-color:rgba(0, 0, 0, 0.628);\"><\/div><div class=\"container relative\"><div class=\"inner last-reset\">\n\n<div class=\"row align-center\"  id=\"row-463689063\">\n\n\n\t<div id=\"col-1509375951\" class=\"col medium-5 small-12 large-5\"  >\n\t\t\t\t<div class=\"col-inner\"  >\n\t\t\t\n\t\t\t\n\n<h1>\u00a1Actividades completamente gratuitas para estar colegiado en el COMT!<\/h1>\n\n\t\t<\/div>\n\t\t\t\t\t<\/div>\n\n\t\n\n\t<div id=\"col-480330538\" class=\"col medium-6 small-12 large-6\"  >\n\t\t\t\t<div class=\"col-inner text-center\"  >\n\t\t\t\n\t\t\t\n\n\t<div id=\"gap-1749847754\" class=\"gap-element clearfix\" style=\"display:block; height:auto;\">\n\t\t\n<style>\n#gap-1749847754 {\n  padding-top: 8px;\n}\n<\/style>\n\t<\/div>\n\t\n\n<p style=\"text-align: left;\"><span style=\"font-size: 120%;\">Experiencias y visitas guiadas exclusivas a la provincia de Tarragona para colegiados y acompa\u00f1antes en fin de semana.<\/span><\/p>\n\n\t\t<\/div>\n\t\t\t\t\t<\/div>\n\n\t\n\n<\/div>\n\n<\/div><\/div><\/div>\n\n","protected":false},"excerpt":{"rendered":"","protected":false},"author":1,"featured_media":0,"parent":0,"menu_order":0,"comment_status":"closed","ping_status":"closed","template":"page-blank.php","meta":{"footnotes":""},"class_list":["post-16706","page","type-page","status-publish","hentry"],"yoast_head":"<!-- This site is optimized with the Yoast SEO plugin v27.4 - https:\/\/yoast.com\/product\/yoast-seo-wordpress\/ -->\n<title>Plan de ocio - COMT<\/title>\n<meta name=\"robots\" content=\"index, follow, max-snippet:-1, max-image-preview:large, max-video-preview:-1\" \/>\n<link rel=\"canonical\" href=\"https:\/\/comt.cat\/es\/plan-de-ocio\/\" \/>\n<meta property=\"og:locale\" content=\"es_ES\" \/>\n<meta property=\"og:type\" content=\"article\" \/>\n<meta property=\"og:title\" content=\"Plan de ocio - COMT\" \/>\n<meta property=\"og:url\" content=\"https:\/\/comt.cat\/es\/plan-de-ocio\/\" \/>\n<meta property=\"og:site_name\" content=\"COMT\" \/>\n<meta property=\"article:modified_time\" content=\"2026-03-17T09:15:52+00:00\" \/>\n<meta name=\"twitter:card\" content=\"summary_large_image\" \/>\n<meta name=\"twitter:label1\" content=\"Tiempo de lectura\" \/>\n\t<meta name=\"twitter:data1\" content=\"3 minutos\" \/>\n<script type=\"application\/ld+json\" class=\"yoast-schema-graph\">{\"@context\":\"https:\\\/\\\/schema.org\",\"@graph\":[{\"@type\":\"WebPage\",\"@id\":\"https:\\\/\\\/comt.cat\\\/es\\\/plan-de-ocio\\\/\",\"url\":\"https:\\\/\\\/comt.cat\\\/es\\\/plan-de-ocio\\\/\",\"name\":\"Plan de ocio - COMT\",\"isPartOf\":{\"@id\":\"https:\\\/\\\/comt.cat\\\/#website\"},\"datePublished\":\"2022-06-21T11:11:43+00:00\",\"dateModified\":\"2026-03-17T09:15:52+00:00\",\"breadcrumb\":{\"@id\":\"https:\\\/\\\/comt.cat\\\/es\\\/plan-de-ocio\\\/#breadcrumb\"},\"inLanguage\":\"es\",\"potentialAction\":[{\"@type\":\"ReadAction\",\"target\":[\"https:\\\/\\\/comt.cat\\\/es\\\/plan-de-ocio\\\/\"]}]},{\"@type\":\"BreadcrumbList\",\"@id\":\"https:\\\/\\\/comt.cat\\\/es\\\/plan-de-ocio\\\/#breadcrumb\",\"itemListElement\":[{\"@type\":\"ListItem\",\"position\":1,\"name\":\"Home\",\"item\":\"https:\\\/\\\/comt.cat\\\/es\\\/\"},{\"@type\":\"ListItem\",\"position\":2,\"name\":\"Plan de ocio\"}]},{\"@type\":\"WebSite\",\"@id\":\"https:\\\/\\\/comt.cat\\\/#website\",\"url\":\"https:\\\/\\\/comt.cat\\\/\",\"name\":\"COMT\",\"description\":\"Col\u00b7legi de Metges de Tarragona\",\"potentialAction\":[{\"@type\":\"SearchAction\",\"target\":{\"@type\":\"EntryPoint\",\"urlTemplate\":\"https:\\\/\\\/comt.cat\\\/?s={search_term_string}\"},\"query-input\":{\"@type\":\"PropertyValueSpecification\",\"valueRequired\":true,\"valueName\":\"search_term_string\"}}],\"inLanguage\":\"es\"}]}<\/script>\n<!-- \/ Yoast SEO plugin. -->","yoast_head_json":{"title":"Plan de ocio - COMT","robots":{"index":"index","follow":"follow","max-snippet":"max-snippet:-1","max-image-preview":"max-image-preview:large","max-video-preview":"max-video-preview:-1"},"canonical":"https:\/\/comt.cat\/es\/plan-de-ocio\/","og_locale":"es_ES","og_type":"article","og_title":"Plan de ocio - COMT","og_url":"https:\/\/comt.cat\/es\/plan-de-ocio\/","og_site_name":"COMT","article_modified_time":"2026-03-17T09:15:52+00:00","twitter_card":"summary_large_image","twitter_misc":{"Tiempo de lectura":"3 minutos"},"schema":{"@context":"https:\/\/schema.org","@graph":[{"@type":"WebPage","@id":"https:\/\/comt.cat\/es\/plan-de-ocio\/","url":"https:\/\/comt.cat\/es\/plan-de-ocio\/","name":"Plan de ocio - COMT","isPartOf":{"@id":"https:\/\/comt.cat\/#website"},"datePublished":"2022-06-21T11:11:43+00:00","dateModified":"2026-03-17T09:15:52+00:00","breadcrumb":{"@id":"https:\/\/comt.cat\/es\/plan-de-ocio\/#breadcrumb"},"inLanguage":"es","potentialAction":[{"@type":"ReadAction","target":["https:\/\/comt.cat\/es\/plan-de-ocio\/"]}]},{"@type":"BreadcrumbList","@id":"https:\/\/comt.cat\/es\/plan-de-ocio\/#breadcrumb","itemListElement":[{"@type":"ListItem","position":1,"name":"Home","item":"https:\/\/comt.cat\/es\/"},{"@type":"ListItem","position":2,"name":"Plan de ocio"}]},{"@type":"WebSite","@id":"https:\/\/comt.cat\/#website","url":"https:\/\/comt.cat\/","name":"COMT","description":"Col\u00b7legi de Metges de Tarragona","potentialAction":[{"@type":"SearchAction","target":{"@type":"EntryPoint","urlTemplate":"https:\/\/comt.cat\/?s={search_term_string}"},"query-input":{"@type":"PropertyValueSpecification","valueRequired":true,"valueName":"search_term_string"}}],"inLanguage":"es"}]}},"_links":{"self":[{"href":"https:\/\/comt.cat\/es\/wp-json\/wp\/v2\/pages\/16706","targetHints":{"allow":["GET"]}}],"collection":[{"href":"https:\/\/comt.cat\/es\/wp-json\/wp\/v2\/pages"}],"about":[{"href":"https:\/\/comt.cat\/es\/wp-json\/wp\/v2\/types\/page"}],"author":[{"embeddable":true,"href":"https:\/\/comt.cat\/es\/wp-json\/wp\/v2\/users\/1"}],"replies":[{"embeddable":true,"href":"https:\/\/comt.cat\/es\/wp-json\/wp\/v2\/comments?post=16706"}],"version-history":[{"count":161,"href":"https:\/\/comt.cat\/es\/wp-json\/wp\/v2\/pages\/16706\/revisions"}],"predecessor-version":[{"id":47581,"href":"https:\/\/comt.cat\/es\/wp-json\/wp\/v2\/pages\/16706\/revisions\/47581"}],"wp:attachment":[{"href":"https:\/\/comt.cat\/es\/wp-json\/wp\/v2\/media?parent=16706"}],"curies":[{"name":"wp","href":"https:\/\/api.w.org\/{rel}","templated":true}]}}