{"id":23099,"date":"2021-07-27T12:13:03","date_gmt":"2021-07-27T12:13:03","guid":{"rendered":"https:\/\/comt.cat\/home\/"},"modified":"2026-04-20T10:57:18","modified_gmt":"2026-04-20T08:57:18","slug":"home","status":"publish","type":"page","link":"https:\/\/comt.cat\/es\/","title":{"rendered":"Home es"},"content":{"rendered":"\n<div class=\"row\"  id=\"row-1395343108\">\n\n\n<\/div>\n\t<div class=\"img has-hover x md-x lg-x y md-y lg-y\" id=\"image_1586157098\">\n\t\t<a class=\"\" href=\"https:\/\/comt.cat\/es\/alta-collegiacio\/\" >\t\t\t\t\t\t<div class=\"img-inner dark\" >\n\t\t\t<img loading=\"lazy\" decoding=\"async\" width=\"1020\" height=\"101\" src=\"https:\/\/comt.cat\/wp-content\/uploads\/2026\/04\/BANNER-BENVINGUTS-MIR-V2-CAST-1024x101.png\" class=\"attachment-large size-large\" alt=\"\" srcset=\"https:\/\/comt.cat\/wp-content\/uploads\/2026\/04\/BANNER-BENVINGUTS-MIR-V2-CAST-1024x101.png 1024w, https:\/\/comt.cat\/wp-content\/uploads\/2026\/04\/BANNER-BENVINGUTS-MIR-V2-CAST-300x30.png 300w, https:\/\/comt.cat\/wp-content\/uploads\/2026\/04\/BANNER-BENVINGUTS-MIR-V2-CAST-768x76.png 768w, https:\/\/comt.cat\/wp-content\/uploads\/2026\/04\/BANNER-BENVINGUTS-MIR-V2-CAST-1536x152.png 1536w, https:\/\/comt.cat\/wp-content\/uploads\/2026\/04\/BANNER-BENVINGUTS-MIR-V2-CAST-2048x203.png 2048w, https:\/\/comt.cat\/wp-content\/uploads\/2026\/04\/BANNER-BENVINGUTS-MIR-V2-CAST-600x59.png 600w\" sizes=\"(max-width: 1020px) 100vw, 1020px\" \/>\t\t\t\t\t\t\n\t\t\t\t\t<\/div>\n\t\t\t\t\t\t<\/a>\t\t\n<style>\n#image_1586157098 {\n  width: 100%;\n}\n<\/style>\n\t<\/div>\n\t\n\n\n\t<section class=\"section\" id=\"section_1326807947\">\n\t\t<div class=\"section-bg fill\" >\n\t\t\t\t\t\t\t\t\t<div class=\"section-bg-overlay absolute fill\"><\/div>\n\t\t\t\n\n\t\t<\/div>\n\n\t\t\n\n\t\t<div class=\"section-content relative\">\n\t\t\t\n\n<div class=\"row\"  id=\"row-846491392\">\n\n\n\t<div id=\"col-744872756\" class=\"col medium-8 small-12 large-8\"  >\n\t\t\t\t<div class=\"col-inner\"  >\n\t\t\t\n\t\t\t\n\n<div class=\"row align-equal\"  id=\"row-2057002325\">\n\n\n\t<div id=\"col-1609260738\" class=\"col small-12 large-12 small-col-first\"  >\n\t\t\t\t<div class=\"col-inner\" style=\"background-color:rgb(247, 247, 247);\" >\n\t\t\t\n\t\t\t\n\n\n  \n    <div id=\"row-735374793\" class=\"slider slider-auto-height row-collapse slider-nav-outside slider-nav-simple\" data-flickity-options='{&quot;imagesLoaded&quot;: true, &quot;dragThreshold&quot; : 5, &quot;cellAlign&quot;: &quot;left&quot;,&quot;wrapAround&quot;: true,&quot;prevNextButtons&quot;: true,&quot;percentPosition&quot;: true,&quot;pageDots&quot;: false, &quot;rightToLeft&quot;: false, &quot;autoPlay&quot; : 7000}'>\n\n  <div class=\"col post-item\" >\n\t\t\t<div class=\"col-inner\">\n\t\t\t\t<div class=\"box box-normal box-text-bottom box-blog-post has-hover\">\n            \t\t\t\t\t<div class=\"box-image\" >\n  \t\t\t\t\t\t<div class=\"image-overlay-add-50 image-cover\" style=\"padding-top:46%;\">\n\t\t\t\t\t\t\t<a href=\"https:\/\/comt.cat\/es\/no-te-pierdas-el-directe-de-la-ceremonia-de-graduacion-del-alumnado-del-grado-en-medicina-de-la-urv-2020-2026\/\" class=\"plain\" aria-label=\"No te pierdas el directe de la Ceremonia de graduaci\u00f3n del alumnado del grado en Medicina de la URV 2020-2026\">\n\t\t\t\t\t\t\t\t<img loading=\"lazy\" decoding=\"async\" width=\"1020\" height=\"463\" src=\"https:\/\/comt.cat\/wp-content\/uploads\/2026\/04\/DESTACADES-WEB-1-1024x465.png\" class=\"attachment-large size-large wp-post-image\" alt=\"\" srcset=\"https:\/\/comt.cat\/wp-content\/uploads\/2026\/04\/DESTACADES-WEB-1-1024x465.png 1024w, https:\/\/comt.cat\/wp-content\/uploads\/2026\/04\/DESTACADES-WEB-1-300x136.png 300w, https:\/\/comt.cat\/wp-content\/uploads\/2026\/04\/DESTACADES-WEB-1-768x349.png 768w, https:\/\/comt.cat\/wp-content\/uploads\/2026\/04\/DESTACADES-WEB-1-1536x698.png 1536w, https:\/\/comt.cat\/wp-content\/uploads\/2026\/04\/DESTACADES-WEB-1-600x273.png 600w, https:\/\/comt.cat\/wp-content\/uploads\/2026\/04\/DESTACADES-WEB-1.png 1540w\" sizes=\"(max-width: 1020px) 100vw, 1020px\" \/>\t\t\t\t\t\t\t<\/a>\n  \t\t\t\t\t\t\t<div class=\"overlay\" style=\"background-color: rgba(0, 0, 0, 0)\"><\/div>  \t\t\t\t\t\t\t  \t\t\t\t\t\t<\/div>\n  \t\t\t\t\t\t  \t\t\t\t\t<\/div>\n          \t\t\t\t\t<div class=\"box-text show-on-hover hover-bounce text-left is-large\" style=\"background-color:rgb(252, 248, 243);padding:20px 27px 5% 27px;\">\n\t\t\t\t\t<div class=\"box-text-inner blog-post-inner\">\n\n\t\t\t\t\t\n\t\t\t\t\t\t\t\t\t\t<h5 class=\"post-title is-large \">\n\t\t\t\t\t\t<a href=\"https:\/\/comt.cat\/es\/no-te-pierdas-el-directe-de-la-ceremonia-de-graduacion-del-alumnado-del-grado-en-medicina-de-la-urv-2020-2026\/\" class=\"plain\">No te pierdas el directe de la Ceremonia de graduaci\u00f3n del alumnado del grado en Medicina de la URV 2020-2026<\/a>\n\t\t\t\t\t<\/h5>\n\t\t\t\t\t<div class=\"post-meta is-small op-8\">abril 30, 2026<\/div>\t\t\t\t\t<div class=\"is-divider\"><\/div>\n\t\t\t\t\t                    \n\t\t\t\t\t\n\t\t\t\t\t\n\t\t\t\t\t<\/div>\n\t\t\t\t\t<\/div>\n\t\t\t\t\t\t\t\t\t<\/div>\n\t\t\t<\/div>\n\t\t<\/div><div class=\"col post-item\" >\n\t\t\t<div class=\"col-inner\">\n\t\t\t\t<div class=\"box box-normal box-text-bottom box-blog-post has-hover\">\n            \t\t\t\t\t<div class=\"box-image\" >\n  \t\t\t\t\t\t<div class=\"image-overlay-add-50 image-cover\" style=\"padding-top:46%;\">\n\t\t\t\t\t\t\t<a href=\"https:\/\/comt.cat\/es\/la-importancia-de-contar-con-una-buena-cobertura-de-responsabilidad-civil-profesional\/\" class=\"plain\" aria-label=\"La importancia de contar con una buena cobertura de Responsabilidad Civil Profesional\">\n\t\t\t\t\t\t\t\t<img loading=\"lazy\" decoding=\"async\" width=\"1020\" height=\"463\" src=\"https:\/\/comt.cat\/wp-content\/uploads\/2026\/04\/DESTACADA-WEB-COMT-36-1024x465.png\" class=\"attachment-large size-large wp-post-image\" alt=\"\" srcset=\"https:\/\/comt.cat\/wp-content\/uploads\/2026\/04\/DESTACADA-WEB-COMT-36-1024x465.png 1024w, https:\/\/comt.cat\/wp-content\/uploads\/2026\/04\/DESTACADA-WEB-COMT-36-300x136.png 300w, https:\/\/comt.cat\/wp-content\/uploads\/2026\/04\/DESTACADA-WEB-COMT-36-768x349.png 768w, https:\/\/comt.cat\/wp-content\/uploads\/2026\/04\/DESTACADA-WEB-COMT-36-1536x698.png 1536w, https:\/\/comt.cat\/wp-content\/uploads\/2026\/04\/DESTACADA-WEB-COMT-36-600x273.png 600w, https:\/\/comt.cat\/wp-content\/uploads\/2026\/04\/DESTACADA-WEB-COMT-36.png 1540w\" sizes=\"(max-width: 1020px) 100vw, 1020px\" \/>\t\t\t\t\t\t\t<\/a>\n  \t\t\t\t\t\t\t<div class=\"overlay\" style=\"background-color: rgba(0, 0, 0, 0)\"><\/div>  \t\t\t\t\t\t\t  \t\t\t\t\t\t<\/div>\n  \t\t\t\t\t\t  \t\t\t\t\t<\/div>\n          \t\t\t\t\t<div class=\"box-text show-on-hover hover-bounce text-left is-large\" style=\"background-color:rgb(252, 248, 243);padding:20px 27px 5% 27px;\">\n\t\t\t\t\t<div class=\"box-text-inner blog-post-inner\">\n\n\t\t\t\t\t\n\t\t\t\t\t\t\t\t\t\t<h5 class=\"post-title is-large \">\n\t\t\t\t\t\t<a href=\"https:\/\/comt.cat\/es\/la-importancia-de-contar-con-una-buena-cobertura-de-responsabilidad-civil-profesional\/\" class=\"plain\">La importancia de contar con una buena cobertura de Responsabilidad Civil Profesional<\/a>\n\t\t\t\t\t<\/h5>\n\t\t\t\t\t<div class=\"post-meta is-small op-8\">abril 29, 2026<\/div>\t\t\t\t\t<div class=\"is-divider\"><\/div>\n\t\t\t\t\t                    \n\t\t\t\t\t\n\t\t\t\t\t\n\t\t\t\t\t<\/div>\n\t\t\t\t\t<\/div>\n\t\t\t\t\t\t\t\t\t<\/div>\n\t\t\t<\/div>\n\t\t<\/div><div class=\"col post-item\" >\n\t\t\t<div class=\"col-inner\">\n\t\t\t\t<div class=\"box box-normal box-text-bottom box-blog-post has-hover\">\n            \t\t\t\t\t<div class=\"box-image\" >\n  \t\t\t\t\t\t<div class=\"image-overlay-add-50 image-cover\" style=\"padding-top:46%;\">\n\t\t\t\t\t\t\t<a href=\"https:\/\/comt.cat\/es\/el-comt-celebra-el-despliegue-de-la-prescripcion-deportiva\/\" class=\"plain\" aria-label=\"El COMT celebra el despliegue de la prescripci\u00f3n deportiva\">\n\t\t\t\t\t\t\t\t<img loading=\"lazy\" decoding=\"async\" width=\"1020\" height=\"463\" src=\"https:\/\/comt.cat\/wp-content\/uploads\/2026\/04\/DESTACADA-WEB-COMT-31-1024x465.png\" class=\"attachment-large size-large wp-post-image\" alt=\"\" srcset=\"https:\/\/comt.cat\/wp-content\/uploads\/2026\/04\/DESTACADA-WEB-COMT-31-1024x465.png 1024w, https:\/\/comt.cat\/wp-content\/uploads\/2026\/04\/DESTACADA-WEB-COMT-31-300x136.png 300w, https:\/\/comt.cat\/wp-content\/uploads\/2026\/04\/DESTACADA-WEB-COMT-31-768x349.png 768w, https:\/\/comt.cat\/wp-content\/uploads\/2026\/04\/DESTACADA-WEB-COMT-31-1536x698.png 1536w, https:\/\/comt.cat\/wp-content\/uploads\/2026\/04\/DESTACADA-WEB-COMT-31-600x273.png 600w, https:\/\/comt.cat\/wp-content\/uploads\/2026\/04\/DESTACADA-WEB-COMT-31.png 1540w\" sizes=\"(max-width: 1020px) 100vw, 1020px\" \/>\t\t\t\t\t\t\t<\/a>\n  \t\t\t\t\t\t\t<div class=\"overlay\" style=\"background-color: rgba(0, 0, 0, 0)\"><\/div>  \t\t\t\t\t\t\t  \t\t\t\t\t\t<\/div>\n  \t\t\t\t\t\t  \t\t\t\t\t<\/div>\n          \t\t\t\t\t<div class=\"box-text show-on-hover hover-bounce text-left is-large\" style=\"background-color:rgb(252, 248, 243);padding:20px 27px 5% 27px;\">\n\t\t\t\t\t<div class=\"box-text-inner blog-post-inner\">\n\n\t\t\t\t\t\n\t\t\t\t\t\t\t\t\t\t<h5 class=\"post-title is-large \">\n\t\t\t\t\t\t<a href=\"https:\/\/comt.cat\/es\/el-comt-celebra-el-despliegue-de-la-prescripcion-deportiva\/\" class=\"plain\">El COMT celebra el despliegue de la prescripci\u00f3n deportiva<\/a>\n\t\t\t\t\t<\/h5>\n\t\t\t\t\t<div class=\"post-meta is-small op-8\">abril 29, 2026<\/div>\t\t\t\t\t<div class=\"is-divider\"><\/div>\n\t\t\t\t\t                    \n\t\t\t\t\t\n\t\t\t\t\t\n\t\t\t\t\t<\/div>\n\t\t\t\t\t<\/div>\n\t\t\t\t\t\t\t\t\t<\/div>\n\t\t\t<\/div>\n\t\t<\/div><div class=\"col post-item\" >\n\t\t\t<div class=\"col-inner\">\n\t\t\t\t<div class=\"box box-normal box-text-bottom box-blog-post has-hover\">\n            \t\t\t\t\t<div class=\"box-image\" >\n  \t\t\t\t\t\t<div class=\"image-overlay-add-50 image-cover\" style=\"padding-top:46%;\">\n\t\t\t\t\t\t\t<a href=\"https:\/\/comt.cat\/es\/edicion-de-abril-de-2026-galens\/\" class=\"plain\" aria-label=\"Disponible la edici\u00f3n de abril de 2026 de la revista Galens\">\n\t\t\t\t\t\t\t\t<img loading=\"lazy\" decoding=\"async\" width=\"1020\" height=\"463\" src=\"https:\/\/comt.cat\/wp-content\/uploads\/2026\/04\/DESTACADA-WEB-COMT-30-1024x465.png\" class=\"attachment-large size-large wp-post-image\" alt=\"\" srcset=\"https:\/\/comt.cat\/wp-content\/uploads\/2026\/04\/DESTACADA-WEB-COMT-30-1024x465.png 1024w, https:\/\/comt.cat\/wp-content\/uploads\/2026\/04\/DESTACADA-WEB-COMT-30-300x136.png 300w, https:\/\/comt.cat\/wp-content\/uploads\/2026\/04\/DESTACADA-WEB-COMT-30-768x349.png 768w, https:\/\/comt.cat\/wp-content\/uploads\/2026\/04\/DESTACADA-WEB-COMT-30-1536x698.png 1536w, https:\/\/comt.cat\/wp-content\/uploads\/2026\/04\/DESTACADA-WEB-COMT-30-600x273.png 600w, https:\/\/comt.cat\/wp-content\/uploads\/2026\/04\/DESTACADA-WEB-COMT-30.png 1540w\" sizes=\"(max-width: 1020px) 100vw, 1020px\" \/>\t\t\t\t\t\t\t<\/a>\n  \t\t\t\t\t\t\t<div class=\"overlay\" style=\"background-color: rgba(0, 0, 0, 0)\"><\/div>  \t\t\t\t\t\t\t  \t\t\t\t\t\t<\/div>\n  \t\t\t\t\t\t  \t\t\t\t\t<\/div>\n          \t\t\t\t\t<div class=\"box-text show-on-hover hover-bounce text-left is-large\" style=\"background-color:rgb(252, 248, 243);padding:20px 27px 5% 27px;\">\n\t\t\t\t\t<div class=\"box-text-inner blog-post-inner\">\n\n\t\t\t\t\t\n\t\t\t\t\t\t\t\t\t\t<h5 class=\"post-title is-large \">\n\t\t\t\t\t\t<a href=\"https:\/\/comt.cat\/es\/edicion-de-abril-de-2026-galens\/\" class=\"plain\">Disponible la edici\u00f3n de abril de 2026 de la revista Galens<\/a>\n\t\t\t\t\t<\/h5>\n\t\t\t\t\t<div class=\"post-meta is-small op-8\">abril 27, 2026<\/div>\t\t\t\t\t<div class=\"is-divider\"><\/div>\n\t\t\t\t\t                    \n\t\t\t\t\t\n\t\t\t\t\t\n\t\t\t\t\t<\/div>\n\t\t\t\t\t<\/div>\n\t\t\t\t\t\t\t\t\t<\/div>\n\t\t\t<\/div>\n\t\t<\/div><div class=\"col post-item\" >\n\t\t\t<div class=\"col-inner\">\n\t\t\t\t<div class=\"box box-normal box-text-bottom box-blog-post has-hover\">\n            \t\t\t\t\t<div class=\"box-image\" >\n  \t\t\t\t\t\t<div class=\"image-overlay-add-50 image-cover\" style=\"padding-top:46%;\">\n\t\t\t\t\t\t\t<a href=\"https:\/\/comt.cat\/es\/el-comt-presenta-sus-enmiendas-a-la-reforma-de-la-lops\/\" class=\"plain\" aria-label=\"El COMT presenta sus enmiendas a la reforma de la LOPS\">\n\t\t\t\t\t\t\t\t<img loading=\"lazy\" decoding=\"async\" width=\"1020\" height=\"463\" src=\"https:\/\/comt.cat\/wp-content\/uploads\/2026\/04\/DESTACADA-WEB-COMT-28-1024x465.png\" class=\"attachment-large size-large wp-post-image\" alt=\"\" srcset=\"https:\/\/comt.cat\/wp-content\/uploads\/2026\/04\/DESTACADA-WEB-COMT-28-1024x465.png 1024w, https:\/\/comt.cat\/wp-content\/uploads\/2026\/04\/DESTACADA-WEB-COMT-28-300x136.png 300w, https:\/\/comt.cat\/wp-content\/uploads\/2026\/04\/DESTACADA-WEB-COMT-28-768x349.png 768w, https:\/\/comt.cat\/wp-content\/uploads\/2026\/04\/DESTACADA-WEB-COMT-28-1536x698.png 1536w, https:\/\/comt.cat\/wp-content\/uploads\/2026\/04\/DESTACADA-WEB-COMT-28-600x273.png 600w, https:\/\/comt.cat\/wp-content\/uploads\/2026\/04\/DESTACADA-WEB-COMT-28.png 1540w\" sizes=\"(max-width: 1020px) 100vw, 1020px\" \/>\t\t\t\t\t\t\t<\/a>\n  \t\t\t\t\t\t\t<div class=\"overlay\" style=\"background-color: rgba(0, 0, 0, 0)\"><\/div>  \t\t\t\t\t\t\t  \t\t\t\t\t\t<\/div>\n  \t\t\t\t\t\t  \t\t\t\t\t<\/div>\n          \t\t\t\t\t<div class=\"box-text show-on-hover hover-bounce text-left is-large\" style=\"background-color:rgb(252, 248, 243);padding:20px 27px 5% 27px;\">\n\t\t\t\t\t<div class=\"box-text-inner blog-post-inner\">\n\n\t\t\t\t\t\n\t\t\t\t\t\t\t\t\t\t<h5 class=\"post-title is-large \">\n\t\t\t\t\t\t<a href=\"https:\/\/comt.cat\/es\/el-comt-presenta-sus-enmiendas-a-la-reforma-de-la-lops\/\" class=\"plain\">El COMT presenta sus enmiendas a la reforma de la LOPS<\/a>\n\t\t\t\t\t<\/h5>\n\t\t\t\t\t<div class=\"post-meta is-small op-8\">abril 23, 2026<\/div>\t\t\t\t\t<div class=\"is-divider\"><\/div>\n\t\t\t\t\t                    \n\t\t\t\t\t\n\t\t\t\t\t\n\t\t\t\t\t<\/div>\n\t\t\t\t\t<\/div>\n\t\t\t\t\t\t\t\t\t<\/div>\n\t\t\t<\/div>\n\t\t<\/div><\/div>\n\n\t<div id=\"gap-1244201180\" class=\"gap-element clearfix\" style=\"display:block; height:auto;\">\n\t\t\n<style>\n#gap-1244201180 {\n  padding-top: 10px;\n}\n<\/style>\n\t<\/div>\n\t\n\n\n\t\t<\/div>\n\t\t\t\t\n<style>\n#col-1609260738 > .col-inner {\n  padding: 12px 10px 0px 10px;\n  margin: 0px 0px -46px 0px;\n}\n<\/style>\n\t<\/div>\n\n\t\n\n<\/div>\n\n\t\t<\/div>\n\t\t\t\t\n<style>\n#col-744872756 > .col-inner {\n  margin: 0px 0px -35px 0px;\n}\n<\/style>\n\t<\/div>\n\n\t\n\n\t<div id=\"col-1184162876\" class=\"col medium-4 small-12 large-4\"  >\n\t\t\t\t<div class=\"col-inner\" style=\"background-color:rgb(247, 247, 247);\" >\n\t\t\t\n\t\t\t\n\n<div class=\"container section-title-container\" style=\"margin-bottom:2px;\"><h3 class=\"section-title section-title-normal\"><b aria-hidden=\"true\"><\/b><span class=\"section-title-main\" style=\"font-size:63%;\">Calendario de eventos<\/span><b aria-hidden=\"true\"><\/b><\/h3><\/div>\n\n\n\n<iframe src=\"https:\/\/comt.cat\/calendar\/\" style=\"width:100%;height:360px;border:0 none\"><\/iframe>\n\n\t<div id=\"gap-1882447124\" class=\"gap-element clearfix\" style=\"display:block; height:auto;\">\n\t\t\n<style>\n#gap-1882447124 {\n  padding-top: 30px;\n}\n<\/style>\n\t<\/div>\n\t\n\n\n\t\t<\/div>\n\t\t\t\t\n<style>\n#col-1184162876 > .col-inner {\n  padding: 28px 10px 1px 10px;\n  margin: 30px 0px 0px 0px;\n}\n<\/style>\n\t<\/div>\n\n\t\n\n<\/div>\n<div class=\"row\"  id=\"row-1403315018\">\n\n\n\t<div id=\"col-1138099922\" class=\"col small-12 large-12\"  >\n\t\t\t\t<div class=\"col-inner\"  >\n\t\t\t\n\t\t\t\n\n\t<div id=\"gap-658189439\" class=\"gap-element clearfix\" style=\"display:block; height:auto;\">\n\t\t\n<style>\n#gap-658189439 {\n  padding-top: 40px;\n}\n<\/style>\n\t<\/div>\n\t\n\n\t<div class=\"img has-hover x md-x lg-x y md-y lg-y\" id=\"image_2112185964\">\n\t\t<a class=\"\" href=\"https:\/\/comt.cat\/directori-medicina-privada-comt\/?zone=&#038;spec=&#038;subspec=&#038;text=\" >\t\t\t\t\t\t<div class=\"img-inner dark\" >\n\t\t\t<img loading=\"lazy\" decoding=\"async\" width=\"1020\" height=\"155\" src=\"https:\/\/comt.cat\/wp-content\/uploads\/2025\/10\/BANNER-CERCADOC.gif\" class=\"attachment-large size-large\" alt=\"\" \/>\t\t\t\t\t\t\n\t\t\t\t\t<\/div>\n\t\t\t\t\t\t<\/a>\t\t\n<style>\n#image_2112185964 {\n  width: 100%;\n}\n<\/style>\n\t<\/div>\n\t\n\n\n\t\t<\/div>\n\t\t\t\t\t<\/div>\n\n\t\n\n<\/div>\n<div class=\"row row-small\"  id=\"row-702894539\">\n\n\n\t<div id=\"col-1420182643\" class=\"col medium-4 small-12 large-4\"  >\n\t\t\t\t<div class=\"col-inner\"  >\n\t\t\t\n\t\t\t\n\n\n  <div class=\"banner has-hover\" id=\"banner-1911057710\">\n          <div class=\"banner-inner fill\">\n        <div class=\"banner-bg fill\" >\n            <img loading=\"lazy\" decoding=\"async\" width=\"720\" height=\"202\" src=\"https:\/\/comt.cat\/wp-content\/uploads\/2022\/02\/buscador.jpg\" class=\"bg attachment-large size-large\" alt=\"\" \/>                        <div class=\"overlay\"><\/div>            \n                    <\/div>\n\t\t\n        <div class=\"banner-layers container\">\n            <div class=\"fill banner-link\"><\/div>            \n\n   <div id=\"text-box-1570109368\" class=\"text-box banner-layer x50 md-x50 lg-x50 y50 md-y50 lg-y50 res-text\">\n                                <div class=\"text-box-content text dark\">\n              \n              <div class=\"text-inner text-left\">\n                  \n\n\t<div id=\"text-2841904973\" class=\"text\">\n\t\t\n\n<h3 class=\"uppercase\" style=\"text-align: center;\" data-line-height=\"xs\"><strong>CITA PREVIA<br>\n<\/strong><\/h3>\n<p style=\"text-align: center;\" data-line-height=\"xs\">Pide cita para evitar esperas\n<\/p>\n\t\t\n<style>\n#text-2841904973 {\n  font-size: 0.85rem;\n}\n<\/style>\n\t<\/div>\n\t\n\n              <\/div>\n           <\/div>\n                            \n<style>\n#text-box-1570109368 {\n  width: 77%;\n}\n#text-box-1570109368 .text-box-content {\n  font-size: 124%;\n}\n@media (min-width:550px) {\n  #text-box-1570109368 {\n    width: 92%;\n  }\n}\n<\/style>\n    <\/div>\n \n\n        <\/div>\n      <\/div>\n\n            \n<style>\n#banner-1911057710 {\n  padding-top: 50%;\n}\n#banner-1911057710 .overlay {\n  background-color: rgba(0, 0, 0, 0.448);\n}\n<\/style>\n  <\/div>\n\n\n<div class=\"row row-collapse\"  id=\"row-350314515\">\n\n\n\t<div id=\"col-772101290\" class=\"col medium-6 small-12 large-6\"  >\n\t\t\t\t<div class=\"col-inner\"  >\n\t\t\t\n\t\t\t\n\n<a href=\"https:\/\/wa.me\/34680815258?\" class=\"button success expand\" style=\"padding:0px 5 0px 5px;\">\n\t<i class=\"icon-user\" aria-hidden=\"true\"><\/i>\t<span>680 815 258<\/span>\n\t<\/a>\n\n\n\n\t\t<\/div>\n\t\t\t\t\t<\/div>\n\n\t\n\n\t<div id=\"col-737152639\" class=\"col medium-6 small-12 large-6\"  >\n\t\t\t\t<div class=\"col-inner\"  >\n\t\t\t\n\t\t\t\n\n<a href=\"tel:977232012\" class=\"button secondary expand\" style=\"padding:0px 4px 0px 5px;\">\n\t<i class=\"icon-phone\" aria-hidden=\"true\"><\/i>\t<span>977 232 012<\/span>\n\t<\/a>\n\n\n\n\t\t<\/div>\n\t\t\t\t\t<\/div>\n\n\t\n\n<\/div>\n\n\t\t<\/div>\n\t\t\t\t\t<\/div>\n\n\t\n\n\t<div id=\"col-1899064055\" class=\"col medium-4 small-12 large-4\"  >\n\t\t\t\t<div class=\"col-inner\"  >\n\t\t\t\n\t\t\t\n\n\n  <div class=\"banner has-hover\" id=\"banner-1200007796\">\n          <div class=\"banner-inner fill\">\n        <div class=\"banner-bg fill\" >\n            <img loading=\"lazy\" decoding=\"async\" width=\"932\" height=\"544\" src=\"https:\/\/comt.cat\/wp-content\/uploads\/2022\/05\/Comunicat_CM.jpg\" class=\"bg attachment-large size-large\" alt=\"\" \/>                        <div class=\"overlay\"><\/div>            \n                    <\/div>\n\t\t\n        <div class=\"banner-layers container\">\n            <div class=\"fill banner-link\"><\/div>            \n\n   <div id=\"text-box-446021999\" class=\"text-box banner-layer x50 md-x50 lg-x50 y50 md-y50 lg-y50 res-text\">\n                                <div class=\"text-box-content text dark\">\n              \n              <div class=\"text-inner text-center\">\n                  \n\n\t<div id=\"text-3887745638\" class=\"text\">\n\t\t\n\n<h3 class=\"uppercase\" data-line-height=\"s\"><a href=\"https:\/\/comt.cat\/es\/alta-collegiacio\/\"><span style=\"font-size: 90%;\"><b>COLEGIACI\u00d3N MIR<\/b><\/span><\/a><\/h3>\n\t\t\n<style>\n#text-3887745638 {\n  font-size: 0.85rem;\n  text-align: center;\n}\n<\/style>\n\t<\/div>\n\t\n\n              <\/div>\n           <\/div>\n                            \n<style>\n#text-box-446021999 {\n  width: 70%;\n}\n#text-box-446021999 .text-box-content {\n  font-size: 124%;\n}\n@media (min-width:550px) {\n  #text-box-446021999 {\n    width: 100%;\n  }\n}\n<\/style>\n    <\/div>\n \n\n        <\/div>\n      <\/div>\n\n            \n<style>\n#banner-1200007796 {\n  padding-top: 50%;\n}\n#banner-1200007796 .overlay {\n  background-color: rgba(0, 0, 0, 0.448);\n}\n#banner-1200007796 .banner-bg img {\n  object-position: 1% 11%;\n}\n<\/style>\n  <\/div>\n\n\n<a href=\"https:\/\/comt.cat\/es\/alta-collegiacio\/\" class=\"button success expand\" >\n\t\t<span>M\u00e1s informaci\u00f3n<\/span>\n\t<\/a>\n\n\n\n\t\t<\/div>\n\t\t\t\t\t<\/div>\n\n\t\n\n\t<div id=\"col-150606783\" class=\"col medium-4 small-12 large-4\"  >\n\t\t\t\t<div class=\"col-inner\"  >\n\t\t\t\n\t\t\t\n\n\n  <div class=\"banner has-hover\" id=\"banner-1240884484\">\n          <div class=\"banner-inner fill\">\n        <div class=\"banner-bg fill\" >\n            <img loading=\"lazy\" decoding=\"async\" width=\"720\" height=\"202\" src=\"https:\/\/comt.cat\/wp-content\/uploads\/2022\/02\/agrssions2.jpg\" class=\"bg attachment-large size-large\" alt=\"\" \/>                        <div class=\"overlay\"><\/div>            \n                    <\/div>\n\t\t\n        <div class=\"banner-layers container\">\n            <div class=\"fill banner-link\"><\/div>            \n\n   <div id=\"text-box-1337170017\" class=\"text-box banner-layer x50 md-x50 lg-x50 y50 md-y50 lg-y50 res-text\">\n                                <div class=\"text-box-content text dark\">\n              \n              <div class=\"text-inner text-left\">\n                  \n\n\t<div id=\"text-2482561823\" class=\"text\">\n\t\t\n\n<p style=\"text-align: center;\" data-line-height=\"xs\">\u00bfHas sido v\u00edctima de una agresi\u00f3n?<\/p>\n<h3 class=\"uppercase\" style=\"text-align: center;\" data-line-height=\"xs\"><strong>\u00a1Den\u00fancialo!<\/strong><\/h3>\n\t\t\n<style>\n#text-2482561823 {\n  font-size: 0.85rem;\n}\n<\/style>\n\t<\/div>\n\t\n\n              <\/div>\n           <\/div>\n                            \n<style>\n#text-box-1337170017 {\n  width: 77%;\n}\n#text-box-1337170017 .text-box-content {\n  font-size: 124%;\n}\n@media (min-width:550px) {\n  #text-box-1337170017 {\n    width: 100%;\n  }\n}\n<\/style>\n    <\/div>\n \n\n        <\/div>\n      <\/div>\n\n            \n<style>\n#banner-1240884484 {\n  padding-top: 50%;\n}\n#banner-1240884484 .overlay {\n  background-color: rgba(0, 0, 0, 0.448);\n}\n#banner-1240884484 .banner-bg img {\n  object-position: 0% 0%;\n}\n<\/style>\n  <\/div>\n\n\n<a href=\"https:\/\/comt.cat\/es\/agresiones\/\" class=\"button success expand\" >\n\t\t<span>Denunciar una agresi\u00f3n<\/span>\n\t<\/a>\n\n\n\n\t\t<\/div>\n\t\t\t\t\t<\/div>\n\n\t\n\n\t<div id=\"col-445785133\" class=\"col medium-4 small-12 large-4\"  >\n\t\t\t\t<div class=\"col-inner\"  >\n\t\t\t\n\t\t\t\n\n\n  <div class=\"banner has-hover\" id=\"banner-860588951\">\n          <div class=\"banner-inner fill\">\n        <div class=\"banner-bg fill\" >\n            <img loading=\"lazy\" decoding=\"async\" width=\"1020\" height=\"921\" src=\"https:\/\/comt.cat\/wp-content\/uploads\/2022\/06\/LOGO-FUNDACIO-ANTONIUS-MUSA-CORAZON-FONDO-BLANCO-1024x925.jpg\" class=\"bg attachment-large size-large\" alt=\"\" \/>                        <div class=\"overlay\"><\/div>            \n                    <\/div>\n\t\t\n        <div class=\"banner-layers container\">\n            <div class=\"fill banner-link\"><\/div>            \n\n   <div id=\"text-box-1062540563\" class=\"text-box banner-layer x50 md-x50 lg-x50 y50 md-y50 lg-y50 res-text\">\n                                <div class=\"text-box-content text dark\">\n              \n              <div class=\"text-inner text-center\">\n                  \n\n\t<div id=\"text-2638940209\" class=\"text\">\n\t\t\n\n<h4 class=\"uppercase\" style=\"text-align: center;\" data-line-height=\"s\"><strong>FUNDACI\u00d3n ANTONIUS MUSA<\/strong><\/h3>\n\t\t\n<style>\n#text-2638940209 {\n  font-size: 0.85rem;\n}\n<\/style>\n\t<\/div>\n\t\n\n              <\/div>\n           <\/div>\n                            \n<style>\n#text-box-1062540563 {\n  width: 70%;\n}\n#text-box-1062540563 .text-box-content {\n  font-size: 124%;\n}\n@media (min-width:550px) {\n  #text-box-1062540563 {\n    width: 91%;\n  }\n}\n<\/style>\n    <\/div>\n \n\n        <\/div>\n      <\/div>\n\n            \n<style>\n#banner-860588951 {\n  padding-top: 50%;\n}\n#banner-860588951 .overlay {\n  background-color: rgba(0, 0, 0, 0.448);\n}\n<\/style>\n  <\/div>\n\n\n<a href=\"https:\/\/fundacioantoniusmusa.com\/\" class=\"button success expand\" >\n\t\t<span>M\u00e1s info<\/span>\n\t<\/a>\n\n\n\n\t\t<\/div>\n\t\t\t\t\t<\/div>\n\n\t\n\n\t<div id=\"col-1314031518\" class=\"col medium-4 small-12 large-4\"  >\n\t\t\t\t<div class=\"col-inner\"  >\n\t\t\t\n\t\t\t\n\n\n  <div class=\"banner has-hover\" id=\"banner-1655748312\">\n          <div class=\"banner-inner fill\">\n        <div class=\"banner-bg fill\" >\n            <img loading=\"lazy\" decoding=\"async\" width=\"1020\" height=\"463\" src=\"https:\/\/comt.cat\/wp-content\/uploads\/2022\/06\/Anuari_news-1024x465.jpg\" class=\"bg attachment-large size-large\" alt=\"\" \/>                        <div class=\"overlay\"><\/div>            \n                    <\/div>\n\t\t\n        <div class=\"banner-layers container\">\n            <div class=\"fill banner-link\"><\/div>            \n\n   <div id=\"text-box-1737544662\" class=\"text-box banner-layer x50 md-x50 lg-x50 y65 md-y65 lg-y65 res-text\">\n                                <div class=\"text-box-content text dark\">\n              \n              <div class=\"text-inner text-center\">\n                  \n\n\t<div id=\"text-2229951107\" class=\"text\">\n\t\t\n\n<h4 class=\"uppercase\" style=\"text-align: center;\" data-line-height=\"s\"><strong>Anuarios<\/strong><\/h3>\n\t\t\n<style>\n#text-2229951107 {\n  font-size: 0.85rem;\n}\n<\/style>\n\t<\/div>\n\t\n\n              <\/div>\n           <\/div>\n                            \n<style>\n#text-box-1737544662 {\n  width: 70%;\n}\n#text-box-1737544662 .text-box-content {\n  font-size: 124%;\n}\n@media (min-width:550px) {\n  #text-box-1737544662 {\n    width: 91%;\n  }\n}\n<\/style>\n    <\/div>\n \n\n        <\/div>\n      <\/div>\n\n            \n<style>\n#banner-1655748312 {\n  padding-top: 50%;\n}\n#banner-1655748312 .overlay {\n  background-color: rgba(0, 0, 0, 0.448);\n}\n<\/style>\n  <\/div>\n\n\n<a href=\"https:\/\/comt.cat\/es\/memorias-anuales\/\" class=\"button success expand\" >\n\t\t<span>M\u00e1s info<\/span>\n\t<\/a>\n\n\n\n\t\t<\/div>\n\t\t\t\t\t<\/div>\n\n\t\n\n\t<div id=\"col-563977526\" class=\"col medium-4 small-12 large-4\"  >\n\t\t\t\t<div class=\"col-inner\"  >\n\t\t\t\n\t\t\t\n\n\n  <div class=\"banner has-hover\" id=\"banner-1051134211\">\n          <div class=\"banner-inner fill\">\n        <div class=\"banner-bg fill\" >\n            <img loading=\"lazy\" decoding=\"async\" width=\"1020\" height=\"680\" src=\"https:\/\/comt.cat\/wp-content\/uploads\/2025\/01\/luto-1024x683.webp\" class=\"bg attachment-large size-large\" alt=\"\" \/>                        <div class=\"overlay\"><\/div>            \n                    <\/div>\n\t\t\n        <div class=\"banner-layers container\">\n            <a class=\"fill\" href=\"https:\/\/comt.cat\/obituari\/\"><div class=\"fill banner-link\"><\/div><\/a>            \n\n   <div id=\"text-box-1875237212\" class=\"text-box banner-layer x50 md-x50 lg-x50 y50 md-y50 lg-y50 res-text\">\n                                <div class=\"text-box-content text dark\">\n              \n              <div class=\"text-inner text-center\">\n                  \n\n\t<div id=\"text-1031407354\" class=\"text\">\n\t\t\n\n<h4 class=\"uppercase\" style=\"text-align: center;\" data-line-height=\"s\"><strong>OBITUARI<\/strong><\/h3>\n\t\t\n<style>\n#text-1031407354 {\n  font-size: 0.85rem;\n}\n<\/style>\n\t<\/div>\n\t\n\n              <\/div>\n           <\/div>\n                            \n<style>\n#text-box-1875237212 {\n  width: 70%;\n}\n#text-box-1875237212 .text-box-content {\n  font-size: 124%;\n}\n@media (min-width:550px) {\n  #text-box-1875237212 {\n    width: 91%;\n  }\n}\n<\/style>\n    <\/div>\n \n\n        <\/div>\n      <\/div>\n\n            \n<style>\n#banner-1051134211 {\n  padding-top: 50%;\n}\n#banner-1051134211 .overlay {\n  background-color: rgba(0, 0, 0, 0.448);\n}\n<\/style>\n  <\/div>\n\n\n<a href=\"https:\/\/comt.cat\/es\/obituari\/\" class=\"button primary expand\" >\n\t\t<span>Visitar<\/span>\n\t<\/a>\n\n\n\n\t\t<\/div>\n\t\t\t\t\t<\/div>\n\n\t\n\n<\/div>\n<div class=\"row\"  id=\"row-926214934\">\n\n\n\t<div id=\"col-1442233995\" class=\"col medium-3 small-12 large-3\"  >\n\t\t\t\t<div class=\"col-inner\"  >\n\t\t\t\n\t\t\t\n\n\n  <div class=\"banner has-hover\" id=\"banner-375590897\">\n          <div class=\"banner-inner fill\">\n        <div class=\"banner-bg fill\" >\n            <img loading=\"lazy\" decoding=\"async\" width=\"1000\" height=\"667\" src=\"https:\/\/comt.cat\/wp-content\/uploads\/2021\/08\/portrait-of-doctor-min.jpg\" class=\"bg attachment-large size-large\" alt=\"\" \/>                        <div class=\"overlay\"><\/div>            \n                    <\/div>\n\t\t\n        <div class=\"banner-layers container\">\n            <a class=\"fill\" href=\"https:\/\/club.comt.cat\/\"><div class=\"fill banner-link\"><\/div><\/a>            \n\n   <div id=\"text-box-833274080\" class=\"text-box banner-layer x5 md-x5 lg-x5 y10 md-y10 lg-y10 res-text\">\n                                <div class=\"text-box-content text dark\">\n              \n              <div class=\"text-inner text-left\">\n                  \n\n<h3 class=\"\"><strong>Por ser del COMT, eres miembro del Club COMT<\/strong><\/h3>\n\n              <\/div>\n           <\/div>\n                            \n<style>\n#text-box-833274080 {\n  width: 59%;\n}\n#text-box-833274080 .text-box-content {\n  font-size: 136%;\n}\n<\/style>\n    <\/div>\n \n\t<div class=\"img has-hover x5 md-x50 lg-x50 y80 md-y75 lg-y75\" id=\"image_843242354\">\n\t\t<a class=\"\" href=\"https:\/\/club.comt.cat\/\" >\t\t\t\t\t\t<div class=\"img-inner dark\" >\n\t\t\t<img loading=\"lazy\" decoding=\"async\" width=\"1\" height=\"1\" src=\"https:\/\/comt.cat\/wp-content\/uploads\/2021\/10\/CLUB.svg\" class=\"attachment-large size-large\" alt=\"\" \/>\t\t\t\t\t\t\n\t\t\t\t\t<\/div>\n\t\t\t\t\t\t<\/a>\t\t\n<style>\n#image_843242354 {\n  width: 82%;\n}\n<\/style>\n\t<\/div>\n\t\n\n\n        <\/div>\n      <\/div>\n\n            \n<style>\n#banner-375590897 {\n  padding-top: 259px;\n}\n#banner-375590897 .overlay {\n  background-color: rgba(0, 0, 0, 0.448);\n}\n<\/style>\n  <\/div>\n\n\n\n\t\t<\/div>\n\t\t\t\t\t<\/div>\n\n\t\n\n\t<div id=\"col-116282769\" class=\"col medium-9 small-12 large-9\"  >\n\t\t\t\t<div class=\"col-inner\"  >\n\t\t\t\n\t\t\t\n\n<div class=\"message-box relative dark\" style=\"padding-top:15px;padding-bottom:15px;\"><div class=\"message-box-bg-image bg-fill fill\" ><\/div><div class=\"message-box-bg-overlay bg-fill fill\" style=\"background-color:rgb(247, 247, 247);\"><\/div><div class=\"container relative\"><div class=\"inner last-reset\">\n\n<div class=\"row align-middle align-center\"  id=\"row-585204526\">\n\n\n\t<div id=\"col-572201581\" class=\"col small-12 large-12\"  >\n\t\t\t\t<div class=\"col-inner\"  >\n\t\t\t\n\t\t\t\n\n<h3 style=\"text-align: center;\"><span data-text-color=\"secondary\">Descubre los descuentos y ventajas de formar parte del CLUB COMT<\/span><\/h3>\n\n\t\t<\/div>\n\t\t\t\t\t<\/div>\n\n\t\n\n<\/div>\n\n<\/div><\/div><\/div>\n\t<div id=\"gap-2104870758\" class=\"gap-element clearfix\" style=\"display:block; height:auto;\">\n\t\t\n<style>\n#gap-2104870758 {\n  padding-top: 25px;\n}\n<\/style>\n\t<\/div>\n\t\n\n<div class=\"row\"  id=\"row-1980575171\">\n\n\n\t<div id=\"col-35654906\" class=\"col small-12 large-12\"  >\n\t\t\t\t<div class=\"col-inner\"  >\n\t\t\t\n\t\t\t\n\n\t<div class=\"img has-hover hidden x md-x lg-x y md-y lg-y\" id=\"image_1820652185\">\n\t\t<a class=\"\" href=\"https:\/\/club.comt.cat\/login-input.action\" >\t\t\t\t\t\t<div class=\"img-inner dark\" >\n\t\t\t<img loading=\"lazy\" decoding=\"async\" width=\"783\" height=\"170\" src=\"https:\/\/comt.cat\/wp-content\/uploads\/2021\/10\/banner-web-3.png\" class=\"attachment-large size-large\" alt=\"\" srcset=\"https:\/\/comt.cat\/wp-content\/uploads\/2021\/10\/banner-web-3.png 783w, https:\/\/comt.cat\/wp-content\/uploads\/2021\/10\/banner-web-3-300x65.png 300w, https:\/\/comt.cat\/wp-content\/uploads\/2021\/10\/banner-web-3-768x167.png 768w\" sizes=\"(max-width: 783px) 100vw, 783px\" \/>\t\t\t\t\t\t\n\t\t\t\t\t<\/div>\n\t\t\t\t\t\t<\/a>\t\t\n<style>\n#image_1820652185 {\n  width: 100%;\n}\n<\/style>\n\t<\/div>\n\t\n\n\n\n<iframe src=\"https:\/\/www.colectivosvip.com\/banners\/banner.action?bannerId=165\" style=\"width: 100%;border:0;height:200px\"><\/iframe>\n\n\n\t\t<\/div>\n\t\t\t\t\t<\/div>\n\n\t\n\n<\/div>\n\n\t\t<\/div>\n\t\t\t\t\t<\/div>\n\n\t\n\n<\/div>\n<div class=\"row\"  id=\"row-636791404\">\n\n\n\t<div id=\"col-1706617441\" class=\"col medium-3 small-12 large-3\"  >\n\t\t\t\t<div class=\"col-inner\"  >\n\t\t\t\n\t\t\t\n\n\n  <div class=\"banner has-hover\" id=\"banner-1145323511\">\n          <div class=\"banner-inner fill\">\n        <div class=\"banner-bg fill\" >\n            <img loading=\"lazy\" decoding=\"async\" width=\"1000\" height=\"667\" src=\"https:\/\/comt.cat\/wp-content\/uploads\/2023\/01\/necesito.webp\" class=\"bg attachment-large size-large\" alt=\"\" \/>                        <div class=\"overlay\"><\/div>            \n                    <\/div>\n\t\t\n        <div class=\"banner-layers container\">\n            <a class=\"fill\" href=\"http:\/\/www.donarsang.gencat.cat\"><div class=\"fill banner-link\"><\/div><\/a>            \n\n   <div id=\"text-box-1215970325\" class=\"text-box banner-layer x50 md-x50 lg-x50 y75 md-y75 lg-y75 res-text\">\n                                <div class=\"text-box-content text dark\">\n              \n              <div class=\"text-inner text-left\">\n                  \n\n\t<div id=\"text-1684066503\" class=\"text\">\n\t\t\n\n<h3 class=\"uppercase\" data-line-height=\"s\"><span style=\"font-size: 90%;\"><strong>Tabl\u00f3n de anuncios<\/strong><\/span><\/h3>\n\t\t\n<style>\n#text-1684066503 {\n  font-size: 0.85rem;\n  text-align: center;\n}\n<\/style>\n\t<\/div>\n\t\n\n              <\/div>\n           <\/div>\n                            \n<style>\n#text-box-1215970325 {\n  width: 70%;\n}\n#text-box-1215970325 .text-box-content {\n  font-size: 162%;\n}\n@media (min-width:550px) {\n  #text-box-1215970325 {\n    width: 81%;\n  }\n}\n<\/style>\n    <\/div>\n \n\n        <\/div>\n      <\/div>\n\n            \n<style>\n#banner-1145323511 {\n  padding-top: 151px;\n}\n#banner-1145323511 .overlay {\n  background-color: rgba(0, 0, 0, 0.448);\n}\n<\/style>\n  <\/div>\n\n\n<a href=\"https:\/\/comt.cat\/es\/tablon-de-anuncios\/\" class=\"button success expand\" >\n\t\t<span>Ver m\u00e1s<\/span>\n\t<\/a>\n\n\n\n\t\t<\/div>\n\t\t\t\t\t<\/div>\n\n\t\n\n\t<div id=\"col-1798327904\" class=\"col medium-3 small-12 large-3\"  >\n\t\t\t\t<div class=\"col-inner\"  >\n\t\t\t\n\t\t\t\n\n\n  <div class=\"banner has-hover\" id=\"banner-696109497\">\n          <div class=\"banner-inner fill\">\n        <div class=\"banner-bg fill\" >\n            <img loading=\"lazy\" decoding=\"async\" width=\"800\" height=\"800\" src=\"https:\/\/comt.cat\/wp-content\/uploads\/2023\/11\/Banner_Lasalutsentrena.png\" class=\"bg attachment-large size-large\" alt=\"\" \/>                        <div class=\"overlay\"><\/div>            \n                    <\/div>\n\t\t\n        <div class=\"banner-layers container\">\n            <div class=\"fill banner-link\"><\/div>            \n\n   <div id=\"text-box-37148570\" class=\"text-box banner-layer x50 md-x50 lg-x50 y75 md-y75 lg-y75 res-text\">\n                                <div class=\"text-box-content text dark\">\n              \n              <div class=\"text-inner text-left\">\n                  \n\n\t<div id=\"text-3173349404\" class=\"text\">\n\t\t\n\n<h3 class=\"uppercase\" data-line-height=\"s\"><a href=\"https:\/\/www.lasalutsentrena.cat\/directorio\/?lang=es\"><span style=\"font-size: 90%;\"><strong>prescribe deporte<\/strong><\/span><\/a><\/h3>\n\t\t\n<style>\n#text-3173349404 {\n  font-size: 0.85rem;\n  text-align: center;\n}\n<\/style>\n\t<\/div>\n\t\n\n              <\/div>\n           <\/div>\n                            \n<style>\n#text-box-37148570 {\n  width: 70%;\n}\n#text-box-37148570 .text-box-content {\n  font-size: 162%;\n}\n@media (min-width:550px) {\n  #text-box-37148570 {\n    width: 81%;\n  }\n}\n<\/style>\n    <\/div>\n \n\n        <\/div>\n      <\/div>\n\n            \n<style>\n#banner-696109497 {\n  padding-top: 151px;\n}\n#banner-696109497 .overlay {\n  background-color: rgba(0, 0, 0, 0.448);\n}\n<\/style>\n  <\/div>\n\n\n<a href=\"https:\/\/www.lasalutsentrena.cat\/directorio\/?lang=es\" class=\"button success expand\" >\n\t\t<span>M\u00e1s informaci\u00f3n<\/span>\n\t<\/a>\n\n\n\n\t\t<\/div>\n\t\t\t\t\t<\/div>\n\n\t\n\n\t<div id=\"col-1020633576\" class=\"col medium-3 small-12 large-3\"  >\n\t\t\t\t<div class=\"col-inner\"  >\n\t\t\t\n\t\t\t\n\n\n  <div class=\"banner has-hover\" id=\"banner-619496701\">\n          <div class=\"banner-inner fill\">\n        <div class=\"banner-bg fill\" >\n            <img loading=\"lazy\" decoding=\"async\" width=\"1020\" height=\"463\" src=\"https:\/\/comt.cat\/wp-content\/uploads\/2022\/04\/Itinere-Noticia-1024x465.jpg\" class=\"bg attachment-large size-large\" alt=\"\" \/>                        <div class=\"overlay\"><\/div>            \n                    <\/div>\n\t\t\n        <div class=\"banner-layers container\">\n            <div class=\"fill banner-link\"><\/div>            \n\n   <div id=\"text-box-1494937099\" class=\"text-box banner-layer x50 md-x50 lg-x50 y75 md-y75 lg-y75 res-text\">\n                                <div class=\"text-box-content text dark\">\n              \n              <div class=\"text-inner text-left\">\n                  \n\n\t<div id=\"text-3218952643\" class=\"text\">\n\t\t\n\n<h3 class=\"uppercase\" data-line-height=\"s\"><span style=\"font-size: 90%;\"><strong>programa de ocio del comt<\/strong><\/span><\/h3>\n\t\t\n<style>\n#text-3218952643 {\n  font-size: 0.85rem;\n  text-align: center;\n}\n<\/style>\n\t<\/div>\n\t\n\n              <\/div>\n           <\/div>\n                            \n<style>\n#text-box-1494937099 {\n  width: 70%;\n}\n#text-box-1494937099 .text-box-content {\n  font-size: 162%;\n}\n@media (min-width:550px) {\n  #text-box-1494937099 {\n    width: 81%;\n  }\n}\n<\/style>\n    <\/div>\n \n\n        <\/div>\n      <\/div>\n\n            \n<style>\n#banner-619496701 {\n  padding-top: 151px;\n}\n#banner-619496701 .overlay {\n  background-color: rgba(0, 0, 0, 0.448);\n}\n<\/style>\n  <\/div>\n\n\n<a href=\"https:\/\/comt.cat\/es\/plan-de-ocio\/\" class=\"button success expand\" >\n\t\t<span>M\u00e1s informaci\u00f3n<\/span>\n\t<\/a>\n\n\n\n\t\t<\/div>\n\t\t\t\t\t<\/div>\n\n\t\n\n\t<div id=\"col-500640619\" class=\"col medium-3 small-12 large-3\"  >\n\t\t\t\t<div class=\"col-inner\"  >\n\t\t\t\n\t\t\t\n\n\n  <div class=\"banner has-hover\" id=\"banner-77092566\">\n          <div class=\"banner-inner fill\">\n        <div class=\"banner-bg fill\" >\n            <img loading=\"lazy\" decoding=\"async\" width=\"1020\" height=\"493\" src=\"https:\/\/comt.cat\/wp-content\/uploads\/2022\/01\/covid-19-coronavirus-disease-healthcare-workers-concept-serious-looking-displeased-asian-doctor-nurse-in-scrubs-stopping-you-show-prohibit-warning-gesture-forbid-patient-1-min-1024x495.jpg\" class=\"bg attachment-large size-large\" alt=\"\" \/>                        <div class=\"overlay\"><\/div>            \n                    <\/div>\n\t\t\n        <div class=\"banner-layers container\">\n            <div class=\"fill banner-link\"><\/div>            \n\n   <div id=\"text-box-1617115219\" class=\"text-box banner-layer x50 md-x50 lg-x50 y80 md-y80 lg-y80 res-text\">\n                                <div class=\"text-box-content text dark\">\n              \n              <div class=\"text-inner text-left\">\n                  \n\n\t<div id=\"text-2110600417\" class=\"text\">\n\t\t\n\n<h3 class=\"uppercase\" data-line-height=\"s\"><span style=\"font-size: 90%;\"><strong>STOP INTRUSISMO<\/strong><\/span><\/h3>\n\t\t\n<style>\n#text-2110600417 {\n  font-size: 0.85rem;\n  text-align: center;\n}\n<\/style>\n\t<\/div>\n\t\n\n              <\/div>\n           <\/div>\n                            \n<style>\n#text-box-1617115219 {\n  width: 70%;\n}\n#text-box-1617115219 .text-box-content {\n  font-size: 162%;\n}\n@media (min-width:550px) {\n  #text-box-1617115219 {\n    width: 81%;\n  }\n}\n<\/style>\n    <\/div>\n \n\n        <\/div>\n      <\/div>\n\n            \n<style>\n#banner-77092566 {\n  padding-top: 151px;\n}\n#banner-77092566 .overlay {\n  background-color: rgba(0, 0, 0, 0.448);\n}\n<\/style>\n  <\/div>\n\n\n<a href=\"https:\/\/comt.cat\/es\/intrusismo\/\" class=\"button success expand\" >\n\t\t<span>Denunciar<\/span>\n\t<\/a>\n\n\n\n\t\t<\/div>\n\t\t\t\t\t<\/div>\n\n\t\n\n<\/div>\n\n\t\t<\/div>\n\n\t\t\n<style>\n#section_1326807947 {\n  padding-top: 30px;\n  padding-bottom: 30px;\n  background-color: rgb(255, 255, 255);\n}\n#section_1326807947 .section-bg-overlay {\n  background-color: rgba(255, 255, 255, 0.62);\n}\n<\/style>\n\t<\/section>\n\t\n\n\t<section class=\"section\" id=\"section_1241175943\">\n\t\t<div class=\"section-bg fill\" >\n\t\t\t\t\t\t\t\t\t\n\t\t\t\n\n\t\t<\/div>\n\n\t\t\n\n\t\t<div class=\"section-content relative\">\n\t\t\t\n\n\t<div id=\"gap-1603477102\" class=\"gap-element clearfix\" style=\"display:block; height:auto;\">\n\t\t\n<style>\n#gap-1603477102 {\n  padding-top: 50px;\n}\n<\/style>\n\t<\/div>\n\t\n\n<div class=\"row row-large\"  id=\"row-287094637\">\n\n\n\t<div id=\"col-1175317192\" class=\"col medium-4 small-12 large-4\"  >\n\t\t\t\t<div class=\"col-inner\"  >\n\t\t\t\n\t\t\t\n\n\t<div id=\"text-3662380924\" class=\"text\">\n\t\t\n\n<h3><span data-text-color=\"secondary\">\u00a1En el COMT trabajamos pensando siempre en ti!<\/span><\/h3>\n\t\t\n<style>\n#text-3662380924 {\n  font-size: 1.5rem;\n  line-height: 1.5;\n}\n<\/style>\n\t<\/div>\n\t\n\n\t\t<\/div>\n\t\t\t\t\t<\/div>\n\n\t\n\n\t<div id=\"col-2138905414\" class=\"col medium-8 small-12 large-8\"  >\n\t\t\t\t<div class=\"col-inner\"  >\n\t\t\t\n\t\t\t\n\n<p><span style=\"font-size: 120%;\">La filosof\u00eda del Colegio Oficial de M\u00e9dicos de Tarragona es clara: estamos aqu\u00ed para ayudarte!<\/span><\/p>\n\n\t\t<\/div>\n\t\t\t\t\n<style>\n#col-2138905414 > .col-inner {\n  padding: 10px 0px 0px 0px;\n}\n<\/style>\n\t<\/div>\n\n\t\n\n<\/div>\n\t<div id=\"gap-1050617663\" class=\"gap-element clearfix\" style=\"display:block; height:auto;\">\n\t\t\n<style>\n#gap-1050617663 {\n  padding-top: 30px;\n}\n<\/style>\n\t<\/div>\n\t\n\n<div class=\"row\"  id=\"row-477957501\">\n\n\n\t<div id=\"col-1841846740\" class=\"col medium-4 small-12 large-4\"  >\n\t\t\t\t<div class=\"col-inner\"  >\n\t\t\t\n\t\t\t\n\n\t<div class=\"box has-hover   has-hover box-default box-text-bottom\" >\n\n\t\t<div class=\"box-image\" >\n\t\t\t<a href=\"https:\/\/comt.cat\/es\/area-privada\/\" >\t\t\t<div class=\"image-glow image-cover\" style=\"padding-top:60%;\">\n\t\t\t\t<img loading=\"lazy\" decoding=\"async\" width=\"500\" height=\"334\" src=\"https:\/\/comt.cat\/wp-content\/uploads\/2021\/09\/login.jpg\" class=\"attachment- size-\" alt=\"\" srcset=\"https:\/\/comt.cat\/wp-content\/uploads\/2021\/09\/login.jpg 500w, https:\/\/comt.cat\/wp-content\/uploads\/2021\/09\/login-300x200.jpg 300w\" sizes=\"(max-width: 500px) 100vw, 500px\" \/>\t\t\t\t<div class=\"overlay\" style=\"background-color:rgba(0, 0, 0, 0)\"><\/div>\t\t\t\t\t\t\t<\/div>\n\t\t\t<\/a>\t\t<\/div>\n\n\t\t<div class=\"box-text text-left\" style=\"padding:15px 0px 0px 0px;\">\n\t\t\t<div class=\"box-text-inner\">\n\t\t\t\t\n\n<h3>Accede al \u00e1rea privada<\/h3>\n\t<div id=\"gap-1282577431\" class=\"gap-element clearfix\" style=\"display:block; height:auto;\">\n\t\t\n<style>\n#gap-1282577431 {\n  padding-top: 10px;\n}\n<\/style>\n\t<\/div>\n\t\n\n<p>Espacio exclusivo para los colegiados del *COMT. Permite el *acc\u00e8s a documentos personales as\u00ed como solicitar documentaci\u00f3n a la Oficina de Atenci\u00f3n al Colegiado.<\/p>\n<a href=\"https:\/\/comt.quimeras.cat\/es\/area-privada\/\" class=\"button primary is-link\" style=\"padding:0 0px 0px 0px;\">\n\t\t<span>Acceder al \u00e1rea privada<\/span>\n\t<i class=\"icon-angle-right\" aria-hidden=\"true\"><\/i><\/a>\n\n\n\n\t\t\t<\/div>\n\t\t<\/div>\n\t<\/div>\n\t\n\n\t\t<\/div>\n\t\t\t\t\t<\/div>\n\n\t\n\n\t<div id=\"col-2050092143\" class=\"col medium-4 small-12 large-4\"  >\n\t\t\t\t<div class=\"col-inner\"  >\n\t\t\t\n\t\t\t\n\n\t<div class=\"box has-hover   has-hover box-default box-text-bottom\" >\n\n\t\t<div class=\"box-image\" >\n\t\t\t<a href=\"https:\/\/comt.cat\/es\/registre-metges\/\" >\t\t\t<div class=\"image-glow image-cover\" style=\"padding-top:60%;\">\n\t\t\t\t<img loading=\"lazy\" decoding=\"async\" width=\"500\" height=\"334\" src=\"https:\/\/comt.cat\/wp-content\/uploads\/2021\/09\/directori.jpg\" class=\"attachment- size-\" alt=\"\" srcset=\"https:\/\/comt.cat\/wp-content\/uploads\/2021\/09\/directori.jpg 500w, https:\/\/comt.cat\/wp-content\/uploads\/2021\/09\/directori-300x200.jpg 300w\" sizes=\"(max-width: 500px) 100vw, 500px\" \/>\t\t\t\t<div class=\"overlay\" style=\"background-color:rgba(0, 0, 0, 0)\"><\/div>\t\t\t\t\t\t\t<\/div>\n\t\t\t<\/a>\t\t<\/div>\n\n\t\t<div class=\"box-text text-left\" style=\"padding:15px 0px 0px 0px;\">\n\t\t\t<div class=\"box-text-inner\">\n\t\t\t\t\n\n<h3>Directorio colegial<\/h3>\n\t<div id=\"gap-1500049187\" class=\"gap-element clearfix\" style=\"display:block; height:auto;\">\n\t\t\n<style>\n#gap-1500049187 {\n  padding-top: 10px;\n}\n<\/style>\n\t<\/div>\n\t\n\n<p>Informaci\u00f3n actualizada, y de car\u00e1cter p\u00fablico. sobre todos los m\u00e9dicos y m\u00e9dicas colegiadas en el COMT.<\/p>\n<a href=\"https:\/\/comt.quimeras.cat\/es\/registre-metges\/\" class=\"button primary is-link\" style=\"padding:0 0px 0px 0px;\">\n\t\t<span>Acceder al directorio<\/span>\n\t<i class=\"icon-angle-right\" aria-hidden=\"true\"><\/i><\/a>\n\n\n\n\t\t\t<\/div>\n\t\t<\/div>\n\t<\/div>\n\t\n\n\t\t<\/div>\n\t\t\t\t\t<\/div>\n\n\t\n\n\t<div id=\"col-883799221\" class=\"col medium-4 small-12 large-4\"  >\n\t\t\t\t<div class=\"col-inner\"  >\n\t\t\t\n\t\t\t\n\n\t<div class=\"box has-hover   has-hover box-default box-text-bottom\" >\n\n\t\t<div class=\"box-image\" >\n\t\t\t<a href=\"https:\/\/comt.cat\/es\/carnet-collegial-certificat-digital\/\" >\t\t\t<div class=\"image-glow image-cover\" style=\"padding-top:60%;\">\n\t\t\t\t<img loading=\"lazy\" decoding=\"async\" width=\"800\" height=\"533\" src=\"https:\/\/comt.cat\/wp-content\/uploads\/2021\/10\/carnet.jpg\" class=\"attachment- size-\" alt=\"\" srcset=\"https:\/\/comt.cat\/wp-content\/uploads\/2021\/10\/carnet.jpg 800w, https:\/\/comt.cat\/wp-content\/uploads\/2021\/10\/carnet-300x200.jpg 300w, https:\/\/comt.cat\/wp-content\/uploads\/2021\/10\/carnet-768x512.jpg 768w\" sizes=\"(max-width: 800px) 100vw, 800px\" \/>\t\t\t\t<div class=\"overlay\" style=\"background-color:rgba(0, 0, 0, 0)\"><\/div>\t\t\t\t\t\t\t<\/div>\n\t\t\t<\/a>\t\t<\/div>\n\n\t\t<div class=\"box-text text-left\" style=\"padding:15px 0px 0px 0px;\">\n\t\t\t<div class=\"box-text-inner\">\n\t\t\t\t\n\n<h3>Carnet colegial<\/h3>\n\t<div id=\"gap-1259882874\" class=\"gap-element clearfix\" style=\"display:block; height:auto;\">\n\t\t\n<style>\n#gap-1259882874 {\n  padding-top: 10px;\n}\n<\/style>\n\t<\/div>\n\t\n\n<p>El carnet colegial acredita tu condici\u00f3n de m\u00e9dico o m\u00e9dica colegiado\/ada en la provincia de Tarragona, e indica tu especialidad, si la tienes registrada.<\/p>\n<a href=\"https:\/\/comt.cat\/es\/carnet-collegial-certificat-digital\/\" class=\"button primary is-link\" style=\"padding:0 0px 0px 0px;\">\n\t\t<span>M\u00e1s informaci\u00f3n<\/span>\n\t<i class=\"icon-angle-right\" aria-hidden=\"true\"><\/i><\/a>\n\n\n\n\t\t\t<\/div>\n\t\t<\/div>\n\t<\/div>\n\t\n\n\t\t<\/div>\n\t\t\t\t\t<\/div>\n\n\t\n\n<\/div>\n\n\t\t<\/div>\n\n\t\t\n<style>\n#section_1241175943 {\n  padding-top: 0px;\n  padding-bottom: 0px;\n  background-color: rgb(252, 248, 243);\n}\n@media (min-width:550px) {\n  #section_1241175943 {\n    padding-top: 50px;\n    padding-bottom: 50px;\n  }\n}\n<\/style>\n\t<\/section>\n\t\n\n\t<section class=\"section\" id=\"section_2019869328\">\n\t\t<div class=\"section-bg fill\" >\n\t\t\t\t\t\t\t\t\t\n\t\t\t\n\n\t\t<\/div>\n\n\t\t\n\n\t\t<div class=\"section-content relative\">\n\t\t\t\n\n\t<div id=\"gap-1427255209\" class=\"gap-element clearfix\" style=\"display:block; height:auto;\">\n\t\t\n<style>\n#gap-1427255209 {\n  padding-top: 30px;\n}\n<\/style>\n\t<\/div>\n\t\n\n<div class=\"row row-large align-middle\"  id=\"row-1892868621\">\n\n\n\t<div id=\"col-812654402\" class=\"col medium-6 small-12 large-6\"  >\n\t\t\t\t<div class=\"col-inner\"  >\n\t\t\t\n\t\t\t\n\n\n  <div class=\"banner has-hover has-parallax\" id=\"banner-1558385973\">\n          <div class=\"banner-inner fill\">\n        <div class=\"banner-bg fill\" data-parallax=\"-7\" data-parallax-container=\".banner\" data-parallax-background>\n            <img loading=\"lazy\" decoding=\"async\" width=\"1020\" height=\"680\" src=\"https:\/\/comt.cat\/wp-content\/uploads\/2022\/05\/Fac\u0327ana-COMT-1024x683.jpg\" class=\"bg attachment-large size-large\" alt=\"\" \/>                                    \n                    <\/div>\n\t\t\n        <div class=\"banner-layers container\">\n            <div class=\"fill banner-link\"><\/div>            \n\n\n        <\/div>\n      <\/div>\n\n            \n<style>\n#banner-1558385973 {\n  padding-top: 99.99%;\n  background-color: rgb(251, 248, 242);\n}\n#banner-1558385973 .banner-bg img {\n  object-position: 27% 49%;\n}\n<\/style>\n  <\/div>\n\n\n\n\t\t<\/div>\n\t\t\t\t\t<\/div>\n\n\t\n\n\t<div id=\"col-1766673354\" class=\"col medium-6 small-12 large-6\"  >\n\t\t\t\t<div class=\"col-inner\"  >\n\t\t\t\n\t\t\t\n\n<div class=\"is-divider divider clearfix\" style=\"background-color:rgb(50, 179, 221);\"><\/div>\n\n<h2>Contacta con el COMT<\/h2>\n<p>El COMT dispone de sedes en Tarragona, Reus y Tortosa. Si necesitas realizar cualquier gesti\u00f3n de forma presencial, p\u00eddenos cita!<\/p>\n<a href=\"https:\/\/comt.quimeras.cat\/contacte\/\" class=\"button success\" >\n\t\t<span>Contacta con nosotros<\/span>\n\t<\/a>\n\n\n\t<div id=\"gap-1769506487\" class=\"gap-element clearfix\" style=\"display:block; height:auto;\">\n\t\t\n<style>\n#gap-1769506487 {\n  padding-top: 19px;\n}\n<\/style>\n\t<\/div>\n\t\n\n<div class=\"row align-middle\"  id=\"row-1096251277\">\n\n\n\t<div id=\"col-1609327249\" class=\"col medium-6 small-12 large-6\"  >\n\t\t\t\t<div class=\"col-inner\"  >\n\t\t\t\n\t\t\t\n\n\n\t\t<div class=\"icon-box featured-box icon-box-left text-left\"  >\n\t\t\t\t\t<div class=\"icon-box-img\" style=\"width: 36px\">\n\t\t\t\t<div class=\"icon\">\n\t\t\t\t\t<div class=\"icon-inner\" style=\"color:rgb(68, 218, 24);\">\n\t\t\t\t\t\t<?xml version=\"1.0\" encoding=\"utf-8\"?>\n<!-- Generator: Adobe Illustrator 25.4.1, SVG Export Plug-In . SVG Version: 6.00 Build 0)  -->\n<svg version=\"1.1\" id=\"Capa_1\" xmlns=\"http:\/\/www.w3.org\/2000\/svg\" xmlns:xlink=\"http:\/\/www.w3.org\/1999\/xlink\" x=\"0px\" y=\"0px\"\n\t viewBox=\"0 0 20 20\" style=\"enable-background:new 0 0 20 20;\" xml:space=\"preserve\">\n<g transform=\"matrix(0.8333333333333334,0,0,0.8333333333333334,0,0)\">\n\t<g>\n\t\t<path d=\"M12,23.8c-2.2,0-4.4-0.6-6.3-1.8l-4,1.3c-0.3,0.1-0.6,0-0.8-0.2c-0.2-0.2-0.3-0.5-0.2-0.8L2,18.6C0.7,16.6,0,14.3,0,11.9\n\t\t\tC0,5.3,5.4,0,12,0c0,0,0,0,0.1,0C18.6,0,24,5.3,24,11.9c0,2.3-0.7,4.6-2,6.5c-1.8,2.7-4.5,4.5-7.6,5.2\n\t\t\tC13.6,23.7,12.8,23.8,12,23.8z M5.8,20.5c0.1,0,0.3,0,0.4,0.1c2.3,1.5,5.2,2.1,7.9,1.5c2.7-0.6,5.1-2.2,6.7-4.5\n\t\t\tc1.1-1.7,1.7-3.7,1.7-5.7c0-5.7-4.7-10.4-10.5-10.4c0,0,0,0,0,0c0,0,0,0,0,0C6.2,1.5,1.5,6.2,1.5,11.9c0,2.2,0.7,4.3,2,6.1\n\t\t\tc0.1,0.2,0.2,0.5,0.1,0.7l-0.9,2.7l2.9-0.9C5.6,20.5,5.7,20.5,5.8,20.5z M14.7,18.5c-0.1,0-0.3,0-0.4,0c-3.4-0.2-7.3-3.2-8.6-6.5\n\t\t\tc-0.8-2.1-0.5-4.1,1-5.7C7.2,5.8,8,5.7,8.6,5.8c0.6,0.1,1.1,0.4,1.3,0.9c0.1,0.2,0.2,0.4,0.3,0.7c0.2,0.4,0.5,1.2,0.6,1.4\n\t\t\tC11,9.2,11,9.7,10.8,10c-0.1,0.2-0.2,0.3-0.4,0.5c-0.1,0-0.1,0.1-0.2,0.2c0.9,1.3,2.1,2.4,3.6,3c0.1-0.2,0.3-0.5,0.5-0.7\n\t\t\tc0.2-0.4,0.7-0.8,1.6-0.4c0.2,0.1,0.9,0.4,1.9,0.9l0.3,0.2c0.3,0.1,0.6,0.3,0.8,0.6c0,0.1,0.1,0.1,0.1,0.2\n\t\t\tc0.2,0.6,0.1,1.4-0.3,1.9C17.8,17.8,16.4,18.5,14.7,18.5z M8.2,7.2C8.1,7.2,8.1,7.2,8.2,7.2c-0.2,0-0.4,0.1-0.4,0.1\n\t\t\tC6.7,8.5,6.4,9.9,7,11.4c1.1,2.8,4.5,5.4,7.3,5.6c1.3,0.1,2.3-0.4,2.9-1.4c0.1-0.2,0.2-0.4,0.2-0.5c0,0-0.1,0-0.1,0L17,14.9\n\t\t\tc-0.8-0.4-1.4-0.7-1.6-0.8c-0.2,0.3-0.4,0.6-0.6,0.8c-0.2,0.3-0.7,0.6-1.5,0.2c-1.8-0.8-3.4-2.1-4.4-3.9C8.6,11,8.4,10.4,9,9.8\n\t\t\tc0.2-0.2,0.4-0.3,0.4-0.4c0,0,0,0,0,0C9.3,9.2,9.1,8.8,8.8,7.9C8.7,7.7,8.6,7.5,8.5,7.3C8.5,7.3,8.4,7.2,8.2,7.2z\"\/>\n\t<\/g>\n<\/g>\n<\/svg>\n\t\t\t\t\t<\/div>\n\t\t\t\t<\/div>\n\t\t\t<\/div>\n\t\t\t\t<div class=\"icon-box-text last-reset\">\n\t\t\t\t\t\t\t\t\t\n\n\t<div id=\"text-915640713\" class=\"text\">\n\t\t\n\n<h3>Env\u00edanos un<\/h3>\n<h3>WhatsApp<\/h3>\n<p><a href=\"https:\/\/wa.me\/34680815258\">680 815 258 <\/a><\/p>\n\t\t\n<style>\n#text-915640713 {\n  line-height: 0.75;\n}\n<\/style>\n\t<\/div>\n\t\n\n\t\t<\/div>\n\t<\/div>\n\t\n\t\n\n\t\t<\/div>\n\t\t\t\t\t<\/div>\n\n\t\n\n\t<div id=\"col-172487917\" class=\"col medium-6 small-12 large-6\"  >\n\t\t\t\t<div class=\"col-inner\"  >\n\t\t\t\n\t\t\t\n\n<p>S\u00edguenos en las redes:<\/p>\n<div class=\"social-icons follow-icons\" ><a href=\"https:\/\/www.facebook.com\/comtgna\/\" target=\"_blank\" data-label=\"Facebook\" class=\"icon primary button circle tooltip facebook\" title=\"S\u00edguenos en Facebook\" aria-label=\"S\u00edguenos en Facebook\" rel=\"noopener nofollow\"><i class=\"icon-facebook\" aria-hidden=\"true\"><\/i><\/a><a href=\"https:\/\/www.instagram.com\/comtgn\/\" target=\"_blank\" data-label=\"Instagram\" class=\"icon primary button circle tooltip instagram\" title=\"S\u00edguenos en Instagram\" aria-label=\"S\u00edguenos en Instagram\" rel=\"noopener nofollow\"><i class=\"icon-instagram\" aria-hidden=\"true\"><\/i><\/a><a href=\"https:\/\/twitter.com\/comtgna\" data-label=\"Twitter\" target=\"_blank\" class=\"icon primary button circle tooltip twitter\" title=\"S\u00edguenos en Twitter\" aria-label=\"S\u00edguenos en Twitter\" rel=\"noopener nofollow\"><i class=\"icon-twitter\" aria-hidden=\"true\"><\/i><\/a><a href=\"https:\/\/es.linkedin.com\/company\/col\u00b7legi-de-metges-de-tarragona\" data-label=\"LinkedIn\" target=\"_blank\" class=\"icon primary button circle tooltip linkedin\" title=\"S\u00edguenos en LinkedIn\" aria-label=\"S\u00edguenos en LinkedIn\" rel=\"noopener nofollow\"><i class=\"icon-linkedin\" aria-hidden=\"true\"><\/i><\/a><a href=\"https:\/\/t.me\/comtarragona\" data-label=\"Telegram\" target=\"_blank\" class=\"icon primary button circle tooltip telegram\" title=\"S\u00edguenos en Telegram\" aria-label=\"S\u00edguenos en Telegram\" rel=\"noopener nofollow\"><i class=\"icon-telegram\" aria-hidden=\"true\"><\/i><\/a><\/div>\n\n\n\t\t<\/div>\n\t\t\t\t\t<\/div>\n\n\t\n\n<\/div>\n\n\t\t<\/div>\n\t\t\t\t\t<\/div>\n\n\t\n\n<\/div>\n\n\t\t<\/div>\n\n\t\t\n<style>\n#section_2019869328 {\n  padding-top: 18px;\n  padding-bottom: 18px;\n}\n@media (min-width:550px) {\n  #section_2019869328 {\n    padding-top: 80px;\n    padding-bottom: 80px;\n  }\n}\n<\/style>\n\t<\/section>\n\t\n\n\t<section class=\"section\" id=\"section_494099798\">\n\t\t<div class=\"section-bg fill\" >\n\t\t\t\t\t\t\t\t\t\n\t\t\t\n\n\t\t<\/div>\n\n\t\t\n\n\t\t<div class=\"section-content relative\">\n\t\t\t\n\n\t<div id=\"gap-1106992134\" class=\"gap-element clearfix\" style=\"display:block; height:auto;\">\n\t\t\n<style>\n#gap-1106992134 {\n  padding-top: 100px;\n}\n<\/style>\n\t<\/div>\n\t\n\n<div class=\"row\"  id=\"row-1371908610\">\n\n\n\t<div id=\"col-226045048\" class=\"col medium-12 small-12 large-4\"  >\n\t\t\t\t<div class=\"col-inner\"  >\n\t\t\t\n\t\t\t\n\n\t<div id=\"text-907577448\" class=\"text\">\n\t\t\n\n<h2>\u00daltimas entradas y noticias del COMT<\/h2>\n\t\t\n<style>\n#text-907577448 {\n  font-size: 1.25rem;\n}\n<\/style>\n\t<\/div>\n\t\n<p>Toda la informaci\u00f3n sobre el mundo colegial y sanitario a tan solo un clic.<\/p>\n<a href=\"https:\/\/comt.quimeras.cat\/es\/galens-comunicacio\/\" class=\"button primary is-link\" style=\"padding:0 0px 0px 0px;\">\n\t\t<span>Visita el blog<\/span>\n\t<i class=\"icon-angle-right\" aria-hidden=\"true\"><\/i><\/a>\n\n\n\n\t\t<\/div>\n\t\t\t\t\t<\/div>\n\n\t\n\n\t<div id=\"col-557503923\" class=\"col medium-12 small-12 large-8\"  >\n\t\t\t\t<div class=\"col-inner\"  >\n\t\t\t\n\t\t\t\n\n\n  \n    <div class=\"row large-columns-3 medium-columns-2 small-columns-1 slider row-slider slider-nav-reveal slider-nav-push\"  data-flickity-options='{&quot;imagesLoaded&quot;: true, &quot;groupCells&quot;: &quot;100%&quot;, &quot;dragThreshold&quot; : 5, &quot;cellAlign&quot;: &quot;left&quot;,&quot;wrapAround&quot;: true,&quot;prevNextButtons&quot;: true,&quot;percentPosition&quot;: true,&quot;pageDots&quot;: false, &quot;rightToLeft&quot;: false, &quot;autoPlay&quot; : 7000}' >\n\n  <div class=\"col post-item\" >\n\t\t\t<div class=\"col-inner\">\n\t\t\t\t<div class=\"box box-default box-text-bottom box-blog-post has-hover\">\n            \t\t\t\t\t<div class=\"box-image\" >\n  \t\t\t\t\t\t<div class=\"image-cover\" style=\"padding-top:70%;\">\n\t\t\t\t\t\t\t<a href=\"https:\/\/comt.cat\/es\/no-te-pierdas-el-directe-de-la-ceremonia-de-graduacion-del-alumnado-del-grado-en-medicina-de-la-urv-2020-2026\/\" class=\"plain\" aria-label=\"No te pierdas el directe de la Ceremonia de graduaci\u00f3n del alumnado del grado en Medicina de la URV 2020-2026\">\n\t\t\t\t\t\t\t\t<img loading=\"lazy\" decoding=\"async\" width=\"300\" height=\"136\" src=\"https:\/\/comt.cat\/wp-content\/uploads\/2026\/04\/DESTACADES-WEB-1-300x136.png\" class=\"attachment-medium size-medium wp-post-image\" alt=\"\" srcset=\"https:\/\/comt.cat\/wp-content\/uploads\/2026\/04\/DESTACADES-WEB-1-300x136.png 300w, https:\/\/comt.cat\/wp-content\/uploads\/2026\/04\/DESTACADES-WEB-1-1024x465.png 1024w, https:\/\/comt.cat\/wp-content\/uploads\/2026\/04\/DESTACADES-WEB-1-768x349.png 768w, https:\/\/comt.cat\/wp-content\/uploads\/2026\/04\/DESTACADES-WEB-1-1536x698.png 1536w, https:\/\/comt.cat\/wp-content\/uploads\/2026\/04\/DESTACADES-WEB-1-600x273.png 600w, https:\/\/comt.cat\/wp-content\/uploads\/2026\/04\/DESTACADES-WEB-1.png 1540w\" sizes=\"(max-width: 300px) 100vw, 300px\" \/>\t\t\t\t\t\t\t<\/a>\n  \t\t\t\t\t\t\t  \t\t\t\t\t\t\t  \t\t\t\t\t\t<\/div>\n  \t\t\t\t\t\t  \t\t\t\t\t<\/div>\n          \t\t\t\t\t<div class=\"box-text text-left\" >\n\t\t\t\t\t<div class=\"box-text-inner blog-post-inner\">\n\n\t\t\t\t\t\n\t\t\t\t\t\t\t\t\t\t<h5 class=\"post-title is-large \">\n\t\t\t\t\t\t<a href=\"https:\/\/comt.cat\/es\/no-te-pierdas-el-directe-de-la-ceremonia-de-graduacion-del-alumnado-del-grado-en-medicina-de-la-urv-2020-2026\/\" class=\"plain\">No te pierdas el directe de la Ceremonia de graduaci\u00f3n del alumnado del grado en Medicina de la URV 2020-2026<\/a>\n\t\t\t\t\t<\/h5>\n\t\t\t\t\t\t\t\t\t\t<div class=\"is-divider\"><\/div>\n\t\t\t\t\t\t\t\t\t\t<p class=\"from_the_blog_excerpt \">\n\t\t\t\t\t\tEl pr\u00f3ximo 2 de mayo de 2026 a las 16:00 horas, el espacio de la...\t\t\t\t\t<\/p>\n\t\t\t\t\t                    \n\t\t\t\t\t\t\t\t\t\t\t<a href=\"https:\/\/comt.cat\/es\/no-te-pierdas-el-directe-de-la-ceremonia-de-graduacion-del-alumnado-del-grado-en-medicina-de-la-urv-2020-2026\/\" class=\"button  is-outline is-small mb-0\">\n\t\t\t\t\t\t\tLeer m\u00e1s\t\t\t\t\t\t<\/a>\n\t\t\t\t\t\n\t\t\t\t\t\n\t\t\t\t\t<\/div>\n\t\t\t\t\t<\/div>\n\t\t\t\t\t\t\t\t\t<\/div>\n\t\t\t<\/div>\n\t\t<\/div><div class=\"col post-item\" >\n\t\t\t<div class=\"col-inner\">\n\t\t\t\t<div class=\"box box-default box-text-bottom box-blog-post has-hover\">\n            \t\t\t\t\t<div class=\"box-image\" >\n  \t\t\t\t\t\t<div class=\"image-cover\" style=\"padding-top:70%;\">\n\t\t\t\t\t\t\t<a href=\"https:\/\/comt.cat\/es\/la-importancia-de-contar-con-una-buena-cobertura-de-responsabilidad-civil-profesional\/\" class=\"plain\" aria-label=\"La importancia de contar con una buena cobertura de Responsabilidad Civil Profesional\">\n\t\t\t\t\t\t\t\t<img loading=\"lazy\" decoding=\"async\" width=\"300\" height=\"136\" src=\"https:\/\/comt.cat\/wp-content\/uploads\/2026\/04\/DESTACADA-WEB-COMT-36-300x136.png\" class=\"attachment-medium size-medium wp-post-image\" alt=\"\" srcset=\"https:\/\/comt.cat\/wp-content\/uploads\/2026\/04\/DESTACADA-WEB-COMT-36-300x136.png 300w, https:\/\/comt.cat\/wp-content\/uploads\/2026\/04\/DESTACADA-WEB-COMT-36-1024x465.png 1024w, https:\/\/comt.cat\/wp-content\/uploads\/2026\/04\/DESTACADA-WEB-COMT-36-768x349.png 768w, https:\/\/comt.cat\/wp-content\/uploads\/2026\/04\/DESTACADA-WEB-COMT-36-1536x698.png 1536w, https:\/\/comt.cat\/wp-content\/uploads\/2026\/04\/DESTACADA-WEB-COMT-36-600x273.png 600w, https:\/\/comt.cat\/wp-content\/uploads\/2026\/04\/DESTACADA-WEB-COMT-36.png 1540w\" sizes=\"(max-width: 300px) 100vw, 300px\" \/>\t\t\t\t\t\t\t<\/a>\n  \t\t\t\t\t\t\t  \t\t\t\t\t\t\t  \t\t\t\t\t\t<\/div>\n  \t\t\t\t\t\t  \t\t\t\t\t<\/div>\n          \t\t\t\t\t<div class=\"box-text text-left\" >\n\t\t\t\t\t<div class=\"box-text-inner blog-post-inner\">\n\n\t\t\t\t\t\n\t\t\t\t\t\t\t\t\t\t<h5 class=\"post-title is-large \">\n\t\t\t\t\t\t<a href=\"https:\/\/comt.cat\/es\/la-importancia-de-contar-con-una-buena-cobertura-de-responsabilidad-civil-profesional\/\" class=\"plain\">La importancia de contar con una buena cobertura de Responsabilidad Civil Profesional<\/a>\n\t\t\t\t\t<\/h5>\n\t\t\t\t\t\t\t\t\t\t<div class=\"is-divider\"><\/div>\n\t\t\t\t\t\t\t\t\t\t<p class=\"from_the_blog_excerpt \">\n\t\t\t\t\t\tLa p\u00f3liza de RC que ofrece el CCMC es el principal seguro de responsabilidad civil...\t\t\t\t\t<\/p>\n\t\t\t\t\t                    \n\t\t\t\t\t\t\t\t\t\t\t<a href=\"https:\/\/comt.cat\/es\/la-importancia-de-contar-con-una-buena-cobertura-de-responsabilidad-civil-profesional\/\" class=\"button  is-outline is-small mb-0\">\n\t\t\t\t\t\t\tLeer m\u00e1s\t\t\t\t\t\t<\/a>\n\t\t\t\t\t\n\t\t\t\t\t\n\t\t\t\t\t<\/div>\n\t\t\t\t\t<\/div>\n\t\t\t\t\t\t\t\t\t<\/div>\n\t\t\t<\/div>\n\t\t<\/div><div class=\"col post-item\" >\n\t\t\t<div class=\"col-inner\">\n\t\t\t\t<div class=\"box box-default box-text-bottom box-blog-post has-hover\">\n            \t\t\t\t\t<div class=\"box-image\" >\n  \t\t\t\t\t\t<div class=\"image-cover\" style=\"padding-top:70%;\">\n\t\t\t\t\t\t\t<a href=\"https:\/\/comt.cat\/es\/el-comt-celebra-el-despliegue-de-la-prescripcion-deportiva\/\" class=\"plain\" aria-label=\"El COMT celebra el despliegue de la prescripci\u00f3n deportiva\">\n\t\t\t\t\t\t\t\t<img loading=\"lazy\" decoding=\"async\" width=\"300\" height=\"136\" src=\"https:\/\/comt.cat\/wp-content\/uploads\/2026\/04\/DESTACADA-WEB-COMT-31-300x136.png\" class=\"attachment-medium size-medium wp-post-image\" alt=\"\" srcset=\"https:\/\/comt.cat\/wp-content\/uploads\/2026\/04\/DESTACADA-WEB-COMT-31-300x136.png 300w, https:\/\/comt.cat\/wp-content\/uploads\/2026\/04\/DESTACADA-WEB-COMT-31-1024x465.png 1024w, https:\/\/comt.cat\/wp-content\/uploads\/2026\/04\/DESTACADA-WEB-COMT-31-768x349.png 768w, https:\/\/comt.cat\/wp-content\/uploads\/2026\/04\/DESTACADA-WEB-COMT-31-1536x698.png 1536w, https:\/\/comt.cat\/wp-content\/uploads\/2026\/04\/DESTACADA-WEB-COMT-31-600x273.png 600w, https:\/\/comt.cat\/wp-content\/uploads\/2026\/04\/DESTACADA-WEB-COMT-31.png 1540w\" sizes=\"(max-width: 300px) 100vw, 300px\" \/>\t\t\t\t\t\t\t<\/a>\n  \t\t\t\t\t\t\t  \t\t\t\t\t\t\t  \t\t\t\t\t\t<\/div>\n  \t\t\t\t\t\t  \t\t\t\t\t<\/div>\n          \t\t\t\t\t<div class=\"box-text text-left\" >\n\t\t\t\t\t<div class=\"box-text-inner blog-post-inner\">\n\n\t\t\t\t\t\n\t\t\t\t\t\t\t\t\t\t<h5 class=\"post-title is-large \">\n\t\t\t\t\t\t<a href=\"https:\/\/comt.cat\/es\/el-comt-celebra-el-despliegue-de-la-prescripcion-deportiva\/\" class=\"plain\">El COMT celebra el despliegue de la prescripci\u00f3n deportiva<\/a>\n\t\t\t\t\t<\/h5>\n\t\t\t\t\t\t\t\t\t\t<div class=\"is-divider\"><\/div>\n\t\t\t\t\t\t\t\t\t\t<p class=\"from_the_blog_excerpt \">\n\t\t\t\t\t\tEl colegio considera clave el liderazgo m\u00e9dico en su implementaci\u00f3n El Colegio Oficial de M\u00e9dicos...\t\t\t\t\t<\/p>\n\t\t\t\t\t                    \n\t\t\t\t\t\t\t\t\t\t\t<a href=\"https:\/\/comt.cat\/es\/el-comt-celebra-el-despliegue-de-la-prescripcion-deportiva\/\" class=\"button  is-outline is-small mb-0\">\n\t\t\t\t\t\t\tLeer m\u00e1s\t\t\t\t\t\t<\/a>\n\t\t\t\t\t\n\t\t\t\t\t\n\t\t\t\t\t<\/div>\n\t\t\t\t\t<\/div>\n\t\t\t\t\t\t\t\t\t<\/div>\n\t\t\t<\/div>\n\t\t<\/div><div class=\"col post-item\" >\n\t\t\t<div class=\"col-inner\">\n\t\t\t\t<div class=\"box box-default box-text-bottom box-blog-post has-hover\">\n            \t\t\t\t\t<div class=\"box-image\" >\n  \t\t\t\t\t\t<div class=\"image-cover\" style=\"padding-top:70%;\">\n\t\t\t\t\t\t\t<a href=\"https:\/\/comt.cat\/es\/edicion-de-abril-de-2026-galens\/\" class=\"plain\" aria-label=\"Disponible la edici\u00f3n de abril de 2026 de la revista Galens\">\n\t\t\t\t\t\t\t\t<img loading=\"lazy\" decoding=\"async\" width=\"300\" height=\"136\" src=\"https:\/\/comt.cat\/wp-content\/uploads\/2026\/04\/DESTACADA-WEB-COMT-30-300x136.png\" class=\"attachment-medium size-medium wp-post-image\" alt=\"\" srcset=\"https:\/\/comt.cat\/wp-content\/uploads\/2026\/04\/DESTACADA-WEB-COMT-30-300x136.png 300w, https:\/\/comt.cat\/wp-content\/uploads\/2026\/04\/DESTACADA-WEB-COMT-30-1024x465.png 1024w, https:\/\/comt.cat\/wp-content\/uploads\/2026\/04\/DESTACADA-WEB-COMT-30-768x349.png 768w, https:\/\/comt.cat\/wp-content\/uploads\/2026\/04\/DESTACADA-WEB-COMT-30-1536x698.png 1536w, https:\/\/comt.cat\/wp-content\/uploads\/2026\/04\/DESTACADA-WEB-COMT-30-600x273.png 600w, https:\/\/comt.cat\/wp-content\/uploads\/2026\/04\/DESTACADA-WEB-COMT-30.png 1540w\" sizes=\"(max-width: 300px) 100vw, 300px\" \/>\t\t\t\t\t\t\t<\/a>\n  \t\t\t\t\t\t\t  \t\t\t\t\t\t\t  \t\t\t\t\t\t<\/div>\n  \t\t\t\t\t\t  \t\t\t\t\t<\/div>\n          \t\t\t\t\t<div class=\"box-text text-left\" >\n\t\t\t\t\t<div class=\"box-text-inner blog-post-inner\">\n\n\t\t\t\t\t\n\t\t\t\t\t\t\t\t\t\t<h5 class=\"post-title is-large \">\n\t\t\t\t\t\t<a href=\"https:\/\/comt.cat\/es\/edicion-de-abril-de-2026-galens\/\" class=\"plain\">Disponible la edici\u00f3n de abril de 2026 de la revista Galens<\/a>\n\t\t\t\t\t<\/h5>\n\t\t\t\t\t\t\t\t\t\t<div class=\"is-divider\"><\/div>\n\t\t\t\t\t\t\t\t\t\t<p class=\"from_the_blog_excerpt \">\n\t\t\t\t\t\tEl COMT publica un nuevo n\u00famero de la revista Galens, correspondiente al primer trimestre de...\t\t\t\t\t<\/p>\n\t\t\t\t\t                    \n\t\t\t\t\t\t\t\t\t\t\t<a href=\"https:\/\/comt.cat\/es\/edicion-de-abril-de-2026-galens\/\" class=\"button  is-outline is-small mb-0\">\n\t\t\t\t\t\t\tLeer m\u00e1s\t\t\t\t\t\t<\/a>\n\t\t\t\t\t\n\t\t\t\t\t\n\t\t\t\t\t<\/div>\n\t\t\t\t\t<\/div>\n\t\t\t\t\t\t\t\t\t<\/div>\n\t\t\t<\/div>\n\t\t<\/div><div class=\"col post-item\" >\n\t\t\t<div class=\"col-inner\">\n\t\t\t\t<div class=\"box box-default box-text-bottom box-blog-post has-hover\">\n            \t\t\t\t\t<div class=\"box-image\" >\n  \t\t\t\t\t\t<div class=\"image-cover\" style=\"padding-top:70%;\">\n\t\t\t\t\t\t\t<a href=\"https:\/\/comt.cat\/es\/el-comt-presenta-sus-enmiendas-a-la-reforma-de-la-lops\/\" class=\"plain\" aria-label=\"El COMT presenta sus enmiendas a la reforma de la LOPS\">\n\t\t\t\t\t\t\t\t<img loading=\"lazy\" decoding=\"async\" width=\"300\" height=\"136\" src=\"https:\/\/comt.cat\/wp-content\/uploads\/2026\/04\/DESTACADA-WEB-COMT-28-300x136.png\" class=\"attachment-medium size-medium wp-post-image\" alt=\"\" srcset=\"https:\/\/comt.cat\/wp-content\/uploads\/2026\/04\/DESTACADA-WEB-COMT-28-300x136.png 300w, https:\/\/comt.cat\/wp-content\/uploads\/2026\/04\/DESTACADA-WEB-COMT-28-1024x465.png 1024w, https:\/\/comt.cat\/wp-content\/uploads\/2026\/04\/DESTACADA-WEB-COMT-28-768x349.png 768w, https:\/\/comt.cat\/wp-content\/uploads\/2026\/04\/DESTACADA-WEB-COMT-28-1536x698.png 1536w, https:\/\/comt.cat\/wp-content\/uploads\/2026\/04\/DESTACADA-WEB-COMT-28-600x273.png 600w, https:\/\/comt.cat\/wp-content\/uploads\/2026\/04\/DESTACADA-WEB-COMT-28.png 1540w\" sizes=\"(max-width: 300px) 100vw, 300px\" \/>\t\t\t\t\t\t\t<\/a>\n  \t\t\t\t\t\t\t  \t\t\t\t\t\t\t  \t\t\t\t\t\t<\/div>\n  \t\t\t\t\t\t  \t\t\t\t\t<\/div>\n          \t\t\t\t\t<div class=\"box-text text-left\" >\n\t\t\t\t\t<div class=\"box-text-inner blog-post-inner\">\n\n\t\t\t\t\t\n\t\t\t\t\t\t\t\t\t\t<h5 class=\"post-title is-large \">\n\t\t\t\t\t\t<a href=\"https:\/\/comt.cat\/es\/el-comt-presenta-sus-enmiendas-a-la-reforma-de-la-lops\/\" class=\"plain\">El COMT presenta sus enmiendas a la reforma de la LOPS<\/a>\n\t\t\t\t\t<\/h5>\n\t\t\t\t\t\t\t\t\t\t<div class=\"is-divider\"><\/div>\n\t\t\t\t\t\t\t\t\t\t<p class=\"from_the_blog_excerpt \">\n\t\t\t\t\t\tEl Colegio Oficial de M\u00e9dicos de Tarragona (COMT) ha presentado sus aportaciones en el marco...\t\t\t\t\t<\/p>\n\t\t\t\t\t                    \n\t\t\t\t\t\t\t\t\t\t\t<a href=\"https:\/\/comt.cat\/es\/el-comt-presenta-sus-enmiendas-a-la-reforma-de-la-lops\/\" class=\"button  is-outline is-small mb-0\">\n\t\t\t\t\t\t\tLeer m\u00e1s\t\t\t\t\t\t<\/a>\n\t\t\t\t\t\n\t\t\t\t\t\n\t\t\t\t\t<\/div>\n\t\t\t\t\t<\/div>\n\t\t\t\t\t\t\t\t\t<\/div>\n\t\t\t<\/div>\n\t\t<\/div><div class=\"col post-item\" >\n\t\t\t<div class=\"col-inner\">\n\t\t\t\t<div class=\"box box-default box-text-bottom box-blog-post has-hover\">\n            \t\t\t\t\t<div class=\"box-image\" >\n  \t\t\t\t\t\t<div class=\"image-cover\" style=\"padding-top:70%;\">\n\t\t\t\t\t\t\t<a href=\"https:\/\/comt.cat\/es\/el-comt-trasllada-al-congres-el-debat-sobre-lacces-al-grau-de-medicina\/\" class=\"plain\" aria-label=\"El COMT traslada al Congreso el debate sobre el acceso al grado de Medicina\">\n\t\t\t\t\t\t\t\t<img loading=\"lazy\" decoding=\"async\" width=\"300\" height=\"136\" src=\"https:\/\/comt.cat\/wp-content\/uploads\/2026\/04\/DESTACADA-WEB-COMT-24-300x136.png\" class=\"attachment-medium size-medium wp-post-image\" alt=\"\" srcset=\"https:\/\/comt.cat\/wp-content\/uploads\/2026\/04\/DESTACADA-WEB-COMT-24-300x136.png 300w, https:\/\/comt.cat\/wp-content\/uploads\/2026\/04\/DESTACADA-WEB-COMT-24-1024x465.png 1024w, https:\/\/comt.cat\/wp-content\/uploads\/2026\/04\/DESTACADA-WEB-COMT-24-768x349.png 768w, https:\/\/comt.cat\/wp-content\/uploads\/2026\/04\/DESTACADA-WEB-COMT-24-1536x698.png 1536w, https:\/\/comt.cat\/wp-content\/uploads\/2026\/04\/DESTACADA-WEB-COMT-24-600x273.png 600w, https:\/\/comt.cat\/wp-content\/uploads\/2026\/04\/DESTACADA-WEB-COMT-24.png 1540w\" sizes=\"(max-width: 300px) 100vw, 300px\" \/>\t\t\t\t\t\t\t<\/a>\n  \t\t\t\t\t\t\t  \t\t\t\t\t\t\t  \t\t\t\t\t\t<\/div>\n  \t\t\t\t\t\t  \t\t\t\t\t<\/div>\n          \t\t\t\t\t<div class=\"box-text text-left\" >\n\t\t\t\t\t<div class=\"box-text-inner blog-post-inner\">\n\n\t\t\t\t\t\n\t\t\t\t\t\t\t\t\t\t<h5 class=\"post-title is-large \">\n\t\t\t\t\t\t<a href=\"https:\/\/comt.cat\/es\/el-comt-trasllada-al-congres-el-debat-sobre-lacces-al-grau-de-medicina\/\" class=\"plain\">El COMT traslada al Congreso el debate sobre el acceso al grado de Medicina<\/a>\n\t\t\t\t\t<\/h5>\n\t\t\t\t\t\t\t\t\t\t<div class=\"is-divider\"><\/div>\n\t\t\t\t\t\t\t\t\t\t<p class=\"from_the_blog_excerpt \">\n\t\t\t\t\t\tEl Colegio Oficial de M\u00e9dicos de Tarragona, representado por su presidente, el Dr. Sergi Boada,...\t\t\t\t\t<\/p>\n\t\t\t\t\t                    \n\t\t\t\t\t\t\t\t\t\t\t<a href=\"https:\/\/comt.cat\/es\/el-comt-trasllada-al-congres-el-debat-sobre-lacces-al-grau-de-medicina\/\" class=\"button  is-outline is-small mb-0\">\n\t\t\t\t\t\t\tLeer m\u00e1s\t\t\t\t\t\t<\/a>\n\t\t\t\t\t\n\t\t\t\t\t\n\t\t\t\t\t<\/div>\n\t\t\t\t\t<\/div>\n\t\t\t\t\t\t\t\t\t<\/div>\n\t\t\t<\/div>\n\t\t<\/div><div class=\"col post-item\" >\n\t\t\t<div class=\"col-inner\">\n\t\t\t\t<div class=\"box box-default box-text-bottom box-blog-post has-hover\">\n            \t\t\t\t\t<div class=\"box-image\" >\n  \t\t\t\t\t\t<div class=\"image-cover\" style=\"padding-top:70%;\">\n\t\t\t\t\t\t\t<a href=\"https:\/\/comt.cat\/es\/feliz-sant-jordi-ven-a-buscar-tu-ejemplar-de-el-peluix-sota-la-pluja\/\" class=\"plain\" aria-label=\"\u00a1Feliz Sant Jordi! Ven a buscar tu ejemplar de \u00abEl Peluix sota la pluja\u00bb\">\n\t\t\t\t\t\t\t\t<img loading=\"lazy\" decoding=\"async\" width=\"300\" height=\"136\" src=\"https:\/\/comt.cat\/wp-content\/uploads\/2026\/04\/DESTACADES-WEB-300x136.png\" class=\"attachment-medium size-medium wp-post-image\" alt=\"\" srcset=\"https:\/\/comt.cat\/wp-content\/uploads\/2026\/04\/DESTACADES-WEB-300x136.png 300w, https:\/\/comt.cat\/wp-content\/uploads\/2026\/04\/DESTACADES-WEB-1024x465.png 1024w, https:\/\/comt.cat\/wp-content\/uploads\/2026\/04\/DESTACADES-WEB-768x349.png 768w, https:\/\/comt.cat\/wp-content\/uploads\/2026\/04\/DESTACADES-WEB-1536x698.png 1536w, https:\/\/comt.cat\/wp-content\/uploads\/2026\/04\/DESTACADES-WEB-600x273.png 600w, https:\/\/comt.cat\/wp-content\/uploads\/2026\/04\/DESTACADES-WEB.png 1540w\" sizes=\"(max-width: 300px) 100vw, 300px\" \/>\t\t\t\t\t\t\t<\/a>\n  \t\t\t\t\t\t\t  \t\t\t\t\t\t\t  \t\t\t\t\t\t<\/div>\n  \t\t\t\t\t\t  \t\t\t\t\t<\/div>\n          \t\t\t\t\t<div class=\"box-text text-left\" >\n\t\t\t\t\t<div class=\"box-text-inner blog-post-inner\">\n\n\t\t\t\t\t\n\t\t\t\t\t\t\t\t\t\t<h5 class=\"post-title is-large \">\n\t\t\t\t\t\t<a href=\"https:\/\/comt.cat\/es\/feliz-sant-jordi-ven-a-buscar-tu-ejemplar-de-el-peluix-sota-la-pluja\/\" class=\"plain\">\u00a1Feliz Sant Jordi! Ven a buscar tu ejemplar de \u00abEl Peluix sota la pluja\u00bb<\/a>\n\t\t\t\t\t<\/h5>\n\t\t\t\t\t\t\t\t\t\t<div class=\"is-divider\"><\/div>\n\t\t\t\t\t\t\t\t\t\t<p class=\"from_the_blog_excerpt \">\n\t\t\t\t\t\tDesde el Colegio Oficial de M\u00e9dicos de Tarragona queremos celebrar Sant Jordi con todos nuestros...\t\t\t\t\t<\/p>\n\t\t\t\t\t                    \n\t\t\t\t\t\t\t\t\t\t\t<a href=\"https:\/\/comt.cat\/es\/feliz-sant-jordi-ven-a-buscar-tu-ejemplar-de-el-peluix-sota-la-pluja\/\" class=\"button  is-outline is-small mb-0\">\n\t\t\t\t\t\t\tLeer m\u00e1s\t\t\t\t\t\t<\/a>\n\t\t\t\t\t\n\t\t\t\t\t\n\t\t\t\t\t<\/div>\n\t\t\t\t\t<\/div>\n\t\t\t\t\t\t\t\t\t<\/div>\n\t\t\t<\/div>\n\t\t<\/div><div class=\"col post-item\" >\n\t\t\t<div class=\"col-inner\">\n\t\t\t\t<div class=\"box box-default box-text-bottom box-blog-post has-hover\">\n            \t\t\t\t\t<div class=\"box-image\" >\n  \t\t\t\t\t\t<div class=\"image-cover\" style=\"padding-top:70%;\">\n\t\t\t\t\t\t\t<a href=\"https:\/\/comt.cat\/es\/amplia-tu-estancia-en-el-rescom-con-una-experiencia-en-portaventura-world\/\" class=\"plain\" aria-label=\"Ampl\u00eda tu estancia en el RESCOM 2026 con una experiencia en PortAventura World\">\n\t\t\t\t\t\t\t\t<img loading=\"lazy\" decoding=\"async\" width=\"300\" height=\"136\" src=\"https:\/\/comt.cat\/wp-content\/uploads\/2026\/04\/DESTACADA-WEB-COMT-16-300x136.png\" class=\"attachment-medium size-medium wp-post-image\" alt=\"\" srcset=\"https:\/\/comt.cat\/wp-content\/uploads\/2026\/04\/DESTACADA-WEB-COMT-16-300x136.png 300w, https:\/\/comt.cat\/wp-content\/uploads\/2026\/04\/DESTACADA-WEB-COMT-16-1024x465.png 1024w, https:\/\/comt.cat\/wp-content\/uploads\/2026\/04\/DESTACADA-WEB-COMT-16-768x349.png 768w, https:\/\/comt.cat\/wp-content\/uploads\/2026\/04\/DESTACADA-WEB-COMT-16-1536x698.png 1536w, https:\/\/comt.cat\/wp-content\/uploads\/2026\/04\/DESTACADA-WEB-COMT-16-600x273.png 600w, https:\/\/comt.cat\/wp-content\/uploads\/2026\/04\/DESTACADA-WEB-COMT-16.png 1540w\" sizes=\"(max-width: 300px) 100vw, 300px\" \/>\t\t\t\t\t\t\t<\/a>\n  \t\t\t\t\t\t\t  \t\t\t\t\t\t\t  \t\t\t\t\t\t<\/div>\n  \t\t\t\t\t\t  \t\t\t\t\t<\/div>\n          \t\t\t\t\t<div class=\"box-text text-left\" >\n\t\t\t\t\t<div class=\"box-text-inner blog-post-inner\">\n\n\t\t\t\t\t\n\t\t\t\t\t\t\t\t\t\t<h5 class=\"post-title is-large \">\n\t\t\t\t\t\t<a href=\"https:\/\/comt.cat\/es\/amplia-tu-estancia-en-el-rescom-con-una-experiencia-en-portaventura-world\/\" class=\"plain\">Ampl\u00eda tu estancia en el RESCOM 2026 con una experiencia en PortAventura World<\/a>\n\t\t\t\t\t<\/h5>\n\t\t\t\t\t\t\t\t\t\t<div class=\"is-divider\"><\/div>\n\t\t\t\t\t\t\t\t\t\t<p class=\"from_the_blog_excerpt \">\n\t\t\t\t\t\tSi vienes al RESCOM 2026, quiz\u00e1 te apetezca alargar la estancia y aprovechar el fin...\t\t\t\t\t<\/p>\n\t\t\t\t\t                    \n\t\t\t\t\t\t\t\t\t\t\t<a href=\"https:\/\/comt.cat\/es\/amplia-tu-estancia-en-el-rescom-con-una-experiencia-en-portaventura-world\/\" class=\"button  is-outline is-small mb-0\">\n\t\t\t\t\t\t\tLeer m\u00e1s\t\t\t\t\t\t<\/a>\n\t\t\t\t\t\n\t\t\t\t\t\n\t\t\t\t\t<\/div>\n\t\t\t\t\t<\/div>\n\t\t\t\t\t\t\t\t\t<\/div>\n\t\t\t<\/div>\n\t\t<\/div><\/div>\n\n\n\t\t<\/div>\n\t\t\t\t\t<\/div>\n\n\t\n\n<\/div>\n\n\t\t<\/div>\n\n\t\t\n<style>\n#section_494099798 {\n  padding-top: 20px;\n  padding-bottom: 20px;\n  background-color: rgb(252, 248, 243);\n}\n<\/style>\n\t<\/section>\n\t\n\n\n","protected":false},"excerpt":{"rendered":"","protected":false},"author":1,"featured_media":0,"parent":0,"menu_order":0,"comment_status":"closed","ping_status":"closed","template":"page-blank.php","meta":{"footnotes":""},"class_list":["post-23099","page","type-page","status-publish","hentry"],"yoast_head":"<!-- This site is optimized with the Yoast SEO plugin v27.5 - https:\/\/yoast.com\/product\/yoast-seo-wordpress\/ -->\n<title>Home es - COMT<\/title>\n<meta name=\"robots\" content=\"index, follow, max-snippet:-1, max-image-preview:large, max-video-preview:-1\" \/>\n<link rel=\"canonical\" href=\"https:\/\/comt.cat\/es\/\" \/>\n<meta property=\"og:locale\" content=\"es_ES\" \/>\n<meta property=\"og:type\" content=\"article\" \/>\n<meta property=\"og:title\" content=\"Home es - COMT\" \/>\n<meta property=\"og:url\" content=\"https:\/\/comt.cat\/es\/\" \/>\n<meta property=\"og:site_name\" content=\"COMT\" \/>\n<meta property=\"article:modified_time\" content=\"2026-04-20T08:57:18+00:00\" \/>\n<meta name=\"twitter:card\" content=\"summary_large_image\" \/>\n<meta name=\"twitter:label1\" content=\"Tiempo de lectura\" \/>\n\t<meta name=\"twitter:data1\" content=\"5 minutos\" \/>\n<script type=\"application\/ld+json\" class=\"yoast-schema-graph\">{\"@context\":\"https:\\\/\\\/schema.org\",\"@graph\":[{\"@type\":\"WebPage\",\"@id\":\"https:\\\/\\\/comt.cat\\\/es\\\/\",\"url\":\"https:\\\/\\\/comt.cat\\\/es\\\/\",\"name\":\"Home es - COMT\",\"isPartOf\":{\"@id\":\"https:\\\/\\\/comt.cat\\\/#website\"},\"datePublished\":\"2021-07-27T12:13:03+00:00\",\"dateModified\":\"2026-04-20T08:57:18+00:00\",\"breadcrumb\":{\"@id\":\"https:\\\/\\\/comt.cat\\\/es\\\/#breadcrumb\"},\"inLanguage\":\"es\",\"potentialAction\":[{\"@type\":\"ReadAction\",\"target\":[\"https:\\\/\\\/comt.cat\\\/es\\\/\"]}]},{\"@type\":\"BreadcrumbList\",\"@id\":\"https:\\\/\\\/comt.cat\\\/es\\\/#breadcrumb\",\"itemListElement\":[{\"@type\":\"ListItem\",\"position\":1,\"name\":\"Home\",\"item\":\"https:\\\/\\\/comt.cat\\\/es\\\/\"},{\"@type\":\"ListItem\",\"position\":2,\"name\":\"Home es\"}]},{\"@type\":\"WebSite\",\"@id\":\"https:\\\/\\\/comt.cat\\\/#website\",\"url\":\"https:\\\/\\\/comt.cat\\\/\",\"name\":\"COMT\",\"description\":\"Col\u00b7legi de Metges de Tarragona\",\"potentialAction\":[{\"@type\":\"SearchAction\",\"target\":{\"@type\":\"EntryPoint\",\"urlTemplate\":\"https:\\\/\\\/comt.cat\\\/?s={search_term_string}\"},\"query-input\":{\"@type\":\"PropertyValueSpecification\",\"valueRequired\":true,\"valueName\":\"search_term_string\"}}],\"inLanguage\":\"es\"}]}<\/script>\n<!-- \/ Yoast SEO plugin. -->","yoast_head_json":{"title":"Home es - COMT","robots":{"index":"index","follow":"follow","max-snippet":"max-snippet:-1","max-image-preview":"max-image-preview:large","max-video-preview":"max-video-preview:-1"},"canonical":"https:\/\/comt.cat\/es\/","og_locale":"es_ES","og_type":"article","og_title":"Home es - COMT","og_url":"https:\/\/comt.cat\/es\/","og_site_name":"COMT","article_modified_time":"2026-04-20T08:57:18+00:00","twitter_card":"summary_large_image","twitter_misc":{"Tiempo de lectura":"5 minutos"},"schema":{"@context":"https:\/\/schema.org","@graph":[{"@type":"WebPage","@id":"https:\/\/comt.cat\/es\/","url":"https:\/\/comt.cat\/es\/","name":"Home es - COMT","isPartOf":{"@id":"https:\/\/comt.cat\/#website"},"datePublished":"2021-07-27T12:13:03+00:00","dateModified":"2026-04-20T08:57:18+00:00","breadcrumb":{"@id":"https:\/\/comt.cat\/es\/#breadcrumb"},"inLanguage":"es","potentialAction":[{"@type":"ReadAction","target":["https:\/\/comt.cat\/es\/"]}]},{"@type":"BreadcrumbList","@id":"https:\/\/comt.cat\/es\/#breadcrumb","itemListElement":[{"@type":"ListItem","position":1,"name":"Home","item":"https:\/\/comt.cat\/es\/"},{"@type":"ListItem","position":2,"name":"Home es"}]},{"@type":"WebSite","@id":"https:\/\/comt.cat\/#website","url":"https:\/\/comt.cat\/","name":"COMT","description":"Col\u00b7legi de Metges de Tarragona","potentialAction":[{"@type":"SearchAction","target":{"@type":"EntryPoint","urlTemplate":"https:\/\/comt.cat\/?s={search_term_string}"},"query-input":{"@type":"PropertyValueSpecification","valueRequired":true,"valueName":"search_term_string"}}],"inLanguage":"es"}]}},"_links":{"self":[{"href":"https:\/\/comt.cat\/es\/wp-json\/wp\/v2\/pages\/23099","targetHints":{"allow":["GET"]}}],"collection":[{"href":"https:\/\/comt.cat\/es\/wp-json\/wp\/v2\/pages"}],"about":[{"href":"https:\/\/comt.cat\/es\/wp-json\/wp\/v2\/types\/page"}],"author":[{"embeddable":true,"href":"https:\/\/comt.cat\/es\/wp-json\/wp\/v2\/users\/1"}],"replies":[{"embeddable":true,"href":"https:\/\/comt.cat\/es\/wp-json\/wp\/v2\/comments?post=23099"}],"version-history":[{"count":132,"href":"https:\/\/comt.cat\/es\/wp-json\/wp\/v2\/pages\/23099\/revisions"}],"predecessor-version":[{"id":48248,"href":"https:\/\/comt.cat\/es\/wp-json\/wp\/v2\/pages\/23099\/revisions\/48248"}],"wp:attachment":[{"href":"https:\/\/comt.cat\/es\/wp-json\/wp\/v2\/media?parent=23099"}],"curies":[{"name":"wp","href":"https:\/\/api.w.org\/{rel}","templated":true}]}}